{"id":27348,"date":"2022-04-29T11:44:13","date_gmt":"2022-04-29T09:44:13","guid":{"rendered":"https:\/\/us.edu.pl\/wydzial\/wnst\/?post_type=event&#038;p=27348"},"modified":"2022-04-29T11:49:54","modified_gmt":"2022-04-29T09:49:54","slug":"english-kartka-z-kalendarza-miedzynarodowy-dzien-zelkow","status":"publish","type":"event","link":"https:\/\/us.edu.pl\/wydzial\/wnst\/event\/english-kartka-z-kalendarza-miedzynarodowy-dzien-zelkow\/","title":{"rendered":"Kartka z kalendarza &#8211; Mi\u0119dzynarodowy dzie\u0144 \u017celk\u00f3w"},"content":{"rendered":"<p>[vc_row][vc_column width=&#8221;1\/2&#8243;][vc_raw_html]JTNDaWZyYW1lJTIwc3JjJTNEJTIyaHR0cHMlM0ElMkYlMkZ3d3cuZmFjZWJvb2suY29tJTJGcGx1Z2lucyUyRnBvc3QucGhwJTNGaHJlZiUzRGh0dHBzJTI1M0ElMjUyRiUyNTJGd3d3LmZhY2Vib29rLmNvbSUyNTJGd25zaXQlMjUyRnBvc3RzJTI1MkY3MjA3Mzc3NDc1OTcwNzI5JTI2c2hvd190ZXh0JTNEdHJ1ZSUyNndpZHRoJTNENTAwJTIyJTIwd2lkdGglM0QlMjI1MDAlMjIlMjBoZWlnaHQlM0QlMjI2OTMlMjIlMjBzdHlsZSUzRCUyMmJvcmRlciUzQW5vbmUlM0JvdmVyZmxvdyUzQWhpZGRlbiUyMiUyMHNjcm9sbGluZyUzRCUyMm5vJTIyJTIwZnJhbWVib3JkZXIlM0QlMjIwJTIyJTIwYWxsb3dmdWxsc2NyZWVuJTNEJTIydHJ1ZSUyMiUyMGFsbG93JTNEJTIyYXV0b3BsYXklM0IlMjBjbGlwYm9hcmQtd3JpdGUlM0IlMjBlbmNyeXB0ZWQtbWVkaWElM0IlMjBwaWN0dXJlLWluLXBpY3R1cmUlM0IlMjB3ZWItc2hhcmUlMjIlM0UlM0MlMkZpZnJhbWUlM0U=[\/vc_raw_html][\/vc_column][vc_column width=&#8221;1\/2&#8243;][vc_row_inner][vc_column_inner width=&#8221;1\/3&#8243;][vc_column_text el_class=&#8221;shadow&#8221;]<a href=\"https:\/\/us.edu.pl\/wydzial\/wnst\/category\/kartka-z-kalendarza\/\"><img class=\"size-medium wp-image-16858 aligncenter\" src=\"https:\/\/us.edu.pl\/wydzial\/wnst\/wp-content\/uploads\/sites\/18\/zdjecia-ogolne\/800x600px-2-300x225.png\" alt=\"Save the date with our scientists\" width=\"100%\" height=\"auto\" srcset=\"https:\/\/us.edu.pl\/wydzial\/wnst\/wp-content\/uploads\/sites\/18\/zdjecia-ogolne\/800x600px-2-300x225.png 300w, https:\/\/us.edu.pl\/wydzial\/wnst\/wp-content\/uploads\/sites\/18\/zdjecia-ogolne\/800x600px-2-768x576.png 768w, https:\/\/us.edu.pl\/wydzial\/wnst\/wp-content\/uploads\/sites\/18\/zdjecia-ogolne\/800x600px-2-575x431.png 575w, https:\/\/us.edu.pl\/wydzial\/wnst\/wp-content\/uploads\/sites\/18\/zdjecia-ogolne\/800x600px-2.png 800w\" sizes=\"(max-width: 300px) 100vw, 300px\" \/><\/a>[\/vc_column_text][\/vc_column_inner][vc_column_inner width=&#8221;2\/3&#8243;]\r\n                <div class=\"text-modules\">\r\n                    <div class=\"container\">\r\n                        \r\n                        <div class=\"text-modules__content\"><\/p>\n<div dir=\"auto\">\ud835\udc0a\ud835\udc1a\ud835\udc2b\ud835\udc2d\ud835\udc24\ud835\udc1a \ud835\udc33 \ud835\udc0a\ud835\udc1a\ud835\udc25\ud835\udc1e\ud835\udc27\ud835\udc1d\ud835\udc1a\ud835\udc2b\ud835\udc33\ud835\udc1a<br \/>\n<span class=\"_5mfr\"><span class=\"_6qdm\">\ud83d\udcc6<\/span><\/span>\u00a028 marca &#8211; Mi\u0119dzynarodowy Dzie\u0144 \u017belk\u00f3w \/<span class=\"_5mfr\"><span class=\"_6qdm\">\ud83c\uddec\ud83c\udde7<\/span><\/span>\u00a028 March &#8211; International Jellies Day<br \/>\n<span class=\"_5mfr\"><span class=\"_6qdm\">\ud83c\uddec\ud83c\udde7<\/span><\/span>\u00a0Read in English &#8211;\u00a0<a href=\"https:\/\/cutt.ly\/JelliesDay?fbclid=IwAR1sfb6LXbwumL858Gp8Ku951P0EhoG7OQTBZ0nK0MQFa5C1XEFDQT9NK34\" target=\"_blank\" rel=\"nofollow noopener\" data-ft=\"{&quot;tn&quot;:&quot;-U&quot;}\" data-lynx-mode=\"asynclazy\" data-lynx-uri=\"https:\/\/l.facebook.com\/l.php?u=https%3A%2F%2Fcutt.ly%2FJelliesDay%3Ffbclid%3DIwAR1sfb6LXbwumL858Gp8Ku951P0EhoG7OQTBZ0nK0MQFa5C1XEFDQT9NK34&amp;h=AT07xyCG3H1Ow-PU_TC-qrv6vIb5Sb-NZxNMHQkI5NHySatE-hdVIvERkxfhvXw0bUlNuborNQRKQb3KAHgLrPJG5Eka44dsJAXU2s7v5WgOWBBUsWeZmF6uEkaIgDRamEHfCriUrYpnQA2NAGOH1g\">https:\/\/cutt.ly\/JelliesDay<\/a><\/div>\n<p>\n<\/div>\r\n                    <\/div>\r\n                <\/div>[\/vc_column_inner][\/vc_row_inner]\r\n                <div class=\"text-modules\">\r\n                    <div class=\"container\">\r\n                        \r\n                        <div class=\"text-modules__content\"><p><span class=\"_5mfr\"><span class=\"_6qdm\">\ud83c\udf6d<\/span><\/span>\u00a0Pieni\u0105dze szcz\u0119\u015bcia nie daj\u0105\u2026 ale za pieni\u0105dze mo\u017cna kupi\u0107 \u017celki, a wtedy jest ju\u017c bardzo blisko do szcz\u0119\u015bcia<span class=\"_5mfr\"><span class=\"_6qdm\">\ud83d\ude01<\/span><\/span><span class=\"text_exposed_show\"><br \/>\n<span class=\"_5mfr\"><span class=\"_6qdm\">\ud83c\udf6d<\/span><\/span>\u00a0W \u015bwiat \u017celk\u00f3w smacznych oraz po\u017cytecznych wprowadza nas mgr in\u017c. Sylwia Stiler-Wyszy\u0144ska, doktorantka\u00a0Instytutu In\u017cynierii Materia\u0142owej:<\/span><\/p>\n<div class=\"text_exposed_show\">\n<p><span class=\"_5mfr\"><span class=\"_6qdm\">\ud83c\udf6d<\/span><\/span>\u00a0\u017belki, zna je chyba ka\u017cdy z nas, my\u015bl\u0119 \u017ce ka\u017cdy ma te\u017c swoje ulubione. R\u00f3\u017cni\u0105 si\u0119 mi\u0119dzy sob\u0105 smakiem, konsystencj\u0105, twardo\u015bci\u0105 oraz kszta\u0142tem. Czym s\u0105 \u017celki, jak powstaj\u0105, jaka jest ich historia oraz czy maj\u0105 co\u015b wsp\u00f3lnego z hydro\u017bELAMI lub zol-\u017bELAMI? Odpowied\u017a na wszystkie z tych pyta\u0144 znajduje si\u0119 poni\u017cej\u00a0<span class=\"_5mfr\"><span class=\"_6qdm\">\ud83d\ude00<\/span><\/span><br \/>\n<span class=\"_5mfr\"><span class=\"_6qdm\">\ud83c\udf6d<\/span><\/span>\u00a0Zacznijmy od historii, ju\u017c w staro\u017cytnej Grecji i Rzymie ludzie zajadali si\u0119 s\u0142odyczami, g\u0142\u00f3wnie ciastkami oraz ciastami. Przez wiele wiek\u00f3w s\u0142odycze z racji produkowania ich z cukru trzcinowego, by\u0142y towarem luksusowym. W XIX wieku po raz pierwszy po\u0142\u0105czono cukier z \u017cywic\u0105 akacjow\u0105, co po podgrzaniu dawa\u0142o s\u0142odycze o gumowej konsystencji.<br \/>\n<span class=\"_5mfr\"><span class=\"_6qdm\">\ud83c\udf6d<\/span><\/span>\u00a0Pierwszy owocowy \u017celek powsta\u0142 w 1922 roku, mia\u0142 on kszta\u0142t misia. Dzisiaj \u017celki mog\u0105 przybiera\u0107 dowolne kszta\u0142ty, kt\u00f3re zale\u017c\u0105 tylko od wizji ich projektanta. Proces ich wytwarzania zaczyna si\u0119 od projektu, r\u0119cznego rysunku, kt\u00f3ry nast\u0119pnie jest skanowany do komputera. W kolejnym kroku tworzone s\u0105 specjalne stemple, kt\u00f3re pozwalaj\u0105 tworzy\u0107 formy do \u017celk\u00f3w \u017belki, kt\u00f3rymi obecnie si\u0119 zajadamy, sk\u0142adaj\u0105 si\u0119 g\u0142\u00f3wnie z \u017celatyny wieprzowej o r\u00f3\u017cnych smakach i kolorach.<br \/>\n<span class=\"_5mfr\"><span class=\"_6qdm\">\ud83c\udf6d<\/span><\/span>\u00a0A jak do \u017celk\u00f3w maj\u0105 si\u0119 zol-\u017bELE?<br \/>\n<span class=\"_5mfr\"><span class=\"_6qdm\">\ud83c\udf6d<\/span><\/span>\u00a0Opr\u00f3cz \u017bELU w nazwie, niewiele ma to wsp\u00f3lnego z \u017celkami. Metoda zol-\u017cel jest wszechstronn\u0105 technik\u0105, kt\u00f3ra s\u0142u\u017cy do syntezy materia\u0142\u00f3w tlenkowych, zar\u00f3wno amorficznych jak i krystalicznych. Metoda zol-\u017cel, w du\u017cym skr\u00f3cie, polega na powolnym odwadnianiu zolu wodorotlenku danego materia\u0142u, co prowadzi do zamiany zolu w \u017cel.<br \/>\n<span class=\"_5mfr\"><span class=\"_6qdm\">\ud83c\udf6d<\/span><\/span>\u00a0Metoda zol-\u017cel cz\u0119sto wykorzystywana jest do otrzymywania pow\u0142ok szklanych, w tym pow\u0142ok hybrydowych (s\u0105 to pow\u0142oki organiczno-nieorganiczne, kt\u00f3re posiadaj\u0105 interesuj\u0105ce w\u0142a\u015bciwo\u015bci optyczne).<br \/>\n<span class=\"_5mfr\"><span class=\"_6qdm\">\ud83c\udf6d<\/span><\/span>\u00a0Ostatnie zagadnienie \u2013 hydro\u017bELE, mo\u017ce one maj\u0105 wi\u0119cej wsp\u00f3lnego z \u017celkami?<br \/>\nHydro\u017cele s\u0105 uk\u0142adami koloidalnymi, w kt\u00f3rych faz\u0105 zdyspergowan\u0105 (rozproszon\u0105) jest woda, natomiast faz\u0105 rozpraszaj\u0105c\u0105 (formuj\u0105c\u0105) s\u0105 g\u0142\u00f3wnie polimery naturalne, sztuczne, b\u0105d\u017a ich modyfikacje, Najbardziej pospolitym przyk\u0142adem takiego uk\u0142adu koloidalnego jest galaretka z \u017celatyny. Tak wi\u0119c jak wida\u0107, hydro\u017cele maj\u0105 wi\u0119cej wsp\u00f3lnego z \u017celkami\u00a0<span class=\"_5mfr\"><span class=\"_6qdm\">\ud83d\ude04<\/span><\/span><br \/>\n<span class=\"_5mfr\"><span class=\"_6qdm\">\ud83c\udf6d<\/span><\/span>\u00a0Hydro\u017cele s\u0105 materia\u0142ami elastycznymi, g\u0105bczastymi, sk\u0142adaj\u0105 si\u0119 w wi\u0119kszo\u015bci z wody.<br \/>\nHydro\u017cele s\u0105 materia\u0142ami o bardzo szerokim zastosowaniu, m.in.:<br \/>\n<span class=\"_5mfr\"><span class=\"_6qdm\">\ud83c\udf6d<\/span><\/span>\u00a0do produkcji lek\u00f3w czy kosmetyk\u00f3w, jako leki oraz no\u015bniki lek\u00f3w<br \/>\n<span class=\"_5mfr\"><span class=\"_6qdm\">\ud83c\udf6d<\/span><\/span>\u00a0du\u017c\u0105 popularno\u015b\u0107 w ostatnim czasie zyskuj\u0105 tak\u017ce opatrunki hydro\u017celowe, kt\u00f3re dzi\u0119ki wch\u0142anianiu wydzieliny z ran przyspieszaj\u0105 ich gojenie<br \/>\n<span class=\"_5mfr\"><span class=\"_6qdm\">\ud83c\udf6d<\/span><\/span>\u00a0kolejnym zastosowaniem hydro\u017celi s\u0105 soczewki kontaktowe, czy implanty chirurgiczne; stosowane s\u0105 tak\u017ce jako pod\u0142o\u017ce do hodowli kom\u00f3rkowych<br \/>\n<span class=\"_5mfr\"><span class=\"_6qdm\">\ud83c\udf6d<\/span><\/span>\u00a0hydro\u017cele pozwalaj\u0105 znacznie zmniejszy\u0107 kosztu utrzymania ro\u015blin, dzi\u0119ki ich zdolno\u015bci absorbowania du\u017cych ilo\u015bci wody<br \/>\n<span class=\"_5mfr\"><span class=\"_6qdm\">\ud83c\udf6d<\/span><\/span>\u00a0Czy \u017celki s\u0105 zdrowe?<br \/>\n<span class=\"_5mfr\"><span class=\"_6qdm\">\ud83c\udf6d<\/span><\/span>\u00a0Niestety nie do ko\u0144ca. W 100 gramach \u017celk\u00f3w znajduje si\u0119 zazwyczaj oko\u0142o 12 \u0142y\u017ceczek cukru\u00a0<span class=\"_5mfr\"><span class=\"_6qdm\">\ud83d\ude33<\/span><\/span><span class=\"_5mfr\"><span class=\"_6qdm\">\ud83d\ude33<\/span><\/span><span class=\"_5mfr\"><span class=\"_6qdm\">\ud83d\ude33<\/span><\/span>. Cz\u0119sto niekorzystnie wp\u0142ywaj\u0105 na nasz\u0105 glikemi\u0119 oraz stan z\u0119b\u00f3w. Du\u017co zdrowsze od zwyk\u0142ych \u017celk\u00f3w s\u0105 \u017celki dla wegetarian, zamiast \u017celatyny zawieraj\u0105 one pozyskiwany z alg agar, kt\u00f3ry jest \u017ar\u00f3d\u0142em witamin i sk\u0142adnik\u00f3w mineralnych.<\/p>\n<p><span class=\"_5mfr\"><span class=\"_6qdm\">\ud83c\udf6d<\/span><\/span>\u00a0Jednak dzisiaj, w Mi\u0119dzynarodowy Dzie\u0144 \u017belk\u00f3w, \u015bwi\u0119tujmy\u00a0<span class=\"_5mfr\"><span class=\"_6qdm\">\ud83e\udd73<\/span><\/span>\u00a0Smacznego\u00a0<span class=\"_5mfr\"><span class=\"_6qdm\">\ud83c\udf6d<\/span><\/span>\u00a0<span class=\"_5mfr\"><span class=\"_6qdm\">\ud83d\ude01<\/span><\/span>\u00a0<span class=\"_5mfr\"><span class=\"_6qdm\">\ud83c\udf6d<\/span><\/span><\/p>\n<\/div>\n<p>\n<\/div>\r\n                    <\/div>\r\n                <\/div>[\/vc_column][vc_column][\/vc_column][\/vc_row]<\/p>","protected":false},"excerpt":{"rendered":"<p>[vc_row][vc_column width=&#8221;1\/2&#8243;][vc_raw_html]JTNDaWZyYW1lJTIwc3JjJTNEJTIyaHR0cHMlM0ElMkYlMkZ3d3cuZmFjZWJvb2suY29tJTJGcGx1Z2lucyUyRnBvc3QucGhwJTNGaHJlZiUzRGh0dHBzJTI1M0ElMjUyRiUyNTJGd3d3LmZhY2Vib29rLmNvbSUyNTJGd25zaXQlMjUyRnBvc3RzJTI1MkY3MjA3Mzc3NDc1OTcwNzI5JTI2c2hvd190ZXh0JTNEdHJ1ZSUyNndpZHRoJTNENTAwJTIyJTIwd2lkdGglM0QlMjI1MDAlMjIlMjBoZWlnaHQlM0QlMjI2OTMlMjIlMjBzdHlsZSUzRCUyMmJvcmRlciUzQW5vbmUlM0JvdmVyZmxvdyUzQWhpZGRlbiUyMiUyMHNjcm9sbGluZyUzRCUyMm5vJTIyJTIwZnJhbWVib3JkZXIlM0QlMjIwJTIyJTIwYWxsb3dmdWxsc2NyZWVuJTNEJTIydHJ1ZSUyMiUyMGFsbG93JTNEJTIyYXV0b3BsYXklM0IlMjBjbGlwYm9hcmQtd3JpdGUlM0IlMjBlbmNyeXB0ZWQtbWVkaWElM0IlMjBwaWN0dXJlLWluLXBpY3R1cmUlM0IlMjB3ZWItc2hhcmUlMjIlM0UlM0MlMkZpZnJhbWUlM0U=[\/vc_raw_html][\/vc_column][vc_column width=&#8221;1\/2&#8243;][vc_row_inner][vc_column_inner width=&#8221;1\/3&#8243;][vc_column_text el_class=&#8221;shadow&#8221;][\/vc_column_text][\/vc_column_inner][vc_column_inner width=&#8221;2\/3&#8243;][\/vc_column_inner][\/vc_row_inner][\/vc_column][vc_column][\/vc_column][\/vc_row] [&#8230;]<\/p>\n<p><a class=\"btn btn-secondary understrap-read-more-link\" href=\"https:\/\/us.edu.pl\/wydzial\/wnst\/event\/english-kartka-z-kalendarza-miedzynarodowy-dzien-zelkow\/\">Read More&#8230;<\/a><\/p>\n","protected":false},"author":3553,"featured_media":0,"template":"","meta":{"_expiration-date-status":"","_expiration-date":0,"_expiration-date-type":"","_expiration-date-categories":[],"_expiration-date-options":[]},"acf":[],"_links":{"self":[{"href":"https:\/\/us.edu.pl\/wydzial\/wnst\/wp-json\/wp\/v2\/event\/27348"}],"collection":[{"href":"https:\/\/us.edu.pl\/wydzial\/wnst\/wp-json\/wp\/v2\/event"}],"about":[{"href":"https:\/\/us.edu.pl\/wydzial\/wnst\/wp-json\/wp\/v2\/types\/event"}],"author":[{"embeddable":true,"href":"https:\/\/us.edu.pl\/wydzial\/wnst\/wp-json\/wp\/v2\/users\/3553"}],"version-history":[{"count":1,"href":"https:\/\/us.edu.pl\/wydzial\/wnst\/wp-json\/wp\/v2\/event\/27348\/revisions"}],"predecessor-version":[{"id":27350,"href":"https:\/\/us.edu.pl\/wydzial\/wnst\/wp-json\/wp\/v2\/event\/27348\/revisions\/27350"}],"wp:attachment":[{"href":"https:\/\/us.edu.pl\/wydzial\/wnst\/wp-json\/wp\/v2\/media?parent=27348"}],"curies":[{"name":"wp","href":"https:\/\/api.w.org\/{rel}","templated":true}]}}