{"id":167113,"date":"2023-05-09T10:16:23","date_gmt":"2023-05-09T08:16:23","guid":{"rendered":"https:\/\/us.edu.pl\/wydzial\/wnst\/?post_type=komunikaty&#038;p=167113"},"modified":"2023-05-09T10:16:23","modified_gmt":"2023-05-09T08:16:23","slug":"31-05-2023-r-wyklad-terapie-celowe-w-leczeniu-nowotworow","status":"publish","type":"komunikaty","link":"https:\/\/us.edu.pl\/wydzial\/wnst\/komunikaty\/31-05-2023-r-wyklad-terapie-celowe-w-leczeniu-nowotworow\/","title":{"rendered":"31.05.2023 r. Wyk\u0142ad &#8222;Terapie celowe w leczeniu nowotwor\u00f3w&#8221;"},"content":{"rendered":"<p>[vc_row][vc_column width=&#8221;2\/3&#8243;]\r\n                <div class=\"text-modules\">\r\n                    <div class=\"container\">\r\n                        \r\n                        <div class=\"text-modules__content\"><\/p>\n<h3><span style=\"color: #003366;\">Z najlepszymi przez nauk\u0119 &#8211; Wyk\u0142ady popularnonaukowe<\/span><\/h3>\n<p>Zapraszamy na wyk\u0142ad pod tytu\u0142em <span style=\"color: #003366;\"><em>Terapie celowe w leczeniu nowotwor\u00f3w<\/em><\/span>, kt\u00f3ry wyg\u0142osi <strong><span style=\"color: #003366;\">dr Katarzyna Malarz<\/span><\/strong><strong>.<\/strong><\/p>\n<p><span style=\"color: #003366;\"><strong>Kiedy:<\/strong><\/span> 31 maja 2023 roku (\u015broda) o godzinie 11:00<\/p>\n<p><span style=\"color: #003366;\"><strong>Gdzie:<\/strong><\/span> Sala audytoryjna P\/0\/05<br \/>\nWydzia\u0142 Nauk \u015acis\u0142ych i Technicznych Uniwersytetu \u015al\u0105skiego<br \/>\nul. 75. Pu\u0142ku Piechoty 1A, 41-500 Chorz\u00f3w<\/p>\n<p><span style=\"color: #003366;\"><a style=\"color: #003366;\" href=\"https:\/\/formularze.us.edu.pl\/form\/index\/3747\"><span style=\"font-size: 12pt;\"><strong>Zapisz si\u0119!<\/strong><\/span><\/a><\/span><\/p>\n<p>Wyk\u0142ad bezp\u0142atny, a liczba miejsc ograniczona<\/p>\n<p><span style=\"color: #003366;\"><strong>Opis wyk\u0142adu<\/strong><\/span><br \/>\nW czasie wyk\u0142adu, uczestniczy zostan\u0105 zaznajomieni z najnowszymi osi\u0105gni\u0119ciami i mo\u017cliwo\u015bciami medycyny w zakresie leczenia r\u00f3\u017cnych typ\u00f3w nowotwor\u00f3w. Ponadto, om\u00f3wione zostan\u0105 wszelkie problemy i zagadnienia, kt\u00f3re s\u0105 odpowiedzialne skuteczno\u015b\u0107 stosowanych terapii.<\/p>\n<p>Wi\u0119cej informacji o projekcie na <strong><a href=\"http:\/\/pinus.us.edu.pl\">stronie<\/a><\/strong>.<\/p>\n<\/div>\r\n                    <\/div>\r\n                <\/div>[\/vc_column][vc_column width=&#8221;1\/3&#8243;][vc_column_text]<img class=\"alignnone wp-image-157308 size-full\" src=\"https:\/\/us.edu.pl\/wydzial\/wnst\/wp-content\/uploads\/sites\/18\/2022\/06\/pin-us-logo.png\" alt=\"logo projektu pin us\" width=\"100%\" height=\"auto\" srcset=\"https:\/\/us.edu.pl\/wydzial\/wnst\/wp-content\/uploads\/sites\/18\/2022\/06\/pin-us-logo.png 500w, https:\/\/us.edu.pl\/wydzial\/wnst\/wp-content\/uploads\/sites\/18\/2022\/06\/pin-us-logo-300x117.png 300w\" sizes=\"(max-width: 500px) 100vw, 500px\" \/>[\/vc_column_text][\/vc_column][\/vc_row][vc_row][vc_column]<div class=\"container\"><div class=\"separator\" style=\"background-color: #ebebeb\"><\/div><\/div>[vc_column_text]<img class=\"alignnone wp-image-157602 size-full\" src=\"https:\/\/us.edu.pl\/wydzial\/wnst\/wp-content\/uploads\/sites\/18\/Bez-kategorii\/loga-1.png\" alt=\"\" width=\"100%\" height=\"auto\" srcset=\"https:\/\/us.edu.pl\/wydzial\/wnst\/wp-content\/uploads\/sites\/18\/Bez-kategorii\/loga-1.png 1000w, https:\/\/us.edu.pl\/wydzial\/wnst\/wp-content\/uploads\/sites\/18\/Bez-kategorii\/loga-1-300x44.png 300w, https:\/\/us.edu.pl\/wydzial\/wnst\/wp-content\/uploads\/sites\/18\/Bez-kategorii\/loga-1-768x113.png 768w, https:\/\/us.edu.pl\/wydzial\/wnst\/wp-content\/uploads\/sites\/18\/Bez-kategorii\/loga-1-575x85.png 575w\" sizes=\"(max-width: 1000px) 100vw, 1000px\" \/><\/p>\n<p style=\"text-align: center;\">Projekt dofinansowano w ramach programu &#8222;Spo\u0142eczna odpowiedzialno\u015b\u0107 nauki&#8221; Ministerstwa Edukacji i Nauki<\/p>\n<p>[\/vc_column_text][\/vc_column][\/vc_row]<\/p>","protected":false},"excerpt":{"rendered":"<p>[vc_row][vc_column width=&#8221;2\/3&#8243;][\/vc_column][vc_column width=&#8221;1\/3&#8243;][vc_column_text][\/vc_column_text][\/vc_column][\/vc_row][vc_row][vc_column][vc_column_text] Projekt dofinansowano w ramach programu &#8222;Spo\u0142eczna odpowiedzialno\u015b\u0107 nauki&#8221; Ministerstwa Edukacji i Nauki [\/vc_column_text][\/vc_column][\/vc_row] [&#8230;]<\/p>\n<p><a class=\"btn btn-secondary understrap-read-more-link\" href=\"https:\/\/us.edu.pl\/wydzial\/wnst\/komunikaty\/31-05-2023-r-wyklad-terapie-celowe-w-leczeniu-nowotworow\/\">Read More&#8230;<\/a><\/p>\n","protected":false},"author":3553,"featured_media":0,"template":"","meta":{"_expiration-date-status":"","_expiration-date":0,"_expiration-date-type":"","_expiration-date-categories":[],"_expiration-date-options":[]},"acf":[],"_links":{"self":[{"href":"https:\/\/us.edu.pl\/wydzial\/wnst\/wp-json\/wp\/v2\/komunikaty\/167113"}],"collection":[{"href":"https:\/\/us.edu.pl\/wydzial\/wnst\/wp-json\/wp\/v2\/komunikaty"}],"about":[{"href":"https:\/\/us.edu.pl\/wydzial\/wnst\/wp-json\/wp\/v2\/types\/komunikaty"}],"author":[{"embeddable":true,"href":"https:\/\/us.edu.pl\/wydzial\/wnst\/wp-json\/wp\/v2\/users\/3553"}],"version-history":[{"count":1,"href":"https:\/\/us.edu.pl\/wydzial\/wnst\/wp-json\/wp\/v2\/komunikaty\/167113\/revisions"}],"predecessor-version":[{"id":167114,"href":"https:\/\/us.edu.pl\/wydzial\/wnst\/wp-json\/wp\/v2\/komunikaty\/167113\/revisions\/167114"}],"wp:attachment":[{"href":"https:\/\/us.edu.pl\/wydzial\/wnst\/wp-json\/wp\/v2\/media?parent=167113"}],"curies":[{"name":"wp","href":"https:\/\/api.w.org\/{rel}","templated":true}]}}