{"id":167115,"date":"2023-05-09T10:34:27","date_gmt":"2023-05-09T08:34:27","guid":{"rendered":"https:\/\/us.edu.pl\/wydzial\/wnst\/?post_type=komunikaty&#038;p=167115"},"modified":"2023-05-09T10:34:27","modified_gmt":"2023-05-09T08:34:27","slug":"06-06-2023-r-wyklad-wladca-pierscieni-czyli-po-co-nam-duze-laboratoria-fizyki-jadrowej-i-czastek-elementarnych","status":"publish","type":"komunikaty","link":"https:\/\/us.edu.pl\/wydzial\/wnst\/komunikaty\/06-06-2023-r-wyklad-wladca-pierscieni-czyli-po-co-nam-duze-laboratoria-fizyki-jadrowej-i-czastek-elementarnych\/","title":{"rendered":"06.06.2023 r. Wyk\u0142ad &#8222;W\u0142adca pier\u015bcieni, czyli po co nam du\u017ce laboratoria fizyki j\u0105drowej i cz\u0105stek elementarnych&#8221;"},"content":{"rendered":"<p>[vc_row][vc_column width=&#8221;2\/3&#8243;]\r\n                <div class=\"text-modules\">\r\n                    <div class=\"container\">\r\n                        \r\n                        <div class=\"text-modules__content\"><\/p>\n<h3><span style=\"color: #003366;\">Z najlepszymi przez nauk\u0119 &#8211; Wyk\u0142ady popularnonaukowe<\/span><\/h3>\n<p>Zapraszamy na wyk\u0142ad pod tytu\u0142em <span style=\"color: #003366;\"><em>W\u0142adca pier\u015bcieni, czyli po co nam du\u017ce laboratoria fizyki j\u0105drowej i cz\u0105stek elementarnych<\/em><\/span>, kt\u00f3ry wyg\u0142osi <strong><span style=\"color: #003366;\">dr hab. Seweryn Kowalski, prof. U\u015a<\/span><\/strong><strong>.<\/strong><\/p>\n<p><span style=\"color: #003366;\"><strong>Kiedy:<\/strong><\/span> 6 czerwca 2023 roku (wtorek) o godzinie 9:45<\/p>\n<p><span style=\"color: #003366;\"><strong>Gdzie:<\/strong><\/span> Sala audytoryjna P\/0\/05<br \/>\nWydzia\u0142 Nauk \u015acis\u0142ych i Technicznych Uniwersytetu \u015al\u0105skiego<br \/>\nul. 75. Pu\u0142ku Piechoty 1A, 41-500 Chorz\u00f3w<\/p>\n<p><span style=\"color: #003366;\"><a style=\"color: #003366;\" href=\"https:\/\/formularze.us.edu.pl\/form\/index\/3748\"><span style=\"font-size: 12pt;\"><strong>Zapisz si\u0119!<\/strong><\/span><\/a><\/span><\/p>\n<p>Wyk\u0142ad bezp\u0142atny, a liczba miejsc ograniczona<\/p>\n<p><span style=\"color: #003366;\"><strong>Opis wyk\u0142adu<\/strong><\/span><br \/>\nCERN (Europejska Organizacja Bada\u0144 J\u0105drowych) to jeden z najbardziej presti\u017cowych o\u015brodk\u00f3w naukowo-badawczych na \u015bwiecie. W ci\u0105gu prawie siedemdziesi\u0119ciu lat jego istnienia kilka pokole\u0144 fizyk\u00f3w z ca\u0142ego \u015bwiata prowadzi\u0142o tam swoje badania naukowe skoncentrowane na jednym celu \u2013 odkrywaniu istoty Wszech\u015bwiata. W prace europejskiej organizacji zaanga\u017cowane s\u0105 obecnie 23 pa\u0144stwa, w tym Polska. Badania obejmuj\u0105 przede wszystkim projekty dotycz\u0105ce cz\u0105stek elementarnych oraz oddzia\u0142ywa\u0144 podstawowych. Wyk\u0142ad zaprezentuje to laboratorium oraz realizowane tam kierunki badawcze.<\/p>\n<p>Wi\u0119cej informacji o projekcie na <strong><a href=\"http:\/\/pinus.us.edu.pl\">stronie<\/a><\/strong>.<\/p>\n<\/div>\r\n                    <\/div>\r\n                <\/div>[\/vc_column][vc_column width=&#8221;1\/3&#8243;][vc_column_text]<img class=\"alignnone wp-image-157308 size-full\" src=\"https:\/\/us.edu.pl\/wydzial\/wnst\/wp-content\/uploads\/sites\/18\/2022\/06\/pin-us-logo.png\" alt=\"logo projektu pin us\" width=\"100%\" height=\"auto\" srcset=\"https:\/\/us.edu.pl\/wydzial\/wnst\/wp-content\/uploads\/sites\/18\/2022\/06\/pin-us-logo.png 500w, https:\/\/us.edu.pl\/wydzial\/wnst\/wp-content\/uploads\/sites\/18\/2022\/06\/pin-us-logo-300x117.png 300w\" sizes=\"(max-width: 500px) 100vw, 500px\" \/>[\/vc_column_text][\/vc_column][\/vc_row][vc_row][vc_column]<div class=\"container\"><div class=\"separator\" style=\"background-color: #ebebeb\"><\/div><\/div>[vc_column_text]<img class=\"alignnone wp-image-157602 size-full\" src=\"https:\/\/us.edu.pl\/wydzial\/wnst\/wp-content\/uploads\/sites\/18\/Bez-kategorii\/loga-1.png\" alt=\"\" width=\"100%\" height=\"auto\" srcset=\"https:\/\/us.edu.pl\/wydzial\/wnst\/wp-content\/uploads\/sites\/18\/Bez-kategorii\/loga-1.png 1000w, https:\/\/us.edu.pl\/wydzial\/wnst\/wp-content\/uploads\/sites\/18\/Bez-kategorii\/loga-1-300x44.png 300w, https:\/\/us.edu.pl\/wydzial\/wnst\/wp-content\/uploads\/sites\/18\/Bez-kategorii\/loga-1-768x113.png 768w, https:\/\/us.edu.pl\/wydzial\/wnst\/wp-content\/uploads\/sites\/18\/Bez-kategorii\/loga-1-575x85.png 575w\" sizes=\"(max-width: 1000px) 100vw, 1000px\" \/><\/p>\n<p style=\"text-align: center;\">Projekt dofinansowano w ramach programu &#8222;Spo\u0142eczna odpowiedzialno\u015b\u0107 nauki&#8221; Ministerstwa Edukacji i Nauki<\/p>\n<p>[\/vc_column_text][\/vc_column][\/vc_row]<\/p>","protected":false},"excerpt":{"rendered":"<p>[vc_row][vc_column width=&#8221;2\/3&#8243;][\/vc_column][vc_column width=&#8221;1\/3&#8243;][vc_column_text][\/vc_column_text][\/vc_column][\/vc_row][vc_row][vc_column][vc_column_text] Projekt dofinansowano w ramach programu &#8222;Spo\u0142eczna odpowiedzialno\u015b\u0107 nauki&#8221; Ministerstwa Edukacji i Nauki [\/vc_column_text][\/vc_column][\/vc_row] [&#8230;]<\/p>\n<p><a class=\"btn btn-secondary understrap-read-more-link\" href=\"https:\/\/us.edu.pl\/wydzial\/wnst\/komunikaty\/06-06-2023-r-wyklad-wladca-pierscieni-czyli-po-co-nam-duze-laboratoria-fizyki-jadrowej-i-czastek-elementarnych\/\">Read More&#8230;<\/a><\/p>\n","protected":false},"author":3553,"featured_media":0,"template":"","meta":{"_expiration-date-status":"","_expiration-date":0,"_expiration-date-type":"","_expiration-date-categories":[],"_expiration-date-options":[]},"acf":[],"_links":{"self":[{"href":"https:\/\/us.edu.pl\/wydzial\/wnst\/wp-json\/wp\/v2\/komunikaty\/167115"}],"collection":[{"href":"https:\/\/us.edu.pl\/wydzial\/wnst\/wp-json\/wp\/v2\/komunikaty"}],"about":[{"href":"https:\/\/us.edu.pl\/wydzial\/wnst\/wp-json\/wp\/v2\/types\/komunikaty"}],"author":[{"embeddable":true,"href":"https:\/\/us.edu.pl\/wydzial\/wnst\/wp-json\/wp\/v2\/users\/3553"}],"version-history":[{"count":1,"href":"https:\/\/us.edu.pl\/wydzial\/wnst\/wp-json\/wp\/v2\/komunikaty\/167115\/revisions"}],"predecessor-version":[{"id":167116,"href":"https:\/\/us.edu.pl\/wydzial\/wnst\/wp-json\/wp\/v2\/komunikaty\/167115\/revisions\/167116"}],"wp:attachment":[{"href":"https:\/\/us.edu.pl\/wydzial\/wnst\/wp-json\/wp\/v2\/media?parent=167115"}],"curies":[{"name":"wp","href":"https:\/\/api.w.org\/{rel}","templated":true}]}}