{"id":19724,"date":"2021-12-01T10:14:50","date_gmt":"2021-12-01T09:14:50","guid":{"rendered":"https:\/\/us.edu.pl\/wydzial\/wnst\/?post_type=komunikaty&#038;p=19724"},"modified":"2021-12-01T10:18:49","modified_gmt":"2021-12-01T09:18:49","slug":"ksztalcenie-dla-przyszlosci-informacja-dla-nauczycieli","status":"publish","type":"komunikaty","link":"https:\/\/us.edu.pl\/wydzial\/wnst\/komunikaty\/ksztalcenie-dla-przyszlosci-informacja-dla-nauczycieli\/","title":{"rendered":"\u201eKszta\u0142cenie dla przysz\u0142o\u015bci&#8221; | Informacja dla nauczycieli szk\u00f3\u0142 \u015brednich i podstawowych"},"content":{"rendered":"<p>[vc_row][vc_column width=&#8221;1\/3&#8243;][\/vc_column][vc_column width=&#8221;1\/3&#8243;]\r\n                <div class=\"text-modules\">\r\n                    <div class=\"container\">\r\n                        \r\n                        <div class=\"text-modules__content\"><p><img class=\"alignnone size-full wp-image-15731\" src=\"https:\/\/us.edu.pl\/wydzial\/wnst\/wp-content\/uploads\/sites\/18\/Nieprzypisane\/ksztalcenie.jpg\" alt=\"grafika towarzysz\u0105ca\" width=\"100%\" height=\"auto\" \/><\/p>\n<\/div>\r\n                    <\/div>\r\n                <\/div>[\/vc_column][vc_column width=&#8221;1\/3&#8243;][\/vc_column][\/vc_row][vc_row][vc_column]\r\n                <div class=\"text-modules\">\r\n                    <div class=\"container\">\r\n                        \r\n                        <div class=\"text-modules__content\"><\/p>\n<p style=\"text-align: center;\">Szanowni Pa\u0144stwo,<\/p>\n<p>wzorem ubieg\u0142ego roku zapraszamy wszystkich, kt\u00f3rym le\u017cy na sercu dobre wykszta\u0142cenie i rzetelna wiedza m\u0142odego pokolenia, do zapoznania si\u0119 z bogat\u0105 ofert\u0105 wyk\u0142ad\u00f3w popularnonaukowych dla m\u0142odzie\u017cy i do zaproszenia nauczycieli akademickich Wydzia\u0142u Nauk \u015acis\u0142ych i Technicznych (on-line \u2013 lub osobistego) do spo\u0142eczno\u015bci szkolnych Pa\u0144stwa szk\u00f3\u0142.<\/p>\n<p>Mamy nadziej\u0119, \u017ce i w tym roku szkolnym skorzystacie Pa\u0144stwo z wiedzy i do\u015bwiadczenia naszych nauczycieli akademickich i wsp\u00f3lnie z Pa\u0144stwem b\u0119dziemy mogli nie tylko uzupe\u0142ni\u0107 i rozszerzy\u0107 wiedz\u0119 Waszych uczni\u00f3w o nowe tre\u015bci, zapozna\u0107 ich z najnowszymi osi\u0105gni\u0119ciami z zakresu nauk \u015bcis\u0142ych i technicznych, ale tak\u017ce dowiedzie\u0107 si\u0119 &#8211; poprzez bezpo\u015brednie spotkania z m\u0142odzie\u017c\u0105 &#8211; jakie s\u0105 ich oczekiwania i nadzieje zwi\u0105zane z wyborem przysz\u0142ego kierunku studi\u00f3w.<\/p>\n<p>Zaprezentowana Pa\u0144stwu dzisiaj lista wyk\u0142ad\u00f3w jest tylko swego rodzaju wizyt\u00f3wk\u0105 naszych potencjalnych mo\u017cliwo\u015bci. Gros naszych pracownik\u00f3w stanowi\u0105 bowiem ludzie, dla kt\u00f3rych promowanie nauki i jej osi\u0105gni\u0119\u0107 oraz dzielenie si\u0119 wiedz\u0105 jest najwy\u017csz\u0105 powinno\u015bci\u0105. Je\u015bli zatem nie znajdziecie Pa\u0144stwo w\u015br\u00f3d naszych propozycji takiego tematu, kt\u00f3ry teraz realizujecie i kt\u00f3ry warto by\u0142oby rozszerzy\u0107 o pewn\u0105 doz\u0119 wiedzy akademickiej, to prosimy nas o tym powiadomi\u0107. Jeste\u015bmy otwarci na Pa\u0144stwa potrzeby, sugestie i propozycje.<\/p>\n<p>Tych z Pa\u0144stwa, do kt\u00f3rych by\u0107 mo\u017ce dopiero teraz po raz pierwszy dociera informacja o naszym projekcie edukacyjnym pod nazw\u0105 \u201eKszta\u0142cenie dla Przysz\u0142o\u015bci\u201d informujemy, \u017ce udzia\u0142 w wyk\u0142adach jest bezp\u0142atny. Niekt\u00f3re z propozycji mog\u0105 by\u0107 realizowane zar\u00f3wno on-line, jak i w Pa\u0144stwa szko\u0142ach \u2013 wi\u0119kszo\u015b\u0107 naszych nauczycieli akademickich jest zaszczepiona i jest gotowa uda\u0107 si\u0119 do szk\u00f3\u0142. S\u0105 oczywi\u015bcie i tacy, kt\u00f3rzy ze wzgl\u0119du na szalej\u0105c\u0105 wok\u00f3\u0142 nas czwart\u0105 fal\u0119 pandemii lub nadmiar zaj\u0119\u0107 dydaktycznych ze studentami, zechc\u0105 spotka\u0107 si\u0119 z Waszymi uczniami wy\u0142\u0105cznie on-line. Ca\u0142y czas \u017cywimy jednak nadziej\u0119, \u017ce kiedy\u015b w ko\u0144cu szalej\u0105cy wok\u00f3\u0142 koronawirus COVID-19 opu\u015bci nas i umo\u017cliwi organizacj\u0119 \u2013 przynajmniej cz\u0119\u015bci naszych wyk\u0142ad\u00f3w \u2013 w go\u015bcinnych murach Wydzia\u0142u Nauk \u015acis\u0142ych i Technicznych w Sosnowcu, Katowicach i Chorzowie.\u00a0Ju\u017c teraz serdecznie zapraszamy Pa\u0144stwa oraz Waszych uczni\u00f3w.<\/p>\n<p>Je\u015bli chcieliby Pa\u0144stwo uzyska\u0107 jakie\u015b dodatkowe informacje zwi\u0105zane z realizacj\u0105 projektu \u201eKszta\u0142cenie dla Przysz\u0142o\u015bci\u201d, zam\u00f3wi\u0107 wyk\u0142ad, ustali\u0107 jego termin i warunki techniczne (w przypadku wyk\u0142adu on-line), bardzo prosimy o kontakt z koordynatork\u0105 tego projektu \u2013 ni\u017cej podpisan\u0105. Link do propozycji wyk\u0142ad\u00f3w na rok akademicki 2021\/2022: <a href=\"https:\/\/us.edu.pl\/wydzial\/wnst\/wp-content\/uploads\/sites\/18\/Dokumenty-za%C5%82%C4%85czniki\/KSZTA%C5%81CENIE-dla-PRZYSZ%C5%81O%C5%9ACI-w-roku-akademickim-2021-22.pdf\" class=\"mtli_attachment mtli_pdf\" class=\"mtli_attachment mtli_pdf\">Kszta\u0142cenie dla przysz\u0142o\u015bci w roku akademickim 2021\/2022.pdf (us.edu.pl)<\/a><\/p>\n<p>\u017byczymy Pa\u0144stwu zdrowia i wytrwa\u0142o\u015bci w tym nie\u0142atwym czasie. Wierzymy w to, \u017ce Pa\u0144stwa praca, aktywna i tw\u00f3rcza postawa znajd\u0105 uznanie w oczach Waszych uczni\u00f3w i ich rodzic\u00f3w oraz stan\u0105 si\u0119 \u017ar\u00f3d\u0142em osobistej satysfakcji.<\/p>\n<p>&nbsp;<\/p>\n<table style=\"border-collapse: collapse; width: 100%;\">\n<tbody>\n<tr>\n<td style=\"width: 50%; text-align: center;\">Iwona Kantorysi\u0144ska<br \/>\nKoordynator Projektu \u201eKszta\u0142cenie dla przysz\u0142o\u015bci&#8221;<br \/>\n<a href=\"mailto:iwona.kantorysinska@us.edu.pl\">iwona.kantorysinska@us.edu.pl<\/a><br \/>\ntel. 32 269 18 69<\/td>\n<td style=\"width: 50%; text-align: center;\">dr hab. Agnieszka Nowak-Brzezi\u0144ska, prof. U\u015a<br \/>\nProdziekan ds. promocji i rozwoju<br \/>\nWydzia\u0142u Nauk \u015acis\u0142ych i Technicznych<br \/>\nUniwersytetu \u015al\u0105skiego<\/td>\n<\/tr>\n<\/tbody>\n<\/table>\n<hr \/>\n<p>Tematyka wyk\u0142ad\u00f3w oraz za\u0142o\u017cenia Projektu opublikowane s\u0105 na stronie: <a href=\"https:\/\/us.edu.pl\/wydzial\/wnst\/wspolpraca\/szkoly\/ksztalcenie-dla-przyszlosci\/\">https:\/\/us.edu.pl\/&#8230;\/ksztalcenie-dla-przyszlosci\/<\/a><\/p>\n<\/div>\r\n                    <\/div>\r\n                <\/div>[\/vc_column][\/vc_row]<\/p>","protected":false},"excerpt":{"rendered":"<p>[vc_row][vc_column width=&#8221;1\/3&#8243;][\/vc_column][vc_column width=&#8221;1\/3&#8243;][\/vc_column][vc_column width=&#8221;1\/3&#8243;][\/vc_column][\/vc_row][vc_row][vc_column][\/vc_column][\/vc_row] [&#8230;]<\/p>\n<p><a class=\"btn btn-secondary understrap-read-more-link\" href=\"https:\/\/us.edu.pl\/wydzial\/wnst\/komunikaty\/ksztalcenie-dla-przyszlosci-informacja-dla-nauczycieli\/\">Read More&#8230;<\/a><\/p>\n","protected":false},"author":92,"featured_media":0,"template":"","meta":{"_expiration-date-status":"saved","_expiration-date":0,"_expiration-date-type":"","_expiration-date-categories":[],"_expiration-date-options":[]},"acf":[],"_links":{"self":[{"href":"https:\/\/us.edu.pl\/wydzial\/wnst\/wp-json\/wp\/v2\/komunikaty\/19724"}],"collection":[{"href":"https:\/\/us.edu.pl\/wydzial\/wnst\/wp-json\/wp\/v2\/komunikaty"}],"about":[{"href":"https:\/\/us.edu.pl\/wydzial\/wnst\/wp-json\/wp\/v2\/types\/komunikaty"}],"author":[{"embeddable":true,"href":"https:\/\/us.edu.pl\/wydzial\/wnst\/wp-json\/wp\/v2\/users\/92"}],"version-history":[{"count":5,"href":"https:\/\/us.edu.pl\/wydzial\/wnst\/wp-json\/wp\/v2\/komunikaty\/19724\/revisions"}],"predecessor-version":[{"id":19729,"href":"https:\/\/us.edu.pl\/wydzial\/wnst\/wp-json\/wp\/v2\/komunikaty\/19724\/revisions\/19729"}],"wp:attachment":[{"href":"https:\/\/us.edu.pl\/wydzial\/wnst\/wp-json\/wp\/v2\/media?parent=19724"}],"curies":[{"name":"wp","href":"https:\/\/api.w.org\/{rel}","templated":true}]}}