{"id":205165,"date":"2026-04-28T10:38:08","date_gmt":"2026-04-28T08:38:08","guid":{"rendered":"https:\/\/us.edu.pl\/wydzial\/wnst\/?post_type=komunikaty&#038;p=205165"},"modified":"2026-04-28T10:38:08","modified_gmt":"2026-04-28T08:38:08","slug":"dzien-rektorski-4-maja-2026-r","status":"publish","type":"komunikaty","link":"https:\/\/us.edu.pl\/wydzial\/wnst\/komunikaty\/dzien-rektorski-4-maja-2026-r\/","title":{"rendered":"Dzie\u0144 rektorski 4 maja 2026 r."},"content":{"rendered":"<p>[vc_row][vc_column width=&#8221;2\/3&#8243;]\r\n                <div class=\"text-modules\">\r\n                    <div class=\"container\">\r\n                        \r\n                        <div class=\"text-modules__content\"><p>W zwi\u0105zku ze zbli\u017caj\u0105c\u0105 si\u0119 &#8222;maj\u00f3wk\u0105&#8221; i dniami ustawowo wolnymi od pracy tj. 1 maja (\u015awi\u0119to Pracy) i 3 maja (\u015awi\u0119to Konstytucji 3 maja), na wniosek Samorz\u0105du Studenckiego Uniwersytetu \u015al\u0105skiego w Katowicach, Pani rektor dr Katarzyna Trynda, prof. U\u015a og\u0142asza dzie\u0144 4 maja 2026 r. (poniedzia\u0142ek) dniem rektorskim wolnym od zaj\u0119\u0107 dydaktycznych.<\/p>\n<p><a href=\"https:\/\/us.edu.pl\/wydzial\/wnst\/wp-content\/uploads\/sites\/18\/Bez-kategorii\/rektorskie-sig.pdf\" class=\"mtli_attachment mtli_pdf\" data-mtli=\"mtli_filesize360,47kB\" class=\"mtli_attachment mtli_pdf\" data-mtli=\"mtli_filesize360,47kB\">Komunikat<\/a><\/p>\n<style type=\"text\/css\">a[data-mtli~=\"mtli_filesize360,47kB\"]:after {content:\" (360,47 kB)\"}<\/style><\/div>\r\n                    <\/div>\r\n                <\/div>[\/vc_column][vc_column width=&#8221;1\/3&#8243;][vc_single_image image=&#8221;18524&#8243; img_size=&#8221;large&#8221; alignment=&#8221;center&#8221;][\/vc_column][\/vc_row]<\/p>\n<style type=\"text\/css\">a[data-mtli~=\"mtli_filesize360,47kB\"]:after {content:\" (360,47 kB)\"}<\/style>","protected":false},"excerpt":{"rendered":"<p>[vc_row][vc_column width=&#8221;2\/3&#8243;][\/vc_column][vc_column width=&#8221;1\/3&#8243;][vc_single_image image=&#8221;18524&#8243; img_size=&#8221;large&#8221; alignment=&#8221;center&#8221;][\/vc_column][\/vc_row] [&#8230;]<\/p>\n<p><a class=\"btn btn-secondary understrap-read-more-link\" href=\"https:\/\/us.edu.pl\/wydzial\/wnst\/komunikaty\/dzien-rektorski-4-maja-2026-r\/\">Read More&#8230;<\/a><\/p>\n","protected":false},"author":3553,"featured_media":0,"template":"","meta":{"_expiration-date-status":"","_expiration-date":0,"_expiration-date-type":"","_expiration-date-categories":[],"_expiration-date-options":[]},"acf":[],"_links":{"self":[{"href":"https:\/\/us.edu.pl\/wydzial\/wnst\/wp-json\/wp\/v2\/komunikaty\/205165"}],"collection":[{"href":"https:\/\/us.edu.pl\/wydzial\/wnst\/wp-json\/wp\/v2\/komunikaty"}],"about":[{"href":"https:\/\/us.edu.pl\/wydzial\/wnst\/wp-json\/wp\/v2\/types\/komunikaty"}],"author":[{"embeddable":true,"href":"https:\/\/us.edu.pl\/wydzial\/wnst\/wp-json\/wp\/v2\/users\/3553"}],"version-history":[{"count":1,"href":"https:\/\/us.edu.pl\/wydzial\/wnst\/wp-json\/wp\/v2\/komunikaty\/205165\/revisions"}],"predecessor-version":[{"id":205167,"href":"https:\/\/us.edu.pl\/wydzial\/wnst\/wp-json\/wp\/v2\/komunikaty\/205165\/revisions\/205167"}],"wp:attachment":[{"href":"https:\/\/us.edu.pl\/wydzial\/wnst\/wp-json\/wp\/v2\/media?parent=205165"}],"curies":[{"name":"wp","href":"https:\/\/api.w.org\/{rel}","templated":true}]}}