{"id":181526,"date":"2024-11-13T10:27:39","date_gmt":"2024-11-13T09:27:39","guid":{"rendered":"https:\/\/us.edu.pl\/wydzial\/wnst\/?post_type=multimedia&#038;p=181526"},"modified":"2025-08-29T13:54:13","modified_gmt":"2025-08-29T11:54:13","slug":"6-miedzynarodowy-konkurs-studenckich-druzyn-matematycznych-istcim","status":"publish","type":"multimedia","link":"https:\/\/us.edu.pl\/wydzial\/wnst\/multimedia\/6-miedzynarodowy-konkurs-studenckich-druzyn-matematycznych-istcim\/","title":{"rendered":"6. Mi\u0119dzynarodowy Konkurs Studenckich Dru\u017cyn Matematycznych (ISTCiM)"},"content":{"rendered":"<p>[vc_row][vc_column width=&#8221;2\/3&#8243;]\r\n                <div class=\"text-modules\">\r\n                    <div class=\"container\">\r\n                        \r\n                        <div class=\"text-modules__content\"><p><small>|tekst: dr Marcin Zygmunt|<br \/>\n|zdj\u0119cia: Micha\u0142 Balicki, Maria Pieczarka, Katarzyna Sucha\u0144ska|<\/small><\/p>\n<p>W dniach od 8 do 10 listopada 2024 r. odby\u0142a si\u0119 na Wydziale Nauk \u015acis\u0142ych i Technicznych 6. edycja Mi\u0119dzynarodowego Konkursu Studenckich Dru\u017cyn Matematycznych (ISTCiM 2024). Konkurs sk\u0142ada\u0142 si\u0119 z dw\u00f3ch cz\u0119\u015bci: w pi\u0105tek od 10:00 do 14:00 odby\u0142a si\u0119 cz\u0119\u015b\u0107 indywidualna, w kt\u00f3rej uczestnicy mieli do rozwi\u0105zania 5 zada\u0144. W sobot\u0119 w tych samych godzinach podczas cz\u0119\u015bci dru\u017cynowej pi\u0119cioosobowe dru\u017cyny rozwi\u0105zywa\u0142y 10 zada\u0144. To charakterystyczna cecha tego konkursu, \u017ce podczas cz\u0119\u015bci dru\u017cynowej nie tylko nie jest zabroniony kontakt mi\u0119dzy zawodnikami tej samej dru\u017cyny, ale wr\u0119cz jest to istota tej cz\u0119\u015bci. Ka\u017cda dru\u017cyna ma do dyspozycji sal\u0119 dydaktyczn\u0105, gdzie wsp\u00f3lnie mo\u017ce dyskutowa\u0107 nad rozwi\u0105zaniami postawionych problem\u00f3w.<br \/>\nW tych samych dniach, w godzinach popo\u0142udniowych odbywa\u0142y si\u0119 prace mi\u0119dzynarodowego jury, kt\u00f3re trwa\u0142y do p\u00f3\u017anych godzin nocnych. W niedziel\u0119 w godzinach rannych, od 9:00 do 11:00 rozpatrywane by\u0142y za\u017calenia dotycz\u0105ce ocen zada\u0144, po czym jury podj\u0119\u0142o decyzj\u0119 o przyj\u0119ciu ostatecznych wynik\u00f3w.<\/p>\n<p>W tym roku wygra\u0142a dru\u017cyna z MIM TUW z Uniwersytetu Warszawskiego.\u00a0W cz\u0119\u015bci indywidualnej poza studentem z Warszawy nagrody specjalne za rozwi\u0105zanie wszystkich zada\u0144 otrzyma\u0142o trzech student\u00f3w z Uniwersytetu Jagiello\u0144skiego.<br \/>\nStudenci Uniwersytetu \u015al\u0105skiego zdobyli indywidualnie medal z\u0142oty (Aleksander Bartnicki), cztery srebrne (Micha\u0142 Balicki, Stanis\u0142aw Janus, Nina Kolasa i Sara Kopczy\u0144ska) i dwa br\u0105zowe (Adam Menkiel i Wojciech Wdowski). Dwie nasze dru\u017cyny, &#8222;\u015al\u014dnskie rachmajstry&#8221; oraz &#8222;\u03c0=e=3&#8221;, otrzyma\u0142y wyr\u00f3\u017cnienie, a pozostali uczestnicy z Uniwersytetu \u015al\u0105skiego pami\u0105tkowe dyplomy<\/p>\n<\/div>\r\n                    <\/div>\r\n                <\/div>[\/vc_column][vc_column width=&#8221;1\/3&#8243;][vc_single_image image=&#8221;181608&#8243; img_size=&#8221;large&#8221; alignment=&#8221;center&#8221; style=&#8221;vc_box_rounded&#8221;][\/vc_column][\/vc_row]<\/p>","protected":false},"excerpt":{"rendered":"<p>[vc_row][vc_column width=&#8221;2\/3&#8243;][\/vc_column][vc_column width=&#8221;1\/3&#8243;][vc_single_image image=&#8221;181608&#8243; img_size=&#8221;large&#8221; alignment=&#8221;center&#8221; style=&#8221;vc_box_rounded&#8221;][\/vc_column][\/vc_row] [&#8230;]<\/p>\n<p><a class=\"btn btn-secondary understrap-read-more-link\" href=\"https:\/\/us.edu.pl\/wydzial\/wnst\/multimedia\/6-miedzynarodowy-konkurs-studenckich-druzyn-matematycznych-istcim\/\">Read More&#8230;<\/a><\/p>\n","protected":false},"author":92,"featured_media":181622,"template":"","meta":{"_expiration-date-status":"","_expiration-date":0,"_expiration-date-type":"","_expiration-date-categories":[],"_expiration-date-options":[]},"acf":[],"_links":{"self":[{"href":"https:\/\/us.edu.pl\/wydzial\/wnst\/wp-json\/wp\/v2\/multimedia\/181526"}],"collection":[{"href":"https:\/\/us.edu.pl\/wydzial\/wnst\/wp-json\/wp\/v2\/multimedia"}],"about":[{"href":"https:\/\/us.edu.pl\/wydzial\/wnst\/wp-json\/wp\/v2\/types\/multimedia"}],"author":[{"embeddable":true,"href":"https:\/\/us.edu.pl\/wydzial\/wnst\/wp-json\/wp\/v2\/users\/92"}],"version-history":[{"count":8,"href":"https:\/\/us.edu.pl\/wydzial\/wnst\/wp-json\/wp\/v2\/multimedia\/181526\/revisions"}],"predecessor-version":[{"id":200543,"href":"https:\/\/us.edu.pl\/wydzial\/wnst\/wp-json\/wp\/v2\/multimedia\/181526\/revisions\/200543"}],"wp:featuredmedia":[{"embeddable":true,"href":"https:\/\/us.edu.pl\/wydzial\/wnst\/wp-json\/wp\/v2\/media\/181622"}],"wp:attachment":[{"href":"https:\/\/us.edu.pl\/wydzial\/wnst\/wp-json\/wp\/v2\/media?parent=181526"}],"curies":[{"name":"wp","href":"https:\/\/api.w.org\/{rel}","templated":true}]}}