{"id":14207,"date":"2021-06-15T12:05:34","date_gmt":"2021-06-15T10:05:34","guid":{"rendered":"https:\/\/us.edu.pl\/wydzial\/wnst\/?page_id=14207"},"modified":"2022-08-04T12:48:15","modified_gmt":"2022-08-04T10:48:15","slug":"uscern","status":"publish","type":"page","link":"https:\/\/us.edu.pl\/wydzial\/wnst\/uscern\/","title":{"rendered":"U\u015a&#038;CERN"},"content":{"rendered":"<p>[vc_row el_class=&#8221;rotor&#8221;][vc_column css=&#8221;.vc_custom_1624450564258{margin-top: 30px !important;}&#8221; el_class=&#8221;napis&#8221;]\r\n                <div class=\"text-modules\">\r\n                    <div class=\"container\">\r\n                        \r\n                        <div class=\"text-modules__content\"><\/p>\n<p style=\"text-align: left;\">CERN | 30-lecie wsp\u00f3\u0142pracy<\/p>\n<p>\n<\/div>\r\n                    <\/div>\r\n                <\/div>[\/vc_column][\/vc_row][vc_row content_placement=&#8221;middle&#8221; el_class=&#8221;container&#8221; css=&#8221;.vc_custom_1624451733078{margin-top: 0px !important;margin-bottom: 0px !important;border-top-width: 0px !important;border-bottom-width: 0px !important;padding-top: 0px !important;padding-bottom: 0px !important;}&#8221;][vc_column css=&#8221;.vc_custom_1624451723606{margin-top: 0px !important;margin-bottom: 0px !important;border-top-width: 0px !important;border-bottom-width: 0px !important;padding-top: 0px !important;padding-bottom: 0px !important;}&#8221;][vc_column_text]<\/p>\n<p style=\"text-align: right;\"><span style=\"color: #808080; font-size: small;\"><em>OPEN-PHO-ACCEL-2015-001-1 | fot.<\/em> <em>Dominguez, Daniel; Brice, Maximilien<\/em> | <a style=\"color: #808080;\" href=\"https:\/\/cds.cern.ch\/record\/1996997\">\u017ar\u00f3d\u0142o: cds.cern.ch<\/a><\/span><\/p>\n<p>[\/vc_column_text][\/vc_column][\/vc_row][vc_row content_placement=&#8221;middle&#8221; el_class=&#8221;container&#8221; css=&#8221;.vc_custom_1624451441294{margin-bottom: 0px !important;border-bottom-width: 0px !important;padding-bottom: 0px !important;}&#8221;][vc_column width=&#8221;1\/2&#8243;]\r\n                <div class=\"text-modules\">\r\n                    <div class=\"container\">\r\n                        \r\n                        <div class=\"text-modules__content\"><\/p>\n<p style=\"text-align: center; font-size: 260%; font-family: PT Serif; color: #002a5a;\"><strong>Jeste\u015bmy cz\u0119\u015bci\u0105 CERN-u<\/strong><\/p>\n<hr style=\"background-color: #9b132a; width: 60%; height: 2px;\" \/>\n<p style=\"text-align: center;\"><span style=\"color: #333333; font-size: 140%;\"><em>30 lat temu Polska do\u0142\u0105czy\u0142a do<br \/>\nEuropejskiej Organizacji Bada\u0144 J\u0105drowych \u2013 CERN.<br \/>\nJej cz\u0142onk\u00f3w \u0142\u0105czy wsp\u00f3lny cel:<br \/>\nzbada\u0107 natur\u0119 Wszech\u015bwiata\u00a0\u00a0<\/em><\/span><\/p>\n<p>\n<\/div>\r\n                    <\/div>\r\n                <\/div>[\/vc_column][vc_column width=&#8221;1\/2&#8243; css=&#8221;.vc_custom_1624448853276{padding-top: 10px !important;}&#8221;]\r\n                <div class=\"text-modules\">\r\n                    <div class=\"container\">\r\n                        \r\n                        <div class=\"text-modules__content\"><\/p>\n<p style=\"text-align: right;\"><img class=\"alignnone wp-image-14560 size-large\" src=\"https:\/\/us.edu.pl\/wydzial\/wnst\/wp-content\/uploads\/sites\/18\/zdjecia-wydarzenia\/cern\/Esplanade-des-Particules-de-nuit-Ordan-Julien-Marius-CERN-PHOTO-201808-226-201808-226_09-1024x827.jpg\" alt=\"Jeden z budynk\u00f3w CERN, panorama nocna\" width=\"100%\" height=\"auto\" srcset=\"https:\/\/us.edu.pl\/wydzial\/wnst\/wp-content\/uploads\/sites\/18\/zdjecia-wydarzenia\/cern\/Esplanade-des-Particules-de-nuit-Ordan-Julien-Marius-CERN-PHOTO-201808-226-201808-226_09-1024x827.jpg 1024w, https:\/\/us.edu.pl\/wydzial\/wnst\/wp-content\/uploads\/sites\/18\/zdjecia-wydarzenia\/cern\/Esplanade-des-Particules-de-nuit-Ordan-Julien-Marius-CERN-PHOTO-201808-226-201808-226_09-300x242.jpg 300w, https:\/\/us.edu.pl\/wydzial\/wnst\/wp-content\/uploads\/sites\/18\/zdjecia-wydarzenia\/cern\/Esplanade-des-Particules-de-nuit-Ordan-Julien-Marius-CERN-PHOTO-201808-226-201808-226_09-768x620.jpg 768w, https:\/\/us.edu.pl\/wydzial\/wnst\/wp-content\/uploads\/sites\/18\/zdjecia-wydarzenia\/cern\/Esplanade-des-Particules-de-nuit-Ordan-Julien-Marius-CERN-PHOTO-201808-226-201808-226_09-575x464.jpg 575w, https:\/\/us.edu.pl\/wydzial\/wnst\/wp-content\/uploads\/sites\/18\/zdjecia-wydarzenia\/cern\/Esplanade-des-Particules-de-nuit-Ordan-Julien-Marius-CERN-PHOTO-201808-226-201808-226_09.jpg 1189w\" sizes=\"(max-width: 1024px) 100vw, 1024px\" \/><br \/>\n<em><span style=\"color: #808080; font-size: small;\">Glob nauki i innowacji |fot. Julien Marius Ordan<br \/>\nCERN-PHOTO-201808-226_09 \u017ar\u00f3d\u0142o: <a style=\"color: #808080;\" href=\"https:\/\/cds.cern.ch\/record\/2638593\">cds.cern.ch<\/a><\/span><\/em><\/p>\n<p>\n<\/div>\r\n                    <\/div>\r\n                <\/div>[\/vc_column][\/vc_row][vc_row content_placement=&#8221;middle&#8221; el_class=&#8221;container&#8221; css=&#8221;.vc_custom_1624451455524{margin-top: 0px !important;border-top-width: 0px !important;padding-top: 0px !important;}&#8221;][vc_column css=&#8221;.vc_custom_1624451449185{margin-top: 0px !important;border-top-width: 0px !important;padding-top: 0px !important;}&#8221;]<div class=\"container\"><div class=\"separator\" style=\"background-color: #002E5A\"><\/div><\/div>[\/vc_column][\/vc_row][vc_row content_placement=&#8221;top&#8221; el_class=&#8221;bottom container flex&#8221;][vc_column width=&#8221;1\/2&#8243; css=&#8221;.vc_custom_1624454240751{margin-top: 0px !important;border-top-width: 0px !important;padding-top: 0px !important;padding-bottom: 5px !important;}&#8221; el_class=&#8221;shadow margines&#8221;][vc_column_text css=&#8221;.vc_custom_1624551147367{margin-top: 0px !important;margin-right: 0px !important;margin-bottom: 0px !important;margin-left: 0px !important;border-top-width: 0px !important;border-right-width: 0px !important;border-bottom-width: 0px !important;border-left-width: 0px !important;padding-top: 0px !important;padding-right: 0px !important;padding-bottom: 0px !important;padding-left: 0px !important;}&#8221;]<\/p>\n<p style=\"text-align: right;\"><img class=\"alignnone wp-image-14594 size-full\" src=\"https:\/\/us.edu.pl\/wydzial\/wnst\/wp-content\/uploads\/sites\/18\/zdjecia-wydarzenia\/cern\/DSC5841_1.jpg\" alt=\"Obiekt stoj\u0105cy na terenie CERN \u2013 wst\u0119ga z metalu z napisami\" width=\"100%\" height=\"auto\" srcset=\"https:\/\/us.edu.pl\/wydzial\/wnst\/wp-content\/uploads\/sites\/18\/zdjecia-wydarzenia\/cern\/DSC5841_1.jpg 640w, https:\/\/us.edu.pl\/wydzial\/wnst\/wp-content\/uploads\/sites\/18\/zdjecia-wydarzenia\/cern\/DSC5841_1-300x149.jpg 300w, https:\/\/us.edu.pl\/wydzial\/wnst\/wp-content\/uploads\/sites\/18\/zdjecia-wydarzenia\/cern\/DSC5841_1-575x285.jpg 575w\" sizes=\"(max-width: 640px) 100vw, 640px\" \/><br \/>\n<span style=\"color: #808080; font-size: small;\">fot. Julien Marius Ordan|CERN-PHOTO-201707-179|<\/span><span style=\"color: #808080; font-size: small;\"><a style=\"color: #808080; padding-right: 5px;\" href=\"http:\/\/cds.cern.ch\/record\/2274627\/files\/\">cds.cern.ch<\/a><\/span><\/p>\n<p>[\/vc_column_text][vc_column_text css=&#8221;.vc_custom_1624456102612{margin-top: 0px !important;margin-right: 0px !important;margin-bottom: 0px !important;margin-left: 0px !important;border-top-width: 0px !important;border-right-width: 0px !important;border-bottom-width: 0px !important;border-left-width: 0px !important;padding-top: 5px !important;padding-right: 15px !important;padding-bottom: 15px !important;padding-left: 15px !important;}&#8221;]<small><span style=\"letter-spacing: 0.6mm; color: #9b132a; font-size: 130%; font-family: PT Sans Narrow;\"><strong>CERN | MISJA<\/strong><\/span><\/small><\/p>\n<hr \/>\n<p><span style=\"color: #011535;\"><strong><span style=\"font-family: 'PT Sans Narrow'; font-size: 90%;\">Genewa, Szwajcaria | <a href=\"https:\/\/home.cern\">www.home.cern<\/a><\/span><\/strong><\/span><\/p>\n<p><span style=\"font-family: PT Sans Narrow; color: #000000;\">Europejska Organizacja Bada\u0144 J\u0105drowych CERN jest mi\u0119dzyrz\u0105dow\u0105 organizacj\u0105 naukow\u0105. Jej misj\u0105 jest jest prowadzenie \u015bwiatowej klasy bada\u0144 w dziedzinie fizyki oddzia\u0142ywa\u0144 fundamentalnych przy u\u017cyciu najnowocze\u015bniejszych detektor\u00f3w i akcelerator\u00f3w wysokich energii.\u00a0 <\/span><span style=\"font-family: PT Sans Narrow; color: #000000;\">CERN zajmuje si\u0119 r\u00f3wnie\u017c transferem wiedzy do przemys\u0142u i kszta\u0142ceniem nowego pokolenia naukowc\u00f3w.<\/span>[\/vc_column_text][\/vc_column][vc_column width=&#8221;1\/2&#8243; el_class=&#8221;shadow margines karta-prawa&#8221;][vc_column_text css=&#8221;.vc_custom_1624551133536{margin-top: 0px !important;margin-right: 0px !important;margin-bottom: 0px !important;margin-left: 0px !important;border-top-width: 0px !important;border-right-width: 0px !important;border-bottom-width: 0px !important;border-left-width: 0px !important;padding-top: 0px !important;padding-right: 0px !important;padding-bottom: 0px !important;padding-left: 0px !important;}&#8221;]<\/p>\n<p style=\"text-align: right;\"><img class=\"alignnone wp-image-14602 size-full\" src=\"https:\/\/us.edu.pl\/wydzial\/wnst\/wp-content\/uploads\/sites\/18\/zdjecia-wydarzenia\/cern\/CMS_IMG_9512bt_spicasa.jpg\" alt=\"Wn\u0119trze zderzacza LHC\" width=\"100%\" height=\"auto\" srcset=\"https:\/\/us.edu.pl\/wydzial\/wnst\/wp-content\/uploads\/sites\/18\/zdjecia-wydarzenia\/cern\/CMS_IMG_9512bt_spicasa.jpg 640w, https:\/\/us.edu.pl\/wydzial\/wnst\/wp-content\/uploads\/sites\/18\/zdjecia-wydarzenia\/cern\/CMS_IMG_9512bt_spicasa-300x149.jpg 300w, https:\/\/us.edu.pl\/wydzial\/wnst\/wp-content\/uploads\/sites\/18\/zdjecia-wydarzenia\/cern\/CMS_IMG_9512bt_spicasa-575x285.jpg 575w\" sizes=\"(max-width: 640px) 100vw, 640px\" \/><br \/>\n<span style=\"color: #808080; font-size: small;\">fot. Michael Hoch|CMS-PHO-TRACKER-2013-001|<\/span><span style=\"color: #808080; font-size: small; padding-right: 5px;\"><a style=\"color: #808080;\" href=\"http:\/\/cds.cern.ch\/record\/1551238\/files\/\">cds.cern.ch<\/a><\/span><\/p>\n<p>[\/vc_column_text][vc_column_text css=&#8221;.vc_custom_1624455939245{margin-top: 0px !important;margin-right: 0px !important;margin-bottom: 0px !important;margin-left: 0px !important;border-top-width: 0px !important;border-right-width: 0px !important;border-bottom-width: 0px !important;border-left-width: 0px !important;padding-top: 5px !important;padding-right: 15px !important;padding-bottom: 15px !important;padding-left: 15px !important;}&#8221;]<small><span style=\"letter-spacing: 0.6mm; color: #9b132a; font-size: 130%; font-family: PT Sans Narrow;\"><strong>CZY WIESZ, \u017bE&#8230;<\/strong><\/span><\/small><\/p>\n<hr \/>\n<p><span style=\"font-family: PT Sans Narrow; color: #000000;\">Badania, kt\u00f3re s\u0105 realizowane w CERN-ie, koncentruj\u0105 si\u0119 na analizie cz\u0105stek elementarnych \u2013 najmniejszych element\u00f3w materii Wszech\u015bwiata. Naukowcy chc\u0105 pozna\u0107 tak\u017ce fundamentalne prawa nimi rz\u0105dz\u0105ce. Efekty ich pracy wykorzystywane s\u0105 m.in. w diagnostyce i terapiach medycznych, kriogenice, technologii ultra-wysokiej pr\u00f3\u017cni czy monitorowaniu promieniowania. <\/span><span style=\"font-family: PT Sans Narrow; color: #000000;\">Niewiele os\u00f3b wie jednak, \u017ce CERN to r\u00f3wnie\u017c miejsce narodzin&#8230; <a href=\"https:\/\/home.cern\/science\/computing\/birth-web\">sieci World Wide Web<\/a>.<\/span>[\/vc_column_text][\/vc_column][\/vc_row][vc_row content_placement=&#8221;middle&#8221; el_class=&#8221;container&#8221; css=&#8221;.vc_custom_1624451455524{margin-top: 0px !important;border-top-width: 0px !important;padding-top: 0px !important;}&#8221;][vc_column css=&#8221;.vc_custom_1624451449185{margin-top: 0px !important;border-top-width: 0px !important;padding-top: 0px !important;}&#8221;]<div class=\"container\"><div class=\"separator\" style=\"background-color: #002E5A\"><\/div><\/div>[\/vc_column][\/vc_row][vc_row content_placement=&#8221;bottom&#8221; el_class=&#8221;container&#8221; css=&#8221;.vc_custom_1624981388476{margin-top: 0px !important;border-top-width: 0px !important;padding-top: 0px !important;}&#8221;][vc_column width=&#8221;1\/3&#8243; css=&#8221;.vc_custom_1624981028267{margin-top: 0px !important;margin-bottom: 0px !important;border-top-width: 0px !important;border-bottom-width: 0px !important;padding-top: 0px !important;padding-bottom: 0px !important;}&#8221;]\r\n                <div class=\"text-modules\">\r\n                    <div class=\"container\">\r\n                        \r\n                        <div class=\"text-modules__content\"><\/p>\n<p style=\"letter-spacing: 0.6mm; color: #9b132a; font-size: 130%; font-family: 'PT Sans Narrow'; text-align: right;\"><strong>POZNAJ J\u0118ZYK CERN-u<\/strong><\/p>\n<hr \/>\n<p>\n<\/div>\r\n                    <\/div>\r\n                <\/div>[vc_btn title=&#8221;CERN | S\u0141OWNIK&#8221; style=&#8221;classic&#8221; shape=&#8221;square&#8221; color=&#8221;blue&#8221; align=&#8221;right&#8221; link=&#8221;url:https%3A%2F%2Fus.edu.pl%2Fwydzial%2Fwnst%2Fuscern%2Fglosariusz%2F|||&#8221;][\/vc_column][vc_column width=&#8221;2\/3&#8243;]\r\n                <div class=\"text-modules\">\r\n                    <div class=\"container\">\r\n                        \r\n                        <div class=\"text-modules__content\"><\/p>\n<p style=\"font-family: PT Sans Narrow; color: #0115353; font-size: 110%;\">Wielki Zderzacz Hadron\u00f3w, bozon Higgsa, neutrino czy plazma kwarkowo-gluonowa \u2013 to s\u0142owa, kt\u00f3re na co dzie\u0144 mo\u017cna us\u0142ysze\u0107 w CERN-ie we wszystkich j\u0119zykach \u015bwiata. Co oznaczaj\u0105? Odpowied\u017a na to pytanie znajduje si\u0119 w specjalnie przygotowanym s\u0142owniku.<\/p>\n<p>\n<\/div>\r\n                    <\/div>\r\n                <\/div>[\/vc_column][\/vc_row][vc_row el_class=&#8221;container&#8221; css=&#8221;.vc_custom_1624978854665{margin-top: 0px !important;border-top-width: 0px !important;padding-top: 0px !important;}&#8221;][vc_column css=&#8221;.vc_custom_1624451449185{margin-top: 0px !important;border-top-width: 0px !important;padding-top: 0px !important;}&#8221;]<div class=\"container\"><div class=\"separator\" style=\"background-color: #002E5A\"><\/div><\/div>\r\n                <div class=\"text-modules\">\r\n                    <div class=\"container\">\r\n                        <h3 class=\"page-title text__title\">PL30CERN<\/h3>\r\n                        <div class=\"text-modules__content\"><\/div>\r\n                    <\/div>\r\n                <\/div>[\/vc_column][\/vc_row][vc_row content_placement=&#8221;middle&#8221; el_class=&#8221;container&#8221; css=&#8221;.vc_custom_1624979013252{margin-top: 0px !important;border-top-width: 0px !important;padding-top: 0px !important;}&#8221;][vc_column width=&#8221;1\/2&#8243; css=&#8221;.vc_custom_1624451449185{margin-top: 0px !important;border-top-width: 0px !important;padding-top: 0px !important;}&#8221;]\r\n                <div class=\"text-modules\">\r\n                    <div class=\"container\">\r\n                        \r\n                        <div class=\"text-modules__content\"><p><img class=\"alignnone wp-image-14891 size-full\" src=\"https:\/\/us.edu.pl\/wydzial\/wnst\/wp-content\/uploads\/sites\/18\/zdjecia-wydarzenia\/cern\/AnniversaryBrandings_Poland_us.png\" alt=\"Grafika z napisem: 30 lat Polski w CERN\" width=\"100%\" height=\"auto\" srcset=\"https:\/\/us.edu.pl\/wydzial\/wnst\/wp-content\/uploads\/sites\/18\/zdjecia-wydarzenia\/cern\/AnniversaryBrandings_Poland_us.png 990w, https:\/\/us.edu.pl\/wydzial\/wnst\/wp-content\/uploads\/sites\/18\/zdjecia-wydarzenia\/cern\/AnniversaryBrandings_Poland_us-300x79.png 300w, https:\/\/us.edu.pl\/wydzial\/wnst\/wp-content\/uploads\/sites\/18\/zdjecia-wydarzenia\/cern\/AnniversaryBrandings_Poland_us-768x202.png 768w, https:\/\/us.edu.pl\/wydzial\/wnst\/wp-content\/uploads\/sites\/18\/zdjecia-wydarzenia\/cern\/AnniversaryBrandings_Poland_us-575x151.png 575w\" sizes=\"(max-width: 990px) 100vw, 990px\" \/><\/p>\n<\/div>\r\n                    <\/div>\r\n                <\/div>[\/vc_column][vc_column width=&#8221;1\/2&#8243;]\r\n                <div class=\"text-modules\">\r\n                    <div class=\"container\">\r\n                        \r\n                        <div class=\"text-modules__content\"><p><span style=\"font-family: PT Sans Narrow; color: #000000;\">\u015awi\u0119tujemy trzydziest\u0105 rocznic\u0119 wsp\u00f3\u0142pracy polskiej nauki z Europejsk\u0105 Organizacj\u0105 Bada\u0144 J\u0105drowych. W przygotowanie og\u00f3lnokrajowych obchod\u00f3w jubileuszu w\u0142\u0105czy\u0142y si\u0119, opr\u00f3cz Uniwersytetu \u015al\u0105skiego w Katowicach, takie o\u015brodki naukowe, jak: Instytut Fizyki J\u0105drowej im. Henryka Niewodnicza\u0144skiego Polskiej Akademii Nauk, Uniwersytet Warszawski, Narodowe Centrum Bada\u0144 J\u0105drowych, Akademia G\u00f3rniczo-Hutnicza im. Stanis\u0142awa Staszica w Krakowie, Politechnika Warszawska, Uniwersytet Jagiello\u0144ski czy Uniwersytet Jana Kochanowskiego w Kielcach.<\/span><\/p>\n<p style=\"text-align: right;\"><a href=\"https:\/\/pl30cern.ifj.edu.pl\/\"><span style=\"font-size: 8pt;\">OFICJALNA STRONA OBCHOD\u00d3W 30 ROCZNICY<\/span><\/a><\/p>\n<p>\n<\/div>\r\n                    <\/div>\r\n                <\/div>[\/vc_column][\/vc_row][vc_row content_placement=&#8221;middle&#8221; el_class=&#8221;container&#8221; css=&#8221;.vc_custom_1624451455524{margin-top: 0px !important;border-top-width: 0px !important;padding-top: 0px !important;}&#8221;][vc_column css=&#8221;.vc_custom_1624451449185{margin-top: 0px !important;border-top-width: 0px !important;padding-top: 0px !important;}&#8221;]<div class=\"container\"><div class=\"separator\" style=\"background-color: #002E5A\"><\/div><\/div>[\/vc_column][\/vc_row][vc_row el_class=&#8221;container&#8221;][vc_column css=&#8221;.vc_custom_1624460063423{margin-top: 0px !important;margin-bottom: 0px !important;border-top-width: 0px !important;border-bottom-width: 0px !important;padding-top: 0px !important;padding-bottom: 0px !important;}&#8221;]\r\n                <div class=\"text-modules\">\r\n                    <div class=\"container\">\r\n                        <h3 class=\"page-title text__title\">U\u015a30CERN<\/h3>\r\n                        <div class=\"text-modules__content\"><\/div>\r\n                    <\/div>\r\n                <\/div>[\/vc_column][\/vc_row][vc_row content_placement=&#8221;middle&#8221; el_class=&#8221;container&#8221; css=&#8221;.vc_custom_1624460070248{margin-top: 0px !important;margin-bottom: 0px !important;border-top-width: 0px !important;border-bottom-width: 0px !important;padding-top: 0px !important;padding-bottom: 0px !important;}&#8221;][vc_column width=&#8221;1\/2&#8243; css=&#8221;.vc_custom_1624972211028{margin-top: 0px !important;margin-bottom: 0px !important;border-top-width: 0px !important;border-bottom-width: 0px !important;padding-top: 0px !important;padding-bottom: 0px !important;}&#8221;]\r\n                <div class=\"text-modules\">\r\n                    <div class=\"container\">\r\n                        \r\n                        <div class=\"text-modules__content\"><\/p>\n<p style=\"text-align: right;\"><img class=\"alignnone wp-image-14616 size-full\" src=\"https:\/\/us.edu.pl\/wydzial\/wnst\/wp-content\/uploads\/sites\/18\/zdjecia-wydarzenia\/cern\/kola\u017c.jpg\" alt=\"Kola\u017c zdj\u0119\u0107 naukowc\u00f3w z U\u015a w CERN-ie\" width=\"100%\" height=\"auto\" srcset=\"https:\/\/us.edu.pl\/wydzial\/wnst\/wp-content\/uploads\/sites\/18\/zdjecia-wydarzenia\/cern\/kola\u017c.jpg 747w, https:\/\/us.edu.pl\/wydzial\/wnst\/wp-content\/uploads\/sites\/18\/zdjecia-wydarzenia\/cern\/kola\u017c-300x257.jpg 300w, https:\/\/us.edu.pl\/wydzial\/wnst\/wp-content\/uploads\/sites\/18\/zdjecia-wydarzenia\/cern\/kola\u017c-575x493.jpg 575w\" sizes=\"(max-width: 747px) 100vw, 747px\" \/><\/p>\n<p>\n<\/div>\r\n                    <\/div>\r\n                <\/div>[\/vc_column][vc_column width=&#8221;1\/2&#8243; css=&#8221;.vc_custom_1624972223987{margin-top: 0px !important;margin-bottom: 0px !important;border-top-width: 0px !important;border-bottom-width: 0px !important;padding-top: 10px !important;padding-bottom: 0px !important;}&#8221;]\r\n                <div class=\"text-modules\">\r\n                    <div class=\"container\">\r\n                        \r\n                        <div class=\"text-modules__content\"><\/p>\n<p style=\"text-align: center; font-size: 260%; font-family: PT Serif; color: #002a5a;\"><strong>Fizycy z U\u015a w CERN-ie<\/strong><\/p>\n<hr style=\"background-color: #9b132a; width: 60%; height: 2px;\" \/>\n<p style=\"text-align: center;\"><span style=\"color: #333333; font-size: 140%;\"><em>Naukowcy zwi\u0105zani z Instytutem Fizyki im. A. Che\u0142kowskiego Uniwersytetu \u015al\u0105skiego od wielu lat aktywnie anga\u017cuj\u0105 si\u0119 w eksperymenty realizowane w CERN-ie<\/em><\/span><\/p>\n<p>\n<\/div>\r\n                    <\/div>\r\n                <\/div>[\/vc_column][\/vc_row][vc_row content_placement=&#8221;middle&#8221; el_class=&#8221;container&#8221; css=&#8221;.vc_custom_1624972187067{margin-top: 0px !important;margin-bottom: 0px !important;border-top-width: 0px !important;border-bottom-width: 0px !important;padding-top: 0px !important;padding-bottom: 0px !important;}&#8221;][vc_column]<div class=\"container\"><div class=\"separator\" style=\"background-color: #EBEBEB\"><\/div><\/div>[\/vc_column][\/vc_row][vc_row content_placement=&#8221;middle&#8221; el_class=&#8221;container&#8221; css=&#8221;.vc_custom_1624972187067{margin-top: 0px !important;margin-bottom: 0px !important;border-top-width: 0px !important;border-bottom-width: 0px !important;padding-top: 0px !important;padding-bottom: 0px !important;}&#8221;][vc_column width=&#8221;1\/3&#8243;]\r\n                <div class=\"text-modules\">\r\n                    <div class=\"container\">\r\n                        \r\n                        <div class=\"text-modules__content\"><\/p>\n<p style=\"text-align: right; font-family: PT Sans Narrow; color: #011535; font-size: 110%;\"><strong>Fizycy z U\u015a<\/strong><br \/>\n<strong>o swojej wsp\u00f3\u0142pracy<\/strong><br \/>\n<strong>z CERN-em<\/strong><\/p>\n<p>\n<\/div>\r\n                    <\/div>\r\n                <\/div>[\/vc_column][vc_column width=&#8221;2\/3&#8243; css=&#8221;.vc_custom_1629107816288{margin-bottom: 0px !important;border-bottom-width: 0px !important;border-left-width: 2px !important;padding-bottom: 0px !important;border-left-color: #9b132a !important;border-left-style: solid !important;border-bottom-color: #9b132a !important;border-bottom-style: solid !important;}&#8221;]\r\n                <div class=\"text-modules\">\r\n                    <div class=\"container\">\r\n                        \r\n                        <div class=\"text-modules__content\"><\/p>\n<p style=\"font-family: PT Serif Narrow; font-size: 110%;\"><em>Od pocz\u0105tku wsp\u00f3\u0142pracy z CERN-em bierzemy aktywny udzia\u0142 w eksperymentach zg\u0142\u0119biaj\u0105cych natur\u0119 Wszech\u015bwiata, przyczyniaj\u0105c si\u0119 do rozwoju fizyki wysokich energii. Stworzyli\u015bmy zespo\u0142y, w kt\u00f3rych pracuj\u0105 dociekliwi, pe\u0142ni pasji ludzie. Przed nami wiele lat intensywnej, ale i ekscytuj\u0105cej pracy naukowej. Liczymy na nowe teorie oraz prze\u0142omowe odkrycia, jeste\u015bmy gotowi na kolejne, jedyne w swoim rodzaju wyzwania.<\/em><\/p>\n<p>\n<\/div>\r\n                    <\/div>\r\n                <\/div>[\/vc_column][\/vc_row][vc_row content_placement=&#8221;middle&#8221; el_class=&#8221;container&#8221; css=&#8221;.vc_custom_1629105458983{margin-top: 0px !important;margin-bottom: 0px !important;border-top-width: 0px !important;border-bottom-width: 0px !important;padding-top: 0px !important;padding-bottom: 0px !important;}&#8221;][vc_column]\r\n                <div class=\"text-modules\">\r\n                    <div class=\"container\">\r\n                        \r\n                        <div class=\"text-modules__content\"><\/p>\n<p style=\"text-align: right;\"><a href=\"https:\/\/us.edu.pl\/wydzial\/wnst\/uscern\/kalendarium\/\"><span style=\"color: #002e5a; font-family: PT Sans Narrow;\"><strong>KALENDARIUM WSP\u00d3\u0141PRACY NAUKOWEJ<\/strong><\/span><\/a>\u00a0 |\u00a0\u00a0<strong><a href=\"https:\/\/us.edu.pl\/wydzial\/wnst\/uscern\/archiwum\/\"><span style=\"color: #002e5a; font-family: PT Sans Narrow;\">MATERIA\u0141Y ARCHIWALNE<\/span><\/a><\/strong><\/p>\n<p>\n<\/div>\r\n                    <\/div>\r\n                <\/div>[\/vc_column][\/vc_row][vc_row content_placement=&#8221;middle&#8221; el_class=&#8221;container&#8221; css=&#8221;.vc_custom_1624460070248{margin-top: 0px !important;margin-bottom: 0px !important;border-top-width: 0px !important;border-bottom-width: 0px !important;padding-top: 0px !important;padding-bottom: 0px !important;}&#8221;][vc_column][vc_empty_space height=&#8221;8px&#8221;][\/vc_column][\/vc_row][vc_row el_class=&#8221;bottom container flex&#8221;][vc_column width=&#8221;1\/3&#8243; css=&#8221;.vc_custom_1625032078017{margin-top: 0px !important;border-top-width: 0px !important;padding-top: 0px !important;background-color: #f2f8ff !important;}&#8221; el_class=&#8221;shadow margines niebieskie-tlo&#8221;][vc_text_separator title=&#8221;SPOJRZENIE W PRZESZ\u0141O\u015a\u0106&#8221; color=&#8221;custom&#8221; accent_color=&#8221;#011535&#8243; css=&#8221;.vc_custom_1625032223588{margin-top: 0px !important;margin-bottom: 0px !important;border-top-width: 0px !important;border-bottom-width: 0px !important;padding-top: 15px !important;padding-bottom: 0px !important;}&#8221;][vc_column_text css=&#8221;.vc_custom_1624981688619{margin-top: 0px !important;margin-right: 0px !important;margin-bottom: 0px !important;margin-left: 0px !important;border-top-width: 0px !important;border-right-width: 0px !important;border-bottom-width: 0px !important;border-left-width: 0px !important;padding-top: 5px !important;padding-right: 15px !important;padding-bottom: 10px !important;padding-left: 15px !important;}&#8221;]<\/p>\n<p style=\"text-align: center;\"><span style=\"font-family: PT Sans Narrow; color: #000000;\">Oficjalna wsp\u00f3\u0142praca grupy fizyk\u00f3w j\u0105drowych z Instytutu Fizyki im. Augusta Che\u0142kowskiego U\u015a rozpocz\u0119\u0142a si\u0119 w chwili przyst\u0105pienia do neutrinowego eksperymentu ICARUS w 2001 roku oraz eksperymentu zajmuj\u0105cego si\u0119 pomiarem zderze\u0144 ci\u0119\u017ckich jon\u00f3w NA61\/SHINE w 2010 roku.<\/span><\/p>\n<p style=\"text-align: right;\"><a href=\"https:\/\/us.edu.pl\/wydzial\/wnst\/2021\/06\/29\/uscern-2\/#wczoraj\"><span style=\"font-family: PT Sans Narrow; color: #011535;\">dowiedz si\u0119 wi\u0119cej<\/span><\/a><\/p>\n<p>[\/vc_column_text][\/vc_column][vc_column width=&#8221;1\/3&#8243; el_class=&#8221;shadow margines niebieskie-tlo&#8221;][vc_text_separator title=&#8221;AKTUALNE DZIA\u0141ANIA&#8221; color=&#8221;custom&#8221; accent_color=&#8221;#011535&#8243; css=&#8221;.vc_custom_1624970915210{margin-top: 0px !important;margin-bottom: 0px !important;border-top-width: 0px !important;border-bottom-width: 0px !important;padding-top: 15px !important;padding-bottom: 0px !important;}&#8221;][vc_column_text css=&#8221;.vc_custom_1624981659986{margin-top: 0px !important;margin-right: 0px !important;margin-bottom: 0px !important;margin-left: 0px !important;border-top-width: 0px !important;border-right-width: 0px !important;border-bottom-width: 0px !important;border-left-width: 0px !important;padding-top: 5px !important;padding-right: 15px !important;padding-bottom: 10px !important;padding-left: 15px !important;}&#8221;]<\/p>\n<p style=\"text-align: center;\"><span style=\"font-family: PT Sans Narrow; color: #000000;\">Dzi\u015b fizycy zwi\u0105zani z nasz\u0105 uczelni\u0105 bior\u0105 udzia\u0142 w wielu eksperymentach realizowanych w CERN-ie oraz przygotowuj\u0105 nowe projekty, takie jak WCTE for Hyper-Kamiokande and Future Large-scale Water-based Detectors. Eksperyment NA61\/SHINE przechodzi gruntown\u0105 modernizacj\u0119, trwaj\u0105 zaawansowane badania dotycz\u0105ce cz\u0105stek elementarnych.<\/span><\/p>\n<p style=\"text-align: right;\"><a href=\"https:\/\/us.edu.pl\/wydzial\/wnst\/2021\/06\/29\/uscern-2\/#dzisiaj\"><span style=\"font-family: PT Sans Narrow; color: #011535;\">dowiedz si\u0119 wi\u0119cej<\/span><\/a><\/p>\n<p>[\/vc_column_text][\/vc_column][vc_column width=&#8221;1\/3&#8243; el_class=&#8221;shadow margines niebieskie-tlo&#8221;][vc_text_separator title=&#8221;PRZYSZ\u0141O\u015a\u0106&#8221; color=&#8221;custom&#8221; accent_color=&#8221;#011535&#8243; css=&#8221;.vc_custom_1624970922706{margin-top: 0px !important;margin-bottom: 0px !important;border-top-width: 0px !important;border-bottom-width: 0px !important;padding-top: 15px !important;padding-bottom: 0px !important;}&#8221;][vc_column_text css=&#8221;.vc_custom_1624981984220{margin-top: 0px !important;margin-right: 0px !important;margin-bottom: 0px !important;margin-left: 0px !important;border-top-width: 0px !important;border-right-width: 0px !important;border-bottom-width: 0px !important;border-left-width: 0px !important;padding-top: 5px !important;padding-right: 15px !important;padding-bottom: 10px !important;padding-left: 15px !important;}&#8221;]<\/p>\n<p style=\"text-align: center;\"><span style=\"font-family: PT Sans Narrow; color: #000000;\">Teoretycy z U\u015a b\u0119d\u0105 kontynuowa\u0107 wyjazdy naukowe do CERN-u, aby uczestniczy\u0107 m.in. w pracach nad projektem Future Circular Collider. FCC to nast\u0119pca Wielkiego Zderzacza Hadron\u00f3w, kt\u00f3ry, dzi\u0119ki wykorzystaniu najnowszych technologii, pozwoli na uzyskanie nawet sto razy bardziej precyzyjnych pomiar\u00f3w od tych dost\u0119pnych obecnie.<\/span><\/p>\n<p style=\"text-align: right;\"><a href=\"https:\/\/us.edu.pl\/wydzial\/wnst\/2021\/06\/29\/uscern-2\/#jutro\"><span style=\"font-family: PT Sans Narrow; color: #011535;\">dowiedz si\u0119 wi\u0119cej<\/span><\/a><\/p>\n<p>[\/vc_column_text][\/vc_column][\/vc_row][vc_row content_placement=&#8221;middle&#8221; el_class=&#8221;container&#8221; css=&#8221;.vc_custom_1624460070248{margin-top: 0px !important;margin-bottom: 0px !important;border-top-width: 0px !important;border-bottom-width: 0px !important;padding-top: 0px !important;padding-bottom: 0px !important;}&#8221;][vc_column][vc_empty_space height=&#8221;60&#8243;][\/vc_column][\/vc_row][vc_row content_placement=&#8221;middle&#8221; el_class=&#8221;container&#8221; css=&#8221;.vc_custom_1659602692482{margin-top: 0px !important;border-top-width: 0px !important;border-bottom-width: 0px !important;padding-top: 0px !important;padding-bottom: 0px !important;}&#8221;][vc_column css=&#8221;.vc_custom_1625659241532{margin-top: 0px !important;border-top-width: 1px !important;border-bottom-width: 1px !important;padding-top: 0px !important;padding-bottom: 0px !important;border-top-color: #9b132a !important;border-top-style: dotted !important;border-bottom-color: #9b132a !important;border-bottom-style: dotted !important;}&#8221;][\/vc_column][\/vc_row][vc_row content_placement=&#8221;middle&#8221; el_class=&#8221;container&#8221; css=&#8221;.vc_custom_1626774939492{margin-top: 0px !important;margin-bottom: 0px !important;border-top-width: 0px !important;border-bottom-width: 0px !important;padding-top: 0px !important;padding-bottom: 0px !important;}&#8221;][vc_column width=&#8221;1\/2&#8243; css=&#8221;.vc_custom_1625658896811{margin-bottom: 0px !important;border-bottom-width: 0px !important;padding-bottom: 0px !important;}&#8221;]\r\n                <div class=\"text-modules\">\r\n                    <div class=\"container\">\r\n                        \r\n                        <div class=\"text-modules__content\"><\/p>\n<h2 id=\"moja-historia\"><strong><span style=\"color: #011535;\">Warto zobaczy\u0107, warto przeczyta\u0107, warto pos\u0142ucha\u0107<\/span><\/strong><\/h2>\n<p>\n<\/div>\r\n                    <\/div>\r\n                <\/div>[\/vc_column][vc_column width=&#8221;1\/2&#8243;][\/vc_column][\/vc_row][vc_row content_placement=&#8221;middle&#8221; el_class=&#8221;container&#8221; css=&#8221;.vc_custom_1659603356680{margin-top: 0px !important;margin-bottom: 0px !important;border-top-width: 0px !important;border-bottom-width: 0px !important;padding-top: 0px !important;padding-bottom: 0px !important;}&#8221;][vc_column width=&#8221;1\/4&#8243; css=&#8221;.vc_custom_1625658896811{margin-bottom: 0px !important;border-bottom-width: 0px !important;padding-bottom: 0px !important;}&#8221;][vc_column_text]<\/p>\n<p><center><img class=\"alignnone wp-image-159582 size-full\" src=\"https:\/\/us.edu.pl\/wydzial\/wnst\/wp-content\/uploads\/sites\/18\/zdjecia-wydarzenia\/cern\/1920x1080px_2.png\" alt=\"\" width=\"1920\" height=\"1080\" srcset=\"https:\/\/us.edu.pl\/wydzial\/wnst\/wp-content\/uploads\/sites\/18\/zdjecia-wydarzenia\/cern\/1920x1080px_2.png 1920w, https:\/\/us.edu.pl\/wydzial\/wnst\/wp-content\/uploads\/sites\/18\/zdjecia-wydarzenia\/cern\/1920x1080px_2-300x169.png 300w, https:\/\/us.edu.pl\/wydzial\/wnst\/wp-content\/uploads\/sites\/18\/zdjecia-wydarzenia\/cern\/1920x1080px_2-1024x576.png 1024w, https:\/\/us.edu.pl\/wydzial\/wnst\/wp-content\/uploads\/sites\/18\/zdjecia-wydarzenia\/cern\/1920x1080px_2-768x432.png 768w, https:\/\/us.edu.pl\/wydzial\/wnst\/wp-content\/uploads\/sites\/18\/zdjecia-wydarzenia\/cern\/1920x1080px_2-1536x864.png 1536w, https:\/\/us.edu.pl\/wydzial\/wnst\/wp-content\/uploads\/sites\/18\/zdjecia-wydarzenia\/cern\/1920x1080px_2-575x323.png 575w\" sizes=\"(max-width: 1920px) 100vw, 1920px\" \/><\/center>[\/vc_column_text][\/vc_column][vc_column width=&#8221;3\/4&#8243;]\r\n                <div class=\"text-modules\">\r\n                    <div class=\"container\">\r\n                        \r\n                        <div class=\"text-modules__content\"><\/p>\n<p style=\"font-size: 120%; text-align: left;\"><strong><span style=\"color: #9b132a; font-family: PT Sans Narrow;\">FILM <span style=\"color: #000080;\">|<\/span><\/span><\/strong> <a href=\"https:\/\/youtu.be\/XNaz-ZVBGMs\" target=\"_blank\" rel=\"noopener\"><span style=\"color: #333333; font-family: PT Sans Narrow;\">dr hab. Seweryn Kowalski, prof. U\u015a<\/span>\u00a0<span style=\"font-family: PT Sans Narrow;\">\u201eW poszukiwaniu nowych stan\u00f3w materii \u2013 NA61\/SHINE jako przyk\u0142ad eksperymentu w CERN poza LHC\u201d<\/span><\/a><\/p>\n<p>\n<\/div>\r\n                    <\/div>\r\n                <\/div>[\/vc_column][\/vc_row][vc_row content_placement=&#8221;middle&#8221; el_class=&#8221;container&#8221; css=&#8221;.vc_custom_1659601907341{margin-top: 0px !important;margin-bottom: 0px !important;border-top-width: 0px !important;border-bottom-width: 0px !important;padding-top: 0px !important;padding-bottom: 0px !important;}&#8221;][vc_column width=&#8221;1\/4&#8243; css=&#8221;.vc_custom_1625658896811{margin-bottom: 0px !important;border-bottom-width: 0px !important;padding-bottom: 0px !important;}&#8221;][vc_column_text]<\/p>\n<p><center><img class=\"alignnone wp-image-159581 size-full\" src=\"https:\/\/us.edu.pl\/wydzial\/wnst\/wp-content\/uploads\/sites\/18\/zdjecia-wydarzenia\/cern\/1920x1080px_1.png\" alt=\"\" width=\"100%\" height=\"auto\" srcset=\"https:\/\/us.edu.pl\/wydzial\/wnst\/wp-content\/uploads\/sites\/18\/zdjecia-wydarzenia\/cern\/1920x1080px_1.png 1920w, https:\/\/us.edu.pl\/wydzial\/wnst\/wp-content\/uploads\/sites\/18\/zdjecia-wydarzenia\/cern\/1920x1080px_1-300x169.png 300w, https:\/\/us.edu.pl\/wydzial\/wnst\/wp-content\/uploads\/sites\/18\/zdjecia-wydarzenia\/cern\/1920x1080px_1-1024x576.png 1024w, https:\/\/us.edu.pl\/wydzial\/wnst\/wp-content\/uploads\/sites\/18\/zdjecia-wydarzenia\/cern\/1920x1080px_1-768x432.png 768w, https:\/\/us.edu.pl\/wydzial\/wnst\/wp-content\/uploads\/sites\/18\/zdjecia-wydarzenia\/cern\/1920x1080px_1-1536x864.png 1536w, https:\/\/us.edu.pl\/wydzial\/wnst\/wp-content\/uploads\/sites\/18\/zdjecia-wydarzenia\/cern\/1920x1080px_1-575x323.png 575w\" sizes=\"(max-width: 1920px) 100vw, 1920px\" \/><\/center>[\/vc_column_text][\/vc_column][vc_column width=&#8221;3\/4&#8243;]\r\n                <div class=\"text-modules\">\r\n                    <div class=\"container\">\r\n                        \r\n                        <div class=\"text-modules__content\"><\/p>\n<p style=\"font-size: 120%; text-align: left;\"><strong><span style=\"color: #9b132a; font-family: PT Sans Narrow;\">FILM <span style=\"color: #000080;\">|<\/span><\/span><\/strong> <a href=\"https:\/\/www.youtube.com\/watch?v=eCxxCmGrLDE\" target=\"_blank\" rel=\"noopener\"><span style=\"color: #333333; font-family: PT Sans Narrow;\">prof. dr hab. Jan Kisiel<\/span>\u00a0<span style=\"font-family: PT Sans Narrow;\">\u201eBadania w\u0142asno\u015bci neutrin z wi\u0105zki CERN &#8211; Gran Sasso w eksperymencie ICARUS T600\u201d<\/span><\/a><\/p>\n<p>\n<\/div>\r\n                    <\/div>\r\n                <\/div>[\/vc_column][\/vc_row][vc_row content_placement=&#8221;middle&#8221; el_class=&#8221;container&#8221; css=&#8221;.vc_custom_1659602329742{margin-top: 0px !important;margin-bottom: 0px !important;border-top-width: 0px !important;border-bottom-width: 0px !important;padding-top: 0px !important;padding-bottom: 0px !important;}&#8221;][vc_column width=&#8221;1\/4&#8243; css=&#8221;.vc_custom_1625658896811{margin-bottom: 0px !important;border-bottom-width: 0px !important;padding-bottom: 0px !important;}&#8221;][vc_column_text]<img class=\"alignnone wp-image-159583 size-full\" src=\"https:\/\/us.edu.pl\/wydzial\/wnst\/wp-content\/uploads\/sites\/18\/zdjecia-wydarzenia\/cern\/1920x1080px_3.png\" alt=\"\" width=\"100%\" height=\"auto\" srcset=\"https:\/\/us.edu.pl\/wydzial\/wnst\/wp-content\/uploads\/sites\/18\/zdjecia-wydarzenia\/cern\/1920x1080px_3.png 1920w, https:\/\/us.edu.pl\/wydzial\/wnst\/wp-content\/uploads\/sites\/18\/zdjecia-wydarzenia\/cern\/1920x1080px_3-300x169.png 300w, https:\/\/us.edu.pl\/wydzial\/wnst\/wp-content\/uploads\/sites\/18\/zdjecia-wydarzenia\/cern\/1920x1080px_3-1024x576.png 1024w, https:\/\/us.edu.pl\/wydzial\/wnst\/wp-content\/uploads\/sites\/18\/zdjecia-wydarzenia\/cern\/1920x1080px_3-768x432.png 768w, https:\/\/us.edu.pl\/wydzial\/wnst\/wp-content\/uploads\/sites\/18\/zdjecia-wydarzenia\/cern\/1920x1080px_3-1536x864.png 1536w, https:\/\/us.edu.pl\/wydzial\/wnst\/wp-content\/uploads\/sites\/18\/zdjecia-wydarzenia\/cern\/1920x1080px_3-575x323.png 575w\" sizes=\"(max-width: 1920px) 100vw, 1920px\" \/>[\/vc_column_text][\/vc_column][vc_column width=&#8221;3\/4&#8243;]\r\n                <div class=\"text-modules\">\r\n                    <div class=\"container\">\r\n                        \r\n                        <div class=\"text-modules__content\"><\/p>\n<p style=\"font-size: 120%; text-align: left;\"><strong><span style=\"color: #9b132a; font-family: PT Sans Narrow;\">FILM <span style=\"color: #000080;\">|<\/span><\/span><\/strong> <a href=\"https:\/\/www.youtube.com\/watch?v=boDPXJHiKPU\" target=\"_blank\" rel=\"noopener\"><span style=\"color: #333333; font-family: PT Sans Narrow;\">prof. dr hab. Janusz Gluza i dr Bartosz Dziewit<\/span>\u00a0<span style=\"font-family: PT Sans Narrow;\">\u201e30 lat polskich bada\u0144 w CERN \u2013 U\u015a i teoria\u201d<\/span><\/a><\/p>\n<p>\n<\/div>\r\n                    <\/div>\r\n                <\/div>[\/vc_column][\/vc_row][vc_row content_placement=&#8221;middle&#8221; el_class=&#8221;container&#8221; css=&#8221;.vc_custom_1659602682685{margin-top: 0px !important;margin-bottom: 0px !important;border-top-width: 0px !important;border-bottom-width: 0px !important;padding-top: 0px !important;padding-bottom: 0px !important;border-top-style: dotted !important;border-bottom-style: dotted !important;}&#8221;][vc_column width=&#8221;1\/4&#8243; css=&#8221;.vc_custom_1625658896811{margin-bottom: 0px !important;border-bottom-width: 0px !important;padding-bottom: 0px !important;}&#8221;][vc_column_text]<\/p>\n<p><center><img class=\"alignnone wp-image-15459 size-full\" src=\"https:\/\/us.edu.pl\/wydzial\/wnst\/wp-content\/uploads\/sites\/18\/zdjecia-wydarzenia\/cern\/obrazek-na-front.png\" alt=\"Prof. Jerzy Jarosz\" width=\"100%\" height=\"auto\" srcset=\"https:\/\/us.edu.pl\/wydzial\/wnst\/wp-content\/uploads\/sites\/18\/zdjecia-wydarzenia\/cern\/obrazek-na-front.png 800w, https:\/\/us.edu.pl\/wydzial\/wnst\/wp-content\/uploads\/sites\/18\/zdjecia-wydarzenia\/cern\/obrazek-na-front-300x188.png 300w, https:\/\/us.edu.pl\/wydzial\/wnst\/wp-content\/uploads\/sites\/18\/zdjecia-wydarzenia\/cern\/obrazek-na-front-768x482.png 768w, https:\/\/us.edu.pl\/wydzial\/wnst\/wp-content\/uploads\/sites\/18\/zdjecia-wydarzenia\/cern\/obrazek-na-front-575x361.png 575w\" sizes=\"(max-width: 800px) 100vw, 800px\" \/><\/center>[\/vc_column_text][\/vc_column][vc_column width=&#8221;3\/4&#8243;]\r\n                <div class=\"text-modules\">\r\n                    <div class=\"container\">\r\n                        \r\n                        <div class=\"text-modules__content\"><\/p>\n<p style=\"font-size: 120%; text-align: left;\"><strong><span style=\"color: #9b132a; font-family: PT Sans Narrow;\">PODCAST <span style=\"color: #000080;\">|<\/span><\/span><\/strong>\u00a0<a href=\"https:\/\/podcasty.radio.katowice.pl\/nauka-kazdego-dnia-odc-26-cern\/\"><span style=\"color: #333333; font-family: PT Sans Narrow;\">Dr Jerzy Jarosz, prof. U\u015a go\u015bciem audycji \u201eNauka ka\u017cdego dnia\u201d w Radio Katowice \u2013 odc. 26: CERN<\/span><\/a><\/p>\n<p>\n<\/div>\r\n                    <\/div>\r\n                <\/div>\r\n                <div class=\"text-modules\">\r\n                    <div class=\"container\">\r\n                        \r\n                        <div class=\"text-modules__content\"><\/p>\n<p style=\"font-size: 120%; text-align: left;\"><strong><span style=\"color: #9b132a; font-family: PT Sans Narrow;\">WYWIAD <span style=\"color: #000080;\">|<\/span><\/span><\/strong>\u00a0<a href=\"https:\/\/us.edu.pl\/wydzial\/wnst\/2021\/07\/20\/cern-rozmowa-z-dr-jerzym-jaroszem-prof-us\/\"><span style=\"color: #333333; font-family: PT Sans Narrow;\">Dr Jerzy Jarosz, prof. U\u015a m\u00f3wi o popularyzacji nauki w \u015bwiecie wielkich urz\u0105dze\u0144 badawczych<\/span><\/a><\/p>\n<p>\n<\/div>\r\n                    <\/div>\r\n                <\/div>[\/vc_column][\/vc_row][vc_row content_placement=&#8221;middle&#8221; el_class=&#8221;container&#8221; css=&#8221;.vc_custom_1659602692482{margin-top: 0px !important;border-top-width: 0px !important;border-bottom-width: 0px !important;padding-top: 0px !important;padding-bottom: 0px !important;}&#8221;][vc_column css=&#8221;.vc_custom_1625659241532{margin-top: 0px !important;border-top-width: 1px !important;border-bottom-width: 1px !important;padding-top: 0px !important;padding-bottom: 0px !important;border-top-color: #9b132a !important;border-top-style: dotted !important;border-bottom-color: #9b132a !important;border-bottom-style: dotted !important;}&#8221;][\/vc_column][\/vc_row][vc_row content_placement=&#8221;middle&#8221; el_class=&#8221;container&#8221; css=&#8221;.vc_custom_1625659473927{margin-top: 0px !important;margin-bottom: 0px !important;border-top-width: 0px !important;border-bottom-width: 0px !important;padding-top: 0px !important;padding-bottom: 0px !important;}&#8221;][vc_column]\r\n                <div class=\"text-modules\">\r\n                    <div class=\"container\">\r\n                        \r\n                        <div class=\"text-modules__content\"><\/p>\n<h2 id=\"moja-historia\"><strong><span style=\"color: #011535;\">CERN | Moja historia<\/span><\/strong><\/h2>\n<p>\n<\/div>\r\n                    <\/div>\r\n                <\/div>[\/vc_column][\/vc_row][vc_row content_placement=&#8221;bottom&#8221; el_class=&#8221;container&#8221;][vc_column width=&#8221;1\/5&#8243; el_class=&#8221;shadow margines karta&#8221;][vc_column_text css=&#8221;.vc_custom_1625057434935{margin-top: 0px !important;margin-right: 0px !important;margin-bottom: 0px !important;margin-left: 0px !important;border-top-width: 0px !important;border-right-width: 0px !important;border-bottom-width: 0px !important;border-left-width: 0px !important;padding-top: 0px !important;padding-right: 0px !important;padding-bottom: 0px !important;padding-left: 0px !important;}&#8221;]<img class=\"alignnone wp-image-14964 size-full\" src=\"https:\/\/us.edu.pl\/wydzial\/wnst\/wp-content\/uploads\/sites\/18\/2021\/06\/J_Gluza-przst-nauk-zdj-1.jpg\" alt=\"Prof. Janusz Gluza\" width=\"100%\" height=\"auto\" srcset=\"https:\/\/us.edu.pl\/wydzial\/wnst\/wp-content\/uploads\/sites\/18\/2021\/06\/J_Gluza-przst-nauk-zdj-1.jpg 500w, https:\/\/us.edu.pl\/wydzial\/wnst\/wp-content\/uploads\/sites\/18\/2021\/06\/J_Gluza-przst-nauk-zdj-1-150x150.jpg 150w, https:\/\/us.edu.pl\/wydzial\/wnst\/wp-content\/uploads\/sites\/18\/2021\/06\/J_Gluza-przst-nauk-zdj-1-300x300.jpg 300w\" sizes=\"(max-width: 500px) 100vw, 500px\" \/>[\/vc_column_text][vc_column_text css=&#8221;.vc_custom_1625068309557{margin-top: 0px !important;margin-right: 0px !important;margin-bottom: 0px !important;margin-left: 0px !important;border-top-width: 0px !important;border-right-width: 0px !important;border-bottom-width: 0px !important;border-left-width: 0px !important;padding-top: 15px !important;padding-right: 15px !important;padding-bottom: 10px !important;padding-left: 15px !important;}&#8221;]<small><span style=\"letter-spacing: 0.2mm; color: #9b132a; font-size: 110%; font-family: PT Sans Narrow;\"><strong>prof. dr hab. JANUSZ GLUZA<\/strong><\/span><\/small><\/p>\n<p><strong><span style=\"color: #9b132a; font-family: PT Serif; font-size: 130%;\"><em>&#8222;<\/em><\/span><\/strong><a class=\"duzy-link\" href=\"https:\/\/us.edu.pl\/wydzial\/wnst\/2021\/06\/29\/janusz-gluza\/\"><em><span style=\"font-family: PT Sans; color: #000000;\">Mam nieodparte odczucie udzia\u0142u w ponadczasowych projektach&#8230;<\/span><\/em><\/a>[\/vc_column_text][\/vc_column][vc_column width=&#8221;1\/5&#8243; el_class=&#8221;shadow margines karta&#8221;][vc_column_text css=&#8221;.vc_custom_1625068199961{margin-top: 0px !important;margin-right: 0px !important;margin-bottom: 0px !important;margin-left: 0px !important;border-top-width: 0px !important;border-right-width: 0px !important;border-bottom-width: 0px !important;border-left-width: 0px !important;padding-top: 0px !important;padding-right: 0px !important;padding-bottom: 0px !important;padding-left: 0px !important;}&#8221;]<img class=\"alignnone wp-image-14742 size-full\" src=\"https:\/\/us.edu.pl\/wydzial\/wnst\/wp-content\/uploads\/sites\/18\/OSOBY\/WFlieger_CERN1-zdj-11.jpg\" alt=\"Zdj\u0119cie Wojciecha Fliegera\" width=\"100%\" height=\"auto\" srcset=\"https:\/\/us.edu.pl\/wydzial\/wnst\/wp-content\/uploads\/sites\/18\/OSOBY\/WFlieger_CERN1-zdj-11.jpg 500w, https:\/\/us.edu.pl\/wydzial\/wnst\/wp-content\/uploads\/sites\/18\/OSOBY\/WFlieger_CERN1-zdj-11-150x150.jpg 150w, https:\/\/us.edu.pl\/wydzial\/wnst\/wp-content\/uploads\/sites\/18\/OSOBY\/WFlieger_CERN1-zdj-11-300x300.jpg 300w\" sizes=\"(max-width: 500px) 100vw, 500px\" \/>[\/vc_column_text][vc_column_text css=&#8221;.vc_custom_1625068100113{margin-top: 0px !important;margin-right: 0px !important;margin-bottom: 0px !important;margin-left: 0px !important;border-top-width: 0px !important;border-right-width: 0px !important;border-bottom-width: 0px !important;border-left-width: 0px !important;padding-top: 15px !important;padding-right: 15px !important;padding-bottom: 10px !important;padding-left: 15px !important;}&#8221;]<small><span style=\"letter-spacing: 0.2mm; color: #9b132a; font-size: 110%; font-family: PT Sans Narrow;\"><strong>mgr WOJCIECH FLIEGER<\/strong><\/span><\/small><\/p>\n<p><strong><span style=\"color: #9b132a; font-family: PT Serif; font-size: 130%;\"><em>&#8222;<\/em><\/span><\/strong><a class=\"duzy-link\" href=\"https:\/\/us.edu.pl\/wydzial\/wnst\/2021\/06\/28\/wojciech-flieger\/\"><em><span style=\"font-family: PT Sans; color: #000000;\">CERN pozwala zobaczy\u0107 nauk\u0119 z innej perspektywy&#8230;<\/span><\/em><\/a>[\/vc_column_text][\/vc_column][vc_column width=&#8221;1\/5&#8243; el_class=&#8221;shadow margines karta&#8221;][vc_column_text css=&#8221;.vc_custom_1625070491310{margin-top: 0px !important;margin-right: 0px !important;margin-bottom: 0px !important;margin-left: 0px !important;border-top-width: 0px !important;border-right-width: 0px !important;border-bottom-width: 0px !important;border-left-width: 0px !important;padding-top: 0px !important;padding-right: 0px !important;padding-bottom: 0px !important;padding-left: 0px !important;}&#8221;]<img class=\"alignnone wp-image-14501 size-full\" src=\"https:\/\/us.edu.pl\/wydzial\/wnst\/wp-content\/uploads\/sites\/18\/zdjecia-wydarzenia\/K_Schmidt-zdj21.jpg\" alt=\"dr Katarzyna Schmidt, prof. U\u015a\" width=\"100%\" height=\"auto\" srcset=\"https:\/\/us.edu.pl\/wydzial\/wnst\/wp-content\/uploads\/sites\/18\/zdjecia-wydarzenia\/K_Schmidt-zdj21.jpg 500w, https:\/\/us.edu.pl\/wydzial\/wnst\/wp-content\/uploads\/sites\/18\/zdjecia-wydarzenia\/K_Schmidt-zdj21-150x150.jpg 150w, https:\/\/us.edu.pl\/wydzial\/wnst\/wp-content\/uploads\/sites\/18\/zdjecia-wydarzenia\/K_Schmidt-zdj21-300x300.jpg 300w\" sizes=\"(max-width: 500px) 100vw, 500px\" \/>[\/vc_column_text][vc_column_text css=&#8221;.vc_custom_1625070418836{margin-top: 0px !important;margin-right: 0px !important;margin-bottom: 0px !important;margin-left: 0px !important;border-top-width: 0px !important;border-right-width: 0px !important;border-bottom-width: 0px !important;border-left-width: 0px !important;padding-top: 15px !important;padding-right: 15px !important;padding-bottom: 10px !important;padding-left: 15px !important;}&#8221;]<small><span style=\"letter-spacing: 0.2mm; color: #9b132a; font-size: 110%; font-family: PT Sans Narrow;\"><strong>dr KATARZYNA SCHMIDT, prof. U\u015a<\/strong><\/span><\/small><\/p>\n<p><strong><span style=\"color: #9b132a; font-family: PT Serif; font-size: 130%;\"><em>&#8222;<\/em><\/span><\/strong><a class=\"duzy-link\" href=\"https:\/\/us.edu.pl\/wydzial\/wnst\/2021\/06\/23\/katarzyna-schmidt\/\"><em><span style=\"font-family: PT Sans; color: #000000;\">O\u015brodek CERN-u jest tak du\u017cy, \u017ce trzeba by\u0142o nada\u0107 nazwy jego ulicom&#8230;<\/span><\/em><\/a>[\/vc_column_text][\/vc_column][vc_column width=&#8221;1\/5&#8243; el_class=&#8221;shadow margines karta&#8221;][vc_column_text css=&#8221;.vc_custom_1625068677344{margin-top: 0px !important;margin-right: 0px !important;margin-bottom: 0px !important;margin-left: 0px !important;border-top-width: 0px !important;border-right-width: 0px !important;border-bottom-width: 0px !important;border-left-width: 0px !important;padding-top: 0px !important;padding-right: 0px !important;padding-bottom: 0px !important;padding-left: 0px !important;}&#8221;]<img class=\"alignnone wp-image-14712 size-full\" src=\"https:\/\/us.edu.pl\/wydzial\/wnst\/wp-content\/uploads\/sites\/18\/OSOBY\/B_\u0141ysakowski-zdj-2-2.jpg\" alt=\"Zdj\u0119cie Bartosza \u0141ysakowskiewgo\" width=\"100%\" height=\"auto\" srcset=\"https:\/\/us.edu.pl\/wydzial\/wnst\/wp-content\/uploads\/sites\/18\/OSOBY\/B_\u0141ysakowski-zdj-2-2.jpg 500w, https:\/\/us.edu.pl\/wydzial\/wnst\/wp-content\/uploads\/sites\/18\/OSOBY\/B_\u0141ysakowski-zdj-2-2-150x150.jpg 150w, https:\/\/us.edu.pl\/wydzial\/wnst\/wp-content\/uploads\/sites\/18\/OSOBY\/B_\u0141ysakowski-zdj-2-2-300x300.jpg 300w\" sizes=\"(max-width: 500px) 100vw, 500px\" \/>[\/vc_column_text][vc_column_text css=&#8221;.vc_custom_1625068620055{margin-top: 0px !important;margin-right: 0px !important;margin-bottom: 0px !important;margin-left: 0px !important;border-top-width: 0px !important;border-right-width: 0px !important;border-bottom-width: 0px !important;border-left-width: 0px !important;padding-top: 15px !important;padding-right: 15px !important;padding-bottom: 10px !important;padding-left: 15px !important;}&#8221;]<small><span style=\"letter-spacing: 0.2mm; color: #9b132a; font-size: 110%; font-family: PT Sans Narrow;\"><strong>mgr in\u017c. BARTOSZ \u0141YSAKOWSKI<\/strong><\/span><\/small><\/p>\n<p><strong><span style=\"color: #9b132a; font-family: PT Serif; font-size: 130%;\"><em>&#8222;<\/em><\/span><\/strong><a class=\"duzy-link\" href=\"https:\/\/us.edu.pl\/wydzial\/wnst\/2021\/06\/28\/bartosz-lysakowski\/\"><em><span style=\"font-family: PT Sans; color: #000000;\">Czuj\u0119 si\u0119 tam jak w innym \u015bwiecie&#8230;<\/span><\/em><\/a>[\/vc_column_text][\/vc_column][vc_column width=&#8221;1\/5&#8243; el_class=&#8221;shadow margines karta&#8221;][vc_column_text css=&#8221;.vc_custom_1625071241307{margin-top: 0px !important;margin-right: 0px !important;margin-bottom: 0px !important;margin-left: 0px !important;border-top-width: 0px !important;border-right-width: 0px !important;border-bottom-width: 0px !important;border-left-width: 0px !important;padding-top: 0px !important;padding-right: 0px !important;padding-bottom: 0px !important;padding-left: 0px !important;}&#8221;]<img class=\"alignnone wp-image-14998 size-full\" src=\"https:\/\/us.edu.pl\/wydzial\/wnst\/wp-content\/uploads\/sites\/18\/2021\/06\/J_Kisiel-usedu-zdj-2.jpg\" alt=\"prof. Jan Kisiel\" width=\"100%\" height=\"auto\" srcset=\"https:\/\/us.edu.pl\/wydzial\/wnst\/wp-content\/uploads\/sites\/18\/2021\/06\/J_Kisiel-usedu-zdj-2.jpg 500w, https:\/\/us.edu.pl\/wydzial\/wnst\/wp-content\/uploads\/sites\/18\/2021\/06\/J_Kisiel-usedu-zdj-2-150x150.jpg 150w, https:\/\/us.edu.pl\/wydzial\/wnst\/wp-content\/uploads\/sites\/18\/2021\/06\/J_Kisiel-usedu-zdj-2-300x300.jpg 300w\" sizes=\"(max-width: 500px) 100vw, 500px\" \/>[\/vc_column_text][vc_column_text css=&#8221;.vc_custom_1625071153292{margin-top: 0px !important;margin-right: 0px !important;margin-bottom: 0px !important;margin-left: 0px !important;border-top-width: 0px !important;border-right-width: 0px !important;border-bottom-width: 0px !important;border-left-width: 0px !important;padding-top: 15px !important;padding-right: 15px !important;padding-bottom: 10px !important;padding-left: 15px !important;}&#8221;]<small><span style=\"letter-spacing: 0.2mm; color: #9b132a; font-size: 110%; font-family: PT Sans Narrow;\"><strong>prof. dr hab. JAN KISIEL<\/strong><\/span><\/small><\/p>\n<p><strong><span style=\"color: #9b132a; font-family: PT Serif; font-size: 130%;\"><em>&#8222;<\/em><\/span><\/strong><a class=\"duzy-link\" href=\"https:\/\/us.edu.pl\/wydzial\/wnst\/2021\/06\/29\/jan-kisiel\/\"><em><span style=\"font-family: PT Sans; color: #000000;\">Pokazali\u015bmy, \u017ce neutrina, jako cz\u0105stki posiadaj\u0105ce mas\u0119, nie mog\u0105 porusza\u0107 si\u0119 szybciej ni\u017c \u015bwiat\u0142o&#8230;<\/span><\/em><\/a>[\/vc_column_text][\/vc_column][\/vc_row][vc_row][vc_column][vc_empty_space height=&#8221;4px&#8221;][\/vc_column][\/vc_row][vc_row content_placement=&#8221;bottom&#8221; el_class=&#8221;container&#8221;][vc_column width=&#8221;1\/5&#8243; el_class=&#8221;shadow margines karta&#8221;][vc_column_text css=&#8221;.vc_custom_1625068446977{margin-top: 0px !important;margin-right: 0px !important;margin-bottom: 0px !important;margin-left: 0px !important;border-top-width: 0px !important;border-right-width: 0px !important;border-bottom-width: 0px !important;border-left-width: 0px !important;padding-top: 0px !important;padding-right: 0px !important;padding-bottom: 0px !important;padding-left: 0px !important;}&#8221;]<img class=\"alignnone wp-image-14717 size-full\" src=\"https:\/\/us.edu.pl\/wydzial\/wnst\/wp-content\/uploads\/sites\/18\/OSOBY\/K_W\u00f3jcik-zdj-33.jpg\" alt=\"zdj\u0119cie Kamila W\u00f3jcika\" width=\"100%\" height=\"auto\" srcset=\"https:\/\/us.edu.pl\/wydzial\/wnst\/wp-content\/uploads\/sites\/18\/OSOBY\/K_W\u00f3jcik-zdj-33.jpg 500w, https:\/\/us.edu.pl\/wydzial\/wnst\/wp-content\/uploads\/sites\/18\/OSOBY\/K_W\u00f3jcik-zdj-33-150x150.jpg 150w, https:\/\/us.edu.pl\/wydzial\/wnst\/wp-content\/uploads\/sites\/18\/OSOBY\/K_W\u00f3jcik-zdj-33-300x300.jpg 300w\" sizes=\"(max-width: 500px) 100vw, 500px\" \/>[\/vc_column_text][vc_column_text css=&#8221;.vc_custom_1625068395361{margin-top: 0px !important;margin-right: 0px !important;margin-bottom: 0px !important;margin-left: 0px !important;border-top-width: 0px !important;border-right-width: 0px !important;border-bottom-width: 0px !important;border-left-width: 0px !important;padding-top: 15px !important;padding-right: 15px !important;padding-bottom: 10px !important;padding-left: 15px !important;}&#8221;]<small><span style=\"letter-spacing: 0.2mm; color: #9b132a; font-size: 110%; font-family: PT Sans Narrow;\"><strong>mgr in\u017c. KAMIL W\u00d3JCIK<\/strong><\/span><\/small><\/p>\n<p><strong><span style=\"color: #9b132a; font-family: PT Serif; font-size: 130%;\"><em>&#8222;<\/em><\/span><\/strong><a class=\"duzy-link\" href=\"https:\/\/us.edu.pl\/wydzial\/wnst\/2021\/06\/28\/kamil-wojcik\/\"><em><span style=\"font-family: PT Sans; color: #000000;\">Telewizory w kantynie zamiast pi\u0142ki no\u017cnej pokazuj\u0105 status akcelerator\u00f3w&#8230;<\/span><\/em><\/a>[\/vc_column_text][\/vc_column][vc_column width=&#8221;1\/5&#8243; el_class=&#8221;shadow margines karta&#8221;][vc_column_text css=&#8221;.vc_custom_1625070610676{margin-top: 0px !important;margin-right: 0px !important;margin-bottom: 0px !important;margin-left: 0px !important;border-top-width: 0px !important;border-right-width: 0px !important;border-bottom-width: 0px !important;border-left-width: 0px !important;padding-top: 0px !important;padding-right: 0px !important;padding-bottom: 0px !important;padding-left: 0px !important;}&#8221;]<img class=\"alignnone wp-image-14697 size-full\" src=\"https:\/\/us.edu.pl\/wydzial\/wnst\/wp-content\/uploads\/sites\/18\/OSOBY\/zdjecie-profilowe-1.jpg\" alt=\"zdj\u0119cia Bartosza Dzewita\" width=\"100%\" height=\"auto\" srcset=\"https:\/\/us.edu.pl\/wydzial\/wnst\/wp-content\/uploads\/sites\/18\/OSOBY\/zdjecie-profilowe-1.jpg 500w, https:\/\/us.edu.pl\/wydzial\/wnst\/wp-content\/uploads\/sites\/18\/OSOBY\/zdjecie-profilowe-1-150x150.jpg 150w, https:\/\/us.edu.pl\/wydzial\/wnst\/wp-content\/uploads\/sites\/18\/OSOBY\/zdjecie-profilowe-1-300x300.jpg 300w\" sizes=\"(max-width: 500px) 100vw, 500px\" \/>[\/vc_column_text][vc_column_text css=&#8221;.vc_custom_1625070574837{margin-top: 0px !important;margin-right: 0px !important;margin-bottom: 0px !important;margin-left: 0px !important;border-top-width: 0px !important;border-right-width: 0px !important;border-bottom-width: 0px !important;border-left-width: 0px !important;padding-top: 15px !important;padding-right: 15px !important;padding-bottom: 10px !important;padding-left: 15px !important;}&#8221;]<small><span style=\"letter-spacing: 0.2mm; color: #9b132a; font-size: 110%; font-family: PT Sans Narrow;\"><strong>dr BARTOSZ DZIEWIT<\/strong><\/span><\/small><\/p>\n<p><strong><span style=\"color: #9b132a; font-family: PT Serif; font-size: 130%;\"><em>&#8222;<\/em><\/span><\/strong><a class=\"duzy-link\" href=\"https:\/\/us.edu.pl\/wydzial\/wnst\/2021\/06\/25\/bartosz-dziewit\/\"><em><span style=\"font-family: PT Sans; color: #000000;\">W CERN-ie nietrudno natkn\u0105\u0107 si\u0119 zar\u00f3wno na wyk\u0142ad noblisty, jak i na pr\u00f3b\u0119&#8230; ch\u00f3ru<\/span><\/em><\/a>[\/vc_column_text][\/vc_column][vc_column width=&#8221;1\/5&#8243; el_class=&#8221;shadow margines karta&#8221;][vc_column_text css=&#8221;.vc_custom_1625080129402{margin-top: 0px !important;margin-right: 0px !important;margin-bottom: 0px !important;margin-left: 0px !important;border-top-width: 0px !important;border-right-width: 0px !important;border-bottom-width: 0px !important;border-left-width: 0px !important;padding-top: 0px !important;padding-right: 0px !important;padding-bottom: 0px !important;padding-left: 0px !important;}&#8221;]<img class=\"alignnone wp-image-14757 size-full\" src=\"https:\/\/us.edu.pl\/wydzial\/wnst\/wp-content\/uploads\/sites\/18\/OSOBY\/Y_Balkova-2017-zdj-11.jpg\" alt=\"Yuliia Balkova\" width=\"100%\" height=\"auto\" srcset=\"https:\/\/us.edu.pl\/wydzial\/wnst\/wp-content\/uploads\/sites\/18\/OSOBY\/Y_Balkova-2017-zdj-11.jpg 500w, https:\/\/us.edu.pl\/wydzial\/wnst\/wp-content\/uploads\/sites\/18\/OSOBY\/Y_Balkova-2017-zdj-11-150x150.jpg 150w, https:\/\/us.edu.pl\/wydzial\/wnst\/wp-content\/uploads\/sites\/18\/OSOBY\/Y_Balkova-2017-zdj-11-300x300.jpg 300w\" sizes=\"(max-width: 500px) 100vw, 500px\" \/>[\/vc_column_text][vc_column_text css=&#8221;.vc_custom_1625071609499{margin-top: 0px !important;margin-right: 0px !important;margin-bottom: 0px !important;margin-left: 0px !important;border-top-width: 0px !important;border-right-width: 0px !important;border-bottom-width: 0px !important;border-left-width: 0px !important;padding-top: 15px !important;padding-right: 15px !important;padding-bottom: 10px !important;padding-left: 15px !important;}&#8221;]<small><span style=\"letter-spacing: 0.2mm; color: #9b132a; font-size: 110%; font-family: PT Sans Narrow;\"><strong>mgr YULIIA BALKOVA<\/strong><\/span><\/small><\/p>\n<p><strong><span style=\"color: #9b132a; font-family: PT Serif; font-size: 130%;\"><em>&#8222;<\/em><\/span><\/strong><a class=\"duzy-link\" href=\"https:\/\/us.edu.pl\/wydzial\/wnst\/2021\/06\/28\/yuliia-balkova\/\"><em><span style=\"font-family: PT Sans; color: #000000;\">Pozna\u0142am cudowny \u015bwiat detektor\u00f3w&#8230;<\/span><\/em><\/a>[\/vc_column_text][\/vc_column][vc_column width=&#8221;1\/5&#8243; el_class=&#8221;shadow margines karta&#8221;][vc_column_text css=&#8221;.vc_custom_1625071068969{margin-top: 0px !important;margin-right: 0px !important;margin-bottom: 0px !important;margin-left: 0px !important;border-top-width: 0px !important;border-right-width: 0px !important;border-bottom-width: 0px !important;border-left-width: 0px !important;padding-top: 0px !important;padding-right: 0px !important;padding-bottom: 0px !important;padding-left: 0px !important;}&#8221;]<img class=\"alignnone wp-image-14354 size-full\" src=\"https:\/\/us.edu.pl\/wydzial\/wnst\/wp-content\/uploads\/sites\/18\/zdjecia-ogolne\/Seweryn-Kowalski_DSC_4800.jpg\" alt=\"dr hab. Seweryn Kowalski\" width=\"100%\" height=\"auto\" \/>[\/vc_column_text][vc_column_text css=&#8221;.vc_custom_1625070905987{margin-top: 0px !important;margin-right: 0px !important;margin-bottom: 0px !important;margin-left: 0px !important;border-top-width: 0px !important;border-right-width: 0px !important;border-bottom-width: 0px !important;border-left-width: 0px !important;padding-top: 15px !important;padding-right: 15px !important;padding-bottom: 10px !important;padding-left: 15px !important;}&#8221;]<small><span style=\"letter-spacing: 0.2mm; color: #9b132a; font-size: 110%; font-family: PT Sans Narrow;\"><strong>dr hab. SEWERYN KOWALSKI, prof. U\u015a<\/strong><\/span><\/small><\/p>\n<p><strong><span style=\"color: #9b132a; font-family: PT Serif; font-size: 130%;\"><em>&#8222;<\/em><\/span><\/strong><a class=\"duzy-link\" href=\"https:\/\/us.edu.pl\/wydzial\/wnst\/2021\/06\/25\/seweryn-kowalski\/\"><em><span style=\"font-family: PT Sans; color: #000000;\">Do dzi\u015b pami\u0119tam dreszcz emocji, gdy budowali\u015bmy pierwszy detektor&#8230;<\/span><\/em><\/a>[\/vc_column_text][\/vc_column][vc_column width=&#8221;1\/5&#8243; el_class=&#8221;shadow margines karta&#8221;][vc_column_text css=&#8221;.vc_custom_1625068777167{margin-top: 0px !important;margin-right: 0px !important;margin-bottom: 0px !important;margin-left: 0px !important;border-top-width: 0px !important;border-right-width: 0px !important;border-bottom-width: 0px !important;border-left-width: 0px !important;padding-top: 0px !important;padding-right: 0px !important;padding-bottom: 0px !important;padding-left: 0px !important;}&#8221;]<img class=\"alignnone wp-image-14736 size-full\" src=\"https:\/\/us.edu.pl\/wydzial\/wnst\/wp-content\/uploads\/sites\/18\/OSOBY\/zdjecie_kg1.jpg\" alt=\"Zdj\u0119cie Krzysztofa Grzanki\" width=\"100%\" height=\"auto\" srcset=\"https:\/\/us.edu.pl\/wydzial\/wnst\/wp-content\/uploads\/sites\/18\/OSOBY\/zdjecie_kg1.jpg 500w, https:\/\/us.edu.pl\/wydzial\/wnst\/wp-content\/uploads\/sites\/18\/OSOBY\/zdjecie_kg1-150x150.jpg 150w, https:\/\/us.edu.pl\/wydzial\/wnst\/wp-content\/uploads\/sites\/18\/OSOBY\/zdjecie_kg1-300x300.jpg 300w\" sizes=\"(max-width: 500px) 100vw, 500px\" \/>[\/vc_column_text][vc_column_text css=&#8221;.vc_custom_1625068737681{margin-top: 0px !important;margin-right: 0px !important;margin-bottom: 0px !important;margin-left: 0px !important;border-top-width: 0px !important;border-right-width: 0px !important;border-bottom-width: 0px !important;border-left-width: 0px !important;padding-top: 15px !important;padding-right: 15px !important;padding-bottom: 10px !important;padding-left: 15px !important;}&#8221;]<small><span style=\"letter-spacing: 0.2mm; color: #9b132a; font-size: 110%; font-family: PT Sans Narrow;\"><strong>mgr KRZYSZTOF GRZANKA<\/strong><\/span><\/small><\/p>\n<p><strong><span style=\"color: #9b132a; font-family: PT Serif; font-size: 130%;\"><em>&#8222;<\/em><\/span><\/strong><a class=\"duzy-link\" href=\"https:\/\/us.edu.pl\/wydzial\/wnst\/2021\/06\/28\/krzysztof-grzanka\/\"><em><span style=\"font-family: PT Sans; color: #000000;\">Atmosfera pracy jest zupe\u0142nie inna ni\u017c na uniwersytecie&#8230;<\/span><\/em><\/a>[\/vc_column_text][\/vc_column][\/vc_row][vc_row][vc_column][vc_empty_space height=&#8221;4px&#8221;][\/vc_column][\/vc_row][vc_row content_placement=&#8221;bottom&#8221; el_class=&#8221;container&#8221;][vc_column width=&#8221;1\/5&#8243; el_class=&#8221;shadow margines karta&#8221;][vc_column_text css=&#8221;.vc_custom_1625071360218{margin-top: 0px !important;margin-right: 0px !important;margin-bottom: 0px !important;margin-left: 0px !important;border-top-width: 0px !important;border-right-width: 0px !important;border-bottom-width: 0px !important;border-left-width: 0px !important;padding-top: 0px !important;padding-right: 0px !important;padding-bottom: 0px !important;padding-left: 0px !important;}&#8221;]<img class=\"alignnone wp-image-14654 size-full\" src=\"https:\/\/us.edu.pl\/wydzial\/wnst\/wp-content\/uploads\/sites\/18\/OSOBY\/A_Bubak-zdj-12.jpg\" alt=\"zdj\u0119cie profilowe Prof. Arkadiusz Bubaka\" width=\"100%\" height=\"auto\" srcset=\"https:\/\/us.edu.pl\/wydzial\/wnst\/wp-content\/uploads\/sites\/18\/OSOBY\/A_Bubak-zdj-12.jpg 500w, https:\/\/us.edu.pl\/wydzial\/wnst\/wp-content\/uploads\/sites\/18\/OSOBY\/A_Bubak-zdj-12-150x150.jpg 150w, https:\/\/us.edu.pl\/wydzial\/wnst\/wp-content\/uploads\/sites\/18\/OSOBY\/A_Bubak-zdj-12-300x300.jpg 300w\" sizes=\"(max-width: 500px) 100vw, 500px\" \/>[\/vc_column_text][vc_column_text css=&#8221;.vc_custom_1625071316722{margin-top: 0px !important;margin-right: 0px !important;margin-bottom: 0px !important;margin-left: 0px !important;border-top-width: 0px !important;border-right-width: 0px !important;border-bottom-width: 0px !important;border-left-width: 0px !important;padding-top: 15px !important;padding-right: 15px !important;padding-bottom: 10px !important;padding-left: 15px !important;}&#8221;]<small><span style=\"letter-spacing: 0.2mm; color: #9b132a; font-size: 110%; font-family: PT Sans Narrow;\"><strong>dr hab. ARKADIUSZ BUBAK, prof. U\u015a<\/strong><\/span><\/small><\/p>\n<p><strong><span style=\"color: #9b132a; font-family: PT Serif; font-size: 130%;\"><em>&#8222;<\/em><\/span><\/strong><a class=\"duzy-link\" href=\"https:\/\/us.edu.pl\/wydzial\/wnst\/2021\/06\/25\/arkadiusz-bubak\/\"><em><span style=\"font-family: PT Sans; color: #000000;\">NA61\/SHINE popchn\u0119\u0142o mnie do zainteresowania si\u0119 tematem neutrin&#8230;<\/span><\/em><\/a>[\/vc_column_text][\/vc_column][vc_column width=&#8221;1\/5&#8243; el_class=&#8221;shadow margines karta&#8221;][vc_column_text css=&#8221;.vc_custom_1625070712532{margin-top: 0px !important;margin-right: 0px !important;margin-bottom: 0px !important;margin-left: 0px !important;border-top-width: 0px !important;border-right-width: 0px !important;border-bottom-width: 0px !important;border-left-width: 0px !important;padding-top: 0px !important;padding-right: 0px !important;padding-bottom: 0px !important;padding-left: 0px !important;}&#8221;]<img class=\"alignnone wp-image-14706 size-full\" src=\"https:\/\/us.edu.pl\/wydzial\/wnst\/wp-content\/uploads\/sites\/18\/OSOBY\/S_Pulawski-zdj-2-2.jpg\" alt=\"Zdj\u0119cie Szymona Pu\u0142awskiego\" width=\"100%\" height=\"auto\" srcset=\"https:\/\/us.edu.pl\/wydzial\/wnst\/wp-content\/uploads\/sites\/18\/OSOBY\/S_Pulawski-zdj-2-2.jpg 500w, https:\/\/us.edu.pl\/wydzial\/wnst\/wp-content\/uploads\/sites\/18\/OSOBY\/S_Pulawski-zdj-2-2-150x150.jpg 150w, https:\/\/us.edu.pl\/wydzial\/wnst\/wp-content\/uploads\/sites\/18\/OSOBY\/S_Pulawski-zdj-2-2-300x300.jpg 300w\" sizes=\"(max-width: 500px) 100vw, 500px\" \/>[\/vc_column_text][vc_column_text css=&#8221;.vc_custom_1625070674020{margin-top: 0px !important;margin-right: 0px !important;margin-bottom: 0px !important;margin-left: 0px !important;border-top-width: 0px !important;border-right-width: 0px !important;border-bottom-width: 0px !important;border-left-width: 0px !important;padding-top: 15px !important;padding-right: 15px !important;padding-bottom: 10px !important;padding-left: 15px !important;}&#8221;]<small><span style=\"letter-spacing: 0.2mm; color: #9b132a; font-size: 110%; font-family: PT Sans Narrow;\"><strong>dr SZYMON PU\u0141AWSKI, prof. U\u015a<\/strong><\/span><\/small><\/p>\n<p><strong><span style=\"color: #9b132a; font-family: PT Serif; font-size: 130%;\"><em>&#8222;<\/em><\/span><\/strong><a class=\"duzy-link\" href=\"https:\/\/us.edu.pl\/wydzial\/wnst\/2021\/06\/28\/szymon-pulawski\/\"><em><span style=\"font-family: PT Sans; color: #000000;\">Gdy odbywa\u0142y si\u0119 pomiary, praca w laboratorium trwa\u0142a 24 godziny na dob\u0119&#8230;<\/span><\/em><\/a>[\/vc_column_text][\/vc_column][vc_column width=&#8221;1\/5&#8243; el_class=&#8221;shadow margines karta&#8221;][vc_column_text css=&#8221;.vc_custom_1625080308232{margin-top: 0px !important;margin-right: 0px !important;margin-bottom: 0px !important;margin-left: 0px !important;border-top-width: 0px !important;border-right-width: 0px !important;border-bottom-width: 0px !important;border-left-width: 0px !important;padding-top: 0px !important;padding-right: 0px !important;padding-bottom: 0px !important;padding-left: 0px !important;}&#8221;]<img class=\"alignnone wp-image-14168 size-full\" src=\"https:\/\/us.edu.pl\/wydzial\/wnst\/wp-content\/uploads\/sites\/18\/OSOBY\/Urbaniak-1.jpg\" alt=\"Zdj\u0119cie Marty Urbaniak\" width=\"100%\" height=\"auto\" srcset=\"https:\/\/us.edu.pl\/wydzial\/wnst\/wp-content\/uploads\/sites\/18\/OSOBY\/Urbaniak-1.jpg 626w, https:\/\/us.edu.pl\/wydzial\/wnst\/wp-content\/uploads\/sites\/18\/OSOBY\/Urbaniak-1-150x150.jpg 150w, https:\/\/us.edu.pl\/wydzial\/wnst\/wp-content\/uploads\/sites\/18\/OSOBY\/Urbaniak-1-300x300.jpg 300w, https:\/\/us.edu.pl\/wydzial\/wnst\/wp-content\/uploads\/sites\/18\/OSOBY\/Urbaniak-1-575x575.jpg 575w\" sizes=\"(max-width: 626px) 100vw, 626px\" \/>[\/vc_column_text][vc_column_text css=&#8221;.vc_custom_1625080243092{margin-top: 0px !important;margin-right: 0px !important;margin-bottom: 0px !important;margin-left: 0px !important;border-top-width: 0px !important;border-right-width: 0px !important;border-bottom-width: 0px !important;border-left-width: 0px !important;padding-top: 15px !important;padding-right: 15px !important;padding-bottom: 10px !important;padding-left: 15px !important;}&#8221;]<small><span style=\"letter-spacing: 0.2mm; color: #9b132a; font-size: 110%; font-family: PT Sans Narrow;\"><strong>mgr in\u017c. MARTA URBANIAK<\/strong><\/span><\/small><\/p>\n<p><strong><span style=\"color: #9b132a; font-family: PT Serif; font-size: 130%;\"><em>&#8222;<\/em><\/span><\/strong><a class=\"duzy-link\" href=\"https:\/\/us.edu.pl\/wydzial\/wnst\/2021\/06\/28\/marta-urbaniak\/\"><em><span style=\"font-family: PT Sans; color: #000000;\">Wiedzia\u0142am, \u017ce znalaz\u0142am si\u0119 w miejscu, w kt\u00f3rym chc\u0119 zosta\u0107 ju\u017c na d\u0142ugo&#8230;<\/span><\/em><\/a>[\/vc_column_text][\/vc_column][\/vc_row][vc_row][vc_column][vc_empty_space][\/vc_column][\/vc_row][vc_row][vc_column]<div class=\"container\"><div class=\"separator\" style=\"background-color: #EBEBEB\"><\/div><\/div>[\/vc_column][\/vc_row][vc_row content_placement=&#8221;middle&#8221;][vc_column][vc_column_text el_class=&#8221;container&#8221;]<\/p>\n<h2 id=\"moja-historia\" style=\"text-align: left;\"><strong><span style=\"color: #011535;\">Realizujemy Cele Zr\u00f3wnowa\u017conego Rozwoju ONZ<\/span><\/strong><\/h2>\n<p>[\/vc_column_text][\/vc_column][\/vc_row][vc_row content_placement=&#8221;middle&#8221; el_class=&#8221;container&#8221;][vc_column width=&#8221;1\/4&#8243;][vc_column_text]<\/p>\n<p style=\"text-align: center;\"><img class=\"wp-image-16197 size-full aligncenter\" src=\"https:\/\/us.edu.pl\/wydzial\/wnst\/wp-content\/uploads\/sites\/18\/zdjecia-ogolne\/logo-kolo.png\" alt=\"logo Cel\u00f3w ONZ\" width=\"40%\" height=\"auto\" srcset=\"https:\/\/us.edu.pl\/wydzial\/wnst\/wp-content\/uploads\/sites\/18\/zdjecia-ogolne\/logo-kolo.png 220w, https:\/\/us.edu.pl\/wydzial\/wnst\/wp-content\/uploads\/sites\/18\/zdjecia-ogolne\/logo-kolo-150x150.png 150w\" sizes=\"(max-width: 220px) 100vw, 220px\" \/><\/p>\n<p>[\/vc_column_text][\/vc_column][vc_column width=&#8221;3\/4&#8243; css=&#8221;.vc_custom_1629190411539{border-left-width: 1px !important;border-left-color: #002e5a !important;border-left-style: solid !important;}&#8221;]\r\n                <div class=\"text-modules\">\r\n                    <div class=\"container\">\r\n                        \r\n                        <div class=\"text-modules__content\"><\/p>\n<p style=\"text-align: left; padding-left: 20px;\"><a href=\"https:\/\/us.edu.pl\/wydzial\/wnst\/uscern\/uscern-cele-zrownowazonego-rozwoju\/\"><span style=\"font-family: PT Sans Narrow; font-size: 120%;\">Poprzez nauk\u0119, technologi\u0119 i wsp\u00f3\u0142prac\u0119 zmieniamy \u015bwiat na lepsze<\/span><\/a><\/p>\n<p>\n<\/div>\r\n                    <\/div>\r\n                <\/div>[\/vc_column][\/vc_row][vc_row][vc_column][vc_empty_space][\/vc_column][\/vc_row][vc_row][vc_column][vc_column_text el_class=&#8221;container&#8221;]<\/p>\n<h2 id=\"moja-historia\" style=\"text-align: left;\"><strong><span style=\"color: #011535;\">Polskie instytucje, kt\u00f3re w\u0142\u0105czy\u0142y si\u0119 w obchody jubileuszu 30-lecia wsp\u00f3\u0142pracy z CERN-em<\/span><\/strong><\/h2>\n<p>[\/vc_column_text][\/vc_column][\/vc_row][vc_row][vc_column][vc_empty_space height=&#8221;24px&#8221;][\/vc_column][\/vc_row][vc_row el_class=&#8221;container&#8221;][vc_column width=&#8221;1\/2&#8243;][vc_row_inner][vc_column_inner width=&#8221;1\/5&#8243;][vc_single_image image=&#8221;15017&#8243; img_size=&#8221;large&#8221; alignment=&#8221;center&#8221; style=&#8221;vc_box_rounded&#8221; onclick=&#8221;custom_link&#8221; img_link_target=&#8221;_blank&#8221; link=&#8221;https:\/\/www.cern.agh.edu.pl\/&#8221;][\/vc_column_inner][vc_column_inner width=&#8221;1\/5&#8243;][vc_single_image image=&#8221;15018&#8243; img_size=&#8221;large&#8221; alignment=&#8221;center&#8221; style=&#8221;vc_box_rounded&#8221; onclick=&#8221;custom_link&#8221; img_link_target=&#8221;_blank&#8221; link=&#8221;http:\/\/big-science.pl\/&#8221;][\/vc_column_inner][vc_column_inner width=&#8221;1\/5&#8243;][vc_single_image image=&#8221;15020&#8243; img_size=&#8221;large&#8221; alignment=&#8221;center&#8221; style=&#8221;vc_box_rounded&#8221; onclick=&#8221;custom_link&#8221; img_link_target=&#8221;_blank&#8221; link=&#8221;https:\/\/www.ifj.edu.pl\/aktualnosci\/2021\/21-07-01\/&#8221;][\/vc_column_inner][vc_column_inner width=&#8221;1\/5&#8243;][vc_single_image image=&#8221;15019&#8243; img_size=&#8221;large&#8221; alignment=&#8221;center&#8221; style=&#8221;vc_box_rounded&#8221; onclick=&#8221;custom_link&#8221; img_link_target=&#8221;_blank&#8221; link=&#8221;http:\/\/www.ifpan.edu.pl\/&#8221;][\/vc_column_inner][vc_column_inner width=&#8221;1\/5&#8243;][vc_single_image image=&#8221;15021&#8243; img_size=&#8221;large&#8221; alignment=&#8221;center&#8221; style=&#8221;vc_box_rounded&#8221; onclick=&#8221;custom_link&#8221; img_link_target=&#8221;_blank&#8221; link=&#8221;https:\/\/www.ncbj.gov.pl\/PL30CERN&#8221;][\/vc_column_inner][\/vc_row_inner][\/vc_column][vc_column width=&#8221;1\/2&#8243;][vc_row_inner][vc_column_inner width=&#8221;1\/5&#8243;][vc_single_image image=&#8221;15022&#8243; img_size=&#8221;large&#8221; alignment=&#8221;center&#8221; style=&#8221;vc_box_rounded&#8221; onclick=&#8221;custom_link&#8221; img_link_target=&#8221;_blank&#8221; link=&#8221;https:\/\/www.pk.edu.pl\/&#8221;][\/vc_column_inner][vc_column_inner width=&#8221;1\/5&#8243;][vc_single_image image=&#8221;15023&#8243; img_size=&#8221;large&#8221; alignment=&#8221;center&#8221; style=&#8221;vc_box_rounded&#8221; onclick=&#8221;custom_link&#8221; img_link_target=&#8221;_blank&#8221; link=&#8221;https:\/\/www.pw.edu.pl\/Aktualnosci\/Wspolpraca-Politechniki-Warszawskiej-z-CERN-em&#8221;][\/vc_column_inner][vc_column_inner width=&#8221;1\/5&#8243;][vc_single_image image=&#8221;15024&#8243; img_size=&#8221;large&#8221; alignment=&#8221;center&#8221; style=&#8221;vc_box_rounded&#8221; onclick=&#8221;custom_link&#8221; img_link_target=&#8221;_blank&#8221; link=&#8221;https:\/\/fais.uj.edu.pl\/&#8221;][\/vc_column_inner][vc_column_inner width=&#8221;1\/5&#8243;][vc_single_image image=&#8221;15025&#8243; img_size=&#8221;large&#8221; alignment=&#8221;center&#8221; style=&#8221;vc_box_rounded&#8221; onclick=&#8221;custom_link&#8221; img_link_target=&#8221;_blank&#8221; link=&#8221;https:\/\/www.ujk.edu.pl\/&#8221;][\/vc_column_inner][vc_column_inner width=&#8221;1\/5&#8243;][vc_single_image image=&#8221;15026&#8243; img_size=&#8221;large&#8221; alignment=&#8221;center&#8221; style=&#8221;vc_box_rounded&#8221; onclick=&#8221;custom_link&#8221; img_link_target=&#8221;_blank&#8221; link=&#8221;https:\/\/www.umk.pl\/&#8221;][\/vc_column_inner][\/vc_row_inner][\/vc_column][\/vc_row][vc_row el_class=&#8221;container&#8221;][vc_column width=&#8221;1\/3&#8243;][vc_row_inner][vc_column_inner width=&#8221;1\/3&#8243;][\/vc_column_inner][vc_column_inner width=&#8221;1\/3&#8243;][\/vc_column_inner][vc_column_inner width=&#8221;1\/3&#8243;][\/vc_column_inner][\/vc_row_inner][\/vc_column][vc_column width=&#8221;1\/3&#8243;][vc_row_inner][vc_column_inner width=&#8221;1\/3&#8243;][vc_single_image image=&#8221;15035&#8243; img_size=&#8221;large&#8221; alignment=&#8221;center&#8221; style=&#8221;vc_box_rounded&#8221; onclick=&#8221;custom_link&#8221; img_link_target=&#8221;_blank&#8221; link=&#8221;https:\/\/us.edu.pl\/&#8221;][\/vc_column_inner][vc_column_inner width=&#8221;1\/3&#8243;][vc_single_image image=&#8221;15039&#8243; img_size=&#8221;large&#8221; alignment=&#8221;center&#8221; style=&#8221;vc_box_rounded&#8221; onclick=&#8221;custom_link&#8221; img_link_target=&#8221;_blank&#8221; link=&#8221;https:\/\/www.uw.edu.pl\/&#8221;][\/vc_column_inner][vc_column_inner width=&#8221;1\/3&#8243;][vc_single_image image=&#8221;15040&#8243; img_size=&#8221;large&#8221; alignment=&#8221;center&#8221; style=&#8221;vc_box_rounded&#8221; onclick=&#8221;custom_link&#8221; img_link_target=&#8221;_blank&#8221; link=&#8221;https:\/\/www.agh.edu.pl\/&#8221;][\/vc_column_inner][\/vc_row_inner][\/vc_column][vc_column width=&#8221;1\/3&#8243;][\/vc_column][\/vc_row]<\/p>","protected":false},"excerpt":{"rendered":"<p>[vc_row el_class=&#8221;rotor&#8221;][vc_column css=&#8221;.vc_custom_1624450564258{margin-top: 30px !important;}&#8221; el_class=&#8221;napis&#8221;][\/vc_column][\/vc_row][vc_row content_placement=&#8221;middle&#8221; el_class=&#8221;container&#8221; css=&#8221;.vc_custom_1624451733078{margin-top: 0px !important;margin-bottom: 0px !important;border-top-width: 0px !important;border-bottom-width: 0px !important;padding-top: 0px !important;padding-bottom: 0px !important;}&#8221;][vc_column css=&#8221;.vc_custom_1624451723606{margin-top: 0px !important;margin-bottom: 0px !important;border-top-width: 0px !important;border-bottom-width: 0px !important;padding-top: 0px !important;padding-bottom: 0px !important;}&#8221;][vc_column_text] OPEN-PHO-ACCEL-2015-001-1 | fot. Dominguez, Daniel; Brice, Maximilien | \u017ar\u00f3d\u0142o: cds.cern.ch [\/vc_column_text][\/vc_column][\/vc_row][vc_row content_placement=&#8221;middle&#8221; el_class=&#8221;container&#8221; css=&#8221;.vc_custom_1624451441294{margin-bottom: 0px !important;border-bottom-width: 0px !important;padding-bottom: 0px !important;}&#8221;][vc_column width=&#8221;1\/2&#8243;][\/vc_column][vc_column [&#8230;]<\/p>\n<p><a class=\"btn btn-secondary understrap-read-more-link\" href=\"https:\/\/us.edu.pl\/wydzial\/wnst\/uscern\/\">Read More&#8230;<\/a><\/p>\n","protected":false},"author":92,"featured_media":0,"parent":0,"menu_order":0,"comment_status":"closed","ping_status":"closed","template":"","meta":{"_expiration-date-status":"saved","_expiration-date":0,"_expiration-date-type":"","_expiration-date-categories":[],"_expiration-date-options":[]},"acf":[],"_links":{"self":[{"href":"https:\/\/us.edu.pl\/wydzial\/wnst\/wp-json\/wp\/v2\/pages\/14207"}],"collection":[{"href":"https:\/\/us.edu.pl\/wydzial\/wnst\/wp-json\/wp\/v2\/pages"}],"about":[{"href":"https:\/\/us.edu.pl\/wydzial\/wnst\/wp-json\/wp\/v2\/types\/page"}],"author":[{"embeddable":true,"href":"https:\/\/us.edu.pl\/wydzial\/wnst\/wp-json\/wp\/v2\/users\/92"}],"replies":[{"embeddable":true,"href":"https:\/\/us.edu.pl\/wydzial\/wnst\/wp-json\/wp\/v2\/comments?post=14207"}],"version-history":[{"count":12,"href":"https:\/\/us.edu.pl\/wydzial\/wnst\/wp-json\/wp\/v2\/pages\/14207\/revisions"}],"predecessor-version":[{"id":159588,"href":"https:\/\/us.edu.pl\/wydzial\/wnst\/wp-json\/wp\/v2\/pages\/14207\/revisions\/159588"}],"wp:attachment":[{"href":"https:\/\/us.edu.pl\/wydzial\/wnst\/wp-json\/wp\/v2\/media?parent=14207"}],"curies":[{"name":"wp","href":"https:\/\/api.w.org\/{rel}","templated":true}]}}