{"id":157796,"date":"2022-06-14T13:00:17","date_gmt":"2022-06-14T11:00:17","guid":{"rendered":"https:\/\/us.edu.pl\/wydzial\/wnst\/?page_id=157796"},"modified":"2023-10-22T15:27:13","modified_gmt":"2023-10-22T13:27:13","slug":"warsztaty","status":"publish","type":"page","link":"https:\/\/us.edu.pl\/wydzial\/wnst\/strona-glowna\/realizowane-projekty\/projekty-dydaktyczne-pozostale\/pinus\/warsztaty\/","title":{"rendered":"warsztaty"},"content":{"rendered":"<p>[vc_row el_class=&#8221;container&#8221;][vc_column width=&#8221;1\/4&#8243;][vc_wp_custommenu nav_menu=&#8221;733&#8243; title=&#8221;MENU&#8221;]  <div class=\"announcements-wrap\"> \r\n\t\t\t\t\t\t\t\t\t<div class=\"announcements announcements_1\" style=\"background-color:\">\r\n                                <div class=\"section-title\">Komunikaty<\/div>\r\n                                \r\n                                <style>.tqnmrn.angle-list > li::before{color:  !important}<\/style><div class=\"d-flex flex-wrap\"><ul class=\"angle-list tqnmrn\" ><li > <a href = \"https:\/\/us.edu.pl\/wydzial\/wnst\/komunikaty\/22-11-2023-r-wyklad-magiczny-swiat-fosforu\/\" style=\"color:\"> 22.11.2023 r. | Trwa rejestracja na wyk\u0142ad \u201eZaproszenie do magicznego \u015bwiata chemii fosforu&#8221; | projekt PINU\u015a <\/a > <\/li > <li > <a href = \"https:\/\/us.edu.pl\/wydzial\/wnst\/komunikaty\/29-11-2023-r-z-najlepszymi-przez-nauke-wyklady-popularnonaukowe\/\" style=\"color:\"> 29.11.2023 r. | Z najlepszymi przez nauk\u0119 \u2013 wyk\u0142ady popularnonaukowe | projekt PINU\u015a <\/a > <\/li > <li > <a href = \"https:\/\/us.edu.pl\/wydzial\/wnst\/komunikaty\/12-09-2023-r-wyklad-neutrinos-and-secrets-of-our-universe\/\" style=\"color:\"> 12.09.2023 r. Wyk\u0142ad &#8222;Neutrinos and secrets of our Universe&#8221; <\/a > <\/li > <li > <a href = \"https:\/\/us.edu.pl\/wydzial\/wnst\/komunikaty\/12-09-2023-r-wyklad-proporcjonalnosc-czy-zawsze-jest-taka-prosta\/\" style=\"color:\"> 12.09.2023 r. Wyk\u0142ad &#8222;Proporcjonalno\u015b\u0107, czy zawsze jest taka prosta?&#8221; <\/a > <\/li > <li > <a href = \"https:\/\/us.edu.pl\/wydzial\/wnst\/komunikaty\/galeria-zdjec-szkola-letnia-12-16-06-2023-r\/\" style=\"color:\"> Galeria zdj\u0119\u0107 | Szko\u0142a Letnia 12-16.06.2023 r. <\/a > <\/li > <li > <a href = \"https:\/\/us.edu.pl\/wydzial\/wnst\/komunikaty\/21-06-2023-r-wyklad-pistolet-dla-kazdego-czyli-jak-dziala-druk-3d\/\" style=\"color:\"> 21.06.2023 r. Wyk\u0142ad &#8222;Pistolet dla ka\u017cdego, czyli jak dzia\u0142a druk 3D&#8221; <\/a > <\/li > <li > <a href = \"https:\/\/us.edu.pl\/wydzial\/wnst\/komunikaty\/21-06-2023-r-wyklad-kolorowa-zywnosc-co-wybrac-aby-zyc-zdrowo\/\" style=\"color:\"> 21.06.2023 r. Wyk\u0142ad &#8222;Kolorowa \u017cywno\u015b\u0107 &#8211; co wybra\u0107, aby \u017cy\u0107 zdrowo?&#8221; <\/a > <\/li > <li > <a href = \"https:\/\/us.edu.pl\/wydzial\/wnst\/komunikaty\/06-06-2023-r-wyklad-lanie-wody-n-temat-wody\/\" style=\"color:\"> 06.06.2023 r. Wyk\u0142ad &#8222;Lanie wody na temat wody&#8221; <\/a > <\/li > <li > <a href = \"https:\/\/us.edu.pl\/wydzial\/wnst\/komunikaty\/06-06-2023-r-wyklad-wladca-pierscieni-czyli-po-co-nam-duze-laboratoria-fizyki-jadrowej-i-czastek-elementarnych\/\" style=\"color:\"> 06.06.2023 r. Wyk\u0142ad &#8222;W\u0142adca pier\u015bcieni, czyli po co nam du\u017ce laboratoria fizyki j\u0105drowej i cz\u0105stek elementarnych&#8221; <\/a > <\/li > <li > <a href = \"https:\/\/us.edu.pl\/wydzial\/wnst\/komunikaty\/31-05-2023-r-wyklad-terapie-celowe-w-leczeniu-nowotworow\/\" style=\"color:\"> 31.05.2023 r. Wyk\u0142ad &#8222;Terapie celowe w leczeniu nowotwor\u00f3w&#8221; <\/a > <\/li > <\/ul><\/div>\r\n\t\t\t\t\t\t\t\t\t<\/div>\r\n\t\t\t\t\t\t\t\t<\/div>[\/vc_column][vc_column width=&#8221;1\/2&#8243;]\r\n                <div class=\"text-modules\">\r\n                    <div class=\"container\">\r\n                        \r\n                        <div class=\"text-modules__content\"><\/p>\n<h3><strong><span style=\"color: #002e5a;\">Z najlepszymi przez nauk\u0119 &#8211; warsztaty popularnonaukowe<\/span><\/strong><\/h3>\n<p><strong><span style=\"color: #002e5a;\">Koordynator: dr Marcin \u0141aciak<\/span><\/strong><\/p>\n<p>Warsztaty popularnonaukowe przyczyni\u0105 si\u0119 do pobudzenia ciekawo\u015bci poznawczej, kreatywno\u015bci i ch\u0119ci pog\u0142\u0119biania wiedzy. Ponadto uczestnicy warsztat\u00f3w zaczn\u0105 identyfikowa\u0107 Uniwersytet \u015al\u0105ski jako miejsce, w kt\u00f3rym studiuj\u0105c, mo\u017cna zdobywa\u0107 wysokie kwalifikacje, pracowa\u0107 w nowoczesnych laboratoriach, wsp\u00f3\u0142uczestniczy\u0107 w mi\u0119dzynarodowych projektach.<\/p>\n<p>Warsztaty z zakresu nauk technicznych skierowane s\u0105 do uczni\u00f3w szk\u00f3\u0142, w programie kt\u00f3rych w niewielkim stopniu realizowane s\u0105 zagadnienia elektroniki, mechatroniki czy in\u017cynierii materia\u0142owej, a liczba godzin przeznaczonych na nauk\u0119 fizyki czy chemii jest ograniczona.<\/p>\n<\/div>\r\n                    <\/div>\r\n                <\/div>\r\n                <div class=\"text-modules\">\r\n                    <div class=\"container\">\r\n                        <h3 class=\"page-title text__title\">Edycja I oraz II<\/h3>\r\n                        <div class=\"text-modules__content\"><\/p>\n<p style=\"text-align: center;\"><strong><span style=\"color: #003366;\">WARSZTATY &#8211; CHORZ\u00d3W<\/span><\/strong><\/p>\n<p style=\"text-align: center;\">Zaj\u0119cia odbywaj\u0105 si\u0119 na Wydziale Nauk \u015acis\u0142ych i Technicznych w Chorzowie, ul. 75 Pu\u0142ku Piechoty 1A w wyznaczonych terminach i godzinach (szczeg\u00f3\u0142y na stronie logowania).<\/p>\n<p style=\"text-align: center;\">Rejestracja odbywa si\u0119 poprzez zg\u0142oszenia indywidualne po przez rodzica\/opiekuna prawnego.<\/p>\n<p style=\"text-align: center;\"><strong><a href=\"https:\/\/formularze.us.edu.pl\/site\/index\/635\">Zarejestruj si\u0119<\/a><\/strong><\/p>\n<p style=\"text-align: center;\">Rejestracja na zaj\u0119cia z <em><strong>Chemii, Fizyki oraz Fizyki dla medycyny i \u015brodowiska<\/strong><\/em> w II edycji rusza 10.03.2023r. o godzinie 20:00.<\/p>\n<p>\n<\/div>\r\n                    <\/div>\r\n                <\/div>[vc_toggle title=&#8221;Chemia&#8221;]<strong>Uczestnicy bior\u0105 udzia\u0142 w trzech warsztatach chemicznych.<\/strong><\/p>\n<p><strong>WARSZTAT\u00a0I &#8211;\u00a0Kolorowa chemia\u00a0 \u00a0\u00a0<\/strong><\/p>\n<p>Podczas warsztat\u00f3w uczniowie b\u0119d\u0105 mogli przekona\u0107 si\u0119, \u017ce chemia to nie tylko trudne wzory, reakcje, uk\u0142ad okresowy i obliczenia. Chemia towarzyszy nam w \u017cyciu codziennym, jest kolorowa i potrafi zadziwia\u0107. Uczestnicy poznaj\u0105, co to jest chemiczny kameleon, znikaj\u0105cy b\u0142\u0119kit, czy chemiczne \u015bwiat\u0142a drogowe. Przeprowadz\u0105 r\u00f3\u017cnobarwne reakcje chemiczne, znajd\u0105 odpowiedzi na wiele trudnych pyta\u0144. B\u0119dzie to czas \u015bwietnej zabawy.<\/p>\n<p><strong>WARSZTAT\u00a0II &#8211;\u00a0W krainie pierwiastk\u00f3w chemicznych\u00a0\u00a0\u00a0<\/strong><\/p>\n<p>Podczas warsztat\u00f3w uczniowie b\u0119d\u0105 mieli mo\u017cliwo\u015b\u0107 poznania w\u0142a\u015bciwo\u015bci wybranych pierwiastk\u00f3w chemicznych. Uczestnicy poprzez samodzielnie wykonane do\u015bwiadczenia poznaj\u0105 r\u00f3\u017cne stany skupienia, zbadaj\u0105 palno\u015b\u0107, wybuchowo\u015b\u0107, czy aktywno\u015b\u0107 chemiczn\u0105 oraz sprawdz\u0105, jaki wp\u0142yw na pierwiastki i ich zwi\u0105zki chemiczne ma temperatura i pH \u015brodowiska. Przeprowadzone zostan\u0105 efektowne reakcje chemiczne z udzia\u0142em poznanych metali i niemetali, wtedy nawet najtrudniejsze zagadnienia dotycz\u0105ce omawianych pierwiastk\u00f3w b\u0119d\u0105 w pe\u0142ni zrozumia\u0142e.<\/p>\n<p><strong>WARSZTATY III &#8211;\u00a0Ile\u202fchemii\u202fw\u202flekach?\u00a0<\/strong><\/p>\n<p>Uczestnicy warsztat\u00f3w zapoznaj\u0105 si\u0119 z zastosowaniem chemii organicznej w chemii lek\u00f3w. Samodzielnie przeprowadz\u0105 reakcje i do\u015bwiadczenia z zastosowaniem substancji chemicznych posiadaj\u0105cych\u202fw\u0142a\u015bciwo\u015bci\u202f lecznicze. Przygotuj\u0105 preparaty wykorzystywane w lecznictwie.\u202f Wykorzystuj\u0105c znane z domowych apteczek artyku\u0142y przekonaj\u0105 si\u0119, \u017ce mo\u017cna ich u\u017cy\u0107 do ciekawych eksperyment\u00f3w chemicznych.<\/p>\n<p><strong>Edycja I<\/strong><\/p>\n<p><strong>Termin\u00a0spotkania\u00a026.11.2022<\/strong>\u00a0w godzinach od 8:00 do 15:45.<br \/>\nZaj\u0119cia odbywaj\u0105 si\u0119 na Wydziale Nauk \u015acis\u0142ych i Technicznych w Chorzowie, ul. 75 Pu\u0142ku Piechoty 1A.<\/p>\n<p><a href=\"https:\/\/formularze.us.edu.pl\/form\/index\/3540\">Link rejestracyjny<\/a><\/p>\n<p><strong>Termin\u00a0spotkania\u00a010.12.2022<\/strong>\u00a0w godzinach od 8:00 do 15:45.<br \/>\nZaj\u0119cia odbywaj\u0105 si\u0119 na Wydziale Nauk \u015acis\u0142ych i Technicznych w Chorzowie, ul. 75 Pu\u0142ku Piechoty 1A.<\/p>\n<p><a href=\"https:\/\/formularze.us.edu.pl\/form\/index\/3543\">Link rejestracyjny<\/a><\/p>\n<p><strong>Edycja II<\/strong><\/p>\n<p><strong>Termin spotkania 15.04.2023<\/strong>\u00a0w godzinach od 8:00 do 15:45.<br \/>\nZaj\u0119cia odbywaj\u0105 si\u0119 na Wydziale Nauk \u015acis\u0142ych i Technicznych w Chorzowie, ul. 75 Pu\u0142ku Piechoty 1A.<\/p>\n<p><a href=\"https:\/\/formularze.us.edu.pl\/site\/index\/635\">Link rejestracyjny<\/a><\/p>\n<p><strong>Termin spotkania 22.04.2023<\/strong>\u00a0w godzinach od 8:00 do 15:45.<br \/>\nZaj\u0119cia odbywaj\u0105 si\u0119 na Wydziale Nauk \u015acis\u0142ych i Technicznych w Chorzowie, ul. 75 Pu\u0142ku Piechoty 1A.<\/p>\n<p><a href=\"https:\/\/formularze.us.edu.pl\/site\/index\/635\">Link rejestracyjny<\/a>[\/vc_toggle][vc_toggle title=&#8221;Czym si\u0119 r\u00f3\u017cni diament od grafitu czyli r\u00f3\u017cne oblicza w\u0119gla. Rentgenowskie metody badania struktury materia\u0142\u00f3w&#8221;]<strong>Uczestnicy bior\u0105 udzia\u0142 w jednym sze\u015bciogodzinnym warsztacie.<\/strong><\/p>\n<p><strong>WARSZTAT I\u00a0<\/strong><\/p>\n<p>Kt\u00f3\u017c nie zna w\u0119gla? Wszyscy znamy i u\u017cywamy\u2026 Ju\u017c dzieci w przedszkolu rysuj\u0105 obrazki i \u0107wicz\u0105 pierwsze literki w zeszytach u\u017cywaj\u0105c o\u0142\u00f3wk\u00f3w z grafitem. Powszechnie wiemy, \u017ce mo\u017cna wykorzystywa\u0107 w\u0119giel do ogrzewania dom\u00f3w. A gdzie jeszcze stosujemy w\u0119giel? Mi\u0119dzy innymi w medycynie, w elektronice, w technice j\u0105drowej oraz\u2026 w jubilerstwie. W\u0119giel to jednocze\u015bnie najbardziej mi\u0119kki minera\u0142 \u2013 grafit, ale i najtwardszy materia\u0142 na ziemi \u2013 diament. Jak to jest mo\u017cliwe, \u017ce te same atomy tworz\u0105 tak r\u00f3\u017cne formy? Na te i inne pytania poznacie odpowiedzi na warsztatach pokazuj\u0105cych r\u00f3\u017cne oblicza w\u0119gla.<\/p>\n<p><strong>Edycja I<\/strong><\/p>\n<p><strong>Termin\u00a0spotkania\u00a019.11.2022<\/strong>\u00a0w godzinach od 9:00 do 14:00.<br \/>\nZaj\u0119cia odbywaj\u0105 si\u0119 na Wydziale Nauk \u015acis\u0142ych i Technicznych w Chorzowie, ul. 75 Pu\u0142ku Piechoty 1A.<\/p>\n<p><a href=\"https:\/\/formularze.us.edu.pl\/form\/index\/3544\">Link do rejestracji<\/a><\/p>\n<p><strong>Termin\u00a0spotkania\u00a019.11.2022<\/strong>\u00a0w godzinach od 9:00 do 14:00.<br \/>\nZaj\u0119cia odbywaj\u0105 si\u0119 na Wydziale Nauk \u015acis\u0142ych i Technicznych w Chorzowie, ul. 75 Pu\u0142ku Piechoty 1A.<\/p>\n<p><a href=\"https:\/\/formularze.us.edu.pl\/form\/index\/3546\">Link do rejestracji<\/a><\/p>\n<p><strong>Termin\u00a0spotkania\u00a019.11.2022<\/strong>\u00a0w godzinach od 9:00 do 14:00.<br \/>\nZaj\u0119cia odbywaj\u0105 si\u0119 na Wydziale Nauk \u015acis\u0142ych i Technicznych w Chorzowie, ul. 75 Pu\u0142ku Piechoty 1A.<\/p>\n<p><a href=\"https:\/\/formularze.us.edu.pl\/form\/index\/3547\">Link do rejestracji<\/a><\/p>\n<p><strong>Edycja II<\/strong><\/p>\n<p><strong>Termin spotkania 15.04.2023<\/strong> w godzinach od 9:00 do 14:00.<br \/>\nZaj\u0119cia odbywaj\u0105 si\u0119 na Wydziale Nauk \u015acis\u0142ych i Technicznych w Chorzowie, ul. 75 Pu\u0142ku Piechoty 1A.<\/p>\n<p><a href=\"https:\/\/formularze.us.edu.pl\/site\/index\/635\">Link rejestracyjny<\/a><\/p>\n<p><strong>Termin spotkania 22.04.2023<\/strong> w godzinach od 9:00 do 14:00.<br \/>\nZaj\u0119cia odbywaj\u0105 si\u0119 na Wydziale Nauk \u015acis\u0142ych i Technicznych w Chorzowie, ul. 75 Pu\u0142ku Piechoty 1A.<\/p>\n<p><a href=\"https:\/\/formularze.us.edu.pl\/site\/index\/635\">Link rejestracyjny<\/a><\/p>\n<p><strong>Termin spotkania 13.05.2023<\/strong> w godzinach od 9:00 do 14:00.<br \/>\nZaj\u0119cia odbywaj\u0105 si\u0119 na Wydziale Nauk \u015acis\u0142ych i Technicznych w Chorzowie, ul. 75 Pu\u0142ku Piechoty 1A.<\/p>\n<p><a href=\"https:\/\/formularze.us.edu.pl\/site\/index\/635\">Link rejestracyjny<\/a>[\/vc_toggle][vc_toggle title=&#8221;Fizyka&#8221;]<strong>Uczestnicy bior\u0105 udzia\u0142 w trzech warsztatach.<\/strong><\/p>\n<p><strong>WARSZTAT I &#8211; Jak widzimy \u015bwiat<\/strong><\/p>\n<p>Podczas warsztat\u00f3w postaramy si\u0119 odpowiedzie\u0107 jakie elementy s\u0105 nam niezb\u0119dne, aby m\u00f3c zobaczy\u0107 otaczaj\u0105cy nas \u015bwiat. Wykonuj\u0105c wsp\u00f3lnie do\u015bwiadczenia poznamy najwa\u017cniejsze prawa dotycz\u0105ce \u015bwiat\u0142a, wytworzymy obrazy w r\u00f3\u017cnego rodzaju zwierciad\u0142ach, wcielimy si\u0119 w rol\u0119 Leonarda da Vinci, poznamy tajniki lewitacji i poszukamy skrzata po drugiej stronie t\u0119czy. Zapraszam Was na wypraw\u0119 do krainy nauki i iluzji.<\/p>\n<p><strong>WARSZTAT\u00a0II &#8211;\u00a0Poruszaj\u0105ca elektryczno\u015b\u0107<\/strong><\/p>\n<p>Czy ziemniak mo\u017ce by\u0107 \u017ar\u00f3d\u0142em energii elektrycznej? Czy cz\u0142owiek mo\u017ce by\u0107 \u017ar\u00f3d\u0142em energii elektrycznej? Czy prze\u017cyjemy pora\u017cenie pr\u0105dem o napi\u0119ciu kilku tysi\u0119cy wolt\u00f3w? Spr\u00f3bujemy odpowiedzie\u0107 na te i inne pytania dotycz\u0105ce pr\u0105du elektrycznego oraz poznamy tak\u017ce podstawowe zasady \u0142\u0105czenia element\u00f3w obwod\u00f3w elektrycznych.<\/p>\n<p><strong>WARSZTAT\u00a0III &#8211; Bry\u0142a sztywna i wytrzyma\u0142o\u015b\u0107<\/strong><\/p>\n<p>W czasie zaj\u0119\u0107 poznamy zasady le\u017c\u0105ce u podstaw projektowania i budowania trwa\u0142ych i stabilnych konstrukcji. Wsp\u00f3lnie spr\u00f3bujemy zbudowa\u0107 wytrzyma\u0142y d\u017awig lub most z klock\u00f3w oraz postaramy si\u0119 sprawdzi\u0107 jego wytrzyma\u0142o\u015b\u0107. Do do\u015bwiadcze\u0144 wykorzystamy r\u00f3wnie\u017c gotowe konstrukcje z klock\u00f3w Lego.<\/p>\n<p><strong>Edycja I<\/strong><\/p>\n<p><strong>Termin\u00a0spotkania\u00a017.12.2022<\/strong>\u00a0w godzinach od 8:00 do 15:45.<br \/>\nZaj\u0119cia odbywaj\u0105 si\u0119 na Wydziale Nauk \u015acis\u0142ych i Technicznych w Chorzowie, ul. 75 Pu\u0142ku Piechoty 1A.<\/p>\n<p><a href=\"https:\/\/formularze.us.edu.pl\/form\/index\/3548\">Link rejestracyjny<\/a><\/p>\n<p><strong>Termin spotkania 18.02.2023<\/strong>\u00a0w godzinach od 8:00 do 15:45.<br \/>\nZaj\u0119cia odbywaj\u0105 si\u0119 na Wydziale Nauk \u015acis\u0142ych i Technicznych w Chorzowie, ul. 75 Pu\u0142ku Piechoty 1A.<\/p>\n<p><a href=\"https:\/\/formularze.us.edu.pl\/form\/index\/3723\">Link rejestracyjny<\/a><\/p>\n<p><strong>Edycja II<\/strong><\/p>\n<p><strong>Termin spotkania 15.04.2023<\/strong>\u00a0w godzinach od 8:00 do 15:45.<br \/>\nZaj\u0119cia odbywaj\u0105 si\u0119 na Wydziale Nauk \u015acis\u0142ych i Technicznych w Chorzowie, ul. 75 Pu\u0142ku Piechoty 1A.<\/p>\n<p><a href=\"https:\/\/formularze.us.edu.pl\/site\/index\/635\">Link rejestracyjny<\/a><\/p>\n<p><strong>Termin spotkania 28.10.2023<\/strong> w godzinach od 9:00 do 14:45.<br \/>\nZaj\u0119cia odbywaj\u0105 si\u0119 na Wydziale Nauk \u015acis\u0142ych i Technicznych w Chorzowie, ul. 75 Pu\u0142ku Piechoty 1A.<\/p>\n<p><a href=\"https:\/\/formularze.us.edu.pl\/form\/index\/4403\">Link rejestracyjny<\/a>[\/vc_toggle][vc_toggle title=&#8221;In\u017cynieria materia\u0142owa&#8221;]<strong>Uczestnicy bior\u0105 udzia\u0142 w dw\u00f3ch warsztatach.<\/strong><\/p>\n<p><strong>WARSZTAT\u00a0I &#8211;\u00a0 Modelowanie i druk 3d w nauce, edukacji i technice\u00a0<\/strong><\/p>\n<p>Technologia druku 3d jest coraz cz\u0119\u015bciej wykorzystywana przez najbardziej wymagaj\u0105ce bran\u017ce tj. lotnictwo, motoryzacja czy medycyna. Wytwarzanie addytywne staje si\u0119 coraz bardziej docenianym instrumentem prototypowania nowych rozwi\u0105za\u0144 w dzia\u0142ach badawczo-rozwojowych. W cz\u0119\u015bci teoretycznej warsztat\u00f3w uczestnicy poznaj\u0105 najnowsze trendy i sposoby wykorzystania wytwarzania addytywnego. W cz\u0119\u015bci praktycznej samodzielnie zaprojektuj\u0105 w programie CAD model 3d, kt\u00f3ry nast\u0119pnie wykonaj\u0105 w technice druku 3d. Poznaj\u0105 r\u00f3wnie\u017c jak wykorzysta\u0107 podstawow\u0105 wiedz\u0119 na temat materia\u0142\u00f3w\u00a0eksploatacyjnych i parametr\u00f3w druku w celu nadania wydrukowi po\u017c\u0105danych cech\u00a0wytrzyma\u0142o\u015bciowych oraz wizualnych.<\/p>\n<p><strong>WARSZTAT\u00a0II &#8211;\u00a0 Jak przywr\u00f3ci\u0107 pi\u0119kny u\u015bmiech? Nowoczesne materia\u0142y dla stomatologii\u00a0<\/strong><\/p>\n<p>Wsp\u00f3\u0142czesna stomatologia z ka\u017cdym rokiem zyskuje nowe mo\u017cliwo\u015bci leczenia z\u0119b\u00f3w i poprawy estetyki u\u015bmiechu. Tematyka warsztat\u00f3w zwi\u0105zana b\u0119dzie z zastosowaniami in\u017cynierii materia\u0142owej w stomatologii. Jakie prace podejmujemy, aby nowo\u015bci stomatologiczne czeka\u0142y ju\u017c wkr\u00f3tce na pacjent\u00f3w w ka\u017cdym gabinecie? Jak b\u0119dzie wygl\u0105da\u0142a stomatologia przysz\u0142o\u015bci? Warsztaty odpowiedz\u0105 na ka\u017cde pytanie.<\/p>\n<p><strong>Edycja I<\/strong><\/p>\n<p><strong>Terminy spotka\u0144:\u00a007.01.2023,\u00a014.01.2023<\/strong>\u00a0w godzinach od 9:00 do 14:00.<br \/>\nZaj\u0119cia odbywaj\u0105 si\u0119 na Wydziale Nauk \u015acis\u0142ych i Technicznych w Chorzowie, ul. 75 Pu\u0142ku Piechoty 1A.<\/p>\n<p><a href=\"https:\/\/formularze.us.edu.pl\/form\/index\/3551\">Link rejestracyjny<\/a><\/p>\n<p><strong>Terminy spotka\u0144: 04.02.2023, 11.02.2023<\/strong>\u00a0w godzinach od 9:00 do 14:00.<br \/>\nZaj\u0119cia odbywaj\u0105 si\u0119 na Wydziale Nauk \u015acis\u0142ych i Technicznych w Chorzowie, ul. 75 Pu\u0142ku Piechoty 1A.<\/p>\n<p><a href=\"https:\/\/formularze.us.edu.pl\/form\/index\/3552\">Link rejestracyjny<\/a><\/p>\n<p><strong>Edycja II<\/strong><\/p>\n<p><strong>Termin spotkania 15.04.2023, 22.04.2023<\/strong> w godzinach od 9:00 do 14:00.<br \/>\nZaj\u0119cia odbywaj\u0105 si\u0119 na Wydziale Nauk \u015acis\u0142ych i Technicznych w Chorzowie, ul. 75 Pu\u0142ku Piechoty 1A.<\/p>\n<p><a href=\"https:\/\/formularze.us.edu.pl\/site\/index\/635\">Link rejestracyjny<\/a><\/p>\n<p><strong>Termin spotkania 13.05.2023, 20.05.2023<\/strong> w godzinach od 9:00 do 14:00.<br \/>\nZaj\u0119cia odbywaj\u0105 si\u0119 na Wydziale Nauk \u015acis\u0142ych i Technicznych w Chorzowie, ul. 75 Pu\u0142ku Piechoty 1A.<\/p>\n<p><a href=\"https:\/\/formularze.us.edu.pl\/site\/index\/635\">Link rejestracyjny<\/a>[\/vc_toggle][vc_toggle title=&#8221;Fizyka dla medycyny i \u015brodowiska&#8221;]<strong>Uczestnicy bior\u0105 udzia\u0142 w dw\u00f3ch warsztatach.<\/strong><\/p>\n<p>Od zarania \u017cycia promieniowanie jonizuj\u0105ce towarzyszy organizmom na Ziemi. Znajomo\u015b\u0107 fizyki j\u0105drowej jest niezb\u0119dna do podejmowania m\u0105drych decyzji w dziedzinie wykorzystania promieniowania i energii j\u0105drowej oraz do ochrony \u015brodowiska. Na warsztatach om\u00f3wione zostanie zagadnienie promieniotw\u00f3rczo\u015bci naturalnej, kt\u00f3ra jest \u017ar\u00f3d\u0142em dawki na jaki nara\u017cony jest cz\u0142owiek. W czasie zaj\u0119\u0107 poznamy metody j\u0105drowe wykorzystywane do bada\u0144 promieniotw\u00f3rczo\u015bci naturalnej w \u015brodowisku cz\u0142owieka.<\/p>\n<p><strong>WARSZTAT\u00a0I &#8211;\u00a0Promieniowanie gamma<\/strong><\/p>\n<p>Przeprowadzimy identyfikacj\u0119 \u00a0izotop\u00f3w promieniotw\u00f3rczych w pr\u00f3bkach \u015brodowiskowych przy pomocy detektor\u00f3w scyntylacyjnych i p\u00f3\u0142przewodnikowych (spektrometria gamma). Sprawdzimy jakie s\u0105 podobie\u0144stwa i\u00a0r\u00f3\u017cnice w detekcji promieniowania gamma przy pomocy tych dw\u00f3ch detektor\u00f3w. Spr\u00f3bujemy odpowiedzie\u0107 jak mo\u017cemy si\u0119 chroni\u0107 przed promieniowaniem.<\/p>\n<p><strong>WARSZTAT\u00a0II &#8211;\u00a0Radon<\/strong><\/p>\n<p>Radon jest izotopem promieniotw\u00f3rczym, kt\u00f3ry wnosi najwi\u0119kszy wk\u0142ad do rocznej dawki efektywnej od \u017ar\u00f3de\u0142 naturalnych. Jest to gaz promieniotw\u00f3rczy, niewidoczny i bezwonny, kt\u00f3ry powszechnie wyst\u0119puje w otoczeniu cz\u0142owieka, w powietrzu i w wodzie. Podczas warsztatu przedstawione zostan\u0105 wybrane metody pomiaru radonu w powietrzu i w wodzie.<\/p>\n<p><strong>Edycja I<\/strong><\/p>\n<p><strong>Termin spotkania 25.02.2023<\/strong> w godzinach od 9:00 do 14:00.<br \/>\nZaj\u0119cia odbywaj\u0105 si\u0119 na Wydziale Nauk \u015acis\u0142ych i Technicznych w Chorzowie, ul. 75 Pu\u0142ku Piechoty 1A.<\/p>\n<p><a href=\"https:\/\/formularze.us.edu.pl\/site\/index\/635\">Link rejestracyjny<\/a><\/p>\n<p><strong>Termin spotkania 04.03.2023<\/strong> w godzinach od 9:00 do 14:00.<br \/>\nZaj\u0119cia odbywaj\u0105 si\u0119 na Wydziale Nauk \u015acis\u0142ych i Technicznych w Chorzowie, ul. 75 Pu\u0142ku Piechoty 1A.<\/p>\n<p><a href=\"https:\/\/formularze.us.edu.pl\/site\/index\/635\">Link rejestracyjny<\/a><\/p>\n<p><strong>Edycja II<\/strong><\/p>\n<p><strong>Termin spotkania 18.03.2023<\/strong> w godzinach od 9:00 do 14:00.<br \/>\nZaj\u0119cia odbywaj\u0105 si\u0119 na Wydziale Nauk \u015acis\u0142ych i Technicznych w Chorzowie, ul. 75 Pu\u0142ku Piechoty 1A.<\/p>\n<p><a href=\"https:\/\/formularze.us.edu.pl\/site\/index\/635\">Link rejestracyjny<\/a><\/p>\n<p><strong>Termin spotkania <del>25.03.2023<\/del> UWAGA! zmiana terminu na 15.04.2023<\/strong> w godzinach od 9:00 do 14:00.<br \/>\nZaj\u0119cia odbywaj\u0105 si\u0119 na Wydziale Nauk \u015acis\u0142ych i Technicznych w Chorzowie, ul. 75 Pu\u0142ku Piechoty 1A.<\/p>\n<p><a href=\"https:\/\/formularze.us.edu.pl\/site\/index\/635\">Link rejestracyjny<\/a>[\/vc_toggle][\/vc_column][vc_column width=&#8221;1\/4&#8243;]\r\n                <div class=\"text-modules\">\r\n                    <div class=\"container\">\r\n                        \r\n                        <div class=\"text-modules__content\"><p><img class=\"size-medium wp-image-160764 aligncenter\" src=\"https:\/\/us.edu.pl\/wydzial\/wnst\/wp-content\/uploads\/sites\/18\/Bez-kategorii\/9c2a3c46-c79a-4d72-bd28-49065944a9d2-300x225.png\" alt=\"\" width=\"300\" height=\"225\" srcset=\"https:\/\/us.edu.pl\/wydzial\/wnst\/wp-content\/uploads\/sites\/18\/Bez-kategorii\/9c2a3c46-c79a-4d72-bd28-49065944a9d2-300x225.png 300w, https:\/\/us.edu.pl\/wydzial\/wnst\/wp-content\/uploads\/sites\/18\/Bez-kategorii\/9c2a3c46-c79a-4d72-bd28-49065944a9d2-768x576.png 768w, https:\/\/us.edu.pl\/wydzial\/wnst\/wp-content\/uploads\/sites\/18\/Bez-kategorii\/9c2a3c46-c79a-4d72-bd28-49065944a9d2-575x431.png 575w, https:\/\/us.edu.pl\/wydzial\/wnst\/wp-content\/uploads\/sites\/18\/Bez-kategorii\/9c2a3c46-c79a-4d72-bd28-49065944a9d2.png 800w\" sizes=\"(max-width: 300px) 100vw, 300px\" \/><\/p>\n<\/div>\r\n                    <\/div>\r\n                <\/div>[\/vc_column][\/vc_row][vc_row el_class=&#8221;container&#8221;][vc_column][\/vc_column][\/vc_row][vc_row el_class=&#8221;container&#8221;][vc_column]<div class=\"container\"><div class=\"separator\" style=\"background-color: #002E5A\"><\/div><\/div>\r\n                <div class=\"text-modules\">\r\n                    <div class=\"container\">\r\n                        \r\n                        <div class=\"text-modules__content\"><\/p>\n<p style=\"text-align: center;\"><strong><span style=\"color: #003366;\">WARSZTATY &#8211; SOSNOWIEC<\/span><\/strong><\/p>\n<p style=\"text-align: center;\">Zaj\u0119cia odbywaj\u0105 si\u0119 na Wydziale Nauk \u015acis\u0142ych i Technicznych w Sosnowcu, ul. \u017bytnia 12 w wyznaczonych terminach, w godzinach 13:00-14:30.<\/p>\n<p style=\"text-align: center;\">Rejestracja odbywa si\u0119 poprzez zg\u0142oszenie grupy uczni\u00f3w przez nauczyciela. Grupa musi sk\u0142ada\u0107 si\u0119 z co najmniej 28 uczni\u00f3w.<\/p>\n<p style=\"text-align: center;\">Terminy spotka\u0144:<\/p>\n<p style=\"text-align: center;\"><strong>Termin 1:<br \/>\n<\/strong>07.10.2022 r., 4.11.2022 r., 02.12.2022 r.<\/p>\n<p style=\"text-align: center;\"><strong>Termin 2:<br \/>\n<\/strong>\u00a021.10.2022 r., 18.11.2022 r., 9.12.2022 r.<\/p>\n<p style=\"text-align: center;\"><strong>Termin 3:<br \/>\n<\/strong>28.10.2022 r., 25.11.2022 r., 16.12.2022 r.<\/p>\n<p style=\"text-align: center;\"><span style=\"color: #3366ff;\"><strong>Termin 4:<br \/>\n<\/strong><strong>\u00a003.02.2023, 24.02.2023, 17.03.2023 r.<\/strong><br \/>\n<\/span><\/p>\n<p style=\"text-align: center;\"><span style=\"color: #3366ff;\"><strong>Termin 5:<br \/>\n<\/strong><strong>10.02.2023, 03.03.2023, 24.03.2023 r.<\/strong><br \/>\n<\/span><\/p>\n<p style=\"text-align: center;\"><span style=\"color: #3366ff;\"><strong>Termin 6:<br \/>\n<\/strong><strong>17.02.2023, 10.03.2023, 31.03.2023 r.<\/strong><\/span><\/p>\n<p>\n<\/div>\r\n                    <\/div>\r\n                <\/div>[\/vc_column][\/vc_row][vc_row el_class=&#8221;container&#8221;][vc_column][vc_toggle title=&#8221;LabView i programowanie nie jest trudne&#8221;]Opis:<br \/>\nWarsztaty s\u0105 skierowane do uczni\u00f3w szk\u00f3l \u015brednich chc\u0105cych pozna\u0107 inn\u0105 stron\u0119 programowania. Uczestnik warsztat\u00f3w zyska wiedz\u0119 z zakresu podstaw programowania w \u015brodowisku LabVew, kt\u00f3re wykorzystuje graficzny j\u0119zyk programowania G. Idea programowania w tym \u015brodowisku zwi\u0105zana jest z kontrolowanym przep\u0142ywem danych, dzi\u0119ki czemu programowanie staje si\u0119 bardziej intuicyjne.<\/p>\n<p>Prowadz\u0105cy:<br \/>\ndr hab. Ma\u0142gorzata Adamczyk-Habrajska, prof. U\u015a<\/p>\n<p>Sala: 22[\/vc_toggle][vc_toggle title=&#8221;Mikrokontrolery Arduino \u2013 nowe spojrzenie na sterowanie urz\u0105dzeniami&#8221;]Opis:<em><br \/>\nMikrokontroler<\/em>\u00a0coraz cz\u0119\u015bciej pojawia si\u0119 w amatorskich konstrukcjach robot\u00f3w. Czym s\u0105 te urz\u0105dzenia? Odpowied\u017a na to pytanie i wiele innych mo\u017cna uzyska\u0107 podczas proponowanych warsztat\u00f3w. Uczestnicz\u0105c w zaj\u0119ciach m\u0142ody cz\u0142owiek zbuduje swoj\u0105 pierwsz\u0105 konstrukcj\u0119 i sprawdzi, czy wci\u0105ga Go robotyka. Zapozna si\u0119 z\u00a0<strong>budow\u0105 i sposobem dzia\u0142ania kontroler\u00f3w<\/strong>. Pozna r\u00f3wnie\u017c dobre nawyki zwi\u0105zane z ich u\u017cytkowaniem.<\/p>\n<p>Prowadz\u0105cy:<br \/>\ndr Jolanta Makowska<\/p>\n<p>Sala: 26[\/vc_toggle][vc_toggle title=&#8221;Elektronika podstaw\u0105 wsp\u00f3\u0142czesnego \u015bwiata&#8221;]Opis:<br \/>\nElektronika jest dziedzin\u0105 techniki, kt\u00f3ra skupia si\u0119 na zagadnieniach zwi\u0105zanych z wytwarzaniem i przetwarzaniem sygna\u0142\u00f3w w postaci pr\u0105d\u00f3w elektrycznych lub p\u00f3l elektromagnetycznych. Brzmi skomplikowanie, prawda? Ale bez obaw, dzi\u0119ki warsztatom uczestnicy zapoznaj\u0105 si\u0119 z podstawami elektroniki.<\/p>\n<p>Prowadz\u0105cy:<br \/>\ndr Rados\u0142aw Zachariasz<\/p>\n<p>Sala: 45[\/vc_toggle][vc_toggle title=&#8221;Fizykochemiczne podej\u015bcie do \u015bwiata&#8221;]Opis:<br \/>\nPodczas zaj\u0119\u0107 uczestnik zapozna si\u0119 z zasadami BHP obowi\u0105zuj\u0105cymi w laboratorium i nauczy si\u0119 jak bezpiecznie pracowa\u0107 z odczynnikami chemicznymi. Zaznajomi si\u0119 tak\u017ce z podstawowym szk\u0142em i sprz\u0119tem laboratoryjnym. Samodzielne wykonywanie prostych \u0107wicze\u0144 laboratoryjnych pozwoli mu spojrze\u0107 na otaczaj\u0105cy go \u015bwiat oczami chemika i fizyka, wyzwoli w nim tw\u00f3rcze my\u015blenie, pomo\u017ce rozwija\u0107 zainteresowania i pasje. Udzia\u0142 warsztatach prowadzi do umiej\u0119tno\u015bci obserwacji i opisu zjawisk fizyko-chemicznych w otaczaj\u0105cym \u015bwiecie, dostrzegania z\u0142o\u017cono\u015bci zwi\u0105zk\u00f3w przyczynowo-skutkowych, prezentowania wynik\u00f3w w\u0142asnych obserwacji, eksperyment\u00f3w i przemy\u015ble\u0144, a tak\u017ce na wykorzystanie wiedzy fizyko-chemicznej w codziennym \u017cyciu. Uczestnictwo w zaj\u0119ciach zach\u0119ci ucznia do obserwacji zjawisk zachodz\u0105cych w najbli\u017cszym otoczeniu, pomo\u017ce zrozumie\u0107 otaczaj\u0105cy \u015bwiat, rozbudzi ciekawo\u015b\u0107, wykszta\u0142ci dociekliwo\u015b\u0107, refleksyjno\u015b\u0107, zdrowy krytycyzm, wyzwoli ch\u0119\u0107 dzia\u0142ania oraz wska\u017ce drog\u0119 do znajdowania odpowiedzi na nie zawsze \u0142atwe pytania. Uczestnik nauczy si\u0119 rzetelno\u015bci badawczej, rozwinie umiej\u0119tno\u015bci poszukiwania, porz\u0105dkowania, wykorzystywania i przechowywania r\u00f3\u017cnego rodzaju informacje.<\/p>\n<p>Prowadz\u0105cy:<br \/>\ndr Katarzyna Osi\u0144ska<\/p>\n<p>sala: 36-38[\/vc_toggle][\/vc_column][\/vc_row][vc_row][vc_column]<div class=\"container\"><div class=\"separator\" style=\"background-color: #002E5A\"><\/div><\/div>\r\n                <div class=\"text-modules\">\r\n                    <div class=\"container\">\r\n                        \r\n                        <div class=\"text-modules__content\"><p><img class=\"alignnone size-full wp-image-157602\" src=\"https:\/\/us.edu.pl\/wydzial\/wnst\/wp-content\/uploads\/sites\/18\/Bez-kategorii\/loga-1.png\" alt=\"\" width=\"100%\" height=\"auto\" srcset=\"https:\/\/us.edu.pl\/wydzial\/wnst\/wp-content\/uploads\/sites\/18\/Bez-kategorii\/loga-1.png 1000w, https:\/\/us.edu.pl\/wydzial\/wnst\/wp-content\/uploads\/sites\/18\/Bez-kategorii\/loga-1-300x44.png 300w, https:\/\/us.edu.pl\/wydzial\/wnst\/wp-content\/uploads\/sites\/18\/Bez-kategorii\/loga-1-768x113.png 768w, https:\/\/us.edu.pl\/wydzial\/wnst\/wp-content\/uploads\/sites\/18\/Bez-kategorii\/loga-1-575x85.png 575w\" sizes=\"(max-width: 1000px) 100vw, 1000px\" \/><\/p>\n<p><center>Projekt dofinansowano w ramach programu \u201eSpo\u0142eczna odpowiedzialno\u015b\u0107 nauki\u201d Ministerstwa Edukacji i Nauki<\/center><\/p>\n<\/div>\r\n                    <\/div>\r\n                <\/div>[\/vc_column][\/vc_row]<\/p>","protected":false},"excerpt":{"rendered":"<p>[vc_row el_class=&#8221;container&#8221;][vc_column width=&#8221;1\/4&#8243;][vc_wp_custommenu nav_menu=&#8221;733&#8243; title=&#8221;MENU&#8221;][\/vc_column][vc_column width=&#8221;1\/2&#8243;][vc_toggle title=&#8221;Chemia&#8221;]Uczestnicy bior\u0105 udzia\u0142 w trzech warsztatach chemicznych. WARSZTAT\u00a0I &#8211;\u00a0Kolorowa chemia\u00a0 \u00a0\u00a0 Podczas warsztat\u00f3w uczniowie b\u0119d\u0105 mogli przekona\u0107 si\u0119, \u017ce chemia to nie tylko trudne wzory, reakcje, uk\u0142ad okresowy i obliczenia. Chemia towarzyszy nam w \u017cyciu codziennym, jest kolorowa i potrafi zadziwia\u0107. Uczestnicy poznaj\u0105, co to jest chemiczny kameleon, znikaj\u0105cy [&#8230;]<\/p>\n<p><a class=\"btn btn-secondary understrap-read-more-link\" href=\"https:\/\/us.edu.pl\/wydzial\/wnst\/strona-glowna\/realizowane-projekty\/projekty-dydaktyczne-pozostale\/pinus\/warsztaty\/\">Read More&#8230;<\/a><\/p>\n","protected":false},"author":92,"featured_media":0,"parent":157570,"menu_order":0,"comment_status":"closed","ping_status":"closed","template":"","meta":{"_expiration-date-status":"","_expiration-date":0,"_expiration-date-type":"","_expiration-date-categories":[],"_expiration-date-options":[]},"acf":[],"_links":{"self":[{"href":"https:\/\/us.edu.pl\/wydzial\/wnst\/wp-json\/wp\/v2\/pages\/157796"}],"collection":[{"href":"https:\/\/us.edu.pl\/wydzial\/wnst\/wp-json\/wp\/v2\/pages"}],"about":[{"href":"https:\/\/us.edu.pl\/wydzial\/wnst\/wp-json\/wp\/v2\/types\/page"}],"author":[{"embeddable":true,"href":"https:\/\/us.edu.pl\/wydzial\/wnst\/wp-json\/wp\/v2\/users\/92"}],"replies":[{"embeddable":true,"href":"https:\/\/us.edu.pl\/wydzial\/wnst\/wp-json\/wp\/v2\/comments?post=157796"}],"version-history":[{"count":10,"href":"https:\/\/us.edu.pl\/wydzial\/wnst\/wp-json\/wp\/v2\/pages\/157796\/revisions"}],"predecessor-version":[{"id":170662,"href":"https:\/\/us.edu.pl\/wydzial\/wnst\/wp-json\/wp\/v2\/pages\/157796\/revisions\/170662"}],"up":[{"embeddable":true,"href":"https:\/\/us.edu.pl\/wydzial\/wnst\/wp-json\/wp\/v2\/pages\/157570"}],"wp:attachment":[{"href":"https:\/\/us.edu.pl\/wydzial\/wnst\/wp-json\/wp\/v2\/media?parent=157796"}],"curies":[{"name":"wp","href":"https:\/\/api.w.org\/{rel}","templated":true}]}}