{"id":173129,"date":"2024-02-15T09:11:18","date_gmt":"2024-02-15T08:11:18","guid":{"rendered":"https:\/\/us.edu.pl\/wydzial\/wnst\/?page_id=173129"},"modified":"2024-02-15T11:35:40","modified_gmt":"2024-02-15T10:35:40","slug":"odim2023","status":"publish","type":"page","link":"https:\/\/us.edu.pl\/wydzial\/wnst\/wspolpraca\/szkoly\/odim\/odim2023\/","title":{"rendered":"ODIM 2023"},"content":{"rendered":"<p>[vc_row el_class=&#8221;container&#8221;][vc_column width=&#8221;2\/3&#8243;][vc_tta_tabs color=&#8221;sky&#8221; active_section=&#8221;1&#8243; css=&#8221;.vc_custom_1707984804012{border-top-width: 2px !important;border-right-width: 2px !important;border-bottom-width: 2px !important;border-left-width: 2px !important;}&#8221; title=&#8221;Og\u00f3lnopolski Dzie\u0144 In\u017cynierii Materia\u0142owej 2023&#8243;][vc_tta_section title=&#8221;O wydarzeniu&#8221; tab_id=&#8221;1676291179487-86688b0f-9032&#8243;]\r\n                <div class=\"text-modules\">\r\n                    <div class=\"container\">\r\n                        \r\n                        <div class=\"text-modules__content\"><p>17 marca 2023 r. odb\u0119dzie si\u0119 po raz pierwszy <strong>Og\u00f3lnopolski Dzie\u0144 In\u017cynierii Materia\u0142owej<\/strong> (w skr. ODIM), og\u00f3lnopolska kampania informuj\u0105ca i zach\u0119caj\u0105ca m\u0142odzie\u017c do poznania si\u0119 z mo\u017cliwo\u015bciami jakie daje nauka i rozw\u00f3j w zakresie in\u017cynierii materia\u0142owej.<\/p>\n<p>ODIM jest wynikiem wsp\u00f3\u0142pracy 15 jednostek naukowych z ca\u0142ej Polski, tj. 13 uczelni wy\u017cszych oraz 2 instytut\u00f3w Polskiej Akademii Nauk pod patronatem Polskiego Towarzystwa Materia\u0142oznawczego. Instytut In\u017cynierii Materia\u0142owej z Wydzia\u0142u Nauk \u015acis\u0142ych i Technicznych Uniwersytetu \u015al\u0105skiego jest jego wsp\u00f3\u0142organizatorem i zaprasza wszystkich zainteresowanych do udzia\u0142u w tej niesamowitej przygodzie z In\u017cynieri\u0105 Materia\u0142ow\u0105.<\/p>\n<p>Wydarzenie zosta\u0142o podzielone na dwie cz\u0119\u015bci. W pierwszej cz\u0119\u015bci dnia w godzinach od 10:00 do 16:00 zapraszamy na wyk\u0142ady i warsztaty dla uczni\u00f3w szk\u00f3\u0142 ponadpodstawowych, a w drugiej cz\u0119\u015bci dnia, w godzinach od 16:00 do 19:00 organizujemy \u201e<strong>Materia\u0142owy Piknik Rodzinny<\/strong>\u201d.<\/p>\n<p>Pierwsza cz\u0119\u015b\u0107 wydarzenia skierowana jest przede wszystkim do uczni\u00f3w szk\u00f3\u0142 ponadpodstawowych, ale r\u00f3wnie\u017c student\u00f3w i sympatyk\u00f3w nauk technicznych.<\/p>\n<p>Popo\u0142udniowe spotkanie skierowane jest dla wszystkich, zar\u00f3wno dla dzieci, m\u0142odzie\u017cy jaki i doros\u0142ych. Jest to ciekawa propozycja sp\u0119dzenia popo\u0142udnia dla tych wszystkich, kt\u00f3rzy chcieliby poszerzy\u0107 horyzonty swojej wiedzy i dowiedzie\u0107 o czego\u015b nowego si\u0119 o materia\u0142ach, kt\u00f3re nas otaczaj\u0105, i to nie tylko na co dzie\u0144. Dodatkow\u0105 atrakcj\u0105 b\u0119d\u0105 \u201eGry terenowe\u201d dla najm\u0142odszych oraz mo\u017cliwo\u015b\u0107 spotkania z rysunkiem i malarstwem na warsztatach tematycznych.<\/p>\n<p>Og\u00f3lnopolskie Dni In\u017cynierii Materia\u0142owej odb\u0119d\u0105 si\u0119 stacjonarnie w kampusie Chorz\u00f3w, w budynku Wydzia\u0142u Nauk \u015acis\u0142ych i Technicznych, ul. 75. Pu\u0142ku Piechoty 1A.<\/p>\n<p style=\"text-align: center;\">Zapraszamy!!!<\/p>\n<p>\n<\/div>\r\n                    <\/div>\r\n                <\/div>\r\n                <div class=\"text-modules\">\r\n                    <div class=\"container\">\r\n                        \r\n                        <div class=\"text-modules__content\"><\/p>\n<hr \/>\n<p style=\"text-align: center;\">W trakcie wydarzenia b\u0119dzie mo\u017cliwo\u015b\u0107 zapoznania si\u0119 z celem i rezultatami projektu pt. \u201e<a href=\"https:\/\/matsci.us.edu.pl\/\"><strong>Materials Science Ma(s)ters &#8211; developing a new master&#8217;s degree<\/strong><\/a>&#8221; wsp\u00f3\u0142finansowanego przez Uni\u0119 Europejsk\u0105 w ramach programu Erasmus+ KA220 HED.<br \/>\n<small>Projekt realizowany jest przez konsorcjum uczelni: Uniwersytet \u015al\u0105ski w Katowicach, Polska (Lider), Afyon Kocatepe \u00dcniversitesi, Turcja, \u017dilinsk\u00e1 univerzita v \u017diline, S\u0142owacja, Ivan Franko National University of Lviv, Ukraina.<\/small><\/p>\n<p>\n<\/div>\r\n                    <\/div>\r\n                <\/div>[vc_row_inner][vc_column_inner][vc_single_image image=&#8221;164524&#8243; img_size=&#8221;full&#8221; alignment=&#8221;center&#8221;][\/vc_column_inner][\/vc_row_inner][\/vc_tta_section][vc_tta_section title=&#8221;O wyk\u0142adzie inauguracyjnym&#8221; tab_id=&#8221;1676291179496-ff02df54-5d87&#8243;][vc_row_inner][vc_column_inner width=&#8221;1\/6&#8243;][vc_single_image image=&#8221;160813&#8243; img_size=&#8221;large&#8221; add_caption=&#8221;yes&#8221; alignment=&#8221;center&#8221; style=&#8221;vc_box_rounded&#8221; onclick=&#8221;img_link_large&#8221;][\/vc_column_inner][vc_column_inner width=&#8221;5\/6&#8243;]\r\n                <div class=\"text-modules\">\r\n                    <div class=\"container\">\r\n                        \r\n                        <div class=\"text-modules__content\"><p>Wyk\u0142ad inauguracyjny pt. \u201e<strong>Szukanie dziury w ca\u0142ym\u201d &#8211; czyli o kontroli jako\u015bci wyrob\u00f3w i materia\u0142\u00f3w in\u017cynierskich<\/strong>\u201d wyg\u0142osi dr hab. Grzegorz Dercz, prof. U\u015a.<\/p>\n<p>Przechadzaj\u0105c si\u0119 po zak\u0142adzie pracy, szczeg\u00f3lnie tej cz\u0119\u015bci produkcyjnej, co jaki\u015b czas mo\u017cna us\u0142ysze\u0107: \u201e&#8230;zn\u00f3w Kontrola jako\u015bci jest niezadowolona i to nie wiadomo o co\u2026\u201d. Rodzi si\u0119 pytanie: \u201eNo w\u0142a\u015bnie o co\u201d? Ot\u00f3\u017c o jako\u015b\u0107! Dzia\u0142 kontroli jako\u015bci pe\u0142ni funkcj\u0119 \u201estra\u017cnika\u201d jako\u015bci materia\u0142\u00f3w i wyrob\u00f3w kt\u00f3re nas otaczaj\u0105. Wyk\u0142ad b\u0119dzie ciekaw\u0105 przygod\u0105 z in\u017cynieri\u0105 materia\u0142ow\u0105 okraszon\u0105 r\u00f3\u017cnymi, zaskakuj\u0105cymi niekiedy przyk\u0142adami wad materia\u0142\u00f3w ujawnionych przy u\u017cyciu nieniszcz\u0105cych i niszcz\u0105cych metod kontroli jako\u015bci.<\/p>\n<\/div>\r\n                    <\/div>\r\n                <\/div>[\/vc_column_inner][\/vc_row_inner][\/vc_tta_section][vc_tta_section title=&#8221;Harmonogram&#8221; tab_id=&#8221;1677752798167-dff1d940-05b9&#8243;][vc_empty_space][vc_btn title=&#8221;Zapisy na wyk\u0142ady i warsztaty&#8221; style=&#8221;custom&#8221; custom_background=&#8221;#1e73be&#8221; custom_text=&#8221;#ffffff&#8221; align=&#8221;center&#8221; button_block=&#8221;true&#8221; link=&#8221;url:https%3A%2F%2Fdocs.google.com%2Fspreadsheets%2Fd%2F1I5M6nNaqLEWwkT325yDr1v_x7Ueh1uhJ0KI-9ls1viA%2Fedit%23gid%3D0|target:_blank&#8221;][vc_toggle title=&#8221;10:15 \u201eSzukanie dziury w ca\u0142ym&#8222; &#8211; czyli o kontroli jako\u015bci wyrob\u00f3w i materia\u0142\u00f3w in\u017cynierskich&#8221; color=&#8221;sky&#8221;]<strong><span style=\"font-size: 120%;\">Prowadz\u0105cy: dr hab. Grzegorz Dercz, prof. U\u015a<\/span><\/strong><\/p>\n<p><span style=\"font-size: 120%;\">Opis: Przechadzaj\u0105c si\u0119 po zak\u0142adzie pracy, szczeg\u00f3lnie tej cz\u0119\u015bci produkcyjnej, co jaki\u015b czas mo\u017cna us\u0142ysze\u0107: \u201e&#8230;zn\u00f3w Kontrola jako\u015bci jest niezadowolona i to nie wiadomo o co\u2026\u201d. Rodzi si\u0119 pytanie: \u201eNo w\u0142a\u015bnie o co\u201d? Ot\u00f3\u017c o jako\u015b\u0107! Dzia\u0142 kontroli jako\u015bci pe\u0142ni funkcj\u0119 \u201estra\u017cnika\u201d jako\u015bci materia\u0142\u00f3w i wyrob\u00f3w kt\u00f3re nas otaczaj\u0105. Wyk\u0142ad b\u0119dzie ciekaw\u0105 przygod\u0105 z in\u017cynieri\u0105 materia\u0142ow\u0105 okraszon\u0105 r\u00f3\u017cnymi, zaskakuj\u0105cymi niekiedy przyk\u0142adami wad materia\u0142\u00f3w ujawnionych przy u\u017cyciu nieniszcz\u0105cych i niszcz\u0105cych metod kontroli jako\u015bci.<\/span><\/p>\n<p><span style=\"font-size: 120%;\">Miejsce: Chorz\u00f3w, ul. 75. Pu\u0142ku Piechoty 1A, aula P\/0\/5<br \/>\nCzas trwania: 30 min.<br \/>\nNa wyk\u0142ad obowi\u0105zuj\u0105 zapisy. Liczba miejsc ograniczona (max 200 os\u00f3b)!!!<\/span>[\/vc_toggle][vc_toggle title=&#8221;11:00 Superbohaterowie w\u015br\u00f3d materia\u0142\u00f3w&#8221; color=&#8221;sky&#8221;]<span style=\"font-size: 12pt;\"><strong>Prowadz\u0105cy: mgr in\u017c. Iza Matu\u0142a <\/strong><\/span><\/p>\n<p><span style=\"font-size: 120%;\">Opis: Materia\u0142y zwyk\u0142e i niezwyk\u0142e otaczaj\u0105 nas wsz\u0119dzie, nawet takie codzienne materia\u0142y mog\u0105 nas nie\u017ale zaskoczy\u0107. Podczas wyk\u0142adu poznamy kilka ciekawych materia\u0142\u00f3w i sposoby jak dzia\u0142aj\u0105. A przede wszystkim co zainspirowa\u0142o in\u017cynier\u00f3w do pracy nad nimi. Wyja\u015bnimy jak chemia, fizyka, matematyka i biologia znajduj\u0105 swoje miejsce w in\u017cynierii materia\u0142owej, a tak\u017ce pozwalaj\u0105 wyt\u0142umaczy\u0107 co dzieje si\u0119 wewn\u0105trz materia\u0142u.<\/span><\/p>\n<p><span style=\"font-size: 120%;\">Miejsce: Chorz\u00f3w, ul. 75. Pu\u0142ku Piechoty 1A, aula P\/0\/5<br \/>\nCzas trwania: 30 min.<br \/>\nNa wyk\u0142ad obowi\u0105zuj\u0105 zapisy. Liczba miejsc ograniczona (max 200 os\u00f3b)!!!<\/span>[\/vc_toggle][vc_toggle title=&#8221;11:45 Czy samolot doleci do celu? In\u017cynieria materia\u0142owa na wakacjach!!!&#8221; color=&#8221;sky&#8221;]<span style=\"font-size: 12pt;\"><strong>Prowadz\u0105cy: dr Wojciech Gurdziel<\/strong><\/span><\/p>\n<p><span style=\"font-size: 120%;\">Opis: \u017byjemy szybko, sprawnie i poznawczo. Nasza Ziemia nie jest dla nas ograniczeniem ani wyzwaniem. Ch\u0119tnie podr\u00f3\u017cujemy, i w\u0142a\u015bciwie nie ma miejsca na naszej planecie, do kt\u00f3rego nie mo\u017cemy dotrze\u0107. Ogranicza nas tylko jedno \u2013 czas. Tak tak, podr\u00f3\u017ce w czasie i przestrzeni by\u0142yby super ale to jeszcze nie dzi\u015b. Tym razem zapraszam na kr\u00f3tk\u0105 wycieczk\u0119 po problemach z jakimi borykaj\u0105 si\u0119 in\u017cynierowie podczas projektowania materia\u0142\u00f3w wykorzystywanych w awionice. Skupimy si\u0119 na ma\u0142o oczywistym, ale za to bardzo istotnym elemencie samolotu, jakim jest male\u0144ka \u0142opatka w silniku odrzutowym. Ten drobny fragment wielkiej maszyny jak\u0105 jest samolot, a w\u0142a\u015bciwie jego trwa\u0142o\u015b\u0107 i odporno\u015b\u0107 na warunki pracy, odpowiada za bezpiecze\u0144stwo lotu. Ta drobna cz\u0119\u015b\u0107 to przecie\u017c tylko u\u0142amek masy startowej wielkiego samolotu. Po spotkaniu na pewno inaczej spojrzycie na ten zwykle podwieszony pod skrzyd\u0142em samolotu i to jaki ma wp\u0142yw na nas i otaczaj\u0105cy nas \u015bwiat.<\/span><\/p>\n<p><span style=\"font-size: 120%;\">Miejsce: Chorz\u00f3w, ul. 75. Pu\u0142ku Piechoty 1A, aula P\/0\/5<br \/>\nCzas trwania: 30 min.<br \/>\nNa wyk\u0142ad obowi\u0105zuj\u0105 zapisy. Liczba miejsc ograniczona (max 200 os\u00f3b)!!!<\/span>[\/vc_toggle][vc_toggle title=&#8221;12:30 Do czego naukowcom potrzebne symulacje komputerowe? Dynamika Molekularna (MD) w in\u017cynierii materia\u0142owej&#8221; color=&#8221;sky&#8221;]<span style=\"font-size: 12pt;\"><strong>Prowadz\u0105cy: dr Anna Majtyka-Pi\u0142at<\/strong><\/span><\/p>\n<p><span style=\"font-size: 120%;\">Opis: Sukcesy wsp\u00f3\u0142czesnej nauki utwierdzaj\u0105 nas w przekonaniu, \u017ce najlepsze rezultaty mo\u017cna osi\u0105gn\u0105\u0107 pos\u0142uguj\u0105c si\u0119 zar\u00f3wno badaniami eksperymentalnymi jak i teoretycznymi opartymi na obliczeniach numerycznych np. metodzie Dynamiki Molekularnej. Dynamika molekularna umo\u017cliwia przygl\u0105danie si\u0119 zjawiskom fizycznym, chemicznym, czy biologicznym na poziomie cz\u0105steczkowym i atomowym. A jakie ma to prze\u0142o\u017cenie na nasze \u017cycie codzienne? Na te i inne pytanie postaramy si\u0119 odpowiedzie\u0107 na spotkaniu.<\/span><\/p>\n<p><span style=\"font-size: 120%;\">Miejsce: Chorz\u00f3w, ul. 75. Pu\u0142ku Piechoty 1A, aula P\/0\/5<br \/>\nCzas trwania: 30 min.<br \/>\nNa wyk\u0142ad obowi\u0105zuj\u0105 zapisy. Liczba miejsc ograniczona (max 200 os\u00f3b)!!!<\/span>[\/vc_toggle][vc_toggle title=&#8221;13:15 Jak podpatrywa\u0107 to najlepszych &#8211; materia\u0142y inspirowane natur\u0105&#8221; color=&#8221;sky&#8221;]<span style=\"font-size: 12pt;\"><strong>Prowadz\u0105cy: dr in\u017c. Sylwia Golba<\/strong><\/span><\/p>\n<p><span style=\"font-size: 120%;\">Opis: W ka\u017cdym momencie korzystamy w r\u00f3\u017cnorodnych materia\u0142\u00f3w \u2013 czyszcz\u0105c z\u0119by, jad\u0105c samochodem czy biegn\u0105c w butach. Chcemy aby by\u0142y mocne, dopasowane, skrojone na miar\u0119 naszych wymaga\u0144. Aby je spe\u0142ni\u0107 in\u017cynierowie materia\u0142owi si\u0119gaj\u0105 po rozliczne inspiracje, czasem mocno zaskakuj\u0105ce. A je\u015bli podpatrywa\u0107 to tylko najlepszych \u2013 zobaczymy wi\u0119c jakie triki stosuje matka natura, aby wygra\u0107 w grze zwanej \u017cyciem. Kogo zainspirowa\u0142 zimorodek? Dlaczego rzep lepi si\u0119 do psiego ogona (i komu on jest potrzebny)? I po co \u0142askota\u0107 paj\u0105ka? Odpowiemy na te i kilka innych pyta\u0144 &#8211; zapraszam.<\/span><\/p>\n<p><span style=\"font-size: 120%;\">Miejsce: Chorz\u00f3w, ul. 75. Pu\u0142ku Piechoty 1A, aula P\/0\/5<br \/>\nCzas trwania: 30 min.<br \/>\nNa wyk\u0142ad obowi\u0105zuj\u0105 zapisy. Liczba miejsc ograniczona (max 200 os\u00f3b)!!!<\/span>[\/vc_toggle][vc_toggle title=&#8221;14:00 In\u017cynieria Materia\u0142owa &#8211; a co to? A komu to potrzebne?&#8221; color=&#8221;sky&#8221;]<span style=\"font-size: 12pt;\"><strong>Prowadz\u0105cy: dr Maciej Zubko, prof. U\u015a<\/strong><\/span><\/p>\n<p><span style=\"font-size: 120%;\">Opis: \u017byjemy w \u015bwiecie materia\u0142\u00f3w. To z materia\u0142\u00f3w zbudowane jest wszystko, co widzimy i czego dotykamy. Codziennie otaczamy si\u0119 nimi, a ich istnienie wydaje nam si\u0119 oczywiste i w wi\u0119kszo\u015bci przypadk\u00f3w nawet nie zwracamy na nie uwagi. Jednak\u017ce, to jakimi materia\u0142ami dysponujemy kszta\u0142tuje nasz\u0105 rzeczywisto\u015b\u0107 do tego stopnia, \u017ce nawet ery w dziejach ludzko\u015bci nazywamy od dost\u0119pnych w nich materia\u0142\u00f3w. Czy jeste\u015bmy w stanie wyobrazi\u0107 sobie dzi\u015b \u017cycie bez metalu, tworzyw sztucznych, materia\u0142\u00f3w p\u00f3\u0142przewodnikowych czy ciek\u0142okrystalicznych? Dziedzin\u0105 nauki, kt\u00f3rej zadaniem jest badanie wp\u0142ywu struktury materia\u0142\u00f3w na ich w\u0142a\u015bciwo\u015bci oraz na tej podstawie projektowanie nowych materia\u0142\u00f3w jest In\u017cynieria Materia\u0142owa.<\/span><\/p>\n<p><span style=\"font-size: 120%;\">Miejsce: Chorz\u00f3w, ul. 75. Pu\u0142ku Piechoty 1A, aula P\/0\/5<br \/>\nCzas trwania: 30 min.<br \/>\nNa wyk\u0142ad obowi\u0105zuj\u0105 zapisy. Liczba miejsc ograniczona (max 200 os\u00f3b)!!!<\/span>[\/vc_toggle][vc_toggle title=&#8221;14:45 Przysz\u0142o\u015b\u0107 rodzi si\u0119 na naszych oczach &#8211; nanomateria\u0142y w medycynie&#8221; color=&#8221;sky&#8221;]<span style=\"font-size: 12pt;\"><strong>Prowadz\u0105cy: dr Mateusz Dulski, prof. U\u015a<\/strong><\/span><\/p>\n<p><span style=\"font-size: 120%;\">Opis: Problemy wsp\u00f3\u0142czesnej medycyny (antybiotykoodporno\u015b\u0107, terapie celowane) wymuszaj\u0105 opracowanie alternatywnych rozwi\u0105za\u0144 skutkuj\u0105cych wy\u017csz\u0105 skuteczno\u015bci\u0105 leczenia. Z pomoc\u0105 przychodzi nanotechnologia, kt\u00f3ra proponuje zastosowanie nanostruktur o \u015brednicy nieprzekraczaj\u0105cej 100 nm, kt\u00f3re dzi\u0119ki niezwykle silnie rozwini\u0119tej powierzchni aktywnej i wysokiej reaktywno\u015bci powierzchni nios\u0105 niesamowite mo\u017cliwo\u015bci niedost\u0119pne dla materia\u0142\u00f3w obj\u0119to\u015bciowych. Materia\u0142y takie mo\u017cna dowolnie kszta\u0142towa\u0107, zmienia\u0107 ich w\u0142asno\u015bci fizykochemiczne a tym samym zastosowanie. Mo\u017cliwo\u015bci wydaj\u0105 si\u0119 nieograniczone ale&#8230;.<\/span><\/p>\n<p><span style=\"font-size: 120%;\">Miejsce: Chorz\u00f3w, ul. 75. Pu\u0142ku Piechoty 1A, aula P\/0\/5<br \/>\nCzas trwania: 30 min.<br \/>\nNa wyk\u0142ad obowi\u0105zuj\u0105 zapisy. Liczba miejsc ograniczona (max 200 os\u00f3b)!!!<\/span>[\/vc_toggle][vc_toggle title=&#8221;15:30 Promieniowanie elektromagnetyczne w in\u017cynierii materia\u0142owej&#8221; color=&#8221;sky&#8221;]<span style=\"font-size: 12pt;\"><strong>Prowadz\u0105cy: dr hab. Ma\u0142gorzata Karolus, prof. U\u015a<\/strong><\/span><\/p>\n<p><span style=\"font-size: 120%;\">Opis: W ramach wyk\u0142adu proponujemy wirtualn\u0105 \u201ewycieczk\u0119\u201d do r\u00f3\u017cnego typu laboratori\u00f3w badawczych, w kt\u00f3rych wykorzystywane jest promieniowania rentgenowskie. Pocz\u0105wszy od pracowni samego Wilhelma Roentgena a\u017c po najnowocze\u015bniejsze laboratoria badawcze. Dla lepszego poznania zagadnienia b\u0119dzie wyja\u015bnione na czym polega istota powstawania promieniowania rentgenowskiego i do czego mo\u017ce si\u0119 ono przyda\u0107 w \u017cyciu i nauce &#8211; w fizyce, chemii i medycynie oraz\u2026 w sztuce &#8211; jednym s\u0142owem: w in\u017cynierii materia\u0142owej.<\/span><\/p>\n<p><span style=\"font-size: 120%;\">Miejsce: Chorz\u00f3w, ul. 75. Pu\u0142ku Piechoty 1A, aula P\/0\/5<br \/>\nCzas trwania: 30 min.<br \/>\nNa wyk\u0142ad obowi\u0105zuj\u0105 zapisy. Liczba miejsc ograniczona (max 200 os\u00f3b)!!!<\/span>[\/vc_toggle]\r\n                <div class=\"text-modules\">\r\n                    <div class=\"container\">\r\n                        \r\n                        <div class=\"text-modules__content\"><\/p>\n<h3 style=\"text-align: left;\"><span style=\"color: #002e5a;\">Warsztaty<\/span><\/h3>\n<p>\n<\/div>\r\n                    <\/div>\r\n                <\/div>[vc_toggle title=&#8221;\u015awiat druku 3d&#8221; color=&#8221;sky&#8221;]<strong><span style=\"font-size: 120%;\">Prowadz\u0105cy: dr Joanna Maszybrocka, prof. U\u015a i dr in\u017c. Micha\u0142 Dworak<\/span><\/strong><\/p>\n<p><span style=\"font-size: 120%;\">Opis: Zastanawiasz si\u0119, czym jest druk 3D? Jak powstaje tr\u00f3jwymiarowy model? Do czego wykorzystywane jest drukowanie przestrzenne? Na te i wiele innych pyta\u0144 odpowiemy podczas warsztat\u00f3w. Uczestnicy poznaj\u0105, czym jest i jak\u0105 rol\u0119 we wsp\u00f3\u0142czesnym \u015bwiecie odgrywa wytwarzanie przyrostowe, kt\u00f3re potocznie nazywane jest drukiem 3d. Na praktycznych przyk\u0142adach pokazany zostanie potencja\u0142 aplikacyjny druku 3d m.in. w medycynie (ortopedia, stomatologia, kardiologia) czy przemy\u015ble motoryzacyjnym (tworzenia lekkich a zarazem bardzo wytrzyma\u0142ych element\u00f3w). Podczas warsztat\u00f3w uczestnicy przygotuj\u0105 do druku prosty model 3d, kt\u00f3ry nast\u0119pnie zmaterializuj\u0105 przy pomocy drukarki 3d<\/span><\/p>\n<p><strong><span style=\"font-size: 100%;\">Miejsce: Chorz\u00f3w, ul. 75. Pu\u0142ku Piechoty 1A, sale A\/2\/15\u00a0 i\u00a0 C\/2\/14<br \/>\nGodz.: 11:00-11:30, 11:45-12:15, 12:30-13:00<br \/>\nCzas trwania: 30 min.<br \/>\nNa wyk\u0142ad obowi\u0105zuj\u0105 zapisy. Liczba miejsc ograniczona (po 6 os\u00f3b na 1 warsztat)!!!<\/span><\/strong>[\/vc_toggle][vc_toggle title=&#8221;Warsztaty mikromechaniczno-tribologiczne&#8221; color=&#8221;sky&#8221;]<strong><span style=\"font-size: 120%;\">Prowadz\u0105cy: dr Adrian Barylski i dr in\u017c. Krzysztof Anio\u0142ek<\/span><\/strong><\/p>\n<p><span style=\"font-size: 120%;\">Opis: Tribologia to nauka i technika dotycz\u0105ca powierzchni, nawzajem na siebie dzia\u0142aj\u0105cych, znajduj\u0105cych si\u0119 wzgl\u0119dem siebie w ruchu oraz wszelkie zwi\u0105zane z tym zagadnienia praktyczne. Warsztaty maj\u0105 na celu przybli\u017cenie tematyki bada\u0144 tribologicznych i pozwol\u0105 na zapoznanie si\u0119 z pracowni\u0105 tribologiczn\u0105 Instytutu Nauki o Materia\u0142ach. Podczas warsztat\u00f3w b\u0119dzie mo\u017cna przeprowadzi\u0107 przyk\u0142adowe testy zu\u017cycia, pomiary profilografometryczne powierzchni przed i po te\u015bcie, czy obserwacje mikroskopowe \u015blad\u00f3w zu\u017cycia oraz zagadnie\u0144 zwi\u0105zanych z warstw\u0105 wierzchni\u0105 badanych materia\u0142\u00f3w oraz jej w\u0142a\u015bciwo\u015bciami mikromechanicznymi i sklerometrycznymi.<\/span><\/p>\n<p><strong><span style=\"font-size: 100%;\">Miejsce: Chorz\u00f3w, ul. 75. Pu\u0142ku Piechoty 1A, sale C\/2\/11\u00a0 i\u00a0 C\/2\/12<br \/>\nGodz.: 11:00-11:30, 11:45-12:15, 12:30-13:00<br \/>\nCzas trwania: 30 min.<br \/>\nNa wyk\u0142ad obowi\u0105zuj\u0105 zapisy. Liczba miejsc ograniczona (max 10 os\u00f3b na 1 warsztat podzielonych na 2 x 5-osobowe zespo\u0142y)!!!<\/span><\/strong>[\/vc_toggle][vc_toggle title=&#8221;Rzeczy pod lup\u0105 &#8211; czyli fascynuj\u0105cy \u015bwiat mikroskopii elektronowej&#8221; color=&#8221;sky&#8221;]<strong><span style=\"font-size: 120%;\">Prowadz\u0105cy: dr Krystian Prusik<\/span><\/strong><\/p>\n<p><span style=\"font-size: 120%;\">Opis: Je\u017celi interesuje Ci\u0119 jak wygl\u0105daj\u0105 otaczaj\u0105ce nas przedmioty\/obiekty pod mikroskopem elektronowym to dobrze trafi\u0142e\u015b. Podczas warsztat\u00f3w b\u0119dziemy obserwowa\u0107 r\u00f3\u017cne obiekty z \u017cycia codziennego, u\u017cywaj\u0105c do tego mikroskopu elektronowego. Sprawdzimy r\u00f3wnie\u017c, z czego s\u0105 zbudowane, czyli jaki jest ich sk\u0142ad chemiczny. Masz co\u015b ciekawego do obejrzenia? Przynie\u015b to ze sob\u0105. We\u017amiemy to pod elektronow\u0105 lup\u0119.<\/span><\/p>\n<p><strong><span style=\"font-size: 100%;\">Miejsce: Chorz\u00f3w, ul. 75. Pu\u0142ku Piechoty 1A, pracownia F\/-1\/13<br \/>\nGodz.: 11:00-11:30, 11:45-12:15, 12:30-13:00<br \/>\nCzas trwania: 30 min.<br \/>\nNa wyk\u0142ad obowi\u0105zuj\u0105 zapisy. Liczba miejsc ograniczona (max 6 os\u00f3b na 1 pokaz)!!!<\/span><\/strong>[\/vc_toggle][vc_toggle title=&#8221;Energetyka wodorowa&#8221; color=&#8221;sky&#8221;]<strong><span style=\"font-size: 120%;\">Prowadz\u0105cy: mgr in\u017c. Patrycja Osak<\/span><\/strong><\/p>\n<p><span style=\"font-size: 120%;\">Opis: Tematyka warsztat\u00f3w zwi\u0105zana b\u0119dzie z praktycznym wykorzystaniem wodoru jako najbardziej pro-ekologicznego no\u015bnika energii przedstawione s\u0105 na przyk\u0142adzie modelu samochodu zaprojektowanego i wykonanego w USA, w kt\u00f3rym tradycyjne paliwa (benzyna, olej nap\u0119dowy, ropa naftowa) zosta\u0142y zast\u0105pione wodorem. Samoch\u00f3d taki zamiast tradycyjnych zbiornik\u00f3w posiada zbiorniki na wod\u00f3r i wbudowane ogniwo paliwowe, kt\u00f3re zamienia energi\u0119 chemiczn\u0105 wodoru na energi\u0119 elektryczn\u0105. Wyk\u0142ad ma na celu prezentacj\u0119 budowy i zasady dzia\u0142ania samochod\u00f3w opartych o dzia\u0142anie ogniwa paliwowego, a tak\u017ce zapoznanie s\u0142uchaczy z zachodz\u0105cymi procesami, jak: elektroliza wody, zasilanie za pomoc\u0105 energii s\u0142onecznej i wodorowej, energia i konwersja energii czy wydajno\u015b\u0107 energetyczna oraz zapoznanie z podstawowymi zasadami dotycz\u0105cymi projektowania nowych materia\u0142\u00f3w dla potrzeb wysokowydajnych ogniw paliwowych i energetyki wodorowej ze szczeg\u00f3lnym uwzgl\u0119dnieniem nanomateria\u0142\u00f3w.<\/span><\/p>\n<p><strong><span style=\"font-size: 100%;\">Miejsce: Chorz\u00f3w, ul. 75. Pu\u0142ku Piechoty 1A, sala C\/2\/5<br \/>\nGodz.: 11:00-11:30, 11:45-12:15, 12:30-13:00<br \/>\nCzas trwania: 30 min.<br \/>\nNa wyk\u0142ad obowi\u0105zuj\u0105 zapisy. Liczba miejsc ograniczona (po 10 os\u00f3b na 1 warsztat)!!!<\/span><\/strong>[\/vc_toggle][vc_toggle title=&#8221;Czym s\u0105 materia\u0142y inteligentne i jak dzia\u0142aj\u0105&#8221; color=&#8221;sky&#8221;]<strong><span style=\"font-size: 120%;\">Prowadz\u0105cy: dr in\u017c. Edyta Matyja<\/span><\/strong><\/p>\n<p><span style=\"font-size: 120%;\">Opis: Materia\u0142y inteligentne mog\u0105 zmienia\u0107 swoje w\u0142a\u015bciwo\u015bci w kontrolowany spos\u00f3b w odpowiedzi na bod\u017ace z otoczenia. Dzia\u0142aj\u0105c na taki materia\u0142 temperatur\u0105, polem magnetycznym, elektrycznym, czy \u015bwiat\u0142em mo\u017cemy uzyska\u0107 odpowied\u017a w postaci zmiany kszta\u0142tu, koloru, a nawet aktywowa\u0107 mechanizmy samonaprawcze. Podczas warsztat\u00f3w przekonacie si\u0119 co potrafi\u0105 niekt\u00f3re z tych materia\u0142\u00f3w. Zapewne, cz\u0119\u015b\u0107 z nich znacie ju\u017c z codziennego \u017cycia, jednak czy zastanawiali\u015bcie si\u0119 jak to w\u0142a\u015bciwie dzia\u0142a?<\/span><\/p>\n<p><strong><span style=\"font-size: 100%;\">Miejsce: Chorz\u00f3w, ul. 75. Pu\u0142ku Piechoty 1A, sala P\/1\/02<br \/>\nGodz.: 11:45-12:15, 12:30-13:00, 13:15-13:45<br \/>\nCzas trwania: 30 min.<br \/>\nNa wyk\u0142ad obowi\u0105zuj\u0105 zapisy. Liczba miejsc ograniczona (po 15 os\u00f3b na 1 warsztat)!!!<\/span><\/strong>[\/vc_toggle][vc_toggle title=&#8221;Podr\u00f3\u017c do wn\u0119trza materia\u0142\u00f3w, czyli obserwacje \u017cycia atom\u00f3w&#8221; color=&#8221;sky&#8221;]<strong><span style=\"font-size: 120%;\">Prowadz\u0105cy: mgr in\u017c. Pawe\u0142 \u015awiec<\/span><\/strong><\/p>\n<p><span style=\"font-size: 120%;\">Opis: Atomy nas otaczaj\u0105, s\u0105 cegie\u0142kami z kt\u00f3rych jeste\u015bmy zbudowani, tak jak wszystko z czego korzystamy. Dzisiejsza technologia, samochody, komputery i smartfony korzystaj\u0105 z coraz to mniejszych i wydajniejszych procesor\u00f3w, kt\u00f3re dzia\u0142aj\u0105 dzi\u0119ki mikroskopijnym tranzystorom o wielko\u015bciach nawet tak ma\u0142ych jak kilkadziesi\u0105t nanometr\u00f3w. Nowoczesne samoloty, samochody, implanty i statki kosmiczne s\u0105 projektowane i budowane dzi\u0119ki specjalistycznym materia\u0142om in\u017cynierskim. Wszystko to jeste\u015bmy w stanie wytwarza\u0107, gdy\u017c poznali\u015bmy \u201espos\u00f3b \u017cycia\u201d atom\u00f3w, ich w\u0119dr\u00f3wki oraz wzajemne relacje bowiem podgl\u0105dali\u015bmy je na zaawansowanych mikroskopach. Aby dowiedzie\u0107 si\u0119 nieco wi\u0119cej na ten temat, zapraszamy na warsztaty na kt\u00f3rych wsp\u00f3lnie b\u0119dziemy podgl\u0105da\u0107 nanometryczny \u015bwiat atom\u00f3w transmisyjnym mikroskopem elektronowym i nie tylko<\/span><\/p>\n<p><strong><span style=\"font-size: 100%;\">Miejsce: Chorz\u00f3w, ul. 75. Pu\u0142ku Piechoty 1A, sale F\/-1\/11+12&#8242; oraz F\/-1\/4+5<br \/>\nGodz.: 11:45-12:15, 12:30-13:00, 13:15-13:45<br \/>\nCzas trwania: 30 min.<br \/>\nNa wyk\u0142ad obowi\u0105zuj\u0105 zapisy. Liczba miejsc ograniczona (po 6 os\u00f3b na 1 warsztat)!!!<\/span><\/strong>[\/vc_toggle][vc_toggle title=&#8221;Co ukrywaj\u0105 materia\u0142y?&#8221; color=&#8221;sky&#8221;]<strong><span style=\"font-size: 120%;\">Prowadz\u0105cy: mgr in\u017c. Karsten Glowka<\/span><\/strong><\/p>\n<p><span style=\"font-size: 120%;\">Opis: Czy zastanawiali\u015bcie si\u0119 co ukrywaj\u0105 przed naukowcami materia\u0142y? Co sprawia, \u017ce niekt\u00f3re materia\u0142y mog\u0105 wykazywa\u0107 doskona\u0142e w\u0142a\u015bciwo\u015bci, kt\u00f3re pozwalaj\u0105 na szerokie zastosowanie? Co sprawia, \u017ce pozosta\u0142e inne wykazuj\u0105 s\u0142abe w\u0142a\u015bciwo\u015bci, dla kt\u00f3rych obszar zastosowania jest ograniczony? Odpowied\u017a na to pytanie znajdziecie w trakcie trwania warsztat\u00f3w!<\/span><\/p>\n<p><strong><span style=\"font-size: 100%;\">Miejsce: Chorz\u00f3w, ul. 75. Pu\u0142ku Piechoty 1A, sala F\/-1\/17+18<br \/>\nGodz.: 11:45-12:15, 12:30-13:00, 13:15-13:45<br \/>\nCzas trwania: 30 min.<br \/>\nNa wyk\u0142ad obowi\u0105zuj\u0105 zapisy. Liczba miejsc ograniczona (po 10 os\u00f3b na 1 warsztat)!!!<\/span><\/strong>[\/vc_toggle][vc_toggle title=&#8221;Ma\u0142e laboratorium In\u017cyniera Materia\u0142owego&#8221; color=&#8221;sky&#8221;]<strong><span style=\"font-size: 120%;\">Prowadz\u0105cy: mgr in\u017c. Izabela Matu\u0142a<\/span><\/strong><\/p>\n<p><span style=\"font-size: 120%;\">Opis: Zapraszam na spotkanie z materia\u0142ami w prawdziwym laboratorium, w kt\u00f3rym zamienicie si\u0119 w in\u017cynier\u00f3w materia\u0142owych. W trakcie warsztat\u00f3w poznacie lepiej materia\u0142y kt\u00f3re znacie z w\u0142asnego \u017cycia, przeprowadzicie testy i spr\u00f3bujecie ulepszy\u0107 materia\u0142y. Spr\u00f3bujemy rozwi\u0105za\u0107 zagadk\u0119 jakie zjawiska fizyczne i chemiczne kryj\u0105 si\u0119 w naszych obiektach eksperyment\u00f3w.<\/span><\/p>\n<p><strong><span style=\"font-size: 100%;\">Miejsce: Chorz\u00f3w, ul. 75. Pu\u0142ku Piechoty 1A, sala C\/2\/04<br \/>\nGodz.: 11:45-12:15, 12:30-13:00, 13:15-13:45<br \/>\nCzas trwania: 30 min.<br \/>\nNa wyk\u0142ad obowi\u0105zuj\u0105 zapisy. Liczba miejsc ograniczona (po 10 os\u00f3b na 1 warsztat)!!!<\/span><\/strong>[\/vc_toggle][vc_toggle title=&#8221;Co skrywaj\u0105 kompozyty?&#8221; color=&#8221;sky&#8221;]<strong><span style=\"font-size: 120%;\">Prowadz\u0105cy: dr Magdalena Szklarska<\/span><\/strong><\/p>\n<p><span style=\"font-size: 120%;\">Opis: Podczas warsztat\u00f3w dowiecie si\u0119 czym s\u0105 kompozyty i czemu zawdzi\u0119czaj\u0105 swoje unikatowe w\u0142a\u015bciwo\u015bci. Ponadto zaprojektujecie i wykonacie swoje w\u0142asne materia\u0142y kompozytowe! Co wi\u0119cej w dalszej cz\u0119\u015bci warsztat\u00f3w b\u0119dziecie mieli tak\u017ce okazj\u0119 sprawdzi\u0107 jak wykorzystane przez Was materia\u0142y wp\u0142yn\u0119\u0142y na ich wytrzyma\u0142o\u015b\u0107<\/span><\/p>\n<p><strong><span style=\"font-size: 100%;\">Miejsce: Chorz\u00f3w, ul. 75. Pu\u0142ku Piechoty 1A, sala P\/1\/10<br \/>\nGodz.: 13:15-13:45, 14:00-14:30<br \/>\nCzas trwania: 30 min.<br \/>\nNa wyk\u0142ad obowi\u0105zuj\u0105 zapisy. Liczba miejsc ograniczona (po 6 os\u00f3b na 1 warsztat)!!!<\/span><\/strong>[\/vc_toggle][\/vc_tta_section][vc_tta_section title=&#8221;Najwi\u0119ksza lekcja in\u017cynierii materia\u0142owej&#8221; tab_id=&#8221;1678872172145-04d5b831-1c2b&#8221;]\r\n                <div class=\"text-modules\">\r\n                    <div class=\"container\">\r\n                        \r\n                        <div class=\"text-modules__content\"><p>Wszystkie uczelnie z ca\u0142ej Polski organizuj\u0105ce Og\u00f3lnopolski Dzie\u0144 In\u017cynierii Materia\u0142owej wpad\u0142y na pomys\u0142 zorganizowania <strong>najwi\u0119kszej lekcji in\u017cynierii materia\u0142owej<\/strong>.<\/p>\n<p>Start wydarzenia odb\u0119dzie si\u0119 <strong>17 marca 2023 roku o godzinie 10:00<\/strong>. Uczestnicy najpierw wezm\u0105 udzia\u0142 w wyk\u0142adzie teoretycznym po\u015bwi\u0119conym podstawowym zagadnieniom z zakresu in\u017cynierii materia\u0142owej i jej zastosowa\u0144.<\/p>\n<p>Po wyk\u0142adzie uczestnicy otrzymaj\u0105\u00a0 zadania praktyczne, weryfikuj\u0105ce zdobyt\u0105 wiedz\u0119. W te\u015bcie praktycznym zostan\u0105 zapytani o takie elementy jak: definicj\u0119 in\u017cynierii materia\u0142owej, znaczenie tej dziedziny nauki oraz jej zastosowanie. Niekt\u00f3rzy uczestnicy b\u0119d\u0105 mieli okazj\u0119 w\u0142asnor\u0119cznie u\u017cy\u0107 suwmiarki i wpisa\u0107 wymiary zmierzonego przedmiotu do testu.<\/p>\n<p>Ca\u0142o\u015b\u0107 lekcji potrwa akademickie 1,5 godziny i <strong>zako\u0144czy si\u0119 o 11:30<\/strong>.<\/p>\n<p>Wi\u0119cej o wydarzeniu na stronie: <a href=\"https:\/\/biurorekordow.pl\/event\/najwieksza-lekcja-inzynierii-materialowej\/\">https:\/\/biurorekordow.pl\/event\/najwieksza-lekcja-inzynierii-materialowej\/<\/a><\/p>\n<p style=\"text-align: center;\">ZAPRASZAMY<\/p>\n<p>\n<\/div>\r\n                    <\/div>\r\n                <\/div>[\/vc_tta_section][vc_tta_section title=&#8221;Materia\u0142owy Piknik Rodzinny&#8221; tab_id=&#8221;1677831821494-a864ea84-169d&#8221;][vc_empty_space][vc_toggle title=&#8221;16:00 \u2013 19:00 Spotkanie z In\u017cynieri\u0105 Materia\u0142ow\u0105&#8221; color=&#8221;sky&#8221;]<strong><span style=\"font-size: 120%;\">Prowadz\u0105cy: dr Magdalena Szklarska, mgr in\u017c. Iza Matu\u0142a, dr in\u017c. Edyta Matyja, mgr in\u017c. Bartosz Terlecki<\/span><\/strong><\/p>\n<p><span style=\"font-size: 120%;\">Opis: To, \u017ce wszelkiego rodzaju materia\u0142y otaczaj\u0105 nas wsz\u0119dzie to wiemy, ale czy wiecie, \u017ce niekt\u00f3re z nich zosta\u0142y stworzone do zada\u0144 specjalnych? Czy wiecie \u017ce s\u0105 metale kt\u00f3re maj\u0105 swoja pami\u0119\u0107? Czy wiecie, \u017ce diament w pier\u015bcionku i grafit w o\u0142\u00f3wku s\u0105 zbudowane z tych samych atom\u00f3w w\u0119gla i dlaczego maj\u0105 zupe\u0142nie inne w\u0142a\u015bciwo\u015bci? Spr\u00f3bujemy przybli\u017cy\u0107 Wam, co to jest struktura materia\u0142u i jakie ma znaczenie w praktyce. A dla lubi\u0105cych zabawy w kosmos, poka\u017cemy te\u017c jak ze zwyk\u0142ych materia\u0142\u00f3w mo\u017cna zbudowa\u0107 swoj\u0105 rakiet\u0119 i wystrzeli\u0107 j\u0105. <\/span><\/p>\n<p><strong><span style=\"font-size: 100%;\">Miejsce: Chorz\u00f3w, ul. 75. Pu\u0142ku Piechoty 1A, Kampus &#8211; hol<br \/>\nGodz.: 16:00-19:00<br \/>\nWiek uczestnik\u00f3w: dzieci i m\u0142odzie\u017c<br \/>\nNa Piknik nie obowi\u0105zuj\u0105 zapisy.<\/span><\/strong>[\/vc_toggle][vc_toggle title=&#8221;16:00 \u2013 19:00 Warsztaty terenowe z kodami QR &#8222;Razem zbudujemy przysz\u0142o\u015b\u0107&#8221; color=&#8221;sky&#8221;]<strong><span style=\"font-size: 120%;\">Prowadz\u0105cy: dr in\u017c. Robert Paszkowski<\/span><\/strong><\/p>\n<p><span style=\"font-size: 120%;\">Opis: Sylwetki wybitnych naukowc\u00f3w i wynalazc\u00f3w, prze\u0142omowe osi\u0105gni\u0119cia i ciekawostki naukowe, ale te\u017c mn\u00f3stwo dobrej zabawy przy rozwi\u0105zywaniu zagadek \u2013 to wszystko czeka na uczestnik\u00f3w edukacyjnej gry \u201e<strong>Razem zbudujemy przysz\u0142o\u015b\u0107<\/strong>\u201d. Dzi\u0119ki pracy wielu naukowc\u00f3w i wynalazc\u00f3w mo\u017cemy bezpiecznie podr\u00f3\u017cowa\u0107, korzysta\u0107 z telefon\u00f3w kom\u00f3rkowych czy stosowa\u0107 lepsze metody diagnozy i leczenia pacjenta. Opracowywanie nowych technologii, odkrycia i innowacje kszta\u0142tuj\u0105 \u015bwiat, w kt\u00f3rym \u017cyjemy. Mo\u017ce i Ty przyczynisz si\u0119 do budowania naszej wsp\u00f3lnej przysz\u0142o\u015bci?<\/span><\/p>\n<p><span style=\"font-size: 120%;\">Gra terenowa polega na odnalezieniu wszystkich punkt\u00f3w kontrolnych i rozwi\u0105zaniu has\u0142a krzy\u017c\u00f3wki za\u0142\u0105czonej na formularzu gry. Punktami kontrolnymi s\u0105 okre\u015blone miejsca na terenie kampusu chorzowskiego Uniwersytetu \u015al\u0105skiego. Nawigacja pomi\u0119dzy poszczeg\u00f3lnymi punktami jest realizowana poprzez zaszyfrowane wskaz\u00f3wki, kt\u00f3rych tre\u015b\u0107 ukryta jest w kodach QR w danym punkcie kontrolnym. Ka\u017cdy z punkt\u00f3w kontrolnych, poza przekierowaniem do kolejnego miejsca, zawiera indywidualne has\u0142o (imi\u0119 i nazwisko wybitnego uczonego\/wynalazcy), kt\u00f3re nale\u017cy wpisa\u0107 na odebranym w punkcie informacyjnym formularzu. Uczestnicy (indywidualni lub kilkuosobowe grupy) musz\u0105 posiada\u0107 telefon umo\u017cliwiaj\u0105cy odczytanie kod\u00f3w QR (smartfon z dost\u0119pem do Internetu).<\/span><\/p>\n<p><strong><span style=\"font-size: 100%;\">Miejsce: Chorz\u00f3w, ul. 75. Pu\u0142ku Piechoty 1A, Kampus &#8211; hol<br \/>\nGodz.: 16:00-19:00<br \/>\nWiek uczestnik\u00f3w: dzieci i m\u0142odzie\u017c<br \/>\nNa Piknik nie obowi\u0105zuj\u0105 zapisy.<\/span><\/strong>[\/vc_toggle][vc_toggle title=&#8221;16:00 \u2013 19:00 Warsztaty terenowe z piecz\u0105tkami ODIM&#8221; color=&#8221;sky&#8221;]<strong><span style=\"font-size: 120%;\">Prowadz\u0105cy: mgr in\u017c. Karsten Glowka, mgr in\u017c. Pawe\u0142 \u015awiec<\/span><\/strong><\/p>\n<p><span style=\"font-size: 120%;\">Opis: Celem zabawy jest lokalizacja kilku stref tematycznych w g\u0142\u00f3wnym budynku kampusu Uniwersytetu \u015al\u0105skiego w Chorzowie. Do stref zaprowadzi Ci\u0119 specjalnie przygotowana mapa, kt\u00f3r\u0105 nale\u017cy odebra\u0107 w punkcie informacyjnym w g\u0142\u00f3wnym holu budynku. Odwied\u017a ka\u017cd\u0105 z stref i dowiedz si\u0119 wi\u0119cej o In\u017cynierii Materia\u0142owej oraz o najciekawszych badaniach i sukcesach naszych naukowc\u00f3w.<br \/>\nGra adresowana jest dla uczestnik\u00f3w w ka\u017cdym wieku. Na najm\u0142odszych czekaj\u0105 drobne niespodzianki w ka\u017cdej ze stref. Wszystkich zach\u0119camy do opiecz\u0119towania formularza pobranego z punktu informacyjnego \u2013 kolejne piecz\u0105tki dost\u0119pne b\u0119d\u0105 w ka\u017cdej strefie.<br \/>\nFormularz zabawy z kompletem piecz\u0105tek nale\u017cy przynie\u015b\u0107 do punktu informacyjnego, dla uczestnik\u00f3w zabawy przygotowali\u015bmy drobne nagrody. Liczba nagr\u00f3d limitowana<br \/>\n<\/span><\/p>\n<p><strong><span style=\"font-size: 100%;\">Miejsce: Chorz\u00f3w, ul. 75. Pu\u0142ku Piechoty 1A, Kampus &#8211; hol<br \/>\nGodz.: 16:00-19:00<br \/>\nWiek uczestnik\u00f3w: dzieci i m\u0142odzie\u017c<br \/>\nNa Piknik nie obowi\u0105zuj\u0105 zapisy.<\/span><\/strong>[\/vc_toggle][vc_toggle title=&#8221;16:00 \u2013 18:00 Technika sztuki artystycznej \u2013 spotkanie z rysunkiem i malarstwem&#8221; color=&#8221;sky&#8221;]<strong><span style=\"font-size: 120%;\">Prowadz\u0105cy: mgr in\u017c. Oliwia Starczewska<\/span><\/strong><\/p>\n<p><span style=\"font-size: 120%;\">Opis: Celem jest zapoznanie si\u0119 z podstawowymi technikami rysunku i malarstwa akrylowego. Porozmawiamy o tym jak zacz\u0105\u0107, jakie materia\u0142y s\u0105 potrzebne do rozpocz\u0119cia przygody ze sztuk\u0105. Na warsztatach b\u0119dzie mo\u017cliwo\u015b\u0107 spr\u00f3bowania swoich si\u0142 w starciu z akwarel\u0105 i o\u0142\u00f3wkiem. Poka\u017cemy, \u017ce sztuka r\u00f3wnie\u017c mo\u017ce by\u0107 dziedzina In\u017cynierii Materia\u0142owej.<br \/>\n<\/span><\/p>\n<p><strong><span style=\"font-size: 100%;\">Miejsce: Chorz\u00f3w, ul. 75. Pu\u0142ku Piechoty 1A, sala P\/1\/02<br \/>\nGodz.: 16:00-19:00<br \/>\nWiek uczestnik\u00f3w: dzieci i m\u0142odzie\u017c<br \/>\nNa warsztaty artystyczne obowi\u0105zuj\u0105 zapisy. Liczba miejsc ograniczona (20 os\u00f3b)!!!<\/span><\/strong>[\/vc_toggle][\/vc_tta_section][vc_tta_section title=&#8221;Film promuj\u0105cy&#8221; tab_id=&#8221;1677669234293-993678f9-29ae&#8221;][vc_row_inner][vc_column_inner width=&#8221;1\/6&#8243;][\/vc_column_inner][vc_column_inner width=&#8221;2\/3&#8243;][vc_empty_space]\r\n                <div class=\"text-modules\">\r\n                    <div class=\"container\">\r\n                        \r\n                        <div class=\"text-modules__content\"><\/p>\n<div style=\"width: 640px;\" class=\"wp-video\"><!--[if lt IE 9]><script>document.createElement('video');<\/script><![endif]-->\n<video class=\"wp-video-shortcode\" id=\"video-173129-1\" width=\"640\" height=\"360\" preload=\"metadata\" controls=\"controls\"><source type=\"video\/mp4\" src=\"https:\/\/phys.put.poznan.pl\/sites\/default\/files\/2023-02\/ODIM_ver7.mp4?_=1\" \/><a href=\"https:\/\/phys.put.poznan.pl\/sites\/default\/files\/2023-02\/ODIM_ver7.mp4\">https:\/\/phys.put.poznan.pl\/sites\/default\/files\/2023-02\/ODIM_ver7.mp4<\/a><\/video><\/div>\n<p>\n<\/div>\r\n                    <\/div>\r\n                <\/div>[\/vc_column_inner][vc_column_inner width=&#8221;1\/6&#8243;][\/vc_column_inner][\/vc_row_inner][\/vc_tta_section][\/vc_tta_tabs][\/vc_column][vc_column width=&#8221;1\/3&#8243;]\r\n                <div class=\"text-modules\">\r\n                    <div class=\"container\">\r\n                        \r\n                        <div class=\"text-modules__content\"><p><img class=\"alignnone wp-image-164245 size-full\" src=\"https:\/\/us.edu.pl\/wydzial\/wnst\/wp-content\/uploads\/sites\/18\/zdjecia-wydarzenia\/dzien-IM\/plakat.png\" alt=\"\" width=\"100%\" height=\"auto\" srcset=\"https:\/\/us.edu.pl\/wydzial\/wnst\/wp-content\/uploads\/sites\/18\/zdjecia-wydarzenia\/dzien-IM\/plakat.png 1414w, https:\/\/us.edu.pl\/wydzial\/wnst\/wp-content\/uploads\/sites\/18\/zdjecia-wydarzenia\/dzien-IM\/plakat-212x300.png 212w, https:\/\/us.edu.pl\/wydzial\/wnst\/wp-content\/uploads\/sites\/18\/zdjecia-wydarzenia\/dzien-IM\/plakat-724x1024.png 724w, https:\/\/us.edu.pl\/wydzial\/wnst\/wp-content\/uploads\/sites\/18\/zdjecia-wydarzenia\/dzien-IM\/plakat-768x1086.png 768w, https:\/\/us.edu.pl\/wydzial\/wnst\/wp-content\/uploads\/sites\/18\/zdjecia-wydarzenia\/dzien-IM\/plakat-1086x1536.png 1086w, https:\/\/us.edu.pl\/wydzial\/wnst\/wp-content\/uploads\/sites\/18\/zdjecia-wydarzenia\/dzien-IM\/plakat-407x575.png 407w\" sizes=\"(max-width: 1414px) 100vw, 1414px\" \/><\/p>\n<\/div>\r\n                    <\/div>\r\n                <\/div>[\/vc_column][\/vc_row][vc_row][vc_column][vc_separator color=&#8221;sky&#8221;]\r\n                <div class=\"text-modules\">\r\n                    <div class=\"container\">\r\n                        \r\n                        <div class=\"text-modules__content\"><\/p>\n<p style=\"text-align: center;\">Wydarzenie organizowane jest przez <a href=\"https:\/\/us.edu.pl\/instytut\/iim\">Instytut In\u017cynierii Materia\u0142owej<\/a> Uniwersytetu \u015al\u0105skiego w Katowicach.<br \/>\nPatronat honorowy nad wydarzeniem obj\u0119\u0142o <a href=\"http:\/\/ptm-materials.pl\/aktualnosci-biezace\/ogolnopolski-dzien-inzynierii-materialowej\" target=\"_blank\" rel=\"noopener\">Polskie Towarzystwo Materia\u0142oznawcze<\/a><\/p>\n<p>\n<\/div>\r\n                    <\/div>\r\n                <\/div>[\/vc_column][\/vc_row][vc_row][vc_column width=&#8221;1\/5&#8243;][\/vc_column][vc_column width=&#8221;1\/5&#8243;][\/vc_column][vc_column width=&#8221;1\/5&#8243;][vc_single_image image=&#8221;164249&#8243; img_size=&#8221;large&#8221; alignment=&#8221;right&#8221; style=&#8221;vc_box_shadow&#8221;][\/vc_column][vc_column width=&#8221;1\/5&#8243;][\/vc_column][vc_column width=&#8221;1\/5&#8243;][\/vc_column][\/vc_row][vc_row][vc_column][vc_column_text][\/vc_column_text][\/vc_column][\/vc_row]<\/p>","protected":false},"excerpt":{"rendered":"<p>[vc_row el_class=&#8221;container&#8221;][vc_column width=&#8221;2\/3&#8243;][vc_tta_tabs color=&#8221;sky&#8221; active_section=&#8221;1&#8243; css=&#8221;.vc_custom_1707984804012{border-top-width: 2px !important;border-right-width: 2px !important;border-bottom-width: 2px !important;border-left-width: 2px !important;}&#8221; title=&#8221;Og\u00f3lnopolski Dzie\u0144 In\u017cynierii Materia\u0142owej 2023&#8243;][vc_tta_section title=&#8221;O wydarzeniu&#8221; tab_id=&#8221;1676291179487-86688b0f-9032&#8243;][vc_row_inner][vc_column_inner][vc_single_image image=&#8221;164524&#8243; img_size=&#8221;full&#8221; alignment=&#8221;center&#8221;][\/vc_column_inner][\/vc_row_inner][\/vc_tta_section][vc_tta_section title=&#8221;O wyk\u0142adzie inauguracyjnym&#8221; tab_id=&#8221;1676291179496-ff02df54-5d87&#8243;][vc_row_inner][vc_column_inner width=&#8221;1\/6&#8243;][vc_single_image image=&#8221;160813&#8243; img_size=&#8221;large&#8221; add_caption=&#8221;yes&#8221; alignment=&#8221;center&#8221; style=&#8221;vc_box_rounded&#8221; onclick=&#8221;img_link_large&#8221;][\/vc_column_inner][vc_column_inner width=&#8221;5\/6&#8243;][\/vc_column_inner][\/vc_row_inner][\/vc_tta_section][vc_tta_section title=&#8221;Harmonogram&#8221; tab_id=&#8221;1677752798167-dff1d940-05b9&#8243;][vc_empty_space][vc_btn title=&#8221;Zapisy na wyk\u0142ady i warsztaty&#8221; style=&#8221;custom&#8221; custom_background=&#8221;#1e73be&#8221; custom_text=&#8221;#ffffff&#8221; align=&#8221;center&#8221; button_block=&#8221;true&#8221; link=&#8221;url:https%3A%2F%2Fdocs.google.com%2Fspreadsheets%2Fd%2F1I5M6nNaqLEWwkT325yDr1v_x7Ueh1uhJ0KI-9ls1viA%2Fedit%23gid%3D0|target:_blank&#8221;][vc_toggle title=&#8221;10:15 \u201eSzukanie dziury w ca\u0142ym&#8222; [&#8230;]<\/p>\n<p><a class=\"btn btn-secondary understrap-read-more-link\" href=\"https:\/\/us.edu.pl\/wydzial\/wnst\/wspolpraca\/szkoly\/odim\/odim2023\/\">Read More&#8230;<\/a><\/p>\n","protected":false},"author":92,"featured_media":0,"parent":173074,"menu_order":0,"comment_status":"closed","ping_status":"closed","template":"","meta":{"_expiration-date-status":"","_expiration-date":0,"_expiration-date-type":"","_expiration-date-categories":[],"_expiration-date-options":[]},"acf":[],"_links":{"self":[{"href":"https:\/\/us.edu.pl\/wydzial\/wnst\/wp-json\/wp\/v2\/pages\/173129"}],"collection":[{"href":"https:\/\/us.edu.pl\/wydzial\/wnst\/wp-json\/wp\/v2\/pages"}],"about":[{"href":"https:\/\/us.edu.pl\/wydzial\/wnst\/wp-json\/wp\/v2\/types\/page"}],"author":[{"embeddable":true,"href":"https:\/\/us.edu.pl\/wydzial\/wnst\/wp-json\/wp\/v2\/users\/92"}],"replies":[{"embeddable":true,"href":"https:\/\/us.edu.pl\/wydzial\/wnst\/wp-json\/wp\/v2\/comments?post=173129"}],"version-history":[{"count":3,"href":"https:\/\/us.edu.pl\/wydzial\/wnst\/wp-json\/wp\/v2\/pages\/173129\/revisions"}],"predecessor-version":[{"id":173151,"href":"https:\/\/us.edu.pl\/wydzial\/wnst\/wp-json\/wp\/v2\/pages\/173129\/revisions\/173151"}],"up":[{"embeddable":true,"href":"https:\/\/us.edu.pl\/wydzial\/wnst\/wp-json\/wp\/v2\/pages\/173074"}],"wp:attachment":[{"href":"https:\/\/us.edu.pl\/wydzial\/wnst\/wp-json\/wp\/v2\/media?parent=173129"}],"curies":[{"name":"wp","href":"https:\/\/api.w.org\/{rel}","templated":true}]}}