{"id":176699,"date":"2024-07-17T08:18:13","date_gmt":"2024-07-17T06:18:13","guid":{"rendered":"https:\/\/us.edu.pl\/wydzial\/wnst\/?page_id=176699"},"modified":"2026-04-22T13:31:40","modified_gmt":"2026-04-22T11:31:40","slug":"chemia-dla-zielonej-gospodarki","status":"publish","type":"page","link":"https:\/\/us.edu.pl\/wydzial\/wnst\/wspolpraca\/szkoly\/chemia-dla-zielonej-gospodarki\/","title":{"rendered":"Chemia dla Zielonej Gospodarki: Inicjatywa Edukacyjna"},"content":{"rendered":"<p>[vc_row el_class=&#8221;container&#8221;][vc_column]\r\n                <div class=\"text-modules\">\r\n                    <div class=\"container\">\r\n                        \r\n                        <div class=\"text-modules__content\"><\/p>\n<p><center><img class=\"aligncenter wp-image-174381 size-full\" src=\"https:\/\/us.edu.pl\/wydzial\/wnst\/wp-content\/uploads\/sites\/18\/Bez-kategorii\/logo-1.jpg\" alt=\"cztery flagi: niebieska z 3 gwiazdami, flaga polski, flaga unii europejskiej, \u017c\u00f3\u0142ty orze\u0142 na niebieskim tle\" width=\"100%\" height=\"auto\" srcset=\"https:\/\/us.edu.pl\/wydzial\/wnst\/wp-content\/uploads\/sites\/18\/Bez-kategorii\/logo-1.jpg 1385w, https:\/\/us.edu.pl\/wydzial\/wnst\/wp-content\/uploads\/sites\/18\/Bez-kategorii\/logo-1-300x32.jpg 300w, https:\/\/us.edu.pl\/wydzial\/wnst\/wp-content\/uploads\/sites\/18\/Bez-kategorii\/logo-1-1024x108.jpg 1024w, https:\/\/us.edu.pl\/wydzial\/wnst\/wp-content\/uploads\/sites\/18\/Bez-kategorii\/logo-1-768x81.jpg 768w, https:\/\/us.edu.pl\/wydzial\/wnst\/wp-content\/uploads\/sites\/18\/Bez-kategorii\/logo-1-575x61.jpg 575w\" sizes=\"(max-width: 1385px) 100vw, 1385px\" \/><\/center><\/p>\n<\/div>\r\n                    <\/div>\r\n                <\/div>\r\n                <div class=\"text-modules\">\r\n                    <div class=\"container\">\r\n                        \r\n                        <div class=\"text-modules__content\"><\/p>\n<h2 style=\"text-align: left;\"><span style=\"color: #002e5a;\">Projekt edukacyjny<br \/>\n\u201eChemia dla Zielonej Gospodarki: Inicjatywa Edukacyjna\u201d<\/span><\/h2>\n<p>\n<\/div>\r\n                    <\/div>\r\n                <\/div>[vc_row_inner content_placement=&#8221;middle&#8221;][vc_column_inner width=&#8221;1\/3&#8243;][vc_single_image image=&#8221;176704&#8243; img_size=&#8221;large&#8221; alignment=&#8221;center&#8221; style=&#8221;vc_box_rounded&#8221;][\/vc_column_inner][vc_column_inner width=&#8221;2\/3&#8243; css=&#8221;.vc_custom_1713786297824{border-top-width: 4px !important;border-right-width: 4px !important;border-bottom-width: 4px !important;border-left-width: 4px !important;padding-top: 8px !important;padding-right: 4px !important;padding-bottom: 4px !important;padding-left: 4px !important;border-left-color: #94c11f !important;border-left-style: solid !important;border-right-color: #94c11f !important;border-right-style: solid !important;border-top-color: #94c11f !important;border-top-style: solid !important;border-bottom-color: #94c11f !important;border-bottom-style: solid !important;border-radius: 5px !important;}&#8221;][vc_empty_space]\r\n                <div class=\"text-modules\">\r\n                    <div class=\"container\">\r\n                        \r\n                        <div class=\"text-modules__content\"><p><strong>Celem projektu<\/strong> jest wsparcie os\u00f3b studiuj\u0105cych w Uniwersytecie \u015al\u0105skim w Katowicach, kadry uczelni oraz os\u00f3b ucz\u0105cych si\u0119 w szko\u0142ach ponadpodstawowych poprzez dostosowanie kszta\u0142cenia do potrzeb zwi\u0105zanych z zielon\u0105 i cyfrow\u0105 transformacj\u0105.<\/p>\n<\/div>\r\n                    <\/div>\r\n                <\/div>[\/vc_column_inner][\/vc_row_inner]\r\n                <div class=\"text-modules\">\r\n                    <div class=\"container\">\r\n                        \r\n                        <div class=\"text-modules__content\"><p><strong>Zadania<\/strong>\u00a0zaplanowane w projekcie realizowane b\u0119d\u0105 na Wydziale Nauk \u015acis\u0142ych i Technicznych U\u015a w miastach: Katowice, Sosnowiec, Chorz\u00f3w:<\/p>\n<ol>\n<li>wsparcie kadry uczelni \u2013 kursy i szkolenia podnosz\u0105ce kompetencje zwi\u0105zane z zielon\u0105 i cyfrow\u0105 transformacj\u0105,<\/li>\n<li>sta\u017ce studenckie dla os\u00f3b studiuj\u0105cych na kierunkach zwi\u0105zanych z zielon\u0105 i cyfrow\u0105 gospodark\u0105 realizowanych na WNST,<\/li>\n<li>wsparcie uczni\u00f3w szk\u00f3\u0142 ponadpodstawowych,<\/li>\n<li>zakup \u015brodk\u00f3w trwa\u0142ych w celu doposa\u017cenia pracowni laboratoryjnych zwi\u0105zanych z zielon\u0105 chemi\u0105 i cyfrow\u0105 transformacj\u0105.<\/li>\n<\/ol>\n<p><strong>Grupa docelowa:<\/strong><\/p>\n<p>Grup\u0119 docelow\u0105 stanowi \u0142\u0105cznie 358 os\u00f3b, w tym:<\/p>\n<ol>\n<li><strong>Kadra dydaktyczna Uczelni <\/strong>\u2013 nauczyciele i nauczycielki tj. pracownicy dydaktyczni oraz badawczo-dydaktyczni Uniwersytetu \u015al\u0105skiego, kt\u00f3rzy chc\u0105 podnie\u015b\u0107 swoje kompetencje zwi\u0105zane z zielon\u0105 i cyfrow\u0105 transformacj\u0105 oraz wprowadzi\u0107 te zagadnienia do modu\u0142\u00f3w prowadzonych zaj\u0119\u0107.<\/li>\n<li><strong>Osoby studiuj\u0105ce <\/strong>\u2013 studenci i studentki studiuj\u0105cy na Wydziale Nauk \u015acis\u0142ych i Technicznych na kierunkach zwi\u0105zanych z zielon\u0105 i cyfrow\u0105 gospodark\u0105, chc\u0105cy zdoby\u0107 dodatkowe, praktyczne do\u015bwiadczenie.<\/li>\n<li><strong>Uczniowie i uczennice<\/strong> w wieku 15-20 lat ucz\u0105cy si\u0119 w szko\u0142ach ponadpodstawowych lub zamieszkuj\u0105cy w jednym z 7 podregion\u00f3w (okre\u015blonym w TPST) w woj. \u015bl\u0105skim obj\u0119tych procesem transformacji, zainteresowanych w szczeg\u00f3lno\u015bci naukami chemicznymi, chc\u0105cych zdawa\u0107 matur\u0119 z przedmiot\u00f3w z zakresu nauk \u015bcis\u0142ych i przyrodniczych (np. chemia, matematyka, biologia).<\/li>\n<\/ol>\n<p><strong>Efekty projektu<\/strong>:<\/p>\n<ol>\n<li>zdobycie\/podniesienie kompetencji uczestnik\u00f3w projektu,<\/li>\n<li>zwi\u0119kszenie konkurencyjno\u015bci na rynku pracy,<\/li>\n<li>inicjowanie dzia\u0142a\u0144, maj\u0105cych na celu popraw\u0119 jako\u015bci edukacji w celu zwi\u0119kszenia \u015bwiadomo\u015bci zr\u00f3wnowa\u017conego rozwoju oraz znaczenia nauk \u015bcis\u0142ych w rozwoju zielonej i cyfrowej gospodarki,<\/li>\n<li>wzmocnienie potencja\u0142u technicznego Uczelni.<\/li>\n<\/ol>\n<hr \/>\n<p>dost\u0119pno\u015b\u0107 architektoniczna obiekt\u00f3w, w kt\u00f3rych prowadzone s\u0105 aktywno\u015bci:<\/p>\n<ol>\n<li><a title=\"odno\u015bnik do dost\u0119pno\u015bci obiektu w Katowicach, ul. Bankowa 14 link otwiera si\u0119 w tym samym oknie\" href=\"https:\/\/us.edu.pl\/deklaracja-dostepnosci\/dostepnosc-architektoniczna-katowice-ul-bankowa-14\/\">Katowice ul. Bankowa 14<\/a><\/li>\n<li><a title=\"odno\u015bnik do dost\u0119pno\u015bci obiektu w Chorzowie, ul. 75 Pu\u0142ku Piechoty 1a link otwiera si\u0119 w tym samym oknie\" href=\"https:\/\/us.edu.pl\/deklaracja-dostepnosci\/dostepnosc-architektoniczna-chorzow-ul-75-pulku-piechoty-1a\/\">Chorz\u00f3w, ul. 75 Pu\u0142ku Piechoty 1a<\/a><\/li>\n<\/ol>\n<p>&nbsp;<\/p>\n<hr \/>\n<p><a title=\"hasztag funduszeeu link otwiera si\u0119 w nowym oknie\" href=\"https:\/\/www.facebook.com\/hashtag\/FunduszeUE\/\">#FunduszeUE<\/a><br \/>\n<a title=\"hasztag funduszeeuropejskie link otwiera si\u0119 w nowym oknie\" href=\"https:\/\/www.facebook.com\/hashtag\/funduszeeuropejskie\" target=\"_blank\" rel=\"noopener\">#FunduszeEuropejskie<\/a><\/p>\n<\/div>\r\n                    <\/div>\r\n                <\/div>[vc_column_text css=&#8221;.vc_custom_1713267460330{border-top-width: 4px !important;border-right-width: 4px !important;border-bottom-width: 4px !important;border-left-width: 4px !important;padding-top: 8px !important;padding-right: 8px !important;padding-bottom: 8px !important;padding-left: 8px !important;background-color: #94c11f !important;border-left-color: #94c11f !important;border-left-style: solid !important;border-right-color: #94c11f !important;border-right-style: solid !important;border-top-color: #94c11f !important;border-top-style: solid !important;border-bottom-color: #94c11f !important;border-bottom-style: solid !important;border-radius: 3px !important;}&#8221;]<\/p>\n<p style=\"text-align: center;\">Projekt realizowany jest w ramach programu Fundusze Europejskie dla \u015al\u0105skiego 2021\u20132027 (Fundusz na rzecz Sprawiedliwej Transformacji) dla Priorytetu: FESL.10.00-Fundusze Europejskie na transformacj\u0119 dla Dzia\u0142ania: FESL.10.25-Rozw\u00f3j kszta\u0142cenia wy\u017cszego zgodnie z potrzebami zielonej gospodarki.<\/p>\n<p>[\/vc_column_text][vc_separator color=&#8221;custom&#8221; accent_color=&#8221;#94c11f&#8221;][\/vc_column][\/vc_row][vc_row el_class=&#8221;container zakladki&#8221;][vc_column width=&#8221;1\/3&#8243;]\r\n                <div class=\"text-modules\">\r\n                    <div class=\"container\">\r\n                        \r\n                        <div class=\"text-modules__content\"><\/p>\n<h3><span style=\"color: #002e5a;\">Program<\/span><\/h3>\n<p>Fundusze Europejskie dla Wojew\u00f3dztwa \u015al\u0105skiego 2021-2027<\/p>\n<h3><span style=\"color: #002e5a;\">Kwota dofinansowania<\/span><\/h3>\n<p>Warto\u015b\u0107 projektu: <strong><span class=\"fontstyle0\">2 235 977,20 z\u0142\u00a0<\/span><\/strong><\/p>\n<h3><span style=\"color: #002e5a;\">Okres realizacji<\/span><\/h3>\n<p>01.03.2024 &#8211; 30.06.2026<\/p>\n<h3><span style=\"color: #002e5a;\">Zesp\u00f3\u0142 zarz\u0105dzaj\u0105cy<\/span><\/h3>\n<p>Koordynatorka Projektu \u2013 dr Katarzyna Kowalska-Szojda, prof. U\u015a<br \/>\nAsystentka ds. administracyjnych \u2013 dr Monika \u017barska<br \/>\n<span class=\"TextRun SCXW258691980 BCX2\" lang=\"PL-PL\" xml:lang=\"PL-PL\" data-contrast=\"none\"><span class=\"NormalTextRun SCXW258691980 BCX2\" data-ccp-parastyle=\"Normal (Web)\">Asystentka ds. finansowych &#8211;<\/span><\/span><span class=\"TextRun SCXW258691980 BCX2\" lang=\"PL-PL\" xml:lang=\"PL-PL\" data-contrast=\"none\"><span class=\"NormalTextRun SCXW258691980 BCX2\" data-ccp-parastyle=\"Normal (Web)\">\u00a0mgr Magdalena \u015anie\u017cek<\/span><\/span><span class=\"LineBreakBlob BlobObject DragDrop SCXW258691980 BCX2\"><span class=\"SCXW258691980 BCX2\">\u00a0<\/span><\/span><\/p>\n<h3><span style=\"color: #002e5a;\">Adres biura projektu<\/span><\/h3>\n<p>ul. Bankowa 14, pok\u00f3j 328 (1 pi\u0119tro), pawilon B<br \/>\nwinda znajduje si\u0119 w tzw. \u0142\u0105czniku pomi\u0119dzy pawilonami E i B<br \/>\nw celu uzyskanie konkretnej informacji o najwygodniejszej metodzie poruszania si\u0119 po obiekcie sugerujemy skonsultowanie z administratorem: Zdzis\u0142aw Go\u0142ojuch, e-mail: <a title=\"napisz do administratora obiektu\" href=\"mailto:zdzislaw.golojuch@us.edu.pl\">zdzislaw.golojuch@us.edu.pl<\/a>, tel. +48 502 622 793.<\/p>\n<\/div>\r\n                    <\/div>\r\n                <\/div>[\/vc_column][vc_column width=&#8221;2\/3&#8243; el_class=&#8221;shadow&#8221;][vc_empty_space][vc_tta_tabs style=&#8221;outline&#8221; color=&#8221;green&#8221; active_section=&#8221;1&#8243;][vc_tta_section title=&#8221;Rekrutacja&#8221; tab_id=&#8221;1721197027609-f6074ad0-b1de&#8221;]\r\n                <div class=\"text-modules\">\r\n                    <div class=\"container\">\r\n                        \r\n                        <div class=\"text-modules__content\"><\/p>\n<h3><span style=\"color: #002a5e;\">Komunikaty o rekrutacji<\/span><\/h3>\n<ol>\n<li><a title=\"odno\u015bnik do innej strony www, link otwiera si\u0119 w tym samym oknie\" href=\"https:\/\/us.edu.pl\/wydzial\/wnst\/2026\/04\/21\/projekt-chemia-dla-zielonej-gospodarki-rekrutacja-dla-uczniow-na-warsztaty-praktyczne\/\">Rekrutacja do zadania 3 dla uczni\u00f3w na warsztaty praktyczne Zielone technologie &#8211; komunikat z dnia 21.04.2026 r.<\/a><\/li>\n<li><a title=\"odno\u015bnik do innej strony www link otwiera si\u0119 w tym samym oknie\" href=\"https:\/\/us.edu.pl\/wydzial\/wnst\/2026\/04\/21\/projekt-chemia-dla-zielonej-gospodarki-rekrutacja-do-zadania-1-wsparcie-kadry-uczelni-szkolenie-zrownowazony-rozwoj-3\/\">Rekrutacja do zadania 1: Wsparcie Kadry Uczelni \u2013 kursy i szkolenia &#8211; komunikat z dnia 21.04.2026 r.<\/a><\/li>\n<li><a title=\"odno\u015bnik do innej strony www, link otwiera si\u0119 w tym samym oknie\" href=\"https:\/\/us.edu.pl\/wydzial\/wnst\/2026\/03\/31\/projekt-chemia-dla-zielonej-gospodarki-rekrutacja-do-zadania-1-wsparcie-kadry-uczelni-kursy-i-szkolenia\/\">Rekrutacja dodatkowa do zadania 1: Wsparcie Kadry Uczelni \u2013 kursy i szkolenia &#8211; komunikat z dnia 30.03.2026 r.<\/a><\/li>\n<li><a title=\"odno\u015bnik do innej strony www link otwiera si\u0119 w tym samym oknie\" href=\"https:\/\/us.edu.pl\/wydzial\/wnst\/2026\/01\/21\/projekt-chemia-dla-zielonej-gospodarki-rekrutacja-do-zadania-1-wsparcie-kadry-uczelni-szkolenia\/\">Rekrutacja do zadania 1: Wsparcie Kadry Uczelni \u2013 kursy i szkolenia &#8211; komunikat z dnia 21.01.2026 r.<\/a><\/li>\n<li><a title=\"odno\u015bnik do innej strony www, link otwiera si\u0119 w tym samym oknie\" href=\"https:\/\/us.edu.pl\/wydzial\/wnst\/2025\/11\/12\/projekt-chemia-dla-zielonej-gospodarki-rekrutacja-dla-uczniow-na-kursy-przygotowawcze\/\">Rekrutacja do zadania 3: Kursy przygotowawcze do egzamin\u00f3w maturalnych z zakresu nauk \u015bcis\u0142ych i przyrodniczych \u2013 warsztaty praktyczne; kursy z zakresu chemii &#8211; komunikat z dnia 22.10.2025 r. <\/a> <span style=\"color: #ff0000;\">rekrutacja zako\u0144czona, limit miejsc wyczerpany<\/span><\/li>\n<li><a title=\"odno\u015bnik do innej strony www, link otwiera si\u0119 w tym samym oknie\" href=\"https:\/\/us.edu.pl\/wydzial\/wnst\/2025\/10\/02\/projekt-chemia-dla-zielonej-gospodarki-rekrutacja-na-warsztaty-mentorskie\/\">Rekrutacja do zadania 3: Wsparcie Uczni\u00f3w szk\u00f3\u0142 ponadpodstawowych przez Uniwersytet \u015al\u0105ski w Katowicach, warsztaty mentorskie z zakresu nauk \u015bcis\u0142ych i przyrodniczych &#8211; komunikat z dnia 02.10.2025 r.<\/a> <span style=\"color: #ff0000;\">rekrutacja zako\u0144czona, limit miejsc wyczerpany.<\/span><\/li>\n<li><a title=\"odno\u015bnik do innej strony www, link otwiera si\u0119 w tym samym oknie\" href=\"https:\/\/us.edu.pl\/wydzial\/wnst\/2025\/09\/17\/projekt-chemia-dla-zielonej-gospodarki-rekrutacja-dla-szkol-drugi-etap2025\/\">Rekrutacja do zadania 3: Wsparcie uczni\u00f3w szk\u00f3\u0142 ponadpodstawowych przez Uniwersytet \u015al\u0105ski w Katowicach, warsztaty praktyczne realizowane na Uczelni &#8211; komunikat z dnia 17.09.2025<\/a><\/li>\n<li><a title=\"odno\u015bnik do innej strony www link otwiera si\u0119 w tym samym oknie\" href=\"https:\/\/us.edu.pl\/wydzial\/wnst\/2025\/09\/08\/projekt-chemia-dla-zielonej-gospodarki-rekrutacja-do-zadania-1-wsparcie-kadry-uczelni-szkolenie-zrownowazony-rozwoj\/\">Rekrutacja do zadania 1: Wsparcie Kadry Uczelni \u2013 szkolenie: Zr\u00f3wnowa\u017cony rozw\u00f3j &#8211; komunikat z dnia 08.09.2025 r.<\/a><\/li>\n<li><a title=\"odno\u015bnik do innej strony www link otwiera si\u0119 w tym samym oknie\" href=\"https:\/\/us.edu.pl\/wydzial\/wnst\/2025\/09\/03\/projekt-chemia-dla-zielonej-gospodarki-rekrutacja-do-zadania-1-wsparcie-kadry-uczelni-aromaty-barwniki\/\">Rekrutacja do zadania 1: Wsparcie Kadry Uczelni \u2013 szkolenie: Naturalne i chemiczne dodatki do \u017cywno\u015bci, aromaty i barwniki &#8211; komunikat z dnia 03.09.2025 r.<\/a><\/li>\n<li><a title=\"odno\u015bnik do innej strony www link otwiera si\u0119 w tym samym oknie\" href=\"https:\/\/us.edu.pl\/wydzial\/wnst\/2025\/09\/03\/projekt-chemia-dla-zielonej-gospodarki-rekrutacja-do-zadania-1-wsparcie-kadry-uczelni-analiza-zagrozen\/\">Rekrutacja do zadania 1: Wsparcie Kadry Uczelni \u2013 szkolenie: Analiza zagro\u017ce\u0144 &#8211; komunikat z dnia 03.09.2025 r.<\/a><\/li>\n<li><a title=\"odno\u015bnik do innej strony www link otwiera si\u0119 w tym samym oknie\" href=\"https:\/\/us.edu.pl\/wydzial\/wnst\/2025\/09\/03\/projekt-chemia-dla-zielonej-gospodarki-rekrutacja-do-zadania-1-wsparcie-kadry-uczelni\/\">Rekrutacja do zadania 1: Wsparcie Kadry Uczelni \u2013 szkolenie: Aspekty prawne &#8211; komunikat z dnia 03.09.2025 r.<\/a> <span style=\"color: #ff0000;\">rekrutacja zako\u0144czona, limit miejsc wyczerpany.<\/span><\/li>\n<li><a title=\"odno\u015bnik do innej strony www link otwiera si\u0119 w tym samym oknie\" href=\"https:\/\/us.edu.pl\/wydzial\/wnst\/2025\/02\/24\/projekt-chemia-dla-zielonej-gospodarki-rekrutacja-do-zadania-2-staze-studenckie2\/\">Rekrutacja dodatkowa do zadania 2: Sta\u017ce studenckie &#8211; komunikat z dnia 27.02.2025 r.<\/a> &#8211;\u00a0<span style=\"color: #ff0000;\">rekrutacja zako\u0144czona, limit miejsc wyczerpany.<\/span><\/li>\n<li><a title=\"odno\u015bnik do innej strony www link otwiera si\u0119 w tym samym oknie\" href=\"https:\/\/us.edu.pl\/wydzial\/wnst\/2025\/01\/13\/projekt-chemia-dla-zielonej-gospodarki-rekrutacja-do-zadania-2\/\">Rekrutacja do zadania 2: Sta\u017ce studenckie &#8211; komunikat z dnia 13.01.2025 r.<\/a><\/li>\n<li><a title=\"odno\u015bnik do komunikatu o rekrutacji link otwiera si\u0119 w nowym oknie\" href=\"https:\/\/us.edu.pl\/wydzial\/wnst\/2024\/11\/14\/projekt-chemia-dla-zielonej-gospodarki-rekrutacja-na-kursy-przygotowawcze-do-matury-z-chemii-14-10-2024\/\">Rekrutacja do zadania 3 &#8211; komunikat z dnia 14.10.2024 r.<\/a><\/li>\n<li><a title=\"odno\u015bnik do komunikatu o rekrutacji link otwiera si\u0119 w nowym oknie\" href=\"https:\/\/us.edu.pl\/wydzial\/wnst\/2024\/10\/01\/projekt-chemia-dla-zielonej-gospodarki-kursy-przygotowawcze\/\">Rekrutacja do zadania 3 &#8211; komunikat z dnia 30.09.2024 r.<\/a><\/li>\n<li><a title=\"odno\u015bnik do komunikatu o rekrutacji link otwiera si\u0119 w nowym oknie\" href=\"https:\/\/us.edu.pl\/wydzial\/wnst\/2024\/09\/20\/projekt-chemia-dla-zielonej-gospodarki-rekrutacja-dla-szkol-2-etap\/\">Rekrutacja do zadania 3 &#8211; komunikat z dnia 20.09.2024 r.<\/a><\/li>\n<li><a title=\"odno\u015bnik do komunikatu o rekrutacji link otwiera si\u0119 w nowym oknie\" href=\"https:\/\/us.edu.pl\/wydzial\/wnst\/wspolpraca\/szkoly\/chemia-dla-zielonej-gospodarki\/#1724245224654-a8ff6465-edf8\">Wyniki rekrutacji do zadania 3 &#8211; komunikat z dnia 21.08.2024 r.<\/a><\/li>\n<li><a title=\"odno\u015bnik do komunikatu o rekrutacji link otwiera si\u0119 w nowym oknie\" href=\"https:\/\/us.edu.pl\/wydzial\/wnst\/2024\/08\/19\/projekt-chemia-dla-zielonej-gospodarki-rekrutacja-dla-szkol\/\" target=\"_blank\" rel=\"noopener\">Rekrutacja do zadania 3 &#8211; komunikat z dnia 16.08.2024 r.<\/a><\/li>\n<\/ol>\n<p>\n<\/div>\r\n                    <\/div>\r\n                <\/div>[vc_separator color=&#8221;green&#8221; style=&#8221;double&#8221;][vc_column_text]<strong>Informacja dodatkowa<\/strong><\/p>\n<p>Osoby ze szczeg\u00f3lnymi potrzebami, zar\u00f3wno w procesie rekrutacji, jak i po przyj\u0119ciu do projektu, proszone s\u0105 o kontakt z:<\/p>\n<ul>\n<li>koordynatorem projektu: dr Katarzyna Kowalska-Szojda, prof. U\u015a; e-mail: <a title=\"napisz do koordynatora projektu\" href=\"mailto:katarzyna.kowalska-szojda@us.edu.pl\">katarzyna.kowalska-szojda@us.edu.pl<\/a>, tel. 32 3591460)<\/li>\n<li>koordynatorem ds. dost\u0119pno\u015bci: dr Ma\u0142gorzata Gajos-Gr\u017eeti\u0107, prof. U\u015a; e-mail: <a title=\"napisz do koordynatora ds. dost\u0119pno\u015bci\" href=\"mailto:malgorzata.gajos@us.edu.pl\">malgorzata.gajos@us.edu.pl<\/a>, tel. 32 3689716<\/li>\n<li>Centrum Obs\u0142ugi Student\u00f3w: e-mail: <a title=\"napisz do centrum obs\u0142ugi studenta\" href=\"mailto:dlastudenta@us.edu.pl\">dlastudenta@us.edu.pl<\/a>;<\/li>\n<\/ul>\n<p><strong>W przypadku wyst\u0105pienia jakichkolwiek przejaw\u00f3w dyskryminacji, ograniczaj\u0105cych dost\u0119p do projektu lub naruszaj\u0105cych w szczeg\u00f3lno\u015bci Kart\u0119 Praw Podstawowych Unii Europejskiej<\/strong> z dnia 26 pa\u017adziernika 2012 r. (Dz. Urz.UE C 326 z 26.10.2012, str. 391); <strong>Konwencj\u0119 o Prawach Os\u00f3b Niepe\u0142nosprawnych<\/strong>, sporz\u0105dzon\u0105 w Nowym Jorku dnia 13 grudnia 2006 r. (Dz. U. z 2012 r. poz. 1169, z p\u00f3\u017an.zm.) prosimy o zg\u0142oszenie i kontakt z:<\/p>\n<ul>\n<li>koordynatorem ds. dost\u0119pno\u015bci: mgr Anna Nawrot; e-mail: <a title=\"napisz do koordynatora ds. dost\u0119pno\u015bci\" href=\"mailto:anna.nawrot@us.edu.pl\">anna.nawrot@us.edu.pl<\/a>; tel. 32 3591910<\/li>\n<li>inspektorem danych osobowych: mgr Dariusz Pawe\u0142czak; e-mail: <a title=\"napisz do inspektora danych osobowych\" href=\"mailto:dariusz.pawelczak@us.edu.pl\">dariusz.pawelczak@us.edu.pl<\/a>; tel. 32 3592436<\/li>\n<li>Komisja R\u00f3wno\u015bci i R\u00f3\u017cnorodno\u015bci; Osoba sekretarska Komisji: Pawe\u0142 Ziegler: <a title=\"napisz do sekretariatu komisji r\u00f3wno\u015bci i r\u00f3\u017cnorodno\u015bci\" href=\"mailto:pawel.ziegler@us.edu.pl\">pawel.ziegler@us.edu.pl<\/a>; tel. 32 3592145<\/li>\n<li>Rzecznikiem praw i warto\u015bci akademickich: prof. dr hab. Jacek G\u00f3recki; e-mail: <a title=\"napisz do rzecznika praw i warto\u015bci akademickich\" href=\"mailto:jacek.gorecki@us.edu.pl\">jacek.gorecki@us.edu.pl<\/a>; tel. 32 3591149<\/li>\n<li>Rzecznikiem praw studenta i doktoranta: e-mail: <a title=\"napisz do rzecznika praw studenta i doktoranta\" href=\"mailto:rps@us.edu.pl\">rps@us.edu.pl<\/a><\/li>\n<\/ul>\n<p>[\/vc_column_text][\/vc_tta_section][vc_tta_section title=&#8221;Formularze&#8221; tab_id=&#8221;1721197027626-c192dff1-f6c2&#8243;]\r\n                <div class=\"text-modules\">\r\n                    <div class=\"container\">\r\n                        \r\n                        <div class=\"text-modules__content\"><\/p>\n<ul>\n<li><a title=\"odno\u015bnik do formularza 1a, link do pliku o rozszerzeniu doc otwiera si\u0119 w nowym oknie\" href=\"https:\/\/us.edu.pl\/wydzial\/wnst\/wp-content\/uploads\/sites\/18\/Dokumenty-zalaczniki\/zal_1a_Formularz_zgloszeniowy.docx\" class=\"mtli_attachment mtli_docx\" data-mtli=\"mtli_filesize1,03MB\" class=\"mtli_attachment mtli_docx\" data-mtli=\"mtli_filesize1,03MB\">Zal 1a Formularz zgloszeniowy.docx<\/a><\/li>\n<li><a title=\"odno\u015bnik do formularza 1b, link do pliku o rozszerzeniu doc otwiera si\u0119 w nowym oknie\" href=\"https:\/\/us.edu.pl\/wydzial\/wnst\/wp-content\/uploads\/sites\/18\/Dokumenty-zalaczniki\/zal_1b_Formularz_zgloszeniowy-1.docx\" class=\"mtli_attachment mtli_docx\" data-mtli=\"mtli_filesize1,06MB\" class=\"mtli_attachment mtli_docx\" data-mtli=\"mtli_filesize1,06MB\">Zal 1b Formularz zgloszeniowy.docx<\/a><\/li>\n<li><a title=\"odno\u015bnik do formularza 2a, link do pliku o rozszerzeniu doc otwiera si\u0119 w nowym oknie\" href=\"https:\/\/us.edu.pl\/wydzial\/wnst\/wp-content\/uploads\/sites\/18\/Dokumenty-zalaczniki\/zal_2a-Formularz-danych-osobowych.docx\" class=\"mtli_attachment mtli_docx\" data-mtli=\"mtli_filesize1,03MB\" class=\"mtli_attachment mtli_docx\" data-mtli=\"mtli_filesize1,03MB\">Zal 2a Formularz danych osobowych.docx<\/a><\/li>\n<li><a title=\"odno\u015bnik do formularza 2b, link do pliku o rozszerzeniu doc otwiera si\u0119 w nowym oknie\" href=\"https:\/\/us.edu.pl\/wydzial\/wnst\/wp-content\/uploads\/sites\/18\/Dokumenty-zalaczniki\/zal_2b-Formularz-danych-osobowych-1.docx\" class=\"mtli_attachment mtli_docx\" data-mtli=\"mtli_filesize1,06MB\" class=\"mtli_attachment mtli_docx\" data-mtli=\"mtli_filesize1,06MB\">Zal 2b Formularz danych osobowych.docx<\/a><\/li>\n<li><a title=\"odno\u015bnik do klauzuli 3, link do pliku o rozszerzeniu doc otwiera si\u0119 w nowym oknie\" href=\"https:\/\/us.edu.pl\/wydzial\/wnst\/wp-content\/uploads\/sites\/18\/2024\/09\/zal_3_klauzula-RODO.docx\" class=\"mtli_attachment mtli_docx\" data-mtli=\"mtli_filesize1,03MB\" class=\"mtli_attachment mtli_docx\" data-mtli=\"mtli_filesize1,03MB\">Zal 3_klauzula RODO.docx<\/a><\/li>\n<li><a title=\"odno\u015bnik do formularza klauzuli 4, link do pliku o rozszerzeniu doc otwiera si\u0119 w nowym oknie\" href=\"https:\/\/us.edu.pl\/wydzial\/wnst\/wp-content\/uploads\/sites\/18\/2024\/09\/zal_4_Formularz-klauzuli-informacyjnej.docx\" class=\"mtli_attachment mtli_docx\" data-mtli=\"mtli_filesize1,03MB\" class=\"mtli_attachment mtli_docx\" data-mtli=\"mtli_filesize1,03MB\">Zal 4 Formularz klauzuli informacyjnej.docx<\/a><\/li>\n<li><a title=\"odno\u015bnik do zgody rodzica 5a, link do pliku o rozszerzeniu doc otwiera si\u0119 w nowym oknie\" href=\"https:\/\/us.edu.pl\/wydzial\/wnst\/wp-content\/uploads\/sites\/18\/2024\/09\/zal_5a_Zgoda-rodzica_opiekuna-prawnego.docx\" class=\"mtli_attachment mtli_docx\" data-mtli=\"mtli_filesize1,03MB\" class=\"mtli_attachment mtli_docx\" data-mtli=\"mtli_filesize1,03MB\">Zal 5a Zgoda rodzica opiekuna prawnego.docx<\/a><\/li>\n<li><a title=\"odno\u015bnik do zgody rodzica 5b, link do pliku o rozszerzeniu doc otwiera si\u0119 w nowym oknie\" href=\"https:\/\/us.edu.pl\/wydzial\/wnst\/wp-content\/uploads\/sites\/18\/2024\/09\/zal_5b_Zgoda-rodzica_opiekuna-prawnego.docx\" class=\"mtli_attachment mtli_docx\" data-mtli=\"mtli_filesize1,05MB\" class=\"mtli_attachment mtli_docx\" data-mtli=\"mtli_filesize1,05MB\">Zal 5b Zgoda rodzica opiekuna prawnego.docx<\/a><\/li>\n<li><a title=\"odno\u015bnik do deklaracji 6a, link do pliku o rozszerzeniu doc otwiera si\u0119 w nowym oknie\" href=\"https:\/\/us.edu.pl\/wydzial\/wnst\/wp-content\/uploads\/sites\/18\/2024\/09\/zal_6a_Deklaracja-uczestnictwa.docx\" class=\"mtli_attachment mtli_docx\" data-mtli=\"mtli_filesize1,03MB\" class=\"mtli_attachment mtli_docx\" data-mtli=\"mtli_filesize1,03MB\">Zal 6a Deklaracja uczestnictwa.docx<\/a><\/li>\n<li><a title=\"odno\u015bnik do deklaracji 6b, link do pliku o rozszerzeniu doc otwiera si\u0119 w nowym oknie\" href=\"https:\/\/us.edu.pl\/wydzial\/wnst\/wp-content\/uploads\/sites\/18\/2024\/09\/zal_6b_Deklaracja-uczestnictwa-1.docx\" class=\"mtli_attachment mtli_docx\" data-mtli=\"mtli_filesize1,05MB\" class=\"mtli_attachment mtli_docx\" data-mtli=\"mtli_filesize1,05MB\">Zal 6b Deklaracja uczestnictwa.docx<\/a><\/li>\n<li><a title=\"odno\u015bnik do rezygnacji 7a, link do pliku o rozszerzeniu doc otwiera si\u0119 w nowym oknie\" href=\"https:\/\/us.edu.pl\/wydzial\/wnst\/wp-content\/uploads\/sites\/18\/2024\/09\/zal_7a_Rezygnacja-z-uczestnictwa.docx\" class=\"mtli_attachment mtli_docx\" data-mtli=\"mtli_filesize1,03MB\" class=\"mtli_attachment mtli_docx\" data-mtli=\"mtli_filesize1,03MB\">Zal 7a Rezygnacja z uczestnictwa.docx<\/a><\/li>\n<li><a title=\"odno\u015bnik do rezygnacji 7b, link do pliku o rozszerzeniu doc otwiera si\u0119 w nowym oknie\" href=\"https:\/\/us.edu.pl\/wydzial\/wnst\/wp-content\/uploads\/sites\/18\/2024\/09\/zal_7b_Rezygnacja-z-uczestnictwa.docx\" class=\"mtli_attachment mtli_docx\" data-mtli=\"mtli_filesize1,05MB\" class=\"mtli_attachment mtli_docx\" data-mtli=\"mtli_filesize1,05MB\">Zal 7b Rezygnacja z uczestnictwa.docx<\/a><\/li>\n<\/ul>\n<p>\n<style type=\"text\/css\">a[data-mtli~=\"mtli_filesize1,03MB\"]:after {content:\" (1,03 MB)\"}a[data-mtli~=\"mtli_filesize1,06MB\"]:after {content:\" (1,06 MB)\"}a[data-mtli~=\"mtli_filesize1,05MB\"]:after {content:\" (1,05 MB)\"}<\/style><\/div>\r\n                    <\/div>\r\n                <\/div>[vc_row_inner disable_element=&#8221;yes&#8221;][vc_column_inner width=&#8221;1\/2&#8243;]\r\n                <div class=\"text-modules\">\r\n                    <div class=\"container\">\r\n                        \r\n                        <div class=\"text-modules__content\"><\/p>\n<h3><span style=\"color: #002a5e;\">Formularze w formacie pdf<\/span><\/h3>\n<p><a href=\"https:\/\/us.edu.pl\/wydzial\/wnst\/wp-content\/uploads\/sites\/18\/Dokumenty-zalaczniki\/zal_1b_Formularz_zgloszeniowy.pdf\" class=\"mtli_attachment mtli_pdf\" data-mtli=\"mtli_filesize226,43kB\" class=\"mtli_attachment mtli_pdf\" data-mtli=\"mtli_filesize226,43kB\" target=\"_blank\" rel=\"noopener\">Za\u0142\u0105cznik 1b Formularz zg\u0142oszeniowy<\/a><\/p>\n<p><a href=\"https:\/\/us.edu.pl\/wydzial\/wnst\/wp-content\/uploads\/sites\/18\/Dokumenty-zalaczniki\/zal_2b-Formularz-danych-osobowych.pdf\" class=\"mtli_attachment mtli_pdf\" data-mtli=\"mtli_filesize268,30kB\" class=\"mtli_attachment mtli_pdf\" data-mtli=\"mtli_filesize268,30kB\" target=\"_blank\" rel=\"noopener\">Za\u0142\u0105cznik 2b Formularz danych osobowych<\/a><\/p>\n<p><a href=\"https:\/\/us.edu.pl\/wydzial\/wnst\/wp-content\/uploads\/sites\/18\/Dokumenty-zalaczniki\/zal_5b_Zgoda-rodzica_opiekuna-prawnego-1.pdf\" class=\"mtli_attachment mtli_pdf\" data-mtli=\"mtli_filesize775,46kB\" class=\"mtli_attachment mtli_pdf\" data-mtli=\"mtli_filesize775,46kB\" target=\"_blank\" rel=\"noopener\">Za\u0142\u0105cznik 5b Zgoda rodzica \/ opiekuna prawnego<\/a><\/p>\n<p><a href=\"https:\/\/us.edu.pl\/wydzial\/wnst\/wp-content\/uploads\/sites\/18\/Dokumenty-zalaczniki\/zal_6b_Deklaracja-uczestnictwa.pdf\" class=\"mtli_attachment mtli_pdf\" data-mtli=\"mtli_filesize176,36kB\" class=\"mtli_attachment mtli_pdf\" data-mtli=\"mtli_filesize176,36kB\" target=\"_blank\" rel=\"noopener\">Za\u0142\u0105cznik 6b Deklaracja uczestnictwa<\/a><\/p>\n<style type=\"text\/css\">a[data-mtli~=\"mtli_filesize226,43kB\"]:after {content:\" (226,43 kB)\"}a[data-mtli~=\"mtli_filesize268,30kB\"]:after {content:\" (268,30 kB)\"}a[data-mtli~=\"mtli_filesize775,46kB\"]:after {content:\" (775,46 kB)\"}a[data-mtli~=\"mtli_filesize176,36kB\"]:after {content:\" (176,36 kB)\"}<\/style><\/div>\r\n                    <\/div>\r\n                <\/div>[\/vc_column_inner][vc_column_inner width=&#8221;1\/2&#8243;]\r\n                <div class=\"text-modules\">\r\n                    <div class=\"container\">\r\n                        \r\n                        <div class=\"text-modules__content\"><\/p>\n<h3><span style=\"color: #002a5e;\">Formularze w formacie doc<\/span><\/h3>\n<p><a href=\"https:\/\/us.edu.pl\/wydzial\/wnst\/wp-content\/uploads\/sites\/18\/Dokumenty-zalaczniki\/zal_1b_Formularz_zgloszeniowy.docx\" class=\"mtli_attachment mtli_docx\" data-mtli=\"mtli_filesize1,05MB\" class=\"mtli_attachment mtli_docx\" data-mtli=\"mtli_filesize1,05MB\" target=\"_blank\" rel=\"noopener\">Za\u0142\u0105cznik 1b Formularz zg\u0142oszeniowy<\/a><\/p>\n<p><a href=\"https:\/\/us.edu.pl\/wydzial\/wnst\/wp-content\/uploads\/sites\/18\/Dokumenty-zalaczniki\/zal_2b-Formularz-danych-osobowych.docx\" class=\"mtli_attachment mtli_docx\" data-mtli=\"mtli_filesize1,06MB\" class=\"mtli_attachment mtli_docx\" data-mtli=\"mtli_filesize1,06MB\" target=\"_blank\" rel=\"noopener\">Za\u0142\u0105cznik 2b Formularz danych osobowych<\/a><\/p>\n<p><a href=\"https:\/\/us.edu.pl\/wydzial\/wnst\/wp-content\/uploads\/sites\/18\/Dokumenty-zalaczniki\/zal_5b_Zgoda-rodzica_opiekuna-prawnego-1.docx\" class=\"mtli_attachment mtli_docx\" data-mtli=\"mtli_filesize1,05MB\" class=\"mtli_attachment mtli_docx\" data-mtli=\"mtli_filesize1,05MB\" target=\"_blank\" rel=\"noopener\">Za\u0142\u0105cznik 5b Zgoda rodzica \/ opiekuna prawnego<\/a><\/p>\n<p><a href=\"https:\/\/us.edu.pl\/wydzial\/wnst\/wp-content\/uploads\/sites\/18\/Dokumenty-zalaczniki\/zal_6b_Deklaracja-uczestnictwa.docx\" class=\"mtli_attachment mtli_docx\" data-mtli=\"mtli_filesize1,05MB\" class=\"mtli_attachment mtli_docx\" data-mtli=\"mtli_filesize1,05MB\" target=\"_blank\" rel=\"noopener\">Za\u0142\u0105cznik 6b Deklaracja uczestnictwa<\/a><\/p>\n<style type=\"text\/css\">a[data-mtli~=\"mtli_filesize1,05MB\"]:after {content:\" (1,05 MB)\"}a[data-mtli~=\"mtli_filesize1,06MB\"]:after {content:\" (1,06 MB)\"}<\/style><\/div>\r\n                    <\/div>\r\n                <\/div>[\/vc_column_inner][\/vc_row_inner][\/vc_tta_section][vc_tta_section title=&#8221;Akty prawne&#8221; tab_id=&#8221;1721197027673-7a0acf19-5bfb&#8221;]\r\n                <div class=\"text-modules\">\r\n                    <div class=\"container\">\r\n                        \r\n                        <div class=\"text-modules__content\"><\/p>\n<h3><span style=\"color: #002a5e;\">Podstawy prawne<\/span><\/h3>\n<ol>\n<li><a title=\"odno\u015bnik do zarz\u0105dzenia nr 163 link otwiera si\u0119 w nowym oknie\" href=\"https:\/\/aktyprawne.us.edu.pl\/438-ostatnio-zmodyfikowane-dokumenty\/d\/7690\/1117\/\"><strong>Zarz\u0105dzenie nr 163<\/strong> Rektora Uniwersytetu \u015al\u0105skiego w Katowicach z dnia 12 listopada 2024 r. w sprawie ustalenia Regulaminu rekrutacji i uczestnictwa w ramach zadania 2: sta\u017ce studenckie dla os\u00f3b studiuj\u0105cych na kierunkach zwi\u0105zanych z zielon\u0105 i cyfrow\u0105 gospodark\u0105 realizowanych na Wydziale Nauk \u015acis\u0142ych i Technicznych w ramach projektu \u201eChemia dla Zielonej Gospodarki: Inicjatywa Edukacyjna\u201d realizowanego w ramach Programu Fundusze Europejskie dla \u015al\u0105skiego 2021-2027, Priorytet X Fundusze Europejskie na transformacj\u0119, Dzia\u0142anie 10.25 Rozw\u00f3j kszta\u0142cenia wy\u017cszego zgodnie z potrzebami zielonej gospodarki, wsp\u00f3\u0142finansowanego ze \u015brodk\u00f3w Funduszu na rzecz Sprawiedliwej Transformacji<\/a><br \/>\n<strong><a title=\"odno\u015bnik do regulaminu link do pliku pdf\" href=\"https:\/\/us.edu.pl\/wydzial\/wnst\/wp-content\/uploads\/sites\/18\/Bez-kategorii\/Regulamin_163_2024.pdf\" class=\"mtli_attachment mtli_pdf\" data-mtli=\"mtli_filesize327,91kB\" class=\"mtli_attachment mtli_pdf\" data-mtli=\"mtli_filesize327,91kB\">Regulamin rekrutacji<\/a><\/strong><\/li>\n<li><a title=\"odno\u015bnik do zarz\u0105dzenia 162, link otwiera si\u0119 w nowym oknie\" href=\"https:\/\/aktyprawne.us.edu.pl\/d\/8395\/5\/?tc=17\" target=\"_blank\" rel=\"noopener\"><strong>Zarz\u0105dzenie nr 162<\/strong> Rektora Uniwersytetu \u015al\u0105skiego w Katowicach z dnia 5 wrze\u015bnia 2025 r. zmieniaj\u0105ce <strong>zarz\u0105dzenie 128<\/strong> w sprawie wprowadzenia regulaminu rekrutacji i uczestnictwa w projekcie pt. \u201eChemia dla Zielonej Gospodarki: Inicjatywa Edukacyjna\u201d realizowanego w ramach Programu Fundusze Europejskie dla \u015al\u0105skiego 2021-2027, Priorytet X Fundusze Europejskie na transformacj\u0119, Dzia\u0142anie 10.25 Rozw\u00f3j kszta\u0142cenia wy\u017cszego zgodnie z potrzebami zielonej gospodarki, wsp\u00f3\u0142finansowanego ze \u015brodk\u00f3w Funduszu na rzecz Sprawiedliwej Transformacji.<\/a><br \/>\n<a title=\"odno\u015bnik do regulaminu, link do pliku o rozszerzeniu pdf\" href=\"https:\/\/us.edu.pl\/wydzial\/wnst\/wp-content\/uploads\/sites\/18\/unnamed-file.pdf\/Regulamin-162-2025.pdf\" class=\"mtli_attachment mtli_pdf\" data-mtli=\"mtli_filesize289,56kB\" class=\"mtli_attachment mtli_pdf\" data-mtli=\"mtli_filesize289,56kB\" target=\"_blank\" rel=\"noopener\"><strong>Regulamin rekrutacji<\/strong><\/a><\/li>\n<li><a title=\"odno\u015bnik do zarz\u0105dzenia 128 link otwiera si\u0119 w nowym oknie\" href=\"https:\/\/aktyprawne.us.edu.pl\/d\/7574\/6\/\"><strong>Zarz\u0105dzenie nr 128<\/strong> Rektora Uniwersytetu \u015al\u0105skiego w Katowicach z dnia 4 wrze\u015bnia 2024 r. w sprawie wprowadzenia regulaminu rekrutacji i uczestnictwa w projekcie pt. \u201eChemia dla Zielonej Gospodarki: Inicjatywa Edukacyjna\u201d realizowanego w ramach Programu Fundusze Europejskie dla \u015al\u0105skiego 2021-2027, Priorytet X Fundusze Europejskie na transformacj\u0119, Dzia\u0142anie 10.25 Rozw\u00f3j kszta\u0142cenia wy\u017cszego zgodnie z potrzebami zielonej gospodarki, wsp\u00f3\u0142finansowanego ze \u015brodk\u00f3w Funduszu na rzecz Sprawiedliwej Transformacji.<\/a><br \/>\n<a title=\"odno\u015bnik do regulaminu link do pliku pdf\" href=\"https:\/\/us.edu.pl\/wydzial\/wnst\/wp-content\/uploads\/sites\/18\/Dokumenty-zalaczniki\/Regulamin-rekrutacji-i-uczestnictwa-w-projekcie-Chemia-dla-Zielonej.pdf\" class=\"mtli_attachment mtli_pdf\" class=\"mtli_attachment mtli_pdf\"><strong>Regulamin rekrutacji<\/strong><\/a><\/li>\n<li><a title=\"odno\u015bnik do zarz\u0105dzenia 107 link do innej strony www\" href=\"https:\/\/aktyprawne.us.edu.pl\/d\/7526\/5\/\"><strong>Zarz\u0105dzenie nr 107<\/strong> Rektora Uniwersytetu \u015al\u0105skiego w Katowicach z dnia 12 lipca 2024 r. w sprawie w sprawie szczeg\u00f3\u0142owych zasad (polityki) rachunkowo\u015bci dotycz\u0105cych ewidencji i rozliczania \u015brodk\u00f3w otrzymanych na realizacj\u0119 Projektu<\/a><\/li>\n<li><a title=\"odno\u015bnik do do zarz\u0105dzenia nr 84 link do innej strony www\" href=\"https:\/\/aktyprawne.us.edu.pl\/d\/7365\/5\/\"><strong>Zarz\u0105dzenie nr 84<\/strong> Rektora Uniwersytetu \u015al\u0105skiego w Katowicach z dnia 5 czerwca 2024 r. w sprawie realizacji Projektu <\/a><\/li>\n<\/ol>\n<p>\n<style type=\"text\/css\">a[data-mtli~=\"mtli_filesize327,91kB\"]:after {content:\" (327,91 kB)\"}a[data-mtli~=\"mtli_filesize289,56kB\"]:after {content:\" (289,56 kB)\"}<\/style><\/div>\r\n                    <\/div>\r\n                <\/div>[\/vc_tta_section][vc_tta_section title=&#8221;Harmonorgramy form wsparcia&#8221; tab_id=&#8221;1721197027690-23189779-1eff&#8221;]\r\n                <div class=\"text-modules\">\r\n                    <div class=\"container\">\r\n                        \r\n                        <div class=\"text-modules__content\"><\/p>\n<h3><span style=\"color: #002a5e;\">Harmonogramy form wsparcia<\/span><\/h3>\n<ul>\n<li><a title=\"odno\u015bnik do harmonogramu w lutym, link do pliku o rozszerzeniu pdf\" href=\"https:\/\/us.edu.pl\/wydzial\/wnst\/wp-content\/uploads\/sites\/18\/Dokumenty-zalaczniki\/HFW-FESL.10.25-IZ.01-06D4_23-2026-02-002.pdf\" class=\"mtli_attachment mtli_pdf\" data-mtli=\"mtli_filesize229,12kB\" class=\"mtli_attachment mtli_pdf\" data-mtli=\"mtli_filesize229,12kB\">luty 2026<\/a><\/li>\n<li><a title=\"odno\u015bnik do harmonogramu we wrze\u015bniu link do pliku o rozszerzeniu pdf\" href=\"https:\/\/us.edu.pl\/wydzial\/wnst\/wp-content\/uploads\/sites\/18\/unnamed-file.pdf\/Chemia_dla_wrzesien_2025.pdf\" class=\"mtli_attachment mtli_pdf\" data-mtli=\"mtli_filesize213,39kB\" class=\"mtli_attachment mtli_pdf\" data-mtli=\"mtli_filesize213,39kB\">wrzesie\u0144 2025<\/a><\/li>\n<li><a title=\"odno\u015bnik do harmonogramu w sierpniu link do pliku o rozszerzeniu pdf\" href=\"https:\/\/us.edu.pl\/wydzial\/wnst\/wp-content\/uploads\/sites\/18\/unnamed-file.pdf\/Chemia_dla-sierpien_2025.pdf\" class=\"mtli_attachment mtli_pdf\" data-mtli=\"mtli_filesize214,71kB\" class=\"mtli_attachment mtli_pdf\" data-mtli=\"mtli_filesize214,71kB\">sierpie\u0144 2025<\/a><\/li>\n<li><a title=\"odno\u015bnik do harmonogramu w lipcu link do pliku o rozszerzeniu pdf\" href=\"https:\/\/us.edu.pl\/wydzial\/wnst\/wp-content\/uploads\/sites\/18\/unnamed-file.pdf\/Chemia_dla_lipiec_2025.pdf\" class=\"mtli_attachment mtli_pdf\" data-mtli=\"mtli_filesize212,99kB\" class=\"mtli_attachment mtli_pdf\" data-mtli=\"mtli_filesize212,99kB\">lipiec 2025<\/a><\/li>\n<li><a title=\"odno\u015bnik do harmonogramu w czerwcu link do pliku o rozszerzeniu pdf\" href=\"https:\/\/us.edu.pl\/wydzial\/wnst\/wp-content\/uploads\/sites\/18\/unnamed-file.pdf\/Chemia_dla_czerwiec_2025.pdf\" class=\"mtli_attachment mtli_pdf\" data-mtli=\"mtli_filesize218,40kB\" class=\"mtli_attachment mtli_pdf\" data-mtli=\"mtli_filesize218,40kB\">czerwiec 2025<\/a><\/li>\n<li><a title=\"odno\u015bnik do harmonogramu w maju link do pliku o rozszerzeniu pdf\" href=\"https:\/\/us.edu.pl\/wydzial\/wnst\/wp-content\/uploads\/sites\/18\/unnamed-file.pdf\/Chemia_dla_maj_2025.pdf\" class=\"mtli_attachment mtli_pdf\" data-mtli=\"mtli_filesize219,05kB\" class=\"mtli_attachment mtli_pdf\" data-mtli=\"mtli_filesize219,05kB\">maj 2025<\/a><\/li>\n<li><a title=\"odno\u015bnik do harmonogramu w kwietniu link do pliku o rozszerzeniu pdf\" href=\"https:\/\/us.edu.pl\/wydzial\/wnst\/wp-content\/uploads\/sites\/18\/unnamed-file.pdf\/Chemia_dla_kwiecien_2025.pdf\" class=\"mtli_attachment mtli_pdf\" data-mtli=\"mtli_filesize224,00kB\" class=\"mtli_attachment mtli_pdf\" data-mtli=\"mtli_filesize224,00kB\">kwiecie\u0144 2025<\/a><\/li>\n<li><a title=\"odno\u015bnik do harmonogramu w marcu link do pliku o rozszerzeniu pdf\" href=\"https:\/\/us.edu.pl\/wydzial\/wnst\/wp-content\/uploads\/sites\/18\/unnamed-file.pdf\/Chemia_dla_marzec_2025.pdf\" class=\"mtli_attachment mtli_pdf\" data-mtli=\"mtli_filesize216,40kB\" class=\"mtli_attachment mtli_pdf\" data-mtli=\"mtli_filesize216,40kB\">marzec 2025<\/a><\/li>\n<li><a title=\"odno\u015bnik do harmonogramu w lutym link do pliku o rozszerzeniu pdf\" href=\"https:\/\/us.edu.pl\/wydzial\/wnst\/wp-content\/uploads\/sites\/18\/2025\/02\/HFW-FESL.10.25-IZ.01-06D4_23-2025-02-002.pdf\" class=\"mtli_attachment mtli_pdf\" data-mtli=\"mtli_filesize218,40kB\" class=\"mtli_attachment mtli_pdf\" data-mtli=\"mtli_filesize218,40kB\">luty 2025<\/a><\/li>\n<li><a title=\"odno\u015bnik doharmonogramu w styczniu 2025 r., dokument o rozszerzeniu pdf\" href=\"https:\/\/us.edu.pl\/wydzial\/wnst\/wp-content\/uploads\/sites\/18\/Dokumenty-zalaczniki\/HFW-FESL.10.25-IZ.01-06D4_23-2025-01-002.pdf\" class=\"mtli_attachment mtli_pdf\" data-mtli=\"mtli_filesize210,99kB\" class=\"mtli_attachment mtli_pdf\" data-mtli=\"mtli_filesize210,99kB\">stycze\u0144 2025<\/a><\/li>\n<li><a title=\"odno\u015bnik do harmonogramu w grudniu link do pliku o rozszerzeniu pdf\" href=\"https:\/\/us.edu.pl\/wydzial\/wnst\/wp-content\/uploads\/sites\/18\/zdjecia-kierunki\/unnamed-file.pdf\/HFW-FESL.10.25-IZ.01-06D4_23-2024-12-001.pdf\" class=\"mtli_attachment mtli_pdf\" data-mtli=\"mtli_filesize210,54kB\" class=\"mtli_attachment mtli_pdf\" data-mtli=\"mtli_filesize210,54kB\">grudzie\u0144 2024<\/a><\/li>\n<li><a title=\"odno\u015bnik do aktualizacji harmonogramu w listopadzie Link do pliku o rozszerzeniu pdf\" href=\"https:\/\/us.edu.pl\/wydzial\/wnst\/wp-content\/uploads\/sites\/18\/zdjecia-kierunki\/unnamed-file.pdf\/HFW-FESL.10.25-IZ.01-06D4_23-2024-11-002.pdf\" class=\"mtli_attachment mtli_pdf\" data-mtli=\"mtli_filesize212,01kB\" class=\"mtli_attachment mtli_pdf\" data-mtli=\"mtli_filesize212,01kB\">listopad 2024<\/a>\u00a0<em><small>aktualizacja 24.11.2024<\/small><\/em><br \/>\n<a title=\"odno\u015bnik do harmonogramu w listopadzie link do pliku o rozszerzeniu pdf\" href=\"https:\/\/us.edu.pl\/wydzial\/wnst\/wp-content\/uploads\/sites\/18\/Bez-kategorii\/HFW-FESL.10.25-IZ.01-06D4_23-2024-11-001.pdf\" class=\"mtli_attachment mtli_pdf\" data-mtli=\"mtli_filesize210,87kB\" class=\"mtli_attachment mtli_pdf\" data-mtli=\"mtli_filesize210,87kB\">listopad 2024<\/a><\/li>\n<li><a title=\"odno\u015bnik do harmonogramu w pa\u017adzierniku link do pliku o rozszerzeniu pdf\" href=\"https:\/\/us.edu.pl\/wydzial\/wnst\/wp-content\/uploads\/sites\/18\/Dokumenty-zalaczniki\/Chemia_dla-zielonej_harm_X_2024.pdf\" class=\"mtli_attachment mtli_pdf\" data-mtli=\"mtli_filesize212,01kB\" class=\"mtli_attachment mtli_pdf\" data-mtli=\"mtli_filesize212,01kB\">pa\u017adziernik 2024<\/a><\/li>\n<\/ul>\n<p>\n<style type=\"text\/css\">a[data-mtli~=\"mtli_filesize229,12kB\"]:after {content:\" (229,12 kB)\"}a[data-mtli~=\"mtli_filesize213,39kB\"]:after {content:\" (213,39 kB)\"}a[data-mtli~=\"mtli_filesize214,71kB\"]:after {content:\" (214,71 kB)\"}a[data-mtli~=\"mtli_filesize212,99kB\"]:after {content:\" (212,99 kB)\"}a[data-mtli~=\"mtli_filesize218,40kB\"]:after {content:\" (218,40 kB)\"}a[data-mtli~=\"mtli_filesize219,05kB\"]:after {content:\" (219,05 kB)\"}a[data-mtli~=\"mtli_filesize224,00kB\"]:after {content:\" (224,00 kB)\"}a[data-mtli~=\"mtli_filesize216,40kB\"]:after {content:\" (216,40 kB)\"}a[data-mtli~=\"mtli_filesize210,99kB\"]:after {content:\" (210,99 kB)\"}a[data-mtli~=\"mtli_filesize210,54kB\"]:after {content:\" (210,54 kB)\"}a[data-mtli~=\"mtli_filesize212,01kB\"]:after {content:\" (212,01 kB)\"}a[data-mtli~=\"mtli_filesize210,87kB\"]:after {content:\" (210,87 kB)\"}<\/style><\/div>\r\n                    <\/div>\r\n                <\/div>[\/vc_tta_section][\/vc_tta_tabs][\/vc_column][\/vc_row][vc_row el_class=&#8221;container&#8221; css=&#8221;.vc_custom_1722245993691{background-color: #e8e8e8 !important;}&#8221;][vc_column width=&#8221;1\/6&#8243;][\/vc_column][vc_column width=&#8221;2\/3&#8243;]\r\n                <div class=\"tiles-section\" style=\"background: \">\r\n                    <div class=\"container\">\r\n                        <h3 class=\"page-title\">Zadania realizowane w projekcie<\/h3>\r\n                        <div class=\"tiles tiles-4\">\r\n                            <a href=\"https:\/\/us.edu.pl\/wydzial\/wnst\/wspolpraca\/szkoly\/chemia-dla-zielonej-gospodarki\/#zad1\" class=\"tile tile_ \" style=\"background-color: #002E5A; font-weight: bold; color: #ffffff;  \">\r\n                                \r\n                                   <div class=\"tile__img\"><img src=\"https:\/\/us.edu.pl\/wydzial\/wnst\/wp-content\/uploads\/sites\/18\/2024\/07\/1.png\" alt=\"Wsparcie kadry Uczelni\"> <\/div>\r\n                               \r\n                                <div class=\"tile__name\">Wsparcie kadry Uczelni<\/div>\r\n                            <\/a>\r\n                            <a href=\"https:\/\/us.edu.pl\/wydzial\/wnst\/wspolpraca\/szkoly\/chemia-dla-zielonej-gospodarki\/#zad2\" class=\"tile tile_ \" style=\"background-color: #002E5A; font-weight: bold; color: #ffffff;  \">\r\n                                \r\n                                   <div class=\"tile__img\"><img src=\"https:\/\/us.edu.pl\/wydzial\/wnst\/wp-content\/uploads\/sites\/18\/Bez-kategorii\/3-6.png\" alt=\"Sta\u017ce studenckie\"> <\/div>\r\n                               \r\n                                <div class=\"tile__name\">Sta\u017ce studenckie<\/div>\r\n                            <\/a>\r\n                            <a href=\"https:\/\/us.edu.pl\/wydzial\/wnst\/wspolpraca\/szkoly\/chemia-dla-zielonej-gospodarki\/#zad3\" class=\"tile tile_ \" style=\"background-color: #002E5A; font-weight: bold; color: #ffffff;  \">\r\n                                \r\n                                   <div class=\"tile__img\"><img src=\"https:\/\/us.edu.pl\/wydzial\/wnst\/wp-content\/uploads\/sites\/18\/Bez-kategorii\/Projekt-bez-nazwy.png\" alt=\"Wsparcie uczni\u00f3w szkol podstawowych\"> <\/div>\r\n                               \r\n                                <div class=\"tile__name\">Wsparcie uczni\u00f3w szkol podstawowych<\/div>\r\n                            <\/a>\r\n                            <a href=\"https:\/\/us.edu.pl\/wydzial\/wnst\/wspolpraca\/szkoly\/chemia-dla-zielonej-gospodarki\/#zad4\" class=\"tile tile_ \" style=\"background-color: #002E5A; font-weight: bold; color: #ffffff;  \">\r\n                                \r\n                                   <div class=\"tile__img\"><img src=\"https:\/\/us.edu.pl\/wydzial\/wnst\/wp-content\/uploads\/sites\/18\/Bez-kategorii\/zakupy-1.png\" alt=\"Zakup \u015brodk\u00f3w trwa\u0142ych\"> <\/div>\r\n                               \r\n                                <div class=\"tile__name\">Zakup \u015brodk\u00f3w trwa\u0142ych<\/div>\r\n                            <\/a><\/div>\r\n                    <\/div>\r\n                <\/div>[\/vc_column][vc_column width=&#8221;1\/6&#8243;][\/vc_column][\/vc_row][vc_row el_class=&#8221;container&#8221;][vc_column][vc_empty_space][vc_text_separator title=&#8221;KONTAKT&#8221; color=&#8221;custom&#8221; accent_color=&#8221;#94c11f&#8221;][vc_column_text]<\/p>\n<p style=\"text-align: center;\"><span style=\"color: #002a5e;\">Biuro Projektu<\/span><br \/>\n<span style=\"color: #002a5e;\">Wydzia\u0142 Nauk \u015acis\u0142ych i Technicznych<br \/>\n<\/span>40-006 Katowice, ul. Bankowa 14, pok\u00f3j 328<br \/>\ntel.: 32 359 2452<\/p>\n<p style=\"text-align: center;\"><strong>Koordynator Projektu:<\/strong> dr Katarzyna Kowalska-Szojda, prof. U\u015a<br \/>\nE-mail: <a title=\"napisz do koordynatora projektu\" href=\"mailto:katarzyna.kowalska-szojda@us.edu.pl\">katarzyna.kowalska-szojda@us.edu.pl<\/a><br \/>\ntel.: 32 359 1460<\/p>\n<p style=\"text-align: center;\"><b><span data-contrast=\"none\">Asystentka ds. administracyjnych:<\/span><\/b><span data-contrast=\"none\"> dr Monika \u017barska<\/span><br \/>\n<span data-contrast=\"none\">E-mail: <\/span><a title=\"napisz do asystentki ds. administracyjnych\" href=\"mailto:monika.zarska@us.edu.pl\"><span data-contrast=\"none\">monika.zarska@us.edu.pl<\/span><\/a><br \/>\n<span data-contrast=\"none\">tel.: 32 359 2285<\/span><span data-ccp-props=\"{&quot;134233117&quot;:false,&quot;134233118&quot;:false,&quot;201341983&quot;:0,&quot;335557856&quot;:16777215,&quot;335559738&quot;:0,&quot;335559739&quot;:0,&quot;335559740&quot;:240}\">\u00a0<\/span><\/p>\n<p style=\"text-align: center;\"><b><span data-contrast=\"none\">Asystentka ds. finansowych<\/span><\/b><span data-contrast=\"none\">: mgr Magdalena \u015anie\u017cek<\/span><br \/>\n<span data-contrast=\"none\">E-mail: <\/span><a title=\"napisz do asystentki ds. finansowych\" href=\"mailto:magdalena.sniezek@us.edu.pl\"><span data-contrast=\"none\">magdalena.sniezek@us.edu.pl<\/span><\/a><br \/>\n<span data-contrast=\"none\">tel.: 32 359 1940<\/span><\/p>\n<p>[\/vc_column_text][vc_separator color=&#8221;custom&#8221; accent_color=&#8221;#94c11f&#8221;][\/vc_column][\/vc_row][vc_row el_class=&#8221;container zakladki&#8221;][vc_column]\r\n                <div class=\"text-modules\">\r\n                    <div class=\"container\">\r\n                        \r\n                        <div class=\"text-modules__content\"><\/p>\n<h3><strong><span style=\"color: #002e5a;\"><a id=\"zad1\"><\/a>Zadanie 1 \u2013 Wsparcie Kadry Uczelni.<\/span><\/strong><br \/>\n<span style=\"color: #002e5a;\">Kursy i szkolenia dla kadry podnosz\u0105ce kompetencje kadry zwi\u0105zane z zielon\u0105 i cyfrow\u0105 transformacj\u0105<\/span><\/h3>\n<p>\n<\/div>\r\n                    <\/div>\r\n                <\/div>[vc_tta_tabs style=&#8221;outline&#8221; color=&#8221;green&#8221; active_section=&#8221;1&#8243;][vc_tta_section title=&#8221;Wsparcie kadry Uczelni&#8221; tab_id=&#8221;1722419914223-443c6e4b-ad89&#8243;]\r\n                <div class=\"text-modules\">\r\n                    <div class=\"container\">\r\n                        \r\n                        <div class=\"text-modules__content\"><p><strong>CZ\u0118\u015a\u0106 1: Warsztaty (kursy i szkolenia) podnosz\u0105ce kompetencje cyfrowe:<\/strong><\/p>\n<p>Celem tego zadania jest dostarczenie uczestnikom i uczestniczkom praktycznych umiej\u0119tno\u015bci i wiedzy z zakresu narz\u0119dzi cyfrowych, kt\u00f3re pozwalaj\u0105 na tworzenie interaktywnych materia\u0142\u00f3w dydaktycznych. Ponadto, kursy i szkolenia maj\u0105 na celu zdobycie wiedzy na temat projektowania uniwersalnego w edukacji oraz mo\u017cliwo\u015bci i ogranicze\u0144 wsp\u00f3\u0142czesnych system\u00f3w sztucznej inteligencji.<\/p>\n<p>Tematy warsztat\u00f3w:<\/p>\n<ol>\n<li>Wykorzystanie system\u00f3w sztucznej inteligencji w nowoczesnej dydaktyce<\/li>\n<li>Tworzenie serwis\u00f3w internetowych dla dydaktyki z wykorzystaniem system\u00f3w zarz\u0105dzania tre\u015bci\u0105<\/li>\n<li>Projektowanie uniwersalnego w edukacji<\/li>\n<li>Kreatywne nowoczesne narz\u0119dzia edukacyjne (np. word, excel. statistica)<\/li>\n<\/ol>\n<p>Warsztaty b\u0119d\u0105 realizowane od wrze\u015bnia 2025 \u2013 czerwca 2026. Liczba godzin: 20 godzin dydaktycznych\/warsztat.<\/p>\n<p><strong>CZ\u0118\u015a\u0106 2: Kursy i szkolenia zewn\u0119trzne:<\/strong><\/p>\n<p>Oferta szkole\u0144<\/p>\n<ol>\n<li>Zr\u00f3wnowa\u017cony rozw\u00f3j:\n<ul>\n<li>Systemy zr\u00f3wnowa\u017conego rozwoju (64 godz.)<\/li>\n<li>Praktyka auditorska w zakresie zr\u00f3wnowa\u017conego rozwoju (32 godz.)<\/li>\n<\/ul>\n<\/li>\n<li>Aspekty prawne i systemy zarz\u0105dzania bezpiecze\u0144stwem \u017cywno\u015bci w zakresie dopuszczalnych poziom\u00f3w zanieczyszcze\u0144 chemicznych:\n<ul>\n<li>Aspekty prawne w zakresie dopuszczalnych poziom\u00f3w zanieczyszcze\u0144 chemicznych w \u015brodkach spo\u017cywczych (8 godz.).<\/li>\n<li>System zarz\u0105dzania bezpiecze\u0144stwem \u017cywno\u015bci (8 godz.)<\/li>\n<\/ul>\n<\/li>\n<li>Analiza zagro\u017ce\u0144 o charakterze chemicznym w procesach produkcji, przetwarzania i dystrybucji \u015brodk\u00f3w spo\u017cywczych (16 godz.)<\/li>\n<li>Naturalne i chemiczne dodatki do \u017cywno\u015bci, aromaty i barwniki (16 godz.)<\/li>\n<li>Dydaktyka w dobie zielonej transformacji (45 godz.). Przyk\u0142adowy zakres tematyczny: Wyzwania globalne a cele zr\u00f3wnowa\u017conego rozwoju; Za\u0142o\u017cenia Problem Based Learning i metody studium przypadku jako metody rozwijania zielonych kompetencji; Rola wyk\u0142adowcy w nowoczesnej dydaktyce w dobie zielonej transformacji; Wp\u0142yw wzrostu gospodarczego na zmiany klimatu i zdrowie ludzi<\/li>\n<li>Szkolenie certyfikowane: Tutoring akademicki (64 godz.)<\/li>\n<li>Intensywne, indywidualne kursy j\u0119zyka angielskiego (120 godz.)<\/li>\n<\/ol>\n<p>Uczestnikami i uczestniczkami Projektu mog\u0105 by\u0107 nauczyciele i nauczycielki akademickie, prowadz\u0105cy zaj\u0119cia na kierunkach zwi\u0105zanych z zielon\u0105 i cyfrow\u0105 gospodark\u0105 realizowane na WNST U\u015a, w szczeg\u00f3lno\u015bci na kierunkach takich jak chemia i technologia chemiczna.<\/p>\n<p>Zapraszamy do \u015bledzenia informacji o rekrutacji na stronie Projektu: https:\/\/us.edu.pl\/wydzial\/wnst\/wspolpraca\/szkoly\/chemia-dla-zielonej-gospodarki oraz na fb Wydzia\u0142u Nauk \u015acis\u0142ych i Technicznych: <a title=\"odno\u015bnik do innej strony www, link otwiera si\u0119 w nowym oknie\" href=\"https:\/\/www.facebook.com\/wnsit\/\" target=\"_blank\" rel=\"noopener\">https:\/\/www.facebook.com\/wnsit\/<\/a><\/p>\n<\/div>\r\n                    <\/div>\r\n                <\/div>[\/vc_tta_section][\/vc_tta_tabs][vc_separator color=&#8221;custom&#8221; accent_color=&#8221;#94c11f&#8221;][\/vc_column][\/vc_row][vc_row el_class=&#8221;container zakladki&#8221;][vc_column]\r\n                <div class=\"text-modules\">\r\n                    <div class=\"container\">\r\n                        \r\n                        <div class=\"text-modules__content\"><\/p>\n<h3><span style=\"color: #002e5a;\"><a id=\"zad2\"><\/a><strong>Zadanie 2 &#8211; Sta\u017ce studenckie<\/strong><\/span><\/h3>\n<p>\n<\/div>\r\n                    <\/div>\r\n                <\/div>[vc_tta_tabs style=&#8221;outline&#8221; color=&#8221;green&#8221; active_section=&#8221;1&#8243;][vc_tta_section title=&#8221;Sta\u017ce studenckie&#8221; tab_id=&#8221;1722428077689-6cb7aa53-5b39&#8243;]\r\n                <div class=\"text-modules\">\r\n                    <div class=\"container\">\r\n                        \r\n                        <div class=\"text-modules__content\"><p>Sta\u017ce studenckie dla os\u00f3b studiuj\u0105cych na kierunkach zwi\u0105zanych z zielon\u0105 i cyfrow\u0105 gospodark\u0105 realizowanych na WNST.<\/p>\n<p>Przewiduje si\u0119 realizacj\u0119 program\u00f3w sta\u017cowych (zawarcie um\u00f3w sta\u017cowych) dla 20 sta\u017cyst\u00f3w i sta\u017cystek trwaj\u0105cych 240 godzin\/os. Sta\u017ce b\u0119d\u0105 dedykowane dedykowane studentom i studentkom studiuj\u0105cym na kierunkach zwi\u0105zanych z zielonymi i cyfrowymi technologiami realizowanymi na Wydziale Nauk \u015acis\u0142ych i Technicznych U\u015a, w firmach dzia\u0142aj\u0105cych w tych obszarach.<\/p>\n<p>Szczeg\u00f3\u0142y wkr\u00f3tce.<\/p>\n<\/div>\r\n                    <\/div>\r\n                <\/div>[\/vc_tta_section][\/vc_tta_tabs][vc_separator color=&#8221;custom&#8221; accent_color=&#8221;#94c11f&#8221;][\/vc_column][\/vc_row][vc_row el_class=&#8221;container zakladki&#8221;][vc_column]\r\n                <div class=\"text-modules\">\r\n                    <div class=\"container\">\r\n                        \r\n                        <div class=\"text-modules__content\"><\/p>\n<h3><strong><span style=\"color: #002e5a;\"><a id=\"zad3\"><\/a>Zadanie 3 &#8211; Wsparcie Uczni\u00f3w szk\u00f3\u0142 ponadpodstawowych <\/span><\/strong><\/h3>\n<p>\n<\/div>\r\n                    <\/div>\r\n                <\/div>[vc_tta_tabs style=&#8221;outline&#8221; color=&#8221;green&#8221; active_section=&#8221;1&#8243;][vc_tta_section title=&#8221;Wsparcie Uczni\u00f3w szk\u00f3\u0142 ponadpodstawowych&#8221; tab_id=&#8221;1722428505321-584c40fc-9056&#8243;]\r\n                <div class=\"text-modules\">\r\n                    <div class=\"container\">\r\n                        \r\n                        <div class=\"text-modules__content\"><p>Przewidziane s\u0105 dzia\u0142ania, kt\u00f3re maj\u0105 na celu udzielenie wsparcia uczniom i uczennicom w zakresie chemii oraz przygotowania ich do egzamin\u00f3w maturalnych. Program zak\u0142ada przeprowadzenie praktycznych zaj\u0119\u0107 z chemii oraz kurs\u00f3w przygotowawczych, przy czym szczeg\u00f3lny nacisk zostanie po\u0142o\u017cony na kszta\u0142towanie postaw zgodnych z zielon\u0105 transformacj\u0105.<\/p>\n<p><strong>CZ\u0118\u015a\u0106 1: Warsztaty dla uczni\u00f3w szk\u00f3\u0142<\/strong><\/p>\n<p>Planowane warsztaty obejmuj\u0105 cztery warsztaty praktyczne, kt\u00f3re koncentruj\u0105 si\u0119 na r\u00f3\u017cnych aspektach chemii:<\/p>\n<ol>\n<li>&#8222;Zielona Chemia i Bezpieczne Laboratorium: Podstawowy Warsztat Chemik\u00f3w&#8221;.<\/li>\n<li>&#8222;Eksperymenty z Chemi\u0105 Nieorganiczn\u0105&#8221;.<\/li>\n<li>&#8222;Organiczne Zwi\u0105zki Chemiczne&#8221;.<\/li>\n<li>&#8222;Zielona Chemia w Ekokosmetykach i \u017bywno\u015bci\u201d.<\/li>\n<\/ol>\n<p>REKRUTACJA: rekrutacje b\u0119dzie przeprowadzona w 2024 r. oraz 2025 r. \u00a0dwuetapowo: 1 etap: rekrutacja szk\u00f3\u0142 (1 edycja: 2-a po\u0142owa sierpnia 2024 r.), nast\u0119pnie w zrekrutowanych szko\u0142ach b\u0119dzie przeprowadzona rekrutacja uczni\u00f3w i uczennic na zasadach okre\u015blonych w Regulaminie rekrutacji i uczestnictwa w Projekcie.<\/p>\n<p><strong>Warunki pierwszej edycji rekrutacji w ramach zadania 3:<\/strong><\/p>\n<p><strong>Wst\u0119pny etap<\/strong> rekrutacji zostanie przeprowadzony elektronicznie w terminie od <strong>16.08 do 23.08 2024 r.<br \/>\n<\/strong>Aby zg\u0142osi\u0107 szko\u0142\u0119 do udzia\u0142u w projekcie nale\u017cy przes\u0142a\u0107 <strong>drog\u0105 mejlow\u0105<\/strong>, w terminach podanych w og\u0142oszeniu rekrutacyjnym, na adres: <a href=\"mailto:katarzyna.kowalska-szojda@us.edu.pl\">katarzyna.kowalska-szojda@us.edu.pl<\/a>\u00a0 zg\u0142oszenie szko\u0142y.<br \/>\nW zg\u0142oszeniu nale\u017cy poda\u0107:<\/p>\n<ul>\n<li>nazw\u0119 i adres szko\u0142y potwierdzaj\u0105cy spe\u0142nienie warunku formalnego udzia\u0142u w rekrutacji,<\/li>\n<li>dane teleadresowe szko\u0142y (telefon i adres e-mail) ,<\/li>\n<li>imi\u0119 i nazwisko osoby zg\u0142aszaj\u0105cej oraz<\/li>\n<li>proponowan\u0105 liczb\u0119 grup uczni\u00f3w i uczennic maj\u0105cych by\u0107 wy\u0142onionych w ramach 2 etapu rekrutacji z za\u0142o\u017ceniem, \u017ce 1 grupa liczy \u015brednio 10 os\u00f3b (od 8 do 12 os\u00f3b).<\/li>\n<\/ul>\n<p><strong>Limit liczby grup w pierwszej edycji wynosi<\/strong>: 17<\/p>\n<p><strong>Etap 2 rekrutacji<br \/>\n<\/strong>Po rekrutacji wst\u0119pnej, w ka\u017cdej z wy\u0142onionych szk\u00f3\u0142 osobno, zostanie przeprowadzona rekrutacja uczestnik\u00f3w i uczestniczek do projektu zgodnie z zasadami okre\u015blonymi w regulaminie. Termin rekrutacji: wrzesie\u0144 &#8211; pa\u017adziernik 2024r.<\/p>\n<p><strong>Realizacja zaj\u0119\u0107<br \/>\n<\/strong> rok szkolny 2024\/25. W szczeg\u00f3lnych przypadkach istnieje mo\u017cliwo\u015b\u0107 przesuni\u0119cia realizacji zaj\u0119\u0107 na rok szkolny 2025\/26.<\/p>\n<p><strong>CZ\u0118\u015a\u0106 2: Kursy przygotowawcze do egzamin\u00f3w maturalnych z nauk \u015bcis\u0142ych i przyrodniczych w formie warsztat\u00f3w praktycznych<\/strong><\/p>\n<p>Szczeg\u00f3\u0142y wkr\u00f3tce<\/p>\n<\/div>\r\n                    <\/div>\r\n                <\/div>[\/vc_tta_section][vc_tta_section title=&#8221;Rekrutacja do zadania 3&#8243; tab_id=&#8221;1724245224654-a8ff6465-edf8&#8243;]\r\n                <div class=\"text-modules\">\r\n                    <div class=\"container\">\r\n                        \r\n                        <div class=\"text-modules__content\"><\/p>\n<ol>\n<li><strong><span style=\"color: #002e5a;\">Komunikat z dnia 21.08.2024 r.<\/span><br \/>\n<\/strong>Rekrutacja do zadania 3. etap nr 1 zosta\u0142a zako\u0144czona w dniu 21.08.2024 r. W projekcie wezm\u0105 udzia\u0142 uczennice i uczniowie nast\u0119puj\u0105cych szk\u00f3\u0142:<br \/>\n&#8211; Zesp\u00f3\u0142 Szk\u00f3\u0142 Nr 1, III Liceum Og\u00f3lnokszta\u0142c\u0105ce, Pszczyna<br \/>\n&#8211; I Liceum Og\u00f3lnokszta\u0142c\u0105ce, \u017bywiec<br \/>\n&#8211; Uniwersyteckie I Liceum Og\u00f3lnokszta\u0142c\u0105ce, Chorz\u00f3w<br \/>\n&#8211; I Liceum Og\u00f3lnokszta\u0142c\u0105ce, Tarnowskie G\u00f3ry<br \/>\nRekrutacja uczestnik\u00f3w i uczestniczek odb\u0119dzie si\u0119 w poszczeg\u00f3lnych szko\u0142ach w miesi\u0105cu wrze\u015bniu 2024 r.<\/li>\n<\/ol>\n<p>\n<\/div>\r\n                    <\/div>\r\n                <\/div>[\/vc_tta_section][\/vc_tta_tabs][vc_separator color=&#8221;custom&#8221; accent_color=&#8221;#94c11f&#8221;][\/vc_column][\/vc_row][vc_row el_class=&#8221;container zakladki&#8221;][vc_column]\r\n                <div class=\"text-modules\">\r\n                    <div class=\"container\">\r\n                        \r\n                        <div class=\"text-modules__content\"><\/p>\n<h3><strong><span style=\"color: #002e5a;\"><a id=\"zad4\"><\/a>Zadanie 4 &#8211; Zakup \u015brodk\u00f3w trwa\u0142ych<\/span><\/strong><\/h3>\n<p>\n<\/div>\r\n                    <\/div>\r\n                <\/div>[vc_tta_tabs style=&#8221;outline&#8221; color=&#8221;green&#8221; active_section=&#8221;1&#8243;][vc_tta_section title=&#8221;Zakup \u015brodk\u00f3w trwa\u0142ych&#8221; tab_id=&#8221;1722429352160-daaf7c84-b713&#8243;]\r\n                <div class=\"text-modules\">\r\n                    <div class=\"container\">\r\n                        \r\n                        <div class=\"text-modules__content\"><p>Zakup \u015brodk\u00f3w trwa\u0142ych w celu doposa\u017cenia pracowni laboratoryjnych zwi\u0105zanych z zielon\u0105 chemi\u0105 i cyfrow\u0105 transformacj\u0105<\/p>\n<p>Planuje si\u0119 zakup nast\u0119puj\u0105cych \u015brodk\u00f3w trwa\u0142ych:<\/p>\n<ol>\n<li>Automatyczna komora do rozwijania chromatogram\u00f3w z kontrol\u0105 wilgotno\u015bci.<\/li>\n<li>Automatyczna Komora Gradientowa do rozwijania chromatogram\u00f3w.<\/li>\n<li>Automatyczny aplikator TLC Sampler 4 do nanoszenia pr\u00f3bek na p\u0142ytki TLC\/HPTLC metod\u0105 pasma i punktu ze statywem na 66 fiolk\u00f3w.<\/li>\n<li>System do wizualizacji\/dokumentacji p\u0142ytek TLC\/HPTLC.<\/li>\n<li>Polarymetr.<\/li>\n<li>Refraktometr.<\/li>\n<\/ol>\n<p>\n<\/div>\r\n                    <\/div>\r\n                <\/div>[\/vc_tta_section][\/vc_tta_tabs][vc_separator color=&#8221;custom&#8221; accent_color=&#8221;#94c11f&#8221;][\/vc_column][\/vc_row][vc_column][\/vc_column]<\/p>\n<style type=\"text\/css\">a[data-mtli~=\"mtli_filesize1,03MB\"]:after {content:\" (1,03 MB)\"}a[data-mtli~=\"mtli_filesize1,06MB\"]:after {content:\" (1,06 MB)\"}a[data-mtli~=\"mtli_filesize1,05MB\"]:after {content:\" (1,05 MB)\"}a[data-mtli~=\"mtli_filesize226,43kB\"]:after {content:\" (226,43 kB)\"}a[data-mtli~=\"mtli_filesize268,30kB\"]:after {content:\" (268,30 kB)\"}a[data-mtli~=\"mtli_filesize775,46kB\"]:after {content:\" (775,46 kB)\"}a[data-mtli~=\"mtli_filesize176,36kB\"]:after {content:\" (176,36 kB)\"}a[data-mtli~=\"mtli_filesize327,91kB\"]:after {content:\" (327,91 kB)\"}a[data-mtli~=\"mtli_filesize289,56kB\"]:after {content:\" (289,56 kB)\"}a[data-mtli~=\"mtli_filesize229,12kB\"]:after {content:\" (229,12 kB)\"}a[data-mtli~=\"mtli_filesize213,39kB\"]:after {content:\" (213,39 kB)\"}a[data-mtli~=\"mtli_filesize214,71kB\"]:after {content:\" (214,71 kB)\"}a[data-mtli~=\"mtli_filesize212,99kB\"]:after {content:\" (212,99 kB)\"}a[data-mtli~=\"mtli_filesize218,40kB\"]:after {content:\" (218,40 kB)\"}a[data-mtli~=\"mtli_filesize219,05kB\"]:after {content:\" (219,05 kB)\"}a[data-mtli~=\"mtli_filesize224,00kB\"]:after {content:\" (224,00 kB)\"}a[data-mtli~=\"mtli_filesize216,40kB\"]:after {content:\" (216,40 kB)\"}a[data-mtli~=\"mtli_filesize210,99kB\"]:after {content:\" (210,99 kB)\"}a[data-mtli~=\"mtli_filesize210,54kB\"]:after {content:\" (210,54 kB)\"}a[data-mtli~=\"mtli_filesize212,01kB\"]:after {content:\" (212,01 kB)\"}a[data-mtli~=\"mtli_filesize210,87kB\"]:after {content:\" (210,87 kB)\"}<\/style>","protected":false},"excerpt":{"rendered":"<p>[vc_row el_class=&#8221;container&#8221;][vc_column][vc_row_inner content_placement=&#8221;middle&#8221;][vc_column_inner width=&#8221;1\/3&#8243;][vc_single_image image=&#8221;176704&#8243; img_size=&#8221;large&#8221; alignment=&#8221;center&#8221; style=&#8221;vc_box_rounded&#8221;][\/vc_column_inner][vc_column_inner width=&#8221;2\/3&#8243; css=&#8221;.vc_custom_1713786297824{border-top-width: 4px !important;border-right-width: 4px !important;border-bottom-width: 4px !important;border-left-width: 4px !important;padding-top: 8px !important;padding-right: 4px !important;padding-bottom: 4px !important;padding-left: 4px !important;border-left-color: #94c11f !important;border-left-style: solid !important;border-right-color: #94c11f !important;border-right-style: solid !important;border-top-color: #94c11f !important;border-top-style: solid !important;border-bottom-color: #94c11f !important;border-bottom-style: solid !important;border-radius: 5px !important;}&#8221;][vc_empty_space][\/vc_column_inner][\/vc_row_inner][vc_column_text css=&#8221;.vc_custom_1713267460330{border-top-width: 4px !important;border-right-width: 4px !important;border-bottom-width: 4px !important;border-left-width: 4px !important;padding-top: 8px !important;padding-right: [&#8230;]<\/p>\n<p><a class=\"btn btn-secondary understrap-read-more-link\" href=\"https:\/\/us.edu.pl\/wydzial\/wnst\/wspolpraca\/szkoly\/chemia-dla-zielonej-gospodarki\/\">Read More&#8230;<\/a><\/p>\n","protected":false},"author":92,"featured_media":0,"parent":680,"menu_order":0,"comment_status":"closed","ping_status":"closed","template":"","meta":{"_expiration-date-status":"","_expiration-date":0,"_expiration-date-type":"","_expiration-date-categories":[],"_expiration-date-options":[]},"acf":[],"_links":{"self":[{"href":"https:\/\/us.edu.pl\/wydzial\/wnst\/wp-json\/wp\/v2\/pages\/176699"}],"collection":[{"href":"https:\/\/us.edu.pl\/wydzial\/wnst\/wp-json\/wp\/v2\/pages"}],"about":[{"href":"https:\/\/us.edu.pl\/wydzial\/wnst\/wp-json\/wp\/v2\/types\/page"}],"author":[{"embeddable":true,"href":"https:\/\/us.edu.pl\/wydzial\/wnst\/wp-json\/wp\/v2\/users\/92"}],"replies":[{"embeddable":true,"href":"https:\/\/us.edu.pl\/wydzial\/wnst\/wp-json\/wp\/v2\/comments?post=176699"}],"version-history":[{"count":11,"href":"https:\/\/us.edu.pl\/wydzial\/wnst\/wp-json\/wp\/v2\/pages\/176699\/revisions"}],"predecessor-version":[{"id":205144,"href":"https:\/\/us.edu.pl\/wydzial\/wnst\/wp-json\/wp\/v2\/pages\/176699\/revisions\/205144"}],"up":[{"embeddable":true,"href":"https:\/\/us.edu.pl\/wydzial\/wnst\/wp-json\/wp\/v2\/pages\/680"}],"wp:attachment":[{"href":"https:\/\/us.edu.pl\/wydzial\/wnst\/wp-json\/wp\/v2\/media?parent=176699"}],"curies":[{"name":"wp","href":"https:\/\/api.w.org\/{rel}","templated":true}]}}