{"id":17894,"date":"2021-10-07T12:34:23","date_gmt":"2021-10-07T10:34:23","guid":{"rendered":"https:\/\/us.edu.pl\/wydzial\/wnst\/?page_id=17894"},"modified":"2024-07-18T14:56:36","modified_gmt":"2024-07-18T12:56:36","slug":"nasze-historie","status":"publish","type":"page","link":"https:\/\/us.edu.pl\/wydzial\/wnst\/strona-glowna\/mobilnosc\/nasze-historie\/","title":{"rendered":"nasze historie"},"content":{"rendered":"<p>[vc_row content_placement=&#8221;middle&#8221; el_class=&#8221;container&#8221;][vc_column width=&#8221;1\/5&#8243;]\r\n                <div class=\"text-modules\">\r\n                    <div class=\"container\">\r\n                        \r\n                        <div class=\"text-modules__content\"><p><img class=\"alignnone size-full wp-image-18273\" src=\"https:\/\/us.edu.pl\/wydzial\/wnst\/wp-content\/uploads\/sites\/18\/Nieprzypisane\/ErasmusDays.jpg\" alt=\"\" width=\"100%\" height=\"auto\" srcset=\"https:\/\/us.edu.pl\/wydzial\/wnst\/wp-content\/uploads\/sites\/18\/Nieprzypisane\/ErasmusDays.jpg 800w, https:\/\/us.edu.pl\/wydzial\/wnst\/wp-content\/uploads\/sites\/18\/Nieprzypisane\/ErasmusDays-300x225.jpg 300w, https:\/\/us.edu.pl\/wydzial\/wnst\/wp-content\/uploads\/sites\/18\/Nieprzypisane\/ErasmusDays-768x576.jpg 768w, https:\/\/us.edu.pl\/wydzial\/wnst\/wp-content\/uploads\/sites\/18\/Nieprzypisane\/ErasmusDays-575x431.jpg 575w\" sizes=\"(max-width: 800px) 100vw, 800px\" \/><\/p>\n<\/div>\r\n                    <\/div>\r\n                <\/div>[\/vc_column][vc_column width=&#8221;3\/5&#8243;][vc_column_text]<small><span style=\"letter-spacing: 0.6mm; color: #002043; font-size: 160%; font-family: PT Sans Narrow;\"><strong>HISTORIE NASZYCH PODR\u00d3\u017bY<\/strong><\/span><\/small><\/p>\n<p>Ka\u017cda podr\u00f3\u017c zaczyna si\u0119 od pierwszego kroku\u2026, a potem ju\u017c nie umiemy si\u0119 zatrzyma\u0107. I nie chcemy.<\/p>\n<p>Pocz\u0105tkowo mamy obawy: czy to si\u0119 uda? Czy sobie poradzimy z odnalezieniem si\u0119 w nowej rzeczywisto\u015bci? Jak prze\u0142amiemy barier\u0119 j\u0119zykow\u0105? A po powrocie cieszymy si\u0119, \u017ce nie zrezygnowali\u015bmy.<br \/>\nProgram Erasmus jest \u015bwietn\u0105 okazj\u0105, by poszerzy\u0107 swoje horyzonty, bo co lepiej kszta\u0142ci ni\u017c podr\u00f3\u017ce? Z tej okazji zapytali\u015bmy naszych student\u00f3w i pracownik\u00f3w o ich wyjazdy w ramach programu.<br \/>\nCo nam powiedzieli?<br \/>\nZapraszamy do lektury![\/vc_column_text][\/vc_column][vc_column width=&#8221;1\/5&#8243;][\/vc_column][\/vc_row][vc_row content_placement=&#8221;top&#8221; el_class=&#8221;bottom container flex&#8221;][vc_column width=&#8221;1\/5&#8243; el_class=&#8221;shadow margines&#8221; css=&#8221;.vc_custom_1721307403450{margin-top: 0px !important;border-top-width: 0px !important;padding-top: 0px !important;}&#8221;][vc_column_text css=&#8221;.vc_custom_1634815428800{padding-top: 0px !important;padding-right: 0px !important;padding-bottom: 0px !important;padding-left: 0px !important;}&#8221;]<a href=\"https:\/\/us.edu.pl\/wydzial\/wnst\/2021\/10\/18\/oliwia-starczewska\/\"><img class=\"alignnone wp-image-18499 size-full\" src=\"https:\/\/us.edu.pl\/wydzial\/wnst\/wp-content\/uploads\/sites\/18\/Nieprzypisane\/Oliwia_600x600.jpg\" alt=\"\" width=\"100%\" height=\"auto\" srcset=\"https:\/\/us.edu.pl\/wydzial\/wnst\/wp-content\/uploads\/sites\/18\/Nieprzypisane\/Oliwia_600x600.jpg 580w, https:\/\/us.edu.pl\/wydzial\/wnst\/wp-content\/uploads\/sites\/18\/Nieprzypisane\/Oliwia_600x600-150x150.jpg 150w, https:\/\/us.edu.pl\/wydzial\/wnst\/wp-content\/uploads\/sites\/18\/Nieprzypisane\/Oliwia_600x600-300x300.jpg 300w, https:\/\/us.edu.pl\/wydzial\/wnst\/wp-content\/uploads\/sites\/18\/Nieprzypisane\/Oliwia_600x600-575x575.jpg 575w\" sizes=\"(max-width: 580px) 100vw, 580px\" \/><\/a>[\/vc_column_text][vc_column_text css=&#8221;.vc_custom_1634815405076{padding-top: 10px !important;padding-right: 10px !important;padding-bottom: 10px !important;padding-left: 15px !important;}&#8221;]<small><span style=\"letter-spacing: 0.6mm; color: #333333; font-size: 130%; font-family: PT Sans Narrow;\"><strong>OLIWIA STARCZEWSKA<\/strong><\/span><\/small><\/p>\n<hr \/>\n<p><span style=\"color: #9b132a;\"><strong><span style=\"font-family: 'PT Sans Narrow'; font-size: 90%;\">Braga, Portugalia<br \/>\n<\/span><\/strong><\/span><\/p>\n<p><span style=\"font-family: PT Sans Narrow; color: #000000;\">ERASMUS+<br \/>\n<\/span>[\/vc_column_text][\/vc_column][vc_column width=&#8221;1\/5&#8243; css=&#8221;.vc_custom_1635752892658{margin-top: 0px !important;border-top-width: 0px !important;padding-top: 0px !important;}&#8221; el_class=&#8221;shadow margines&#8221;][vc_column_text css=&#8221;.vc_custom_1636112469076{padding-top: 0px !important;padding-right: 0px !important;padding-bottom: 0px !important;padding-left: 0px !important;}&#8221;]<a href=\"https:\/\/us.edu.pl\/wydzial\/wnst\/2021\/11\/01\/anna-bajorek-i-katarzyna-balin-francja\/\"><img class=\"alignnone wp-image-19118 size-full\" src=\"https:\/\/us.edu.pl\/wydzial\/wnst\/wp-content\/uploads\/sites\/18\/Nieprzypisane\/BalinBajorek_600X600-1.jpg\" alt=\"\" width=\"960\" height=\"960\" srcset=\"https:\/\/us.edu.pl\/wydzial\/wnst\/wp-content\/uploads\/sites\/18\/Nieprzypisane\/BalinBajorek_600X600-1.jpg 960w, https:\/\/us.edu.pl\/wydzial\/wnst\/wp-content\/uploads\/sites\/18\/Nieprzypisane\/BalinBajorek_600X600-1-150x150.jpg 150w, https:\/\/us.edu.pl\/wydzial\/wnst\/wp-content\/uploads\/sites\/18\/Nieprzypisane\/BalinBajorek_600X600-1-300x300.jpg 300w, https:\/\/us.edu.pl\/wydzial\/wnst\/wp-content\/uploads\/sites\/18\/Nieprzypisane\/BalinBajorek_600X600-1-768x768.jpg 768w, https:\/\/us.edu.pl\/wydzial\/wnst\/wp-content\/uploads\/sites\/18\/Nieprzypisane\/BalinBajorek_600X600-1-575x575.jpg 575w\" sizes=\"(max-width: 960px) 100vw, 960px\" \/><\/a>[\/vc_column_text][vc_column_text css=&#8221;.vc_custom_1635752950091{padding-top: 10px !important;padding-right: 10px !important;padding-bottom: 10px !important;padding-left: 15px !important;}&#8221;]<small><span style=\"letter-spacing: 0.6mm; color: #333333; font-size: 130%; font-family: PT Sans Narrow;\"><strong>ANNA BAJOREK<br \/>\nKATARZYNA BALIN<br \/>\n<\/strong><\/span><\/small><\/p>\n<hr \/>\n<p><span style=\"color: #9b132a;\"><strong><span style=\"font-family: 'PT Sans Narrow'; font-size: 90%;\">Rouen, FRANCJA<br \/>\n<\/span><\/strong><\/span><\/p>\n<p><span style=\"font-family: PT Sans Narrow; color: #000000;\">ERASMUS+<br \/>\n<\/span>[\/vc_column_text][\/vc_column][vc_column width=&#8221;1\/5&#8243; css=&#8221;.vc_custom_1675174695930{margin-top: 0px !important;border-top-width: 0px !important;padding-top: 0px !important;}&#8221; el_class=&#8221;shadow margines&#8221;][vc_column_text css=&#8221;.vc_custom_1675422299729{padding-top: 0px !important;padding-right: 0px !important;padding-bottom: 0px !important;padding-left: 0px !important;}&#8221;]<a href=\"https:\/\/us.edu.pl\/wydzial\/wnst\/2023\/01\/31\/julia-bigewska\/\" target=\"_blank\" rel=\"noopener\"><img class=\"alignnone wp-image-163306 size-full\" src=\"https:\/\/us.edu.pl\/wydzial\/wnst\/wp-content\/uploads\/sites\/18\/mobilnosc\/Toledo-profilowe.jpg\" alt=\"\" width=\"100%\" height=\"auto\" srcset=\"https:\/\/us.edu.pl\/wydzial\/wnst\/wp-content\/uploads\/sites\/18\/mobilnosc\/Toledo-profilowe.jpg 960w, https:\/\/us.edu.pl\/wydzial\/wnst\/wp-content\/uploads\/sites\/18\/mobilnosc\/Toledo-profilowe-300x300.jpg 300w, https:\/\/us.edu.pl\/wydzial\/wnst\/wp-content\/uploads\/sites\/18\/mobilnosc\/Toledo-profilowe-150x150.jpg 150w, https:\/\/us.edu.pl\/wydzial\/wnst\/wp-content\/uploads\/sites\/18\/mobilnosc\/Toledo-profilowe-768x768.jpg 768w, https:\/\/us.edu.pl\/wydzial\/wnst\/wp-content\/uploads\/sites\/18\/mobilnosc\/Toledo-profilowe-575x575.jpg 575w\" sizes=\"(max-width: 960px) 100vw, 960px\" \/><\/a>[\/vc_column_text][vc_column_text css=&#8221;.vc_custom_1675174678471{padding-top: 10px !important;padding-right: 10px !important;padding-bottom: 10px !important;padding-left: 15px !important;}&#8221;]<small><span style=\"letter-spacing: 0.6mm; color: #333333; font-size: 130%; font-family: PT Sans Narrow;\"><strong>JULIA BIGEWSKA<br \/>\n<\/strong><\/span><\/small><\/p>\n<hr \/>\n<p><span style=\"color: #9b132a;\"><strong><span style=\"font-family: 'PT Sans Narrow'; font-size: 90%;\">Madryt, Hiszpania<\/span><\/strong><\/span><\/p>\n<p><span style=\"font-family: PT Sans Narrow; color: #000000;\">ERASMUS+<br \/>\n<\/span>[\/vc_column_text][\/vc_column][vc_column width=&#8221;1\/5&#8243; el_class=&#8221;shadow margines&#8221;][vc_column_text css=&#8221;.vc_custom_1683809050244{padding-top: 0px !important;padding-right: 0px !important;padding-bottom: 0px !important;padding-left: 0px !important;}&#8221;]<a href=\"https:\/\/us.edu.pl\/wydzial\/wnst\/2023\/05\/10\/grzegorz-machnik-litwa\/\"><img class=\"alignnone wp-image-19118 size-full\" src=\"https:\/\/us.edu.pl\/wydzial\/wnst\/wp-content\/uploads\/sites\/18\/Bez-kategorii\/MachnikGrzegorz_1-300x300.jpg\" alt=\"\" width=\"960\" height=\"960\" \/><\/a>[\/vc_column_text][vc_column_text css=&#8221;.vc_custom_1683808789465{padding-top: 10px !important;padding-right: 10px !important;padding-bottom: 10px !important;padding-left: 15px !important;}&#8221;]<small><span style=\"letter-spacing: 0.6mm; color: #333333; font-size: 130%; font-family: PT Sans Narrow;\"><strong>GRZEGORZ MACHNIK<br \/>\n<\/strong><\/span><\/small><\/p>\n<hr \/>\n<p><span style=\"color: #9b132a;\"><strong><span style=\"font-family: 'PT Sans Narrow'; font-size: 90%;\">Kowno, Litwa<\/span><\/strong><\/span><\/p>\n<p><span style=\"font-family: PT Sans Narrow; color: #000000;\">ERASMUS+<br \/>\n<\/span>[\/vc_column_text][\/vc_column][vc_column width=&#8221;1\/5&#8243;][\/vc_column][\/vc_row][vc_row el_class=&#8221;container&#8221;][vc_column width=&#8221;4\/5&#8243;]<div class=\"container\"><div class=\"separator\" style=\"background-color: #ebebeb\"><\/div><\/div>[\/vc_column][vc_column width=&#8221;1\/5&#8243;][\/vc_column][\/vc_row][vc_row content_placement=&#8221;top&#8221; el_class=&#8221;bottom container flex&#8221;][vc_column width=&#8221;1\/5&#8243; el_class=&#8221;shadow margines&#8221; css=&#8221;.vc_custom_1633602432141{margin-top: 0px !important;border-top-width: 0px !important;padding-top: 0px !important;}&#8221;][vc_column_text css=&#8221;.vc_custom_1634125729214{padding-top: 0px !important;padding-right: 0px !important;padding-bottom: 0px !important;padding-left: 0px !important;}&#8221;]<a href=\"https:\/\/us.edu.pl\/wydzial\/wnst\/2021\/10\/13\/alicja-menzyk-hiszpania\/\"><img class=\"alignnone wp-image-18232 size-full\" src=\"https:\/\/us.edu.pl\/wydzial\/wnst\/wp-content\/uploads\/sites\/18\/mobilnosc\/AlicjaMenzyk.jpg\" alt=\"\" width=\"100%\" height=\"auto\" srcset=\"https:\/\/us.edu.pl\/wydzial\/wnst\/wp-content\/uploads\/sites\/18\/mobilnosc\/AlicjaMenzyk.jpg 600w, https:\/\/us.edu.pl\/wydzial\/wnst\/wp-content\/uploads\/sites\/18\/mobilnosc\/AlicjaMenzyk-150x150.jpg 150w, https:\/\/us.edu.pl\/wydzial\/wnst\/wp-content\/uploads\/sites\/18\/mobilnosc\/AlicjaMenzyk-300x300.jpg 300w, https:\/\/us.edu.pl\/wydzial\/wnst\/wp-content\/uploads\/sites\/18\/mobilnosc\/AlicjaMenzyk-575x575.jpg 575w\" sizes=\"(max-width: 600px) 100vw, 600px\" \/><\/a>[\/vc_column_text][vc_column_text css=&#8221;.vc_custom_1634205768751{padding-top: 10px !important;padding-right: 10px !important;padding-bottom: 10px !important;padding-left: 15px !important;}&#8221;]<small><span style=\"letter-spacing: 0.6mm; color: #333333; font-size: 130%; font-family: PT Sans Narrow;\"><strong>dr ALICJA MEN\u017bYK<\/strong><\/span><\/small><\/p>\n<hr \/>\n<p><span style=\"color: #9b132a;\"><strong><span style=\"font-family: 'PT Sans Narrow'; font-size: 90%;\">Alcal\u00e1 de Henares, Hiszpania | Turyn, Genua, W\u0142ochy<br \/>\n<\/span><\/strong><\/span><\/p>\n<p><span style=\"font-family: PT Sans Narrow; color: #000000;\">ERASMUS+<br \/>\n<\/span>[\/vc_column_text][\/vc_column][vc_column width=&#8221;1\/5&#8243; el_class=&#8221;shadow margines&#8221; css=&#8221;.vc_custom_1634210437545{margin-top: 0px !important;border-top-width: 0px !important;padding-top: 0px !important;}&#8221;][vc_column_text]<a href=\"https:\/\/us.edu.pl\/wydzial\/wnst\/2021\/10\/14\/joanna-grelska-francja\/\"><img class=\"alignnone wp-image-18306 size-full\" src=\"https:\/\/us.edu.pl\/wydzial\/wnst\/wp-content\/uploads\/sites\/18\/Nieprzypisane\/GrelskaJoanna_600x600-1.jpg\" alt=\"\" width=\"100%\" height=\"auto\" srcset=\"https:\/\/us.edu.pl\/wydzial\/wnst\/wp-content\/uploads\/sites\/18\/Nieprzypisane\/GrelskaJoanna_600x600-1.jpg 600w, https:\/\/us.edu.pl\/wydzial\/wnst\/wp-content\/uploads\/sites\/18\/Nieprzypisane\/GrelskaJoanna_600x600-1-150x150.jpg 150w, https:\/\/us.edu.pl\/wydzial\/wnst\/wp-content\/uploads\/sites\/18\/Nieprzypisane\/GrelskaJoanna_600x600-1-300x300.jpg 300w, https:\/\/us.edu.pl\/wydzial\/wnst\/wp-content\/uploads\/sites\/18\/Nieprzypisane\/GrelskaJoanna_600x600-1-575x575.jpg 575w\" sizes=\"(max-width: 600px) 100vw, 600px\" \/><\/a>[\/vc_column_text][vc_column_text css=&#8221;.vc_custom_1634207761228{padding-top: 10px !important;padding-right: 10px !important;padding-bottom: 10px !important;padding-left: 10px !important;}&#8221;]<small><span style=\"letter-spacing: 0.6mm; color: #333333; font-size: 130%; font-family: PT Sans Narrow;\"><strong>JOANNA GRELSKA<\/strong><\/span><\/small><\/p>\n<hr \/>\n<p><span style=\"color: #9b132a;\"><strong><span style=\"font-family: 'PT Sans Narrow'; font-size: 90%;\">Le Mans, Francja<\/span><\/strong><\/span><\/p>\n<p><span style=\"font-family: PT Sans Narrow; color: #000000;\">Umowa o mi\u0119dzynarodowej wsp\u00f3\u0142pracy akademickiej<br \/>\n<\/span>[\/vc_column_text][\/vc_column][vc_column width=&#8221;1\/5&#8243; css=&#8221;.vc_custom_1634288135807{margin-top: 0px !important;border-top-width: 0px !important;padding-top: 0px !important;}&#8221; el_class=&#8221;shadow margines&#8221;][vc_column_text]<a href=\"https:\/\/us.edu.pl\/wydzial\/wnst\/2021\/10\/15\/beata-zielosko-hiszpania\/\"><img class=\"alignnone wp-image-19115 size-full\" src=\"https:\/\/us.edu.pl\/wydzial\/wnst\/wp-content\/uploads\/sites\/18\/Nieprzypisane\/BZielosko-600x600.jpg\" alt=\"\" width=\"100%\" height=\"auto\" srcset=\"https:\/\/us.edu.pl\/wydzial\/wnst\/wp-content\/uploads\/sites\/18\/Nieprzypisane\/BZielosko-600x600.jpg 600w, https:\/\/us.edu.pl\/wydzial\/wnst\/wp-content\/uploads\/sites\/18\/Nieprzypisane\/BZielosko-600x600-150x150.jpg 150w, https:\/\/us.edu.pl\/wydzial\/wnst\/wp-content\/uploads\/sites\/18\/Nieprzypisane\/BZielosko-600x600-300x300.jpg 300w, https:\/\/us.edu.pl\/wydzial\/wnst\/wp-content\/uploads\/sites\/18\/Nieprzypisane\/BZielosko-600x600-575x575.jpg 575w\" sizes=\"(max-width: 600px) 100vw, 600px\" \/><\/a>[\/vc_column_text][vc_column_text css=&#8221;.vc_custom_1634294661395{padding-top: 10px !important;padding-right: 10px !important;padding-bottom: 10px !important;padding-left: 10px !important;}&#8221;]<small><span style=\"letter-spacing: 0.6mm; color: #333333; font-size: 130%; font-family: PT Sans Narrow;\"><strong>dr hab. BEATA ZIELOSKO, prof. U\u015a<br \/>\n<\/strong><\/span><\/small><\/p>\n<hr \/>\n<p><span style=\"color: #9b132a;\"><strong><span style=\"font-family: 'PT Sans Narrow'; font-size: 90%;\">Huelva, Hiszpania<\/span><\/strong><\/span><\/p>\n<p><span style=\"font-family: PT Sans Narrow; color: #000000;\">ERASMUS+<br \/>\n<\/span>[\/vc_column_text][\/vc_column][vc_column width=&#8221;1\/5&#8243; el_class=&#8221;shadow margines&#8221;][vc_column_text]<a href=\"https:\/\/us.edu.pl\/wydzial\/wnst\/2021\/10\/15\/fatma-gundogdu-polska\/\"><img class=\"alignnone wp-image-18425 size-full\" src=\"https:\/\/us.edu.pl\/wydzial\/wnst\/wp-content\/uploads\/sites\/18\/mobilnosc\/Fatma_600x600.jpg\" alt=\"\" width=\"100%\" height=\"auto\" srcset=\"https:\/\/us.edu.pl\/wydzial\/wnst\/wp-content\/uploads\/sites\/18\/mobilnosc\/Fatma_600x600.jpg 600w, https:\/\/us.edu.pl\/wydzial\/wnst\/wp-content\/uploads\/sites\/18\/mobilnosc\/Fatma_600x600-150x150.jpg 150w, https:\/\/us.edu.pl\/wydzial\/wnst\/wp-content\/uploads\/sites\/18\/mobilnosc\/Fatma_600x600-300x300.jpg 300w, https:\/\/us.edu.pl\/wydzial\/wnst\/wp-content\/uploads\/sites\/18\/mobilnosc\/Fatma_600x600-575x575.jpg 575w\" sizes=\"(max-width: 600px) 100vw, 600px\" \/><\/a>[\/vc_column_text][vc_column_text css=&#8221;.vc_custom_1636454955913{padding-top: 10px !important;padding-right: 10px !important;padding-bottom: 10px !important;padding-left: 10px !important;}&#8221;]<small><span style=\"letter-spacing: 0.6mm; color: #333333; font-size: 130%; font-family: PT Sans Narrow;\"><strong>FATMA G\u00dcNDO\u011eDU<\/strong><\/span><\/small><\/p>\n<hr \/>\n<p><span style=\"color: #9b132a;\"><strong><span style=\"font-family: 'PT Sans Narrow'; font-size: 90%;\">Katowice, Polska<\/span><\/strong><\/span><\/p>\n<p><span style=\"font-family: PT Sans Narrow; color: #000000;\">ERASMUS+<br \/>\n<\/span>[\/vc_column_text][\/vc_column][vc_column width=&#8221;1\/5&#8243;][\/vc_column][\/vc_row][vc_row el_class=&#8221;container&#8221;][vc_column width=&#8221;4\/5&#8243;]<div class=\"container\"><div class=\"separator\" style=\"background-color: #ebebeb\"><\/div><\/div>[\/vc_column][vc_column width=&#8221;1\/5&#8243;][\/vc_column][\/vc_row][vc_row content_placement=&#8221;top&#8221; el_class=&#8221;bottom container flex&#8221;][vc_column width=&#8221;1\/5&#8243; el_class=&#8221;shadow margines&#8221; css=&#8221;.vc_custom_1633602432141{margin-top: 0px !important;border-top-width: 0px !important;padding-top: 0px !important;}&#8221;][vc_column_text css=&#8221;.vc_custom_1633702033674{padding-top: 0px !important;padding-right: 0px !important;padding-bottom: 0px !important;padding-left: 0px !important;}&#8221;]<a href=\"https:\/\/us.edu.pl\/wydzial\/wnst\/2021\/10\/07\/justyna-jurek-suliga-litwa\/\"><img class=\"alignnone wp-image-17895 size-full\" src=\"https:\/\/us.edu.pl\/wydzial\/wnst\/wp-content\/uploads\/sites\/18\/Nieprzypisane\/JurekSuligaJustyna_600x600.jpg\" alt=\"\" width=\"100%\" height=\"auto\" srcset=\"https:\/\/us.edu.pl\/wydzial\/wnst\/wp-content\/uploads\/sites\/18\/Nieprzypisane\/JurekSuligaJustyna_600x600.jpg 600w, https:\/\/us.edu.pl\/wydzial\/wnst\/wp-content\/uploads\/sites\/18\/Nieprzypisane\/JurekSuligaJustyna_600x600-150x150.jpg 150w, https:\/\/us.edu.pl\/wydzial\/wnst\/wp-content\/uploads\/sites\/18\/Nieprzypisane\/JurekSuligaJustyna_600x600-300x300.jpg 300w, https:\/\/us.edu.pl\/wydzial\/wnst\/wp-content\/uploads\/sites\/18\/Nieprzypisane\/JurekSuligaJustyna_600x600-575x575.jpg 575w\" sizes=\"(max-width: 600px) 100vw, 600px\" \/><\/a>[\/vc_column_text][vc_column_text css=&#8221;.vc_custom_1634028799293{padding-top: 10px !important;padding-right: 10px !important;padding-bottom: 10px !important;padding-left: 15px !important;}&#8221;]<small><span style=\"letter-spacing: 0.6mm; color: #333333; font-size: 130%; font-family: PT Sans Narrow;\"><strong>dr JUSTYNA JUREK-SULIGA<\/strong><\/span><\/small><\/p>\n<hr \/>\n<p><span style=\"color: #9b132a;\"><strong><span style=\"font-family: 'PT Sans Narrow'; font-size: 90%;\">Kowno, Litwa<\/span><\/strong><\/span><\/p>\n<p><span style=\"font-family: PT Sans Narrow; color: #000000;\">ERASMUS+<br \/>\n<\/span>[\/vc_column_text][\/vc_column][vc_column width=&#8221;1\/5&#8243; el_class=&#8221;shadow margines&#8221; css=&#8221;.vc_custom_1633602984758{margin-top: 0px !important;border-top-width: 0px !important;padding-top: 0px !important;}&#8221;][vc_column_text]<a href=\"https:\/\/us.edu.pl\/wydzial\/wnst\/2021\/10\/08\/lucjan-kozielski-czechy\/\"><img class=\"alignnone wp-image-17896 size-full\" src=\"https:\/\/us.edu.pl\/wydzial\/wnst\/wp-content\/uploads\/sites\/18\/Nieprzypisane\/KozielskiLucjan_600x600.jpg\" alt=\"\" width=\"100%\" height=\"auto\" srcset=\"https:\/\/us.edu.pl\/wydzial\/wnst\/wp-content\/uploads\/sites\/18\/Nieprzypisane\/KozielskiLucjan_600x600.jpg 600w, https:\/\/us.edu.pl\/wydzial\/wnst\/wp-content\/uploads\/sites\/18\/Nieprzypisane\/KozielskiLucjan_600x600-150x150.jpg 150w, https:\/\/us.edu.pl\/wydzial\/wnst\/wp-content\/uploads\/sites\/18\/Nieprzypisane\/KozielskiLucjan_600x600-300x300.jpg 300w, https:\/\/us.edu.pl\/wydzial\/wnst\/wp-content\/uploads\/sites\/18\/Nieprzypisane\/KozielskiLucjan_600x600-575x575.jpg 575w\" sizes=\"(max-width: 600px) 100vw, 600px\" \/><\/a>[\/vc_column_text][vc_column_text css=&#8221;.vc_custom_1633701843497{padding-top: 10px !important;padding-right: 10px !important;padding-bottom: 10px !important;padding-left: 10px !important;}&#8221;]<small><span style=\"letter-spacing: 0.6mm; color: #333333; font-size: 130%; font-family: PT Sans Narrow;\"><strong>dr hab. in\u017c. LUCJAN KOZIELSKI<\/strong><\/span><\/small><\/p>\n<hr \/>\n<p><span style=\"color: #9b132a;\"><strong><span style=\"font-family: 'PT Sans Narrow'; font-size: 90%;\">Liberec, Czechy<\/span><\/strong><\/span><\/p>\n<p><span style=\"font-family: PT Sans Narrow; color: #000000;\">ERASMUS+<\/span>[\/vc_column_text][\/vc_column][vc_column width=&#8221;1\/5&#8243; el_class=&#8221;shadow margines&#8221;][vc_column_text]<a href=\"https:\/\/us.edu.pl\/wydzial\/wnst\/2021\/10\/08\/krawczyk-sara-portugalia\/\"><img class=\"alignnone wp-image-17914 size-full\" src=\"https:\/\/us.edu.pl\/wydzial\/wnst\/wp-content\/uploads\/sites\/18\/Nieprzypisane\/KrawczykSara_600x600.jpg\" alt=\"\" width=\"100%\" height=\"auto\" srcset=\"https:\/\/us.edu.pl\/wydzial\/wnst\/wp-content\/uploads\/sites\/18\/Nieprzypisane\/KrawczykSara_600x600.jpg 600w, https:\/\/us.edu.pl\/wydzial\/wnst\/wp-content\/uploads\/sites\/18\/Nieprzypisane\/KrawczykSara_600x600-150x150.jpg 150w, https:\/\/us.edu.pl\/wydzial\/wnst\/wp-content\/uploads\/sites\/18\/Nieprzypisane\/KrawczykSara_600x600-300x300.jpg 300w, https:\/\/us.edu.pl\/wydzial\/wnst\/wp-content\/uploads\/sites\/18\/Nieprzypisane\/KrawczykSara_600x600-575x575.jpg 575w\" sizes=\"(max-width: 600px) 100vw, 600px\" \/><\/a>[\/vc_column_text][vc_column_text css=&#8221;.vc_custom_1633701857145{padding-top: 10px !important;padding-right: 15px !important;padding-bottom: 10px !important;padding-left: 10px !important;}&#8221;]<small><span style=\"letter-spacing: 0.6mm; color: #333333; font-size: 130%; font-family: PT Sans Narrow;\"><strong>SARA KRAWCZYK<\/strong><\/span><\/small><\/p>\n<hr \/>\n<p><span style=\"color: #9b132a;\"><strong><span style=\"font-family: 'PT Sans Narrow'; font-size: 90%;\">Aveiro, Portugalia<\/span><\/strong><\/span><\/p>\n<p><span style=\"font-family: PT Sans Narrow; color: #000000;\">ERASMUS+<\/span>[\/vc_column_text][\/vc_column][vc_column width=&#8221;1\/5&#8243; el_class=&#8221;shadow margines&#8221;][vc_column_text]<a href=\"https:\/\/us.edu.pl\/wydzial\/wnst\/2021\/10\/07\/malgorzata-przybyla-kasperek-dania\/\"><img class=\"alignnone wp-image-17913 size-full\" src=\"https:\/\/us.edu.pl\/wydzial\/wnst\/wp-content\/uploads\/sites\/18\/Nieprzypisane\/Przyby\u0142aKasperekMa\u0142gorzata_600x600.jpg\" alt=\"\" width=\"100%\" height=\"auto\" srcset=\"https:\/\/us.edu.pl\/wydzial\/wnst\/wp-content\/uploads\/sites\/18\/Nieprzypisane\/Przyby\u0142aKasperekMa\u0142gorzata_600x600.jpg 600w, https:\/\/us.edu.pl\/wydzial\/wnst\/wp-content\/uploads\/sites\/18\/Nieprzypisane\/Przyby\u0142aKasperekMa\u0142gorzata_600x600-150x150.jpg 150w, https:\/\/us.edu.pl\/wydzial\/wnst\/wp-content\/uploads\/sites\/18\/Nieprzypisane\/Przyby\u0142aKasperekMa\u0142gorzata_600x600-300x300.jpg 300w, https:\/\/us.edu.pl\/wydzial\/wnst\/wp-content\/uploads\/sites\/18\/Nieprzypisane\/Przyby\u0142aKasperekMa\u0142gorzata_600x600-575x575.jpg 575w\" sizes=\"(max-width: 600px) 100vw, 600px\" \/><\/a>[\/vc_column_text][vc_column_text css=&#8221;.vc_custom_1634294685072{padding-top: 10px !important;padding-right: 10px !important;padding-bottom: 10px !important;padding-left: 15px !important;}&#8221;]<small><span style=\"letter-spacing: 0.6mm; color: #333333; font-size: 130%; font-family: PT Sans Narrow;\"><strong>dr hab. MA\u0141GORZATA PRZYBY\u0141A-KASPEREK, prof, U\u015a<br \/>\n<\/strong><\/span><\/small><\/p>\n<hr \/>\n<p><span style=\"color: #9b132a;\"><strong><span style=\"font-family: 'PT Sans Narrow'; font-size: 90%;\">Aarhus, Dania<\/span><\/strong><\/span><\/p>\n<p><span style=\"font-family: PT Sans Narrow; color: #000000;\">Mistrzowie dydaktyki<\/span>[\/vc_column_text][\/vc_column][vc_column width=&#8221;1\/5&#8243;][\/vc_column][\/vc_row][vc_row el_class=&#8221;container&#8221;][vc_column width=&#8221;4\/5&#8243;]<div class=\"container\"><div class=\"separator\" style=\"background-color: #ebebeb\"><\/div><\/div>[\/vc_column][vc_column width=&#8221;1\/5&#8243;][\/vc_column][\/vc_row][vc_row content_placement=&#8221;top&#8221; el_class=&#8221;bottom container flex&#8221;][vc_column width=&#8221;1\/5&#8243; el_class=&#8221;shadow margines&#8221; css=&#8221;.vc_custom_1633602432141{margin-top: 0px !important;border-top-width: 0px !important;padding-top: 0px !important;}&#8221;][vc_column_text css=&#8221;.vc_custom_1699662047749{padding-top: 0px !important;padding-right: 0px !important;padding-bottom: 0px !important;padding-left: 0px !important;}&#8221;]<a href=\"https:\/\/us.edu.pl\/wydzial\/wnst\/2023\/11\/09\/p-kudlacik-t-orczyk-t-wesolowski-chorwacja\/\"><img class=\"alignnone size-medium wp-image-171364\" src=\"https:\/\/us.edu.pl\/wydzial\/wnst\/wp-content\/uploads\/sites\/18\/mobilnosc\/Rijeka2023\/Vmake-1699660923-300x300.jpg\" alt=\"\" width=\"300\" height=\"300\" srcset=\"https:\/\/us.edu.pl\/wydzial\/wnst\/wp-content\/uploads\/sites\/18\/mobilnosc\/Rijeka2023\/Vmake-1699660923-300x300.jpg 300w, https:\/\/us.edu.pl\/wydzial\/wnst\/wp-content\/uploads\/sites\/18\/mobilnosc\/Rijeka2023\/Vmake-1699660923-1024x1024.jpg 1024w, https:\/\/us.edu.pl\/wydzial\/wnst\/wp-content\/uploads\/sites\/18\/mobilnosc\/Rijeka2023\/Vmake-1699660923-150x150.jpg 150w, https:\/\/us.edu.pl\/wydzial\/wnst\/wp-content\/uploads\/sites\/18\/mobilnosc\/Rijeka2023\/Vmake-1699660923-768x768.jpg 768w, https:\/\/us.edu.pl\/wydzial\/wnst\/wp-content\/uploads\/sites\/18\/mobilnosc\/Rijeka2023\/Vmake-1699660923-1536x1536.jpg 1536w, https:\/\/us.edu.pl\/wydzial\/wnst\/wp-content\/uploads\/sites\/18\/mobilnosc\/Rijeka2023\/Vmake-1699660923-2048x2048.jpg 2048w, https:\/\/us.edu.pl\/wydzial\/wnst\/wp-content\/uploads\/sites\/18\/mobilnosc\/Rijeka2023\/Vmake-1699660923-575x575.jpg 575w\" sizes=\"(max-width: 300px) 100vw, 300px\" \/><\/a>[\/vc_column_text][vc_column_text css=&#8221;.vc_custom_1699653423127{padding-top: 10px !important;padding-right: 10px !important;padding-bottom: 10px !important;padding-left: 15px !important;}&#8221;]<small><span style=\"letter-spacing: 0.6mm; color: #333333; font-size: 130%; font-family: PT Sans Narrow;\"><strong>dr in\u017c. PRZEMYS\u0141AW KUD\u0141ACIK<br \/>\ndr in\u017c. TOMASZ ORCZYK<br \/>\nmgr in\u017c. TOMASZ WESO\u0141OWSKI<\/strong><\/span><\/small><\/p>\n<hr \/>\n<p><span style=\"color: #9b132a;\"><strong><span style=\"font-family: 'PT Sans Narrow'; font-size: 90%;\">Rijeka, Chorwacja<\/span><\/strong><\/span><\/p>\n<p><span style=\"font-family: PT Sans Narrow; color: #000000;\">ERASMUS+<br \/>\n<\/span>[\/vc_column_text][\/vc_column][vc_column width=&#8221;1\/5&#8243;][\/vc_column][vc_column width=&#8221;1\/5&#8243;][\/vc_column][vc_column width=&#8221;1\/5&#8243;][\/vc_column][vc_column width=&#8221;1\/5&#8243;][\/vc_column][\/vc_row][vc_row][vc_column]\r\n                <div class=\"text-modules\">\r\n                    <div class=\"container\">\r\n                        \r\n                        <div class=\"text-modules__content\"><\/p>\n<p>\n<\/div>\r\n                    <\/div>\r\n                <\/div>[\/vc_column][\/vc_row]<\/p>","protected":false},"excerpt":{"rendered":"<p>[vc_row content_placement=&#8221;middle&#8221; el_class=&#8221;container&#8221;][vc_column width=&#8221;1\/5&#8243;][\/vc_column][vc_column width=&#8221;3\/5&#8243;][vc_column_text]HISTORIE NASZYCH PODR\u00d3\u017bY Ka\u017cda podr\u00f3\u017c zaczyna si\u0119 od pierwszego kroku\u2026, a potem ju\u017c nie umiemy si\u0119 zatrzyma\u0107. I nie chcemy. Pocz\u0105tkowo mamy obawy: czy to si\u0119 uda? Czy sobie poradzimy z odnalezieniem si\u0119 w nowej rzeczywisto\u015bci? Jak prze\u0142amiemy barier\u0119 j\u0119zykow\u0105? A po powrocie cieszymy si\u0119, \u017ce nie zrezygnowali\u015bmy. Program Erasmus jest [&#8230;]<\/p>\n<p><a class=\"btn btn-secondary understrap-read-more-link\" href=\"https:\/\/us.edu.pl\/wydzial\/wnst\/strona-glowna\/mobilnosc\/nasze-historie\/\">Read More&#8230;<\/a><\/p>\n","protected":false},"author":92,"featured_media":0,"parent":17753,"menu_order":0,"comment_status":"closed","ping_status":"closed","template":"","meta":{"_expiration-date-status":"","_expiration-date":0,"_expiration-date-type":"","_expiration-date-categories":[],"_expiration-date-options":[]},"acf":[],"_links":{"self":[{"href":"https:\/\/us.edu.pl\/wydzial\/wnst\/wp-json\/wp\/v2\/pages\/17894"}],"collection":[{"href":"https:\/\/us.edu.pl\/wydzial\/wnst\/wp-json\/wp\/v2\/pages"}],"about":[{"href":"https:\/\/us.edu.pl\/wydzial\/wnst\/wp-json\/wp\/v2\/types\/page"}],"author":[{"embeddable":true,"href":"https:\/\/us.edu.pl\/wydzial\/wnst\/wp-json\/wp\/v2\/users\/92"}],"replies":[{"embeddable":true,"href":"https:\/\/us.edu.pl\/wydzial\/wnst\/wp-json\/wp\/v2\/comments?post=17894"}],"version-history":[{"count":11,"href":"https:\/\/us.edu.pl\/wydzial\/wnst\/wp-json\/wp\/v2\/pages\/17894\/revisions"}],"predecessor-version":[{"id":176738,"href":"https:\/\/us.edu.pl\/wydzial\/wnst\/wp-json\/wp\/v2\/pages\/17894\/revisions\/176738"}],"up":[{"embeddable":true,"href":"https:\/\/us.edu.pl\/wydzial\/wnst\/wp-json\/wp\/v2\/pages\/17753"}],"wp:attachment":[{"href":"https:\/\/us.edu.pl\/wydzial\/wnst\/wp-json\/wp\/v2\/media?parent=17894"}],"curies":[{"name":"wp","href":"https:\/\/api.w.org\/{rel}","templated":true}]}}