{"id":11653,"date":"2022-06-02T14:37:58","date_gmt":"2022-06-02T12:37:58","guid":{"rendered":"https:\/\/us.edu.pl\/wydzial\/wpia\/?post_type=event&#038;p=11653"},"modified":"2022-06-03T12:54:04","modified_gmt":"2022-06-03T10:54:04","slug":"festyn-naukowy","status":"publish","type":"event","link":"https:\/\/us.edu.pl\/wydzial\/wpia\/event\/festyn-naukowy\/","title":{"rendered":"FESTYN NAUKOWY"},"content":{"rendered":"<p>[vc_row][vc_column][vc_column_text][\/vc_column_text][\/vc_column][\/vc_row][vc_row][vc_column]\r\n                <div class=\"text-modules \">\r\n                    <div class=\"container\">\r\n                         \r\n                        <div class=\"row m-0\">\r\n                            <div class=\"text-modules__content\">\r\n                                <\/p>\n<p style=\"text-align: center;\"><strong>FESTYN NAUKOWY<\/strong><br \/>\n<strong>11 czerwca 2022 r. <\/strong><br \/>\n<strong>WYDZIA\u0141 PRAWA I ADMINISTRACJI <\/strong><br \/>\n<strong>UNIWERSYTETU \u015aL\u0104SKIEGO W KATOWICACH<\/strong><\/p>\n<p style=\"text-align: center;\"><strong>ATRAKCJE DLA DZIECI, M\u0141ODZIE\u017bY I DOROS\u0141YCH<\/strong><\/p>\n<p style=\"text-align: left;\">Szanowni Pa\u0144stwo!<br \/>\n<strong>W dniu 11 czerwca 2022 r. Komisja Doskonalenia Zawodowego, Cyber Science, wydawnictwo Wolters Kluwer i Wydzia\u0142 Prawa i Administracji Uniwersytetu \u015al\u0105skiego w Katowicach zapraszaj\u0105 na <span style=\"color: #ff0000;\">Festyn Naukowy, kt\u00f3ry ma charakter imprezy rodzinnej<\/span>.<\/strong><\/p>\n<p style=\"text-align: left;\">Wydarzenie dedykowane jest dla adwokat\u00f3w, aplikant\u00f3w adwokackich, prawnik\u00f3w, pracownik\u00f3w naukowych, administracyjnych Uniwersytetu \u015al\u0105skiego oraz innych zainteresowanych (niezwi\u0105zanych z prawem) i ich rodzin i bliskich.<\/p>\n<p style=\"text-align: left;\"><strong>Wydarzenie podzielone jest na dwa bloki: wyk\u0142ady oraz warsztaty praktyczne. <\/strong><\/p>\n<p style=\"text-align: left;\"><strong>Wyk\u0142ady odbywa\u0107 si\u0119 b\u0119d\u0105 w holu<\/strong> budynku <strong>WPiA U\u015a- ul. Bankowa 11 B, Katowice.<\/strong><br \/>\nWarsztaty b\u0119d\u0105 odbywa\u0107 si\u0119 w auli nr 4 WPiA w Katowicach- ul. Bankowa 11 B, Katowice.<\/p>\n<p style=\"text-align: left;\"><strong>Wiedz\u0119 na temat nowych technologii doro\u015bli cz\u0119sto zdobywaj\u0105 od m\u0142odszego pokolenia. W zakresie kompetencji cyfrowych dzieci i m\u0142odzie\u017c zazwyczaj przewy\u017cszaj\u0105 doros\u0142ych, przez co \u015bwiat cyfrowy dla doros\u0142ych stanowi wyzwanie, kt\u00f3remu doro\u015bli musz\u0105 sprosta\u0107- je\u015bli chc\u0105 rozumie\u0107 m\u0142odsze pokolenie i aby zapewni\u0107 w\u0142a\u015bciwe bezpiecze\u0144stwo swoim bliskim.<\/strong><\/p>\n<p style=\"text-align: left;\">Festyn Naukowy ma na celu pog\u0142\u0119bienie wiedzy o nowych technologiach, sztucznej inteligencji oraz cyberbezpiecze\u0144stwie, w tym zastosowaniu prawa w tych dziedzinach,<\/p>\n<p style=\"text-align: left;\"><strong>Pierwsza cz\u0119\u015b\u0107 wydarzania sk\u0142ada si\u0119 z wyk\u0142ad\u00f3w<\/strong> na temat sztucznej inteligencji oraz prawa.<br \/>\nW\u015br\u00f3d wyk\u0142adowc\u00f3w s\u0105 m.in. <strong>dr hab. prof. U\u015a, Rzecznik Generalny TSUE Maciej Szpunar, dr hab. prof. U\u015a Dariusz Szostek, dr Micha\u0142 Nowakowski<\/strong>.<\/p>\n<p style=\"text-align: left;\">W trakcie wydarzenia o godz. 11.00 zaplanowana zosta\u0142a <span style=\"color: #ff0000;\">wycieczka dla najm\u0142odszych oraz ka\u017cdej zainteresowanej osoby po Wydziale Prawa i Administracji Uniwersytetu \u015al\u0105skiego w Katowicach<\/span>. T\u0119 cz\u0119\u015b\u0107 wydarzenia poprowadzi adw. Magdalena Stryja Rzecznik i Kierownik Organizacyjna Wydzia\u0142u Prawa i Administracji U\u015a, Cz\u0142onkini Zespo\u0142u Prasowego Naczelnej Rady Adwokackiej, Przewodnicz\u0105ca Komisji Nauki i Rozwoju przy ORA w\u00a0Katowicach.<\/p>\n<p style=\"text-align: left;\"><strong>Druga cz\u0119\u015b\u0107 wydarzenia to warsztaty praktyczne, przy u\u017cyciu sprz\u0119tu elektronicznego, przeznaczone dla uczestnik\u00f3w wydarzania i ich bliskich.<\/strong><br \/>\nTematami warsztat\u00f3w s\u0105: cyberhigiena, cyberbezpiecze\u0144stwo oraz tworzenie i u\u017cywanie NFT i token\u00f3w.<\/p>\n<p style=\"text-align: left;\">Dla najm\u0142odszych przewidziane zosta\u0142y r\u00f3wnie\u017c atrakcje w postaci <span style=\"color: #ff0000;\">stoiska z wat\u0105 cukrow\u0105 oraz dmuchane zje\u017cd\u017calnie<\/span> przed budynkiem Wydzia\u0142u Prawa i Administracji Uniwersytetu \u015al\u0105skiego w Katowicach przygotowane przez <span style=\"color: #ff0000;\">NIBYLANDI\u0118<\/span><\/p>\n<p style=\"text-align: left;\"><strong>Patron wydarzenia, Centrum In\u017cynierii Prawa, Technologii i Kompetencji Cyfrowych &#8211; Cyber Science<\/strong> jest to konsorcjum naukowo-dydaktycze utworzone przez Uniwersytet \u015al\u0105ski w Katowicach, Naukow\u0105 i Akademick\u0105 Sie\u0107 Komputerow\u0105 \u2013 Pa\u0144stwowy Instytut Badawczy NASK, Uniwersytet Ekonomiczny w Katowicach oraz Politechnik\u0119 \u015al\u0105sk\u0105.<\/p>\n<p style=\"text-align: left;\">Podmiot, z uwagi na fakt, i\u017c Unia Europejska przygotowa\u0142a istotny pakiet zmian legislacyjnych stworzy\u0142 dwa nowatorskie i autorskie kierunki studi\u00f3w podyplomowych: 1) Tokenizacja i automatyzacja proces\u00f3w w gospodarce cyfrowej (aspekty prawne, technologiczne i ekonomiczne); 2) Zarz\u0105dzanie Cyberbezpiecze\u0144stwem (<a href=\"https:\/\/us.edu.pl\/centra-badawcze\/cyberscience\/studia-podyplomowe\/\">https:\/\/us.edu.pl\/centra-badawcze\/cyberscience\/studia-podyplomowe\/<\/a>).<\/p>\n<p style=\"text-align: left;\">Studia podyplomowe rozpoczynaj\u0105 si\u0119 na jesie\u0144 2022 r., o szczeg\u00f3\u0142ach zostan\u0105 jeszcze Pa\u0144stwo poinformowani.<br \/>\nW dniu 10.06.2022 r. w Katowicach Naczelna Rada Adwokacka podpisze z Cyber Science porozumienie dotycz\u0105ce wsp\u00f3\u0142pracy.<\/p>\n<p style=\"text-align: left;\">Wydarzenie odbywa si\u0119 r\u00f3wnie\u017c pod patronatem wydawnictwa Wolters Kluwers. Podmiot jest dostawca informacji prawnej i narz\u0119dzi dla prawnik\u00f3w m.in. Legal Alert- program do komunikacji e-mail z klientami kancelarii prawnej \u2013 gotowe newsy i platforma do wysy\u0142ania (<a href=\"http:\/\/www.lex.pl\/legalalert\">www.lex.pl\/legalalert<\/a>) oraz LegalDesk- aplikacja do prowadzenia kancelarii (<a href=\"http:\/\/www.legaldesk.tech\">www.legaldesk.tech<\/a>)<\/p>\n<p style=\"text-align: left;\">Organizatorzy i Patroni maj\u0105 nadzieje, \u017ce ka\u017cdy, niezale\u017cnie od wieku i umiej\u0119tno\u015bci cyfrowych, b\u0119dzie m\u00f3g\u0142 zdoby\u0107 podczas wydarzenia now\u0105 wiedz\u0119 oraz sp\u0119dzi podczas spotkania mi\u0142o czas.<\/p>\n<p style=\"text-align: left;\">Razem z Patronami wydarzenia zach\u0119cam do brania udzia\u0142u w wydarzeniu.<\/p>\n<p style=\"text-align: left;\">Poni\u017cej uprzejmie przedstawiam agend\u0119 wydarzenia<\/p>\n<p style=\"text-align: left;\">Z wyrazami szacunku<\/p>\n<p style=\"text-align: left;\">adw. Grzegorz Kope\u0107<\/p>\n<p style=\"text-align: left;\">Przewodnicz\u0105cy Komisji Doskonalenia Zawodowego Naczelnej Rady Adwokackiej<\/p>\n<p style=\"text-align: center;\"><span style=\"color: #ff0000;\"><strong>AGENDA FESTYNU NAUKOWEGO<\/strong><\/span><\/p>\n<p style=\"text-align: left;\"><strong>DATA: 11 czerwca 2022 r<\/strong><\/p>\n<p style=\"text-align: left;\"><strong>MIEJSCE: WPiA Uniwersytetu \u015al\u0105skiego w Katowicach (hol)<\/strong><\/p>\n<p style=\"text-align: left;\"><strong>godzina 09:45 <\/strong>&#8211; Przywitanie Go\u015bci<\/p>\n<p style=\"text-align: left;\"><strong>-adw. Przemys\u0142aw Rosati<\/strong>&#8211; Prezes Naczelnej Rady Adwokackiej<br \/>\n<strong>-adw. dr Agnieszka Zemke<\/strong> \u2013 G\u00f3recka- Wiceprezes Naczelnej Rady Adwokackiej<br \/>\n<strong>&#8211; adw. Roman Kusz<\/strong>&#8211; Dziekan Okr\u0119gowej Rady Adwokackiej w Katowicach<\/p>\n<p style=\"text-align: center;\"><span style=\"color: #ff0000;\"><strong>WYK\u0141ADY<\/strong><\/span><\/p>\n<p style=\"text-align: left;\"><strong>godzina 10:00 \u2013 10:30<\/strong><\/p>\n<p style=\"text-align: left;\"><strong>dr hab. prof. U\u015a, Rzecznik Generalny TSUE Maciej Szpunar<\/strong><br \/>\nCo nowego w nowych technologiach i co to oznacza dla prawnik\u00f3w?<\/p>\n<p style=\"text-align: left;\"><strong>godzina 10:30 \u2013 11:00<\/strong><\/p>\n<p style=\"text-align: left;\"><strong>dr hab. prof. U\u015a Dariusz Szostek<\/strong><br \/>\nCzy algorytmy i sztuczna inteligencja zast\u0105pi\u0105 prawnik\u00f3w. Przysz\u0142e zawody prawnicze \u2013 dok\u0105d zmierzamy<\/p>\n<p style=\"text-align: left;\"><strong>godzina 11:00 \u2013 11:30<\/strong><\/p>\n<p style=\"text-align: left;\"><strong>dr Micha\u0142 Nowakowski (wsp\u00f3\u0142pracownik Cyber Science)<\/strong><br \/>\nCyfrowe finanse, czyli FinTech z perspektywy prawno- regulacyjnej<\/p>\n<p style=\"text-align: left;\"><strong>godzina 11:30 \u2013 12:00<\/strong><\/p>\n<p style=\"text-align: left;\"><strong>dr Marlena Sakowska \u2013 Bary\u0142a (wsp\u00f3\u0142pracownik Cyber Science)<\/strong><br \/>\nDane osobowe, otwarte dane i sztuczna inteligencja &#8211; wsp\u00f3\u0142stosowanie przepis\u00f3w, przypadki kolizji praw<\/p>\n<p style=\"text-align: left;\"><strong>godzina 12:00 \u2013 12:30<\/strong><\/p>\n<p style=\"text-align: left;\"><strong>adw Paulina Rzeszut<\/strong><br \/>\nRola telemedycyny w perspektywie konflikt\u00f3w zbrojnych i pandemii<\/p>\n<p style=\"text-align: left;\"><strong>godzina 12:30\u2013 13:00<\/strong><\/p>\n<p style=\"text-align: left;\"><strong>Mec. Maciej Gro\u0144 (NASK, Cyber Csience)<\/strong><br \/>\nCyberhigiena dla prawnik\u00f3w<\/p>\n<p style=\"text-align: center;\"><span style=\"color: #ff0000;\"><strong>WARSZTATY DLA CA\u0141EJ RODZINY<\/strong><\/span><\/p>\n<p style=\"text-align: left;\"><strong>WPiA U\u015a KATOWICE (aula nr 4)<\/strong><\/p>\n<p style=\"text-align: left;\"><strong>godzina 11:00 &#8211; 11:50<\/strong><\/p>\n<p style=\"text-align: left;\">NFT \u2013 co to? Po co?<br \/>\nAbstrakt: NFT zaprz\u0105ta g\u0142ow\u0119 prawnikom i m\u0142odym tw\u00f3rcom tre\u015bci. Czym w\u0142a\u015bciwie jest NFT? Po co powsta\u0142 i czemu s\u0142u\u017cy? Wiek: 12-42<\/p>\n<p style=\"text-align: left;\"><strong>adw. Dominika Syrociak, dr. in\u017c. Rafa\u0142 Prabucki, mgr Rafa\u0142 Skibicki , mgr Jakub Wyczik<\/strong><\/p>\n<p style=\"text-align: left;\"><strong>godzina 12:00 \u2013 12:50<\/strong><\/p>\n<p style=\"text-align: left;\">Cyberhigiena dla rodziny prawniczej<br \/>\nAbstrakt: Wiele z\u0142a czyha w internecie. Jak si\u0119 broni\u0107? Co nas tam czeka ? Przyk\u0142ady z \u017cycia wzi\u0119te dla ca\u0142ej rodziny. Wiek: 18-60<\/p>\n<p style=\"text-align: left;\"><strong>adw. Dominika Syrociak, dr. in\u017c. Rafa\u0142 Prabucki<\/strong><\/p>\n<p style=\"text-align: left;\"><strong>godzina 13:00 \u2013 13:50<\/strong><\/p>\n<p style=\"text-align: left;\">Platforma, tre\u015b\u0107, prawo<br \/>\nAbstrakt: przegl\u0105d prawa i kazus\u00f3w w kontek\u015bcie zmian w zakresie prowadzenia kont na platformach \u2013 warsztaty dla tw\u00f3rc\u00f3w tre\u015bci Wiek: 12-22<\/p>\n<p style=\"text-align: left;\"><strong>mgr Rafa\u0142 Skibicki, mgr Jakub Wyczik<\/strong><\/p>\n<p style=\"text-align: left;\"><strong>Komisja Doskonalenia Zawodowego NRA, Cyber Science, WPiA Uniwersytet \u015al\u0105ski <\/strong><br \/>\n<strong>oraz Wydawnictwo Wolters Kluwer<\/strong><\/p>\n<p style=\"text-align: left;\"><strong>serdecznie zapraszaj\u0105!<\/strong><\/p>\n<p><img class=\"alignnone size-full wp-image-11662\" src=\"https:\/\/us.edu.pl\/wydzial\/wpia\/wp-content\/uploads\/sites\/19\/Wydarzenia\/Przechwytywanie.png\" alt=\"\" width=\"260\" height=\"363\" \/> \r\n                                <div class=\"mt-3\"><\/div>\r\n                            <\/div>\r\n                            \r\n                            <div class=\"text-modules__img\"><img src=\"https:\/\/us.edu.pl\/wydzial\/wpia\/wp-content\/uploads\/sites\/19\/Wydarzenia\/FESTYN-NAUKOWY-KATOWICE-11-CZERWCA-2022.jpg\" alt=\"img\"><\/div>\r\n                        <\/div>\r\n                    <\/div>\r\n                <\/div>[\/vc_column][\/vc_row][vc_row][vc_column][vc_column_text][\/vc_column_text][\/vc_column][\/vc_row]<\/p>","protected":false},"excerpt":{"rendered":"<p>[vc_row][vc_column][vc_column_text][\/vc_column_text][\/vc_column][\/vc_row][vc_row][vc_column][\/vc_column][\/vc_row][vc_row][vc_column][vc_column_text][\/vc_column_text][\/vc_column][\/vc_row] [&#8230;]<\/p>\n<p><a class=\"btn btn-secondary understrap-read-more-link\" href=\"https:\/\/us.edu.pl\/wydzial\/wpia\/event\/festyn-naukowy\/\">Read More&#8230;<\/a><\/p>\n","protected":false},"author":107,"featured_media":0,"template":"","meta":{"_expiration-date-status":"","_expiration-date":0,"_expiration-date-type":"","_expiration-date-categories":[],"_expiration-date-options":[]},"acf":[],"_links":{"self":[{"href":"https:\/\/us.edu.pl\/wydzial\/wpia\/wp-json\/wp\/v2\/event\/11653"}],"collection":[{"href":"https:\/\/us.edu.pl\/wydzial\/wpia\/wp-json\/wp\/v2\/event"}],"about":[{"href":"https:\/\/us.edu.pl\/wydzial\/wpia\/wp-json\/wp\/v2\/types\/event"}],"author":[{"embeddable":true,"href":"https:\/\/us.edu.pl\/wydzial\/wpia\/wp-json\/wp\/v2\/users\/107"}],"version-history":[{"count":7,"href":"https:\/\/us.edu.pl\/wydzial\/wpia\/wp-json\/wp\/v2\/event\/11653\/revisions"}],"predecessor-version":[{"id":11700,"href":"https:\/\/us.edu.pl\/wydzial\/wpia\/wp-json\/wp\/v2\/event\/11653\/revisions\/11700"}],"wp:attachment":[{"href":"https:\/\/us.edu.pl\/wydzial\/wpia\/wp-json\/wp\/v2\/media?parent=11653"}],"curies":[{"name":"wp","href":"https:\/\/api.w.org\/{rel}","templated":true}]}}