{"id":159024,"date":"2022-10-24T10:45:07","date_gmt":"2022-10-24T08:45:07","guid":{"rendered":"https:\/\/us.edu.pl\/wydzial\/wpia\/?post_type=event&#038;p=159024"},"modified":"2022-12-07T14:16:49","modified_gmt":"2022-12-07T13:16:49","slug":"ukraine-poland-the-choice-of-law-aspects-of-war-and-forced-displacement","status":"publish","type":"event","link":"https:\/\/us.edu.pl\/wydzial\/wpia\/event\/ukraine-poland-the-choice-of-law-aspects-of-war-and-forced-displacement\/","title":{"rendered":"Ukraine-Poland. The Choice of Law Aspects of War  and Forced Displacement"},"content":{"rendered":"<p>[vc_row][vc_column][vc_column_text][\/vc_column_text][\/vc_column][\/vc_row][vc_row][vc_column]\r\n                <div class=\"text-modules\">\r\n                    <div class=\"container\">\r\n                        \r\n                        <div class=\"text-modules__content\"><\/p>\n<p style=\"text-align: center;\">Zesp\u00f3\u0142 bada\u0144 nad europejskim i polskim prawem prywatnym mi\u0119dzynarodowym<br \/>\nZesp\u00f3\u0142 bada\u0144 nad europejskim i polskim prawem prywatnym<br \/>\ni Komisja Prawnicza PAU w Katowicach<br \/>\nzapraszaj\u0105 do udzia\u0142u w mi\u0119dzynarodowej konferencji naukowej<\/p>\n<p style=\"text-align: center;\"><span style=\"font-size: 18pt;\"><strong>Ukraine-Poland. The Choice of Law Aspects of War <\/strong><\/span><br \/>\n<span style=\"font-size: 18pt;\"><strong>and Forced Displacement<\/strong><\/span><\/p>\n<p style=\"text-align: center;\">Ukraina-Polska. Kolizyjnoprawne aspekty wojny i przymusowego przemieszczania si\u0119 os\u00f3b<\/p>\n<p style=\"text-align: center;\">Konferencja pod patronatem <strong>Rzecznika Praw Obywatelskich, Konsula Generalnego Ukrainy, Towarzystwa Przyjaci\u00f3\u0142 Ukrainy<span class=\"Apple-converted-space\">, Stowarzyszenia Notariuszy RP<\/span><\/strong><br \/>\n<strong>i Naczelnej Rady Adwokackiej<\/strong><\/p>\n<p style=\"text-align: center;\">odb\u0119dzie si\u0119 8 grudnia 2022 w auli nr 7<\/p>\n<p style=\"text-align: center;\">Osoby zainteresowane udzia\u0142em w konferencji proszone s\u0105 o zarejestrowanie si\u0119 poprzez formularz zg\u0142oszeniowy <a href=\"https:\/\/forms.gle\/79yZHoZUx445cZmb8\">https:\/\/forms.gle\/79yZHoZUx445cZmb8<\/a><\/p>\n<p style=\"text-align: center;\">UWAGA! W przypadku udzia\u0142u stacjonarnego rejestracja najp\u00f3\u017aniej do 30 listopada 2022<\/p>\n<p style=\"text-align: center;\"><span style=\"font-size: 14pt;\"><strong>CONFERENCE PROGRAMME<\/strong><\/span><\/p>\n<p>9.00 \u2013 9.30 | Opening of the Conference and Welcoming Remarks<\/p>\n<p style=\"padding-left: 120px;\"><strong>Dr. Hab. Witold Kurowski, Assoc. Prof<\/strong>. | University of Silesia in Katowice, Dean of the Faculty of Law and Administration<br \/>\n<strong>Mr. Wiaczes\u0142aw Wojnarow\u015bkyj<\/strong> | Consul General of Ukraine in Krakow<\/p>\n<p style=\"text-align: center;\"><strong>PART ONE<\/strong><\/p>\n<p>9.30 \u2013 9.50 | <strong>Dr. Hab. Adam Redzik, Assoc. Prof.<\/strong>: \u201cConflict of Laws [Ukraine and Poland] \u2013 Historical Perspective\u201d \/ \u201cPrawo kolizyjne [Ukraina i Polska] \u2013 uj\u0119cie historyczne\u201d | University of\u00a0Warsaw, Head of the Department of Penitentiary Law and\u00a0Policy<\/p>\n<p>9.50 \u2013 10.10 | <strong>Dr. Hab. Nataliia Mushak, Assoc. Prof.<\/strong>: \u201cThe Peculiarities of Compliance with\u00a0International Agreements on Human Rights under the Martial Law in Ukraine\u201d | Kyiv National Aviation University<\/p>\n<p>10.10 \u2013 10.30 | <strong>Prof. Dr. Hab. Maksymilian Pazdan<\/strong>: \u201eThe Delimitation of the Scopes of Application of the EU\u00a0regulations and the Polish-Ukrainian Convention, with Focus on Inheritance Issues\u201d \/\u00a0\u201eRozgraniczenie zakres\u00f3w zastosowania regulacji UE i konwencji polsko-ukrai\u0144skiej ze\u00a0szczeg\u00f3lnym uwzgl\u0119dnieniem spraw spadkowych\u201d | Leon Ko\u017aminski Academy<\/p>\n<p>10.30 \u2013 10.50 | <strong>Prof. Dr. Hab. Iryna Dikovska<\/strong>: \u201ePrivate International Law of Ukraine and\u00a0Displacement of\u00a0Natural Persons during the War: Applicable Law Issues\u201d | Taras Shevchenko National University of Kyiv<\/p>\n<p>10.50 \u2013 11.10 | <strong>Dr. Hab. Lyudmila Tokarchuk, Assoc. Prof.<\/strong>: \u201ePeculiarities of Civil Procedure in Ukraine and\u00a0Poland in the Conditions of the Ukrainian-Russian War\u201d \/ &#8222;\u041e\u0441\u043e\u0431\u043b\u0438\u0432\u043e\u0441\u0442\u0456 \u0446\u0438\u0432\u0456\u043b\u044c\u043d\u043e\u0433\u043e \u0441\u0443\u0434\u043e\u0447\u0438\u043d\u0441\u0442\u0432\u0430 \u0432\u00a0\u0423\u043a\u0440\u0430\u0457\u043d\u0456 \u0438 \u041f\u043e\u043b\u044c\u0449\u0456 \u0432 \u0443\u043c\u043e\u0432\u0430\u0445 \u0443\u043a\u0440\u0430\u0457\u043d\u043e-\u0440\u043e\u0441\u0456\u0439\u0441\u044c\u043a\u043e\u0457 \u0432\u0456\u0439\u043d\u0438&#8221; | Odessa I.I.\u00a0Mechnikov National University, Dean of the Faculty of Economics and Law<\/p>\n<p>11.10 \u2013 11.40 | Time for a Discussion<br \/>\n11.40 \u2013 12.00 | Coffe Break<\/p>\n<p style=\"text-align: center;\"><strong>PART TWO<\/strong><\/p>\n<p>12.00 \u2013 12.20 | <strong>Dr. Yulia V. Chernyak, Assoc. Prof.<\/strong>: \u201cCross-Border Family and inheritance Matters in\u00a0the\u00a0Case-Law of the Supreme Court of Ukraine\u201d | Taras Shevchenko National University of\u00a0Kyiv, Judge of the Civil Court of\u00a0Cassation of\u00a0the Supreme Court of Ukraine<\/p>\n<p>12.20 \u2013 12.40 | <strong>Dr. Roksolana Khanyk-Pospolitak, Assoc. Prof.<\/strong> (Head of the Private Law Department), <strong>Dr.\u00a0Tetiana Fedosieieva, Assoc. Prof.<\/strong>: \u201ePeculiarities of\u00a0the\u00a0Representation of Child\u2019s Interests under Martial Law\u201d \/ \u201e\u041e\u0441\u043e\u0431\u043b\u0438\u0432\u043e\u0441\u0442\u0456 \u043f\u0440\u0435\u0434\u0441\u0442\u0430\u0432\u043d\u0438\u0446\u0442\u0432\u0430 \u0456\u043d\u0442\u0435\u0440\u0435\u0441\u0456\u0432 \u0434\u0438\u0442\u0438\u043d\u0438 \u0432\u00a0\u0443\u043c\u043e\u0432\u0430\u0445 \u0432\u043e\u0454\u043d\u043d\u043e\u0433\u043e \u0441\u0442\u0430\u043d\u0443\u201d | National University of Kyiv Mohyla Academy<\/p>\n<p>12.40 \u2013 13.00 | <strong>Dr. Hab. Micha\u0142 Wojewoda, Assoc. Prof.<\/strong>: \u201eLegal Grounds for Applying Polish Guardianship Laws to Ukrainian Children Residing in Poland\u201d \/ \u201ePodstawy prawne stosowania polskich przepis\u00f3w opieku\u0144czych wobec dzieci ukrai\u0144skich przebywaj\u0105cych w\u00a0Polsce\u201d | University of \u0141\u00f3d\u017a, Head of the Sub-department for International Civil Relations<\/p>\n<p>13.00 \u2013 13.20 | <strong>Dr. Hab. Mateusz Pilich, Assoc. Prof.<\/strong>: \u201eConflict-of-Law Aspects of Marriage in the Polish-Ukrainian Bilateral Relationships\u201d \/ \u201eKolizyjnoprawne aspekty prawa ma\u0142\u017ce\u0144skiego w\u00a0stosunkach dwustronnych polsko-ukrai\u0144skich\u201d | University of Warsaw<\/p>\n<p>13.20 \u2013 13.45 | Time for a Discussion<br \/>\n13.45 \u2013 14.30 | Lunch Time<\/p>\n<p style=\"text-align: center;\"><strong>PART THREE<\/strong><\/p>\n<p>14.30 \u2013 14.50 | <strong>Ms. Iryna Protsenko, PhD Candidate<\/strong>: \u201cSpecifics of the Application of \u2018Namibian exceptions\u2019 in\u00a0Ukraine\u201d | National Academy of Sciences of\u00a0Ukraine<\/p>\n<p>14.50 \u2013 15.10 | <strong>Prof. Dr. Hab. Bogus\u0142awa Gnela<\/strong>: \u201eLaw Applicable to Adoption on the Basis of Polish-Ukraine Convention on Legal Aid\u201d \/ \u201ePrawo w\u0142a\u015bciwe dla przysposobienia wed\u0142ug konwencji polsko-ukrai\u0144skiej o pomocy prawnej\u201d | Cracow University of Economics, Head of the Department of\u00a0Civil, Economic and\u00a0Private International Law<\/p>\n<p>15.10 \u2013 15.30 I <strong>Dr. Mariia Lukan<\/strong>: Division of Intellectual Property of Spouses in Private International Law. Ukraine And Poland | Institute of Legal Sciences of the Polish Academy of Sciences<\/p>\n<p>15.30 \u2013 15.50 | <strong>Prof. Dr. Hab. Jacek Go\u0142aczy\u0144ski<\/strong>: \u201eRecognition of Ukrainian Divorces in Poland\u201d \/\u00a0\u201eUznawanie rozwod\u00f3w ukrai\u0144skich w Polsce\u201d | University of Wroc\u0142aw, Head of the Center for Research on\u00a0Legal and Economic Problems of Electronic Communications<\/p>\n<p>15.50 \u2013 16.10 | <strong>Dr. hab. Paulina Twardoch, Assoc. Prof.<\/strong>: \u201eThe Law Applicable to Surrogacy Agreements in\u00a0Ukrainian-Polish Relations\u201d | University of Silesia in Katowice<\/p>\n<p>16.10 \u2013 16.30 | Time for a Discussion<\/p>\n<p style=\"text-align: center;\"><strong>CONCLUDING SESSION<\/strong><\/p>\n<p>16.30 \u2013 17.00 | <strong>Dr. Hab. Yevdokiia D.\u00a0Streltsova, Assoc. Prof.<\/strong>: \u201eCodification of Ukrainian Private International Law: the Need for Legislative Consolidation of the Basic Ideas of European Private International Law\u201d | Odessa I.I. Mechnikov National University, Head of the Department of\u00a0General Legal Disciplines and International Law<\/p>\n<p>17.00 \u2013 17.30 | <strong>Prof. Dr. Hab. Maciej Szpunar<\/strong> (Advocate General of the CJEU), Dr.\u00a0Krzysztof Pacu\u0142a (Referendary at the CJEU): \u201eUkraine\u2019s Association Agreement with the EU in the System of the European Union Law\u201d \/ \u201eUmowa Stowarzyszeniowa z Ukrain\u0105 w\u00a0systemie prawa Unii Europejskiej\u201d | University of Silesia in Katowice, Court of Justice of the European Union<\/p>\n<p>Link do YT<\/p>\n<p><iframe loading=\"lazy\" title=\"Konferencja: Ukraine-Poland. The Choice of Law Aspects of War and Forced Displacement\" width=\"640\" height=\"480\" src=\"https:\/\/www.youtube.com\/embed\/7FaxT56-jmY?feature=oembed\" frameborder=\"0\" allow=\"accelerometer; autoplay; clipboard-write; encrypted-media; gyroscope; picture-in-picture\" allowfullscreen><\/iframe><\/p>\n<p>&nbsp;<\/p>\n<p><img class=\"size-medium wp-image-159868 alignleft\" src=\"https:\/\/us.edu.pl\/wydzial\/wpia\/wp-content\/uploads\/sites\/19\/Wydarzenia\/US-500x84.png\" alt=\"\" width=\"500\" height=\"84\" srcset=\"https:\/\/us.edu.pl\/wydzial\/wpia\/wp-content\/uploads\/sites\/19\/Wydarzenia\/US-500x84.png 500w, https:\/\/us.edu.pl\/wydzial\/wpia\/wp-content\/uploads\/sites\/19\/Wydarzenia\/US-1024x172.png 1024w, https:\/\/us.edu.pl\/wydzial\/wpia\/wp-content\/uploads\/sites\/19\/Wydarzenia\/US-768x129.png 768w, https:\/\/us.edu.pl\/wydzial\/wpia\/wp-content\/uploads\/sites\/19\/Wydarzenia\/US-1536x259.png 1536w, https:\/\/us.edu.pl\/wydzial\/wpia\/wp-content\/uploads\/sites\/19\/Wydarzenia\/US-2048x345.png 2048w, https:\/\/us.edu.pl\/wydzial\/wpia\/wp-content\/uploads\/sites\/19\/Wydarzenia\/US-575x97.png 575w\" sizes=\"(max-width: 500px) 100vw, 500px\" \/>\u00a0 \u00a0 <img class=\"size-full wp-image-159865 aligncenter\" src=\"https:\/\/us.edu.pl\/wydzial\/wpia\/wp-content\/uploads\/sites\/19\/Wydarzenia\/Fundacja-WPIA.png\" alt=\"\" width=\"179\" height=\"142\" \/><\/p>\n<p>&nbsp;<\/p>\n<p><img class=\"alignnone size-medium wp-image-159866\" src=\"https:\/\/us.edu.pl\/wydzial\/wpia\/wp-content\/uploads\/sites\/19\/Wydarzenia\/Rzecznik-Praw-Obywatelskich-500x125.png\" alt=\"\" width=\"500\" height=\"125\" srcset=\"https:\/\/us.edu.pl\/wydzial\/wpia\/wp-content\/uploads\/sites\/19\/Wydarzenia\/Rzecznik-Praw-Obywatelskich-500x125.png 500w, https:\/\/us.edu.pl\/wydzial\/wpia\/wp-content\/uploads\/sites\/19\/Wydarzenia\/Rzecznik-Praw-Obywatelskich-1024x256.png 1024w, https:\/\/us.edu.pl\/wydzial\/wpia\/wp-content\/uploads\/sites\/19\/Wydarzenia\/Rzecznik-Praw-Obywatelskich-768x192.png 768w, https:\/\/us.edu.pl\/wydzial\/wpia\/wp-content\/uploads\/sites\/19\/Wydarzenia\/Rzecznik-Praw-Obywatelskich-575x144.png 575w, https:\/\/us.edu.pl\/wydzial\/wpia\/wp-content\/uploads\/sites\/19\/Wydarzenia\/Rzecznik-Praw-Obywatelskich.png 1422w\" sizes=\"(max-width: 500px) 100vw, 500px\" \/> <img class=\"alignnone size-full wp-image-159864\" src=\"https:\/\/us.edu.pl\/wydzial\/wpia\/wp-content\/uploads\/sites\/19\/Wydarzenia\/Consule-Of-Ukraine.png\" alt=\"\" width=\"440\" height=\"271\" \/><\/p>\n<p><img class=\"alignnone size-medium wp-image-159867\" src=\"https:\/\/us.edu.pl\/wydzial\/wpia\/wp-content\/uploads\/sites\/19\/Wydarzenia\/Stowarzyszenie-Notariuszy-RP-500x352.png\" alt=\"\" width=\"500\" height=\"352\" srcset=\"https:\/\/us.edu.pl\/wydzial\/wpia\/wp-content\/uploads\/sites\/19\/Wydarzenia\/Stowarzyszenie-Notariuszy-RP-500x352.png 500w, https:\/\/us.edu.pl\/wydzial\/wpia\/wp-content\/uploads\/sites\/19\/Wydarzenia\/Stowarzyszenie-Notariuszy-RP-768x541.png 768w, https:\/\/us.edu.pl\/wydzial\/wpia\/wp-content\/uploads\/sites\/19\/Wydarzenia\/Stowarzyszenie-Notariuszy-RP-575x405.png 575w, https:\/\/us.edu.pl\/wydzial\/wpia\/wp-content\/uploads\/sites\/19\/Wydarzenia\/Stowarzyszenie-Notariuszy-RP.png 794w\" sizes=\"(max-width: 500px) 100vw, 500px\" \/> <img class=\"alignnone size-medium wp-image-159863\" src=\"https:\/\/us.edu.pl\/wydzial\/wpia\/wp-content\/uploads\/sites\/19\/Wydarzenia\/Adwokatura-Polska-500x333.png\" alt=\"\" width=\"500\" height=\"333\" srcset=\"https:\/\/us.edu.pl\/wydzial\/wpia\/wp-content\/uploads\/sites\/19\/Wydarzenia\/Adwokatura-Polska-500x333.png 500w, https:\/\/us.edu.pl\/wydzial\/wpia\/wp-content\/uploads\/sites\/19\/Wydarzenia\/Adwokatura-Polska-1024x683.png 1024w, https:\/\/us.edu.pl\/wydzial\/wpia\/wp-content\/uploads\/sites\/19\/Wydarzenia\/Adwokatura-Polska-768x512.png 768w, https:\/\/us.edu.pl\/wydzial\/wpia\/wp-content\/uploads\/sites\/19\/Wydarzenia\/Adwokatura-Polska-575x383.png 575w, https:\/\/us.edu.pl\/wydzial\/wpia\/wp-content\/uploads\/sites\/19\/Wydarzenia\/Adwokatura-Polska.png 1417w\" sizes=\"(max-width: 500px) 100vw, 500px\" \/><\/p>\n<\/div>\r\n                    <\/div>\r\n                <\/div>[\/vc_column][\/vc_row][vc_row][vc_column][vc_column_text][\/vc_column_text][\/vc_column][\/vc_row]<\/p>","protected":false},"excerpt":{"rendered":"<p>[vc_row][vc_column][vc_column_text][\/vc_column_text][\/vc_column][\/vc_row][vc_row][vc_column][\/vc_column][\/vc_row][vc_row][vc_column][vc_column_text][\/vc_column_text][\/vc_column][\/vc_row] [&#8230;]<\/p>\n<p><a class=\"btn btn-secondary understrap-read-more-link\" href=\"https:\/\/us.edu.pl\/wydzial\/wpia\/event\/ukraine-poland-the-choice-of-law-aspects-of-war-and-forced-displacement\/\">Read More&#8230;<\/a><\/p>\n","protected":false},"author":107,"featured_media":0,"template":"","meta":{"_expiration-date-status":"","_expiration-date":0,"_expiration-date-type":"","_expiration-date-categories":[],"_expiration-date-options":[]},"acf":[],"_links":{"self":[{"href":"https:\/\/us.edu.pl\/wydzial\/wpia\/wp-json\/wp\/v2\/event\/159024"}],"collection":[{"href":"https:\/\/us.edu.pl\/wydzial\/wpia\/wp-json\/wp\/v2\/event"}],"about":[{"href":"https:\/\/us.edu.pl\/wydzial\/wpia\/wp-json\/wp\/v2\/types\/event"}],"author":[{"embeddable":true,"href":"https:\/\/us.edu.pl\/wydzial\/wpia\/wp-json\/wp\/v2\/users\/107"}],"version-history":[{"count":11,"href":"https:\/\/us.edu.pl\/wydzial\/wpia\/wp-json\/wp\/v2\/event\/159024\/revisions"}],"predecessor-version":[{"id":159875,"href":"https:\/\/us.edu.pl\/wydzial\/wpia\/wp-json\/wp\/v2\/event\/159024\/revisions\/159875"}],"wp:attachment":[{"href":"https:\/\/us.edu.pl\/wydzial\/wpia\/wp-json\/wp\/v2\/media?parent=159024"}],"curies":[{"name":"wp","href":"https:\/\/api.w.org\/{rel}","templated":true}]}}