{"id":188480,"date":"2025-05-20T10:28:34","date_gmt":"2025-05-20T08:28:34","guid":{"rendered":"https:\/\/us.edu.pl\/wydzial\/wpia\/?post_type=event&#038;p=188480"},"modified":"2025-05-20T09:46:23","modified_gmt":"2025-05-20T07:46:23","slug":"wyklad-goscinny-granice-wolnosci-slowa-odpowiedzialnosc-uzytkownikow-za-tresci-publikowane-przez-nich-i-osoby-trzecie-w-mediach-spolecznosciowych-dr-malgorzata-wegrzak","status":"publish","type":"event","link":"https:\/\/us.edu.pl\/wydzial\/wpia\/event\/wyklad-goscinny-granice-wolnosci-slowa-odpowiedzialnosc-uzytkownikow-za-tresci-publikowane-przez-nich-i-osoby-trzecie-w-mediach-spolecznosciowych-dr-malgorzata-wegrzak\/","title":{"rendered":"Wyk\u0142ad Go\u015bcinny: &#8222;Granice wolno\u015bci s\u0142owa &#8211; odpowiedzialno\u015b\u0107 u\u017cytkownik\u00f3w za tre\u015bci publikowane przez nich i osoby trzecie w mediach spo\u0142eczno\u015bciowych&#8221; &#8211; dr Ma\u0142gorzata W\u0119grzak"},"content":{"rendered":"<p>[vc_row][vc_column]\r\n                <div class=\"text-modules\">\r\n                    <div class=\"container\">\r\n                        \r\n                        <div class=\"text-modules__content\"><\/p>\n<p style=\"text-align: justify;\">W ramach cyklu <strong>Wyk\u0142ad\u00f3w Go\u015bcinnych<\/strong> serdecznie zapraszamy do udzia\u0142u w spotkaniu z <span style=\"color: #000080;\"><strong>dr. Ma\u0142gorzat\u0105 W\u0119grzak<\/strong><\/span>, kt\u00f3ra zapozna uczestnik\u00f3w z tematyk\u0105 publikacji tre\u015bci w Internecie, kt\u00f3ra narusza granice wolno\u015bci s\u0142owa.<\/p>\n<p style=\"text-align: justify;\">Czy mo\u017cemy odpowiada\u0107 prawnie za to, co publikujemy w cyberprzestrzeni? Czy tre\u015bci dodawane anonimowo w ramach internetowej dzia\u0142alno\u015bci s\u0105 obj\u0119te przepisami prawa?<\/p>\n<p style=\"text-align: justify;\">W \u015bwiat medi\u00f3w spo\u0142eczno\u015bciowych oraz konsekwencji zwi\u0105zanych z udost\u0119pnianym contentem wprowadzi go\u015bcini specjalna spotkania, <span style=\"color: #000080;\"><strong>dr Ma\u0142gorzata W\u0119grzak z Uniwersytetu w Alicante<\/strong><\/span>. Pani Doktor wyk\u0142ada\u0142a i prowadzi\u0142a badania m.in. na Uniwersytecie w Alicante, Uniwersytecie w Walencji, Uniwersytecie w Kadyksie, Uniwersytecie im. Carlosa III w Madrycie i Uniwersytecie La Laguna (Teneryfa). Jest r\u00f3wnie\u017c cz\u0142onkini\u0105 m.in.\u00a0 European Law Institute (ELI), Academic Chair for Responsible Development of the Metaverse (UA), Global Innovation Law and Policy Research Group (UA) czy REDCAEM (China and Latin America Network).<\/p>\n<p style=\"text-align: justify;\">Zainteresowania badawcze dr W\u0119grzak obejmuj\u0105 prawo nowych technologii, prawo w\u0142asno\u015bci intelektualnej, mi\u0119dzynarodowe prawo prywatne, prawo dziedzictwa kulturowego oraz transformacje cyfrowe w Ameryce \u0141aci\u0144skiej i Unii Europejskiej.<\/p>\n<p style=\"text-align: justify;\">Spotkanie odb\u0119dzie si\u0119 <strong>27 maja 2025 roku<\/strong>, o <strong>godz. 10.30<\/strong> w <strong>sali 1.4<\/strong>.<\/p>\n<p style=\"text-align: justify;\">Udzia\u0142 w wydarzeniu jest ca\u0142kowicie bezp\u0142atny, nie wymaga wcze\u015bniejszej rejestracji oraz jest otwarty dla ca\u0142ej spo\u0142eczno\u015bci WPiA &#8211; zapraszamy zar\u00f3wno pracownik\u00f3w, jak i student\u00f3w!<\/p>\n<p>\n<\/div>\r\n                    <\/div>\r\n                <\/div>[\/vc_column][\/vc_row]<\/p>","protected":false},"excerpt":{"rendered":"<p>[vc_row][vc_column][\/vc_column][\/vc_row] [&#8230;]<\/p>\n<p><a class=\"btn btn-secondary understrap-read-more-link\" href=\"https:\/\/us.edu.pl\/wydzial\/wpia\/event\/wyklad-goscinny-granice-wolnosci-slowa-odpowiedzialnosc-uzytkownikow-za-tresci-publikowane-przez-nich-i-osoby-trzecie-w-mediach-spolecznosciowych-dr-malgorzata-wegrzak\/\">Read More&#8230;<\/a><\/p>\n","protected":false},"author":6981,"featured_media":0,"template":"","meta":{"_expiration-date-status":"","_expiration-date":0,"_expiration-date-type":"","_expiration-date-categories":[],"_expiration-date-options":[]},"acf":[],"_links":{"self":[{"href":"https:\/\/us.edu.pl\/wydzial\/wpia\/wp-json\/wp\/v2\/event\/188480"}],"collection":[{"href":"https:\/\/us.edu.pl\/wydzial\/wpia\/wp-json\/wp\/v2\/event"}],"about":[{"href":"https:\/\/us.edu.pl\/wydzial\/wpia\/wp-json\/wp\/v2\/types\/event"}],"author":[{"embeddable":true,"href":"https:\/\/us.edu.pl\/wydzial\/wpia\/wp-json\/wp\/v2\/users\/6981"}],"version-history":[{"count":3,"href":"https:\/\/us.edu.pl\/wydzial\/wpia\/wp-json\/wp\/v2\/event\/188480\/revisions"}],"predecessor-version":[{"id":188515,"href":"https:\/\/us.edu.pl\/wydzial\/wpia\/wp-json\/wp\/v2\/event\/188480\/revisions\/188515"}],"wp:attachment":[{"href":"https:\/\/us.edu.pl\/wydzial\/wpia\/wp-json\/wp\/v2\/media?parent=188480"}],"curies":[{"name":"wp","href":"https:\/\/api.w.org\/{rel}","templated":true}]}}