{"id":193722,"date":"2025-10-03T14:47:12","date_gmt":"2025-10-03T12:47:12","guid":{"rendered":"https:\/\/us.edu.pl\/wydzial\/wpia\/?post_type=event&#038;p=193722"},"modified":"2025-10-03T14:33:39","modified_gmt":"2025-10-03T12:33:39","slug":"wystawa-plakatu-polskiego-w-holu-wpia","status":"publish","type":"event","link":"https:\/\/us.edu.pl\/wydzial\/wpia\/event\/wystawa-plakatu-polskiego-w-holu-wpia\/","title":{"rendered":"Finisa\u017c wystawy &#8222;Biennale Plakatu Polskiego&#8221;"},"content":{"rendered":"<p>[vc_row][vc_column]\r\n                <div class=\"text-modules \">\r\n                    <div class=\"container\">\r\n                         \r\n                        <div class=\"row m-0\">\r\n                            <div class=\"text-modules__content\">\r\n                                <\/p>\n<p style=\"text-align: justify;\">W pa\u017adzierniku wraz z <a href=\"https:\/\/bwa.katowice.pl\/\">Galeri\u0105 Sztuki Wsp\u00f3\u0142czesnej BWA w Katowicach<\/a> serdecznie zapraszamy do zapoznania si\u0119 z wyj\u0105tkow\u0105 wystaw\u0105, kt\u00f3ra skupia wok\u00f3\u0142 siebie dzie\u0142a polskich plakacist\u00f3w! Niemal\u017ce ka\u017cdy z nich wyszed\u0142 spod r\u0119ki innego artysty, tym samym podkre\u015blaj\u0105c indywidualny styl Autor\u00f3w oraz Autorek.<\/p>\n<p style=\"text-align: justify;\">Przekr\u00f3j tematyczny plakat\u00f3w jest szeroki \u2013 na naszej wystawie znajduj\u0105 si\u0119 plakaty zar\u00f3wno o tematyce kulturalnej, jak i stanowi\u0105ce komentarz spo\u0142eczny; dzie\u0142a przykuwaj\u0105ce oko, sk\u0142aniaj\u0105ce do refleksji. Zach\u0119camy do przyjrzenia si\u0119 ka\u017cdemu z nich, dostrze\u017ceniu wszystkich szczeg\u00f3\u0142\u00f3w na plakatach.<\/p>\n<p>W\u015br\u00f3d Autor\u00f3w i Autorek znajduj\u0105 si\u0119:<\/p>\n<ul>\n<li>Zbigniew Lata\u0142a, <em>Jazz<\/em>, 2023<\/li>\n<li>Marcin Markowski, <em>Everyone can fly<\/em>, 2023<\/li>\n<li>Marcin Markowski, <em>Pozna\u0144 Poet\u00f3w<\/em>, 2023<\/li>\n<li>Krzysztof Konopelski, <em>\u015arodowiskowe Centra Zdrowia Psychicznego dzieci i m\u0142odzie\u017cy \u2013 otw\u00f3rz si\u0119 z nami na dobre<\/em>, 2021<\/li>\n<li>Martyna Patucha-Polok, <em>Japanese Whispers<\/em>, 2023<\/li>\n<li>Martyna Patucha-Polok, <em>The Cure<\/em>, 2023<\/li>\n<li>Marta Kostrzewa, <em>Krak\u00f3w<\/em>, 2022<\/li>\n<li>Maria Kostrzewa, <em>Katowice<\/em>, 2022<\/li>\n<li>Marcin Markowski, <em>Tribute to Grzegorz Marsza\u0142ek<\/em>, 2023<\/li>\n<li>Piotr Kaczmarek, <em>Rodzice Solo 2<\/em>, 2023<\/li>\n<li>Martyna Szlachta, <em>Kaszta<\/em>, 2023<\/li>\n<li>Martyna Szlachta, <em>Zecer<\/em>, 2023<\/li>\n<li>Karol Kierzynka, <em>Etiuda Chopina<\/em>, 2023<\/li>\n<li>Jakub Sobczak, <em>Peace<\/em>, 2022<\/li>\n<li>Justyna Anio\u0142, <em>Miasto neon\u00f3w<\/em>, 2023<\/li>\n<li>Wojciech Osuchowski, <em>Sypie si\u0119<\/em>, 2023<\/li>\n<\/ul>\n<p style=\"text-align: justify;\">Plakaty pochodz\u0105 z <strong>28. edycji Biennale Plakatu Polskiego Katowice<\/strong> \u2014 uprzejmie dzi\u0119kujemy Galerii BWA Katowice za ich u\u017cyczenie!<\/p>\n<p>Wystawa b\u0119dzie dost\u0119pna do 31 pa\u017adziernika br. \r\n                                <div class=\"mt-3\"><\/div>\r\n                            <\/div>\r\n                            \r\n                            <div class=\"text-modules__img\"><img src=\"https:\/\/us.edu.pl\/wydzial\/wpia\/wp-content\/uploads\/sites\/19\/Bez-kategorii\/FB_IG_biennale.png\" alt=\"img\"><\/div>\r\n                        <\/div>\r\n                    <\/div>\r\n                <\/div>[\/vc_column][\/vc_row]<\/p>","protected":false},"excerpt":{"rendered":"<p>[vc_row][vc_column][\/vc_column][\/vc_row] [&#8230;]<\/p>\n<p><a class=\"btn btn-secondary understrap-read-more-link\" href=\"https:\/\/us.edu.pl\/wydzial\/wpia\/event\/wystawa-plakatu-polskiego-w-holu-wpia\/\">Read More&#8230;<\/a><\/p>\n","protected":false},"author":6981,"featured_media":0,"template":"","meta":{"_expiration-date-status":"","_expiration-date":0,"_expiration-date-type":"","_expiration-date-categories":[],"_expiration-date-options":[]},"acf":[],"_links":{"self":[{"href":"https:\/\/us.edu.pl\/wydzial\/wpia\/wp-json\/wp\/v2\/event\/193722"}],"collection":[{"href":"https:\/\/us.edu.pl\/wydzial\/wpia\/wp-json\/wp\/v2\/event"}],"about":[{"href":"https:\/\/us.edu.pl\/wydzial\/wpia\/wp-json\/wp\/v2\/types\/event"}],"author":[{"embeddable":true,"href":"https:\/\/us.edu.pl\/wydzial\/wpia\/wp-json\/wp\/v2\/users\/6981"}],"version-history":[{"count":9,"href":"https:\/\/us.edu.pl\/wydzial\/wpia\/wp-json\/wp\/v2\/event\/193722\/revisions"}],"predecessor-version":[{"id":193936,"href":"https:\/\/us.edu.pl\/wydzial\/wpia\/wp-json\/wp\/v2\/event\/193722\/revisions\/193936"}],"wp:attachment":[{"href":"https:\/\/us.edu.pl\/wydzial\/wpia\/wp-json\/wp\/v2\/media?parent=193722"}],"curies":[{"name":"wp","href":"https:\/\/api.w.org\/{rel}","templated":true}]}}