{"id":5081,"date":"2021-07-19T08:02:42","date_gmt":"2021-07-19T06:02:42","guid":{"rendered":"https:\/\/us.edu.pl\/wydzial\/wpia\/?post_type=komunikaty&#038;p=5081"},"modified":"2021-07-19T08:10:04","modified_gmt":"2021-07-19T06:10:04","slug":"dr-hab-mariusz-fras-prof-us-oraz-dr-konrad-graczyk-laureatami-konkursu-ncn","status":"publish","type":"komunikaty","link":"https:\/\/us.edu.pl\/wydzial\/wpia\/komunikaty\/dr-hab-mariusz-fras-prof-us-oraz-dr-konrad-graczyk-laureatami-konkursu-ncn\/","title":{"rendered":"Dr hab. Mariusz Fras, prof. U\u015a oraz dr Konrad Graczyk laureatami konkursu NCN"},"content":{"rendered":"<p>[vc_row][vc_column]\r\n                <div class=\"text-modules\">\r\n                    <div class=\"container\">\r\n                        \r\n                        <div class=\"text-modules__content\"><p>Z dum\u0105 i rado\u015bci\u0105 informujemy, \u017ce projekty dw\u00f3ch pracownik\u00f3w Wydzia\u0142u Prawa i Administracji zosta\u0142y zakwalifikowane do finansowania w ramach konkursu OPUS 20 og\u0142oszonego przez Narodowe Centrum Nauki (NCN).<\/p>\n<p>W\u015br\u00f3d 18 laureat\u00f3w panelu HS5 znale\u017ali si\u0119: dr hab. Mariusz Fras, prof. U\u015a z projektem pt.: \u201eDopasowanie produktu ubezpieczeniowego do potrzeb klienta &#8211; rewolucja czy ewolucja prawnej regulacji zawierania um\u00f3w ubezpieczenia?\u201d, oraz dr Konrad Graczyk z projektem pt.: \u201eS\u0105dy specjalne w Generalnym Gubernatorstwie \u2013 Sondergerichte im Generalgouvernement\u201d.<\/p>\n<p>Wi\u0119cej informacji o nagrodzonych projektach na stronie: <a href=\"https:\/\/us.edu.pl\/naukowcy-us-w-konkursach-ncn\/\">https:\/\/us.edu.pl\/naukowcy-us-w-konkursach-ncn\/<\/a><\/p>\n<p>Serdecznie gratulujemy!<\/p>\n<p><img class=\"alignnone wp-image-5082\" src=\"https:\/\/us.edu.pl\/wydzial\/wpia\/wp-content\/uploads\/sites\/19\/sukcesy\/frgr-500x353.png\" alt=\"\" width=\"676\" height=\"477\" srcset=\"https:\/\/us.edu.pl\/wydzial\/wpia\/wp-content\/uploads\/sites\/19\/sukcesy\/frgr-500x353.png 500w, https:\/\/us.edu.pl\/wydzial\/wpia\/wp-content\/uploads\/sites\/19\/sukcesy\/frgr-768x543.png 768w, https:\/\/us.edu.pl\/wydzial\/wpia\/wp-content\/uploads\/sites\/19\/sukcesy\/frgr-1024x724.png 1024w, https:\/\/us.edu.pl\/wydzial\/wpia\/wp-content\/uploads\/sites\/19\/sukcesy\/frgr-575x406.png 575w\" sizes=\"(max-width: 676px) 100vw, 676px\" \/><\/p>\n<\/div>\r\n                    <\/div>\r\n                <\/div>[\/vc_column][\/vc_row]<\/p>","protected":false},"excerpt":{"rendered":"<p>[vc_row][vc_column][\/vc_column][\/vc_row] [&#8230;]<\/p>\n<p><a class=\"btn btn-secondary understrap-read-more-link\" href=\"https:\/\/us.edu.pl\/wydzial\/wpia\/komunikaty\/dr-hab-mariusz-fras-prof-us-oraz-dr-konrad-graczyk-laureatami-konkursu-ncn\/\">Read More&#8230;<\/a><\/p>\n","protected":false},"author":107,"featured_media":0,"template":"","meta":{"_expiration-date-status":"saved","_expiration-date":0,"_expiration-date-type":"","_expiration-date-categories":[],"_expiration-date-options":[]},"acf":[],"_links":{"self":[{"href":"https:\/\/us.edu.pl\/wydzial\/wpia\/wp-json\/wp\/v2\/komunikaty\/5081"}],"collection":[{"href":"https:\/\/us.edu.pl\/wydzial\/wpia\/wp-json\/wp\/v2\/komunikaty"}],"about":[{"href":"https:\/\/us.edu.pl\/wydzial\/wpia\/wp-json\/wp\/v2\/types\/komunikaty"}],"author":[{"embeddable":true,"href":"https:\/\/us.edu.pl\/wydzial\/wpia\/wp-json\/wp\/v2\/users\/107"}],"version-history":[{"count":1,"href":"https:\/\/us.edu.pl\/wydzial\/wpia\/wp-json\/wp\/v2\/komunikaty\/5081\/revisions"}],"predecessor-version":[{"id":5083,"href":"https:\/\/us.edu.pl\/wydzial\/wpia\/wp-json\/wp\/v2\/komunikaty\/5081\/revisions\/5083"}],"wp:attachment":[{"href":"https:\/\/us.edu.pl\/wydzial\/wpia\/wp-json\/wp\/v2\/media?parent=5081"}],"curies":[{"name":"wp","href":"https:\/\/api.w.org\/{rel}","templated":true}]}}