{"id":163409,"date":"2023-04-19T08:48:44","date_gmt":"2023-04-19T06:48:44","guid":{"rendered":"https:\/\/us.edu.pl\/wydzial\/wpia\/?post_type=multimedia&#038;p=163409"},"modified":"2023-04-19T08:48:44","modified_gmt":"2023-04-19T06:48:44","slug":"podpisanie-porozumienia-o-wspolpracy-z-okregowa-rada-adwokacka-i-centrum-mediacyjnym","status":"publish","type":"multimedia","link":"https:\/\/us.edu.pl\/wydzial\/wpia\/multimedia\/podpisanie-porozumienia-o-wspolpracy-z-okregowa-rada-adwokacka-i-centrum-mediacyjnym\/","title":{"rendered":"Podpisanie porozumienia o wsp\u00f3\u0142pracy z Okr\u0119gow\u0105 Rad\u0105 Adwokack\u0105 i Centrum Mediacyjnym"},"content":{"rendered":"<p>[vc_row][vc_column]\r\n                <div class=\"text-modules\">\r\n                    <div class=\"container\">\r\n                        \r\n                        <div class=\"text-modules__content\"><p>W czwartek 13 kwietnia 2023 roku odby\u0142o si\u0119 uroczyste podpisanie porozumienia o wsp\u00f3\u0142pracy pomi\u0119dzy Wydzia\u0142em Prawa i Administracji Uniwersytetu \u015al\u0105skiego, Fundacj\u0105 WPiA U\u015a \u201eFacultas Iuridica\u201d, Okr\u0119gow\u0105 Rad\u0105 Adwokack\u0105 (ORA) w Katowicach oraz Centrum Mediacyjnym ORA.<\/p>\n<p>Celem jest nawi\u0105zanie wsp\u00f3\u0142pracy umo\u017cliwiaj\u0105cej wsp\u00f3\u0142dzia\u0142anie w zakresie mediacji. Porozumienie obejmuje m.in.: wymian\u0119 do\u015bwiadcze\u0144 w zakresie prowadzenia mediacji i innych alternatywnych metod rozwi\u0105zywania spor\u00f3w, organizowanie wydarze\u0144 promuj\u0105cych mediacj\u0119, prowadzenie bada\u0144 naukowych, a tak\u017ce organizowanie warsztat\u00f3w, praktyk dla studentek i student\u00f3w WPiA U\u015a.<\/p>\n<p>Dokument sygnowany by\u0142 przez: dziekana WPiA dr. hab. Witolda Kurowskiego, prof. U\u015a, dr Dominik\u0119 Bek, dr Ann\u0119 Bicz-Kordonets, dziekana ORA adw. Romana Kusza oraz kierownik Centrum Mediacyjnego adw. Paulin\u0119 Rzeszut.<\/p>\n<\/div>\r\n                    <\/div>\r\n                <\/div>[\/vc_column][\/vc_row]<\/p>","protected":false},"excerpt":{"rendered":"<p>[vc_row][vc_column][\/vc_column][\/vc_row] [&#8230;]<\/p>\n<p><a class=\"btn btn-secondary understrap-read-more-link\" href=\"https:\/\/us.edu.pl\/wydzial\/wpia\/multimedia\/podpisanie-porozumienia-o-wspolpracy-z-okregowa-rada-adwokacka-i-centrum-mediacyjnym\/\">Read More&#8230;<\/a><\/p>\n","protected":false},"author":107,"featured_media":163413,"template":"","meta":{"_expiration-date-status":"","_expiration-date":0,"_expiration-date-type":"","_expiration-date-categories":[],"_expiration-date-options":[]},"acf":[],"_links":{"self":[{"href":"https:\/\/us.edu.pl\/wydzial\/wpia\/wp-json\/wp\/v2\/multimedia\/163409"}],"collection":[{"href":"https:\/\/us.edu.pl\/wydzial\/wpia\/wp-json\/wp\/v2\/multimedia"}],"about":[{"href":"https:\/\/us.edu.pl\/wydzial\/wpia\/wp-json\/wp\/v2\/types\/multimedia"}],"author":[{"embeddable":true,"href":"https:\/\/us.edu.pl\/wydzial\/wpia\/wp-json\/wp\/v2\/users\/107"}],"version-history":[{"count":3,"href":"https:\/\/us.edu.pl\/wydzial\/wpia\/wp-json\/wp\/v2\/multimedia\/163409\/revisions"}],"predecessor-version":[{"id":163416,"href":"https:\/\/us.edu.pl\/wydzial\/wpia\/wp-json\/wp\/v2\/multimedia\/163409\/revisions\/163416"}],"wp:featuredmedia":[{"embeddable":true,"href":"https:\/\/us.edu.pl\/wydzial\/wpia\/wp-json\/wp\/v2\/media\/163413"}],"wp:attachment":[{"href":"https:\/\/us.edu.pl\/wydzial\/wpia\/wp-json\/wp\/v2\/media?parent=163409"}],"curies":[{"name":"wp","href":"https:\/\/api.w.org\/{rel}","templated":true}]}}