{"id":178914,"date":"2024-12-20T10:31:34","date_gmt":"2024-12-20T09:31:34","guid":{"rendered":"https:\/\/us.edu.pl\/wydzial\/wpia\/?post_type=multimedia&#038;p=178914"},"modified":"2024-12-20T10:31:34","modified_gmt":"2024-12-20T09:31:34","slug":"panel-ekspercki-pt-status-sedziow-powolanych-na-podstawie-uchwal-krajowej-rady-sadownictwa-w-latach-2018-2024","status":"publish","type":"multimedia","link":"https:\/\/us.edu.pl\/wydzial\/wpia\/multimedia\/panel-ekspercki-pt-status-sedziow-powolanych-na-podstawie-uchwal-krajowej-rady-sadownictwa-w-latach-2018-2024\/","title":{"rendered":"Panel ekspercki pt. \u201eStatus s\u0119dzi\u00f3w powo\u0142anych na podstawie uchwa\u0142 Krajowej Rady S\u0105downictwa w latach 2018\u20132024\u201d"},"content":{"rendered":"<p>[vc_row][vc_column]\r\n                <div class=\"text-modules\">\r\n                    <div class=\"container\">\r\n                        \r\n                        <div class=\"text-modules__content\"><p>Na Wydziale Prawa i Administracji Uniwersytetu \u015al\u0105skiego w poniedzia\u0142ek <strong>16 grudnia 2024 roku<\/strong> odby\u0142 si\u0119 mi\u0119dzynarodowy panel ekspercki <em>\u201eStatus s\u0119dzi\u00f3w powo\u0142anych na podstawie uchwa\u0142 Krajowej Rady S\u0105downictwa w latach 2018-2024\u201d<\/em>, w kt\u00f3rym brali udzia\u0142 cz\u0142onkowie Komisji Kodyfikacyjnej Ustroju S\u0105downictwa i Prokuratury oraz eksperci polscy i zagraniczni.<\/p>\n<p>Prof. dr hab. Burkhard Hess, prof. dr hab. Marek Safjan, dr hab. Miros\u0142aw Wyrzykowski om\u00f3wili zagadnienia zwi\u0105zane z wadliwo\u015bci\u0105 powo\u0142a\u0144 s\u0119dziowskich z udzia\u0142em KRS ukszta\u0142towanej ustaw\u0105 z 2017 r. oraz wskazywali na ramy wynikaj\u0105ce z orzecznictwa s\u0105d\u00f3w w Luksembourgu i Strasbourgu, wskazuj\u0105c, \u017ce szczeg\u00f3\u0142owe rozwi\u0105zania i wykonanie orzecze\u0144 nale\u017cy do s\u0105d\u00f3w krajowych. Prof. dr hab. Tomasz Pietrzkowski i prof. dr. Kees Sterk wskazywali na wadliwo\u015b\u0107 systemow\u0105 tych nominacji s\u0119dziowskich i mo\u017cliwe rozwi\u0105zania. Prof. Kees Sterk podkre\u015bli\u0142, \u017ce z punktu widzenia standard\u00f3w prawa europejskiego ka\u017cdy model, tj. model restytucji <em>ex lege<\/em>, model restytucji grupowej oraz model ewaluacji indywidualnej mog\u0105 by\u0107 zastosowane i s\u0105 zgodne ze standardami europejskimi, przy czym musi to by\u0107 uzasadnione i wywa\u017cone.<\/p>\n<p><strong>Dr hab.<\/strong> <strong>Krystian Markiewicz<\/strong>, <strong>prof. U\u015a<\/strong>, Przewodnicz\u0105cy Komisji Kodyfikacyjnej Ustroju S\u0105downictwa i Prokuratury, przedstawiaj\u0105c przygotowane przez Komisj\u0119 projekty ustaw dotycz\u0105ce statusu s\u0119dzi\u00f3w powo\u0142anych w lata podkre\u015bla\u0142, \u017ce zmiana ma na celu przywr\u00f3cenie zaufania spo\u0142ecze\u0144stwa do s\u0105d\u00f3w i s\u0119dzi\u00f3w. Obecny stan chaosu musi zosta\u0107 zako\u0144czony. Nie mog\u0105 w s\u0105dach orzeka\u0107 osoby powo\u0142ane w procedurze z udzia\u0142em KRS ukszta\u0142towanej po 2018 r. \u00a0Ich powo\u0142ania s\u0105 wadliwe pod wzgl\u0119dem prawnym. Procedur\u0119 powo\u0142ania s\u0119dzi\u00f3w okre\u015bla Konstytucja RP przewiduj\u0105c w niej udzia\u0142 Prezydenta i KRS. Dopiero po z\u0142o\u017ceniu przez KRS wniosku do Prezydenta RP o powo\u0142anie na stanowisko s\u0119dziego, Prezydentowi przys\u0142uguje kompetencja do powo\u0142ania na stanowisko s\u0119dziego. Akt Prezydenta nie sanuje braku wniosku KRS. To jest systemowe naruszenie prawa. Rol\u0105 Komisji Kodyfikacyjnej jest przygotowanie dobrego stabilnego prawa, kt\u00f3re wykona orzeczenia europejskie.<\/p>\n<p><strong>Dr hab. Katarzyna Gajda-Roszczynialska, prof. U\u015a<\/strong> stwierdzi\u0142a, \u017ce powo\u0142anie s\u0119dziego w wa\u017cnej procedurze zgodnie ze standardami europejskimi stanowi wst\u0119pny i niezb\u0119dny warunek do realizacji tego prawa do s\u0105du.<\/p>\n<p>Projektowane uregulowania wprowadzaj\u0105 nowe uregulowania konkurs\u00f3w w s\u0105dach powszechnych, wojskowych, administracyjnych oraz S\u0105dzie Najwy\u017cszym maj\u0105ce przywr\u00f3ci\u0107 niezawis\u0142o\u015b\u0107 s\u0119dzi\u00f3w i zaufanie do s\u0105d\u00f3w.\u00a0 Regulacje te mog\u0105 mie\u0107 zastosowanie zar\u00f3wno przy modelu restytucji ex lege, jak i modelu restytucji grupowej. B\u0119d\u0105 mie\u0107 tak\u017ce zastosowanie w nowych procedurach nominacyjnych. Model systemu oparty jest nadal na za\u0142o\u017ceniu, \u017ce zasadnicze doj\u015bcie do zawodu s\u0119dziowskiego oparte jest na Krajowej Szkole S\u0105downictwa i Prokuratury, przy czym przewidziane jest wej\u015bcie do zawodu s\u0119dziowskiego nadal przez inne profesje takie przyk\u0142adowo jak adwokaci, radcy prawni czy notariusze. Projekt zak\u0142ada, \u017ce po pierwsze ocena musi by\u0107 oparta przede wszystkim na kryteriach merytorycznych, kt\u00f3re s\u0105d doprecyzowane w projekcie. Po drugie projekt wprowadza zmiany zapewniaj\u0105ce rzetelny i transparentny proces nominacyjny. Po trzecie wprowadza zmiany w odniesieniu do organ\u00f3w uczestnicz\u0105cych w procedurze nominacyjnej. Przede wszystkim zak\u0142ada, \u017ce konkursy b\u0119d\u0105 mie\u0107 miejsce przed ukszta\u0142towan\u0105 zgodnie z konstytucj\u0105 KRS. W s\u0105dach powszechnych w procesie nominacyjnym w miejsce politycznych kolegi\u00f3w ma wzi\u0105\u0107 udzia\u0142 nowy organ zgromadzenie przedstawicieli s\u0119dzi\u00f3w apelacji, kt\u00f3ry stanowi organ przedstawicielski wszystkich s\u0119dzi\u00f3w w obszarze apelacji. Jednocze\u015bnie ukszta\u0142towany zostanie nowy sk\u0142ad kolegi\u00f3w s\u0105d\u00f3w w spos\u00f3b eliminuj\u0105cy ich dotychczasowe upolitycznienie. \u00a0Organy te b\u0119d\u0105 wybierane przez s\u0119dzi\u00f3w, bez wp\u0142ywu w\u0142adzy wykonawczej i Ministerstwa Sprawiedliwo\u015bci. Po czwarte projekt zak\u0142ada, \u017ce wyb\u00f3r s\u0119dzi\u00f3w powinien bra\u0107 pod uwag\u0119 uwarunkowania spo\u0142eczne. Przyk\u0142adowo zak\u0142ada, \u017ce zniesiony zostanie wym\u00f3g wy\u0142\u0105cznego obywatelstwa polskiego, co oznacza, \u017ce s\u0119dzi\u0105 b\u0119dzie mog\u0142a zosta\u0107, jak przed 2018 r. osoba z podw\u00f3jnym obywatelstwem (w tym polskim).<\/p>\n<p><strong>Dr hab. Marcin Walasik, prof. UAM<\/strong> om\u00f3wi\u0142 modele naprawy systemu s\u0105dowego w Polsce, wskazuj\u0105c na trzy mo\u017cliwe modele: model restytucji ex lege, model restytucji grupowej oraz model ewaluacji indywidualnej, podkre\u015blaj\u0105c, \u017ce w istocie tylko te dwa pierwsze modele s\u0105 zgodne ze standardem w sprawie \u00c1str\u00e1\u00f0sson.<\/p>\n<p>&nbsp;<\/p>\n<p>Zapraszamy r\u00f3wnie\u017c do zapoznania si\u0119 z zapisem transmisji ca\u0142ej konferencji, kt\u00f3ry dost\u0119pny jest na serwisie <a href=\"https:\/\/www.youtube.com\/live\/fbmQOTJVKQw\">Youtube<\/a>.<\/p>\n<p>Fot. Katarzyna Sucha\u0144ska<\/p>\n<\/div>\r\n                    <\/div>\r\n                <\/div>[\/vc_column][\/vc_row][vc_row][vc_column]            \r\n                \r\n                <div class=\"container\">\r\n                     <div class=\"gallery-big \">\r\n                        \r\n                        <div class=\"row m-0\">\r\n                        <a data-fancybox=\"6159\" href=\"https:\/\/us.edu.pl\/wydzial\/wpia\/wp-content\/uploads\/sites\/19\/Bez-kategorii\/fot.-Katarzyna-Suchan\u0301ska-40-scaled.jpg\"\r\n                        title=\"\" \r\n                        class=\"gallery-big__item gallery-big__item_big thumbnail\"\r\n                        style=\"background-image: url(https:\/\/us.edu.pl\/wydzial\/wpia\/wp-content\/uploads\/sites\/19\/Bez-kategorii\/fot.-Katarzyna-Suchan\u0301ska-40-1024x683.jpg)\"><span class=\"d-none\">https:\/\/us.edu.pl\/wydzial\/wpia\/wp-content\/uploads\/sites\/19\/Bez-kategorii\/fot.-Katarzyna-Suchan\u0301ska-40-scaled.jpg<\/span><\/a><div class=\"gallery-big__small-items\">\r\n                        <a data-fancybox=\"6159\" href=\"https:\/\/us.edu.pl\/wydzial\/wpia\/wp-content\/uploads\/sites\/19\/Bez-kategorii\/fot.-Katarzyna-Suchan\u0301ska-45-scaled.jpg\"\r\n                        title=\"\" \r\n                        class=\"gallery-big__item  thumbnail\"\r\n                        style=\"background-image: url(https:\/\/us.edu.pl\/wydzial\/wpia\/wp-content\/uploads\/sites\/19\/Bez-kategorii\/fot.-Katarzyna-Suchan\u0301ska-45-1024x683.jpg)\"><span class=\"d-none\">https:\/\/us.edu.pl\/wydzial\/wpia\/wp-content\/uploads\/sites\/19\/Bez-kategorii\/fot.-Katarzyna-Suchan\u0301ska-45-scaled.jpg<\/span><\/a>\r\n                        <a data-fancybox=\"6159\" href=\"https:\/\/us.edu.pl\/wydzial\/wpia\/wp-content\/uploads\/sites\/19\/Bez-kategorii\/fot._Katarzyna_Suchanska_48.jpg\"\r\n                        title=\"\" \r\n                        class=\"gallery-big__item  thumbnail\"\r\n                        style=\"background-image: url(https:\/\/us.edu.pl\/wydzial\/wpia\/wp-content\/uploads\/sites\/19\/Bez-kategorii\/fot._Katarzyna_Suchanska_48.jpg)\"><span class=\"d-none\">https:\/\/us.edu.pl\/wydzial\/wpia\/wp-content\/uploads\/sites\/19\/Bez-kategorii\/fot._Katarzyna_Suchanska_48.jpg<\/span><\/a><\/div><\/div><div class=\"row m-0\">\r\n                        <a data-fancybox=\"6159\" href=\"https:\/\/us.edu.pl\/wydzial\/wpia\/wp-content\/uploads\/sites\/19\/Bez-kategorii\/fot.-Katarzyna-Suchan\u0301ska-47-2-scaled.jpg\"\r\n                        title=\"\" \r\n                        class=\"gallery-big__item gallery-big__item_big thumbnail\"\r\n                        style=\"background-image: url(https:\/\/us.edu.pl\/wydzial\/wpia\/wp-content\/uploads\/sites\/19\/Bez-kategorii\/fot.-Katarzyna-Suchan\u0301ska-47-2-1024x683.jpg)\"><span class=\"d-none\">https:\/\/us.edu.pl\/wydzial\/wpia\/wp-content\/uploads\/sites\/19\/Bez-kategorii\/fot.-Katarzyna-Suchan\u0301ska-47-2-scaled.jpg<\/span><\/a><div class=\"gallery-big__small-items\">\r\n                        <a data-fancybox=\"6159\" href=\"https:\/\/us.edu.pl\/wydzial\/wpia\/wp-content\/uploads\/sites\/19\/Bez-kategorii\/fot.-Katarzyna-Suchan\u0301ska-7-scaled.jpg\"\r\n                        title=\"\" \r\n                        class=\"gallery-big__item  thumbnail\"\r\n                        style=\"background-image: url(https:\/\/us.edu.pl\/wydzial\/wpia\/wp-content\/uploads\/sites\/19\/Bez-kategorii\/fot.-Katarzyna-Suchan\u0301ska-7-1024x683.jpg)\"><span class=\"d-none\">https:\/\/us.edu.pl\/wydzial\/wpia\/wp-content\/uploads\/sites\/19\/Bez-kategorii\/fot.-Katarzyna-Suchan\u0301ska-7-scaled.jpg<\/span><\/a>\r\n                        <a data-fancybox=\"6159\" href=\"https:\/\/us.edu.pl\/wydzial\/wpia\/wp-content\/uploads\/sites\/19\/Bez-kategorii\/fot.-Katarzyna-Suchan\u0301ska-9-scaled.jpg\"\r\n                        title=\"\" \r\n                        class=\"gallery-big__item  thumbnail\"\r\n                        style=\"background-image: url(https:\/\/us.edu.pl\/wydzial\/wpia\/wp-content\/uploads\/sites\/19\/Bez-kategorii\/fot.-Katarzyna-Suchan\u0301ska-9-1024x683.jpg)\"><span class=\"d-none\">https:\/\/us.edu.pl\/wydzial\/wpia\/wp-content\/uploads\/sites\/19\/Bez-kategorii\/fot.-Katarzyna-Suchan\u0301ska-9-scaled.jpg<\/span><\/a><\/div><\/div><div class=\"row m-0\">\r\n                        <a data-fancybox=\"6159\" href=\"https:\/\/us.edu.pl\/wydzial\/wpia\/wp-content\/uploads\/sites\/19\/Bez-kategorii\/fot.-Katarzyna-Suchan\u0301ska-10-scaled.jpg\"\r\n                        title=\"\" \r\n                        class=\"gallery-big__item gallery-big__item_big thumbnail\"\r\n                        style=\"background-image: url(https:\/\/us.edu.pl\/wydzial\/wpia\/wp-content\/uploads\/sites\/19\/Bez-kategorii\/fot.-Katarzyna-Suchan\u0301ska-10-1024x683.jpg)\"><span class=\"d-none\">https:\/\/us.edu.pl\/wydzial\/wpia\/wp-content\/uploads\/sites\/19\/Bez-kategorii\/fot.-Katarzyna-Suchan\u0301ska-10-scaled.jpg<\/span><\/a><div class=\"gallery-big__small-items\">\r\n                        <a data-fancybox=\"6159\" href=\"https:\/\/us.edu.pl\/wydzial\/wpia\/wp-content\/uploads\/sites\/19\/Bez-kategorii\/fot.-Katarzyna-Suchan\u0301ska-18-scaled.jpg\"\r\n                        title=\"\" \r\n                        class=\"gallery-big__item  thumbnail\"\r\n                        style=\"background-image: url(https:\/\/us.edu.pl\/wydzial\/wpia\/wp-content\/uploads\/sites\/19\/Bez-kategorii\/fot.-Katarzyna-Suchan\u0301ska-18-1024x683.jpg)\"><span class=\"d-none\">https:\/\/us.edu.pl\/wydzial\/wpia\/wp-content\/uploads\/sites\/19\/Bez-kategorii\/fot.-Katarzyna-Suchan\u0301ska-18-scaled.jpg<\/span><\/a><\/div><\/div>\r\n                    <\/div>\r\n                <\/div>[\/vc_column][\/vc_row]<\/p>","protected":false},"excerpt":{"rendered":"<p>[vc_row][vc_column][\/vc_column][\/vc_row][vc_row][vc_column][\/vc_column][\/vc_row] [&#8230;]<\/p>\n<p><a class=\"btn btn-secondary understrap-read-more-link\" href=\"https:\/\/us.edu.pl\/wydzial\/wpia\/multimedia\/panel-ekspercki-pt-status-sedziow-powolanych-na-podstawie-uchwal-krajowej-rady-sadownictwa-w-latach-2018-2024\/\">Read More&#8230;<\/a><\/p>\n","protected":false},"author":6981,"featured_media":178937,"template":"","meta":{"_expiration-date-status":"","_expiration-date":0,"_expiration-date-type":"","_expiration-date-categories":[],"_expiration-date-options":[]},"acf":[],"_links":{"self":[{"href":"https:\/\/us.edu.pl\/wydzial\/wpia\/wp-json\/wp\/v2\/multimedia\/178914"}],"collection":[{"href":"https:\/\/us.edu.pl\/wydzial\/wpia\/wp-json\/wp\/v2\/multimedia"}],"about":[{"href":"https:\/\/us.edu.pl\/wydzial\/wpia\/wp-json\/wp\/v2\/types\/multimedia"}],"author":[{"embeddable":true,"href":"https:\/\/us.edu.pl\/wydzial\/wpia\/wp-json\/wp\/v2\/users\/6981"}],"version-history":[{"count":2,"href":"https:\/\/us.edu.pl\/wydzial\/wpia\/wp-json\/wp\/v2\/multimedia\/178914\/revisions"}],"predecessor-version":[{"id":178945,"href":"https:\/\/us.edu.pl\/wydzial\/wpia\/wp-json\/wp\/v2\/multimedia\/178914\/revisions\/178945"}],"wp:featuredmedia":[{"embeddable":true,"href":"https:\/\/us.edu.pl\/wydzial\/wpia\/wp-json\/wp\/v2\/media\/178937"}],"wp:attachment":[{"href":"https:\/\/us.edu.pl\/wydzial\/wpia\/wp-json\/wp\/v2\/media?parent=178914"}],"curies":[{"name":"wp","href":"https:\/\/api.w.org\/{rel}","templated":true}]}}