{"id":198790,"date":"2026-06-12T12:31:28","date_gmt":"2026-06-12T10:31:28","guid":{"rendered":"https:\/\/us.edu.pl\/wydzial\/wpia\/?post_type=multimedia&#038;p=198790"},"modified":"2026-06-12T12:28:07","modified_gmt":"2026-06-12T10:28:07","slug":"wizyta-ministra-sprawiedliwosci-waldemara-zurka-na-wydziale-prawa-i-administracji","status":"publish","type":"multimedia","link":"https:\/\/us.edu.pl\/wydzial\/wpia\/multimedia\/wizyta-ministra-sprawiedliwosci-waldemara-zurka-na-wydziale-prawa-i-administracji\/","title":{"rendered":"Wizyta Ministra Sprawiedliwo\u015bci Waldemara \u017burka na Wydziale Prawa i Administracji"},"content":{"rendered":"<p>[vc_row][vc_column]\r\n                <div class=\"text-modules\">\r\n                    <div class=\"container\">\r\n                        \r\n                        <div class=\"text-modules__content\"><p><strong>29 maja 2026 roku<\/strong> na Wydziale Prawa i Administracji Uniwersytetu \u015al\u0105skiego w Katowicach odby\u0142a si\u0119 wizyta <span style=\"color: #000080;\"><strong>Ministra Sprawiedliwo\u015bci Waldemara \u017burka<\/strong><\/span>.<\/p>\n<p>Program wizyty obejmowa\u0142 spotkanie z w\u0142adzami wydzia\u0142u, podpisanie deklaracji wsp\u00f3\u0142pracy pomi\u0119dzy ministrem sprawiedliwo\u015bci a Konferencj\u0105 Dziekan\u00f3w Publicznych Uniwersyteckich Wydzia\u0142\u00f3w Prawa, rozmow\u0119 ministra z m\u0142odzie\u017c\u0105 i studentami pt. \u201ePraworz\u0105dno\u015b\u0107 \u2013 must have dla Gen Z?\u201d, wr\u0119czenie Odznak Honorowych za Zas\u0142ugi dla Wymiaru Sprawiedliwo\u015bci oraz spotkanie \u015brodowiskowe z przedstawicielami s\u0105d\u00f3w, samorz\u0105d\u00f3w zawod\u00f3w prawniczych i instytucji wsp\u00f3\u0142tworz\u0105cych system wymiaru sprawiedliwo\u015bci.<\/p>\n<p>Gospodarzem wizyty by\u0142 <span style=\"color: #000080;\"><strong>D<\/strong><strong>ziekan WPiA U\u015a dr hab. Witold Kurowski, prof. U\u015a<\/strong><\/span>.<\/p>\n<p>Jednym z najwa\u017cniejszych punkt\u00f3w wizyty by\u0142o <strong>podpisanie deklaracji wsp\u00f3\u0142pracy pomi\u0119dzy Ministrem Sprawiedliwo\u015bci Rzeczypospolitej Polskiej a Konferencj\u0105 Dziekan\u00f3w Publicznych Uniwersyteckich Wydzia\u0142\u00f3w Prawa<\/strong>.<\/p>\n<p>Podpisanie deklaracji wpisuje si\u0119 w dzia\u0142ania Konferencji Dziekan\u00f3w Publicznych Uniwersyteckich Wydzia\u0142\u00f3w Prawa na rzecz wzmocnienia jako\u015bci edukacji prawniczej oraz budowania trwa\u0142ej wsp\u00f3\u0142pracy pomi\u0119dzy \u015brodowiskiem akademickim a instytucjami odpowiedzialnymi za funkcjonowanie wymiaru sprawiedliwo\u015bci.<\/p>\n<p>G\u0142\u00f3wn\u0105 cz\u0119\u015bci\u0105 wizyty by\u0142o <strong>spotkanie \u201ePraworz\u0105dno\u015b\u0107 \u2013 must have dla Gen Z?\u201d<\/strong>, kt\u00f3rego celem by\u0142o nawi\u0105zanie dialogu z m\u0142odymi lud\u017ami o znaczeniu praworz\u0105dno\u015bci w codziennym \u017cyciu, ochrony obywatela w kontakcie z instytucjami pa\u0144stwa, dost\u0119pu do s\u0105du, wyzwa\u0144 zwi\u0105zanych ze sztuczn\u0105 inteligencj\u0105, dezinformacj\u0105 i prawem mieszkaniowym.<\/p>\n<p>W ko\u0144cowej cz\u0119\u015bci wydarzenia odby\u0142o si\u0119 <strong>uroczyste wr\u0119czenie Odznak Honorowych za Zas\u0142ugi dla Wymiaru Sprawiedliwo\u015bci<\/strong>, kt\u00f3re otrzymali <span style=\"color: #000080;\"><strong>prof. dr hab. Wojciech Popio\u0142ek<\/strong><\/span> oraz <span style=\"color: #000080;\"><strong>dr hab. Krystian Markiewicz, prof. U\u015a<\/strong><\/span>.<\/p>\n<p>Uroczysto\u015b\u0107 ta nada\u0142a spotkaniu dodatkowy wymiar symboliczny, \u0142\u0105cz\u0105c rozmow\u0119 z m\u0142odym pokoleniem z uhonorowaniem os\u00f3b szczeg\u00f3lnie zas\u0142u\u017conych dla wymiaru sprawiedliwo\u015bci.<\/p>\n<p>Dodatkowo rozstrzygni\u0119to <strong>konkurs \u201eGenZ pyta ministra sprawiedliwo\u015bci: praworz\u0105dno\u015b\u0107 \u2013 must have?\u201d<\/strong>, skierowany do uczni\u00f3w szk\u00f3\u0142 ponadpodstawowych. Zadaniem uczestnik\u00f3w by\u0142o przygotowanie kr\u00f3tkiej rolki dotycz\u0105cej praworz\u0105dno\u015bci i zako\u0144czonej pytaniem do ministra sprawiedliwo\u015bci. Laureaci otrzymali nagrody rzeczowe oraz wyr\u00f3\u017cnienia.<\/p>\n<p>Zapraszamy do zapoznania si\u0119 z galeri\u0105 wydarzenia!<\/p>\n<\/div>\r\n                    <\/div>\r\n                <\/div>[\/vc_column][\/vc_row][vc_row][vc_column]            \r\n                \r\n                <div class=\"container\">\r\n                     <div class=\"gallery-big \">\r\n                        \r\n                        <div class=\"row m-0\">\r\n                        <a data-fancybox=\"2808\" href=\"https:\/\/us.edu.pl\/wydzial\/wpia\/wp-content\/uploads\/sites\/19\/Bez-kategorii\/Fot.-Matylda-Klos-81.jpg\"\r\n                        title=\"Fot. Matylda Klos\" \r\n                        class=\"gallery-big__item gallery-big__item_big thumbnail\"\r\n                        style=\"background-image: url(https:\/\/us.edu.pl\/wydzial\/wpia\/wp-content\/uploads\/sites\/19\/Bez-kategorii\/Fot.-Matylda-Klos-81-1024x683.jpg)\"><span class=\"d-none\">https:\/\/us.edu.pl\/wydzial\/wpia\/wp-content\/uploads\/sites\/19\/Bez-kategorii\/Fot.-Matylda-Klos-81.jpg<\/span><\/a><div class=\"gallery-big__small-items\">\r\n                        <a data-fancybox=\"2808\" href=\"https:\/\/us.edu.pl\/wydzial\/wpia\/wp-content\/uploads\/sites\/19\/Bez-kategorii\/Fot.-Matylda-Klos-86.jpg\"\r\n                        title=\"Fot. Matylda Klos\" \r\n                        class=\"gallery-big__item  thumbnail\"\r\n                        style=\"background-image: url(https:\/\/us.edu.pl\/wydzial\/wpia\/wp-content\/uploads\/sites\/19\/Bez-kategorii\/Fot.-Matylda-Klos-86-1024x683.jpg)\"><span class=\"d-none\">https:\/\/us.edu.pl\/wydzial\/wpia\/wp-content\/uploads\/sites\/19\/Bez-kategorii\/Fot.-Matylda-Klos-86.jpg<\/span><\/a>\r\n                        <a data-fancybox=\"2808\" href=\"https:\/\/us.edu.pl\/wydzial\/wpia\/wp-content\/uploads\/sites\/19\/Bez-kategorii\/Fot.-Matylda-Klos-84.jpg\"\r\n                        title=\"Fot. Matylda Klos\" \r\n                        class=\"gallery-big__item  thumbnail\"\r\n                        style=\"background-image: url(https:\/\/us.edu.pl\/wydzial\/wpia\/wp-content\/uploads\/sites\/19\/Bez-kategorii\/Fot.-Matylda-Klos-84-1024x683.jpg)\"><span class=\"d-none\">https:\/\/us.edu.pl\/wydzial\/wpia\/wp-content\/uploads\/sites\/19\/Bez-kategorii\/Fot.-Matylda-Klos-84.jpg<\/span><\/a><\/div><\/div><div class=\"row m-0\">\r\n                        <a data-fancybox=\"2808\" href=\"https:\/\/us.edu.pl\/wydzial\/wpia\/wp-content\/uploads\/sites\/19\/Bez-kategorii\/Fot.-Matylda-Klos-18-1.jpg\"\r\n                        title=\"Fot. Matylda Klos\" \r\n                        class=\"gallery-big__item gallery-big__item_big thumbnail\"\r\n                        style=\"background-image: url(https:\/\/us.edu.pl\/wydzial\/wpia\/wp-content\/uploads\/sites\/19\/Bez-kategorii\/Fot.-Matylda-Klos-18-1-1024x683.jpg)\"><span class=\"d-none\">https:\/\/us.edu.pl\/wydzial\/wpia\/wp-content\/uploads\/sites\/19\/Bez-kategorii\/Fot.-Matylda-Klos-18-1.jpg<\/span><\/a><div class=\"gallery-big__small-items\">\r\n                        <a data-fancybox=\"2808\" href=\"https:\/\/us.edu.pl\/wydzial\/wpia\/wp-content\/uploads\/sites\/19\/Bez-kategorii\/Fot.-Matylda-Klos-76.jpg\"\r\n                        title=\"Fot. Matylda Klos\" \r\n                        class=\"gallery-big__item  thumbnail\"\r\n                        style=\"background-image: url(https:\/\/us.edu.pl\/wydzial\/wpia\/wp-content\/uploads\/sites\/19\/Bez-kategorii\/Fot.-Matylda-Klos-76-1024x683.jpg)\"><span class=\"d-none\">https:\/\/us.edu.pl\/wydzial\/wpia\/wp-content\/uploads\/sites\/19\/Bez-kategorii\/Fot.-Matylda-Klos-76.jpg<\/span><\/a>\r\n                        <a data-fancybox=\"2808\" href=\"https:\/\/us.edu.pl\/wydzial\/wpia\/wp-content\/uploads\/sites\/19\/Bez-kategorii\/Fot.-Matylda-Klos-68.jpg\"\r\n                        title=\"Fot. Matylda Klos\" \r\n                        class=\"gallery-big__item  thumbnail\"\r\n                        style=\"background-image: url(https:\/\/us.edu.pl\/wydzial\/wpia\/wp-content\/uploads\/sites\/19\/Bez-kategorii\/Fot.-Matylda-Klos-68-1024x683.jpg)\"><span class=\"d-none\">https:\/\/us.edu.pl\/wydzial\/wpia\/wp-content\/uploads\/sites\/19\/Bez-kategorii\/Fot.-Matylda-Klos-68.jpg<\/span><\/a><\/div><\/div><div class=\"row m-0\">\r\n                        <a data-fancybox=\"2808\" href=\"https:\/\/us.edu.pl\/wydzial\/wpia\/wp-content\/uploads\/sites\/19\/Bez-kategorii\/Fot.-Matylda-Klos-78.jpg\"\r\n                        title=\"Fot. Matylda Klos\" \r\n                        class=\"gallery-big__item gallery-big__item_big thumbnail\"\r\n                        style=\"background-image: url(https:\/\/us.edu.pl\/wydzial\/wpia\/wp-content\/uploads\/sites\/19\/Bez-kategorii\/Fot.-Matylda-Klos-78-1024x683.jpg)\"><span class=\"d-none\">https:\/\/us.edu.pl\/wydzial\/wpia\/wp-content\/uploads\/sites\/19\/Bez-kategorii\/Fot.-Matylda-Klos-78.jpg<\/span><\/a><div class=\"gallery-big__small-items\">\r\n                        <a data-fancybox=\"2808\" href=\"https:\/\/us.edu.pl\/wydzial\/wpia\/wp-content\/uploads\/sites\/19\/Bez-kategorii\/Fot.-Matylda-Klos-51.jpg\"\r\n                        title=\"Fot. Matylda Klos\" \r\n                        class=\"gallery-big__item  thumbnail\"\r\n                        style=\"background-image: url(https:\/\/us.edu.pl\/wydzial\/wpia\/wp-content\/uploads\/sites\/19\/Bez-kategorii\/Fot.-Matylda-Klos-51-1024x683.jpg)\"><span class=\"d-none\">https:\/\/us.edu.pl\/wydzial\/wpia\/wp-content\/uploads\/sites\/19\/Bez-kategorii\/Fot.-Matylda-Klos-51.jpg<\/span><\/a>\r\n                        <a data-fancybox=\"2808\" href=\"https:\/\/us.edu.pl\/wydzial\/wpia\/wp-content\/uploads\/sites\/19\/Bez-kategorii\/Fot.-Matylda-Klos-60.jpg\"\r\n                        title=\"Fot. Matylda Klos\" \r\n                        class=\"gallery-big__item  thumbnail\"\r\n                        style=\"background-image: url(https:\/\/us.edu.pl\/wydzial\/wpia\/wp-content\/uploads\/sites\/19\/Bez-kategorii\/Fot.-Matylda-Klos-60-1024x683.jpg)\"><span class=\"d-none\">https:\/\/us.edu.pl\/wydzial\/wpia\/wp-content\/uploads\/sites\/19\/Bez-kategorii\/Fot.-Matylda-Klos-60.jpg<\/span><\/a><\/div><\/div><div class=\"row m-0\">\r\n                        <a data-fancybox=\"2808\" href=\"https:\/\/us.edu.pl\/wydzial\/wpia\/wp-content\/uploads\/sites\/19\/Bez-kategorii\/Fot.-Matylda-Klos-58-1.jpg\"\r\n                        title=\"Fot. Matylda Klos\" \r\n                        class=\"gallery-big__item gallery-big__item_big thumbnail\"\r\n                        style=\"background-image: url(https:\/\/us.edu.pl\/wydzial\/wpia\/wp-content\/uploads\/sites\/19\/Bez-kategorii\/Fot.-Matylda-Klos-58-1-1024x683.jpg)\"><span class=\"d-none\">https:\/\/us.edu.pl\/wydzial\/wpia\/wp-content\/uploads\/sites\/19\/Bez-kategorii\/Fot.-Matylda-Klos-58-1.jpg<\/span><\/a><div class=\"gallery-big__small-items\">\r\n                        <a data-fancybox=\"2808\" href=\"https:\/\/us.edu.pl\/wydzial\/wpia\/wp-content\/uploads\/sites\/19\/Bez-kategorii\/Fot.-Matylda-Klos-45.jpg\"\r\n                        title=\"Fot. Matylda Klos\" \r\n                        class=\"gallery-big__item  thumbnail\"\r\n                        style=\"background-image: url(https:\/\/us.edu.pl\/wydzial\/wpia\/wp-content\/uploads\/sites\/19\/Bez-kategorii\/Fot.-Matylda-Klos-45-1024x683.jpg)\"><span class=\"d-none\">https:\/\/us.edu.pl\/wydzial\/wpia\/wp-content\/uploads\/sites\/19\/Bez-kategorii\/Fot.-Matylda-Klos-45.jpg<\/span><\/a>\r\n                        <a data-fancybox=\"2808\" href=\"https:\/\/us.edu.pl\/wydzial\/wpia\/wp-content\/uploads\/sites\/19\/Bez-kategorii\/Fot.-Matylda-Klos-55.jpg\"\r\n                        title=\"Fot. Matylda Klos\" \r\n                        class=\"gallery-big__item  thumbnail\"\r\n                        style=\"background-image: url(https:\/\/us.edu.pl\/wydzial\/wpia\/wp-content\/uploads\/sites\/19\/Bez-kategorii\/Fot.-Matylda-Klos-55-1024x683.jpg)\"><span class=\"d-none\">https:\/\/us.edu.pl\/wydzial\/wpia\/wp-content\/uploads\/sites\/19\/Bez-kategorii\/Fot.-Matylda-Klos-55.jpg<\/span><\/a><\/div><\/div><div class=\"row m-0\">\r\n                        <a data-fancybox=\"2808\" href=\"https:\/\/us.edu.pl\/wydzial\/wpia\/wp-content\/uploads\/sites\/19\/Bez-kategorii\/Fot.-Matylda-Klos-44.jpg\"\r\n                        title=\"Fot. Matylda Klos\" \r\n                        class=\"gallery-big__item gallery-big__item_big thumbnail\"\r\n                        style=\"background-image: url(https:\/\/us.edu.pl\/wydzial\/wpia\/wp-content\/uploads\/sites\/19\/Bez-kategorii\/Fot.-Matylda-Klos-44-1024x683.jpg)\"><span class=\"d-none\">https:\/\/us.edu.pl\/wydzial\/wpia\/wp-content\/uploads\/sites\/19\/Bez-kategorii\/Fot.-Matylda-Klos-44.jpg<\/span><\/a><div class=\"gallery-big__small-items\">\r\n                        <a data-fancybox=\"2808\" href=\"https:\/\/us.edu.pl\/wydzial\/wpia\/wp-content\/uploads\/sites\/19\/Bez-kategorii\/Fot.-Matylda-Klos-41-1.jpg\"\r\n                        title=\"Fot. Matylda Klos\" \r\n                        class=\"gallery-big__item  thumbnail\"\r\n                        style=\"background-image: url(https:\/\/us.edu.pl\/wydzial\/wpia\/wp-content\/uploads\/sites\/19\/Bez-kategorii\/Fot.-Matylda-Klos-41-1-1024x683.jpg)\"><span class=\"d-none\">https:\/\/us.edu.pl\/wydzial\/wpia\/wp-content\/uploads\/sites\/19\/Bez-kategorii\/Fot.-Matylda-Klos-41-1.jpg<\/span><\/a>\r\n                        <a data-fancybox=\"2808\" href=\"https:\/\/us.edu.pl\/wydzial\/wpia\/wp-content\/uploads\/sites\/19\/Bez-kategorii\/Fot.-Matylda-Klos-28.jpg\"\r\n                        title=\"Fot. Matylda Klos\" \r\n                        class=\"gallery-big__item  thumbnail\"\r\n                        style=\"background-image: url(https:\/\/us.edu.pl\/wydzial\/wpia\/wp-content\/uploads\/sites\/19\/Bez-kategorii\/Fot.-Matylda-Klos-28-1024x683.jpg)\"><span class=\"d-none\">https:\/\/us.edu.pl\/wydzial\/wpia\/wp-content\/uploads\/sites\/19\/Bez-kategorii\/Fot.-Matylda-Klos-28.jpg<\/span><\/a><\/div><\/div><div class=\"row m-0\">\r\n                        <a data-fancybox=\"2808\" href=\"https:\/\/us.edu.pl\/wydzial\/wpia\/wp-content\/uploads\/sites\/19\/Bez-kategorii\/Fot.-Matylda-Klos-32.jpg\"\r\n                        title=\"Fot. Matylda Klos\" \r\n                        class=\"gallery-big__item gallery-big__item_big thumbnail\"\r\n                        style=\"background-image: url(https:\/\/us.edu.pl\/wydzial\/wpia\/wp-content\/uploads\/sites\/19\/Bez-kategorii\/Fot.-Matylda-Klos-32-1024x683.jpg)\"><span class=\"d-none\">https:\/\/us.edu.pl\/wydzial\/wpia\/wp-content\/uploads\/sites\/19\/Bez-kategorii\/Fot.-Matylda-Klos-32.jpg<\/span><\/a><div class=\"gallery-big__small-items\">\r\n                        <a data-fancybox=\"2808\" href=\"https:\/\/us.edu.pl\/wydzial\/wpia\/wp-content\/uploads\/sites\/19\/Bez-kategorii\/Fot.-Matylda-Klos-34-1.jpg\"\r\n                        title=\"Fot. Matylda Klos\" \r\n                        class=\"gallery-big__item  thumbnail\"\r\n                        style=\"background-image: url(https:\/\/us.edu.pl\/wydzial\/wpia\/wp-content\/uploads\/sites\/19\/Bez-kategorii\/Fot.-Matylda-Klos-34-1-1024x683.jpg)\"><span class=\"d-none\">https:\/\/us.edu.pl\/wydzial\/wpia\/wp-content\/uploads\/sites\/19\/Bez-kategorii\/Fot.-Matylda-Klos-34-1.jpg<\/span><\/a>\r\n                        <a data-fancybox=\"2808\" href=\"https:\/\/us.edu.pl\/wydzial\/wpia\/wp-content\/uploads\/sites\/19\/Bez-kategorii\/Fot.-Matylda-Klos-36-1.jpg\"\r\n                        title=\"Fot. Matylda Klos\" \r\n                        class=\"gallery-big__item  thumbnail\"\r\n                        style=\"background-image: url(https:\/\/us.edu.pl\/wydzial\/wpia\/wp-content\/uploads\/sites\/19\/Bez-kategorii\/Fot.-Matylda-Klos-36-1-1024x683.jpg)\"><span class=\"d-none\">https:\/\/us.edu.pl\/wydzial\/wpia\/wp-content\/uploads\/sites\/19\/Bez-kategorii\/Fot.-Matylda-Klos-36-1.jpg<\/span><\/a><\/div><\/div><div class=\"row m-0\">\r\n                        <a data-fancybox=\"2808\" href=\"https:\/\/us.edu.pl\/wydzial\/wpia\/wp-content\/uploads\/sites\/19\/Bez-kategorii\/Fot.-Matylda-Klos-37.jpg\"\r\n                        title=\"Fot. Matylda Klos\" \r\n                        class=\"gallery-big__item gallery-big__item_big thumbnail\"\r\n                        style=\"background-image: url(https:\/\/us.edu.pl\/wydzial\/wpia\/wp-content\/uploads\/sites\/19\/Bez-kategorii\/Fot.-Matylda-Klos-37-1024x683.jpg)\"><span class=\"d-none\">https:\/\/us.edu.pl\/wydzial\/wpia\/wp-content\/uploads\/sites\/19\/Bez-kategorii\/Fot.-Matylda-Klos-37.jpg<\/span><\/a><div class=\"gallery-big__small-items\">\r\n                        <a data-fancybox=\"2808\" href=\"https:\/\/us.edu.pl\/wydzial\/wpia\/wp-content\/uploads\/sites\/19\/Bez-kategorii\/Fot.-Matylda-Klos-38-1.jpg\"\r\n                        title=\"Fot. Matylda Klos\" \r\n                        class=\"gallery-big__item  thumbnail\"\r\n                        style=\"background-image: url(https:\/\/us.edu.pl\/wydzial\/wpia\/wp-content\/uploads\/sites\/19\/Bez-kategorii\/Fot.-Matylda-Klos-38-1-1024x683.jpg)\"><span class=\"d-none\">https:\/\/us.edu.pl\/wydzial\/wpia\/wp-content\/uploads\/sites\/19\/Bez-kategorii\/Fot.-Matylda-Klos-38-1.jpg<\/span><\/a>\r\n                        <a data-fancybox=\"2808\" href=\"https:\/\/us.edu.pl\/wydzial\/wpia\/wp-content\/uploads\/sites\/19\/Bez-kategorii\/Fot.-Matylda-Klos-66.jpg\"\r\n                        title=\"Fot. Matylda Klos\" \r\n                        class=\"gallery-big__item  thumbnail\"\r\n                        style=\"background-image: url(https:\/\/us.edu.pl\/wydzial\/wpia\/wp-content\/uploads\/sites\/19\/Bez-kategorii\/Fot.-Matylda-Klos-66-1024x683.jpg)\"><span class=\"d-none\">https:\/\/us.edu.pl\/wydzial\/wpia\/wp-content\/uploads\/sites\/19\/Bez-kategorii\/Fot.-Matylda-Klos-66.jpg<\/span><\/a><\/div><\/div><div class=\"row m-0\">\r\n                        <a data-fancybox=\"2808\" href=\"https:\/\/us.edu.pl\/wydzial\/wpia\/wp-content\/uploads\/sites\/19\/Bez-kategorii\/Fot.-Matylda-Klos-23-1.jpg\"\r\n                        title=\"Fot. Matylda Klos\" \r\n                        class=\"gallery-big__item gallery-big__item_big thumbnail\"\r\n                        style=\"background-image: url(https:\/\/us.edu.pl\/wydzial\/wpia\/wp-content\/uploads\/sites\/19\/Bez-kategorii\/Fot.-Matylda-Klos-23-1-1024x683.jpg)\"><span class=\"d-none\">https:\/\/us.edu.pl\/wydzial\/wpia\/wp-content\/uploads\/sites\/19\/Bez-kategorii\/Fot.-Matylda-Klos-23-1.jpg<\/span><\/a><div class=\"gallery-big__small-items\">\r\n                        <a data-fancybox=\"2808\" href=\"https:\/\/us.edu.pl\/wydzial\/wpia\/wp-content\/uploads\/sites\/19\/Bez-kategorii\/Fot.-Matylda-Klos-21-1.jpg\"\r\n                        title=\"Fot. Matylda Klos\" \r\n                        class=\"gallery-big__item  thumbnail\"\r\n                        style=\"background-image: url(https:\/\/us.edu.pl\/wydzial\/wpia\/wp-content\/uploads\/sites\/19\/Bez-kategorii\/Fot.-Matylda-Klos-21-1-1024x683.jpg)\"><span class=\"d-none\">https:\/\/us.edu.pl\/wydzial\/wpia\/wp-content\/uploads\/sites\/19\/Bez-kategorii\/Fot.-Matylda-Klos-21-1.jpg<\/span><\/a>\r\n                        <a data-fancybox=\"2808\" href=\"https:\/\/us.edu.pl\/wydzial\/wpia\/wp-content\/uploads\/sites\/19\/Bez-kategorii\/Fot.-Matylda-Klos-02.jpg\"\r\n                        title=\"Fot. Matylda Klos\" \r\n                        class=\"gallery-big__item  thumbnail\"\r\n                        style=\"background-image: url(https:\/\/us.edu.pl\/wydzial\/wpia\/wp-content\/uploads\/sites\/19\/Bez-kategorii\/Fot.-Matylda-Klos-02-1024x683.jpg)\"><span class=\"d-none\">https:\/\/us.edu.pl\/wydzial\/wpia\/wp-content\/uploads\/sites\/19\/Bez-kategorii\/Fot.-Matylda-Klos-02.jpg<\/span><\/a><\/div><\/div>\r\n                    <\/div>\r\n                <\/div>[\/vc_column][\/vc_row]<\/p>","protected":false},"excerpt":{"rendered":"<p>[vc_row][vc_column][\/vc_column][\/vc_row][vc_row][vc_column][\/vc_column][\/vc_row] [&#8230;]<\/p>\n<p><a class=\"btn btn-secondary understrap-read-more-link\" href=\"https:\/\/us.edu.pl\/wydzial\/wpia\/multimedia\/wizyta-ministra-sprawiedliwosci-waldemara-zurka-na-wydziale-prawa-i-administracji\/\">Read More&#8230;<\/a><\/p>\n","protected":false},"author":6981,"featured_media":198810,"template":"","meta":{"_expiration-date-status":"","_expiration-date":0,"_expiration-date-type":"","_expiration-date-categories":[],"_expiration-date-options":[]},"acf":[],"_links":{"self":[{"href":"https:\/\/us.edu.pl\/wydzial\/wpia\/wp-json\/wp\/v2\/multimedia\/198790"}],"collection":[{"href":"https:\/\/us.edu.pl\/wydzial\/wpia\/wp-json\/wp\/v2\/multimedia"}],"about":[{"href":"https:\/\/us.edu.pl\/wydzial\/wpia\/wp-json\/wp\/v2\/types\/multimedia"}],"author":[{"embeddable":true,"href":"https:\/\/us.edu.pl\/wydzial\/wpia\/wp-json\/wp\/v2\/users\/6981"}],"version-history":[{"count":2,"href":"https:\/\/us.edu.pl\/wydzial\/wpia\/wp-json\/wp\/v2\/multimedia\/198790\/revisions"}],"predecessor-version":[{"id":198816,"href":"https:\/\/us.edu.pl\/wydzial\/wpia\/wp-json\/wp\/v2\/multimedia\/198790\/revisions\/198816"}],"wp:featuredmedia":[{"embeddable":true,"href":"https:\/\/us.edu.pl\/wydzial\/wpia\/wp-json\/wp\/v2\/media\/198810"}],"wp:attachment":[{"href":"https:\/\/us.edu.pl\/wydzial\/wpia\/wp-json\/wp\/v2\/media?parent=198790"}],"curies":[{"name":"wp","href":"https:\/\/api.w.org\/{rel}","templated":true}]}}