{"id":103,"date":"2023-03-24T14:40:14","date_gmt":"2023-03-24T13:40:14","guid":{"rendered":"https:\/\/us.edu.pl\/wydzial\/wpia\/?page_id=103"},"modified":"2026-04-27T16:01:08","modified_gmt":"2026-04-27T14:01:08","slug":"strona-glowna","status":"publish","type":"page","link":"https:\/\/us.edu.pl\/wydzial\/wpia\/","title":{"rendered":"Strona g\u0142\u00f3wna WPiA"},"content":{"rendered":"<p>[vc_row][vc_column]\n            <div data-autotime=\"5\" class=\"slider reverse color_white bg_\" >\n                  <div class=\"slide slide_css\">\n                     <div class=\"slide__content_container container\">\n                        <div class=\"slide__content\">\n                           <a href=\"\" class=\"slide__link\">\n                              <div class=\"slide__title\">Wydzia\u0142 Prawa i Administracji <\/div>\n                              <div class=\"slide__text\"><\/div>\n                           <\/a>\n                        <\/div>\n                     <\/div>\n                     <a href=\"\" class=\"slide__img thumbnail\"\n                           style=\"background-image: url('https:\/\/us.edu.pl\/wydzial\/wpia\/wp-content\/uploads\/sites\/19\/Strona-glowna\/banery\/Michal_Pyrgiel_Miasto_Zieleni-1100x575-2-1100x575.png')\">\n                           <span class=\"d-none\">Wydzia\u0142 Prawa i Administracji  <\/span>\n                     <\/a>\n                  <\/div>\n                  <div class=\"slide slide_css\">\n                     <div class=\"slide__content_container container\">\n                        <div class=\"slide__content\">\n                           <a href=\"https:\/\/us.edu.pl\/wydzial\/wpia\/2026\/04\/21\/powolanie-konferencji-dziekanow-publicznych-uniwersyteckich-wydzialow-prawa\/\" class=\"slide__link\">\n                              <div class=\"slide__title\">Powo\u0142anie Konferencji Dziekan\u00f3w Publicznych Uniwersyteckich Wydzia\u0142\u00f3w Prawa<\/div>\n                              <div class=\"slide__text\">Z przyjemno\u015bci\u0105 informujemy, \u017ce dnia 20 kwietnia 2026 roku w Warszawie 16 dziekan\u00f3w publicznych uniwersyteckich wydzia\u0142\u00f3w prawa powo\u0142a\u0142o Konferencj\u0119 Dziekan\u00f3w Publicznych Uniwersyteckich Wydzia\u0142\u00f3w Prawa.<\/div>\n                           <\/a>\n                        <\/div>\n                     <\/div>\n                     <a href=\"https:\/\/us.edu.pl\/wydzial\/wpia\/2026\/04\/21\/powolanie-konferencji-dziekanow-publicznych-uniwersyteckich-wydzialow-prawa\/\" class=\"slide__img thumbnail\"\n                           style=\"background-image: url('https:\/\/us.edu.pl\/wydzial\/wpia\/wp-content\/uploads\/sites\/19\/Bez-kategorii\/slajder-zdjecie-grupowe-1100x575.png')\">\n                           <span class=\"d-none\">Powo\u0142anie Konferencji Dziekan\u00f3w Publicznych Uniwersyteckich Wydzia\u0142\u00f3w Prawa Z przyjemno\u015bci\u0105 informujemy, \u017ce dnia 20 kwietnia 2026 roku w Warszawie 16 dziekan\u00f3w publicznych uniwersyteckich wydzia\u0142\u00f3w prawa powo\u0142a\u0142o Konferencj\u0119 Dziekan\u00f3w Publicznych Uniwersyteckich Wydzia\u0142\u00f3w Prawa.<\/span>\n                     <\/a>\n                  <\/div>\n                <div class=\"slider__controls\">\n                    <div class=\"slider__dots\"><\/div>\n                    <div class=\"slider__actions\">\n                        <a href=\"#\" class=\"arrow\" data-direction=\"prev\" title=\"poprzedni slajd\">\n                            <em class=\"ci ci-arrow-left\"><\/em>\n                            <span class=\"d-none\">control<\/span>\n                        <\/a>\n            \n                        <a href=\"#\" class=\"start-pause\" data-action=\"stop\" title=\"wstrzymaj poruszanie si\u0119 slajd\u00f3w\">\n                            <em class=\"ci ci-pause\"><\/em>\n                            <span class=\"d-none\">control<\/span>\n                        <\/a>\n            \n                       \n                        <a href=\"#\" class=\"arrow\" data-direction=\"next\"  title=\"Kolejny slajd\" >\n                            <em class=\"ci ci-arrow-right\"><\/em>\n                            <span class=\"d-none\">control<\/span>\n                        <\/a>\n                    <\/div>\n                <\/div>\n            <\/div>[\/vc_column][\/vc_row][vc_row disable_element=&#8221;yes&#8221; el_class=&#8221;rekrutacja&#8221;][vc_column]\r\n                <div class=\"text-modules\">\r\n                    <div class=\"container\">\r\n                        \r\n                        <div class=\"text-modules__content\"><\/p>\n<p>Rekrutacja 2021\/2022 <span style=\"color: #333333;\"><strong><a class=\"duzy-link\" style=\"font-family: PT Sans Narrow;\" href=\"https:\/\/us.edu.pl\/rekrutacja\/\">Dowiedz si\u0119 wi\u0119cej<\/a><\/strong><\/span><\/p>\n<p>\n<\/div>\r\n                    <\/div>\r\n                <\/div>[\/vc_column][\/vc_row][vc_row][vc_column]<div class=\"container\"><div class=\"separator\" style=\"background-color: #EBEBEB\"><\/div><\/div>\r\n                <div class=\"title-with-link color-white\" style=\"background: #002E5A\">\r\n                    <div class=\"container\">\r\n                        <div class=\"title-with-link-container \">\r\n                            <div class=\"title-with-link__title\"><span><\/span><\/div>\r\n                            <a href=\"https:\/\/us.edu.pl\/instytut\/inpr\/\" class=\"title-with-link__link\">Instytut Nauk Prawnych<\/a>\r\n                        <\/div>\r\n                    <\/div>\r\n                <\/div>\r\n            [\/vc_column][\/vc_row][vc_row][vc_column]\n\t\t\t\t<input type=\"hidden\" name=\"promoted_only\" value=\"\">\n\t\t\t\t<input type=\"hidden\" name=\"order\" value=\"DESC\">\n\t\t\t\t<input type=\"hidden\" name=\"order_by\" value=\"post_date\">\n\n\t\t\t\t<div class=\"article-loop loop-section article-loop_tall color-blue\" style=\"background: \">\n\t\t\t\t\t <div class=\"container \">\n\t\t\t\t\t \t<div class=\"col-12 article-loop-gutter-left\">\n\t\t\t\t\t\t  <div class=\"article-loop-top loop-section-top\">\n\t\t\t\t\t\t\t\t<h2 class=\"section-title\">Wiadomo\u015bci wydzia\u0142owe<\/h2><div class=\"article-loop-top_right loop-section-top__right\" >\n\t\t\t\t\t\t\t\t\t <select name=\"sort\" title = \"filter by category\"\n\t\t\t\t\t\t\t\t\t\t  class=\"article-loop-sort\" >\n\t\t\t\t\t\t\t\t\t\t  <option value = \"\" selected disabled > filtrowanie wed\u0142ug kategorii<\/option>\n\t\t\t\t\t\t\t\t\t\t  <option value = \"19-39,19-27\" > Wszystko<\/option> <option data-link='https:\/\/us.edu.pl\/wydzial\/wpia\/category\/wiadomosci\/' value='19-39'>Wiadomo\u015bci<\/option><option data-link='https:\/\/us.edu.pl\/wydzial\/wpia\/category\/wydarzenia\/' value='19-27'>Wydarzenia<\/option><\/select>    <a href = \"https:\/\/us.edu.pl\/wydzial\/wpia\/wszystko?title=Wiadomo%C5%9Bci+wydzia%C5%82owe&order=DESC&order_by=post_date&categories%5B0%5D=19-39&categories%5B1%5D=19-27\" class=\"link-button \" > Wszystko<\/a><\/div>  \n\t\t\t\t\t\t  <\/div>\n\t\t\t\t\t\t  <div class=\"article-loop-main carousel\" data-home-url=\"https:\/\/us.edu.pl\/wydzial\/wpia\" >\n\t\t\t\t\t\t\t\t<a href = \"#\" data-slide = \"prev\" title=\"przesu\u0144 pasek Wiadomo\u015bci wydzia\u0142owew lewo\" class=\"arrow\" >\n\t\t\t\t\t\t\t\t\t <em class=\"ci ci-arrow-left\" ><\/em >\n\t\t\t\t\t\t\t\t\t <span class=\"d-none\" > arrow<\/span >\n\t\t\t\t\t\t\t\t<\/a>\n\t \n\t\t\t\t\t\t\t\t<a href = \"#\" data-slide = \"next\" title=\"przesu\u0144 pasek Wiadomo\u015bci wydzia\u0142owe w prawo\" class=\"arrow\" >\n\t\t\t\t\t\t\t\t\t <em class=\"ci ci-arrow-right\" ><\/em >\n\t\t\t\t\t\t\t\t\t <span class=\"d-none\" > arrow<\/span >\n\t\t\t\t\t\t\t\t<\/a>\n\t\t\t\t\t\t\t\t<div class=\"row items\" >\n\t\t\t\t\t\t\t\t\t \r\n            <article class=\"article-loop-post carousel-slide\">\r\n                <a href=\"https:\/\/us.edu.pl\/wydzial\/wpia\/2026\/04\/28\/godziny-rektorskie-w-dniu-4-maja-2026-r\/\" class=\"article-loop-post__thumbnail thumbnail\"\r\n                    style=\"background-image: url(https:\/\/us.edu.pl\/wydzial\/wpia\/wp-content\/uploads\/sites\/19\/Wiadomosci\/komunikat.png)\">\r\n                    <span>wi\u0119cej<\/span>\r\n                <\/a>\r\n\r\n                <div class=\"article-loop-post__content\">\r\n                    <h3 class=\"article-loop-post__title\">\r\n                        <a href=\"https:\/\/us.edu.pl\/wydzial\/wpia\/2026\/04\/28\/godziny-rektorskie-w-dniu-4-maja-2026-r\/\">Godziny rektorskie w dniu 4 maja 2026 r.<\/a>\r\n                    <\/h3>\r\n            \r\n                    <div class=\"article-loop-post__categories\">\r\n                        <a href=\"https:\/\/us.edu.pl\/wydzial\/wpia\/category\/wiadomosci\/\">Wiadomo\u015bci<\/a>\r\n                    <\/div>    \r\n                <\/div>\r\n            <\/article>\r\n        \r\n            <article class=\"article-loop-post carousel-slide\">\r\n                <a href=\"https:\/\/us.edu.pl\/wydzial\/wpia\/2026\/04\/21\/company-law-summer-school-shareholder-protection-rekrutacja-rusza\/\" class=\"article-loop-post__thumbnail thumbnail\"\r\n                    style=\"background-image: url(https:\/\/us.edu.pl\/wydzial\/wpia\/wp-content\/uploads\/sites\/19\/Bez-kategorii\/miniatura-summer-school-500x500.jpg)\">\r\n                    <span>wi\u0119cej<\/span>\r\n                <\/a>\r\n\r\n                <div class=\"article-loop-post__content\">\r\n                    <h3 class=\"article-loop-post__title\">\r\n                        <a href=\"https:\/\/us.edu.pl\/wydzial\/wpia\/2026\/04\/21\/company-law-summer-school-shareholder-protection-rekrutacja-rusza\/\">Company Law Summer School: Shareholder Protection \u2013 rekrutacja rusza!<\/a>\r\n                    <\/h3>\r\n            \r\n                    <div class=\"article-loop-post__categories\">\r\n                        <a href=\"https:\/\/us.edu.pl\/wydzial\/wpia\/category\/wiadomosci\/\">Wiadomo\u015bci<\/a>\r\n                    <\/div>    \r\n                <\/div>\r\n            <\/article>\r\n        \r\n            <article class=\"article-loop-post carousel-slide\">\r\n                <a href=\"https:\/\/us.edu.pl\/wydzial\/wpia\/2026\/04\/21\/powolanie-konferencji-dziekanow-publicznych-uniwersyteckich-wydzialow-prawa\/\" class=\"article-loop-post__thumbnail thumbnail\"\r\n                    style=\"background-image: url(https:\/\/us.edu.pl\/wydzial\/wpia\/wp-content\/uploads\/sites\/19\/Bez-kategorii\/KDPUWP_18-500x281.png)\">\r\n                    <span>wi\u0119cej<\/span>\r\n                <\/a>\r\n\r\n                <div class=\"article-loop-post__content\">\r\n                    <h3 class=\"article-loop-post__title\">\r\n                        <a href=\"https:\/\/us.edu.pl\/wydzial\/wpia\/2026\/04\/21\/powolanie-konferencji-dziekanow-publicznych-uniwersyteckich-wydzialow-prawa\/\">Powo\u0142anie Konferencji Dziekan\u00f3w Publicznych Uniwersyteckich Wydzia\u0142\u00f3w Prawa<\/a>\r\n                    <\/h3>\r\n            \r\n                    <div class=\"article-loop-post__categories\">\r\n                        <a href=\"https:\/\/us.edu.pl\/wydzial\/wpia\/category\/wiadomosci\/\">Wiadomo\u015bci<\/a>\r\n                    <\/div>    \r\n                <\/div>\r\n            <\/article>\r\n        \r\n            <article class=\"article-loop-post carousel-slide\">\r\n                <a href=\"https:\/\/us.edu.pl\/wydzial\/wpia\/komunikaty\/dr-blazej-madrzycki-czlonkiem-team-europe-direct\/\" class=\"article-loop-post__thumbnail thumbnail\"\r\n                    style=\"background-image: url(https:\/\/us.edu.pl\/wydzial\/wpia\/wp-content\/uploads\/sites\/19\/Bez-kategorii\/Blazej-Madrzycki-1-500x412.jpg)\">\r\n                    <span>wi\u0119cej<\/span>\r\n                <\/a>\r\n\r\n                <div class=\"article-loop-post__content\">\r\n                    <h3 class=\"article-loop-post__title\">\r\n                        <a href=\"https:\/\/us.edu.pl\/wydzial\/wpia\/komunikaty\/dr-blazej-madrzycki-czlonkiem-team-europe-direct\/\">Dr B\u0142a\u017cej M\u0105drzycki cz\u0142onkiem Team Europe Direct<\/a>\r\n                    <\/h3>\r\n            \r\n                    <div class=\"article-loop-post__categories\">\r\n                        <a href=\"https:\/\/us.edu.pl\/wydzial\/wpia\/category\/wiadomosci\/\">Wiadomo\u015bci<\/a>\r\n                    <\/div>    \r\n                <\/div>\r\n            <\/article>\r\n        \r\n            <article class=\"article-loop-post carousel-slide\">\r\n                <a href=\"https:\/\/us.edu.pl\/student\/komunikaty\/wydarzenie-bk-warsztaty-gdy-wiesz-co-robic-ale-tego-nie-robisz-o-samokontroli-i-realizowaniu-celow-w-praktyce\/\" class=\"article-loop-post__thumbnail thumbnail\"\r\n                    style=\"background-image: url(https:\/\/us.edu.pl\/wydzial\/wpia\/wp-content\/uploads\/sites\/19\/naukakonferencje\/2026\/formularz.jpg)\">\r\n                    <span>wi\u0119cej<\/span>\r\n                <\/a>\r\n\r\n                <div class=\"article-loop-post__content\">\r\n                    <h3 class=\"article-loop-post__title\">\r\n                        <a href=\"https:\/\/us.edu.pl\/student\/komunikaty\/wydarzenie-bk-warsztaty-gdy-wiesz-co-robic-ale-tego-nie-robisz-o-samokontroli-i-realizowaniu-celow-w-praktyce\/\">Biuro Karier: Warsztaty \u201eGdy wiesz, co robi\u0107, ale tego nie robisz. O samokontroli i realizowaniu cel\u00f3w w praktyce\u201d<\/a>\r\n                    <\/h3>\r\n            \r\n                    <div class=\"article-loop-post__categories\">\r\n                        <a href=\"https:\/\/us.edu.pl\/wydzial\/wpia\/category\/wiadomosci\/\">Wiadomo\u015bci<\/a>\r\n                    <\/div>    \r\n                <\/div>\r\n            <\/article>\r\n        \r\n            <article class=\"article-loop-post carousel-slide\">\r\n                <a href=\"https:\/\/us.edu.pl\/wydzial\/wpia\/komunikaty\/dr-hab-dariusz-szostek-prof-us-otrzymal-finansowanie-zadania-badawczego-pn-podnoszenie-kompetencji-z-zakresu-cyberbezpieczenstwa-w-podmiotach-szkolnictwa-wyzszego-i-nauki\/\" class=\"article-loop-post__thumbnail thumbnail\"\r\n                    style=\"background-image: url(https:\/\/us.edu.pl\/wydzial\/wpia\/wp-content\/uploads\/sites\/19\/Bez-kategorii\/dariusz-szostek-1-e1775633900384-443x500.png)\">\r\n                    <span>wi\u0119cej<\/span>\r\n                <\/a>\r\n\r\n                <div class=\"article-loop-post__content\">\r\n                    <h3 class=\"article-loop-post__title\">\r\n                        <a href=\"https:\/\/us.edu.pl\/wydzial\/wpia\/komunikaty\/dr-hab-dariusz-szostek-prof-us-otrzymal-finansowanie-zadania-badawczego-pn-podnoszenie-kompetencji-z-zakresu-cyberbezpieczenstwa-w-podmiotach-szkolnictwa-wyzszego-i-nauki\/\">Dr hab. Dariusz Szostek, prof. U\u015a otrzyma\u0142 finansowanie zadania badawczego pn. \u201ePodnoszenie kompetencji z zakresu cyberbezpiecze\u0144stwa w podmiotach szkolnictwa wy\u017cszego i nauki\u201d<\/a>\r\n                    <\/h3>\r\n            \r\n                    <div class=\"article-loop-post__categories\">\r\n                        <a href=\"https:\/\/us.edu.pl\/wydzial\/wpia\/category\/wiadomosci\/\">Wiadomo\u015bci<\/a>\r\n                    <\/div>    \r\n                <\/div>\r\n            <\/article>\r\n        \r\n            <article class=\"article-loop-post carousel-slide\">\r\n                <a href=\"https:\/\/us.edu.pl\/wydzial\/wpia\/komunikaty\/nominacja-profesorska-dla-pani-prof-dr-hab-moniki-jagielskiej\/\" class=\"article-loop-post__thumbnail thumbnail\"\r\n                    style=\"background-image: url(https:\/\/us.edu.pl\/wydzial\/wpia\/wp-content\/uploads\/sites\/19\/Bez-kategorii\/Monika-Jagielska-e1774960989957-400x500.jpg)\">\r\n                    <span>wi\u0119cej<\/span>\r\n                <\/a>\r\n\r\n                <div class=\"article-loop-post__content\">\r\n                    <h3 class=\"article-loop-post__title\">\r\n                        <a href=\"https:\/\/us.edu.pl\/wydzial\/wpia\/komunikaty\/nominacja-profesorska-dla-pani-prof-dr-hab-moniki-jagielskiej\/\">Nominacja profesorska dla Pani prof. dr hab. Moniki Jagielskiej<\/a>\r\n                    <\/h3>\r\n            \r\n                    <div class=\"article-loop-post__categories\">\r\n                        <a href=\"https:\/\/us.edu.pl\/wydzial\/wpia\/category\/wiadomosci\/\">Wiadomo\u015bci<\/a>\r\n                    <\/div>    \r\n                <\/div>\r\n            <\/article>\r\n        \r\n            <article class=\"article-loop-post carousel-slide\">\r\n                <a href=\"https:\/\/us.edu.pl\/t4e\/26m-steps4europe-wyzwanie-dla-uniwersytetow-t4eu\/\" class=\"article-loop-post__thumbnail thumbnail\"\r\n                    style=\"background-image: url(https:\/\/us.edu.pl\/wydzial\/wpia\/wp-content\/uploads\/sites\/19\/Bez-kategorii\/sincerely-media-R_Vkw9YC_U8-unsplash-500x334.jpg)\">\r\n                    <span>wi\u0119cej<\/span>\r\n                <\/a>\r\n\r\n                <div class=\"article-loop-post__content\">\r\n                    <h3 class=\"article-loop-post__title\">\r\n                        <a href=\"https:\/\/us.edu.pl\/t4e\/26m-steps4europe-wyzwanie-dla-uniwersytetow-t4eu\/\">26M Steps4Europe: wyzwanie dla uniwersytet\u00f3w T4EU<\/a>\r\n                    <\/h3>\r\n            \r\n                    <div class=\"article-loop-post__categories\">\r\n                        <a href=\"https:\/\/us.edu.pl\/wydzial\/wpia\/category\/wiadomosci\/\">Wiadomo\u015bci<\/a>\r\n                    <\/div>    \r\n                <\/div>\r\n            <\/article>\r\n        \r\n            <article class=\"article-loop-post carousel-slide\">\r\n                <a href=\"https:\/\/us.edu.pl\/wydzial\/wpia\/event\/wystawa-obrazow-pt-spadajace-slonca-autorstwa-prof-dr-hab-lecha-kolodziejczyka\/\" class=\"article-loop-post__thumbnail thumbnail\"\r\n                    style=\"background-image: url(https:\/\/us.edu.pl\/wydzial\/wpia\/wp-content\/uploads\/sites\/19\/Bez-kategorii\/SU3A7574-500x333.jpg)\">\r\n                    <span>wi\u0119cej<\/span>\r\n                <\/a>\r\n\r\n                <div class=\"article-loop-post__content\">\r\n                    <h3 class=\"article-loop-post__title\">\r\n                        <a href=\"https:\/\/us.edu.pl\/wydzial\/wpia\/event\/wystawa-obrazow-pt-spadajace-slonca-autorstwa-prof-dr-hab-lecha-kolodziejczyka\/\">Wystawa obraz\u00f3w pt. \u201eSpadaj\u0105ce S\u0142o\u0144ca\u201d autorstwa prof. dr. hab. Lecha Ko\u0142odziejczyka na WPiA U\u015a<\/a>\r\n                    <\/h3>\r\n            \r\n                    <div class=\"article-loop-post__categories\">\r\n                        <a href=\"https:\/\/us.edu.pl\/wydzial\/wpia\/category\/wiadomosci\/\">Wiadomo\u015bci<\/a>\r\n                    <\/div>    \r\n                <\/div>\r\n            <\/article>\r\n        \r\n            <article class=\"article-loop-post carousel-slide\">\r\n                <a href=\"https:\/\/us.edu.pl\/wydzial\/wpia\/komunikaty\/dr-blazej-madrzycki-powolany-na-czlonka-rady-narodowego-centrum-badan-i-rozwoju\/\" class=\"article-loop-post__thumbnail thumbnail\"\r\n                    style=\"background-image: url(https:\/\/us.edu.pl\/wydzial\/wpia\/wp-content\/uploads\/sites\/19\/Bez-kategorii\/Blazej-Madrzycki-500x412.jpg)\">\r\n                    <span>wi\u0119cej<\/span>\r\n                <\/a>\r\n\r\n                <div class=\"article-loop-post__content\">\r\n                    <h3 class=\"article-loop-post__title\">\r\n                        <a href=\"https:\/\/us.edu.pl\/wydzial\/wpia\/komunikaty\/dr-blazej-madrzycki-powolany-na-czlonka-rady-narodowego-centrum-badan-i-rozwoju\/\">Dr B\u0142a\u017cej M\u0105drzycki powo\u0142any na Cz\u0142onka Rady Narodowego Centrum Bada\u0144 i Rozwoju<\/a>\r\n                    <\/h3>\r\n            \r\n                    <div class=\"article-loop-post__categories\">\r\n                        <a href=\"https:\/\/us.edu.pl\/wydzial\/wpia\/category\/wiadomosci\/\">Wiadomo\u015bci<\/a>\r\n                    <\/div>    \r\n                <\/div>\r\n            <\/article>\r\n        \n\t\t\t\t\t\t\t\t<\/div>\n\t\t\t\t\t\t  <\/div>\n\t\t\t\t\t <\/div>\n\t\t\t\t\t <\/div>\n\t\t\t\t<\/div>[\/vc_column][\/vc_row][vc_row][vc_column]\r\n            \r\n            <div class=\"events-loop loop-section color-blue\" style=\"background: \">\r\n                <div class=\"container\">\r\n                    <div class=\"events-loop-top loop-section-top\">\r\n                        <h2 class=\"section-title\">\r\n                            Wydarzenia\r\n                        <\/h2><div class=\"event-loop-top_right loop-section-top__right\">\r\n                                        <a href=\"https:\/\/us.edu.pl\/wydzial\/wpia\/event\/\" class=\"link-button \">Wszystko<\/a>\r\n                                    <\/div>\r\n                    <\/div>\r\n            \r\n                    <div class=\"events-loop-main\">\r\n                        <div class=\"row m-0\">    \r\n                    <article class=\"events-loop-post-container\" >\r\n                        <a href = \"https:\/\/us.edu.pl\/wydzial\/wpia\/event\/dziecko-na-walizkach-prawda-i-mity-o-pieczy-wspoldzielonej-warsztaty-z-udzialem-dr-katarzyny-kaminskiej\/\" class=\"events-loop-post\" >\r\n                            <div class=\"events-loop-post__date\" >\r\n                                <div class=\"events-loop-post__month\" > Maj<\/div >\r\n                                <span > 07<\/span >\r\n                            <\/div >\r\n                            <h3 class=\"events-loop-post__title\" > Dziecko na walizkach? Prawda i mity o pieczy wsp\u00f3\u0142dzielonej - warsztaty z udzia\u0142em dr. Katarzyny Kami\u0144skiej<\/h3 >\r\n                        <\/a >\r\n                    <\/article >\r\n                    <article class=\"events-loop-post-container\" >\r\n                        <a href = \"https:\/\/us.edu.pl\/wydzial\/wpia\/event\/guest-lectures-spotkania-z-prof-liudmyla-savanets-oraz-prof-hanna-poperechna\/\" class=\"events-loop-post\" >\r\n                            <div class=\"events-loop-post__date\" >\r\n                                <div class=\"events-loop-post__month\" > Maj<\/div >\r\n                                <span > 18<\/span >\r\n                            <\/div >\r\n                            <h3 class=\"events-loop-post__title\" > Guest Lectures - spotkania z prof. Liudmyl\u0105 Savanets oraz prof. Hann\u0105 Poperechn\u0105<\/h3 >\r\n                        <\/a >\r\n                    <\/article >\r\n                    <article class=\"events-loop-post-container\" >\r\n                        <a href = \"https:\/\/us.edu.pl\/wydzial\/wpia\/event\/iii-ogolnopolsa-konferencja-naukowa-prawa-ochrony-srodowiska-pt-prawo-w-pogoni-za-nowoczesnoscia-w-ochronie-srodowiska\/\" class=\"events-loop-post\" >\r\n                            <div class=\"events-loop-post__date\" >\r\n                                <div class=\"events-loop-post__month\" > Maj<\/div >\r\n                                <span > 19<\/span >\r\n                            <\/div >\r\n                            <h3 class=\"events-loop-post__title\" > III Og\u00f3lnopolska Konferencja Naukowa Prawa Ochrony \u015arodowiska pt. \"Prawo w pogoni za nowoczesno\u015bci\u0105 w ochronie \u015brodowiska\"<\/h3 >\r\n                        <\/a >\r\n                    <\/article >\r\n                    <article class=\"events-loop-post-container\" >\r\n                        <a href = \"https:\/\/us.edu.pl\/wydzial\/wpia\/event\/dopuszczalnosc-ustanawiania-i-finansowania-nagrod-pienieznych-dla-zawodnikow-sportow-elektronicznych-przez-gminy-spotkanie-online-z-dr-przemyslawem-kuczkowskim-ukw-w-bydgoszczy\/\" class=\"events-loop-post\" >\r\n                            <div class=\"events-loop-post__date\" >\r\n                                <div class=\"events-loop-post__month\" > Maj<\/div >\r\n                                <span > 20<\/span >\r\n                            <\/div >\r\n                            <h3 class=\"events-loop-post__title\" > Dopuszczalno\u015b\u0107 ustanawiania i finansowania nagr\u00f3d pieni\u0119\u017cnych dla zawodnik\u00f3w sport\u00f3w elektronicznych przez gminy- spotkanie online z dr. Przemys\u0142awem Kuczkowskim (UKW w Bydgoszczy)<\/h3 >\r\n                        <\/a >\r\n                    <\/article >\r\n                    <article class=\"events-loop-post-container\" >\r\n                        <a href = \"https:\/\/us.edu.pl\/wydzial\/wpia\/event\/vi-slaskie-forum-polityki-kryminalnej-ewolucja-prawa-karnego-gospodarczego-konferencja-ku-czci-profesor-oktawii-gorniok\/\" class=\"events-loop-post\" >\r\n                            <div class=\"events-loop-post__date\" >\r\n                                <div class=\"events-loop-post__month\" > Maj<\/div >\r\n                                <span > 21<\/span >\r\n                            <\/div >\r\n                            <h3 class=\"events-loop-post__title\" > VI \u015al\u0105skie Forum Polityki Kryminalnej. Ewolucja prawa karnego gospodarczego. Konferencja ku czci Profesor Oktawii G\u00f3rniok<\/h3 >\r\n                        <\/a >\r\n                    <\/article >\r\n                    <article class=\"events-loop-post-container\" >\r\n                        <a href = \"https:\/\/us.edu.pl\/wydzial\/wpia\/event\/final-olimpiady-historyczno-prawnej-im-prof-michala-sczanieckiego-na-wpia-us\/\" class=\"events-loop-post\" >\r\n                            <div class=\"events-loop-post__date\" >\r\n                                <div class=\"events-loop-post__month\" > Maj<\/div >\r\n                                <span > 28<\/span >\r\n                            <\/div >\r\n                            <h3 class=\"events-loop-post__title\" > Fina\u0142 Olimpiady Historyczno-Prawnej im. prof. Micha\u0142a Sczanieckiego na WPiA U\u015a<\/h3 >\r\n                        <\/a >\r\n                    <\/article >\r\n                    <article class=\"events-loop-post-container\" >\r\n                        <a href = \"https:\/\/us.edu.pl\/wydzial\/wpia\/event\/ii-forumcooperante\/\" class=\"events-loop-post\" >\r\n                            <div class=\"events-loop-post__date\" >\r\n                                <div class=\"events-loop-post__month\" > Maj<\/div >\r\n                                <span > 29<\/span >\r\n                            <\/div >\r\n                            <h3 class=\"events-loop-post__title\" > II ForumCooperante<\/h3 >\r\n                        <\/a >\r\n                    <\/article >\r\n                    <article class=\"events-loop-post-container\" >\r\n                        <a href = \"https:\/\/us.edu.pl\/wydzial\/wpia\/event\/ogolnopolska-konferencja-naukowa-ius-et-misterium-teologia-w-prawie-prawo-w-teologii\/\" class=\"events-loop-post\" >\r\n                            <div class=\"events-loop-post__date\" >\r\n                                <div class=\"events-loop-post__month\" > Maj<\/div >\r\n                                <span > 29<\/span >\r\n                            <\/div >\r\n                            <h3 class=\"events-loop-post__title\" > Og\u00f3lnopolska Konferencja Naukowa \"Ius et Misterium - Teologia w prawie, prawo w teologii\"<\/h3 >\r\n                        <\/a >\r\n                    <\/article ><\/div>\r\n                    <\/div>\r\n                <\/div>\r\n            <\/div>[\/vc_column][\/vc_row][vc_row][vc_column]\r\n\r\n            <div class=\"blocks\" style=\"text-align: center\">\r\n               <div class=\"container\">\r\n                  \r\n                  <div class=\"row m-0 blocks_4\">\r\n                  \r\n                     <a href=\"https:\/\/us.edu.pl\/wydzial\/wpia\/wydzial\/sukcesy-lista\/\" class=\"thumbnail blocks__item\" style=\"background-image: url(https:\/\/us.edu.pl\/wydzial\/wpia\/wp-content\/uploads\/sites\/19\/Bez-kategorii\/9-1024x1024.png)\">\r\n                        <span>wi\u0119cej<\/span>\r\n                        <div class=\"blocks__bottom\">\r\n                        <div class=\"blocks__title\">SUKCESY<\/div>\r\n                        \r\n                        <\/div>\r\n                     <\/a>\r\n                  \r\n                     <a href=\"https:\/\/us.edu.pl\/wydzial\/wpia\/wspolpraca\/wspolpraca-miedzynarodowa\/erasmus\/\" class=\"thumbnail blocks__item\" style=\"background-image: url(https:\/\/us.edu.pl\/wydzial\/wpia\/wp-content\/uploads\/sites\/19\/Pliki\/kafelki-glowna\/erasmus-kafelek.png)\">\r\n                        <span>wi\u0119cej<\/span>\r\n                        <div class=\"blocks__bottom\">\r\n                        <div class=\"blocks__title\"> ERASMUS<\/div>\r\n                        \r\n                        <\/div>\r\n                     <\/a>\r\n                  \r\n                     <a href=\"https:\/\/irk.us.edu.pl\/\" class=\"thumbnail blocks__item\" style=\"background-image: url(https:\/\/us.edu.pl\/wydzial\/wpia\/wp-content\/uploads\/sites\/19\/Bez-kategorii\/8-1024x1024.png)\">\r\n                        <span>wi\u0119cej<\/span>\r\n                        <div class=\"blocks__bottom\">\r\n                        <div class=\"blocks__title\">KANDYDAT<\/div>\r\n                        \r\n                        <\/div>\r\n                     <\/a>\r\n                  \r\n                     <a href=\"https:\/\/usosweb.us.edu.pl\/\" class=\"thumbnail blocks__item\" style=\"background-image: url(https:\/\/us.edu.pl\/wydzial\/wpia\/wp-content\/uploads\/sites\/19\/Pliki\/kafelki-glowna\/04_usos.png)\">\r\n                        <span>wi\u0119cej<\/span>\r\n                        <div class=\"blocks__bottom\">\r\n                        <div class=\"blocks__title\"> USOSWEB<\/div>\r\n                        \r\n                        <\/div>\r\n                     <\/a>\r\n                  \r\n                     <a href=\"https:\/\/us.edu.pl\/wydzial\/wpia\/pracownicy-naukowi\/\" class=\"thumbnail blocks__item\" style=\"background-image: url(https:\/\/us.edu.pl\/wydzial\/wpia\/wp-content\/uploads\/sites\/19\/Bez-kategorii\/12-1024x1024.png)\">\r\n                        <span>wi\u0119cej<\/span>\r\n                        <div class=\"blocks__bottom\">\r\n                        <div class=\"blocks__title\">KADRA<\/div>\r\n                        \r\n                        <\/div>\r\n                     <\/a>\r\n                  \r\n                     <a href=\"http:\/\/bp.us.edu.pl\/\" class=\"thumbnail blocks__item\" style=\"background-image: url(https:\/\/us.edu.pl\/wydzial\/wpia\/wp-content\/uploads\/sites\/19\/Bez-kategorii\/10-1024x1024.png)\">\r\n                        <span>wi\u0119cej<\/span>\r\n                        <div class=\"blocks__bottom\">\r\n                        <div class=\"blocks__title\">BIBLIOTEKA PRAWNICZA<\/div>\r\n                        \r\n                        <\/div>\r\n                     <\/a>\r\n                  \r\n                     <a href=\"https:\/\/us.edu.pl\/wydzial\/wpia\/student\/ogloszenia-wpia\/\" class=\"thumbnail blocks__item\" style=\"background-image: url(https:\/\/us.edu.pl\/wydzial\/wpia\/wp-content\/uploads\/sites\/19\/Bez-kategorii\/11-1024x1024.png)\">\r\n                        <span>wi\u0119cej<\/span>\r\n                        <div class=\"blocks__bottom\">\r\n                        <div class=\"blocks__title\">OG\u0141OSZENIA<\/div>\r\n                        \r\n                        <\/div>\r\n                     <\/a>\r\n                  \r\n                     <a href=\"https:\/\/us.edu.pl\/wydzial\/wpia\/wspolpraca\/wspolpraca-z-otoczeniem\/wspolpraca-z-liceami\/\" class=\"thumbnail blocks__item\" style=\"background-image: url(https:\/\/us.edu.pl\/wydzial\/wpia\/wp-content\/uploads\/sites\/19\/Bez-kategorii\/331393914_881883579733187_145724057272926844_n-2-1024x683.jpg)\">\r\n                        <span>wi\u0119cej<\/span>\r\n                        <div class=\"blocks__bottom\">\r\n                        <div class=\"blocks__title\">WSP\u00d3\u0141PRACA Z LICEAMI<\/div>\r\n                        \r\n                        <\/div>\r\n                     <\/a><\/div>     \r\n               <\/div>\r\n            <\/div>[\/vc_column][\/vc_row][vc_row][vc_column]\r\n                <div class=\"tiles-section\" style=\"background: \">\r\n                    <div class=\"container\">\r\n                        <h3 class=\"page-title\"><\/h3>\r\n                        <div class=\"tiles tiles-2\">\r\n                            <a href=\"https:\/\/us.edu.pl\/wydzial\/wpia\/zadania-administracji-wydzialowej-wraz-z-wykazem-osob-odpowiedzialnych-za-ich-wykonanie\/\" class=\"tile tile_double justify-content-center\" style=\"background-color: #002E5A; font-weight: bold; color: #ffffff;  \">\r\n                                \r\n                                   \r\n                               \r\n                                <div class=\"tile__name\">ZA\u0141ATW SPRAW\u0118<\/div>\r\n                            <\/a><\/div>\r\n                    <\/div>\r\n                <\/div>[\/vc_column][\/vc_row][vc_row][vc_column]\n\t\t\t\t<input type=\"hidden\" name=\"promoted_only\" value=\"\">\n\t\t\t\t<input type=\"hidden\" name=\"order\" value=\"DESC\">\n\t\t\t\t<input type=\"hidden\" name=\"order_by\" value=\"post_date\">\n\n\t\t\t\t<div class=\"article-loop loop-section article-loop_tall color-blue\" style=\"background: \">\n\t\t\t\t\t <div class=\"container \">\n\t\t\t\t\t \t<div class=\"col-12 article-loop-gutter-left\">\n\t\t\t\t\t\t  <div class=\"article-loop-top loop-section-top\">\n\t\t\t\t\t\t\t\t<h2 class=\"section-title\">Z kraju i zagranicy<\/h2><div class=\"article-loop-top_right loop-section-top__right\" ><\/div>  \n\t\t\t\t\t\t  <\/div>\n\t\t\t\t\t\t  <div class=\"article-loop-main carousel\" data-home-url=\"https:\/\/us.edu.pl\/wydzial\/wpia\" >\n\t\t\t\t\t\t\t\t<a href = \"#\" data-slide = \"prev\" title=\"przesu\u0144 pasek Z kraju i zagranicyw lewo\" class=\"arrow\" >\n\t\t\t\t\t\t\t\t\t <em class=\"ci ci-arrow-left\" ><\/em >\n\t\t\t\t\t\t\t\t\t <span class=\"d-none\" > arrow<\/span >\n\t\t\t\t\t\t\t\t<\/a>\n\t \n\t\t\t\t\t\t\t\t<a href = \"#\" data-slide = \"next\" title=\"przesu\u0144 pasek Z kraju i zagranicy w prawo\" class=\"arrow\" >\n\t\t\t\t\t\t\t\t\t <em class=\"ci ci-arrow-right\" ><\/em >\n\t\t\t\t\t\t\t\t\t <span class=\"d-none\" > arrow<\/span >\n\t\t\t\t\t\t\t\t<\/a>\n\t\t\t\t\t\t\t\t<div class=\"row items\" >\n\t\t\t\t\t\t\t\t\t \r\n            <article class=\"article-loop-post carousel-slide\">\r\n                <a href=\"https:\/\/us.edu.pl\/wydzial\/wpia\/2026\/04\/21\/ogolnopolska-konferencja-naukowa-pt-samorzad-terytorialny-w-polsce-doswiadczenia-stan-obecny-i-wyzwania-przyszlosci\/\" class=\"article-loop-post__thumbnail thumbnail\"\r\n                    style=\"background-image: url(https:\/\/us.edu.pl\/wydzial\/wpia\/wp-content\/uploads\/sites\/19\/Bez-kategorii\/Posty-FB-mniejszy-format-65-500x500.jpg)\">\r\n                    <span>wi\u0119cej<\/span>\r\n                <\/a>\r\n\r\n                <div class=\"article-loop-post__content\">\r\n                    <h3 class=\"article-loop-post__title\">\r\n                        <a href=\"https:\/\/us.edu.pl\/wydzial\/wpia\/2026\/04\/21\/ogolnopolska-konferencja-naukowa-pt-samorzad-terytorialny-w-polsce-doswiadczenia-stan-obecny-i-wyzwania-przyszlosci\/\">Og\u00f3lnopolska Konferencja Naukowa pt. \u201eSamorz\u0105d terytorialny w Polsce: do\u015bwiadczenia, stan obecny i wyzwania przysz\u0142o\u015bci\u201d<\/a>\r\n                    <\/h3>\r\n            \r\n                    <div class=\"article-loop-post__categories\">\r\n                        <a href=\"https:\/\/us.edu.pl\/wydzial\/wpia\/category\/ogolne\/\">Og\u00f3lne<\/a>\r\n                    <\/div>    \r\n                <\/div>\r\n            <\/article>\r\n        \r\n            <article class=\"article-loop-post carousel-slide\">\r\n                <a href=\"https:\/\/us.edu.pl\/wydzial\/wpia\/2026\/04\/21\/xvi-edycja-warsztatow-clarin-w-praktyce-badawczej\/\" class=\"article-loop-post__thumbnail thumbnail\"\r\n                    style=\"background-image: url(https:\/\/us.edu.pl\/wydzial\/wpia\/wp-content\/uploads\/sites\/19\/Bez-kategorii\/Posty-FB-mniejszy-format-97-500x500.jpg)\">\r\n                    <span>wi\u0119cej<\/span>\r\n                <\/a>\r\n\r\n                <div class=\"article-loop-post__content\">\r\n                    <h3 class=\"article-loop-post__title\">\r\n                        <a href=\"https:\/\/us.edu.pl\/wydzial\/wpia\/2026\/04\/21\/xvi-edycja-warsztatow-clarin-w-praktyce-badawczej\/\">XVI edycja warsztat\u00f3w\u00a0\u201eCLARIN w praktyce badawczej\u201d<\/a>\r\n                    <\/h3>\r\n            \r\n                    <div class=\"article-loop-post__categories\">\r\n                        <a href=\"https:\/\/us.edu.pl\/wydzial\/wpia\/category\/ogolne\/\">Og\u00f3lne<\/a>\r\n                    <\/div>    \r\n                <\/div>\r\n            <\/article>\r\n        \r\n            <article class=\"article-loop-post carousel-slide\">\r\n                <a href=\"https:\/\/us.edu.pl\/wydzial\/wpia\/2026\/04\/21\/ogolnopolska-konferencja-interdyscyplinarna-pt-miedzy-katedra-a-katedra-czynniki-wplywajace-na-kondycje-wspolczesnej-rodziny\/\" class=\"article-loop-post__thumbnail thumbnail\"\r\n                    style=\"background-image: url(https:\/\/us.edu.pl\/wydzial\/wpia\/wp-content\/uploads\/sites\/19\/Bez-kategorii\/Posty-FB-mniejszy-format-79-500x500.jpg)\">\r\n                    <span>wi\u0119cej<\/span>\r\n                <\/a>\r\n\r\n                <div class=\"article-loop-post__content\">\r\n                    <h3 class=\"article-loop-post__title\">\r\n                        <a href=\"https:\/\/us.edu.pl\/wydzial\/wpia\/2026\/04\/21\/ogolnopolska-konferencja-interdyscyplinarna-pt-miedzy-katedra-a-katedra-czynniki-wplywajace-na-kondycje-wspolczesnej-rodziny\/\">Og\u00f3lnopolska Konferencja Interdyscyplinarna pt. \u201eMi\u0119dzy Katedr\u0105 a Katedr\u0105. Czynniki wp\u0142ywaj\u0105ce na kondycj\u0119 wsp\u00f3\u0142czesnej rodziny\u201d<\/a>\r\n                    <\/h3>\r\n            \r\n                    <div class=\"article-loop-post__categories\">\r\n                        <a href=\"https:\/\/us.edu.pl\/wydzial\/wpia\/category\/ogolne\/\">Og\u00f3lne<\/a>\r\n                    <\/div>    \r\n                <\/div>\r\n            <\/article>\r\n        \r\n            <article class=\"article-loop-post carousel-slide\">\r\n                <a href=\"https:\/\/us.edu.pl\/wydzial\/wpia\/2026\/04\/15\/ogolnopolska-konferencja-naukowa-pt-konkurencja-i-prawo\/\" class=\"article-loop-post__thumbnail thumbnail\"\r\n                    style=\"background-image: url(https:\/\/us.edu.pl\/wydzial\/wpia\/wp-content\/uploads\/sites\/19\/Bez-kategorii\/Posty-FB-mniejszy-format-73-500x500.jpg)\">\r\n                    <span>wi\u0119cej<\/span>\r\n                <\/a>\r\n\r\n                <div class=\"article-loop-post__content\">\r\n                    <h3 class=\"article-loop-post__title\">\r\n                        <a href=\"https:\/\/us.edu.pl\/wydzial\/wpia\/2026\/04\/15\/ogolnopolska-konferencja-naukowa-pt-konkurencja-i-prawo\/\">Og\u00f3lnopolska Konferencja Naukowa pt. \u201eKonkurencja i prawo\u201d<\/a>\r\n                    <\/h3>\r\n            \r\n                    <div class=\"article-loop-post__categories\">\r\n                        <a href=\"https:\/\/us.edu.pl\/wydzial\/wpia\/category\/ogolne\/\">Og\u00f3lne<\/a>\r\n                    <\/div>    \r\n                <\/div>\r\n            <\/article>\r\n        \r\n            <article class=\"article-loop-post carousel-slide\">\r\n                <a href=\"https:\/\/us.edu.pl\/wydzial\/wpia\/2026\/04\/08\/ogolnopolska-konferencja-naukowa-sztuka-i-prawo\/\" class=\"article-loop-post__thumbnail thumbnail\"\r\n                    style=\"background-image: url(https:\/\/us.edu.pl\/wydzial\/wpia\/wp-content\/uploads\/sites\/19\/Bez-kategorii\/miniatura-konferencja-UKW-500x500.jpg)\">\r\n                    <span>wi\u0119cej<\/span>\r\n                <\/a>\r\n\r\n                <div class=\"article-loop-post__content\">\r\n                    <h3 class=\"article-loop-post__title\">\r\n                        <a href=\"https:\/\/us.edu.pl\/wydzial\/wpia\/2026\/04\/08\/ogolnopolska-konferencja-naukowa-sztuka-i-prawo\/\">Og\u00f3lnopolska Konferencja Naukowa \u201eSztuka i prawo\u201d<\/a>\r\n                    <\/h3>\r\n            \r\n                    <div class=\"article-loop-post__categories\">\r\n                        <a href=\"https:\/\/us.edu.pl\/wydzial\/wpia\/category\/ogolne\/\">Og\u00f3lne<\/a>\r\n                    <\/div>    \r\n                <\/div>\r\n            <\/article>\r\n        \r\n            <article class=\"article-loop-post carousel-slide\">\r\n                <a href=\"https:\/\/us.edu.pl\/wydzial\/wpia\/2026\/04\/07\/konferencja-naukowa-prawo-4-0-interdyscyplinarne-studia-prawnicze-nad-sztuczna-inteligencja\/\" class=\"article-loop-post__thumbnail thumbnail\"\r\n                    style=\"background-image: url(https:\/\/us.edu.pl\/wydzial\/wpia\/wp-content\/uploads\/sites\/19\/Bez-kategorii\/Posty-FB-mniejszy-format-2026-02-25T123819.850-500x500.jpg)\">\r\n                    <span>wi\u0119cej<\/span>\r\n                <\/a>\r\n\r\n                <div class=\"article-loop-post__content\">\r\n                    <h3 class=\"article-loop-post__title\">\r\n                        <a href=\"https:\/\/us.edu.pl\/wydzial\/wpia\/2026\/04\/07\/konferencja-naukowa-prawo-4-0-interdyscyplinarne-studia-prawnicze-nad-sztuczna-inteligencja\/\">Konferencja Naukowa \u201ePrawo 4.0 &#8211; interdyscyplinarne studia prawnicze nad sztuczn\u0105 inteligencj\u0105\u201d<\/a>\r\n                    <\/h3>\r\n            \r\n                    <div class=\"article-loop-post__categories\">\r\n                        <a href=\"https:\/\/us.edu.pl\/wydzial\/wpia\/category\/ogolne\/\">Og\u00f3lne<\/a>\r\n                    <\/div>    \r\n                <\/div>\r\n            <\/article>\r\n        \r\n            <article class=\"article-loop-post carousel-slide\">\r\n                <a href=\"https:\/\/us.edu.pl\/wydzial\/wpia\/2026\/04\/07\/zaproszenie-do-udzialu-w-eurocrim-2026\/\" class=\"article-loop-post__thumbnail thumbnail\"\r\n                    style=\"background-image: url(https:\/\/us.edu.pl\/wydzial\/wpia\/wp-content\/uploads\/sites\/19\/Bez-kategorii\/warszawa-500x500.jpg)\">\r\n                    <span>wi\u0119cej<\/span>\r\n                <\/a>\r\n\r\n                <div class=\"article-loop-post__content\">\r\n                    <h3 class=\"article-loop-post__title\">\r\n                        <a href=\"https:\/\/us.edu.pl\/wydzial\/wpia\/2026\/04\/07\/zaproszenie-do-udzialu-w-eurocrim-2026\/\">Zaproszenie do udzia\u0142u w Eurocrim 2026<\/a>\r\n                    <\/h3>\r\n            \r\n                    <div class=\"article-loop-post__categories\">\r\n                        <a href=\"https:\/\/us.edu.pl\/wydzial\/wpia\/category\/ogolne\/\">Og\u00f3lne<\/a>\r\n                    <\/div>    \r\n                <\/div>\r\n            <\/article>\r\n        \r\n            <article class=\"article-loop-post carousel-slide\">\r\n                <a href=\"https:\/\/us.edu.pl\/wydzial\/wpia\/2026\/04\/07\/seminarium-pt-bezpieczenstwo-i-narazenie-zawodowe-lekarza-oraz-innych-zawodow-medycznych\/\" class=\"article-loop-post__thumbnail thumbnail\"\r\n                    style=\"background-image: url(https:\/\/us.edu.pl\/wydzial\/wpia\/wp-content\/uploads\/sites\/19\/Bez-kategorii\/miniatura-seminarium-prawo-medyczne-500x500.jpg)\">\r\n                    <span>wi\u0119cej<\/span>\r\n                <\/a>\r\n\r\n                <div class=\"article-loop-post__content\">\r\n                    <h3 class=\"article-loop-post__title\">\r\n                        <a href=\"https:\/\/us.edu.pl\/wydzial\/wpia\/2026\/04\/07\/seminarium-pt-bezpieczenstwo-i-narazenie-zawodowe-lekarza-oraz-innych-zawodow-medycznych\/\">Seminarium pt. \u201eBezpiecze\u0144stwo i nara\u017cenie zawodowe lekarza oraz innych zawod\u00f3w medycznych\u201d<\/a>\r\n                    <\/h3>\r\n            \r\n                    <div class=\"article-loop-post__categories\">\r\n                        <a href=\"https:\/\/us.edu.pl\/wydzial\/wpia\/category\/ogolne\/\">Og\u00f3lne<\/a>\r\n                    <\/div>    \r\n                <\/div>\r\n            <\/article>\r\n        \r\n            <article class=\"article-loop-post carousel-slide\">\r\n                <a href=\"https:\/\/us.edu.pl\/wydzial\/wpia\/2026\/04\/07\/zapisy-na-summer-camp-uokik-26\/\" class=\"article-loop-post__thumbnail thumbnail\"\r\n                    style=\"background-image: url(https:\/\/us.edu.pl\/wydzial\/wpia\/wp-content\/uploads\/sites\/19\/2026\/01\/Posty-FB-mniejszy-format-100-500x500.jpg)\">\r\n                    <span>wi\u0119cej<\/span>\r\n                <\/a>\r\n\r\n                <div class=\"article-loop-post__content\">\r\n                    <h3 class=\"article-loop-post__title\">\r\n                        <a href=\"https:\/\/us.edu.pl\/wydzial\/wpia\/2026\/04\/07\/zapisy-na-summer-camp-uokik-26\/\">Zapisy na Summer Camp UOKiK &#8217;26<\/a>\r\n                    <\/h3>\r\n            \r\n                    <div class=\"article-loop-post__categories\">\r\n                        <a href=\"https:\/\/us.edu.pl\/wydzial\/wpia\/category\/ogolne\/\">Og\u00f3lne<\/a>\r\n                    <\/div>    \r\n                <\/div>\r\n            <\/article>\r\n        \r\n            <article class=\"article-loop-post carousel-slide\">\r\n                <a href=\"https:\/\/us.edu.pl\/wydzial\/wpia\/2026\/03\/25\/zaproszenie-do-udzialu-w-inicatywie-science-momentum\/\" class=\"article-loop-post__thumbnail thumbnail\"\r\n                    style=\"background-image: url(https:\/\/us.edu.pl\/wydzial\/wpia\/wp-content\/uploads\/sites\/19\/Bez-kategorii\/fot_2-500x333.jpg)\">\r\n                    <span>wi\u0119cej<\/span>\r\n                <\/a>\r\n\r\n                <div class=\"article-loop-post__content\">\r\n                    <h3 class=\"article-loop-post__title\">\r\n                        <a href=\"https:\/\/us.edu.pl\/wydzial\/wpia\/2026\/03\/25\/zaproszenie-do-udzialu-w-inicatywie-science-momentum\/\">Zaproszenie do udzia\u0142u w inicatywie Science Momentum<\/a>\r\n                    <\/h3>\r\n            \r\n                    <div class=\"article-loop-post__categories\">\r\n                        <a href=\"https:\/\/us.edu.pl\/wydzial\/wpia\/category\/ogolne\/\">Og\u00f3lne<\/a>\r\n                    <\/div>    \r\n                <\/div>\r\n            <\/article>\r\n        \n\t\t\t\t\t\t\t\t<\/div>\n\t\t\t\t\t\t  <\/div>\n\t\t\t\t\t <\/div>\n\t\t\t\t\t <\/div>\n\t\t\t\t<\/div>\n                <div class=\"multimedia-loop loop-section color-blue \" style=\"background: \">\n                    <div class=\"container\">\n                        <div class=\"multimedia-loop-top loop-section-top\">\n                \n                            <h2 class=\"section-title\">Galeria wydarze\u0144<\/h2><div class=\"multimedia-loop-top__right loop-section-top__right\">\n                                <a href=\"https:\/\/us.edu.pl\/wydzial\/wpia\/multimedia\/\" class=\"link-button \">Wszystko<\/a>\n                            <\/div><\/div><div class=\"multimedia-loop-main\">    \r\n                <a href=\"https:\/\/us.edu.pl\/wydzial\/wpia\/multimedia\/spotkanie-z-mgr-bogumila-jastrzebska-kierownik-dzialu-swiadczen-rodzinnych-i-alimentacyjnych-w-mops-w-katowicach\/\" class=\"multimedia-loop-post thumbnail carousel-slide multimedia-loop-post_big\"\r\n                    style=\"background-image: url('https:\/\/us.edu.pl\/wydzial\/wpia\/wp-content\/uploads\/sites\/19\/Bez-kategorii\/20260331_171445-1-scaled-e1775131544166.jpg')\">\r\n\r\n                    <div class=\"multimedia-loop-post__main\">\r\n                        wi\u0119cej\r\n                    <\/div>\r\n\r\n                    <div class=\"multimedia-loop-post__bottom\">\r\n                        <div class=\"multimedia-loop-post__title\">Spotkanie z mgr Bogumi\u0142\u0105 Jastrz\u0119bsk\u0105 &#8211; Kierownik Dzia\u0142u \u015awiadcze\u0144 Rodzinnych i Alimentacyjnych w MOPS w Katowicach<\/div>\r\n                    <\/div>\r\n                <\/a>    <div class=\"multimedia-loop-main-posts\">        \r\n                <a href=\"https:\/\/us.edu.pl\/wydzial\/wpia\/multimedia\/guest-lectures-spotkania-z-prof-angelo-viglianisi-ferraro\/\" class=\"multimedia-loop-post thumbnail carousel-slide multimedia-loop-post_middle\"\r\n                    style=\"background-image: url('https:\/\/us.edu.pl\/wydzial\/wpia\/wp-content\/uploads\/sites\/19\/Bez-kategorii\/Guest-Lecture-25.02.2026-fot.-5-scaled.jpg')\">\r\n\r\n                    <div class=\"multimedia-loop-post__main\">\r\n                        wi\u0119cej\r\n                    <\/div>\r\n\r\n                    <div class=\"multimedia-loop-post__bottom\">\r\n                        <div class=\"multimedia-loop-post__title\">Guest Lectures- spotkania z prof. Angelo Viglianisi Ferraro<\/div>\r\n                    <\/div>\r\n                <\/a>\r\n                <a href=\"https:\/\/us.edu.pl\/wydzial\/wpia\/multimedia\/targi-praktyk-i-pracy-2026\/\" class=\"multimedia-loop-post thumbnail carousel-slide multimedia-loop-post_small\"\r\n                    style=\"background-image: url('https:\/\/us.edu.pl\/wydzial\/wpia\/wp-content\/uploads\/sites\/19\/Bez-kategorii\/IMG20260119095024-scaled.jpg')\">\r\n\r\n                    <div class=\"multimedia-loop-post__main\">\r\n                        wi\u0119cej\r\n                    <\/div>\r\n\r\n                    <div class=\"multimedia-loop-post__bottom\">\r\n                        <div class=\"multimedia-loop-post__title\">Targi Praktyk i Pracy 2026<\/div>\r\n                    <\/div>\r\n                <\/a>\r\n                <a href=\"https:\/\/us.edu.pl\/wydzial\/wpia\/multimedia\/spotkanie-z-piotrem-krzyzowskim\/\" class=\"multimedia-loop-post thumbnail carousel-slide multimedia-loop-post_small\"\r\n                    style=\"background-image: url('https:\/\/us.edu.pl\/wydzial\/wpia\/wp-content\/uploads\/sites\/19\/Bez-kategorii\/FOT_Matylda-Klos-125-scaled.jpg')\">\r\n\r\n                    <div class=\"multimedia-loop-post__main\">\r\n                        wi\u0119cej\r\n                    <\/div>\r\n\r\n                    <div class=\"multimedia-loop-post__bottom\">\r\n                        <div class=\"multimedia-loop-post__title\">Spotkanie z Piotrem Krzy\u017cowskim<\/div>\r\n                    <\/div>\r\n                <\/a>\r\n                <a href=\"https:\/\/us.edu.pl\/wydzial\/wpia\/multimedia\/najbardziej-swiateczny-pokoj-wpia\/\" class=\"multimedia-loop-post thumbnail carousel-slide multimedia-loop-post_middle\"\r\n                    style=\"background-image: url('https:\/\/us.edu.pl\/wydzial\/wpia\/wp-content\/uploads\/sites\/19\/Bez-kategorii\/14.png')\">\r\n\r\n                    <div class=\"multimedia-loop-post__main\">\r\n                        wi\u0119cej\r\n                    <\/div>\r\n\r\n                    <div class=\"multimedia-loop-post__bottom\">\r\n                        <div class=\"multimedia-loop-post__title\">Najbardziej \u015awi\u0105teczny Pok\u00f3j WPiA<\/div>\r\n                    <\/div>\r\n                <\/a>    <\/div><\/div><div  class=\"multimedia-loop-main multimedia-loop-main_mobile carousel\">\n                            <a href=\"#\"   data-slide=\"prev\" class=\"arrow\">\n                                <em class=\"ci ci-arrow-left\"><\/em>\n                                <span class=\"d-none\">arrow<\/span>\n                            <\/a>\n               \n                            <a href=\"#\"  data-slide=\"next\" class=\"arrow\">\n                                <em class=\"ci ci-arrow-right\"><\/em>\n                                <span class=\"d-none\">arrow<\/span>\n                            <\/a>\n                \n                            <div class=\"row items\">        \r\n                <a href=\"https:\/\/us.edu.pl\/wydzial\/wpia\/multimedia\/spotkanie-z-mgr-bogumila-jastrzebska-kierownik-dzialu-swiadczen-rodzinnych-i-alimentacyjnych-w-mops-w-katowicach\/\" class=\"multimedia-loop-post thumbnail carousel-slide multimedia-loop-post_big\"\r\n                    style=\"background-image: url('https:\/\/us.edu.pl\/wydzial\/wpia\/wp-content\/uploads\/sites\/19\/Bez-kategorii\/20260331_171445-1-scaled-e1775131544166.jpg')\">\r\n\r\n                    <div class=\"multimedia-loop-post__main\">\r\n                        wi\u0119cej\r\n                    <\/div>\r\n\r\n                    <div class=\"multimedia-loop-post__bottom\">\r\n                        <div class=\"multimedia-loop-post__title\">Spotkanie z mgr Bogumi\u0142\u0105 Jastrz\u0119bsk\u0105 &#8211; Kierownik Dzia\u0142u \u015awiadcze\u0144 Rodzinnych i Alimentacyjnych w MOPS w Katowicach<\/div>\r\n                    <\/div>\r\n                <\/a>\r\n                <a href=\"https:\/\/us.edu.pl\/wydzial\/wpia\/multimedia\/guest-lectures-spotkania-z-prof-angelo-viglianisi-ferraro\/\" class=\"multimedia-loop-post thumbnail carousel-slide multimedia-loop-post_middle\"\r\n                    style=\"background-image: url('https:\/\/us.edu.pl\/wydzial\/wpia\/wp-content\/uploads\/sites\/19\/Bez-kategorii\/Guest-Lecture-25.02.2026-fot.-5-scaled.jpg')\">\r\n\r\n                    <div class=\"multimedia-loop-post__main\">\r\n                        wi\u0119cej\r\n                    <\/div>\r\n\r\n                    <div class=\"multimedia-loop-post__bottom\">\r\n                        <div class=\"multimedia-loop-post__title\">Guest Lectures- spotkania z prof. Angelo Viglianisi Ferraro<\/div>\r\n                    <\/div>\r\n                <\/a>\r\n                <a href=\"https:\/\/us.edu.pl\/wydzial\/wpia\/multimedia\/targi-praktyk-i-pracy-2026\/\" class=\"multimedia-loop-post thumbnail carousel-slide multimedia-loop-post_small\"\r\n                    style=\"background-image: url('https:\/\/us.edu.pl\/wydzial\/wpia\/wp-content\/uploads\/sites\/19\/Bez-kategorii\/IMG20260119095024-scaled.jpg')\">\r\n\r\n                    <div class=\"multimedia-loop-post__main\">\r\n                        wi\u0119cej\r\n                    <\/div>\r\n\r\n                    <div class=\"multimedia-loop-post__bottom\">\r\n                        <div class=\"multimedia-loop-post__title\">Targi Praktyk i Pracy 2026<\/div>\r\n                    <\/div>\r\n                <\/a>\r\n                <a href=\"https:\/\/us.edu.pl\/wydzial\/wpia\/multimedia\/spotkanie-z-piotrem-krzyzowskim\/\" class=\"multimedia-loop-post thumbnail carousel-slide multimedia-loop-post_small\"\r\n                    style=\"background-image: url('https:\/\/us.edu.pl\/wydzial\/wpia\/wp-content\/uploads\/sites\/19\/Bez-kategorii\/FOT_Matylda-Klos-125-scaled.jpg')\">\r\n\r\n                    <div class=\"multimedia-loop-post__main\">\r\n                        wi\u0119cej\r\n                    <\/div>\r\n\r\n                    <div class=\"multimedia-loop-post__bottom\">\r\n                        <div class=\"multimedia-loop-post__title\">Spotkanie z Piotrem Krzy\u017cowskim<\/div>\r\n                    <\/div>\r\n                <\/a>\r\n                <a href=\"https:\/\/us.edu.pl\/wydzial\/wpia\/multimedia\/najbardziej-swiateczny-pokoj-wpia\/\" class=\"multimedia-loop-post thumbnail carousel-slide multimedia-loop-post_middle\"\r\n                    style=\"background-image: url('https:\/\/us.edu.pl\/wydzial\/wpia\/wp-content\/uploads\/sites\/19\/Bez-kategorii\/14.png')\">\r\n\r\n                    <div class=\"multimedia-loop-post__main\">\r\n                        wi\u0119cej\r\n                    <\/div>\r\n\r\n                    <div class=\"multimedia-loop-post__bottom\">\r\n                        <div class=\"multimedia-loop-post__title\">Najbardziej \u015awi\u0105teczny Pok\u00f3j WPiA<\/div>\r\n                    <\/div>\r\n                <\/a>    <\/div><\/div>\n                    <\/div>\n                <\/div>\r\n                <div class=\"title-with-link color-blue\" style=\"background: #EBEBEB\">\r\n                    <div class=\"container\">\r\n                        <div class=\"title-with-link-container \">\r\n                            <div class=\"title-with-link__title\"><span>RODO<\/span><\/div>\r\n                            <a href=\"https:\/\/us.edu.pl\/ochrona-danych-osobowych\/klauzule-rodo\/\" class=\"title-with-link__link\">Klauzule RODO<\/a>\r\n                        <\/div>\r\n                    <\/div>\r\n                <\/div>\r\n            \r\n                <div class='logos'>\r\n                    <div class='container'>\r\n                        <h3 class='page-title'><\/h3>\r\n                        <div class='logos-blocks bg-blue'> \r\n               \r\n                            \r\n                        <a href=\"https:\/\/www.ciniba.edu.pl\/\" title=\"biblioteka\"\r\n                         class=\"logos-blocks__item carousel-slide\">\r\n                            <div class=\"logos-blocks__img\">\r\n                                <img src=\"https:\/\/us.edu.pl\/wydzial\/wpia\/wp-content\/uploads\/sites\/19\/Nieprzypisane\/ksi\u0105\u017cka.png\" alt=\"biblioteka\">\r\n                            <\/div>\r\n                            <span>biblioteka<\/span>\r\n                        <\/a>\r\n                        <a href=\"https:\/\/www.wydawnictwo.us.edu.pl\/\" title=\"wydawnictwo\"\r\n                         class=\"logos-blocks__item carousel-slide\">\r\n                            <div class=\"logos-blocks__img\">\r\n                                <img src=\"https:\/\/us.edu.pl\/wydzial\/wpia\/wp-content\/uploads\/sites\/19\/2019\/10\/wydawnictwo.png\" alt=\"wydawnictwo\">\r\n                            <\/div>\r\n                            <span>wydawnictwo<\/span>\r\n                        <\/a>\r\n                        <a href=\"http:\/\/www.przystaneknauka.us.edu.pl\/\" title=\"Przystanek Nauka\"\r\n                         class=\"logos-blocks__item carousel-slide\">\r\n                            <div class=\"logos-blocks__img\">\r\n                                <img src=\"https:\/\/us.edu.pl\/wydzial\/wpia\/wp-content\/uploads\/sites\/19\/Nieprzypisane\/spaghetti.png\" alt=\"Przystanek Nauka\">\r\n                            <\/div>\r\n                            <span>Przystanek Nauka<\/span>\r\n                        <\/a>\r\n                        <a href=\"https:\/\/www.slaskifestiwalnauki.pl\/\" title=\"\u015al\u0105ski Festiwal Nauki Katowice\"\r\n                         class=\"logos-blocks__item carousel-slide\">\r\n                            <div class=\"logos-blocks__img\">\r\n                                <img src=\"https:\/\/us.edu.pl\/wydzial\/wpia\/wp-content\/uploads\/sites\/19\/Nieprzypisane\/\u015bfn.png\" alt=\"\u015al\u0105ski Festiwal Nauki Katowice\">\r\n                            <\/div>\r\n                            <span>\u015al\u0105ski Festiwal Nauki Katowice<\/span>\r\n                        <\/a>\r\n                        <a href=\"https:\/\/www.mas4ai.eu\/\" title=\"MAS4AI\"\r\n                         class=\"logos-blocks__item carousel-slide\">\r\n                            <div class=\"logos-blocks__img\">\r\n                                <img src=\"https:\/\/us.edu.pl\/wydzial\/wpia\/wp-content\/uploads\/sites\/19\/Strona-glowna\/ikony\/mas4ai2.png\" alt=\"MAS4AI\">\r\n                            <\/div>\r\n                            <span>MAS4AI<\/span>\r\n                        <\/a>\r\n                        <a href=\"https:\/\/us.edu.pl\/media-akademickie\/\" title=\"media akademickie\"\r\n                         class=\"logos-blocks__item carousel-slide\">\r\n                            <div class=\"logos-blocks__img\">\r\n                                <img src=\"https:\/\/us.edu.pl\/wydzial\/wpia\/wp-content\/uploads\/sites\/19\/Nieprzypisane\/ksi\u0105\u017cka.png\" alt=\"media akademickie\">\r\n                            <\/div>\r\n                            <span>media akademickie<\/span>\r\n                        <\/a>\r\n                        <a href=\"\/wydzial\/wpia\/o-wydziale\/galeria\/\" title=\"galeria\"\r\n                         class=\"logos-blocks__item carousel-slide\">\r\n                            <div class=\"logos-blocks__img\">\r\n                                <img src=\"https:\/\/us.edu.pl\/wydzial\/wpia\/wp-content\/uploads\/sites\/19\/2019\/10\/wydawnictwo.png\" alt=\"galeria\">\r\n                            <\/div>\r\n                            <span>galeria<\/span>\r\n                        <\/a> \r\n                           \r\n                        <\/div>\r\n                    <\/div>\r\n                <\/div>[\/vc_column][\/vc_row]<\/p>","protected":false},"excerpt":{"rendered":"<p>[vc_row][vc_column][\/vc_column][\/vc_row][vc_row disable_element=&#8221;yes&#8221; el_class=&#8221;rekrutacja&#8221;][vc_column][\/vc_column][\/vc_row][vc_row][vc_column][\/vc_column][\/vc_row][vc_row][vc_column][\/vc_column][\/vc_row][vc_row][vc_column][\/vc_column][\/vc_row][vc_row][vc_column][\/vc_column][\/vc_row][vc_row][vc_column][\/vc_column][\/vc_row][vc_row][vc_column][\/vc_column][\/vc_row] [&#8230;]<\/p>\n<p><a class=\"btn btn-secondary understrap-read-more-link\" href=\"https:\/\/us.edu.pl\/wydzial\/wpia\/2025\/12\/05\/english-malgorzata-myl-chojnacka-phd-participates-in-charles-e-scheidt-faculty-fellows-program\/\">Read More&#8230;<\/a><\/p>\n","protected":false},"author":1,"featured_media":0,"parent":0,"menu_order":0,"comment_status":"closed","ping_status":"closed","template":"page-templates\/index-template.php","meta":{"_expiration-date-status":"","_expiration-date":0,"_expiration-date-type":"","_expiration-date-categories":[],"_expiration-date-options":[]},"acf":[],"_links":{"self":[{"href":"https:\/\/us.edu.pl\/wydzial\/wpia\/wp-json\/wp\/v2\/pages\/103"}],"collection":[{"href":"https:\/\/us.edu.pl\/wydzial\/wpia\/wp-json\/wp\/v2\/pages"}],"about":[{"href":"https:\/\/us.edu.pl\/wydzial\/wpia\/wp-json\/wp\/v2\/types\/page"}],"author":[{"embeddable":true,"href":"https:\/\/us.edu.pl\/wydzial\/wpia\/wp-json\/wp\/v2\/users\/1"}],"replies":[{"embeddable":true,"href":"https:\/\/us.edu.pl\/wydzial\/wpia\/wp-json\/wp\/v2\/comments?post=103"}],"version-history":[{"count":12,"href":"https:\/\/us.edu.pl\/wydzial\/wpia\/wp-json\/wp\/v2\/pages\/103\/revisions"}],"predecessor-version":[{"id":197567,"href":"https:\/\/us.edu.pl\/wydzial\/wpia\/wp-json\/wp\/v2\/pages\/103\/revisions\/197567"}],"wp:attachment":[{"href":"https:\/\/us.edu.pl\/wydzial\/wpia\/wp-json\/wp\/v2\/media?parent=103"}],"curies":[{"name":"wp","href":"https:\/\/api.w.org\/{rel}","templated":true}]}}