{"id":162602,"date":"2023-03-23T12:38:54","date_gmt":"2023-03-23T11:38:54","guid":{"rendered":"https:\/\/us.edu.pl\/wydzial\/wpia\/?page_id=162602"},"modified":"2024-11-15T13:26:17","modified_gmt":"2024-11-15T12:26:17","slug":"fundacja-wydzialu-prawa-i-administracji-uniwersytetu-slaskiego-facultas-iuridica","status":"publish","type":"page","link":"https:\/\/us.edu.pl\/wydzial\/wpia\/fundacja-wydzialu-prawa-i-administracji-uniwersytetu-slaskiego-facultas-iuridica\/","title":{"rendered":"Fundacja Wydzia\u0142u Prawa i Administracji Uniwersytetu \u015al\u0105skiego Facultas Iuridica"},"content":{"rendered":"<p>[vc_row][vc_column][vc_column_text][\/vc_column_text][\/vc_column][\/vc_row][vc_row][vc_column]\r\n                <div class=\"text-modules\">\r\n                    <div class=\"container\">\r\n                        \r\n                        <div class=\"text-modules__content\"><p><strong><img class=\"alignnone wp-image-174060 size-medium\" src=\"https:\/\/us.edu.pl\/wydzial\/wpia\/wp-content\/uploads\/sites\/19\/Fundacja\/logofun-min.png-500x140.png\" alt=\"\" width=\"500\" height=\"140\" srcset=\"https:\/\/us.edu.pl\/wydzial\/wpia\/wp-content\/uploads\/sites\/19\/Fundacja\/logofun-min.png-500x140.png 500w, https:\/\/us.edu.pl\/wydzial\/wpia\/wp-content\/uploads\/sites\/19\/Fundacja\/logofun-min.png-1024x286.png 1024w, https:\/\/us.edu.pl\/wydzial\/wpia\/wp-content\/uploads\/sites\/19\/Fundacja\/logofun-min.png-768x215.png 768w, https:\/\/us.edu.pl\/wydzial\/wpia\/wp-content\/uploads\/sites\/19\/Fundacja\/logofun-min.png-575x161.png 575w, https:\/\/us.edu.pl\/wydzial\/wpia\/wp-content\/uploads\/sites\/19\/Fundacja\/logofun-min.png.png 1328w\" sizes=\"(max-width: 500px) 100vw, 500px\" \/><\/strong><\/p>\n<p><strong>O Fundacji:<\/strong><\/p>\n<p>Fundacja Wydzia\u0142u Prawa i\u00a0Administracji Uniwersytetu \u015al\u0105skiego \u201eFacultas Iuridica\u201d zosta\u0142a za\u0142o\u017cona dla wspierania Wydzia\u0142u i\u00a0krzewienia wiedzy o\u00a0prawie.<\/p>\n<p>Za\u0142o\u017cycielami a\u00a0zarazem fundatorami Fundacji s\u0105 pracownicy naukowi i\u00a0dydaktyczni oraz\u00a0przyjaciele Wydzia\u0142u.<\/p>\n<p>&nbsp;<\/p>\n<p><strong>W\u0142adze fundacji:<\/strong><\/p>\n<p>Fundacj\u0105 kieruje wybierany przez Rad\u0119 Fundacji Zarz\u0105d.<\/p>\n<p><strong><em>Sk\u0142ad Zarz\u0105du:<\/em><\/strong><\/p>\n<table style=\"width: 85%; height: 90px;\" width=\"85%\">\n<tbody>\n<tr style=\"height: 18px;\">\n<td style=\"height: 18px;\" width=\"325\">Dr hab. Witold Kurowski prof. U\u015a<\/td>\n<td style=\"height: 18px;\" width=\"189\">Prezes Zarz\u0105du<\/td>\n<\/tr>\n<tr style=\"height: 18px;\">\n<td style=\"height: 18px;\" width=\"325\">Prof. dr\u00a0hab. U\u015a Piotr Pinior<\/td>\n<td style=\"height: 18px;\" width=\"189\">Wiceprezes Zarz\u0105du<\/td>\n<\/tr>\n<tr style=\"height: 18px;\">\n<td style=\"height: 18px;\" width=\"325\">Dr\u00a0hab. Olga Sitarz\u00a0 prof. U\u015a<\/td>\n<td style=\"height: 18px;\" width=\"189\">Wiceprezeska Zarz\u0105du<\/td>\n<\/tr>\n<tr style=\"height: 18px;\">\n<td style=\"height: 18px;\">dr Anna Bicz-Kordonets<\/td>\n<td style=\"height: 18px;\">Wiceprezeska Zarz\u0105du<\/td>\n<\/tr>\n<\/tbody>\n<\/table>\n<p>&nbsp;<\/p>\n<p>Nad\u00a0dzia\u0142alno\u015bci\u0105 Fundacji nadz\u00f3r sprawuje Komisja Rewizyjna oraz\u00a0Rada Fundacji, w\u00a0sk\u0142ad kt\u00f3rej\u00a0wchodz\u0105 cz\u0142onkowie Rady Instytutu Prawa Wydzia\u0142u Prawa i\u00a0Administracji Uniwersytetu \u015al\u0105skiego w\u00a0Katowicach.<\/p>\n<p>Dzia\u0142alno\u015b\u0107 statutowa:<\/p>\n<p>&nbsp;<\/p>\n<p>Nagroda im. Prof. Waleriana Pa\u0144ki dla najlepszego absolwenta WPiA U\u015a<\/p>\n<p>&nbsp;<\/p>\n<p>Wsparcie finansowe i organizacyjne dla inicjatyw dydaktycznych i naukowych:<\/p>\n<p>&#8211; ponad 100 dofinansowanych publikacji naukowych<\/p>\n<p>&#8211; ponad 200 wsp\u00f3\u0142organizowanych\u00a0 kongres\u00f3w, konferencji naukowych i innych wydarze\u0144<\/p>\n<p><a href=\"https:\/\/us.edu.pl\/wydzial\/wpia\/wp-content\/uploads\/sites\/19\/Fundacja\/Regulamin-wspierania-projektow-przez-Fundacje-WPiA-Facultas-Iuridica.docx\" class=\"mtli_attachment mtli_docx\" data-mtli=\"mtli_filesize20,42kB\" class=\"mtli_attachment mtli_docx\" data-mtli=\"mtli_filesize20,42kB\">Regulamin wspierania projekt\u00f3w przez Fundacj\u0119 WPiA Facultas Iuridica<\/a><\/p>\n<p>&nbsp;<\/p>\n<p>Sprawozdania merytoryczne z prowadzonej dzia\u0142alno\u015bci<\/p>\n<p>Za\u0142\u0105czniki:<\/p>\n<p><a href=\"https:\/\/us.edu.pl\/wydzial\/wpia\/wp-content\/uploads\/sites\/19\/Fundacja\/sprawozdanie-2018-.pdf\" class=\"mtli_attachment mtli_pdf\" data-mtli=\"mtli_filesize204,55kB\" class=\"mtli_attachment mtli_pdf\" data-mtli=\"mtli_filesize204,55kB\">sprawozdanie za 2018<\/a><\/p>\n<p><a href=\"https:\/\/us.edu.pl\/wydzial\/wpia\/wp-content\/uploads\/sites\/19\/Fundacja\/sprawozdanie-2019.pdf\" class=\"mtli_attachment mtli_pdf\" data-mtli=\"mtli_filesize204,81kB\" class=\"mtli_attachment mtli_pdf\" data-mtli=\"mtli_filesize204,81kB\">sprawozdanie za 2019<\/a><\/p>\n<p><a href=\"https:\/\/us.edu.pl\/wydzial\/wpia\/wp-content\/uploads\/sites\/19\/Fundacja\/sprawozdanie-za-2020.pdf\" class=\"mtli_attachment mtli_pdf\" data-mtli=\"mtli_filesize1,08MB\" class=\"mtli_attachment mtli_pdf\" data-mtli=\"mtli_filesize1,08MB\">sprawozdanie za 2020<\/a><\/p>\n<p><a href=\"https:\/\/us.edu.pl\/wydzial\/wpia\/wp-content\/uploads\/sites\/19\/Fundacja\/Sprawozdanie-z-dzialalnosci-2021.pdf\" class=\"mtli_attachment mtli_pdf\" data-mtli=\"mtli_filesize977,66kB\" class=\"mtli_attachment mtli_pdf\" data-mtli=\"mtli_filesize977,66kB\">sprawozdanie za 2021<\/a><\/p>\n<p><a href=\"https:\/\/us.edu.pl\/wydzial\/wpia\/wp-content\/uploads\/sites\/19\/Fundacja\/Sprawozdanie-merytoryczne-2022.pdf\" class=\"mtli_attachment mtli_pdf\" data-mtli=\"mtli_filesize631,50kB\" class=\"mtli_attachment mtli_pdf\" data-mtli=\"mtli_filesize631,50kB\">sprawozdanie za 2022<\/a><\/p>\n<style type=\"text\/css\">a[data-mtli~=\"mtli_filesize20,42kB\"]:after {content:\" (20,42 kB)\"}a[data-mtli~=\"mtli_filesize204,55kB\"]:after {content:\" (204,55 kB)\"}a[data-mtli~=\"mtli_filesize204,81kB\"]:after {content:\" (204,81 kB)\"}a[data-mtli~=\"mtli_filesize1,08MB\"]:after {content:\" (1,08 MB)\"}a[data-mtli~=\"mtli_filesize977,66kB\"]:after {content:\" (977,66 kB)\"}a[data-mtli~=\"mtli_filesize631,50kB\"]:after {content:\" (631,50 kB)\"}<\/style><\/div>\r\n                    <\/div>\r\n                <\/div>[\/vc_column][\/vc_row][vc_row][vc_column][vc_column_text][\/vc_column_text][\/vc_column][\/vc_row]<\/p>\n<style type=\"text\/css\">a[data-mtli~=\"mtli_filesize20,42kB\"]:after {content:\" (20,42 kB)\"}a[data-mtli~=\"mtli_filesize204,55kB\"]:after {content:\" (204,55 kB)\"}a[data-mtli~=\"mtli_filesize204,81kB\"]:after {content:\" (204,81 kB)\"}a[data-mtli~=\"mtli_filesize1,08MB\"]:after {content:\" (1,08 MB)\"}a[data-mtli~=\"mtli_filesize977,66kB\"]:after {content:\" (977,66 kB)\"}a[data-mtli~=\"mtli_filesize631,50kB\"]:after {content:\" (631,50 kB)\"}<\/style>","protected":false},"excerpt":{"rendered":"<p>[vc_row][vc_column][vc_column_text][\/vc_column_text][\/vc_column][\/vc_row][vc_row][vc_column][\/vc_column][\/vc_row][vc_row][vc_column][vc_column_text][\/vc_column_text][\/vc_column][\/vc_row] [&#8230;]<\/p>\n<p><a class=\"btn btn-secondary understrap-read-more-link\" href=\"https:\/\/us.edu.pl\/wydzial\/wpia\/fundacja-wydzialu-prawa-i-administracji-uniwersytetu-slaskiego-facultas-iuridica\/\">Read More&#8230;<\/a><\/p>\n","protected":false},"author":107,"featured_media":0,"parent":0,"menu_order":0,"comment_status":"closed","ping_status":"closed","template":"page-templates\/page-with-bookmarks.php","meta":{"_expiration-date-status":"","_expiration-date":0,"_expiration-date-type":"","_expiration-date-categories":[],"_expiration-date-options":[]},"acf":[],"_links":{"self":[{"href":"https:\/\/us.edu.pl\/wydzial\/wpia\/wp-json\/wp\/v2\/pages\/162602"}],"collection":[{"href":"https:\/\/us.edu.pl\/wydzial\/wpia\/wp-json\/wp\/v2\/pages"}],"about":[{"href":"https:\/\/us.edu.pl\/wydzial\/wpia\/wp-json\/wp\/v2\/types\/page"}],"author":[{"embeddable":true,"href":"https:\/\/us.edu.pl\/wydzial\/wpia\/wp-json\/wp\/v2\/users\/107"}],"replies":[{"embeddable":true,"href":"https:\/\/us.edu.pl\/wydzial\/wpia\/wp-json\/wp\/v2\/comments?post=162602"}],"version-history":[{"count":10,"href":"https:\/\/us.edu.pl\/wydzial\/wpia\/wp-json\/wp\/v2\/pages\/162602\/revisions"}],"predecessor-version":[{"id":176808,"href":"https:\/\/us.edu.pl\/wydzial\/wpia\/wp-json\/wp\/v2\/pages\/162602\/revisions\/176808"}],"wp:attachment":[{"href":"https:\/\/us.edu.pl\/wydzial\/wpia\/wp-json\/wp\/v2\/media?parent=162602"}],"curies":[{"name":"wp","href":"https:\/\/api.w.org\/{rel}","templated":true}]}}