{"id":163433,"date":"2023-04-19T11:29:14","date_gmt":"2023-04-19T09:29:14","guid":{"rendered":"https:\/\/us.edu.pl\/wydzial\/wpia\/?page_id=163433"},"modified":"2023-04-24T12:33:52","modified_gmt":"2023-04-24T10:33:52","slug":"najnowsze-publikacje","status":"publish","type":"page","link":"https:\/\/us.edu.pl\/wydzial\/wpia\/nauka\/najnowsze-publikacje\/","title":{"rendered":"Najnowsze publikacje"},"content":{"rendered":"<p>[vc_row][vc_column]\n\t\t\t\t<input type=\"hidden\" name=\"promoted_only\" value=\"\">\n\t\t\t\t<input type=\"hidden\" name=\"order\" value=\"ASC\">\n\t\t\t\t<input type=\"hidden\" name=\"order_by\" value=\"post_date\">\n\n\t\t\t\t<div class=\"article-loop loop-section article-loop_tall color-blue\" style=\"background: \">\n\t\t\t\t\t <div class=\"container \">\n\t\t\t\t\t \t<div class=\"col-12 article-loop-gutter-left\">\n\t\t\t\t\t\t  <div class=\"article-loop-top loop-section-top\">\n\t\t\t\t\t\t\t\t<h2 class=\"section-title\">Najnowsze publikacje<\/h2><div class=\"article-loop-top_right loop-section-top__right\" >    <a href = \"https:\/\/us.edu.pl\/wydzial\/wpia\/wszystko?title=Najnowsze+publikacje&order=ASC&order_by=post_date&categories%5B0%5D=19-74\" class=\"link-button \" > Wszystko<\/a><\/div>  \n\t\t\t\t\t\t  <\/div>\n\t\t\t\t\t\t  <div class=\"article-loop-main carousel\" data-home-url=\"https:\/\/us.edu.pl\/wydzial\/wpia\" >\n\t\t\t\t\t\t\t\t<a href = \"#\" data-slide = \"prev\" title=\"przesu\u0144 pasek Najnowsze publikacjew lewo\" class=\"arrow\" >\n\t\t\t\t\t\t\t\t\t <em class=\"ci ci-arrow-left\" ><\/em >\n\t\t\t\t\t\t\t\t\t <span class=\"d-none\" > arrow<\/span >\n\t\t\t\t\t\t\t\t<\/a>\n\t \n\t\t\t\t\t\t\t\t<a href = \"#\" data-slide = \"next\" title=\"przesu\u0144 pasek Najnowsze publikacje w prawo\" class=\"arrow\" >\n\t\t\t\t\t\t\t\t\t <em class=\"ci ci-arrow-right\" ><\/em >\n\t\t\t\t\t\t\t\t\t <span class=\"d-none\" > arrow<\/span >\n\t\t\t\t\t\t\t\t<\/a>\n\t\t\t\t\t\t\t\t<div class=\"row items\" >\n\t\t\t\t\t\t\t\t\t \r\n            <article class=\"article-loop-post carousel-slide\">\r\n                <a href=\"https:\/\/us.edu.pl\/wydzial\/wpia\/2023\/04\/19\/contemporary-themes-in-law-and-biolaw-efekty-wspolpracy-z-uniwersytetem-w-sao-paulo\/\" class=\"article-loop-post__thumbnail thumbnail\"\r\n                    style=\"background-image: url(https:\/\/us.edu.pl\/wydzial\/wpia\/wp-content\/uploads\/sites\/19\/sukcesy\/dr-hab.-Marlena-Jankowska-prof.-US-1-500x500.png)\">\r\n                    <span>wi\u0119cej<\/span>\r\n                <\/a>\r\n\r\n                <div class=\"article-loop-post__content\">\r\n                    <h3 class=\"article-loop-post__title\">\r\n                        <a href=\"https:\/\/us.edu.pl\/wydzial\/wpia\/2023\/04\/19\/contemporary-themes-in-law-and-biolaw-efekty-wspolpracy-z-uniwersytetem-w-sao-paulo\/\">[Rozdzia\u0142] Contemporary Themes in Law and Biolaw \u2013 efekty wsp\u00f3\u0142pracy z uniwersytetem w S\u00e3o Paulo<\/a>\r\n                    <\/h3>\r\n            \r\n                    <div class=\"article-loop-post__categories\">\r\n                        <a href=\"https:\/\/us.edu.pl\/wydzial\/wpia\/category\/publikacje\/\">Publikacje<\/a>\r\n                    <\/div>    \r\n                <\/div>\r\n            <\/article>\r\n        \r\n            <article class=\"article-loop-post carousel-slide\">\r\n                <a href=\"https:\/\/us.edu.pl\/wydzial\/wpia\/2023\/04\/22\/grzegorz-nancka-podkomisja-prawa-spadkowego-komisji-kodyfikacyjnej-rzeczypospolitej-polskiej-materialy-z-prac-w-1938-roku-edycja-zrodlowa\/\" class=\"article-loop-post__thumbnail thumbnail\"\r\n                    style=\"background-image: url(https:\/\/us.edu.pl\/wydzial\/wpia\/wp-content\/uploads\/sites\/19\/Bez-kategorii\/Projekt-bez-tytulu-1-1-500x375.png)\">\r\n                    <span>wi\u0119cej<\/span>\r\n                <\/a>\r\n\r\n                <div class=\"article-loop-post__content\">\r\n                    <h3 class=\"article-loop-post__title\">\r\n                        <a href=\"https:\/\/us.edu.pl\/wydzial\/wpia\/2023\/04\/22\/grzegorz-nancka-podkomisja-prawa-spadkowego-komisji-kodyfikacyjnej-rzeczypospolitej-polskiej-materialy-z-prac-w-1938-roku-edycja-zrodlowa\/\">[Monografia] Grzegorz Nancka: Podkomisja Prawa Spadkowego Komisji Kodyfikacyjnej Rzeczypospolitej Polskiej. Materia\u0142y z prac w 1938 roku. Edycja \u017ar\u00f3d\u0142owa.<\/a>\r\n                    <\/h3>\r\n            \r\n                    <div class=\"article-loop-post__categories\">\r\n                        <a href=\"https:\/\/us.edu.pl\/wydzial\/wpia\/category\/publikacje\/\">Publikacje<\/a>\r\n                    <\/div>    \r\n                <\/div>\r\n            <\/article>\r\n        \r\n            <article class=\"article-loop-post carousel-slide\">\r\n                <a href=\"https:\/\/us.edu.pl\/wydzial\/wpia\/2023\/04\/22\/tomasz-pietrzykowski-foundations-of-animal-law-concepts-principles-dilemmas\/\" class=\"article-loop-post__thumbnail thumbnail\"\r\n                    style=\"background-image: url(https:\/\/us.edu.pl\/wydzial\/wpia\/wp-content\/uploads\/sites\/19\/Bez-kategorii\/Projekt-bez-tytulu-5-500x375.png)\">\r\n                    <span>wi\u0119cej<\/span>\r\n                <\/a>\r\n\r\n                <div class=\"article-loop-post__content\">\r\n                    <h3 class=\"article-loop-post__title\">\r\n                        <a href=\"https:\/\/us.edu.pl\/wydzial\/wpia\/2023\/04\/22\/tomasz-pietrzykowski-foundations-of-animal-law-concepts-principles-dilemmas\/\">[Monografia] Tomasz Pietrzykowski: Foundations of Animal Law. Concepts \u2013 Principles \u2013 Dilemmas<\/a>\r\n                    <\/h3>\r\n            \r\n                    <div class=\"article-loop-post__categories\">\r\n                        <a href=\"https:\/\/us.edu.pl\/wydzial\/wpia\/category\/publikacje\/\">Publikacje<\/a>\r\n                    <\/div>    \r\n                <\/div>\r\n            <\/article>\r\n        \r\n            <article class=\"article-loop-post carousel-slide\">\r\n                <a href=\"https:\/\/us.edu.pl\/wydzial\/wpia\/2023\/04\/22\/michal-grudecki-ghostwriting-i-guest-authorship-analiza-prawnokarna\/\" class=\"article-loop-post__thumbnail thumbnail\"\r\n                    style=\"background-image: url(https:\/\/us.edu.pl\/wydzial\/wpia\/wp-content\/uploads\/sites\/19\/Bez-kategorii\/Projekt-bez-tytulu-6-500x375.png)\">\r\n                    <span>wi\u0119cej<\/span>\r\n                <\/a>\r\n\r\n                <div class=\"article-loop-post__content\">\r\n                    <h3 class=\"article-loop-post__title\">\r\n                        <a href=\"https:\/\/us.edu.pl\/wydzial\/wpia\/2023\/04\/22\/michal-grudecki-ghostwriting-i-guest-authorship-analiza-prawnokarna\/\">[Monografia] Micha\u0142 Grudecki: Ghostwriting i guest authorship. Analiza prawnokarna.<\/a>\r\n                    <\/h3>\r\n            \r\n                    <div class=\"article-loop-post__categories\">\r\n                        <a href=\"https:\/\/us.edu.pl\/wydzial\/wpia\/category\/publikacje\/\">Publikacje<\/a>\r\n                    <\/div>    \r\n                <\/div>\r\n            <\/article>\r\n        \r\n            <article class=\"article-loop-post carousel-slide\">\r\n                <a href=\"https:\/\/us.edu.pl\/wydzial\/wpia\/2023\/04\/22\/artykul-jacek-gorecki-daniela-wybranczyk-radca-prawny-a-ustawa-o-ochronie-osob-zglaszajacych-naruszenia-prawa\/\" class=\"article-loop-post__thumbnail thumbnail\"\r\n                    style=\"background-image: url(https:\/\/us.edu.pl\/wydzial\/wpia\/wp-content\/uploads\/sites\/19\/Bez-kategorii\/Radca-Prawny-500x387.png)\">\r\n                    <span>wi\u0119cej<\/span>\r\n                <\/a>\r\n\r\n                <div class=\"article-loop-post__content\">\r\n                    <h3 class=\"article-loop-post__title\">\r\n                        <a href=\"https:\/\/us.edu.pl\/wydzial\/wpia\/2023\/04\/22\/artykul-jacek-gorecki-daniela-wybranczyk-radca-prawny-a-ustawa-o-ochronie-osob-zglaszajacych-naruszenia-prawa\/\">[Artyku\u0142] Jacek G\u00f3recki, Daniela Wybra\u0144czyk: Radca prawny a ustawa o ochronie os\u00f3b zg\u0142aszaj\u0105cych naruszenia prawa<\/a>\r\n                    <\/h3>\r\n            \r\n                    <div class=\"article-loop-post__categories\">\r\n                        <a href=\"https:\/\/us.edu.pl\/wydzial\/wpia\/category\/publikacje\/\">Publikacje<\/a>\r\n                    <\/div>    \r\n                <\/div>\r\n            <\/article>\r\n        \r\n            <article class=\"article-loop-post carousel-slide\">\r\n                <a href=\"https:\/\/us.edu.pl\/wydzial\/wpia\/2023\/05\/07\/monografia-grzegorz-laszczyca-pojecie-strony-w-ogolnym-postepowaniu-administracyjnym\/\" class=\"article-loop-post__thumbnail thumbnail\"\r\n                    style=\"background-image: url(https:\/\/us.edu.pl\/wydzial\/wpia\/wp-content\/themes\/uniwersytet-slaski\/img\/post\/default.jpg)\">\r\n                    <span>wi\u0119cej<\/span>\r\n                <\/a>\r\n\r\n                <div class=\"article-loop-post__content\">\r\n                    <h3 class=\"article-loop-post__title\">\r\n                        <a href=\"https:\/\/us.edu.pl\/wydzial\/wpia\/2023\/05\/07\/monografia-grzegorz-laszczyca-pojecie-strony-w-ogolnym-postepowaniu-administracyjnym\/\">[Monografia] Grzegorz \u0141aszczyca: Poj\u0119cie strony w og\u00f3lnym post\u0119powaniu administracyjnym<\/a>\r\n                    <\/h3>\r\n            \r\n                    <div class=\"article-loop-post__categories\">\r\n                        <a href=\"https:\/\/us.edu.pl\/wydzial\/wpia\/category\/publikacje\/\">Publikacje<\/a>\r\n                    <\/div>    \r\n                <\/div>\r\n            <\/article>\r\n        \r\n            <article class=\"article-loop-post carousel-slide\">\r\n                <a href=\"https:\/\/us.edu.pl\/wydzial\/wpia\/2023\/10\/20\/podrecznik-leszek-wilk-jaroslaw-zagrodnik-prawo-i-proces-karny-skarbowy\/\" class=\"article-loop-post__thumbnail thumbnail\"\r\n                    style=\"background-image: url(https:\/\/us.edu.pl\/wydzial\/wpia\/wp-content\/uploads\/sites\/19\/Bez-kategorii\/21647-prawo-i-proces-karny-skarbowy-leszek-wilk-313x500.webp)\">\r\n                    <span>wi\u0119cej<\/span>\r\n                <\/a>\r\n\r\n                <div class=\"article-loop-post__content\">\r\n                    <h3 class=\"article-loop-post__title\">\r\n                        <a href=\"https:\/\/us.edu.pl\/wydzial\/wpia\/2023\/10\/20\/podrecznik-leszek-wilk-jaroslaw-zagrodnik-prawo-i-proces-karny-skarbowy\/\">[Podr\u0119cznik] Leszek Wilk, Jaros\u0142aw Zagrodnik: Prawo i proces karny skarbowy<\/a>\r\n                    <\/h3>\r\n            \r\n                    <div class=\"article-loop-post__categories\">\r\n                        <a href=\"https:\/\/us.edu.pl\/wydzial\/wpia\/category\/publikacje\/\">Publikacje<\/a>\r\n                    <\/div>    \r\n                <\/div>\r\n            <\/article>\r\n        \r\n            <article class=\"article-loop-post carousel-slide\">\r\n                <a href=\"https:\/\/us.edu.pl\/wydzial\/wpia\/2023\/10\/20\/podrecznik-redakcja-naukowa-teresa-dukiet-nagorska-olga-sitarz-prawo-karne-wyklad-akademicki\/\" class=\"article-loop-post__thumbnail thumbnail\"\r\n                    style=\"background-image: url(https:\/\/us.edu.pl\/wydzial\/wpia\/wp-content\/uploads\/sites\/19\/Bez-kategorii\/978-83-8328-676-1_-500x308.jpg)\">\r\n                    <span>wi\u0119cej<\/span>\r\n                <\/a>\r\n\r\n                <div class=\"article-loop-post__content\">\r\n                    <h3 class=\"article-loop-post__title\">\r\n                        <a href=\"https:\/\/us.edu.pl\/wydzial\/wpia\/2023\/10\/20\/podrecznik-redakcja-naukowa-teresa-dukiet-nagorska-olga-sitarz-prawo-karne-wyklad-akademicki\/\">[Podr\u0119cznik] Redakcja naukowa Teresa Dukiet-Nag\u00f3rska, Olga Sitarz: Prawo karne. Wyk\u0142ad akademicki<\/a>\r\n                    <\/h3>\r\n            \r\n                    <div class=\"article-loop-post__categories\">\r\n                        <a href=\"https:\/\/us.edu.pl\/wydzial\/wpia\/category\/publikacje\/\">Publikacje<\/a>\r\n                    <\/div>    \r\n                <\/div>\r\n            <\/article>\r\n        \r\n            <article class=\"article-loop-post carousel-slide\">\r\n                <a href=\"https:\/\/us.edu.pl\/wydzial\/wpia\/2023\/10\/20\/komentarz-redakcja-naukowa-bogdan-dolnicki-samorzad-wojewodztwa-komentarz\/\" class=\"article-loop-post__thumbnail thumbnail\"\r\n                    style=\"background-image: url(https:\/\/us.edu.pl\/wydzial\/wpia\/wp-content\/uploads\/sites\/19\/Bez-kategorii\/Samorzad-500x324.jpg)\">\r\n                    <span>wi\u0119cej<\/span>\r\n                <\/a>\r\n\r\n                <div class=\"article-loop-post__content\">\r\n                    <h3 class=\"article-loop-post__title\">\r\n                        <a href=\"https:\/\/us.edu.pl\/wydzial\/wpia\/2023\/10\/20\/komentarz-redakcja-naukowa-bogdan-dolnicki-samorzad-wojewodztwa-komentarz\/\">[Komentarz] Redakcja naukowa Bogdan Dolnicki: Samorz\u0105d wojew\u00f3dztwa. Komentarz<\/a>\r\n                    <\/h3>\r\n            \r\n                    <div class=\"article-loop-post__categories\">\r\n                        <a href=\"https:\/\/us.edu.pl\/wydzial\/wpia\/category\/publikacje\/\">Publikacje<\/a>\r\n                    <\/div>    \r\n                <\/div>\r\n            <\/article>\r\n        \r\n            <article class=\"article-loop-post carousel-slide\">\r\n                <a href=\"https:\/\/us.edu.pl\/wydzial\/wpia\/2023\/10\/20\/monografia-jadwiga-gluminska-pawlic-boguslaw-przywora-spoleczny-wymiar-gospodarki-rynkowej\/\" class=\"article-loop-post__thumbnail thumbnail\"\r\n                    style=\"background-image: url(https:\/\/us.edu.pl\/wydzial\/wpia\/wp-content\/uploads\/sites\/19\/Bez-kategorii\/pwalic-przywora-484x500.jpg)\">\r\n                    <span>wi\u0119cej<\/span>\r\n                <\/a>\r\n\r\n                <div class=\"article-loop-post__content\">\r\n                    <h3 class=\"article-loop-post__title\">\r\n                        <a href=\"https:\/\/us.edu.pl\/wydzial\/wpia\/2023\/10\/20\/monografia-jadwiga-gluminska-pawlic-boguslaw-przywora-spoleczny-wymiar-gospodarki-rynkowej\/\">[Monografia] Jadwiga Glumi\u0144ska-Pawlic, Bogus\u0142aw Przywora: Spo\u0142eczny wymiar gospodarki rynkowej<\/a>\r\n                    <\/h3>\r\n            \r\n                    <div class=\"article-loop-post__categories\">\r\n                        <a href=\"https:\/\/us.edu.pl\/wydzial\/wpia\/category\/publikacje\/\">Publikacje<\/a>\r\n                    <\/div>    \r\n                <\/div>\r\n            <\/article>\r\n        \r\n            <article class=\"article-loop-post carousel-slide\">\r\n                <a href=\"https:\/\/us.edu.pl\/wydzial\/wpia\/2023\/10\/20\/opracowanie-grzegorz-laszczyca-wojciech-piatek-system-prawa-sadownictwa-administracyjnego-t-1-zagadnienia-ogolne\/\" class=\"article-loop-post__thumbnail thumbnail\"\r\n                    style=\"background-image: url(https:\/\/us.edu.pl\/wydzial\/wpia\/wp-content\/uploads\/sites\/19\/Bez-kategorii\/system-prawa-sadownictwa-500x284.jpg)\">\r\n                    <span>wi\u0119cej<\/span>\r\n                <\/a>\r\n\r\n                <div class=\"article-loop-post__content\">\r\n                    <h3 class=\"article-loop-post__title\">\r\n                        <a href=\"https:\/\/us.edu.pl\/wydzial\/wpia\/2023\/10\/20\/opracowanie-grzegorz-laszczyca-wojciech-piatek-system-prawa-sadownictwa-administracyjnego-t-1-zagadnienia-ogolne\/\">[Opracowanie] Grzegorz \u0141aszczyca, Wojciech Pi\u0105tek: System Prawa S\u0105downictwa Administracyjnego, T. 1: Zagadnienia og\u00f3lne<\/a>\r\n                    <\/h3>\r\n            \r\n                    <div class=\"article-loop-post__categories\">\r\n                        <a href=\"https:\/\/us.edu.pl\/wydzial\/wpia\/category\/publikacje\/\">Publikacje<\/a>\r\n                    <\/div>    \r\n                <\/div>\r\n            <\/article>\r\n        \r\n            <article class=\"article-loop-post carousel-slide\">\r\n                <a href=\"https:\/\/us.edu.pl\/wydzial\/wpia\/2023\/10\/20\/monografia-marek-suska-korespondencja-dyrektyw-redagowania-i-interpretowania-tekstu-prawnego\/\" class=\"article-loop-post__thumbnail thumbnail\"\r\n                    style=\"background-image: url(https:\/\/us.edu.pl\/wydzial\/wpia\/wp-content\/uploads\/sites\/19\/Bez-kategorii\/Suska-500x234.jpg)\">\r\n                    <span>wi\u0119cej<\/span>\r\n                <\/a>\r\n\r\n                <div class=\"article-loop-post__content\">\r\n                    <h3 class=\"article-loop-post__title\">\r\n                        <a href=\"https:\/\/us.edu.pl\/wydzial\/wpia\/2023\/10\/20\/monografia-marek-suska-korespondencja-dyrektyw-redagowania-i-interpretowania-tekstu-prawnego\/\">[Monografia] Marek Suska: Korespondencja dyrektyw redagowania i interpretowania tekstu prawnego<\/a>\r\n                    <\/h3>\r\n            \r\n                    <div class=\"article-loop-post__categories\">\r\n                        <a href=\"https:\/\/us.edu.pl\/wydzial\/wpia\/category\/publikacje\/\">Publikacje<\/a>\r\n                    <\/div>    \r\n                <\/div>\r\n            <\/article>\r\n        \r\n            <article class=\"article-loop-post carousel-slide\">\r\n                <a href=\"https:\/\/us.edu.pl\/wydzial\/wpia\/2023\/10\/20\/monografia-slawomir-piekarczyk-slawomir-tkacz-wykladnia-autentyczna-w-swietle-nauki-o-wykladni-prawa\/\" class=\"article-loop-post__thumbnail thumbnail\"\r\n                    style=\"background-image: url(https:\/\/us.edu.pl\/wydzial\/wpia\/wp-content\/uploads\/sites\/19\/Bez-kategorii\/wykladnia-500x244.jpg)\">\r\n                    <span>wi\u0119cej<\/span>\r\n                <\/a>\r\n\r\n                <div class=\"article-loop-post__content\">\r\n                    <h3 class=\"article-loop-post__title\">\r\n                        <a href=\"https:\/\/us.edu.pl\/wydzial\/wpia\/2023\/10\/20\/monografia-slawomir-piekarczyk-slawomir-tkacz-wykladnia-autentyczna-w-swietle-nauki-o-wykladni-prawa\/\">[Monografia] S\u0142awomir Piekarczyk, S\u0142awomir Tkacz: Wyk\u0142adnia autentyczna w \u015bwietle nauki o wyk\u0142adni prawa<\/a>\r\n                    <\/h3>\r\n            \r\n                    <div class=\"article-loop-post__categories\">\r\n                        <a href=\"https:\/\/us.edu.pl\/wydzial\/wpia\/category\/publikacje\/\">Publikacje<\/a>\r\n                    <\/div>    \r\n                <\/div>\r\n            <\/article>\r\n        \r\n            <article class=\"article-loop-post carousel-slide\">\r\n                <a href=\"https:\/\/us.edu.pl\/wydzial\/wpia\/2023\/10\/20\/monografia-ewelina-cala-wacinkiewicz-jerzy-menkes-joanna-nowakowska-malusecka-wojciech-szczepan-staszewski-prawo-miedzynarodowe-wobec-wyzwan-spolecznych\/\" class=\"article-loop-post__thumbnail thumbnail\"\r\n                    style=\"background-image: url(https:\/\/us.edu.pl\/wydzial\/wpia\/wp-content\/uploads\/sites\/19\/Bez-kategorii\/prawo-miedzynarodowe.jpg)\">\r\n                    <span>wi\u0119cej<\/span>\r\n                <\/a>\r\n\r\n                <div class=\"article-loop-post__content\">\r\n                    <h3 class=\"article-loop-post__title\">\r\n                        <a href=\"https:\/\/us.edu.pl\/wydzial\/wpia\/2023\/10\/20\/monografia-ewelina-cala-wacinkiewicz-jerzy-menkes-joanna-nowakowska-malusecka-wojciech-szczepan-staszewski-prawo-miedzynarodowe-wobec-wyzwan-spolecznych\/\">[Monografia] Ewelina Ca\u0142a-Wacinkiewicz, Jerzy Menkes, Joanna Nowakowska-Malusecka, Wojciech Szczepan Staszewski: Prawo mi\u0119dzynarodowe wobec wyzwa\u0144 spo\u0142ecznych<\/a>\r\n                    <\/h3>\r\n            \r\n                    <div class=\"article-loop-post__categories\">\r\n                        <a href=\"https:\/\/us.edu.pl\/wydzial\/wpia\/category\/publikacje\/\">Publikacje<\/a>\r\n                    <\/div>    \r\n                <\/div>\r\n            <\/article>\r\n        \r\n            <article class=\"article-loop-post carousel-slide\">\r\n                <a href=\"https:\/\/us.edu.pl\/wydzial\/wpia\/2023\/10\/20\/monografia-anna-wierzbicka-mandat-radnego-prawa-obowiazki-ograniczenia\/\" class=\"article-loop-post__thumbnail thumbnail\"\r\n                    style=\"background-image: url(https:\/\/us.edu.pl\/wydzial\/wpia\/wp-content\/uploads\/sites\/19\/Bez-kategorii\/mandat-radnego-500x256.jpg)\">\r\n                    <span>wi\u0119cej<\/span>\r\n                <\/a>\r\n\r\n                <div class=\"article-loop-post__content\">\r\n                    <h3 class=\"article-loop-post__title\">\r\n                        <a href=\"https:\/\/us.edu.pl\/wydzial\/wpia\/2023\/10\/20\/monografia-anna-wierzbicka-mandat-radnego-prawa-obowiazki-ograniczenia\/\">[Monografia] Anna Wierzbicka: Mandat radnego \u2013 prawa, obowi\u0105zki, ograniczenia<\/a>\r\n                    <\/h3>\r\n            \r\n                    <div class=\"article-loop-post__categories\">\r\n                        <a href=\"https:\/\/us.edu.pl\/wydzial\/wpia\/category\/publikacje\/\">Publikacje<\/a>\r\n                    <\/div>    \r\n                <\/div>\r\n            <\/article>\r\n        \r\n            <article class=\"article-loop-post carousel-slide\">\r\n                <a href=\"https:\/\/us.edu.pl\/wydzial\/wpia\/2023\/10\/20\/opracowanie-irena-lipowicz-samodzielnosc-samorzadu-terytorialnego-granice-i-perspektywy-system-prawa-samorzadu-terytorialnego-t-3\/\" class=\"article-loop-post__thumbnail thumbnail\"\r\n                    style=\"background-image: url(https:\/\/us.edu.pl\/wydzial\/wpia\/wp-content\/uploads\/sites\/19\/Bez-kategorii\/978-83-8328-169-8_.jpg-372x500.webp)\">\r\n                    <span>wi\u0119cej<\/span>\r\n                <\/a>\r\n\r\n                <div class=\"article-loop-post__content\">\r\n                    <h3 class=\"article-loop-post__title\">\r\n                        <a href=\"https:\/\/us.edu.pl\/wydzial\/wpia\/2023\/10\/20\/opracowanie-irena-lipowicz-samodzielnosc-samorzadu-terytorialnego-granice-i-perspektywy-system-prawa-samorzadu-terytorialnego-t-3\/\">[Opracowanie] Irena Lipowicz: Samodzielno\u015b\u0107 samorz\u0105du terytorialnego \u2013 granice i perspektywy. System prawa samorz\u0105du terytorialnego. T. 3<\/a>\r\n                    <\/h3>\r\n            \r\n                    <div class=\"article-loop-post__categories\">\r\n                        <a href=\"https:\/\/us.edu.pl\/wydzial\/wpia\/category\/publikacje\/\">Publikacje<\/a>\r\n                    <\/div>    \r\n                <\/div>\r\n            <\/article>\r\n        \r\n            <article class=\"article-loop-post carousel-slide\">\r\n                <a href=\"https:\/\/us.edu.pl\/wydzial\/wpia\/2023\/10\/20\/monografia-michal-grudecki-ghostwriting-i-guest-authorship-analiza-prawnokarna\/\" class=\"article-loop-post__thumbnail thumbnail\"\r\n                    style=\"background-image: url(https:\/\/us.edu.pl\/wydzial\/wpia\/wp-content\/uploads\/sites\/19\/Bez-kategorii\/ghost-500x218.jpg)\">\r\n                    <span>wi\u0119cej<\/span>\r\n                <\/a>\r\n\r\n                <div class=\"article-loop-post__content\">\r\n                    <h3 class=\"article-loop-post__title\">\r\n                        <a href=\"https:\/\/us.edu.pl\/wydzial\/wpia\/2023\/10\/20\/monografia-michal-grudecki-ghostwriting-i-guest-authorship-analiza-prawnokarna\/\">[Monografia] Micha\u0142 Grudecki: Ghostwriting i guest authorship. Analiza prawnokarna<\/a>\r\n                    <\/h3>\r\n            \r\n                    <div class=\"article-loop-post__categories\">\r\n                        <a href=\"https:\/\/us.edu.pl\/wydzial\/wpia\/category\/publikacje\/\">Publikacje<\/a>\r\n                    <\/div>    \r\n                <\/div>\r\n            <\/article>\r\n        \r\n            <article class=\"article-loop-post carousel-slide\">\r\n                <a href=\"https:\/\/us.edu.pl\/wydzial\/wpia\/2023\/10\/20\/monografia-bogdan-dolnicki-monika-augustyniak-roman-marchaj-status-prawny-zwiazku-metropolitalnego-w-polsce-a-metropolii-we-francji-studium-prawnoporownawcze\/\" class=\"article-loop-post__thumbnail thumbnail\"\r\n                    style=\"background-image: url(https:\/\/us.edu.pl\/wydzial\/wpia\/wp-content\/uploads\/sites\/19\/Bez-kategorii\/france-500x228.jpg)\">\r\n                    <span>wi\u0119cej<\/span>\r\n                <\/a>\r\n\r\n                <div class=\"article-loop-post__content\">\r\n                    <h3 class=\"article-loop-post__title\">\r\n                        <a href=\"https:\/\/us.edu.pl\/wydzial\/wpia\/2023\/10\/20\/monografia-bogdan-dolnicki-monika-augustyniak-roman-marchaj-status-prawny-zwiazku-metropolitalnego-w-polsce-a-metropolii-we-francji-studium-prawnoporownawcze\/\">[Monografia] Bogdan Dolnicki, Monika Augustyniak, Roman Marchaj: Status prawny zwi\u0105zku metropolitalnego w Polsce a metropolii we Francji: studium prawnopor\u00f3wnawcze<\/a>\r\n                    <\/h3>\r\n            \r\n                    <div class=\"article-loop-post__categories\">\r\n                        <a href=\"https:\/\/us.edu.pl\/wydzial\/wpia\/category\/publikacje\/\">Publikacje<\/a>\r\n                    <\/div>    \r\n                <\/div>\r\n            <\/article>\r\n        \r\n            <article class=\"article-loop-post carousel-slide\">\r\n                <a href=\"https:\/\/us.edu.pl\/wydzial\/wpia\/2024\/01\/15\/opracowanie-katarzyna-grzybczyk-slynne-alkohole-a-prawo-wlasnosci-intelektualnej\/\" class=\"article-loop-post__thumbnail thumbnail\"\r\n                    style=\"background-image: url(https:\/\/us.edu.pl\/wydzial\/wpia\/wp-content\/uploads\/sites\/19\/Bez-kategorii\/katarzyna-grzybczyk-slynne-alkohole-a-prawo-wlasnosci_-357x500.jpg)\">\r\n                    <span>wi\u0119cej<\/span>\r\n                <\/a>\r\n\r\n                <div class=\"article-loop-post__content\">\r\n                    <h3 class=\"article-loop-post__title\">\r\n                        <a href=\"https:\/\/us.edu.pl\/wydzial\/wpia\/2024\/01\/15\/opracowanie-katarzyna-grzybczyk-slynne-alkohole-a-prawo-wlasnosci-intelektualnej\/\">[Opracowanie] Katarzyna Grzybczyk: S\u0142ynne alkohole a prawo w\u0142asno\u015bci intelektualnej<\/a>\r\n                    <\/h3>\r\n            \r\n                    <div class=\"article-loop-post__categories\">\r\n                        <a href=\"https:\/\/us.edu.pl\/wydzial\/wpia\/category\/publikacje\/\">Publikacje<\/a>\r\n                    <\/div>    \r\n                <\/div>\r\n            <\/article>\r\n        \r\n            <article class=\"article-loop-post carousel-slide\">\r\n                <a href=\"https:\/\/us.edu.pl\/wydzial\/wpia\/2024\/01\/15\/zbior-referatow-red-dorota-lobos-kotowska-pawel-gala-wspolczesne-problemy-prawa-rolnego-i-zywnosciowego-ii\/\" class=\"article-loop-post__thumbnail thumbnail\"\r\n                    style=\"background-image: url(https:\/\/us.edu.pl\/wydzial\/wpia\/wp-content\/themes\/uniwersytet-slaski\/img\/post\/default.jpg)\">\r\n                    <span>wi\u0119cej<\/span>\r\n                <\/a>\r\n\r\n                <div class=\"article-loop-post__content\">\r\n                    <h3 class=\"article-loop-post__title\">\r\n                        <a href=\"https:\/\/us.edu.pl\/wydzial\/wpia\/2024\/01\/15\/zbior-referatow-red-dorota-lobos-kotowska-pawel-gala-wspolczesne-problemy-prawa-rolnego-i-zywnosciowego-ii\/\">[Zbi\u00f3r referat\u00f3w] red. Dorota \u0141obos-Kotowska, Pawe\u0142 Ga\u0142a: Wsp\u00f3\u0142czesne problemy prawa rolnego i \u017cywno\u015bciowego [II]<\/a>\r\n                    <\/h3>\r\n            \r\n                    <div class=\"article-loop-post__categories\">\r\n                        <a href=\"https:\/\/us.edu.pl\/wydzial\/wpia\/category\/publikacje\/\">Publikacje<\/a>\r\n                    <\/div>    \r\n                <\/div>\r\n            <\/article>\r\n        \r\n            <article class=\"article-loop-post carousel-slide\">\r\n                <a href=\"https:\/\/us.edu.pl\/wydzial\/wpia\/2024\/01\/15\/monografia-paulina-gwozdziewicz-matan-umowy-w-dzialalnosci-muzeow-zagadnienia-publicznoprawne\/\" class=\"article-loop-post__thumbnail thumbnail\"\r\n                    style=\"background-image: url(https:\/\/us.edu.pl\/wydzial\/wpia\/wp-content\/uploads\/sites\/19\/Bez-kategorii\/gwozdziewicz-500x333.jpg)\">\r\n                    <span>wi\u0119cej<\/span>\r\n                <\/a>\r\n\r\n                <div class=\"article-loop-post__content\">\r\n                    <h3 class=\"article-loop-post__title\">\r\n                        <a href=\"https:\/\/us.edu.pl\/wydzial\/wpia\/2024\/01\/15\/monografia-paulina-gwozdziewicz-matan-umowy-w-dzialalnosci-muzeow-zagadnienia-publicznoprawne\/\">[Monografia] Paulina Gwo\u017adziewicz-Matan: Umowy w dzia\u0142alno\u015bci muze\u00f3w. Zagadnienia publicznoprawne<\/a>\r\n                    <\/h3>\r\n            \r\n                    <div class=\"article-loop-post__categories\">\r\n                        <a href=\"https:\/\/us.edu.pl\/wydzial\/wpia\/category\/publikacje\/\">Publikacje<\/a>\r\n                    <\/div>    \r\n                <\/div>\r\n            <\/article>\r\n        \r\n            <article class=\"article-loop-post carousel-slide\">\r\n                <a href=\"https:\/\/us.edu.pl\/wydzial\/wpia\/2024\/01\/15\/monografia-katarzyna-kaminska-piecza-naprzemienna-a-wladza-rodzicielska-rodzicow-zyjacych-w-rozlaczeniu\/\" class=\"article-loop-post__thumbnail thumbnail\"\r\n                    style=\"background-image: url(https:\/\/us.edu.pl\/wydzial\/wpia\/wp-content\/uploads\/sites\/19\/Bez-kategorii\/piecza-naprzemienna-500x267.jpg)\">\r\n                    <span>wi\u0119cej<\/span>\r\n                <\/a>\r\n\r\n                <div class=\"article-loop-post__content\">\r\n                    <h3 class=\"article-loop-post__title\">\r\n                        <a href=\"https:\/\/us.edu.pl\/wydzial\/wpia\/2024\/01\/15\/monografia-katarzyna-kaminska-piecza-naprzemienna-a-wladza-rodzicielska-rodzicow-zyjacych-w-rozlaczeniu\/\">[Monografia] Katarzyna Kami\u0144ska: Piecza naprzemienna a w\u0142adza rodzicielska rodzic\u00f3w \u017cyj\u0105cych w roz\u0142\u0105czeniu<\/a>\r\n                    <\/h3>\r\n            \r\n                    <div class=\"article-loop-post__categories\">\r\n                        <a href=\"https:\/\/us.edu.pl\/wydzial\/wpia\/category\/publikacje\/\">Publikacje<\/a>\r\n                    <\/div>    \r\n                <\/div>\r\n            <\/article>\r\n        \r\n            <article class=\"article-loop-post carousel-slide\">\r\n                <a href=\"https:\/\/us.edu.pl\/wydzial\/wpia\/2024\/01\/15\/monografia-barbara-mikolajczyk-social-inclusion-for-older-persons-and-human-rights-law-the-potential-for-universal-and-european-instruments\/\" class=\"article-loop-post__thumbnail thumbnail\"\r\n                    style=\"background-image: url(https:\/\/us.edu.pl\/wydzial\/wpia\/wp-content\/uploads\/sites\/19\/Bez-kategorii\/social-inclusion-500x262.jpg)\">\r\n                    <span>wi\u0119cej<\/span>\r\n                <\/a>\r\n\r\n                <div class=\"article-loop-post__content\">\r\n                    <h3 class=\"article-loop-post__title\">\r\n                        <a href=\"https:\/\/us.edu.pl\/wydzial\/wpia\/2024\/01\/15\/monografia-barbara-mikolajczyk-social-inclusion-for-older-persons-and-human-rights-law-the-potential-for-universal-and-european-instruments\/\">[Monografia] Barbara Miko\u0142ajczyk: Social Inclusion for Older Persons and Human Rights Law. The Potential for Universal and European Instruments<\/a>\r\n                    <\/h3>\r\n            \r\n                    <div class=\"article-loop-post__categories\">\r\n                        <a href=\"https:\/\/us.edu.pl\/wydzial\/wpia\/category\/publikacje\/\">Publikacje<\/a>\r\n                    <\/div>    \r\n                <\/div>\r\n            <\/article>\r\n        \r\n            <article class=\"article-loop-post carousel-slide\">\r\n                <a href=\"https:\/\/us.edu.pl\/wydzial\/wpia\/2024\/01\/15\/marlena-drapalska-grochowicz-rekonstrukcja-kategorii-bliskosci-w-polskim-systemie-prawnym\/\" class=\"article-loop-post__thumbnail thumbnail\"\r\n                    style=\"background-image: url(https:\/\/us.edu.pl\/wydzial\/wpia\/wp-content\/uploads\/sites\/19\/Bez-kategorii\/drapalska-500x403.jpg)\">\r\n                    <span>wi\u0119cej<\/span>\r\n                <\/a>\r\n\r\n                <div class=\"article-loop-post__content\">\r\n                    <h3 class=\"article-loop-post__title\">\r\n                        <a href=\"https:\/\/us.edu.pl\/wydzial\/wpia\/2024\/01\/15\/marlena-drapalska-grochowicz-rekonstrukcja-kategorii-bliskosci-w-polskim-systemie-prawnym\/\">Marlena Drapalska-Grochowicz: Rekonstrukcja kategorii blisko\u015bci w polskim systemie prawnym<\/a>\r\n                    <\/h3>\r\n            \r\n                    <div class=\"article-loop-post__categories\">\r\n                        <a href=\"https:\/\/us.edu.pl\/wydzial\/wpia\/category\/publikacje\/\">Publikacje<\/a>\r\n                    <\/div>    \r\n                <\/div>\r\n            <\/article>\r\n        \r\n            <article class=\"article-loop-post carousel-slide\">\r\n                <a href=\"https:\/\/us.edu.pl\/wydzial\/wpia\/2024\/01\/15\/monografia-jaroslaw-zagrodnik-kazimierz-zgryzek-principles-of-polish-criminal-procedure\/\" class=\"article-loop-post__thumbnail thumbnail\"\r\n                    style=\"background-image: url(https:\/\/us.edu.pl\/wydzial\/wpia\/wp-content\/uploads\/sites\/19\/Bez-kategorii\/zagrodnik-zgryzek.jpg)\">\r\n                    <span>wi\u0119cej<\/span>\r\n                <\/a>\r\n\r\n                <div class=\"article-loop-post__content\">\r\n                    <h3 class=\"article-loop-post__title\">\r\n                        <a href=\"https:\/\/us.edu.pl\/wydzial\/wpia\/2024\/01\/15\/monografia-jaroslaw-zagrodnik-kazimierz-zgryzek-principles-of-polish-criminal-procedure\/\">[Monografia] Jaros\u0142aw Zagrodnik, Kazimierz Zgryzek: Principles of Polish Criminal Procedure<\/a>\r\n                    <\/h3>\r\n            \r\n                    <div class=\"article-loop-post__categories\">\r\n                        <a href=\"https:\/\/us.edu.pl\/wydzial\/wpia\/category\/publikacje\/\">Publikacje<\/a>\r\n                    <\/div>    \r\n                <\/div>\r\n            <\/article>\r\n        \r\n            <article class=\"article-loop-post carousel-slide\">\r\n                <a href=\"https:\/\/us.edu.pl\/wydzial\/wpia\/2024\/01\/15\/monografia-magdalena-habdas-compensating-landowners-in-the-vicinity-of-airports-a-comparative-study-of-the-neighbour-conflict\/\" class=\"article-loop-post__thumbnail thumbnail\"\r\n                    style=\"background-image: url(https:\/\/us.edu.pl\/wydzial\/wpia\/wp-content\/uploads\/sites\/19\/Bez-kategorii\/habdas-500x258.jpg)\">\r\n                    <span>wi\u0119cej<\/span>\r\n                <\/a>\r\n\r\n                <div class=\"article-loop-post__content\">\r\n                    <h3 class=\"article-loop-post__title\">\r\n                        <a href=\"https:\/\/us.edu.pl\/wydzial\/wpia\/2024\/01\/15\/monografia-magdalena-habdas-compensating-landowners-in-the-vicinity-of-airports-a-comparative-study-of-the-neighbour-conflict\/\">[Monografia] Magdalena Habdas: Compensating Landowners in the Vicinity of Airports. A Comparative Study of the Neighbour Conflict<\/a>\r\n                    <\/h3>\r\n            \r\n                    <div class=\"article-loop-post__categories\">\r\n                        <a href=\"https:\/\/us.edu.pl\/wydzial\/wpia\/category\/publikacje\/\">Publikacje<\/a>\r\n                    <\/div>    \r\n                <\/div>\r\n            <\/article>\r\n        \r\n            <article class=\"article-loop-post carousel-slide\">\r\n                <a href=\"https:\/\/us.edu.pl\/wydzial\/wpia\/2024\/01\/15\/monografia-bartosz-kucia-elwira-macierzynska-franaszczyk-ewa-rott-pietrzyk-fryderyk-zoll-shaping-the-status-of-heirs-by-contractual-components-under-the-polish-and-german-inheritance-law-compar\/\" class=\"article-loop-post__thumbnail thumbnail\"\r\n                    style=\"background-image: url(https:\/\/us.edu.pl\/wydzial\/wpia\/wp-content\/uploads\/sites\/19\/Bez-kategorii\/kucia-500x255.jpg)\">\r\n                    <span>wi\u0119cej<\/span>\r\n                <\/a>\r\n\r\n                <div class=\"article-loop-post__content\">\r\n                    <h3 class=\"article-loop-post__title\">\r\n                        <a href=\"https:\/\/us.edu.pl\/wydzial\/wpia\/2024\/01\/15\/monografia-bartosz-kucia-elwira-macierzynska-franaszczyk-ewa-rott-pietrzyk-fryderyk-zoll-shaping-the-status-of-heirs-by-contractual-components-under-the-polish-and-german-inheritance-law-compar\/\">[Monografia] red. Bartosz Kucia, Elwira Macierzy\u0144ska-Franaszczyk, Ewa Rott-Pietrzyk, Fryderyk Zoll: Shaping the status of heirs by contractual components under the Polish and German inheritance law. Comparative challenges and the perspective of approximation of legal systems<\/a>\r\n                    <\/h3>\r\n            \r\n                    <div class=\"article-loop-post__categories\">\r\n                        <a href=\"https:\/\/us.edu.pl\/wydzial\/wpia\/category\/publikacje\/\">Publikacje<\/a>\r\n                    <\/div>    \r\n                <\/div>\r\n            <\/article>\r\n        \r\n            <article class=\"article-loop-post carousel-slide\">\r\n                <a href=\"https:\/\/us.edu.pl\/wydzial\/wpia\/2024\/02\/26\/komentarz-red-nauk-agnieszka-ziolkowska-autorzy-michal-cyndel-dorota-fleszer-pawel-gacek-anna-gronkiewicz-mariusz-jagielski-grzegorz-krawiec-grzegorz-laszczyca-andrzej-matan-barbara-pale\/\" class=\"article-loop-post__thumbnail thumbnail\"\r\n                    style=\"background-image: url(https:\/\/us.edu.pl\/wydzial\/wpia\/wp-content\/uploads\/sites\/19\/Bez-kategorii\/ochrona-informacji-niejawnych.-500x256.jpg)\">\r\n                    <span>wi\u0119cej<\/span>\r\n                <\/a>\r\n\r\n                <div class=\"article-loop-post__content\">\r\n                    <h3 class=\"article-loop-post__title\">\r\n                        <a href=\"https:\/\/us.edu.pl\/wydzial\/wpia\/2024\/02\/26\/komentarz-red-nauk-agnieszka-ziolkowska-autorzy-michal-cyndel-dorota-fleszer-pawel-gacek-anna-gronkiewicz-mariusz-jagielski-grzegorz-krawiec-grzegorz-laszczyca-andrzej-matan-barbara-pale\/\">[Komentarz] red. nauk. Agnieszka Zi\u00f3\u0142kowska, autorzy: Micha\u0142 Cyndel, Dorota Fleszer, Pawe\u0142 Gacek, Anna Gronkiewicz, Mariusz Jagielski, Grzegorz Krawiec, Grzegorz \u0141aszczyca, Andrzej Matan, Barbara Palenik, Ewa Pierzcha\u0142a, Leszek Pietraszek, Olga Sitarz, Magdalena Stro\u017cek-Kucharska, Robert Suwaj, Dorota Sylwestrzak, Joanna Wyporska-Frankiewcz, Agnieszka Zi\u00f3\u0142kowska: Ochrona informacji niejawnych. Komentarz<\/a>\r\n                    <\/h3>\r\n            \r\n                    <div class=\"article-loop-post__categories\">\r\n                        <a href=\"https:\/\/us.edu.pl\/wydzial\/wpia\/category\/publikacje\/\">Publikacje<\/a>\r\n                    <\/div>    \r\n                <\/div>\r\n            <\/article>\r\n        \r\n            <article class=\"article-loop-post carousel-slide\">\r\n                <a href=\"https:\/\/us.edu.pl\/wydzial\/wpia\/2024\/03\/25\/ksiega-okolicznosciowa-red-nauk-grzegorz-laszczyca-stosowanie-prawa-administracyjnego-ksiega-jubileuszowa-profesora-andrzeja-matana\/\" class=\"article-loop-post__thumbnail thumbnail\"\r\n                    style=\"background-image: url(https:\/\/us.edu.pl\/wydzial\/wpia\/wp-content\/uploads\/sites\/19\/Bez-kategorii\/ksiega-jubileuszowa-500x284.jpg)\">\r\n                    <span>wi\u0119cej<\/span>\r\n                <\/a>\r\n\r\n                <div class=\"article-loop-post__content\">\r\n                    <h3 class=\"article-loop-post__title\">\r\n                        <a href=\"https:\/\/us.edu.pl\/wydzial\/wpia\/2024\/03\/25\/ksiega-okolicznosciowa-red-nauk-grzegorz-laszczyca-stosowanie-prawa-administracyjnego-ksiega-jubileuszowa-profesora-andrzeja-matana\/\">[Ksi\u0119ga okoliczno\u015bciowa] red. nauk. Grzegorz \u0141aszczyca: Stosowanie prawa administracyjnego. Ksi\u0119ga jubileuszowa Profesora Andrzeja Matana<\/a>\r\n                    <\/h3>\r\n            \r\n                    <div class=\"article-loop-post__categories\">\r\n                        <a href=\"https:\/\/us.edu.pl\/wydzial\/wpia\/category\/publikacje\/\">Publikacje<\/a>\r\n                    <\/div>    \r\n                <\/div>\r\n            <\/article>\r\n        \r\n            <article class=\"article-loop-post carousel-slide\">\r\n                <a href=\"https:\/\/us.edu.pl\/wydzial\/wpia\/2024\/03\/25\/opracowanie-katarzyna-grzybczyk-azjatycki-soft-power-a-prawo-wlasnosci-intelektualnej\/\" class=\"article-loop-post__thumbnail thumbnail\"\r\n                    style=\"background-image: url(https:\/\/us.edu.pl\/wydzial\/wpia\/wp-content\/uploads\/sites\/19\/Bez-kategorii\/azja-gzybczyk-wyrozniajacy-500x286.jpg)\">\r\n                    <span>wi\u0119cej<\/span>\r\n                <\/a>\r\n\r\n                <div class=\"article-loop-post__content\">\r\n                    <h3 class=\"article-loop-post__title\">\r\n                        <a href=\"https:\/\/us.edu.pl\/wydzial\/wpia\/2024\/03\/25\/opracowanie-katarzyna-grzybczyk-azjatycki-soft-power-a-prawo-wlasnosci-intelektualnej\/\">[Opracowanie] Katarzyna Grzybczyk: Azjatycki soft power a prawo w\u0142asno\u015bci intelektualnej<\/a>\r\n                    <\/h3>\r\n            \r\n                    <div class=\"article-loop-post__categories\">\r\n                        <a href=\"https:\/\/us.edu.pl\/wydzial\/wpia\/category\/publikacje\/\">Publikacje<\/a>\r\n                    <\/div>    \r\n                <\/div>\r\n            <\/article>\r\n        \n\t\t\t\t\t\t\t\t<\/div>\n\t\t\t\t\t\t  <\/div>\n\t\t\t\t\t <\/div>\n\t\t\t\t\t <\/div>\n\t\t\t\t<\/div>[\/vc_column][\/vc_row]<\/p>","protected":false},"excerpt":{"rendered":"<p>[vc_row][vc_column][\/vc_column][\/vc_row] [&#8230;]<\/p>\n<p><a class=\"btn btn-secondary understrap-read-more-link\" href=\"https:\/\/us.edu.pl\/wydzial\/wpia\/2024\/03\/25\/opracowanie-katarzyna-grzybczyk-azjatycki-soft-power-a-prawo-wlasnosci-intelektualnej\/\">Read More&#8230;<\/a><\/p>\n","protected":false},"author":107,"featured_media":0,"parent":163431,"menu_order":0,"comment_status":"closed","ping_status":"closed","template":"","meta":{"_expiration-date-status":"","_expiration-date":0,"_expiration-date-type":"","_expiration-date-categories":[],"_expiration-date-options":[]},"acf":[],"_links":{"self":[{"href":"https:\/\/us.edu.pl\/wydzial\/wpia\/wp-json\/wp\/v2\/pages\/163433"}],"collection":[{"href":"https:\/\/us.edu.pl\/wydzial\/wpia\/wp-json\/wp\/v2\/pages"}],"about":[{"href":"https:\/\/us.edu.pl\/wydzial\/wpia\/wp-json\/wp\/v2\/types\/page"}],"author":[{"embeddable":true,"href":"https:\/\/us.edu.pl\/wydzial\/wpia\/wp-json\/wp\/v2\/users\/107"}],"replies":[{"embeddable":true,"href":"https:\/\/us.edu.pl\/wydzial\/wpia\/wp-json\/wp\/v2\/comments?post=163433"}],"version-history":[{"count":6,"href":"https:\/\/us.edu.pl\/wydzial\/wpia\/wp-json\/wp\/v2\/pages\/163433\/revisions"}],"predecessor-version":[{"id":163610,"href":"https:\/\/us.edu.pl\/wydzial\/wpia\/wp-json\/wp\/v2\/pages\/163433\/revisions\/163610"}],"up":[{"embeddable":true,"href":"https:\/\/us.edu.pl\/wydzial\/wpia\/wp-json\/wp\/v2\/pages\/163431"}],"wp:attachment":[{"href":"https:\/\/us.edu.pl\/wydzial\/wpia\/wp-json\/wp\/v2\/media?parent=163433"}],"curies":[{"name":"wp","href":"https:\/\/api.w.org\/{rel}","templated":true}]}}