{"id":394,"date":"2019-10-15T15:16:38","date_gmt":"2019-10-15T13:16:38","guid":{"rendered":"https:\/\/us.edu.pl\/wydzial\/wpia\/?page_id=394"},"modified":"2026-09-02T14:29:45","modified_gmt":"2026-09-02T12:29:45","slug":"stypendia-sprawy-socjalne","status":"publish","type":"page","link":"https:\/\/us.edu.pl\/wydzial\/wpia\/student\/stypendia-sprawy-socjalne\/","title":{"rendered":"Stypendia sprawy socjalne"},"content":{"rendered":"<p>[vc_row][vc_column]\r\n                <div class=\"text-modules\">\r\n                    <div class=\"container\">\r\n                        <h3 class=\"page-title text__title\">Stypendia\/sprawy socjalne<\/h3>\r\n                        <div class=\"text-modules__content\"><p><span style=\"font-family: verdana, geneva, sans-serif; font-size: 10pt;\">Aby uzyska\u0107 \u015bwiadczenia, nale\u017cy elektronicznie wype\u0142ni\u0107 wniosek o stypendium socjalne oraz o\u015bwiadczenie o dochodach na stronie: <\/span><a style=\"font-family: verdana, geneva, sans-serif; font-size: 10pt;\" href=\"http:\/\/www.usosweb.us.edu.pl\">www.usosweb.us.edu.pl<\/a><span style=\"font-family: verdana, geneva, sans-serif; font-size: 10pt;\"> w zak\u0142adce DLA WSZYSTKICH \u2013 WNIOSKI, wgrywaj\u0105c za\u0142\u0105czniki.<\/span><\/p>\n<div id=\"jsc_c_6\" class=\"d2hqwtrz r227ecj6 ez8dtbzv gt60zsk1\" data-ad-comet-preview=\"message\" data-ad-preview=\"message\">\n<div class=\"alzwoclg cqf1kptm siwo0mpr gu5uzgus\">\n<div class=\"jroqu855 nthtkgg5\">\n<div class=\"\" dir=\"auto\">\n<div id=\"jsc_c_6\" class=\"d2hqwtrz r227ecj6 ez8dtbzv gt60zsk1\" data-ad-comet-preview=\"message\" data-ad-preview=\"message\">\n<p><span style=\"font-size: 10pt; font-family: verdana, geneva, sans-serif;\">Termin sk\u0142adania wniosk\u00f3w &#8211; <strong>od 01 do 10 pa\u017adziernika 2026 r.<\/strong><\/span><\/p>\n<p><span style=\"font-size: 10pt; font-family: verdana, geneva, sans-serif;\"><strong>Stypendium socjalne \u2013 regulamin \u015bwiadcze\u0144 \u2013 <em><u><a href=\"https:\/\/aktyprawne.us.edu.pl\/423\/d\/8409\/5\/\">dost\u0119pny<\/a><\/u><\/em><\/strong><\/span><\/p>\n<ul>\n<li><span style=\"font-size: 10pt;\">wykaz dokument\u00f3w niezb\u0119dnych do ustalenia dochodu studenta &#8211; <a href=\"https:\/\/aktyprawne.us.edu.pl\/423\/d\/8409\/5\/\">dost\u0119pny<\/a><\/span><\/li>\n<li><span style=\"font-size: 10pt;\">zasady obliczania dochodu rodziny studenta &#8211; <a href=\"https:\/\/aktyprawne.us.edu.pl\/423\/d\/8409\/5\/\">dost\u0119pny<\/a><\/span><u><\/u><\/li>\n<\/ul>\n<p><span style=\"font-size: 10pt; font-family: verdana, geneva, sans-serif;\"><strong>INFORMACJE OG\u00d3LNE<\/strong><\/span><\/p>\n<p><span style=\"font-size: 10pt; font-family: verdana, geneva, sans-serif;\"><strong>Stypendium socjalne<\/strong> przys\u0142uguje studentowi, kt\u00f3ry znajduje si\u0119 w trudnej sytuacji materialnej, kt\u00f3rego doch\u00f3d netto na osob\u0119 w rodzinie nie przekracza kwoty\u00a0 <strong>2.099,70 z\u0142otych miesi\u0119cznie.<\/strong><\/span><\/p>\n<p><span style=\"font-size: 10pt; font-family: verdana, geneva, sans-serif;\">Sytuacj\u0119 materialn\u0105 studenta ustala si\u0119 na podstawie wysoko\u015bci miesi\u0119cznej kwoty netto dochodu przypadaj\u0105cego na cz\u0142onka rodziny studenta.<\/span><\/p>\n<p><span style=\"font-size: 10pt; font-family: verdana, geneva, sans-serif;\">Student, kt\u00f3rego miesi\u0119czny doch\u00f3d na osob\u0119 w rodzinie\u00a0<strong>nie przekracza kwoty <u>823,00<\/u><\/strong> z\u0142, (dla osoby samotnie gospodaruj\u0105cej jest to kwota 1.010,00 z\u0142) ma obowi\u0105zek przed\u0142o\u017cy\u0107\u00a0<strong><em>za\u015bwiadczenie z o\u015brodka pomocy spo\u0142ecznej<\/em><\/strong> <em>(lub centrum us\u0142ug spo\u0142ecznych) <strong>o korzystaniu w roku 2026 ze \u015bwiadcze\u0144 pomocy spo\u0142ecznej przez siebie lub cz\u0142onk\u00f3w swojej rodziny<\/strong><\/em>.<\/span><\/p>\n<p><span style=\"font-size: 10pt; font-family: verdana, geneva, sans-serif;\">W przypadku, gdy student lub cz\u0142onkowie jego rodziny nie korzystaj\u0105 ze \u015bwiadcze\u0144 z pomocy spo\u0142ecznej, stypendium socjalne mo\u017ce zosta\u0107 przyznane studentowi, <strong><u>je\u015bli udokumentuje on \u017ar\u00f3d\u0142o utrzymania rodziny <\/u><\/strong><\/span><span style=\"font-size: 10pt; font-family: verdana, geneva, sans-serif;\"><strong><em><u>&#8211; <a href=\"https:\/\/us.edu.pl\/wydzial\/wpia\/wp-content\/uploads\/sites\/19\/Stypendia\/oswiadczenie-o-sytuacji-dochodowej-rodziny.doc\" class=\"mtli_attachment mtli_doc\" data-mtli=\"mtli_filesize29,00kB\" class=\"mtli_attachment mtli_doc\" data-mtli=\"mtli_filesize29,00kB\">o\u015bwiadczenie o sytuacji dochodowej rodziny<\/a><\/u><\/em><\/strong><strong><em>\u00a0<\/em><\/strong><\/span><\/p>\n<p><span style=\"font-size: 10pt; font-family: verdana, geneva, sans-serif;\"><strong>Rokiem bazowym jest 2025<\/strong> i z tego roku uwzgl\u0119dniamy dochody na podstawie za\u015bwiadczenia z urz\u0119du skarbowego. Nale\u017cy jednak pami\u0119ta\u0107, \u017ce sytuacja \u201ena dzie\u0144 dzisiejszy\u201d tak\u017ce jest uwzgl\u0119dniana, wi\u0119c je\u017celi po 31.12.2025 r. a\u017c do dnia sk\u0142adania o\u015bwiadczenia nast\u0105pi np. uzyskanie nowego dochodu (np. nowa praca) lub utrata dochodu z 2025 r. (np. utrata pracy), nale\u017cy to uwzgl\u0119dni\u0107.<\/span><\/p>\n<p>&nbsp;<\/p>\n<p><span style=\"font-size: 10pt; font-family: verdana, geneva, sans-serif;\"><strong>Przewodnik w ubieganiu si\u0119 o przyznanie stypendium socjalnego<\/strong><\/span><\/p>\n<p><span style=\"font-size: 10pt; font-family: verdana, geneva, sans-serif;\">Za rodzin\u0119 studenta uwa\u017ca si\u0119 ma\u0142\u017conka, rodzic\u00f3w (opiekun\u00f3w prawnych), rodze\u0144stwo studenta i dzieci studenta.<\/span><\/p>\n<p><span style=\"font-size: 10pt; font-family: verdana, geneva, sans-serif;\">Przy ustalaniu wysoko\u015bci dochodu uprawniaj\u0105cego studenta do ubiegania si\u0119 o stypendium socjalne uwzgl\u0119dnia si\u0119 dochody osi\u0105gni\u0119te przez:<\/span><\/p>\n<p style=\"padding-left: 40px;\"><span style=\"font-size: 10pt; font-family: verdana, geneva, sans-serif;\">a. <strong>studenta<\/strong><\/span><\/p>\n<p style=\"padding-left: 40px;\"><span style=\"font-size: 10pt; font-family: verdana, geneva, sans-serif;\">b. <strong>ma\u0142\u017conka studenta, a tak\u017ce b\u0119d\u0105ce na utrzymaniu studenta lub jego ma\u0142\u017conka dzieci niepe\u0142noletnich<\/strong>, dzieci pobieraj\u0105ce nauk\u0119 do 26 roku \u017cycia, a je\u017celi 26 rok \u017cycia przypada w ostatnim roku studi\u00f3w, do ich uko\u0144czenia oraz dzieci niepe\u0142nosprawne bez wzgl\u0119du na wiek.<\/span><\/p>\n<p style=\"padding-left: 40px;\"><span style=\"font-size: 10pt; font-family: verdana, geneva, sans-serif;\">c. <strong>rodzic\u00f3w, opiekun\u00f3w prawnych, opiekun\u00f3w faktycznych studenta i b\u0119d\u0105ce na ich utrzymaniu dzieci niepe\u0142noletnie<\/strong>, dzieci pobieraj\u0105ce nauk\u0119 do 26 roku \u017cycia, a je\u017celi 26 rok \u017cycia przypada w ostatnim roku studi\u00f3w, do ich uko\u0144czenia oraz dzieci niepe\u0142nosprawne bez wzgl\u0119du na wiek.<\/span><\/p>\n<p><span style=\"font-size: 10pt; font-family: verdana, geneva, sans-serif;\">Dokumenty podstawowe:<\/span><\/p>\n<p><span style=\"font-size: 10pt; font-family: verdana, geneva, sans-serif;\"><strong>Wnioskodawca, rodzice wnioskodawcy, rodze\u0144stwo wnioskodawcy (pe\u0142noletnie)<\/strong><\/span><\/p>\n<ul>\n<li><a href=\"https:\/\/us.edu.pl\/wydzial\/wpia\/wp-content\/uploads\/sites\/19\/Stypendia\/Urzad-Skarbowy.pdf\" class=\"mtli_attachment mtli_pdf\" data-mtli=\"mtli_filesize667,97kB\" class=\"mtli_attachment mtli_pdf\" data-mtli=\"mtli_filesize667,97kB\"><span style=\"font-size: 10pt; font-family: verdana, geneva, sans-serif;\"><strong>Urz\u0119du Skarbowy <\/strong><\/span><\/a><\/li>\n<\/ul>\n<p style=\"padding-left: 40px;\"><span style=\"font-size: 10pt; font-family: verdana, geneva, sans-serif;\">a. za\u015bwiadczenie o wysoko\u015bci dochod\u00f3w <u>podlegaj\u0105cych opodatkowaniu<\/u> oraz o wysoko\u015bci <u>przychod\u00f3w wolnych od podatku<\/u> dochodowego osi\u0105gni\u0119tych przez wszystkich pe\u0142noletnich cz\u0142onk\u00f3w rodziny w roku 2025,<\/span><\/p>\n<p style=\"padding-left: 40px;\"><span style=\"font-size: 10pt; font-family: verdana, geneva, sans-serif;\">ka\u017cdy cz\u0142onek rodziny studenta, kt\u00f3ry uko\u0144czy\u0142 18. rok \u017cycia, sk\u0142ada <strong>oddzielne za\u015bwiadczenie <\/strong>o dochodach z urz\u0119du skarbowego, nawet je\u015bli nie uzyska\u0142 dochodu oraz nawet je\u015bli rozlicza\u0142 si\u0119 wsp\u00f3lnie z ma\u0142\u017conkiem.<\/span><\/p>\n<p style=\"padding-left: 40px;\"><span style=\"font-size: 10pt; font-family: verdana, geneva, sans-serif;\">b. za\u015bwiadczenie dla studenta i ka\u017cdego pe\u0142noletniego cz\u0142onka rodziny o prowadzeniu lub nieprowadzeniu<strong> dzia\u0142alno\u015bci gospodarczej opodatkowanej na podstawie przepis\u00f3w o zrycza\u0142towanym podatku dochodowym od niekt\u00f3rych przychod\u00f3w osi\u0105ganych przez osoby fizyczne<\/strong> w roku 2025;<\/span><\/p>\n<p style=\"padding-left: 40px;\"><span style=\"font-size: 10pt; font-family: verdana, geneva, sans-serif;\">za\u015bwiadczenie winno zawiera\u0107 informacje o<br \/>\n&#8211; roku podatkowym, kt\u00f3rego za\u015bwiadczenie dotyczy,<\/span><br \/>\n<span style=\"font-size: 10pt;\">&#8211; danych podatnika (imi\u0119, nazwisko, PESEL),<\/span><br \/>\n<span style=\"font-size: 10pt;\">&#8211; formie op\u0142acanego podatku,<\/span><br \/>\n<span style=\"font-size: 10pt;\">&#8211; wysoko\u015bci przychodu i stawce podatku (w przypadku op\u0142acania podatku w formie rycza\u0142tu),<\/span><br \/>\n<span style=\"font-size: 10pt;\">&#8211; wysoko\u015b\u0107 zap\u0142aconego podatku (w przypadku op\u0142acania podatku w formie karty podatkowej).<\/span><\/p>\n<ul>\n<li><span style=\"font-size: 10pt; font-family: verdana, geneva, sans-serif;\"><strong>ZUS <\/strong><strong>lub KRUS<\/strong> lub Zak\u0142adu Emerytalno-Rentowego MSWiA lub wojskowego biura emerytalnego lub biura emerytalnego s\u0142u\u017cby wi\u0119ziennej za\u015bwiadczenie <strong>o wysoko\u015bci sk\u0142adek na ubezpieczenie zdrowotne za rok 2025<\/strong><\/span><\/li>\n<\/ul>\n<p style=\"padding-left: 40px;\"><span style=\"font-size: 10pt; font-family: verdana, geneva, sans-serif;\"><u>Je\u015bli doch\u00f3d wyni\u00f3s\u0142 <strong>0 z<\/strong>\u0142, ww. za\u015bwiadczenie <strong>nie jest<\/strong> wymagane.<\/u><\/span><\/p>\n<p style=\"padding-left: 40px;\"><span style=\"font-size: 10pt; font-family: verdana, geneva, sans-serif;\">Za\u015bwiadcze\u0144 z US i ZUS nie da si\u0119 zast\u0105pi\u0107 PIT-em lub innym dokumentem.<\/span><\/p>\n<ul>\n<li><span style=\"font-size: 10pt; font-family: verdana, geneva, sans-serif;\">O\u015bwiadczenie o <strong>dochodach niepodlegaj\u0105cych opodatkowaniu<\/strong> <em>uzyskanych w roku 2025 (dost\u0119pne do pobrania w USOSweb w trakcie wype\u0142niania o\u015bwiadczenia o dochodach) <\/em><strong>za\u0142\u0105cznik Z-27\u00a0<\/strong><\/span><\/li>\n<\/ul>\n<p style=\"padding-left: 40px;\"><span style=\"font-size: 10pt;\">Najcz\u0119\u015bciej zg\u0142aszanymi \u017ar\u00f3d\u0142ami dochodu nieopodatkowanego s\u0105:<\/span><br \/>\n<span style=\"font-size: 10pt;\">&#8211; gospodarstwo rolne, do kt\u00f3rego nale\u017cy do\u0142\u0105czy\u0107 za\u015bwiadczenie z urz\u0119du gminy o wielko\u015bci gospodarstwa podanego w hektarach przeliczeniowych i fizycznych<\/span><br \/>\n<span style=\"font-size: 10pt;\">&#8211; zasi\u0142ek chorobowy osoby ubezpieczonej w\u00a0KRUS (na podstawie za\u015bwiadczenia z\u00a0KRUS),<\/span><br \/>\n<span style=\"font-size: 10pt;\">&#8211; alimenty, otrzymywane na podstawie prawomocnego wyroku s\u0105dowego, w kt\u00f3rym wykazana jest ich wysoko\u015b\u0107,<\/span><br \/>\n<span style=\"font-size: 10pt;\">&#8211; \u015bwiadczenie macierzy\u0144skie, na podstawie decyzji o przyznanym \u015bwiadczeniu.<\/span><\/p>\n<ul>\n<li><span style=\"font-size: 10pt; font-family: verdana, geneva, sans-serif;\">Rodze\u0144stwo<strong> wnioskodawcy (niepe\u0142noletnie)<\/strong>: za\u015bwiadczenie o podj\u0119tej nauce ze szko\u0142y\/uczelni (z dat\u0105 urodzenia) i\/lub orzeczenie o niepe\u0142nosprawno\u015bci<\/span><\/li>\n<li><span style=\"font-size: 10pt; font-family: verdana, geneva, sans-serif;\">w przypadku ma\u0142\u017ce\u0144stwa studenckiego, kserokopia aktu zawarcia zwi\u0105zku ma\u0142\u017ce\u0144skiego;<\/span><\/li>\n<\/ul>\n<table width=\"100%\">\n<tbody>\n<tr>\n<td colspan=\"2\" width=\"100%\"><span style=\"font-size: 10pt; font-family: verdana, geneva, sans-serif;\"><strong>Dodatkowo wnioskodawca<\/strong><\/span><\/td>\n<\/tr>\n<tr>\n<td width=\"53%\"><span style=\"font-size: 10pt; font-family: verdana, geneva, sans-serif;\">wnioskodawca osi\u0105gn\u0105\u0142 pe\u0142noletnio\u015b\u0107, przebywaj\u0105c w <strong>pieczy zast\u0119pczej<\/strong>, nie pozostaje na utrzymaniu rodzic\u00f3w, opiekun\u00f3w prawnych lub opiekun\u00f3w faktycznych i nie uko\u0144czy\u0142 25. roku \u017cycia<\/span><\/td>\n<td width=\"46%\"><span style=\"font-size: 10pt; font-family: verdana, geneva, sans-serif;\">wyrok lub za\u015bwiadczenie potwierdzaj\u0105ce osi\u0105gni\u0119cie pe\u0142noletno\u015bci w pieczy zast\u0119pczej<\/span><\/td>\n<\/tr>\n<tr>\n<td width=\"53%\"><span style=\"font-size: 10pt; font-family: verdana, geneva, sans-serif;\">wnioskodawca jest sierot\u0105 i nie uko\u0144czy\u0142 25. roku \u017cycia<\/span><\/td>\n<td width=\"46%\"><span style=\"font-size: 10pt; font-family: verdana, geneva, sans-serif;\">akt zgonu rodzic\u00f3w<\/span><\/td>\n<\/tr>\n<\/tbody>\n<\/table>\n<p>&nbsp;<\/p>\n<table width=\"100%\">\n<tbody>\n<tr>\n<td width=\"25%\"><span style=\"font-size: 10pt; font-family: verdana, geneva, sans-serif;\"><strong>Doch\u00f3d utracony<\/strong><\/span><\/td>\n<td width=\"74%\"><span style=\"font-size: 10pt; font-family: verdana, geneva, sans-serif;\">Umowa, potwierdzenie okresu zatrudnienia lub \u015bwiadectwo pracy oraz PIT-11<\/span><\/td>\n<\/tr>\n<tr>\n<td width=\"25%\"><span style=\"font-size: 10pt; font-family: verdana, geneva, sans-serif;\"><strong>Doch\u00f3d uzyskany<\/strong><\/span><\/td>\n<td width=\"74%\"><span style=\"font-size: 10pt; font-family: verdana, geneva, sans-serif;\">Za\u015bwiadczenie dot. wysoko\u015bci dochodu netto za drugi przepracowany miesi\u0105c oraz umowa<\/span><\/td>\n<\/tr>\n<\/tbody>\n<\/table>\n<p>&nbsp;<\/p>\n<table style=\"width: 85.8201%;\">\n<tbody>\n<tr>\n<td style=\"width: 100%;\" width=\"529\"><\/td>\n<\/tr>\n<\/tbody>\n<\/table>\n<ul>\n<li><span style=\"font-size: 10pt; font-family: verdana, geneva, sans-serif;\"><em><u>dla os\u00f3b prowadz\u0105cych gospodarstwa rolne<\/u><\/em> \u2013 za\u015bwiadczenie z urz\u0119du gminy lub nakaz p\u0142atniczy o wielko\u015bci gospodarstwa rolnego wyra\u017conej w hektarach przeliczeniowych og\u00f3lnej powierzchni w roku kalendarzowym, poprzedzaj\u0105cym rok akademicki. Przeci\u0119tny doch\u00f3d z pracy w indywidualnych gospodarstwach rolnych z 1 ha przeliczeniowego wynosi\u0142 w 2025 r. \u2026\u2026\u2026\u2026\u2026 z\u0142. po 25.09.2026r.<\/span><\/li>\n<li><span style=\"font-size: 10pt; font-family: verdana, geneva, sans-serif;\"><em><u>dla os\u00f3b prowadz\u0105cych dzia\u0142alno\u015b\u0107 gospodarcz\u0105<\/u><\/em> \u2013<\/span><\/li>\n<\/ul>\n<p style=\"padding-left: 40px;\"><span style=\"font-size: 10pt;\">&#8211; za\u015bwiadczenie z Urz\u0119du Skarbowego o wysoko\u015bci podatku, stawki procentowej oraz przychodu w podatku dochodowym od os\u00f3b fizycznych dot. dzia\u0142alno\u015bci gospodarczej rozliczanej na zasadach rycza\u0142tu<\/span><br \/>\n<span style=\"font-size: 10pt;\">&#8211; za\u015bwiadczenie z Urz\u0119du Skarbowego o wysoko\u015bci dochodu podatnika w formie karty podatkowej<\/span><br \/>\n<span style=\"font-size: 10pt;\">&#8211; w przypadku rozpocz\u0119cia dzia\u0142alno\u015bci \u2013 CEIDG wraz z PIT-28 \/ PIT-36 \/ PIT-16A<\/span><br \/>\n<span style=\"font-size: 10pt;\">&#8211; w przypadku zako\u0144czenia dzia\u0142alno\u015bci \u2013 CEIDG wraz z PIT-28 \/ PIT-36 \/ PIT-16A<\/span><br \/>\n<span style=\"font-size: 10pt;\">&#8211; w przypadku rozpocz\u0119cia dzia\u0142alno\u015bci po roku bazowym \u2013 CEIDG + dokument dochodu za miesi\u0105c po rozpocz\u0119ciu dzia\u0142alno\u015bci<\/span><\/p>\n<\/div>\n<div id=\"jsc_c_6\" class=\"d2hqwtrz r227ecj6 ez8dtbzv gt60zsk1\" data-ad-comet-preview=\"message\" data-ad-preview=\"message\">\n<ul>\n<li><span style=\"font-size: 10pt; font-family: verdana, geneva, sans-serif;\"><em><u>dla os\u00f3b bez pracy<\/u><\/em> &#8211; za\u015bwiadczenie z urz\u0119du pracy potwierdzaj\u0105ce fakt pozostawania bez pracy z prawem lub bez prawa do zasi\u0142ku, w przypadku bezrobotnych cz\u0142onk\u00f3w rodziny studenta; za\u015bwiadczenie jest wymagane r\u00f3wnie\u017c w przypadku, gdy mamy do czynienia z utrat\u0105 i uzyskaniem dochodu; za\u015bwiadczenie musi zawiera\u0107 informacj\u0119 o wysoko\u015bci uzyskanego zasi\u0142ku lub stypendium dla bezrobotnych oraz okresie jego otrzymywania,<\/span><\/li>\n<li><span style=\"font-size: 10pt; font-family: verdana, geneva, sans-serif;\"><em><u>dla os\u00f3b podejmuj\u0105cych zatrudnienie po roku bazowym &#8211;<\/u><\/em> za\u015bwiadczenie z zak\u0142adu pracy o zatrudnieniu oraz potwierdzenie od pracodawcy o wysoko\u015bci wynagrodzenia netto za drugi miesi\u0105c, czyli za pierwszy miesi\u0105c nast\u0119puj\u0105cy po miesi\u0105cu, w kt\u00f3rym osoba zosta\u0142a zatrudniona.<\/span><\/li>\n<\/ul>\n<p>&nbsp;<\/p>\n<p><span style=\"font-size: 10pt; font-family: verdana, geneva, sans-serif;\"><strong>Pozosta\u0142e <\/strong><\/span><\/p>\n<p><span style=\"font-size: 10pt; font-family: verdana, geneva, sans-serif;\"><strong>Za\u015bwiadczenie z o\u015brodka pomocy spo\u0142ecznej<\/strong><\/span><\/p>\n<p><span style=\"font-size: 10pt; font-family: verdana, geneva, sans-serif;\">Student, kt\u00f3rego miesi\u0119czny doch\u00f3d na osob\u0119 w rodzinie nie przekracza kwoty kryterium dochodowego uprawniaj\u0105cego do ubiegania si\u0119 o \u015bwiadczenia z pomocy spo\u0142ecznej \u2013 823 z\u0142 netto, do\u0142\u0105cza do wniosku o przyznanie stypendium socjalnego <strong>za\u015bwiadczenie z o\u015brodka pomocy spo\u0142ecznej o sytuacji dochodowej i maj\u0105tkowej swojej i rodziny.<\/strong> Niedo\u0142\u0105czenie takiego za\u015bwiadczenia mo\u017ce skutkowa\u0107 odmow\u0105 przyznania stypendium socjalnego.<\/span><\/p>\n<p><span style=\"font-size: 10pt; font-family: verdana, geneva, sans-serif;\">O\u015brodek pomocy spo\u0142ecznej wydaje to za\u015bwiadczenie na wniosek studenta na podstawie aktualnych lub ostatnich posiadanych informacji o beneficjentach pomocy spo\u0142ecznej (rodzinny wywiad \u015brodowiskowy przeprowadza si\u0119 tylko w przypadkach wskazanych w ustawie o pomocy spo\u0142ecznej).<\/span><\/p>\n<p><span style=\"font-size: 10pt; font-family: verdana, geneva, sans-serif;\">W przypadku gdy organ ten nie ma dost\u0119pu do informacji o sytuacji dochodowej i maj\u0105tkowej studenta i jego rodziny, np. z powodu nieubiegania si\u0119 rodziny o \u015bwiadczenia z pomocy spo\u0142ecznej, nie mo\u017ce wyda\u0107 studentowi za\u015bwiadczenia o tre\u015bci okre\u015blonej w art. 88 ust. 4 ustawy \u2013 <em>Prawo o szkolnictwie wy\u017cszym<\/em>. <em>W przypadku, gdy o\u015brodek pomocy spo\u0142ecznej odm\u00f3wi studentowi wydania za\u015bwiadczenia albo wyda za\u015bwiadczenie zawieraj\u0105ce informacj\u0119, \u017ce rodzina nie ubiega\u0142a si\u0119 lub nie korzysta z pomocy spo\u0142ecznej,<\/em> zastosowanie znajdzie art. 88 ust. 5 ww. ustawy, zgodnie z kt\u00f3rym studentowi mo\u017ce by\u0107 przyznane stypendium socjalne, je\u017celi wyka\u017ce on, \u017ce przyczyny niedo\u0142\u0105czenia do wniosku o przyznanie stypendium socjalnego za\u015bwiadczenia o sytuacji dochodowej i maj\u0105tkowej studenta i jego rodziny by\u0142y uzasadnione oraz udokumentuje \u017ar\u00f3d\u0142a utrzymania rodziny w sytuacji braku lub bardzo niskich dochod\u00f3w wykazanych we wniosku o przyznanie stypendium socjalnego.<\/span><\/p>\n<p><span style=\"font-size: 10pt; font-family: verdana, geneva, sans-serif;\"><strong><em>Do dochodu rodziny nie wlicza si\u0119 poni\u017cszych dokument\u00f3w jednak student mo\u017ce przed\u0142o\u017cy\u0107 w\u00a0celu udokumentowania innych \u017ar\u00f3de\u0142 utrzymania rodziny np.: &#8211; o\u015bwiadczenie <\/em><\/strong><\/span><\/p>\n<ul>\n<li><span style=\"font-size: 10pt; font-family: verdana, geneva, sans-serif;\">Umowy darowizny z\u00a0potwierdzonymi przelewami od krewnych spoza rodziny stypendialnej,<\/span><\/li>\n<li><span style=\"font-size: 10pt; font-family: verdana, geneva, sans-serif;\">\u015awiadczenie wychowawcze program 800+,<\/span><\/li>\n<li><span style=\"font-size: 10pt; font-family: verdana, geneva, sans-serif;\">Zasi\u0142ek rodzinny oraz dodatki do zasi\u0142ku rodzinnego,<\/span><\/li>\n<li><span style=\"font-size: 10pt; font-family: verdana, geneva, sans-serif;\">\u015awiadczenia opieku\u0144cze takie jak, zasi\u0142ek piel\u0119gnacyjny, specjalny zasi\u0142ek opieku\u0144czy, \u015bwiadczenie piel\u0119gnacyjne,<\/span><\/li>\n<li><span style=\"font-size: 10pt; font-family: verdana, geneva, sans-serif;\">Inne \u015bwiadczenia wyp\u0142acane przez gminy ze \u015brodk\u00f3w w\u0142asnych,<\/span><\/li>\n<li><span style=\"font-size: 10pt; font-family: verdana, geneva, sans-serif;\">Nieopodatkowane stypendia dla uczni\u00f3w i\u00a0student\u00f3w np. rodze\u0144stwa,<\/span><\/li>\n<li><span style=\"font-size: 10pt; font-family: verdana, geneva, sans-serif;\">Pomoc finansowa przyznawana przez organizacje spo\u0142eczne lub fundacje.<\/span><\/li>\n<\/ul>\n<h4><span style=\"font-size: 10pt; font-family: verdana, geneva, sans-serif;\">Doch\u00f3d utracony &#8211; oznacza to utrat\u0119 dochodu spowodowan\u0105:<\/span><\/h4>\n<ul>\n<li><span style=\"font-size: 10pt; font-family: verdana, geneva, sans-serif;\">uzyskaniem prawa do urlopu wychowawczego,<\/span><\/li>\n<li><span style=\"font-size: 10pt; font-family: verdana, geneva, sans-serif;\">utrat\u0105 zasi\u0142ku lub stypendium dla bezrobotnych,<\/span><\/li>\n<li><span style=\"font-size: 10pt; font-family: verdana, geneva, sans-serif;\">utrat\u0105 zatrudnienia lub innej pracy zarobkowej,<\/span><\/li>\n<li><span style=\"font-size: 10pt; font-family: verdana, geneva, sans-serif;\">utrat\u0105 zasi\u0142ku przedemerytalnego lub \u015bwiadczenia przedemerytalnego, nauczycielskiego \u015bwiadczenia kompensacyjnego, a tak\u017ce emerytury lub renty, renty rodzinnej, renty socjalnej lub rodzicielskiego \u015bwiadczenia uzupe\u0142niaj\u0105cego, o kt\u00f3rym mowa w ustawie z o rodzicielskim \u015bwiadczeniu uzupe\u0142niaj\u0105cym,<\/span><\/li>\n<li><span style=\"font-size: 10pt; font-family: verdana, geneva, sans-serif;\">wykre\u015bleniem z rejestru pozarolniczej dzia\u0142alno\u015bci gospodarczej lub zawieszeniem jej\u00a0wykonywania w rozumieniu art. 16b ustawy o ubezpieczeniu spo\u0142ecznym rolnik\u00f3w lub art.\u00a036aa ust.1 ustawy o systemie ubezpiecze\u0144 spo\u0142ecznych;<\/span><\/li>\n<li><span style=\"font-size: 10pt; font-family: verdana, geneva, sans-serif;\">utrat\u0105 zasi\u0142ku chorobowego, \u015bwiadczenia rehabilitacyjnego lub zasi\u0142ku macierzy\u0144skiego, przys\u0142uguj\u0105cych po utracie zatrudnienia lub innej pracy zarobkowej,<\/span><\/li>\n<li><span style=\"font-size: 10pt; font-family: verdana, geneva, sans-serif;\">utrat\u0105 zas\u0105dzonych \u015bwiadcze\u0144 alimentacyjnych w zwi\u0105zku ze \u015bmierci\u0105 osoby zobowi\u0105zanej do tych \u015bwiadcze\u0144 lub utrat\u0105 \u015bwiadcze\u0144 pieni\u0119\u017cnych wyp\u0142acanych w przypadku bezskuteczno\u015bci egzekucji aliment\u00f3w w zwi\u0105zku ze \u015bmierci\u0105 osoby zobowi\u0105zanej do \u015bwiadcze\u0144 alimentacyjnych;<\/span><\/li>\n<li><span style=\"font-size: 10pt; font-family: verdana, geneva, sans-serif;\">utrat\u0105 \u015bwiadczenia rodzicielskiego,<\/span><\/li>\n<li><span style=\"font-size: 10pt; font-family: verdana, geneva, sans-serif;\">utrat\u0105 zasi\u0142ku macierzy\u0144skiego, o kt\u00f3rym mowa w przepisach o ubezpieczeniu spo\u0142ecznym rolnik\u00f3w,<\/span><\/li>\n<li><span style=\"font-size: 10pt; font-family: verdana, geneva, sans-serif;\">utrat\u0105 stypendium doktoranckiego okre\u015blonego w art. 209 ust. 1 i 7 Prawo o szkolnictwie wy\u017cszym i nauce;<\/span><\/li>\n<\/ul>\n<p><span style=\"font-size: 10pt; font-family: verdana, geneva, sans-serif;\"><strong>Doch\u00f3d uzyskany &#8211; oznacza to uzyskanie dochodu spowodowane:<\/strong><\/span><\/p>\n<ul>\n<li><span style=\"font-size: 10pt; font-family: verdana, geneva, sans-serif;\">zako\u0144czenia urlopu wychowawczego,<\/span><\/li>\n<li><span style=\"font-size: 10pt; font-family: verdana, geneva, sans-serif;\">uzyskania zasi\u0142ku lub stypendium dla bezrobotnych,<\/span><\/li>\n<li><span style=\"font-size: 10pt; font-family: verdana, geneva, sans-serif;\">uzyskania zatrudnienia lub innej pracy zarobkowej,<\/span><\/li>\n<li><span style=\"font-size: 10pt; font-family: verdana, geneva, sans-serif;\">uzyskania zasi\u0142ku przedemerytalnego lub \u015bwiadczenia przedemerytalnego, <\/span><span style=\"font-size: 10pt; font-family: verdana, geneva, sans-serif;\">nauczycielskiego \u015bwiadczenia kompensacyjnego, a tak\u017ce emerytury lub renty, renty <\/span><span style=\"font-size: 10pt; font-family: verdana, geneva, sans-serif;\">rodzinnej, renty socjalnej lub rodzicielskiego \u015bwiadczenia uzupe\u0142niaj\u0105cego, o kt\u00f3rym <\/span><span style=\"font-size: 10pt; font-family: verdana, geneva, sans-serif;\">mowa w ustawie z dnia 31 stycznia 2019 o rodzicielskim \u015bwiadczeniu <\/span><span style=\"font-size: 10pt; font-family: verdana, geneva, sans-serif;\">uzupe\u0142niaj\u0105cym,<\/span><\/li>\n<li><span style=\"font-size: 10pt; font-family: verdana, geneva, sans-serif;\">rozpocz\u0119ciem pozarolniczej dzia\u0142alno\u015bci gospodarczej lub wznowieniem jej <\/span><span style=\"font-size: 10pt; font-family: verdana, geneva, sans-serif;\">wykonywania po okresie zawieszenia w rozumieniu art. 16b ustawy z dnia 20 grudnia <\/span><span style=\"font-size: 10pt; font-family: verdana, geneva, sans-serif;\">1990 r. o ubezpieczeniu spo\u0142ecznym rolnik\u00f3w lub art. 36aa ust. 1 ustawy z dnia <\/span><span style=\"font-size: 10pt; font-family: verdana, geneva, sans-serif;\">13 pa\u017adziernika 1998 r. o systemie ubezpiecze\u0144 spo\u0142ecznych,<\/span><\/li>\n<li><span style=\"font-size: 10pt; font-family: verdana, geneva, sans-serif;\">uzyskanie zasi\u0142ku chorobowego, \u015bwiadczenia rehabilitacyjnego lub zasi\u0142ku <\/span><span style=\"font-size: 10pt; font-family: verdana, geneva, sans-serif;\">macierzy\u0144skiego, przys\u0142uguj\u0105cych po utracie zatrudnienia lub innej pracy zarobkowej,<\/span><\/li>\n<li><span style=\"font-size: 10pt; font-family: verdana, geneva, sans-serif;\">uzyskaniem \u015bwiadczenia rodzicielskiego,<\/span><\/li>\n<li><span style=\"font-size: 10pt; font-family: verdana, geneva, sans-serif;\">uzyskaniem zasi\u0142ku macierzy\u0144skiego, o kt\u00f3rym mowa w przepisach o ubezpieczeniu <\/span><span style=\"font-size: 10pt; font-family: verdana, geneva, sans-serif;\">spo\u0142ecznym rolnik\u00f3w,<\/span><\/li>\n<li><span style=\"font-size: 10pt; font-family: verdana, geneva, sans-serif;\">uzyskaniem stypendium doktoranckiego okre\u015blonego w art. 209 ust. 1 i 7 ustawy <\/span><span style=\"font-size: 10pt; font-family: verdana, geneva, sans-serif;\">z dnia 20 lipca 2018 r. \u2013 Prawo o szkolnictwie wy\u017cszym i nauce.<\/span><\/li>\n<\/ul>\n<ol>\n<li><span style=\"font-size: 10pt; font-family: verdana, geneva, sans-serif;\">W przypadku, gdy student lub cz\u0142onek jego rodziny uzyska doch\u00f3d po up\u0142ywie okresu obliczeniowego, lecz przed dat\u0105 z\u0142o\u017cenia wniosku o stypendium, doch\u00f3d ten uwzgl\u0119dnia si\u0119 w dochodzie rodziny.<\/span><\/li>\n<\/ol>\n<p><span style=\"font-size: 10pt; font-family: verdana, geneva, sans-serif;\">1a. W przypadku uzyskania dochodu przez studenta lub cz\u0142onka jego rodziny w okresie obliczeniowym, ustalaj\u0105c doch\u00f3d uzyskany w tym okresie, doch\u00f3d ten dzieli si\u0119 przez liczb\u0119 miesi\u0119cy w kt\u00f3rych doch\u00f3d ten zosta\u0142 osi\u0105gni\u0119ty, je\u017celi jest on r\u00f3wnie\u017c uzyskiwany w dniu ustalania prawa do stypendium.<\/span><\/p>\n<p><span style=\"font-size: 10pt; font-family: verdana, geneva, sans-serif;\">1b. W przypadku uzyskania dochodu przez studenta lub cz\u0142onka jego rodziny po okresie obliczeniowym, ustalaj\u0105c doch\u00f3d powi\u0119ksza si\u0119 go o kwot\u0119 uzyskanego dochodu z miesi\u0105ca nast\u0119puj\u0105cego po miesi\u0105cu, w kt\u00f3rym doch\u00f3d zosta\u0142 osi\u0105gni\u0119ty, je\u017celi jest on r\u00f3wnie\u017c uzyskiwany w dniu ustalania prawa do stypendium.<\/span><\/p>\n<p><span style=\"font-size: 10pt; font-family: verdana, geneva, sans-serif;\">Je\u015bli w okresie 3 miesi\u0119cy licz\u0105c od dnia utraty dochodu uzyska\u0142e\u015b doch\u00f3d u tego samego pracodawcy, zleceniodawcy lub rozpocz\u0105\u0142e\u015b pozarolnicz\u0105 dzia\u0142alno\u015b\u0107 gospodarcz\u0105 przepis\u00f3w o utracie i uzyskaniu dochodu si\u0119 nie stosuje<\/span><\/p>\n<p>&nbsp;<\/p>\n<p><span style=\"font-size: 10pt; font-family: verdana, geneva, sans-serif;\"><strong>Student uznany za samodzielnego finansowo<\/strong>:<\/span><\/p>\n<p><span style=\"font-size: 10pt; font-family: verdana, geneva, sans-serif;\">Student, kt\u00f3ry nie prowadzi wsp\u00f3lnego gospodarstwa domowego z \u017cadnym z rodzic\u00f3w, opiekun\u00f3w prawnych lub faktycznych, mo\u017ce ubiega\u0107 si\u0119 o stypendium socjalne, je\u017celi spe\u0142nia jeden z nast\u0119puj\u0105cych warunk\u00f3w:<\/span><\/p>\n<ul>\n<li><span style=\"font-size: 10pt; font-family: verdana, geneva, sans-serif;\">uko\u0144czy\u0142 26 rok \u017cycia;<\/span><\/li>\n<li><span style=\"font-size: 10pt; font-family: verdana, geneva, sans-serif;\">pozostaje w zwi\u0105zku ma\u0142\u017ce\u0144skim;<\/span><\/li>\n<li><span style=\"font-size: 10pt; font-family: verdana, geneva, sans-serif;\">ma na utrzymaniu dzieci;<\/span><\/li>\n<li><span style=\"font-size: 10pt; font-family: verdana, geneva, sans-serif;\">osi\u0105gn\u0105\u0142 pe\u0142noletno\u015b\u0107, przebywaj\u0105c w pieczy zast\u0119pczej;<\/span><\/li>\n<li><span style=\"font-size: 10pt; font-family: verdana, geneva, sans-serif;\">posiada sta\u0142e \u017ar\u00f3d\u0142o dochod\u00f3w i jego przeci\u0119tny miesi\u0119czny doch\u00f3d w poprzednim roku podatkowym oraz w roku bie\u017c\u0105cym w miesi\u0105cach poprzedzaj\u0105cych miesi\u0105c z\u0142o\u017cenia o\u015bwiadczenia o nieprowadzeniu wsp\u00f3lnego gospodarstwa domowego z \u017cadnym z rodzic\u00f3w, opiekun\u00f3w prawnych lub faktycznych, jest wy\u017cszy lub r\u00f3wny <strong>866,40 z\u0142. netto\/mc<\/strong><\/span><\/li>\n<\/ul>\n<p><span style=\"font-size: 10pt; font-family: verdana, geneva, sans-serif;\">Student, jest zobowi\u0105zany z\u0142o\u017cy\u0107 o\u015bwiadczenie, \u017ce nie prowadzi wsp\u00f3lnego gospodarstwa domowego z \u017cadnym z rodzic\u00f3w, opiekun\u00f3w prawnych lub faktycznych. W przypadku gdy miesi\u0119czny doch\u00f3d na osob\u0119 w rodzinie jest ni\u017cszy lub r\u00f3wny 823 z\u0142 student ma obowi\u0105zek dostarczy\u0107 za\u015bwiadczenie z MOPS\/GOPS o swojej sytuacji dochodowej i maj\u0105tkowej.<\/span><\/p>\n<p><span style=\"font-size: 10pt; font-family: verdana, geneva, sans-serif;\">Sta\u0142ym dochodem mo\u017ce by\u0107 np. renta po zmar\u0142ym rodzicu, zas\u0105dzone alimenty, umowa o\u00a0prac\u0119, cyklicznie zawierane umowy zlecenia.<\/span><\/p>\n<p>&nbsp;<\/p>\n<p><span style=\"font-size: 10pt;\">W przypadku studiowania na wi\u0119cej ni\u017c jednym kierunku studi\u00f3w stypendium socjalne mo\u017cna pobiera\u0107 tylko na jednym, wskazanym przez studenta kierunku. Prawo do \u015bwiadcze\u0144 nie przys\u0142uguje studentowi posiadaj\u0105cemu tytu\u0142 zawodowy:<\/span><\/p>\n<ul>\n<li><span style=\"font-size: 10pt;\">magistra, magistra in\u017cyniera albo r\u00f3wnorz\u0119dny,<\/span><\/li>\n<li><span style=\"font-size: 10pt;\">licencjata, in\u017cyniera albo r\u00f3wnorz\u0119dny, je\u017celi ponownie podejmuje studia pierwszego stopnia.<\/span><\/li>\n<\/ul>\n<p><span style=\"font-size: 10pt;\">\u015awiadczenia przys\u0142uguj\u0105 na studiach pierwszego stopnia, studiach drugiego stopnia i jednolitych studiach magisterskich, przez \u0142\u0105czny okres 12 semestr\u00f3w, bez wzgl\u0119du na ich pobieranie przez studenta.<\/span><\/p>\n<p><span style=\"font-size: 10pt;\">W ramach tego okresu \u015bwiadczenia przys\u0142uguj\u0105 na studiach:<\/span><\/p>\n<ol>\n<li><span style=\"font-size: 10pt;\">pierwszego stopnia \u2013 nie d\u0142u\u017cej ni\u017c przez 9 semestr\u00f3w;<\/span><\/li>\n<li><span style=\"font-size: 10pt;\">drugiego stopnia \u2013 nie d\u0142u\u017cej ni\u017c przez 7 semestr\u00f3w.<\/span><\/li>\n<\/ol>\n<p><span style=\"font-size: 10pt;\">Stypendium jest przyznawane na wniosek studenta, na okres 9 miesi\u0119cy.<\/span><\/p>\n<p>&nbsp;<\/p>\n<p><span style=\"font-size: 10pt; font-family: verdana, geneva, sans-serif;\"><strong>Sprawd\u017a na stronie:<\/strong><span style=\"color: #0000ff;\"><a style=\"color: #0000ff;\" href=\"https:\/\/us.edu.pl\/student\/wsparcie-i-fundusze\/swiadczenia-stypendia-i-zapomoga\">https:\/\/us.edu.pl\/student\/wsparcie-i-fundusze\/swiadczenia-stypendia-i-zapomoga<\/a><\/span><\/span><\/p>\n<p>&nbsp;<\/p>\n<p style=\"margin: 0cm; margin-bottom: .0001pt;\"><span style=\"font-size: 10pt; font-family: verdana, geneva, sans-serif;\"><strong>Godziny Urz\u0119dowania:<\/strong><\/span><\/p>\n<p style=\"margin: 0cm; margin-bottom: .0001pt;\"><span style=\"font-size: 10pt; font-family: verdana, geneva, sans-serif;\">Poniedzia\u0142ek: 11.00-15.00<\/span><\/p>\n<p style=\"margin: 0cm; margin-bottom: .0001pt;\"><span style=\"font-size: 10pt; font-family: verdana, geneva, sans-serif;\">Wtorek: 12.00-17.00<\/span><\/p>\n<p style=\"margin: 0cm; margin-bottom: .0001pt;\"><span style=\"font-size: 10pt; font-family: verdana, geneva, sans-serif;\">\u015aroda: 11.00-15.00<\/span><\/p>\n<p style=\"margin: 0cm; margin-bottom: .0001pt;\"><span style=\"font-size: 10pt; font-family: verdana, geneva, sans-serif;\">Czwartek: Nieczynne<\/span><\/p>\n<p style=\"margin: 0cm; margin-bottom: .0001pt;\"><span style=\"font-size: 10pt; font-family: verdana, geneva, sans-serif;\">Pi\u0105tek: 11.00-14.00<\/span><\/p>\n<p><span style=\"font-size: 10pt; font-family: verdana, geneva, sans-serif;\">Sobota zjazdowa 7.30-13.00<\/span><\/p>\n<\/div>\n<\/div>\n<\/div>\n<\/div>\n<\/div>\n<p>&nbsp;<\/p>\n<p><!--more--><\/p>\n<style type=\"text\/css\">a[data-mtli~=\"mtli_filesize29,00kB\"]:after {content:\" (29,00 kB)\"}a[data-mtli~=\"mtli_filesize667,97kB\"]:after {content:\" (667,97 kB)\"}<\/style><\/div>\r\n                    <\/div>\r\n                <\/div>\r\n\t\t\t\t<div class='container'>\r\n\t\t\t\t\t<div class='list-links list-links_'>\r\n\t\t\t\t\t\t  \r\n\t\t\t\t\t\t  <ul>\r\n\t\t\t\t\t\t\t\t<li><a href='https:\/\/us.edu.pl\/wydzial\/wpia\/student\/stypendia-sprawy-socjalne\/archiwum\/'><p>archiwum<\/p><\/a><\/li><\/ul>\r\n\t\t\t\t\t<\/div>\r\n\t\t\t\t<\/div>   \r\n\t\t\t\t\t[\/vc_column][\/vc_row][vc_row disable_element=&#8221;yes&#8221;][vc_column][vc_column_text]<span style=\"font-size: 10pt; font-family: verdana, geneva, sans-serif;\">[&#8222;Stypendia\/sprawy socjalne&#8221;]<\/span><\/p>\n<div id=\"jsc_c_6\" class=\"d2hqwtrz r227ecj6 ez8dtbzv gt60zsk1\" data-ad-comet-preview=\"message\" data-ad-preview=\"message\">\n<div class=\"alzwoclg cqf1kptm siwo0mpr gu5uzgus\">\n<div class=\"jroqu855 nthtkgg5\">\n<div class=\"\" dir=\"auto\">\n<div id=\"jsc_c_6\" class=\"d2hqwtrz r227ecj6 ez8dtbzv gt60zsk1\" data-ad-comet-preview=\"message\" data-ad-preview=\"message\">\n<p><span style=\"font-size: 10pt; font-family: verdana, geneva, sans-serif;\">Aby uzyska\u0107 \u015bwiadczenia, nale\u017cy elektronicznie wype\u0142ni\u0107 wniosek o stypendium socjalne oraz o\u015bwiadczenie o dochodach na stronie: <a href=\"http:\/\/www.usosweb.us.edu.pl\">www.usosweb.us.edu.pl<\/a> w zak\u0142adce DLA WSZYSTKICH \u2013 WNIOSKI, wgrywaj\u0105c za\u0142\u0105czniki.<\/span><\/p>\n<p><span style=\"font-size: 10pt; font-family: verdana, geneva, sans-serif;\">Termin sk\u0142adania wniosk\u00f3w &#8211; <strong>od 01 do 10 pa\u017adziernika 2026 r.<\/strong><\/span><\/p>\n<p>&nbsp;<\/p>\n<p><span style=\"font-size: 10pt; font-family: verdana, geneva, sans-serif;\"><strong>Stypendium socjalne \u2013 regulamin \u015bwiadcze\u0144 \u2013 <em><u><a href=\"https:\/\/aktyprawne.us.edu.pl\/423\/d\/8409\/5\/\">dost\u0119pny<\/a><\/u><\/em><\/strong><\/span><\/p>\n<ul>\n<li><span style=\"font-size: 10pt;\">wykaz dokument\u00f3w niezb\u0119dnych do ustalenia dochodu studenta &#8211; <a href=\"https:\/\/aktyprawne.us.edu.pl\/423\/d\/8409\/5\/\">dost\u0119pny<\/a><\/span><\/li>\n<li><span style=\"font-size: 10pt;\">zasady obliczania dochodu rodziny studenta &#8211; <a href=\"https:\/\/aktyprawne.us.edu.pl\/423\/d\/8409\/5\/\">dost\u0119pny<\/a><\/span><u><\/u><\/li>\n<\/ul>\n<p>&nbsp;<\/p>\n<p><span style=\"font-size: 10pt; font-family: verdana, geneva, sans-serif;\"><strong>INFORMACJE OG\u00d3LNE<\/strong><\/span><\/p>\n<p><span style=\"font-size: 10pt; font-family: verdana, geneva, sans-serif;\"><strong>Stypendium socjalne<\/strong> przys\u0142uguje studentowi, kt\u00f3ry znajduje si\u0119 w trudnej sytuacji materialnej, kt\u00f3rego doch\u00f3d netto na osob\u0119 w rodzinie nie przekracza kwoty\u00a0 <strong>2.099,70 z\u0142otych miesi\u0119cznie.<\/strong><\/span><\/p>\n<p><span style=\"font-size: 10pt; font-family: verdana, geneva, sans-serif;\">Sytuacj\u0119 materialn\u0105 studenta ustala si\u0119 na podstawie wysoko\u015bci miesi\u0119cznej kwoty netto dochodu przypadaj\u0105cego na cz\u0142onka rodziny studenta.<\/span><\/p>\n<p><span style=\"font-size: 10pt; font-family: verdana, geneva, sans-serif;\">Student, kt\u00f3rego miesi\u0119czny doch\u00f3d na osob\u0119 w rodzinie\u00a0<strong>nie przekracza kwoty <u>823,00<\/u><\/strong> z\u0142, (dla osoby samotnie gospodaruj\u0105cej jest to kwota 1.010,00 z\u0142) ma obowi\u0105zek przed\u0142o\u017cy\u0107\u00a0<strong><em>za\u015bwiadczenie z o\u015brodka pomocy spo\u0142ecznej<\/em><\/strong> <em>(lub centrum us\u0142ug spo\u0142ecznych) <strong>o korzystaniu w roku 2026 ze \u015bwiadcze\u0144 pomocy spo\u0142ecznej przez siebie lub cz\u0142onk\u00f3w swojej rodziny<\/strong><\/em>.<\/span><\/p>\n<p><span style=\"font-size: 10pt; font-family: verdana, geneva, sans-serif;\">W przypadku, gdy student lub cz\u0142onkowie jego rodziny nie korzystaj\u0105 ze \u015bwiadcze\u0144 z pomocy spo\u0142ecznej, stypendium socjalne mo\u017ce zosta\u0107 przyznane studentowi, <strong><u>je\u015bli udokumentuje on \u017ar\u00f3d\u0142o utrzymania rodziny <\/u><\/strong><\/span><span style=\"font-size: 10pt; font-family: verdana, geneva, sans-serif;\"><strong><em><u>&#8211; <a href=\"https:\/\/us.edu.pl\/wydzial\/wpia\/wp-content\/uploads\/sites\/19\/Stypendia\/oswiadczenie-o-sytuacji-dochodowej-rodziny.doc\" class=\"mtli_attachment mtli_doc\" data-mtli=\"mtli_filesize29,00kB\">o\u015bwiadczenie o sytuacji dochodowej rodziny<\/a><\/u><\/em><\/strong><strong><em>\u00a0<\/em><\/strong><\/span><\/p>\n<p><span style=\"font-size: 10pt; font-family: verdana, geneva, sans-serif;\"><strong>Rokiem bazowym jest 2025<\/strong> i z tego roku uwzgl\u0119dniamy dochody na podstawie za\u015bwiadczenia z urz\u0119du skarbowego. Nale\u017cy jednak pami\u0119ta\u0107, \u017ce sytuacja \u201ena dzie\u0144 dzisiejszy\u201d tak\u017ce jest uwzgl\u0119dniana, wi\u0119c je\u017celi po 31.12.2025 r. a\u017c do dnia sk\u0142adania o\u015bwiadczenia nast\u0105pi np. uzyskanie nowego dochodu (np. nowa praca) lub utrata dochodu z 2025 r. (np. utrata pracy), nale\u017cy to uwzgl\u0119dni\u0107.<\/span><\/p>\n<p>&nbsp;<\/p>\n<p><span style=\"font-size: 10pt; font-family: verdana, geneva, sans-serif;\"><strong>Przewodnik w ubieganiu si\u0119 o przyznanie stypendium socjalnego<\/strong><\/span><\/p>\n<ol>\n<li><span style=\"font-size: 10pt; font-family: verdana, geneva, sans-serif;\">Za rodzin\u0119 studenta uwa\u017ca si\u0119 ma\u0142\u017conka, rodzic\u00f3w (opiekun\u00f3w prawnych), rodze\u0144stwo studenta i dzieci studenta.<\/span><\/li>\n<li><span style=\"font-size: 10pt; font-family: verdana, geneva, sans-serif;\">Przy ustalaniu wysoko\u015bci dochodu uprawniaj\u0105cego studenta do ubiegania si\u0119 o stypendium socjalne uwzgl\u0119dnia si\u0119 dochody osi\u0105gni\u0119te przez:<\/span><\/li>\n<\/ol>\n<ul>\n<li style=\"list-style-type: none;\">\n<ul style=\"list-style-type: disc;\">\n<li><span style=\"font-size: 10pt; font-family: verdana, geneva, sans-serif;\"><strong>studenta<\/strong><\/span><\/li>\n<li><span style=\"font-size: 10pt; font-family: verdana, geneva, sans-serif;\"><strong>ma\u0142\u017conka studenta, a tak\u017ce b\u0119d\u0105ce na utrzymaniu studenta lub jego ma\u0142\u017conka dzieci niepe\u0142noletnich<\/strong>, dzieci pobieraj\u0105ce nauk\u0119 do 26 roku \u017cycia, a je\u017celi 26 rok \u017cycia przypada w ostatnim roku studi\u00f3w, do ich uko\u0144czenia oraz dzieci niepe\u0142nosprawne bez wzgl\u0119du na wiek.<\/span><\/li>\n<li><span style=\"font-size: 10pt; font-family: verdana, geneva, sans-serif;\"><strong>rodzic\u00f3w, opiekun\u00f3w prawnych, opiekun\u00f3w faktycznych studenta i b\u0119d\u0105ce na ich utrzymaniu dzieci niepe\u0142noletnie<\/strong>, dzieci pobieraj\u0105ce nauk\u0119 do 26 roku \u017cycia, a je\u017celi 26 rok \u017cycia przypada w ostatnim roku studi\u00f3w, do ich uko\u0144czenia oraz dzieci niepe\u0142nosprawne bez wzgl\u0119du na wiek.<\/span><\/li>\n<\/ul>\n<\/li>\n<\/ul>\n<p><span style=\"font-size: 10pt; font-family: verdana, geneva, sans-serif;\">Dokumenty podstawowe:<\/span><\/p>\n<p><span style=\"font-size: 10pt; font-family: verdana, geneva, sans-serif;\"><strong>Wnioskodawca, rodzice wnioskodawcy, rodze\u0144stwo wnioskodawcy (pe\u0142noletnie)<\/strong><\/span><\/p>\n<ul>\n<li><a href=\"https:\/\/us.edu.pl\/wydzial\/wpia\/wp-content\/uploads\/sites\/19\/Stypendia\/Urzad-Skarbowy.pdf\" class=\"mtli_attachment mtli_pdf\" data-mtli=\"mtli_filesize667,97kB\"><span style=\"font-size: 10pt; font-family: verdana, geneva, sans-serif;\"><strong>Urz\u0119du Skarbowy <\/strong><\/span><\/a><\/li>\n<\/ul>\n<p style=\"padding-left: 40px;\"><span style=\"font-size: 10pt; font-family: verdana, geneva, sans-serif;\">a. za\u015bwiadczenie o wysoko\u015bci dochod\u00f3w <u>podlegaj\u0105cych opodatkowaniu<\/u> oraz o wysoko\u015bci <u>przychod\u00f3w wolnych od podatku<\/u> dochodowego osi\u0105gni\u0119tych przez wszystkich pe\u0142noletnich cz\u0142onk\u00f3w rodziny w roku 2025,<\/span><\/p>\n<p style=\"padding-left: 40px;\"><span style=\"font-size: 10pt; font-family: verdana, geneva, sans-serif;\">ka\u017cdy cz\u0142onek rodziny studenta, kt\u00f3ry uko\u0144czy\u0142 18. rok \u017cycia, sk\u0142ada <strong>oddzielne za\u015bwiadczenie <\/strong>o dochodach z urz\u0119du skarbowego, nawet je\u015bli nie uzyska\u0142 dochodu oraz nawet je\u015bli rozlicza\u0142 si\u0119 wsp\u00f3lnie z ma\u0142\u017conkiem.<\/span><\/p>\n<p style=\"padding-left: 40px;\"><span style=\"font-size: 10pt; font-family: verdana, geneva, sans-serif;\">b. za\u015bwiadczenie dla studenta i ka\u017cdego pe\u0142noletniego cz\u0142onka rodziny o prowadzeniu lub nieprowadzeniu<strong> dzia\u0142alno\u015bci gospodarczej opodatkowanej na podstawie przepis\u00f3w o zrycza\u0142towanym podatku dochodowym od niekt\u00f3rych przychod\u00f3w osi\u0105ganych przez osoby fizyczne<\/strong> w roku 2025;<\/span><\/p>\n<p style=\"padding-left: 40px;\"><span style=\"font-size: 10pt; font-family: verdana, geneva, sans-serif;\">za\u015bwiadczenie winno zawiera\u0107 informacje o<strong>:<\/strong><\/span><\/p>\n<ul>\n<li style=\"list-style-type: none;\">\n<ul>\n<li><span style=\"font-size: 10pt; font-family: verdana, geneva, sans-serif;\">roku podatkowym, kt\u00f3rego za\u015bwiadczenie dotyczy,<\/span><\/li>\n<li><span style=\"font-size: 10pt; font-family: verdana, geneva, sans-serif;\">danych podatnika (imi\u0119, nazwisko, PESEL),<\/span><\/li>\n<li><span style=\"font-size: 10pt; font-family: verdana, geneva, sans-serif;\">formie op\u0142acanego podatku,<\/span><\/li>\n<li><span style=\"font-size: 10pt; font-family: verdana, geneva, sans-serif;\">wysoko\u015bci przychodu i stawce podatku (w przypadku op\u0142acania podatku w formie rycza\u0142tu),<\/span><\/li>\n<li><span style=\"font-size: 10pt; font-family: verdana, geneva, sans-serif;\">wysoko\u015b\u0107 zap\u0142aconego podatku (w przypadku op\u0142acania podatku w formie karty podatkowej).<\/span><\/li>\n<\/ul>\n<\/li>\n<\/ul>\n<p>&nbsp;<\/p>\n<ul>\n<li><span style=\"font-size: 10pt; font-family: verdana, geneva, sans-serif;\"><strong>ZUS <\/strong><strong>lub KRUS<\/strong> lub Zak\u0142adu Emerytalno-Rentowego MSWiA lub wojskowego biura emerytalnego lub biura emerytalnego s\u0142u\u017cby wi\u0119ziennej za\u015bwiadczenie <strong>o wysoko\u015bci sk\u0142adek na ubezpieczenie zdrowotne za rok 2025<\/strong><\/span><\/li>\n<\/ul>\n<p style=\"padding-left: 40px;\"><span style=\"font-size: 10pt; font-family: verdana, geneva, sans-serif;\"><u>Je\u015bli doch\u00f3d wyni\u00f3s\u0142 <strong>0 z<\/strong>\u0142, ww. za\u015bwiadczenie <strong>nie jest<\/strong> wymagane.<\/u><\/span><\/p>\n<p style=\"padding-left: 40px;\"><span style=\"font-size: 10pt; font-family: verdana, geneva, sans-serif;\">Za\u015bwiadcze\u0144 z US i ZUS nie da si\u0119 zast\u0105pi\u0107 PIT-em lub innym dokumentem.<\/span><\/p>\n<ul>\n<li><span style=\"font-size: 10pt; font-family: verdana, geneva, sans-serif;\">O\u015bwiadczenie o <strong>dochodach niepodlegaj\u0105cych opodatkowaniu<\/strong> <em>uzyskanych w roku 2025 (dost\u0119pne do pobrania w USOSweb w trakcie wype\u0142niania o\u015bwiadczenia o dochodach) <\/em><strong>za\u0142\u0105cznik Z-27\u00a0<\/strong><\/span><\/li>\n<\/ul>\n<p style=\"padding-left: 40px;\"><span style=\"font-size: 10pt;\">Najcz\u0119\u015bciej zg\u0142aszanymi \u017ar\u00f3d\u0142ami dochodu nieopodatkowanego s\u0105:<\/span><br \/>\n<span style=\"font-size: 10pt;\">&#8211; gospodarstwo rolne, do kt\u00f3rego nale\u017cy do\u0142\u0105czy\u0107 za\u015bwiadczenie z urz\u0119du gminy o wielko\u015bci gospodarstwa podanego w hektarach przeliczeniowych i fizycznych<\/span><br \/>\n<span style=\"font-size: 10pt;\">&#8211; zasi\u0142ek chorobowy osoby ubezpieczonej w\u00a0KRUS (na podstawie za\u015bwiadczenia z\u00a0KRUS),<\/span><br \/>\n<span style=\"font-size: 10pt;\">&#8211; alimenty, otrzymywane na podstawie prawomocnego wyroku s\u0105dowego, w kt\u00f3rym wykazana jest ich wysoko\u015b\u0107,<\/span><br \/>\n<span style=\"font-size: 10pt;\">&#8211; \u015bwiadczenie macierzy\u0144skie, na podstawie decyzji o przyznanym \u015bwiadczeniu.<\/span><\/p>\n<ul>\n<li><span style=\"font-size: 10pt; font-family: verdana, geneva, sans-serif;\">Rodze\u0144stwo<strong> wnioskodawcy (niepe\u0142noletnie)<\/strong>: za\u015bwiadczenie o podj\u0119tej nauce ze szko\u0142y\/uczelni (z dat\u0105 urodzenia) i\/lub orzeczenie o niepe\u0142nosprawno\u015bci<\/span><\/li>\n<li><span style=\"font-size: 10pt; font-family: verdana, geneva, sans-serif;\">w przypadku ma\u0142\u017ce\u0144stwa studenckiego, kserokopia aktu zawarcia zwi\u0105zku ma\u0142\u017ce\u0144skiego;<\/span><\/li>\n<\/ul>\n<table width=\"100%\">\n<tbody>\n<tr>\n<td colspan=\"2\" width=\"100%\"><span style=\"font-size: 10pt; font-family: verdana, geneva, sans-serif;\"><strong>Dodatkowo wnioskodawca<\/strong><\/span><\/td>\n<\/tr>\n<tr>\n<td width=\"53%\"><span style=\"font-size: 10pt; font-family: verdana, geneva, sans-serif;\">wnioskodawca osi\u0105gn\u0105\u0142 pe\u0142noletnio\u015b\u0107, przebywaj\u0105c w <strong>pieczy zast\u0119pczej<\/strong>, nie pozostaje na utrzymaniu rodzic\u00f3w, opiekun\u00f3w prawnych lub opiekun\u00f3w faktycznych i nie uko\u0144czy\u0142 25. roku \u017cycia<\/span><\/td>\n<td width=\"46%\"><span style=\"font-size: 10pt; font-family: verdana, geneva, sans-serif;\">wyrok lub za\u015bwiadczenie potwierdzaj\u0105ce osi\u0105gni\u0119cie pe\u0142noletno\u015bci w pieczy zast\u0119pczej<\/span><\/td>\n<\/tr>\n<tr>\n<td width=\"53%\"><span style=\"font-size: 10pt; font-family: verdana, geneva, sans-serif;\">wnioskodawca jest sierot\u0105 i nie uko\u0144czy\u0142 25. roku \u017cycia<\/span><\/td>\n<td width=\"46%\"><span style=\"font-size: 10pt; font-family: verdana, geneva, sans-serif;\">akt zgonu rodzic\u00f3w<\/span><\/td>\n<\/tr>\n<\/tbody>\n<\/table>\n<p>&nbsp;<\/p>\n<table width=\"100%\">\n<tbody>\n<tr>\n<td width=\"25%\"><span style=\"font-size: 10pt; font-family: verdana, geneva, sans-serif;\"><strong>Doch\u00f3d utracony<\/strong><\/span><\/td>\n<td width=\"74%\"><span style=\"font-size: 10pt; font-family: verdana, geneva, sans-serif;\">Umowa, potwierdzenie okresu zatrudnienia lub \u015bwiadectwo pracy oraz PIT-11<\/span><\/td>\n<\/tr>\n<tr>\n<td width=\"25%\"><span style=\"font-size: 10pt; font-family: verdana, geneva, sans-serif;\"><strong>Doch\u00f3d uzyskany<\/strong><\/span><\/td>\n<td width=\"74%\"><span style=\"font-size: 10pt; font-family: verdana, geneva, sans-serif;\">Za\u015bwiadczenie dot. wysoko\u015bci dochodu netto za drugi przepracowany miesi\u0105c oraz umowa<\/span><\/td>\n<\/tr>\n<\/tbody>\n<\/table>\n<p>&nbsp;<\/p>\n<table style=\"width: 85.8201%;\">\n<tbody>\n<tr>\n<td style=\"width: 100%;\" width=\"529\"><\/td>\n<\/tr>\n<\/tbody>\n<\/table>\n<ul>\n<li><span style=\"font-size: 10pt; font-family: verdana, geneva, sans-serif;\"><em><u>dla os\u00f3b prowadz\u0105cych gospodarstwa rolne<\/u><\/em> \u2013 za\u015bwiadczenie z urz\u0119du gminy lub nakaz p\u0142atniczy o wielko\u015bci gospodarstwa rolnego wyra\u017conej w hektarach przeliczeniowych og\u00f3lnej powierzchni w roku kalendarzowym, poprzedzaj\u0105cym rok akademicki. Przeci\u0119tny doch\u00f3d z pracy w indywidualnych gospodarstwach rolnych z 1 ha przeliczeniowego wynosi\u0142 w 2025 r. \u2026\u2026\u2026\u2026\u2026 z\u0142. po 25.09.2026r.<\/span><\/li>\n<li><span style=\"font-size: 10pt; font-family: verdana, geneva, sans-serif;\"><em><u>dla os\u00f3b prowadz\u0105cych dzia\u0142alno\u015b\u0107 gospodarcz\u0105<\/u><\/em> \u2013<\/span>\n<ol>\n<li><span style=\"font-size: 10pt; font-family: verdana, geneva, sans-serif;\">za\u015bwiadczenie z Urz\u0119du Skarbowego o wysoko\u015bci podatku, stawki procentowej oraz przychodu w podatku dochodowym od os\u00f3b fizycznych dot. dzia\u0142alno\u015bci gospodarczej rozliczanej na zasadach rycza\u0142tu<\/span><\/li>\n<li><span style=\"font-size: 10pt; font-family: verdana, geneva, sans-serif;\">za\u015bwiadczenie z Urz\u0119du Skarbowego o wysoko\u015bci dochodu podatnika w formie karty podatkowej<\/span><\/li>\n<li><span style=\"font-size: 10pt; font-family: verdana, geneva, sans-serif;\">w przypadku rozpocz\u0119cia dzia\u0142alno\u015bci \u2013 CEIDG wraz z PIT-28 \/ PIT-36 \/ PIT-16A<\/span><\/li>\n<li><span style=\"font-size: 10pt; font-family: verdana, geneva, sans-serif;\">w przypadku zako\u0144czenia dzia\u0142alno\u015bci \u2013 CEIDG wraz z PIT-28 \/ PIT-36 \/ PIT-16A<\/span><\/li>\n<li><span style=\"font-size: 10pt; font-family: verdana, geneva, sans-serif;\">w przypadku rozpocz\u0119cia dzia\u0142alno\u015bci po roku bazowym \u2013 CEIDG + dokument dochodu za miesi\u0105c po rozpocz\u0119ciu dzia\u0142alno\u015bci<\/span><\/li>\n<\/ol>\n<\/li>\n<\/ul>\n<\/div>\n<div id=\"jsc_c_6\" class=\"d2hqwtrz r227ecj6 ez8dtbzv gt60zsk1\" data-ad-comet-preview=\"message\" data-ad-preview=\"message\">\n<ul>\n<li><span style=\"font-size: 10pt; font-family: verdana, geneva, sans-serif;\"><em><u>dla os\u00f3b bez pracy<\/u><\/em> &#8211; za\u015bwiadczenie z urz\u0119du pracy potwierdzaj\u0105ce fakt pozostawania bez pracy z prawem lub bez prawa do zasi\u0142ku, w przypadku bezrobotnych cz\u0142onk\u00f3w rodziny studenta; za\u015bwiadczenie jest wymagane r\u00f3wnie\u017c w przypadku, gdy mamy do czynienia z utrat\u0105 i uzyskaniem dochodu; za\u015bwiadczenie musi zawiera\u0107 informacj\u0119 o wysoko\u015bci uzyskanego zasi\u0142ku lub stypendium dla bezrobotnych oraz okresie jego otrzymywania,<\/span><\/li>\n<li><span style=\"font-size: 10pt; font-family: verdana, geneva, sans-serif;\"><em><u>dla os\u00f3b podejmuj\u0105cych zatrudnienie po roku bazowym &#8211;<\/u><\/em> za\u015bwiadczenie z zak\u0142adu pracy o zatrudnieniu oraz potwierdzenie od pracodawcy o wysoko\u015bci wynagrodzenia netto za drugi miesi\u0105c, czyli za pierwszy miesi\u0105c nast\u0119puj\u0105cy po miesi\u0105cu, w kt\u00f3rym osoba zosta\u0142a zatrudniona.<\/span><\/li>\n<\/ul>\n<p>&nbsp;<\/p>\n<p><span style=\"font-size: 10pt; font-family: verdana, geneva, sans-serif;\"><strong>Pozosta\u0142e <\/strong><\/span><\/p>\n<p><span style=\"font-size: 10pt; font-family: verdana, geneva, sans-serif;\"><strong>Za\u015bwiadczenie z o\u015brodka pomocy spo\u0142ecznej<\/strong><\/span><\/p>\n<p><span style=\"font-size: 10pt; font-family: verdana, geneva, sans-serif;\">Student, kt\u00f3rego miesi\u0119czny doch\u00f3d na osob\u0119 w rodzinie nie przekracza kwoty kryterium dochodowego uprawniaj\u0105cego do ubiegania si\u0119 o \u015bwiadczenia z pomocy spo\u0142ecznej \u2013 823 z\u0142 netto, do\u0142\u0105cza do wniosku o przyznanie stypendium socjalnego <strong>za\u015bwiadczenie z o\u015brodka pomocy spo\u0142ecznej o sytuacji dochodowej i maj\u0105tkowej swojej i rodziny.<\/strong> Niedo\u0142\u0105czenie takiego za\u015bwiadczenia mo\u017ce skutkowa\u0107 odmow\u0105 przyznania stypendium socjalnego.<\/span><\/p>\n<p><span style=\"font-size: 10pt; font-family: verdana, geneva, sans-serif;\">O\u015brodek pomocy spo\u0142ecznej wydaje to za\u015bwiadczenie na wniosek studenta na podstawie aktualnych lub ostatnich posiadanych informacji o beneficjentach pomocy spo\u0142ecznej (rodzinny wywiad \u015brodowiskowy przeprowadza si\u0119 tylko w przypadkach wskazanych w ustawie o pomocy spo\u0142ecznej).<\/span><\/p>\n<p><span style=\"font-size: 10pt; font-family: verdana, geneva, sans-serif;\">W przypadku gdy organ ten nie ma dost\u0119pu do informacji o sytuacji dochodowej i maj\u0105tkowej studenta i jego rodziny, np. z powodu nieubiegania si\u0119 rodziny o \u015bwiadczenia z pomocy spo\u0142ecznej, nie mo\u017ce wyda\u0107 studentowi za\u015bwiadczenia o tre\u015bci okre\u015blonej w art. 88 ust. 4 ustawy \u2013 <em>Prawo o szkolnictwie wy\u017cszym<\/em>. <em>W przypadku, gdy o\u015brodek pomocy spo\u0142ecznej odm\u00f3wi studentowi wydania za\u015bwiadczenia albo wyda za\u015bwiadczenie zawieraj\u0105ce informacj\u0119, \u017ce rodzina nie ubiega\u0142a si\u0119 lub nie korzysta z pomocy spo\u0142ecznej,<\/em> zastosowanie znajdzie art. 88 ust. 5 ww. ustawy, zgodnie z kt\u00f3rym studentowi mo\u017ce by\u0107 przyznane stypendium socjalne, je\u017celi wyka\u017ce on, \u017ce przyczyny niedo\u0142\u0105czenia do wniosku o przyznanie stypendium socjalnego za\u015bwiadczenia o sytuacji dochodowej i maj\u0105tkowej studenta i jego rodziny by\u0142y uzasadnione oraz udokumentuje \u017ar\u00f3d\u0142a utrzymania rodziny w sytuacji braku lub bardzo niskich dochod\u00f3w wykazanych we wniosku o przyznanie stypendium socjalnego.<\/span><\/p>\n<p><span style=\"font-size: 10pt; font-family: verdana, geneva, sans-serif;\"><strong><em>Do dochodu rodziny nie wlicza si\u0119 poni\u017cszych dokument\u00f3w jednak student mo\u017ce przed\u0142o\u017cy\u0107 w\u00a0celu udokumentowania innych \u017ar\u00f3de\u0142 utrzymania rodziny np.: &#8211; o\u015bwiadczenie <\/em><\/strong><\/span><\/p>\n<ul>\n<li><span style=\"font-size: 10pt; font-family: verdana, geneva, sans-serif;\">Umowy darowizny z\u00a0potwierdzonymi przelewami od krewnych spoza rodziny stypendialnej,<\/span><\/li>\n<li><span style=\"font-size: 10pt; font-family: verdana, geneva, sans-serif;\">\u015awiadczenie wychowawcze program 800+,<\/span><\/li>\n<li><span style=\"font-size: 10pt; font-family: verdana, geneva, sans-serif;\">Zasi\u0142ek rodzinny oraz dodatki do zasi\u0142ku rodzinnego,<\/span><\/li>\n<li><span style=\"font-size: 10pt; font-family: verdana, geneva, sans-serif;\">\u015awiadczenia opieku\u0144cze takie jak, zasi\u0142ek piel\u0119gnacyjny, specjalny zasi\u0142ek opieku\u0144czy, \u015bwiadczenie piel\u0119gnacyjne,<\/span><\/li>\n<li><span style=\"font-size: 10pt; font-family: verdana, geneva, sans-serif;\">Inne \u015bwiadczenia wyp\u0142acane przez gminy ze \u015brodk\u00f3w w\u0142asnych,<\/span><\/li>\n<li><span style=\"font-size: 10pt; font-family: verdana, geneva, sans-serif;\">Nieopodatkowane stypendia dla uczni\u00f3w i\u00a0student\u00f3w np. rodze\u0144stwa,<\/span><\/li>\n<li><span style=\"font-size: 10pt; font-family: verdana, geneva, sans-serif;\">Pomoc finansowa przyznawana przez organizacje spo\u0142eczne lub fundacje.<\/span><\/li>\n<\/ul>\n<h4><span style=\"font-size: 10pt; font-family: verdana, geneva, sans-serif;\">Dochodu utracony &#8211; oznacza to utrat\u0119 dochodu spowodowan\u0105:<\/span><\/h4>\n<ul>\n<li><span style=\"font-size: 10pt; font-family: verdana, geneva, sans-serif;\">uzyskaniem prawa do urlopu wychowawczego,<\/span><\/li>\n<li><span style=\"font-size: 10pt; font-family: verdana, geneva, sans-serif;\">utrat\u0105 zasi\u0142ku lub stypendium dla bezrobotnych,<\/span><\/li>\n<li><span style=\"font-size: 10pt; font-family: verdana, geneva, sans-serif;\">utrat\u0105 zatrudnienia lub innej pracy zarobkowej,<\/span><\/li>\n<li><span style=\"font-size: 10pt; font-family: verdana, geneva, sans-serif;\">utrat\u0105 zasi\u0142ku przedemerytalnego lub \u015bwiadczenia przedemerytalnego, nauczycielskiego \u015bwiadczenia kompensacyjnego, a tak\u017ce emerytury lub renty, renty rodzinnej, renty socjalnej lub rodzicielskiego \u015bwiadczenia uzupe\u0142niaj\u0105cego, o kt\u00f3rym mowa w ustawie z o rodzicielskim \u015bwiadczeniu uzupe\u0142niaj\u0105cym,<\/span><\/li>\n<li><span style=\"font-size: 10pt; font-family: verdana, geneva, sans-serif;\">wykre\u015bleniem z rejestru pozarolniczej dzia\u0142alno\u015bci gospodarczej lub zawieszeniem jej\u00a0wykonywania w rozumieniu art. 16b ustawy o ubezpieczeniu spo\u0142ecznym rolnik\u00f3w lub art.\u00a036aa ust.1 ustawy o systemie ubezpiecze\u0144 spo\u0142ecznych;<\/span><\/li>\n<li><span style=\"font-size: 10pt; font-family: verdana, geneva, sans-serif;\">utrat\u0105 zasi\u0142ku chorobowego, \u015bwiadczenia rehabilitacyjnego lub zasi\u0142ku macierzy\u0144skiego, przys\u0142uguj\u0105cych po utracie zatrudnienia lub innej pracy zarobkowej,<\/span><\/li>\n<li><span style=\"font-size: 10pt; font-family: verdana, geneva, sans-serif;\">utrat\u0105 zas\u0105dzonych \u015bwiadcze\u0144 alimentacyjnych w zwi\u0105zku ze \u015bmierci\u0105 osoby zobowi\u0105zanej do tych \u015bwiadcze\u0144 lub utrat\u0105 \u015bwiadcze\u0144 pieni\u0119\u017cnych wyp\u0142acanych w przypadku bezskuteczno\u015bci egzekucji aliment\u00f3w w zwi\u0105zku ze \u015bmierci\u0105 osoby zobowi\u0105zanej do \u015bwiadcze\u0144 alimentacyjnych;<\/span><\/li>\n<li><span style=\"font-size: 10pt; font-family: verdana, geneva, sans-serif;\">utrat\u0105 \u015bwiadczenia rodzicielskiego,<\/span><\/li>\n<li><span style=\"font-size: 10pt; font-family: verdana, geneva, sans-serif;\">utrat\u0105 zasi\u0142ku macierzy\u0144skiego, o kt\u00f3rym mowa w przepisach o ubezpieczeniu spo\u0142ecznym rolnik\u00f3w,<\/span><\/li>\n<li><span style=\"font-size: 10pt; font-family: verdana, geneva, sans-serif;\">utrat\u0105 stypendium doktoranckiego okre\u015blonego w art. 209 ust. 1 i 7 Prawo o szkolnictwie wy\u017cszym i nauce;<\/span><\/li>\n<\/ul>\n<p><span style=\"font-size: 10pt; font-family: verdana, geneva, sans-serif;\"><strong>Dochodu uzyskany &#8211; oznacza to uzyskanie dochodu spowodowane:<\/strong><\/span><\/p>\n<ul>\n<li><span style=\"font-size: 10pt; font-family: verdana, geneva, sans-serif;\">zako\u0144czenia urlopu wychowawczego,<\/span><\/li>\n<li><span style=\"font-size: 10pt; font-family: verdana, geneva, sans-serif;\">uzyskania zasi\u0142ku lub stypendium dla bezrobotnych,<\/span><\/li>\n<li><span style=\"font-size: 10pt; font-family: verdana, geneva, sans-serif;\">uzyskania zatrudnienia lub innej pracy zarobkowej,<\/span><\/li>\n<li><span style=\"font-size: 10pt; font-family: verdana, geneva, sans-serif;\">uzyskania zasi\u0142ku przedemerytalnego lub \u015bwiadczenia przedemerytalnego, <\/span><span style=\"font-size: 10pt; font-family: verdana, geneva, sans-serif;\">nauczycielskiego \u015bwiadczenia kompensacyjnego, a tak\u017ce emerytury lub renty, renty <\/span><span style=\"font-size: 10pt; font-family: verdana, geneva, sans-serif;\">rodzinnej, renty socjalnej lub rodzicielskiego \u015bwiadczenia uzupe\u0142niaj\u0105cego, o kt\u00f3rym <\/span><span style=\"font-size: 10pt; font-family: verdana, geneva, sans-serif;\">mowa w ustawie z dnia 31 stycznia 2019 o rodzicielskim \u015bwiadczeniu <\/span><span style=\"font-size: 10pt; font-family: verdana, geneva, sans-serif;\">uzupe\u0142niaj\u0105cym,<\/span><\/li>\n<li><span style=\"font-size: 10pt; font-family: verdana, geneva, sans-serif;\">rozpocz\u0119ciem pozarolniczej dzia\u0142alno\u015bci gospodarczej lub wznowieniem jej <\/span><span style=\"font-size: 10pt; font-family: verdana, geneva, sans-serif;\">wykonywania po okresie zawieszenia w rozumieniu art. 16b ustawy z dnia 20 grudnia <\/span><span style=\"font-size: 10pt; font-family: verdana, geneva, sans-serif;\">1990 r. o ubezpieczeniu spo\u0142ecznym rolnik\u00f3w lub art. 36aa ust. 1 ustawy z dnia <\/span><span style=\"font-size: 10pt; font-family: verdana, geneva, sans-serif;\">13 pa\u017adziernika 1998 r. o systemie ubezpiecze\u0144 spo\u0142ecznych,<\/span><\/li>\n<li><span style=\"font-size: 10pt; font-family: verdana, geneva, sans-serif;\">uzyskanie zasi\u0142ku chorobowego, \u015bwiadczenia rehabilitacyjnego lub zasi\u0142ku <\/span><span style=\"font-size: 10pt; font-family: verdana, geneva, sans-serif;\">macierzy\u0144skiego, przys\u0142uguj\u0105cych po utracie zatrudnienia lub innej pracy zarobkowej,<\/span><\/li>\n<li><span style=\"font-size: 10pt; font-family: verdana, geneva, sans-serif;\">uzyskaniem \u015bwiadczenia rodzicielskiego,<\/span><\/li>\n<li><span style=\"font-size: 10pt; font-family: verdana, geneva, sans-serif;\">uzyskaniem zasi\u0142ku macierzy\u0144skiego, o kt\u00f3rym mowa w przepisach o ubezpieczeniu <\/span><span style=\"font-size: 10pt; font-family: verdana, geneva, sans-serif;\">spo\u0142ecznym rolnik\u00f3w,<\/span><\/li>\n<li><span style=\"font-size: 10pt; font-family: verdana, geneva, sans-serif;\">uzyskaniem stypendium doktoranckiego okre\u015blonego w art. 209 ust. 1 i 7 ustawy <\/span><span style=\"font-size: 10pt; font-family: verdana, geneva, sans-serif;\">z dnia 20 lipca 2018 r. \u2013 Prawo o szkolnictwie wy\u017cszym i nauce.<\/span><\/li>\n<\/ul>\n<ol>\n<li><span style=\"font-size: 10pt; font-family: verdana, geneva, sans-serif;\">W przypadku, gdy student lub cz\u0142onek jego rodziny uzyska doch\u00f3d po up\u0142ywie okresu obliczeniowego, lecz przed dat\u0105 z\u0142o\u017cenia wniosku o stypendium, doch\u00f3d ten uwzgl\u0119dnia si\u0119 w dochodzie rodziny.<\/span><\/li>\n<\/ol>\n<p><span style=\"font-size: 10pt; font-family: verdana, geneva, sans-serif;\">1a. W przypadku uzyskania dochodu przez studenta lub cz\u0142onka jego rodziny w okresie obliczeniowym, ustalaj\u0105c doch\u00f3d uzyskany w tym okresie, doch\u00f3d ten dzieli si\u0119 przez liczb\u0119 miesi\u0119cy w kt\u00f3rych doch\u00f3d ten zosta\u0142 osi\u0105gni\u0119ty, je\u017celi jest on r\u00f3wnie\u017c uzyskiwany w dniu ustalania prawa do stypendium.<\/span><\/p>\n<p><span style=\"font-size: 10pt; font-family: verdana, geneva, sans-serif;\">1b. W przypadku uzyskania dochodu przez studenta lub cz\u0142onka jego rodziny po okresie obliczeniowym, ustalaj\u0105c doch\u00f3d powi\u0119ksza si\u0119 go o kwot\u0119 uzyskanego dochodu z miesi\u0105ca nast\u0119puj\u0105cego po miesi\u0105cu, w kt\u00f3rym doch\u00f3d zosta\u0142 osi\u0105gni\u0119ty, je\u017celi jest on r\u00f3wnie\u017c uzyskiwany w dniu ustalania prawa do stypendium.<\/span><\/p>\n<p><span style=\"font-size: 10pt; font-family: verdana, geneva, sans-serif;\">Je\u015bli w okresie 3 miesi\u0119cy licz\u0105c od dnia utraty dochodu uzyska\u0142e\u015b doch\u00f3d u tego samego pracodawcy, zleceniodawcy lub rozpocz\u0105\u0142e\u015b pozarolnicz\u0105 dzia\u0142alno\u015b\u0107 gospodarcz\u0105 przepis\u00f3w o utracie i uzyskaniu dochodu si\u0119 nie stosuje<\/span><\/p>\n<p>&nbsp;<\/p>\n<p><span style=\"font-size: 10pt; font-family: verdana, geneva, sans-serif;\"><strong>Student uznany za samodzielnego finansowo<\/strong>:<\/span><\/p>\n<p><span style=\"font-size: 10pt; font-family: verdana, geneva, sans-serif;\">Student, kt\u00f3ry nie prowadzi wsp\u00f3lnego gospodarstwa domowego z \u017cadnym z rodzic\u00f3w, opiekun\u00f3w prawnych lub faktycznych, mo\u017ce ubiega\u0107 si\u0119 o stypendium socjalne, je\u017celi spe\u0142nia jeden z nast\u0119puj\u0105cych warunk\u00f3w:<\/span><\/p>\n<ul>\n<li><span style=\"font-size: 10pt; font-family: verdana, geneva, sans-serif;\">uko\u0144czy\u0142 26 rok \u017cycia;<\/span><\/li>\n<li><span style=\"font-size: 10pt; font-family: verdana, geneva, sans-serif;\">pozostaje w zwi\u0105zku ma\u0142\u017ce\u0144skim;<\/span><\/li>\n<li><span style=\"font-size: 10pt; font-family: verdana, geneva, sans-serif;\">ma na utrzymaniu dzieci;<\/span><\/li>\n<li><span style=\"font-size: 10pt; font-family: verdana, geneva, sans-serif;\">osi\u0105gn\u0105\u0142 pe\u0142noletno\u015b\u0107, przebywaj\u0105c w pieczy zast\u0119pczej;<\/span><\/li>\n<li><span style=\"font-size: 10pt; font-family: verdana, geneva, sans-serif;\">posiada sta\u0142e \u017ar\u00f3d\u0142o dochod\u00f3w i jego przeci\u0119tny miesi\u0119czny doch\u00f3d w poprzednim roku podatkowym oraz w roku bie\u017c\u0105cym w miesi\u0105cach poprzedzaj\u0105cych miesi\u0105c z\u0142o\u017cenia o\u015bwiadczenia o nieprowadzeniu wsp\u00f3lnego gospodarstwa domowego z \u017cadnym z rodzic\u00f3w, opiekun\u00f3w prawnych lub faktycznych, jest wy\u017cszy lub r\u00f3wny <strong>866,40 z\u0142. netto\/mc<\/strong><\/span><\/li>\n<\/ul>\n<p>&nbsp;<\/p>\n<p><span style=\"font-size: 10pt; font-family: verdana, geneva, sans-serif;\">Student, jest zobowi\u0105zany z\u0142o\u017cy\u0107 o\u015bwiadczenie, \u017ce nie prowadzi wsp\u00f3lnego gospodarstwa domowego z \u017cadnym z rodzic\u00f3w, opiekun\u00f3w prawnych lub faktycznych. W przypadku gdy miesi\u0119czny doch\u00f3d na osob\u0119 w rodzinie jest ni\u017cszy lub r\u00f3wny 823 z\u0142 student ma obowi\u0105zek dostarczy\u0107 za\u015bwiadczenie z MOPS\/GOPS o swojej sytuacji dochodowej i maj\u0105tkowej.<\/span><\/p>\n<p><span style=\"font-size: 10pt; font-family: verdana, geneva, sans-serif;\">Sta\u0142ym dochodem mo\u017ce by\u0107 np. renta po zmar\u0142ym rodzicu, zas\u0105dzone alimenty, umowa o\u00a0prac\u0119, cyklicznie zawierane umowy zlecenia.<\/span><\/p>\n<p>&nbsp;<\/p>\n<p><span style=\"font-size: 10pt; font-family: verdana, geneva, sans-serif;\">W przypadku studiowania na wi\u0119cej ni\u017c jednym kierunku studi\u00f3w stypendium socjalne mo\u017cna pobiera\u0107 tylko na jednym, wskazanym przez studenta kierunku. Prawo do \u015bwiadcze\u0144 nie przys\u0142uguje studentowi posiadaj\u0105cemu tytu\u0142 zawodowy:<\/span><\/p>\n<ul>\n<li><span style=\"font-size: 10pt; font-family: verdana, geneva, sans-serif;\">magistra, magistra in\u017cyniera albo r\u00f3wnorz\u0119dny,<\/span><\/li>\n<li><span style=\"font-size: 10pt; font-family: verdana, geneva, sans-serif;\">licencjata, in\u017cyniera albo r\u00f3wnorz\u0119dny, je\u017celi ponownie podejmuje studia pierwszego stopnia.<\/span><\/li>\n<\/ul>\n<p><span style=\"font-size: 10pt; font-family: verdana, geneva, sans-serif;\">\u015awiadczenia przys\u0142uguj\u0105 na studiach pierwszego stopnia, studiach drugiego stopnia i jednolitych studiach magisterskich, przez \u0142\u0105czny okres 12 semestr\u00f3w, bez wzgl\u0119du na ich pobieranie przez studenta.<\/span><\/p>\n<p><span style=\"font-size: 10pt; font-family: verdana, geneva, sans-serif;\">W ramach tego okresu \u015bwiadczenia przys\u0142uguj\u0105 na studiach:<\/span><\/p>\n<ol>\n<li><span style=\"font-size: 10pt; font-family: verdana, geneva, sans-serif;\">pierwszego stopnia \u2013 nie d\u0142u\u017cej ni\u017c przez 9 semestr\u00f3w;<\/span><\/li>\n<li><span style=\"font-size: 10pt; font-family: verdana, geneva, sans-serif;\">drugiego stopnia \u2013 nie d\u0142u\u017cej ni\u017c przez 7 semestr\u00f3w.<\/span><\/li>\n<\/ol>\n<p><span style=\"font-size: 10pt; font-family: verdana, geneva, sans-serif;\">Stypendium jest przyznawane na wniosek studenta, na okres <u>9 miesi\u0119cy.<\/u><\/span><\/p>\n<p>&nbsp;<\/p>\n<p><span style=\"font-size: 10pt; font-family: verdana, geneva, sans-serif;\"><strong>Sprawd\u017a na stronie:<\/strong><span style=\"color: #0000ff;\"><a style=\"color: #0000ff;\" href=\"https:\/\/us.edu.pl\/student\/wsparcie-i-fundusze\/swiadczenia-stypendia-i-zapomoga\">https:\/\/us.edu.pl\/student\/wsparcie-i-fundusze\/swiadczenia-stypendia-i-zapomoga<\/a><\/span><\/span><\/p>\n<p>&nbsp;<\/p>\n<p style=\"margin: 0cm; margin-bottom: .0001pt;\"><span style=\"font-size: 10pt; font-family: verdana, geneva, sans-serif;\"><strong>Godziny Urz\u0119dowania:<\/strong><\/span><\/p>\n<p style=\"margin: 0cm; margin-bottom: .0001pt;\"><span style=\"font-size: 10pt; font-family: verdana, geneva, sans-serif;\">Poniedzia\u0142ek: 11.00-15.00<\/span><\/p>\n<p style=\"margin: 0cm; margin-bottom: .0001pt;\"><span style=\"font-size: 10pt; font-family: verdana, geneva, sans-serif;\">Wtorek: 12.00-17.00<\/span><\/p>\n<p style=\"margin: 0cm; margin-bottom: .0001pt;\"><span style=\"font-size: 10pt; font-family: verdana, geneva, sans-serif;\">\u015aroda: 11.00-15.00<\/span><\/p>\n<p style=\"margin: 0cm; margin-bottom: .0001pt;\"><span style=\"font-size: 10pt; font-family: verdana, geneva, sans-serif;\">Czwartek: Nieczynne<\/span><\/p>\n<p style=\"margin: 0cm; margin-bottom: .0001pt;\"><span style=\"font-size: 10pt; font-family: verdana, geneva, sans-serif;\">Pi\u0105tek: 11.00-14.00<\/span><\/p>\n<p><span style=\"font-size: 10pt; font-family: verdana, geneva, sans-serif;\">Sobota zjazdowa 7.30-13.00<\/span><\/p>\n<\/div>\n<\/div>\n<p>&nbsp;<\/p>\n<\/div>\n<\/div>\n<\/div>\n<p><!--more--><\/p>\n<p>dla os\u00f3b prowadz\u0105cych gospodarstwa rolne \u2013 za\u015bwiadczenie z urz\u0119du gminy lub nakaz p\u0142atniczy o wielko\u015bci gospodarstwa rolnego wyra\u017conej w hektarach przeliczeniowych og\u00f3lnej powierzchni w roku kalendarzowym, poprzedzaj\u0105cym rok akademicki. Przeci\u0119tny doch\u00f3d z pracy w indywidualnych gospodarstwach rolnych z 1 ha przeliczeniowego wynosi\u0142 w 2025 r. \u2026\u2026\u2026\u2026\u2026 z\u0142. po 25.09.2026r.<br \/>\ndla os\u00f3b prowadz\u0105cych dzia\u0142alno\u015b\u0107 gospodarcz\u0105 \u2013<br \/>\nza\u015bwiadczenie z Urz\u0119du Skarbowego o wysoko\u015bci podatku, stawki procentowej oraz przychodu w podatku dochodowym od os\u00f3b fizycznych dot. dzia\u0142alno\u015bci gospodarczej rozliczanej na zasadach rycza\u0142tu<br \/>\nza\u015bwiadczenie z Urz\u0119du Skarbowego o wysoko\u015bci dochodu podatnika w formie karty podatkowej<br \/>\nw przypadku rozpocz\u0119cia dzia\u0142alno\u015bci \u2013 CEIDG wraz z PIT-28 \/ PIT-36 \/ PIT-16A<br \/>\nw przypadku zako\u0144czenia dzia\u0142alno\u015bci \u2013 CEIDG wraz z PIT-28 \/ PIT-36 \/ PIT-16A<br \/>\nw przypadku rozpocz\u0119cia dzia\u0142alno\u015bci po roku bazowym \u2013 CEIDG + dokument dochodu za miesi\u0105c po rozpocz\u0119ciu dzia\u0142alno\u015bci<br \/>\ndla os\u00f3b bez pracy &#8211; za\u015bwiadczenie z urz\u0119du pracy potwierdzaj\u0105ce fakt pozostawania bez pracy z prawem lub bez prawa do zasi\u0142ku, w przypadku bezrobotnych cz\u0142onk\u00f3w rodziny studenta; za\u015bwiadczenie jest wymagane r\u00f3wnie\u017c w przypadku, gdy mamy do czynienia z utrat\u0105 i uzyskaniem dochodu; za\u015bwiadczenie musi zawiera\u0107 informacj\u0119 o wysoko\u015bci uzyskanego zasi\u0142ku lub stypendium dla bezrobotnych oraz okresie jego otrzymywania,<br \/>\ndla os\u00f3b podejmuj\u0105cych zatrudnienie po roku bazowym &#8211; za\u015bwiadczenie z zak\u0142adu pracy o zatrudnieniu oraz potwierdzenie od pracodawcy o wysoko\u015bci wynagrodzenia netto za drugi miesi\u0105c, czyli za pierwszy miesi\u0105c nast\u0119puj\u0105cy po miesi\u0105cu, w kt\u00f3rym osoba zosta\u0142a zatrudniona.<\/p>\n<p>&nbsp;<\/p>\n<p><!--more-->[\/vc_column_text]\r\n\t\t\t\t<div class='container'>\r\n\t\t\t\t\t<div class='list-links list-links_'>\r\n\t\t\t\t\t\t  \r\n\t\t\t\t\t\t  <ul>\r\n\t\t\t\t\t\t\t\t<li><a href='https:\/\/us.edu.pl\/wydzial\/wpia\/student\/stypendia-sprawy-socjalne\/archiwum\/'><p>archiwum<\/p><\/a><\/li><\/ul>\r\n\t\t\t\t\t<\/div>\r\n\t\t\t\t<\/div>   \r\n\t\t\t\t\t[\/vc_column][\/vc_row]<\/p>\n<style type=\"text\/css\">a[data-mtli~=\"mtli_filesize29,00kB\"]:after {content:\" (29,00 kB)\"}a[data-mtli~=\"mtli_filesize667,97kB\"]:after {content:\" (667,97 kB)\"}<\/style>","protected":false},"excerpt":{"rendered":"<p>[vc_row][vc_column]Aby uzyska\u0107 \u015bwiadczenia, nale\u017cy elektronicznie wype\u0142ni\u0107 wniosek o stypendium socjalne oraz o\u015bwiadczenie o dochodach na stronie: www.usosweb.us.edu.pl w zak\u0142adce DLA WSZYSTKICH \u2013 WNIOSKI, wgrywaj\u0105c za\u0142\u0105czniki. Termin sk\u0142adania wniosk\u00f3w &#8211; od 01 do 10 pa\u017adziernika 2026 r. Stypendium socjalne \u2013 regulamin \u015bwiadcze\u0144 \u2013 dost\u0119pny wykaz dokument\u00f3w niezb\u0119dnych do ustalenia dochodu studenta &#8211; dost\u0119pny zasady obliczania dochodu [&#8230;]<\/p>\n<p><a class=\"btn btn-secondary understrap-read-more-link\" href=\"https:\/\/us.edu.pl\/wydzial\/wpia\/student\/stypendia-sprawy-socjalne\/\">Read More&#8230;<\/a><\/p>\n","protected":false},"author":1,"featured_media":0,"parent":286,"menu_order":12,"comment_status":"closed","ping_status":"closed","template":"page-templates\/inner-page.php","meta":{"_expiration-date-status":"","_expiration-date":0,"_expiration-date-type":"","_expiration-date-categories":[],"_expiration-date-options":[]},"acf":[],"_links":{"self":[{"href":"https:\/\/us.edu.pl\/wydzial\/wpia\/wp-json\/wp\/v2\/pages\/394"}],"collection":[{"href":"https:\/\/us.edu.pl\/wydzial\/wpia\/wp-json\/wp\/v2\/pages"}],"about":[{"href":"https:\/\/us.edu.pl\/wydzial\/wpia\/wp-json\/wp\/v2\/types\/page"}],"author":[{"embeddable":true,"href":"https:\/\/us.edu.pl\/wydzial\/wpia\/wp-json\/wp\/v2\/users\/1"}],"replies":[{"embeddable":true,"href":"https:\/\/us.edu.pl\/wydzial\/wpia\/wp-json\/wp\/v2\/comments?post=394"}],"version-history":[{"count":11,"href":"https:\/\/us.edu.pl\/wydzial\/wpia\/wp-json\/wp\/v2\/pages\/394\/revisions"}],"predecessor-version":[{"id":199594,"href":"https:\/\/us.edu.pl\/wydzial\/wpia\/wp-json\/wp\/v2\/pages\/394\/revisions\/199594"}],"up":[{"embeddable":true,"href":"https:\/\/us.edu.pl\/wydzial\/wpia\/wp-json\/wp\/v2\/pages\/286"}],"wp:attachment":[{"href":"https:\/\/us.edu.pl\/wydzial\/wpia\/wp-json\/wp\/v2\/media?parent=394"}],"curies":[{"name":"wp","href":"https:\/\/api.w.org\/{rel}","templated":true}]}}