{"id":5007,"date":"2021-07-08T11:53:38","date_gmt":"2021-07-08T09:53:38","guid":{"rendered":"https:\/\/us.edu.pl\/wydzial\/wpia\/?page_id=5007"},"modified":"2023-02-02T15:11:53","modified_gmt":"2023-02-02T14:11:53","slug":"pepp","status":"publish","type":"page","link":"https:\/\/us.edu.pl\/wydzial\/wpia\/wspolpraca\/wspolpraca-miedzynarodowa\/pepp\/","title":{"rendered":"PEPP"},"content":{"rendered":"<p>[vc_row][vc_column]\r\n                <div class=\"text-modules\">\r\n                    <div class=\"container\">\r\n                        \r\n                        <div class=\"text-modules__content\"><\/p>\n<h4>Idea programu<\/h4>\n<p>Programme in European Private Law for Postgraduates (dalej \u201ePEPP\u201d, \u201eProgram\u201d) jest mi\u0119dzynarodowym programem przeznaczonym dla wyr\u00f3\u017cniaj\u0105cych si\u0119 uczestnik\u00f3w studi\u00f3w doktoranckich i\u00a0absolwent\u00f3w wydzia\u0142\u00f3w prawa odbywaj\u0105cych studia w\u00a0jednostkach naukowych uczestnicz\u0105cych w\u00a0PEPP i\u00a0prowadz\u0105cych badania naukowe w\u00a0zakresie prawa prywatnego w\u00a0kontek\u015bcie europejskim. Prawo prywatne nale\u017cy tu rozumie\u0107 szeroko, a\u00a0wi\u0119c jako obejmuj\u0105ce r\u00f3wnie\u017c takie dzia\u0142y, jak np. prawo sp\u00f3\u0142ek, prawo prywatne mi\u0119dzynarodowe, prawo proceduralne, \u00a0arbitra\u017c, czy prawo ochrony konkurencji.<\/p>\n<h4>Historia i\u00a0struktura<\/h4>\n<p>Inicjatywa utworzenia PEPP wysz\u0142a ze strony Wydzia\u0142u Prawa Uniwersytetu w\u00a0Hamburgu, kt\u00f3ry do trzeciej edycji by\u0142 g\u0142\u00f3wnym organizatorem Programu. Uczestnikami programu s\u0105 od pocz\u0105tku: Wydzia\u0142 Prawa Uniwersytetu w\u00a0Hamburgu , Wydzia\u0142 Prawa i\u00a0Administracji Uniwersytetu \u015al\u0105skiego w\u00a0Katowicach, Instytut im. Maxa Plancka ds. Prawa Por\u00f3wnawczego i\u00a0Prawa Prywatnego Mi\u0119dzynarodowego oraz Bucerius Law School w\u00a0Hamburgu, oraz Wydzia\u0142y Prawa Uniwersytetu w\u00a0Cambridge i\u00a0Uniwersytetu w\u00a0Walencji. W\u00a0drugiej edycji do\u0142\u0105czy\u0142 do Programu Wydzia\u0142 Prawa i\u00a0Ekonomii Uniwersytetu Wroc\u0142awskiego.<\/p>\n<p>Od czwartej edycji do Programu do\u0142\u0105czy\u0142y Wydzia\u0142y Prawa Uniwersystet\u00f3w: w\u00a0Genui, Lueven oraz M\u00fcnster, przy czym ostatni z\u00a0nich zast\u0105pi\u0142 Uniwersytet w\u00a0Hamburgu. Przed si\u00f3dm\u0105 edycj\u0105 programu do\u0142\u0105czy\u0142 do niego tak\u017ce Wydzia\u0142 Prawa i\u00a0Administracji Uniwersytetu Jagiello\u0144skiego w\u00a0Krakowie. W\u00a0ten spos\u00f3b powsta\u0142y cztery grupy o\u015brodk\u00f3w uczestnicz\u0105cych w\u00a0Programie:<\/p>\n<ul>\n<li>GRUPA I\u00a0&#8211; Niemcy: Uniwersytet w\u00a0M\u00fcnster, Bucerius Law School, \u00a0Instytut im. Maxa Plancka ds. Prawa Por\u00f3wnawczego i\u00a0Prawa Prywatnego Mi\u0119dzynarodowego,<\/li>\n<li>GRUPA II &#8211; Polska: Uniwersytet \u015al\u0105ski w\u00a0Katowicach, Uniwersytet Wroc\u0142awski, Uniwersytet Jagiello\u0144ski w\u00a0Krakowie,<\/li>\n<li>GRUPA III \u2013 Anglia i\u00a0Belgia: Uniwersytet w\u00a0Cambridge, Katolicki Uniwersytet w\u00a0Lueven,<\/li>\n<li>GRUPA IV \u2013 Hiszpania i\u00a0W\u0142ochy: Uniwersytet w\u00a0Walencji, Uniwersytet w\u00a0Genui.<\/li>\n<\/ul>\n<p>W zwi\u0105zku z\u00a0przyst\u0105pieniem do Programu nowych partner\u00f3w gospodarze zjazd\u00f3w zmieniaj\u0105 si\u0119 rotacyjnie w\u00a0ramach opisanych wy\u017cej grup o\u015brodk\u00f3w.<\/p>\n<p>Edycja Programu odbywa si\u0119 w\u00a0ramach jednego roku akademickiego i\u00a0sk\u0142adaj\u0105 si\u0119 na ni\u0105 cztery kursy. Uczestnicy sp\u0119dzaj\u0105 tydzie\u0144 w\u00a0uczestnicz\u0105cych w\u00a0PEPP o\u015brodkach naukowych, kt\u00f3re organizuj\u0105 kursy wedle nast\u0119puj\u0105cego porz\u0105dku: Grupa I\u00a0(pa\u017adziernik), Grupa II (stycze\u0144), Grupa III (marzec), Grupa IV (maj\/czerwiec). Kursy obejmuj\u0105 wyk\u0142ady, \u0107wiczenia i\u00a0seminaria pomy\u015blane tak, aby budzi\u0142y zainteresowanie wszystkich uczestnik\u00f3w Programu, niezale\u017cnie od ich specjalizacji. Oficjalnym j\u0119zykiem Programu jest j\u0119zyk angielski.<\/p>\n<p>Celem tych\u017ce zaj\u0119\u0107 jest pog\u0142\u0119bianie wiedzy uczestnik\u00f3w, rozw\u00f3j ich umiej\u0119tno\u015bci praktycznych oraz zwr\u00f3cenie uwagi na potrzeb\u0119 zrozumienia r\u00f3\u017cnic pomi\u0119dzy systemami prawnymi pa\u0144stw cz\u0142onkowskich Unii Europejskiej. Zaj\u0119cia nie maj\u0105 charakteru jedynie wyk\u0142adowego. Towarzyszy im niejednokrotnie burzliwa dyskusja. Wszystkie zaj\u0119cia (wyk\u0142ady, seminaria, warsztaty, symulacje rozpraw s\u0105dowych) s\u0105 z\u00a0za\u0142o\u017cenia prowadzone technikami interaktywnymi dostosowanymi do ich rodzaju i\u00a0celu. W\u00a0ramach ka\u017cdego z\u00a0kurs\u00f3w dla uczestnik\u00f3w organizowane s\u0105 r\u00f3wnie\u017c zaj\u0119cia przez prawnik\u00f3w wiod\u0105cych korporacji prawniczych w\u00a0poszczeg\u00f3lnych krajach. W\u00a0\u00a0trakcie tych spotka\u0144 szczeg\u00f3lny nacisk po\u0142o\u017cony jest na aspekt praktyczny prezentowanych zagadnie\u0144. PEPP&#8217;ersi bardzo ceni\u0105 sobie t\u0119 formu\u0142\u0119 wsp\u00f3\u0142pracy w\u00a0ramach Programu.<\/p>\n<p>W ka\u017cdej edycji uczestnicy przygotowuj\u0105 r\u00f3wnie\u017c prezentacje, w\u00a0kt\u00f3rych przedstawiaj\u0105 swoje zainteresowania naukowe i\u00a0zamierzenia badawcze, b\u0119d\u0105ce przedmiotem doktoratu, przygotowywanych publikacji lub obj\u0119te projektem naukowym etc.<\/p>\n<p>W ci\u0105gu czterech kurs\u00f3w sk\u0142adaj\u0105cych si\u0119 na edycj\u0119 uczestnicy Programu na podstawie przygotowanego kazusu przygotowuj\u0105 symulacj\u0119 rozprawy przed Trybuna\u0142em Sprawiedliwo\u015bci Unii Europejskiej. Symulacja ta odbywa si\u0119 w\u00a0trakcie ostatniego zjazdu, kt\u00f3ry w\u00a0nadchodz\u0105cej edycji b\u0119dzie mia\u0142 miejsce w\u00a0ostatnich na prze\u0142omie maja i\u00a0czerwca 2017 roku w\u00a0Walencji.<\/p>\n<p>Liczne s\u0105 ju\u017c zdobyte przez dotychczasowych uczestnik\u00f3w do\u015bwiadczenia i\u00a0nawi\u0105zane kontakty naukowe oraz towarzyskie, czemu towarzyszy niejednokrotnie zawi\u0105zywanie przyja\u017ani mi\u0119dzy uczestnikami, kt\u00f3re daj\u0105 pocz\u0105tek r\u00f3\u017cnorodnej wsp\u00f3\u0142pracy mi\u0119dzynarodowej.<\/p>\n<h4>Korzy\u015bci wynikaj\u0105ce z\u00a0Programu<\/h4>\n<p>Program pozwala na podwy\u017cszenie kwalifikacji uczestnik\u00f3w i\u00a0stanowi wymykaj\u0105ce si\u0119 schematom \u017ar\u00f3d\u0142o inspiracji w\u00a0pracy badawczej.<\/p>\n<p>Na pierwsze efekty uczestnictwa w\u00a0Programie jego uczestnicy nie musz\u0105 d\u0142ugo czeka\u0107. Ju\u017c po pierwszym zje\u017adzie, kt\u00f3ry odbywa si\u0119 w\u00a0M\u00fcnster, horyzonty uczestnik\u00f3w poszerzaj\u0105 si\u0119, a\u00a0marzenia i\u00a0ambicje pokonuj\u0105 ograniczenia.<\/p>\n<p>Jednym z\u00a0g\u0142\u00f3wnych cel\u00f3w PEPP jest stworzenie jego uczestnikom \u00a0forum wymiany wiedzy i\u00a0do\u015bwiadcze\u0144 oraz sposobno\u015bci do stworzenia sieci kontakt\u00f3w, bez kt\u00f3rych wsp\u00f3\u0142czesna nauka nie mo\u017ce si\u0119 obej\u015b\u0107. W\u00a0ten spos\u00f3b z\u00a0Programu korzystaj\u0105 bezpo\u015brednio nie tylko jego uczestnicy, ale tak\u017ce ich macierzyste o\u015brodki naukowe. Program pozwala dostrzec, co nas \u0142\u0105czy, ale te\u017c potwierdza tez\u0119, \u017ce w\u00a0r\u00f3\u017cnorodno\u015bci tkwi pi\u0119kno. Znajomo\u015bci, niejednokrotnie przyja\u017anie zawi\u0105zane w\u00a0czasie zjazd\u00f3w przydatne s\u0105 w\u00a0badaniach i\u00a0w ramach praktyki prawniczej. Poznani w\u00a0czasie programu ludzie, to wszak uczestnicy kultur prawnych wielu europejskich pa\u0144stw, kt\u00f3rzy- co do zasady &#8211; wyr\u00f3\u017cniaj\u0105 si\u0119 w\u015br\u00f3d m\u0142odych prawnik\u00f3w rozleg\u0142\u0105 wiedz\u0105 i\u00a0zainteresowaniami. \u00a0Wszystkiemu temu sprzyja nieprzerwany rozw\u00f3j PEPP, do kt\u00f3rego do\u0142\u0105czaj\u0105 nowe o\u015brodki naukowe. Nawi\u0105zanie kontakty z\u00a0ca\u0142\u0105 pewno\u015bci\u0105 s\u0105 pomocne w\u00a0kszta\u0142towaniu w\u0142asnego rozwoju naukowego, w\u00a0tym tak\u017ce przez sta\u017ce naukowe za granic\u0105.<\/p>\n<p>Uczestnictwo w\u00a0Programie ma te\u017c swoje zalety poza nauk\u0105. PEPP mo\u017cna postrzega\u0107 jako wyzwanie, kt\u00f3re rozwija i\u00a0wzmacnia. Jego podj\u0119cie z\u00a0ca\u0142\u0105 pewno\u015bci\u0105 jest przydatne zar\u00f3wno dla os\u00f3b podejmuj\u0105cych w\u0142asn\u0105 praktyk\u0119 prawnicz\u0105 w\u00a0zawodach prawniczych, jak i\u00a0poszukuj\u0105cych zatrudnienia w\u00a0du\u017cych korporacjach prawniczych etc. PEPP&#8217;ersi s\u0105 bowiem Przebojowi, Energiczni, Pomys\u0142owi i\u00a0Poszukuj\u0105cy nowych wyzwa\u0144 i\u00a0inspiracji. Swoista homonimia nie jest zatem, jak si\u0119 zdaje, jedynie przypadkiem.<\/p>\n<\/div>\r\n                    <\/div>\r\n                <\/div>\r\n                <div class=\"tiles-section\" style=\"background: \">\r\n                    <div class=\"container\">\r\n                        <h3 class=\"page-title\"><\/h3>\r\n                        <div class=\"tiles tiles-2\">\r\n                            <a href=\"https:\/\/us.edu.pl\/wydzial\/wpia\/wspolpraca\/wspolpraca-miedzynarodowa\/pepp\/zasady-uczestnictwa-w-programie\/\" class=\"tile tile_ justify-content-center\" style=\"background-color: #ffffff; font-weight: bold; color: #002E5A;  \">\r\n                                \r\n                                   \r\n                               \r\n                                <div class=\"tile__name\">Zasady uczestnictwa w Programie<\/div>\r\n                            <\/a>\r\n                            <a href=\"https:\/\/us.edu.pl\/wydzial\/wpia\/wspolpraca\/wspolpraca-miedzynarodowa\/pepp\/koszty-uczestnictwa-stypendium\/\" class=\"tile tile_ justify-content-center\" style=\"background-color: #002E5A; font-weight: bold; color: #ffffff;  \">\r\n                                \r\n                                   \r\n                               \r\n                                <div class=\"tile__name\">Koszty uczestnictwa (stypendium)<\/div>\r\n                            <\/a>\r\n                            <a href=\"https:\/\/us.edu.pl\/wydzial\/wpia\/wspolpraca\/wspolpraca-miedzynarodowa\/pepp\/dotychczasowe-edycje\/\" class=\"tile tile_ justify-content-center\" style=\"background-color: #002E5A; font-weight: bold; color: #ffffff;  \">\r\n                                \r\n                                   \r\n                               \r\n                                <div class=\"tile__name\">Dotychczasowe edycje<\/div>\r\n                            <\/a>\r\n                            <a href=\"https:\/\/us.edu.pl\/wydzial\/wpia\/wspolpraca\/wspolpraca-miedzynarodowa\/pepp\/nadchodzaca-edycja-zgloszenia\/\" class=\"tile tile_ justify-content-center\" style=\"background-color: #ffffff; font-weight: bold; color: #002E5A;  \">\r\n                                \r\n                                   \r\n                               \r\n                                <div class=\"tile__name\">Nadchodz\u0105ca edycja - zg\u0142oszenia<\/div>\r\n                            <\/a><\/div>\r\n                    <\/div>\r\n                <\/div>[\/vc_column][\/vc_row]<\/p>","protected":false},"excerpt":{"rendered":"<p>[vc_row][vc_column][\/vc_column][\/vc_row] [&#8230;]<\/p>\n<p><a class=\"btn btn-secondary understrap-read-more-link\" href=\"https:\/\/us.edu.pl\/wydzial\/wpia\/wspolpraca\/wspolpraca-miedzynarodowa\/pepp\/\">Read More&#8230;<\/a><\/p>\n","protected":false},"author":108,"featured_media":0,"parent":1498,"menu_order":4,"comment_status":"closed","ping_status":"closed","template":"page-templates\/inner-page.php","meta":{"_expiration-date-status":"","_expiration-date":0,"_expiration-date-type":"","_expiration-date-categories":[],"_expiration-date-options":[]},"acf":[],"_links":{"self":[{"href":"https:\/\/us.edu.pl\/wydzial\/wpia\/wp-json\/wp\/v2\/pages\/5007"}],"collection":[{"href":"https:\/\/us.edu.pl\/wydzial\/wpia\/wp-json\/wp\/v2\/pages"}],"about":[{"href":"https:\/\/us.edu.pl\/wydzial\/wpia\/wp-json\/wp\/v2\/types\/page"}],"author":[{"embeddable":true,"href":"https:\/\/us.edu.pl\/wydzial\/wpia\/wp-json\/wp\/v2\/users\/108"}],"replies":[{"embeddable":true,"href":"https:\/\/us.edu.pl\/wydzial\/wpia\/wp-json\/wp\/v2\/comments?post=5007"}],"version-history":[{"count":3,"href":"https:\/\/us.edu.pl\/wydzial\/wpia\/wp-json\/wp\/v2\/pages\/5007\/revisions"}],"predecessor-version":[{"id":160938,"href":"https:\/\/us.edu.pl\/wydzial\/wpia\/wp-json\/wp\/v2\/pages\/5007\/revisions\/160938"}],"up":[{"embeddable":true,"href":"https:\/\/us.edu.pl\/wydzial\/wpia\/wp-json\/wp\/v2\/pages\/1498"}],"wp:attachment":[{"href":"https:\/\/us.edu.pl\/wydzial\/wpia\/wp-json\/wp\/v2\/media?parent=5007"}],"curies":[{"name":"wp","href":"https:\/\/api.w.org\/{rel}","templated":true}]}}