{"id":8066,"date":"2022-01-24T09:48:34","date_gmt":"2022-01-24T08:48:34","guid":{"rendered":"https:\/\/us.edu.pl\/wydzial\/wpia\/?page_id=8066"},"modified":"2022-01-24T14:10:44","modified_gmt":"2022-01-24T13:10:44","slug":"informacje-ogolne","status":"publish","type":"page","link":"https:\/\/us.edu.pl\/wydzial\/wpia\/wspolpraca\/wspolpraca-miedzynarodowa\/szkoly-praw-obcych\/szkola-prawa-hiszpanskiego-i-prawa-krajow-ameryki-lacinskiej\/informacje-ogolne\/","title":{"rendered":"Informacje og\u00f3lne"},"content":{"rendered":"<p>[vc_row][vc_column][vc_single_image image=&#8221;8126&#8243; img_size=&#8221;full&#8221; alignment=&#8221;center&#8221; style=&#8221;vc_box_shadow_3d&#8221; onclick=&#8221;custom_link&#8221; link=&#8221;https:\/\/us.edu.pl\/wydzial\/wpia\/wspolpraca\/wspolpraca-miedzynarodowa\/studenci\/szkoly-praw-obcych\/szkola-prawa-hiszpanskiego-i-prawa-krajow-ameryki-lacinskiej\/&#8221;][\/vc_column][\/vc_row][vc_row][vc_column]\r\n                <div class=\"text-modules\">\r\n                    <div class=\"container\">\r\n                        \r\n                        <div class=\"text-modules__content\"><p>Szko\u0142a Prawa Hiszpa\u0144skiego i Praw Kraj\u00f3w Ameryki \u0141aci\u0144skiej to cykl zaj\u0119\u0107 nieobowi\u0105zkowych umo\u017cliwiaj\u0105cy pozyskanie\/poszerzenie wiedzy z zakresu kultury prawnej kraj\u00f3w iberoameryka\u0144skich.<\/p>\n<\/div>\r\n                    <\/div>\r\n                <\/div>[\/vc_column][\/vc_row][vc_row gap=&#8221;1&#8243;][vc_column]<div class=\"container\"><div class=\"separator\" style=\"background-color: #002E5A\"><\/div><\/div>[\/vc_column][\/vc_row][vc_row][vc_column width=&#8221;1\/4&#8243;]\r\n                <div class=\"text-modules\">\r\n                    <div class=\"container\">\r\n                        \r\n                        <div class=\"text-modules__content\"><p><strong><span style=\"font-size: 14pt;\">Koordynator<\/span><\/strong><\/p>\n<\/div>\r\n                    <\/div>\r\n                <\/div>[\/vc_column][vc_column width=&#8221;3\/4&#8243;]\r\n                <div class=\"text-modules\">\r\n                    <div class=\"container\">\r\n                        \r\n                        <div class=\"text-modules__content\"><p>Dr Mauro Arturo Rivera Leon &#8211; pochodz\u0105cy z Meksyku naukowiec i praktyk. Tytu\u0142 doktora nauk prawnych uzyska\u0142 na Universidad Complutense (Madryt), prowadzi\u0142 badania w wielu o\u015brodkach europejskich m.in. Max Planck Institute for Comparative Public Law and International Law (Heidelberg) oraz Center Perelman for Philosophy of Law (Bruksela). Opr\u00f3cz szerokiej dzia\u0142alno\u015bci naukowej, dr Rivera jest tak\u017ce praktykiem &#8211; w latach 2016-2021 pracowa\u0142 w S\u0105dzie Najwy\u017cszym Meksyku, S\u0105dzie Wyborczym i w Sejmie Miasta Meksyk.<\/p>\n<\/div>\r\n                    <\/div>\r\n                <\/div>[\/vc_column][\/vc_row][vc_row][vc_column]<div class=\"container\"><div class=\"separator\" style=\"background-color: #002E5A\"><\/div><\/div>[\/vc_column][\/vc_row][vc_row][vc_column width=&#8221;1\/4&#8243;]\r\n                <div class=\"text-modules\">\r\n                    <div class=\"container\">\r\n                        \r\n                        <div class=\"text-modules__content\"><p><strong><span style=\"font-size: 14pt;\">Wyk\u0142adowcy<\/span><\/strong><\/p>\n<\/div>\r\n                    <\/div>\r\n                <\/div>[\/vc_column][vc_column width=&#8221;3\/4&#8243;]\r\n                <div class=\"text-modules\">\r\n                    <div class=\"container\">\r\n                        \r\n                        <div class=\"text-modules__content\"><p>Na zaproszenie do wyg\u0142oszenie wyk\u0142ad\u00f3w dla naszych student\u00f3w odpowiedzieli przedstawiciele m.in.:\u00a0\u00a0 Centro de Estudios Pol\u00edticos y Constitucionales (Hiszpania), Academia Interamericana de Derechos Humanos (Meksyk), Universidad Panamericana (Meksyk), Trybuna\u0142y Konstytucyjnego Hiszpanii.<\/p>\n<\/div>\r\n                    <\/div>\r\n                <\/div>[\/vc_column][\/vc_row][vc_row gap=&#8221;1&#8243;][vc_column]<div class=\"container\"><div class=\"separator\" style=\"background-color: #002E5A\"><\/div><\/div>[\/vc_column][\/vc_row][vc_row][vc_column width=&#8221;1\/4&#8243;]\r\n                <div class=\"text-modules\">\r\n                    <div class=\"container\">\r\n                        \r\n                        <div class=\"text-modules__content\"><p><strong><span style=\"font-size: 14pt;\">J\u0119zyk wyk\u0142adowy<\/span><\/strong><\/p>\n<\/div>\r\n                    <\/div>\r\n                <\/div>[\/vc_column][vc_column width=&#8221;3\/4&#8243;]\r\n                <div class=\"text-modules\">\r\n                    <div class=\"container\">\r\n                        \r\n                        <div class=\"text-modules__content\"><p>Wszystkie zaj\u0119cia prowadzone b\u0119d\u0105 w j\u0119zyku hiszpa\u0144skim. W trakcie rekrutacji znajomo\u015b\u0107 tego j\u0119zyka na poziomie B1\/B2 nale\u017cy po\u015bwiadczy\u0107 poprzez okazanie certyfikatu lub stosownego za\u015bwiadczenia.<\/p>\n<\/div>\r\n                    <\/div>\r\n                <\/div>[\/vc_column][\/vc_row][vc_row][vc_column]<div class=\"container\"><div class=\"separator\" style=\"background-color: #002E5A\"><\/div><\/div>[\/vc_column][\/vc_row][vc_row][vc_column width=&#8221;1\/4&#8243;]\r\n                <div class=\"text-modules\">\r\n                    <div class=\"container\">\r\n                        \r\n                        <div class=\"text-modules__content\"><p><strong><span style=\"font-size: 14pt;\">Harmonogram<\/span><\/strong><\/p>\n<\/div>\r\n                    <\/div>\r\n                <\/div>[\/vc_column][vc_column width=&#8221;3\/4&#8243;]\r\n                <div class=\"text-modules\">\r\n                    <div class=\"container\">\r\n                        \r\n                        <div class=\"text-modules__content\"><p>Harmonogram zaj\u0119\u0107 SPHiA\u0141 obejmuje 22 godziny i sk\u0142ada si\u0119 z trzech blok\u00f3w:<\/p>\n<ul>\n<li>wst\u0119pu do prawniczego j\u0119zyka hiszpa\u0144skiego;<\/li>\n<li>wprowadzenia do prawa hiszpa\u0144skiego (konstytucyjnego, cywilnego, karnego, pracy, administracyjnego, podatkowego;<\/li>\n<li>g\u0142\u00f3wnych za\u0142o\u017ce\u0144 prawa Ameryki \u0141aci\u0144skiej (systemu gubernatorskiego i konstytucyjnego oraz krajowego mechanizmu ochrony praw cz\u0142owieka).<\/li>\n<\/ul>\n<p>Szczeg\u00f3\u0142y w zak\u0142adce \u201e<a href=\"https:\/\/us.edu.pl\/wydzial\/wpia\/wspolpraca\/wspolpraca-miedzynarodowa\/studenci\/szkoly-praw-obcych\/szkola-prawa-hiszpanskiego-i-prawa-krajow-ameryki-lacinskiej\/harmonogram\/\">harmonogram<\/a>\u201d<\/p>\n<\/div>\r\n                    <\/div>\r\n                <\/div>[\/vc_column][\/vc_row][vc_row gap=&#8221;1&#8243;][vc_column]<div class=\"container\"><div class=\"separator\" style=\"background-color: #002E5A\"><\/div><\/div>[\/vc_column][\/vc_row][vc_row][vc_column width=&#8221;1\/4&#8243;]\r\n                <div class=\"text-modules\">\r\n                    <div class=\"container\">\r\n                        \r\n                        <div class=\"text-modules__content\"><p><span style=\"font-size: 14pt;\"><strong>Czas trwania zaj\u0119\u0107<\/strong><\/span><\/p>\n<\/div>\r\n                    <\/div>\r\n                <\/div>[\/vc_column][vc_column width=&#8221;3\/4&#8243;]\r\n                <div class=\"text-modules\">\r\n                    <div class=\"container\">\r\n                        \r\n                        <div class=\"text-modules__content\"><p>Od lutego do czerwca 2022.<\/p>\n<\/div>\r\n                    <\/div>\r\n                <\/div>[\/vc_column][\/vc_row][vc_row][vc_column]<div class=\"container\"><div class=\"separator\" style=\"background-color: #002E5A\"><\/div><\/div>[\/vc_column][\/vc_row][vc_row][vc_column width=&#8221;1\/4&#8243;]\r\n                <div class=\"text-modules\">\r\n                    <div class=\"container\">\r\n                        \r\n                        <div class=\"text-modules__content\"><p><span style=\"font-size: 14pt;\"><strong>Forma zaj\u0119\u0107 w roku akademickim 2021\/2022<\/strong><\/span><\/p>\n<\/div>\r\n                    <\/div>\r\n                <\/div>[\/vc_column][vc_column width=&#8221;3\/4&#8243;]\r\n                <div class=\"text-modules\">\r\n                    <div class=\"container\">\r\n                        \r\n                        <div class=\"text-modules__content\"><p>Zaj\u0119cia odbywa\u0107 si\u0119 b\u0119d\u0105 zdalnie (II-V) oraz stacjonarnie (V-VI)<\/p>\n<\/div>\r\n                    <\/div>\r\n                <\/div>[\/vc_column][\/vc_row][vc_row full_width=&#8221;stretch_row&#8221; gap=&#8221;1&#8243;][vc_column]<div class=\"container\"><div class=\"separator\" style=\"background-color: #002E5A\"><\/div><\/div>[\/vc_column][\/vc_row][vc_row][vc_column width=&#8221;1\/4&#8243;]\r\n                <div class=\"text-modules\">\r\n                    <div class=\"container\">\r\n                        \r\n                        <div class=\"text-modules__content\"><p><span style=\"font-size: 14pt;\"><strong>Zaliczenie<\/strong><\/span><\/p>\n<\/div>\r\n                    <\/div>\r\n                <\/div>[\/vc_column][vc_column width=&#8221;3\/4&#8243;]\r\n                <div class=\"text-modules\">\r\n                    <div class=\"container\">\r\n                        \r\n                        <div class=\"text-modules__content\"><p>Zaj\u0119cia w Szkole Prawa Hiszpa\u0144skiego i Praw Kraj\u00f3w Ameryki \u0141aci\u0144skiej ko\u0144cz\u0105 si\u0119 egzaminem.<\/p>\n<\/div>\r\n                    <\/div>\r\n                <\/div>[\/vc_column][\/vc_row][vc_row][vc_column]<div class=\"container\"><div class=\"separator\" style=\"background-color: #002E5A\"><\/div><\/div>[\/vc_column][\/vc_row][vc_row][vc_column width=&#8221;1\/4&#8243;]\r\n                <div class=\"text-modules\">\r\n                    <div class=\"container\">\r\n                        \r\n                        <div class=\"text-modules__content\"><p><span style=\"font-size: 14pt;\"><strong>Certyfikat<\/strong><\/span><\/p>\n<\/div>\r\n                    <\/div>\r\n                <\/div>[\/vc_column][vc_column width=&#8221;3\/4&#8243;]\r\n                <div class=\"text-modules\">\r\n                    <div class=\"container\">\r\n                        \r\n                        <div class=\"text-modules__content\"><p>Warunkiem uzyskania certyfikatu jest:<\/p>\n<ul>\n<li>frekwencja na zaj\u0119ciach na poziomie 80%;<\/li>\n<li>w przypadku nieobecno\u015bci, nale\u017cy skontaktowa\u0107 si\u0119 z koordynatorem Szko\u0142y, aby uzupe\u0142ni\u0107 ewentualne braki;<\/li>\n<li>pozytywny wynik na egzaminie.<\/li>\n<\/ul>\n<p>\n<\/div>\r\n                    <\/div>\r\n                <\/div>[\/vc_column][\/vc_row][vc_row][vc_column]<div class=\"container\"><div class=\"separator\" style=\"background-color: #002E5A\"><\/div><\/div>[\/vc_column][\/vc_row][vc_row][vc_column width=&#8221;1\/4&#8243;]\r\n                <div class=\"text-modules\">\r\n                    <div class=\"container\">\r\n                        \r\n                        <div class=\"text-modules__content\"><p><span style=\"font-size: 14pt;\"><strong>Grupa docelowa<\/strong><\/span><\/p>\n<\/div>\r\n                    <\/div>\r\n                <\/div>[\/vc_column][vc_column width=&#8221;3\/4&#8243;]\r\n                <div class=\"text-modules\">\r\n                    <div class=\"container\">\r\n                        \r\n                        <div class=\"text-modules__content\"><\/p>\n<ul>\n<li>Studenci Wydzia\u0142u Prawa i Administracji Uniwersytetu \u015al\u0105skiego w Katowicach;<\/li>\n<li>Studenci kierunk\u00f3w filologicznych i spo\u0142ecznych (wymagana podstawowa wiedza na temat system\u00f3w prawnych)<\/li>\n<\/ul>\n<p>\n<\/div>\r\n                    <\/div>\r\n                <\/div>[\/vc_column][\/vc_row][vc_row gap=&#8221;1&#8243;][vc_column]<div class=\"container\"><div class=\"separator\" style=\"background-color: #002E5A\"><\/div><\/div>[\/vc_column][\/vc_row][vc_row][vc_column width=&#8221;1\/4&#8243;]\r\n                <div class=\"text-modules\">\r\n                    <div class=\"container\">\r\n                        \r\n                        <div class=\"text-modules__content\"><p><span style=\"font-size: 14pt;\"><strong>Koszty<\/strong><\/span><\/p>\n<\/div>\r\n                    <\/div>\r\n                <\/div>[\/vc_column][vc_column width=&#8221;3\/4&#8243;]\r\n                <div class=\"text-modules\">\r\n                    <div class=\"container\">\r\n                        \r\n                        <div class=\"text-modules__content\"><p>Zaj\u0119cia nieodp\u0142atne dla student\u00f3w Uniwersytetu \u015al\u0105skiego.<\/p>\n<p>W bie\u017c\u0105cej edycji brak mo\u017cliwo\u015bci uczestnictwa os\u00f3b nieposiadaj\u0105cych statusu studenta U\u015a.<\/p>\n<\/div>\r\n                    <\/div>\r\n                <\/div>[\/vc_column][\/vc_row][vc_row gap=&#8221;1&#8243;][vc_column]<div class=\"container\"><div class=\"separator\" style=\"background-color: #002E5A\"><\/div><\/div>[\/vc_column][\/vc_row]<\/p>","protected":false},"excerpt":{"rendered":"<p>[vc_row][vc_column][vc_single_image image=&#8221;8126&#8243; img_size=&#8221;full&#8221; alignment=&#8221;center&#8221; style=&#8221;vc_box_shadow_3d&#8221; onclick=&#8221;custom_link&#8221; link=&#8221;https:\/\/us.edu.pl\/wydzial\/wpia\/wspolpraca\/wspolpraca-miedzynarodowa\/studenci\/szkoly-praw-obcych\/szkola-prawa-hiszpanskiego-i-prawa-krajow-ameryki-lacinskiej\/&#8221;][\/vc_column][\/vc_row][vc_row][vc_column][\/vc_column][\/vc_row][vc_row gap=&#8221;1&#8243;][vc_column][\/vc_column][\/vc_row][vc_row][vc_column width=&#8221;1\/4&#8243;][\/vc_column][vc_column width=&#8221;3\/4&#8243;][\/vc_column][\/vc_row][vc_row][vc_column][\/vc_column][\/vc_row][vc_row][vc_column width=&#8221;1\/4&#8243;][\/vc_column][vc_column width=&#8221;3\/4&#8243;][\/vc_column][\/vc_row][vc_row gap=&#8221;1&#8243;][vc_column][\/vc_column][\/vc_row][vc_row][vc_column width=&#8221;1\/4&#8243;][\/vc_column][vc_column width=&#8221;3\/4&#8243;][\/vc_column][\/vc_row][vc_row][vc_column][\/vc_column][\/vc_row][vc_row][vc_column width=&#8221;1\/4&#8243;][\/vc_column][vc_column width=&#8221;3\/4&#8243;][\/vc_column][\/vc_row][vc_row gap=&#8221;1&#8243;][vc_column][\/vc_column][\/vc_row][vc_row][vc_column width=&#8221;1\/4&#8243;][\/vc_column][vc_column width=&#8221;3\/4&#8243;][\/vc_column][\/vc_row][vc_row][vc_column][\/vc_column][\/vc_row][vc_row][vc_column width=&#8221;1\/4&#8243;][\/vc_column][vc_column width=&#8221;3\/4&#8243;][\/vc_column][\/vc_row][vc_row full_width=&#8221;stretch_row&#8221; gap=&#8221;1&#8243;][vc_column][\/vc_column][\/vc_row][vc_row][vc_column width=&#8221;1\/4&#8243;][\/vc_column][vc_column width=&#8221;3\/4&#8243;][\/vc_column][\/vc_row][vc_row][vc_column][\/vc_column][\/vc_row][vc_row][vc_column width=&#8221;1\/4&#8243;][\/vc_column][vc_column width=&#8221;3\/4&#8243;][\/vc_column][\/vc_row][vc_row][vc_column][\/vc_column][\/vc_row][vc_row][vc_column width=&#8221;1\/4&#8243;][\/vc_column][vc_column width=&#8221;3\/4&#8243;][\/vc_column][\/vc_row][vc_row gap=&#8221;1&#8243;][vc_column][\/vc_column][\/vc_row][vc_row][vc_column width=&#8221;1\/4&#8243;][\/vc_column][vc_column width=&#8221;3\/4&#8243;][\/vc_column][\/vc_row][vc_row gap=&#8221;1&#8243;][vc_column][\/vc_column][\/vc_row] [&#8230;]<\/p>\n<p><a class=\"btn btn-secondary understrap-read-more-link\" href=\"https:\/\/us.edu.pl\/wydzial\/wpia\/wspolpraca\/wspolpraca-miedzynarodowa\/szkoly-praw-obcych\/szkola-prawa-hiszpanskiego-i-prawa-krajow-ameryki-lacinskiej\/informacje-ogolne\/\">Read More&#8230;<\/a><\/p>\n","protected":false},"author":3414,"featured_media":0,"parent":8023,"menu_order":0,"comment_status":"closed","ping_status":"closed","template":"page-templates\/inner-page.php","meta":{"_expiration-date-status":"saved","_expiration-date":0,"_expiration-date-type":"","_expiration-date-categories":[],"_expiration-date-options":[]},"acf":[],"_links":{"self":[{"href":"https:\/\/us.edu.pl\/wydzial\/wpia\/wp-json\/wp\/v2\/pages\/8066"}],"collection":[{"href":"https:\/\/us.edu.pl\/wydzial\/wpia\/wp-json\/wp\/v2\/pages"}],"about":[{"href":"https:\/\/us.edu.pl\/wydzial\/wpia\/wp-json\/wp\/v2\/types\/page"}],"author":[{"embeddable":true,"href":"https:\/\/us.edu.pl\/wydzial\/wpia\/wp-json\/wp\/v2\/users\/3414"}],"replies":[{"embeddable":true,"href":"https:\/\/us.edu.pl\/wydzial\/wpia\/wp-json\/wp\/v2\/comments?post=8066"}],"version-history":[{"count":10,"href":"https:\/\/us.edu.pl\/wydzial\/wpia\/wp-json\/wp\/v2\/pages\/8066\/revisions"}],"predecessor-version":[{"id":8185,"href":"https:\/\/us.edu.pl\/wydzial\/wpia\/wp-json\/wp\/v2\/pages\/8066\/revisions\/8185"}],"up":[{"embeddable":true,"href":"https:\/\/us.edu.pl\/wydzial\/wpia\/wp-json\/wp\/v2\/pages\/8023"}],"wp:attachment":[{"href":"https:\/\/us.edu.pl\/wydzial\/wpia\/wp-json\/wp\/v2\/media?parent=8066"}],"curies":[{"name":"wp","href":"https:\/\/api.w.org\/{rel}","templated":true}]}}