{"id":157046,"date":"2022-10-20T10:51:44","date_gmt":"2022-10-20T08:51:44","guid":{"rendered":"https:\/\/us.edu.pl\/wydzial\/wsne\/?post_type=multimedia&#038;p=157046"},"modified":"2022-10-20T10:51:44","modified_gmt":"2022-10-20T08:51:44","slug":"inauguracja-roku-akademickiego-2022-2023-wydzialu-sztuki-i-nauk-o-edukacji","status":"publish","type":"multimedia","link":"https:\/\/us.edu.pl\/wydzial\/wsne\/multimedia\/inauguracja-roku-akademickiego-2022-2023-wydzialu-sztuki-i-nauk-o-edukacji\/","title":{"rendered":"Inauguracja Roku Akademickiego 2022\/2023 Wydzia\u0142u Sztuki i Nauk o Edukacji"},"content":{"rendered":"<p>[vc_row][vc_column][vc_column_text]<span style=\"font-size: 12pt;\">10 pa\u017adziernika 2022 roku odby\u0142a si\u0119 inauguracja roku akademickiego na Wydziale Sztuki i Nauk o Edukacji. Uroczysto\u015b\u0107 poprowadzi\u0142 prodziekan dr hab. Bogus\u0142aw Dziadzia, prof. U\u015a. Okoliczno\u015bciow\u0105 mow\u0119 wyg\u0142osi\u0142 rektor prof. dr hab. Ryszard Kozio\u0142ek. Studenci pierwszego roku przyst\u0105pili do aktu immatrykulacji. Wyk\u0142ad inauguracyjny pt.: \u201eProblematyka rewitalizacji organ\u00f3w piszcza\u0142kowych w sali kameralnej Uniwersytetu \u015al\u0105skiego w Cieszynie. Proces konserwatorski i stylistyka brzmienia\u201d przedstawi\u0142 dr hab. Tomasz Orlow, prof. U\u015a.<\/span>[\/vc_column_text][\/vc_column][\/vc_row][vc_row][vc_column]            \r\n                \r\n                <div class=\"container\">\r\n                     <div class=\"gallery-big \">\r\n                        \r\n                        <div class=\"row m-0\">\r\n                        <a data-fancybox=\"9614\" href=\"https:\/\/us.edu.pl\/wydzial\/wsne\/wp-content\/uploads\/sites\/20\/Bez-kategorii\/inauguracja1.jpg\"\r\n                        title=\"\" \r\n                        class=\"gallery-big__item gallery-big__item_big thumbnail\"\r\n                        style=\"background-image: url(https:\/\/us.edu.pl\/wydzial\/wsne\/wp-content\/uploads\/sites\/20\/Bez-kategorii\/inauguracja1.jpg)\"><span class=\"d-none\">https:\/\/us.edu.pl\/wydzial\/wsne\/wp-content\/uploads\/sites\/20\/Bez-kategorii\/inauguracja1.jpg<\/span><\/a><div class=\"gallery-big__small-items\">\r\n                        <a data-fancybox=\"9614\" href=\"https:\/\/us.edu.pl\/wydzial\/wsne\/wp-content\/uploads\/sites\/20\/Bez-kategorii\/inauguracja2.jpg\"\r\n                        title=\"\" \r\n                        class=\"gallery-big__item  thumbnail\"\r\n                        style=\"background-image: url(https:\/\/us.edu.pl\/wydzial\/wsne\/wp-content\/uploads\/sites\/20\/Bez-kategorii\/inauguracja2.jpg)\"><span class=\"d-none\">https:\/\/us.edu.pl\/wydzial\/wsne\/wp-content\/uploads\/sites\/20\/Bez-kategorii\/inauguracja2.jpg<\/span><\/a>\r\n                        <a data-fancybox=\"9614\" href=\"https:\/\/us.edu.pl\/wydzial\/wsne\/wp-content\/uploads\/sites\/20\/Bez-kategorii\/inauguracja3.jpg\"\r\n                        title=\"\" \r\n                        class=\"gallery-big__item  thumbnail\"\r\n                        style=\"background-image: url(https:\/\/us.edu.pl\/wydzial\/wsne\/wp-content\/uploads\/sites\/20\/Bez-kategorii\/inauguracja3.jpg)\"><span class=\"d-none\">https:\/\/us.edu.pl\/wydzial\/wsne\/wp-content\/uploads\/sites\/20\/Bez-kategorii\/inauguracja3.jpg<\/span><\/a><\/div><\/div><div class=\"row m-0\">\r\n                        <a data-fancybox=\"9614\" href=\"https:\/\/us.edu.pl\/wydzial\/wsne\/wp-content\/uploads\/sites\/20\/Bez-kategorii\/inauguracja4.jpg\"\r\n                        title=\"\" \r\n                        class=\"gallery-big__item gallery-big__item_big thumbnail\"\r\n                        style=\"background-image: url(https:\/\/us.edu.pl\/wydzial\/wsne\/wp-content\/uploads\/sites\/20\/Bez-kategorii\/inauguracja4.jpg)\"><span class=\"d-none\">https:\/\/us.edu.pl\/wydzial\/wsne\/wp-content\/uploads\/sites\/20\/Bez-kategorii\/inauguracja4.jpg<\/span><\/a><div class=\"gallery-big__small-items\">\r\n                        <a data-fancybox=\"9614\" href=\"https:\/\/us.edu.pl\/wydzial\/wsne\/wp-content\/uploads\/sites\/20\/Bez-kategorii\/inauguracja5.jpg\"\r\n                        title=\"\" \r\n                        class=\"gallery-big__item  thumbnail\"\r\n                        style=\"background-image: url(https:\/\/us.edu.pl\/wydzial\/wsne\/wp-content\/uploads\/sites\/20\/Bez-kategorii\/inauguracja5.jpg)\"><span class=\"d-none\">https:\/\/us.edu.pl\/wydzial\/wsne\/wp-content\/uploads\/sites\/20\/Bez-kategorii\/inauguracja5.jpg<\/span><\/a>\r\n                        <a data-fancybox=\"9614\" href=\"https:\/\/us.edu.pl\/wydzial\/wsne\/wp-content\/uploads\/sites\/20\/Bez-kategorii\/inauguracja6.jpg\"\r\n                        title=\"\" \r\n                        class=\"gallery-big__item  thumbnail\"\r\n                        style=\"background-image: url(https:\/\/us.edu.pl\/wydzial\/wsne\/wp-content\/uploads\/sites\/20\/Bez-kategorii\/inauguracja6.jpg)\"><span class=\"d-none\">https:\/\/us.edu.pl\/wydzial\/wsne\/wp-content\/uploads\/sites\/20\/Bez-kategorii\/inauguracja6.jpg<\/span><\/a><\/div><\/div><div class=\"row m-0\">\r\n                        <a data-fancybox=\"9614\" href=\"https:\/\/us.edu.pl\/wydzial\/wsne\/wp-content\/uploads\/sites\/20\/Bez-kategorii\/inauguracja7.jpg\"\r\n                        title=\"\" \r\n                        class=\"gallery-big__item gallery-big__item_big thumbnail\"\r\n                        style=\"background-image: url(https:\/\/us.edu.pl\/wydzial\/wsne\/wp-content\/uploads\/sites\/20\/Bez-kategorii\/inauguracja7.jpg)\"><span class=\"d-none\">https:\/\/us.edu.pl\/wydzial\/wsne\/wp-content\/uploads\/sites\/20\/Bez-kategorii\/inauguracja7.jpg<\/span><\/a><div class=\"gallery-big__small-items\">\r\n                        <a data-fancybox=\"9614\" href=\"https:\/\/us.edu.pl\/wydzial\/wsne\/wp-content\/uploads\/sites\/20\/Bez-kategorii\/inauguracja8.jpg\"\r\n                        title=\"\" \r\n                        class=\"gallery-big__item  thumbnail\"\r\n                        style=\"background-image: url(https:\/\/us.edu.pl\/wydzial\/wsne\/wp-content\/uploads\/sites\/20\/Bez-kategorii\/inauguracja8.jpg)\"><span class=\"d-none\">https:\/\/us.edu.pl\/wydzial\/wsne\/wp-content\/uploads\/sites\/20\/Bez-kategorii\/inauguracja8.jpg<\/span><\/a>\r\n                        <a data-fancybox=\"9614\" href=\"https:\/\/us.edu.pl\/wydzial\/wsne\/wp-content\/uploads\/sites\/20\/Bez-kategorii\/inauguracja9.jpg\"\r\n                        title=\"\" \r\n                        class=\"gallery-big__item  thumbnail\"\r\n                        style=\"background-image: url(https:\/\/us.edu.pl\/wydzial\/wsne\/wp-content\/uploads\/sites\/20\/Bez-kategorii\/inauguracja9.jpg)\"><span class=\"d-none\">https:\/\/us.edu.pl\/wydzial\/wsne\/wp-content\/uploads\/sites\/20\/Bez-kategorii\/inauguracja9.jpg<\/span><\/a><\/div><\/div><div class=\"row m-0\">\r\n                        <a data-fancybox=\"9614\" href=\"https:\/\/us.edu.pl\/wydzial\/wsne\/wp-content\/uploads\/sites\/20\/Bez-kategorii\/inauguracja10.jpg\"\r\n                        title=\"\" \r\n                        class=\"gallery-big__item gallery-big__item_big thumbnail\"\r\n                        style=\"background-image: url(https:\/\/us.edu.pl\/wydzial\/wsne\/wp-content\/uploads\/sites\/20\/Bez-kategorii\/inauguracja10.jpg)\"><span class=\"d-none\">https:\/\/us.edu.pl\/wydzial\/wsne\/wp-content\/uploads\/sites\/20\/Bez-kategorii\/inauguracja10.jpg<\/span><\/a><div class=\"gallery-big__small-items\">\r\n                        <a data-fancybox=\"9614\" href=\"https:\/\/us.edu.pl\/wydzial\/wsne\/wp-content\/uploads\/sites\/20\/Bez-kategorii\/inauguracja11.jpg\"\r\n                        title=\"\" \r\n                        class=\"gallery-big__item  thumbnail\"\r\n                        style=\"background-image: url(https:\/\/us.edu.pl\/wydzial\/wsne\/wp-content\/uploads\/sites\/20\/Bez-kategorii\/inauguracja11.jpg)\"><span class=\"d-none\">https:\/\/us.edu.pl\/wydzial\/wsne\/wp-content\/uploads\/sites\/20\/Bez-kategorii\/inauguracja11.jpg<\/span><\/a>\r\n                        <a data-fancybox=\"9614\" href=\"https:\/\/us.edu.pl\/wydzial\/wsne\/wp-content\/uploads\/sites\/20\/Bez-kategorii\/inauguracja12.jpg\"\r\n                        title=\"\" \r\n                        class=\"gallery-big__item  thumbnail\"\r\n                        style=\"background-image: url(https:\/\/us.edu.pl\/wydzial\/wsne\/wp-content\/uploads\/sites\/20\/Bez-kategorii\/inauguracja12.jpg)\"><span class=\"d-none\">https:\/\/us.edu.pl\/wydzial\/wsne\/wp-content\/uploads\/sites\/20\/Bez-kategorii\/inauguracja12.jpg<\/span><\/a><\/div><\/div><div class=\"row m-0\">\r\n                        <a data-fancybox=\"9614\" href=\"https:\/\/us.edu.pl\/wydzial\/wsne\/wp-content\/uploads\/sites\/20\/Bez-kategorii\/inauguracja13.jpg\"\r\n                        title=\"\" \r\n                        class=\"gallery-big__item gallery-big__item_big thumbnail\"\r\n                        style=\"background-image: url(https:\/\/us.edu.pl\/wydzial\/wsne\/wp-content\/uploads\/sites\/20\/Bez-kategorii\/inauguracja13.jpg)\"><span class=\"d-none\">https:\/\/us.edu.pl\/wydzial\/wsne\/wp-content\/uploads\/sites\/20\/Bez-kategorii\/inauguracja13.jpg<\/span><\/a><div class=\"gallery-big__small-items\">\r\n                        <a data-fancybox=\"9614\" href=\"https:\/\/us.edu.pl\/wydzial\/wsne\/wp-content\/uploads\/sites\/20\/Bez-kategorii\/inauguracja14.jpg\"\r\n                        title=\"\" \r\n                        class=\"gallery-big__item  thumbnail\"\r\n                        style=\"background-image: url(https:\/\/us.edu.pl\/wydzial\/wsne\/wp-content\/uploads\/sites\/20\/Bez-kategorii\/inauguracja14.jpg)\"><span class=\"d-none\">https:\/\/us.edu.pl\/wydzial\/wsne\/wp-content\/uploads\/sites\/20\/Bez-kategorii\/inauguracja14.jpg<\/span><\/a>\r\n                        <a data-fancybox=\"9614\" href=\"https:\/\/us.edu.pl\/wydzial\/wsne\/wp-content\/uploads\/sites\/20\/Bez-kategorii\/inauguracja15.jpg\"\r\n                        title=\"\" \r\n                        class=\"gallery-big__item  thumbnail\"\r\n                        style=\"background-image: url(https:\/\/us.edu.pl\/wydzial\/wsne\/wp-content\/uploads\/sites\/20\/Bez-kategorii\/inauguracja15.jpg)\"><span class=\"d-none\">https:\/\/us.edu.pl\/wydzial\/wsne\/wp-content\/uploads\/sites\/20\/Bez-kategorii\/inauguracja15.jpg<\/span><\/a><\/div><\/div>\r\n                    <\/div>\r\n                <\/div>[\/vc_column][\/vc_row]<\/p>","protected":false},"excerpt":{"rendered":"<p>[vc_row][vc_column][vc_column_text]10 pa\u017adziernika 2022 roku odby\u0142a si\u0119 inauguracja roku akademickiego na Wydziale Sztuki i Nauk o Edukacji. Uroczysto\u015b\u0107 poprowadzi\u0142 prodziekan dr hab. Bogus\u0142aw Dziadzia, prof. U\u015a. Okoliczno\u015bciow\u0105 mow\u0119 wyg\u0142osi\u0142 rektor prof. dr hab. Ryszard Kozio\u0142ek. Studenci pierwszego roku przyst\u0105pili do aktu immatrykulacji. Wyk\u0142ad inauguracyjny pt.: \u201eProblematyka rewitalizacji organ\u00f3w piszcza\u0142kowych w sali kameralnej Uniwersytetu \u015al\u0105skiego w Cieszynie. [&#8230;]<\/p>\n<p><a class=\"btn btn-secondary understrap-read-more-link\" href=\"https:\/\/us.edu.pl\/wydzial\/wsne\/multimedia\/inauguracja-roku-akademickiego-2022-2023-wydzialu-sztuki-i-nauk-o-edukacji\/\">Read More&#8230;<\/a><\/p>\n","protected":false},"author":110,"featured_media":157000,"template":"","meta":{"_expiration-date-status":"","_expiration-date":0,"_expiration-date-type":"","_expiration-date-categories":[],"_expiration-date-options":[]},"acf":[],"_links":{"self":[{"href":"https:\/\/us.edu.pl\/wydzial\/wsne\/wp-json\/wp\/v2\/multimedia\/157046"}],"collection":[{"href":"https:\/\/us.edu.pl\/wydzial\/wsne\/wp-json\/wp\/v2\/multimedia"}],"about":[{"href":"https:\/\/us.edu.pl\/wydzial\/wsne\/wp-json\/wp\/v2\/types\/multimedia"}],"author":[{"embeddable":true,"href":"https:\/\/us.edu.pl\/wydzial\/wsne\/wp-json\/wp\/v2\/users\/110"}],"version-history":[{"count":1,"href":"https:\/\/us.edu.pl\/wydzial\/wsne\/wp-json\/wp\/v2\/multimedia\/157046\/revisions"}],"predecessor-version":[{"id":157047,"href":"https:\/\/us.edu.pl\/wydzial\/wsne\/wp-json\/wp\/v2\/multimedia\/157046\/revisions\/157047"}],"wp:featuredmedia":[{"embeddable":true,"href":"https:\/\/us.edu.pl\/wydzial\/wsne\/wp-json\/wp\/v2\/media\/157000"}],"wp:attachment":[{"href":"https:\/\/us.edu.pl\/wydzial\/wsne\/wp-json\/wp\/v2\/media?parent=157046"}],"curies":[{"name":"wp","href":"https:\/\/api.w.org\/{rel}","templated":true}]}}