{"id":5198,"date":"2021-04-08T14:54:42","date_gmt":"2021-04-08T12:54:42","guid":{"rendered":"https:\/\/us.edu.pl\/wydzial\/wsne\/?page_id=5198"},"modified":"2021-06-16T13:45:21","modified_gmt":"2021-06-16T11:45:21","slug":"50-lat-us-w-cieszynie","status":"publish","type":"page","link":"https:\/\/us.edu.pl\/wydzial\/wsne\/50-lat-us-w-cieszynie\/","title":{"rendered":"50 lat U\u015a w Cieszynie"},"content":{"rendered":"<p>[vc_row][vc_column][vc_raw_html]JTNDZGl2JTIwY2xhc3MlM0QlMjJoZWFkZXItbG9nbzElMjIlMjBzdHlsZSUzRCUyMnRleHQtYWxpZ24lM0ElMjBjZW50ZXIlM0IlMjIlM0UlMEElMDklM0NhJTIwaHJlZiUzRCUyMmh0dHBzJTNBJTJGJTJGdXMuZWR1LnBsJTJGd3lkemlhbCUyRndzbmUlMkY1MC1sYXQtdXMtdy1jaWVzenluaWUlMjIlM0UlMEElMDklMDklM0NpbWclMjBzcmMlM0QlMjJodHRwcyUzQSUyRiUyRnVzLmVkdS5wbCUyRnd5ZHppYWwlMkZ3c25lJTJGd3AtY29udGVudCUyRnVwbG9hZHMlMkZzaXRlcyUyRjIwJTJGNTAtbGF0LVUlMjVDNSUyNTlBLXctQ2llc3p5bmllJTJGbG9nby01MC1sYXQtVSUyNUM1JTI1OUEtdy1DaWVzenluaWUtMS1rb3BpYS0yLnN2ZyUyMiUyMGNsYXNzJTNEJTIybG9nby1rb2xvciUyMiUyMGFsdCUzRCUyMkxvZ28lMjA1MCUyMGxhdCUyMFVuaXdlcnN5dGV0dSUyMCVDNSU5QWwlQzQlODVza2llZ28lMjB3JTIwQ2llc3p5bmllJTIyJTIwdGl0bGUlM0QlMjJzdHJvbmElMjBqdWJpbGV1c3pvd2ElMjIlM0UlMEElMjAlMjAlMjAlMjAlM0MlMkZhJTNFJTBBJTIwJTIwJTIwJTIwJTNDYSUyMGhyZWYlM0QlMjJodHRwcyUzQSUyRiUyRnVzLmVkdS5wbCUyRnd5ZHppYWwlMkZ3c25lJTJGNTAtbGF0LXVzLXctY2llc3p5bmllJTIyJTNFJTBBJTIwJTIwJTIwJTIwJTIwJTIwJTIwJTIwJTNDaW1nJTIwc3JjJTNEJTIyaHR0cHMlM0ElMkYlMkZ1cy5lZHUucGwlMkZ3eWR6aWFsJTJGd3NuZSUyRndwLWNvbnRlbnQlMkZ1cGxvYWRzJTJGc2l0ZXMlMkYyMCUyRjUwLWxhdC1VJUM1JTlBLXctQ2llc3p5bmllJTJGbG9nby01MC1sYXQtVSVDNSU5QS13LUNpZXN6eW5pZS0xLWtvcGlhLTItYmxhY2suc3ZnJTIyJTIwY2xhc3MlM0QlMjJsb2dvLWJsYWNrJTIyJTIwYWx0JTNEJTIyNTAlMjBsYXQlMjBVbml3ZXJzeXRldHUlMjAlQzUlOUFsJUM0JTg1c2tpZWdvJTIwdyUyMENpZXN6eW5pZSUyMiUyMHRpdGxlJTNEJTIyc3Ryb25hJTIwanViaWxldXN6b3dhJTIyJTNFJTBBJTIwJTIwJTIwJTIwJTNDJTJGYSUzRSUwQSUyMCUyMCUyMCUyMCUzQ2ElMjBocmVmJTNEJTIyaHR0cHMlM0ElMkYlMkZ1cy5lZHUucGwlMkZ3eWR6aWFsJTJGd3NuZSUyRjUwLWxhdC11cy13LWNpZXN6eW5pZSUyMiUzRSUwQSUwOSUwOSUzQ2ltZyUyMHNyYyUzRCUyMmh0dHBzJTNBJTJGJTJGdXMuZWR1LnBsJTJGd3lkemlhbCUyRndzbmUlMkZ3cC1jb250ZW50JTJGdXBsb2FkcyUyRnNpdGVzJTJGMjAlMkY1MC1sYXQtVSVDNSU5QS13LUNpZXN6eW5pZSUyRmxvZ28tNTAtbGF0LVUlQzUlOUEtdy1DaWVzenluaWUtMS1rb3BpYS0yLXllbGxvdy5zdmclMjIlMjBjbGFzcyUzRCUyMmxvZ28teWVsbG93JTIyJTIwYWx0JTNEJTIyTG9nbyUyMDUwJTIwbGF0JTIwVW5pd2Vyc3l0ZXR1JTIwJUM1JTlBbCVDNCU4NXNraWVnbyUyMHclMjBDaWVzenluaWUlMjIlMjB0aXRsZSUzRCUyMnN0cm9uYSUyMGp1YmlsZXVzem93YSUyMiUzRSUwQSUyMCUyMCUyMCUyMCUzQyUyRmElM0UlMEElMDklMjAlMjAlMjAlMjAlM0NhJTIwaHJlZiUzRCUyMmh0dHBzJTNBJTJGJTJGdXMuZWR1LnBsJTJGd3lkemlhbCUyRndzbmUlMkY1MC1sYXQtdXMtdy1jaWVzenluaWUlMjIlM0UlMEElMDklMDklM0NpbWclMjBzcmMlM0QlMjJodHRwcyUzQSUyRiUyRnVzLmVkdS5wbCUyRnd5ZHppYWwlMkZ3c25lJTJGd3AtY29udGVudCUyRnVwbG9hZHMlMkZzaXRlcyUyRjIwJTJGNTAtbGF0LVUlQzUlOUEtdy1DaWVzenluaWUlMkZsb2dvLTUwLWxhdC1VJUM1JTlBLXctQ2llc3p5bmllLTEta29waWEtMi13aGl0ZS5zdmclMjIlMjBjbGFzcyUzRCUyMmxvZ28td2hpdGUlMjIlMjBhbHQlM0QlMjJMb2dvJTIwNTAlMjBsYXQlMjBVbml3ZXJzeXRldHUlMjAlQzUlOUFsJUM0JTg1c2tpZWdvJTIwdyUyMENpZXN6eW5pZSUyMiUyMHRpdGxlJTNEJTIyc3Ryb25hJTIwanViaWxldXN6b3dhJTIyJTNFJTBBJTIwJTIwJTIwJTIwJTNDJTJGYSUzRSUwQSUzQyUyRmRpdiUzRSUwQQ==[\/vc_raw_html][\/vc_column][\/vc_row][vc_row el_class=&#8221;mobile-on&#8221;][vc_column][vc_raw_html]JTNDaWZyYW1lJTIwd2lkdGglM0QlMjIxMDAlMjUlMjIlMjBoZWlnaHQlM0QlMjIzMDAlMjIlMjB0eXBlJTNEJTIydGV4dCUyRmh0bWwlMjIlMjB3aWR0aCUzRCUyMjY0MCUyMiUyMGhlaWdodCUzRCUyMjM2MCUyMiUyMHNyYyUzRCUyMmh0dHBzJTNBJTJGJTJGd3d3LnlvdXR1YmUuY29tJTJGZW1iZWQlMkZCaEtTX2dtZnk3cyUzRiUyNmF1dG9wbGF5JTNEMSUyNmxvb3AlM0QxJTI2cmVsJTNEMCUyNnNob3dpbmZvJTNEMCUyNmNvbG9yJTNEd2hpdGUlMjZpdl9sb2FkX3BvbGljeSUzRDMlMjZwbGF5bGlzdCUzREJoS1NfZ21meTdzJTIyJTBBJTIwJTIwJTIwJTIwJTIwJTIwZnJhbWVib3JkZXIlM0QlMjIwJTIyJTIwYWxsb3dmdWxsc2NyZWVuJTNFJTNDJTJGaWZyYW1lJTNFJTBBJTBB[\/vc_raw_html][\/vc_column][\/vc_row][vc_row full_height=&#8221;yes&#8221; columns_placement=&#8221;top&#8221; video_bg=&#8221;yes&#8221; video_bg_url=&#8221;&#8221; title=&#8221;&#8222;YouTube&#8221; src=&#8221;&#8222;https:\/\/www.youtube-nocookie.com\/embed\/UtJOZTUrdhQ?controls=0&#8222;&#8221; width=&#8221;&#8222;100%&#8222;&#8221; height=&#8221;&#8222;auto&#8222;&#8221; frameborder=&#8221;&#8222;0&#8222;&#8221; css=&#8221;.vc_custom_1620202459727{margin-top: 0px !important;margin-bottom: 0px !important;}&#8221; el_class=&#8221;mobile-off&#8221;][vc_column video_bg=&#8221;yes&#8221; video_bg_url=&#8221;https:\/\/www.youtube.com\/watch?v=BhKS_gmfy7s&amp;fmt=22&#8243; video_bg_parallax=&#8221;content-moving&#8221; css_animation=&#8221;none&#8221; el_class=&#8221;#big-video&#8221; css=&#8221;.vc_custom_1620204643259{margin-top: 0px !important;margin-bottom: 0px !important;}&#8221;]\r\n                <div class=\"text-modules\">\r\n                    <div class=\"container\">\r\n                        \r\n                        <div class=\"text-modules__content\"><\/p>\n<div style=\"padding-bottom: 50px; padding-top: 350px;\">\n<p style=\"text-align: center; font-size: 130%;\"><span style=\"color: #ffffff;\"><strong>1971\u20132021<\/strong><\/span><br \/>\n<span style=\"text-align: center;\"><span style=\"color: #ffffff; letter-spacing: 1.5pt; font-size: 70%;\"><strong>50 lat Uniwersytetu \u015al\u0105skiego w Cieszynie<\/strong><\/span><\/span><\/p>\n<\/div>\n<p>\n<\/div>\r\n                    <\/div>\r\n                <\/div>[\/vc_column][\/vc_row][vc_row gap=&#8221;2&#8243; el_class=&#8221;container&#8221; css=&#8221;.vc_custom_1618491159795{background-position: center !important;background-repeat: no-repeat !important;background-size: contain !important;}&#8221;][vc_column el_class=&#8221;container&#8221;][vc_row_inner][vc_column_inner][vc_empty_space][\/vc_column_inner][\/vc_row_inner][vc_row_inner][vc_column_inner][\/vc_column_inner][\/vc_row_inner][vc_row_inner][vc_column_inner width=&#8221;1\/3&#8243;][vc_raw_html]JTNDYXJ0aWNsZSUyMGNsYXNzJTNEJTIyYXJ0aWNsZS1sb29wLXBvc3QlMjBhcnRpY2xlLWxvb3AtcG9zdF9saXN0YSUyMiUzRSUwQSUwQSUyMCUzQ2RpdiUyMGNsYXNzJTNEJTIyYXJ0aWNsZS1sb29wLXBvc3RfX2NvbnRlbnQlMjIlM0UlMEElMjAlMjAlMjAlMjAlMjAlMjAlMjAlMjAlMjAlMjAlMjAlMjAlMjAlMjAlMjAlMjAlMjAlMjAlMjAlMjAlM0NoMyUyMGNsYXNzJTNEJTIyYXJ0aWNsZS1sb29wLXBvc3RfX3RpdGxlJTIyJTNFJTBBJTIwJTIwJTIwJTIwJTIwJTIwJTIwJTIwJTIwJTIwJTIwJTIwJTIwJTIwJTIwJTIwJTIwJTIwJTIwJTIwJTIwJTIwJTIwJTIwJTNDYSUyMGhyZWYlM0QlMjJodHRwcyUzQSUyRiUyRnVzLmVkdS5wbCUyRnd5ZHppYWwlMkZ3c25lJTJGNTAtbGF0LXVzLXctY2llc3p5bmllJTJGc2xvd28tcmVrdG9yYSUyRiUyMiUzRVMlQzUlODFPV08lMjBSRUtUT1JBJTNDJTJGYSUzRSUwQSUyMCUyMCUyMCUyMCUyMCUyMCUyMCUyMCUyMCUyMCUyMCUyMCUyMCUyMCUyMCUyMCUyMCUyMCUyMCUyMCUzQyUyRmgzJTNFJTBBJTBBJTIwJTIwJTIwJTIwJTIwJTIwJTIwJTIwJTIwJTIwJTIwJTIwJTIwJTIwJTIwJTIwJTNDYSUyMGhyZWYlM0QlMjJodHRwcyUzQSUyRiUyRnVzLmVkdS5wbCUyRnd5ZHppYWwlMkZ3c25lJTJGNTAtbGF0LXVzLXctY2llc3p5bmllJTJGc2xvd28tcmVrdG9yYSUyRiUyMiUyMGNsYXNzJTNEJTIyYXJ0aWNsZS1sb29wLXBvc3RfX3RodW1ibmFpbCUyMHRodW1ibmFpbCUyMiUyMHN0eWxlJTNEJTIyYmFja2dyb3VuZC1pbWFnZSUzQSUyMHVybCUyOGh0dHBzJTNBJTJGJTJGdXMuZWR1LnBsJTJGd3lkemlhbCUyRndzbmUlMkZ3cC1jb250ZW50JTJGdXBsb2FkcyUyRnNpdGVzJTJGMjAlMkY1MC1sYXQtVSVDNSU5QS13LUNpZXN6eW5pZSUyRkFKUzMwMjgtJUUyJTgwJTk0LTMtd3d3MS5wbmclMjklM0IlMjB0ZXh0LWFsaWduJTNBJTIwY2VudGVyJTNCJTIwd2lkdGglM0ElMjA5MCUyNSUyMiUyMGFsdCUzRCUyMlJla3RvciUyMFVuaXdlcnN5dGV0dSUyMCVDNSU5QWwlQzQlODVza2llZ28lMjBwcm9mLiUyMFJ5c3phcmQlMjBLb3ppbyVDNSU4MmVrJTIyJTIwJTNFJTBBJTIwJTIwJTIwJTIwJTIwJTIwJTIwJTIwJTIwJTIwJTIwJTIwJTIwJTIwJTIwJTIwJTIwJTIwJTIwJTIwJTNDc3BhbiUzRXdpJUM0JTk5Y2VqJTNDJTJGc3BhbiUzRSUwQSUyMCUyMCUyMCUyMCUyMCUyMCUyMCUyMCUyMCUyMCUyMCUyMCUyMCUyMCUyMCUyMCUzQyUyRmElM0UlMEElMjAlMjAlMjAlMjAlMjAlMjAlMjAlMjAlMjAlMjAlMjAlMjAlMjAlMjAlMjAlMjAlMEElMjAlMjAlMjAlMjAlMjAlMjAlMjAlMjAlMjAlMjAlMjAlMjAlMjAlMjAlMjAlMjAlM0MlMkZkaXYlM0UlMEElMjAlMjAlMjAlMjAlMjAlMjAlMjAlMjAlMjAlMjAlMjAlMjAlM0MlMkZhcnRpY2xlJTNF[\/vc_raw_html][\/vc_column_inner][vc_column_inner width=&#8221;1\/3&#8243;][vc_raw_html]JTNDYXJ0aWNsZSUyMGNsYXNzJTNEJTIyYXJ0aWNsZS1sb29wLXBvc3QlMjBhcnRpY2xlLWxvb3AtcG9zdF9saXN0YSUyMiUzRSUwQSUwQSUyMCUzQ2RpdiUyMGNsYXNzJTNEJTIyYXJ0aWNsZS1sb29wLXBvc3RfX2NvbnRlbnQlMjIlM0UlMEElMjAlMjAlMjAlMjAlMjAlMjAlMjAlMjAlMjAlMjAlMjAlMjAlMjAlMjAlMjAlMjAlMjAlMjAlMjAlMjAlM0NoMyUyMGNsYXNzJTNEJTIyYXJ0aWNsZS1sb29wLXBvc3RfX3RpdGxlJTIyJTNFJTBBJTIwJTIwJTIwJTIwJTIwJTIwJTIwJTIwJTIwJTIwJTIwJTIwJTIwJTIwJTIwJTIwJTIwJTIwJTIwJTIwJTIwJTIwJTIwJTIwJTNDYSUyMGhyZWYlM0QlMjJodHRwcyUzQSUyRiUyRnVzLmVkdS5wbCUyRnd5ZHppYWwlMkZ3c25lJTJGNTAtbGF0LXVzLXctY2llc3p5bmllJTJGc2xvd28tZHppZWthbmElMkYlMjIlM0VTJUM1JTgxT1dPJTIwRFpJRUtBTkElM0MlMkZhJTNFJTBBJTIwJTIwJTIwJTIwJTIwJTIwJTIwJTIwJTIwJTIwJTIwJTIwJTIwJTIwJTIwJTIwJTIwJTIwJTIwJTIwJTNDJTJGaDMlM0UlMEElMjAlMjAlMjAlMjAlMjAlMjAlMjAlMjAlMjAlMjAlMjAlMjAlMEElMEElMjAlMjAlMjAlMjAlMjAlMjAlMjAlMjAlMjAlMjAlMjAlMjAlMjAlMjAlMjAlMjAlM0NhJTIwaHJlZiUzRCUyMmh0dHBzJTNBJTJGJTJGdXMuZWR1LnBsJTJGd3lkemlhbCUyRndzbmUlMkY1MC1sYXQtdXMtdy1jaWVzenluaWUlMkZzbG93by1kemlla2FuYSUyRiUyMiUyMGNsYXNzJTNEJTIyYXJ0aWNsZS1sb29wLXBvc3RfX3RodW1ibmFpbCUyMHRodW1ibmFpbCUyMiUyMHN0eWxlJTNEJTIyYmFja2dyb3VuZC1pbWFnZSUzQSUyMHVybCUyOGh0dHBzJTNBJTJGJTJGdXMuZWR1LnBsJTJGd3lkemlhbCUyRndzbmUlMkZ3cC1jb250ZW50JTJGdXBsb2FkcyUyRnNpdGVzJTJGMjAlMkY1MC1sYXQtVSVDNSU5QS13LUNpZXN6eW5pZSUyRktyenlzenRvZi1NYXJlay1CJUM0JTg1ay13d3cxLnBuZyUyOSUzQiUyMHRleHQtYWxpZ24lM0ElMjBjZW50ZXIlM0IlMjB3aWR0aCUzQSUyMDkwJTI1JTNCJTIyJTIwYWx0JTNEJTIyRHppZWthbiUyMFd5ZHppYSVDNSU4MnUlMjBTenR1a2klMjBpJTIwTmF1ayUyMG8lMjBFZHVrYWNqaSUyMGRyJTIwaGFiLiUyMEtyenlzenRvZiUyME1hcmVrJTIwQiVDNCU4NWslMkMlMjBwcm9mLiUyMFUlQzUlOUElMjIlM0UlMEElMjAlMjAlMjAlMjAlMjAlMjAlMjAlMjAlMjAlMjAlMjAlMjAlMjAlMjAlMjAlMjAlMjAlMjAlMjAlMjAlM0NzcGFuJTNFd2klQzQlOTljZWolM0MlMkZzcGFuJTNFJTBBJTIwJTIwJTIwJTIwJTIwJTIwJTIwJTIwJTIwJTIwJTIwJTIwJTIwJTIwJTIwJTIwJTNDJTJGYSUzRSUwQSUyMCUyMCUyMCUyMCUyMCUyMCUyMCUyMCUyMCUyMCUyMCUyMCUyMCUyMCUyMCUyMCUwQSUyMCUyMCUyMCUyMCUyMCUyMCUyMCUyMCUyMCUyMCUyMCUyMCUyMCUyMCUyMCUyMCUzQyUyRmRpdiUzRSUwQSUyMCUyMCUyMCUyMCUyMCUyMCUyMCUyMCUyMCUyMCUyMCUyMCUzQyUyRmFydGljbGUlM0U=[\/vc_raw_html][\/vc_column_inner][vc_column_inner width=&#8221;1\/3&#8243;][vc_raw_html]JTNDYXJ0aWNsZSUyMGNsYXNzJTNEJTIyYXJ0aWNsZS1sb29wLXBvc3QlMjBhcnRpY2xlLWxvb3AtcG9zdF9saXN0YSUyMiUzRSUwQSUwQSUyMCUzQ2RpdiUyMGNsYXNzJTNEJTIyYXJ0aWNsZS1sb29wLXBvc3RfX2NvbnRlbnQlMjIlM0UlMEElMjAlMjAlMjAlMjAlMjAlMjAlMjAlMjAlMjAlMjAlMjAlMjAlMjAlMjAlMjAlMjAlMjAlMjAlMjAlMjAlM0NoMyUyMGNsYXNzJTNEJTIyYXJ0aWNsZS1sb29wLXBvc3RfX3RpdGxlJTIyJTNFJTBBJTIwJTIwJTIwJTIwJTIwJTIwJTIwJTIwJTIwJTIwJTIwJTIwJTIwJTIwJTIwJTIwJTIwJTIwJTIwJTIwJTIwJTIwJTIwJTIwJTNDYSUyMGhyZWYlM0QlMjJodHRwcyUzQSUyRiUyRnVzLmVkdS5wbCUyRnd5ZHppYWwlMkZ3c25lJTJGNTAtbGF0LXVzLXctY2llc3p5bmllJTJGdXMtdy1jaWVzenluaWUtZGF3bmllai1pLWR6aXMlMkYlMkYlMjIlM0VVJUM1JTlBJTIwVyUyMENJRVNaWU5JRSUyMCVFMiU4MCU5MyUyMERBV05JRUolMjBJJTIwRFpJJUM1JTlBJTNDJTJGYSUzRSUwQSUyMCUyMCUyMCUyMCUyMCUyMCUyMCUyMCUyMCUyMCUyMCUyMCUyMCUyMCUyMCUyMCUyMCUyMCUyMCUyMCUzQyUyRmgzJTNFJTBBJTIwJTIwJTIwJTIwJTIwJTIwJTIwJTIwJTIwJTIwJTIwJTIwJTBBJTBBJTIwJTIwJTIwJTIwJTIwJTIwJTIwJTIwJTIwJTIwJTIwJTIwJTIwJTIwJTIwJTIwJTNDYSUyMGhyZWYlM0QlMjJodHRwcyUzQSUyRiUyRnVzLmVkdS5wbCUyRnd5ZHppYWwlMkZ3c25lJTJGNTAtbGF0LXVzLXctY2llc3p5bmllJTJGdXMtdy1jaWVzenluaWUtZGF3bmllai1pLWR6aXMlMkYlMjIlMjBjbGFzcyUzRCUyMmFydGljbGUtbG9vcC1wb3N0X190aHVtYm5haWwlMjB0aHVtYm5haWwlMjIlMjBzdHlsZSUzRCUyMmJhY2tncm91bmQtaW1hZ2UlM0ElMjB1cmwlMjhodHRwcyUzQSUyRiUyRnVzLmVkdS5wbCUyRnd5ZHppYWwlMkZ3c25lJTJGd3AtY29udGVudCUyRnVwbG9hZHMlMkZzaXRlcyUyRjIwJTJGNTAtbGF0LVUlQzUlOUEtdy1DaWVzenluaWUlMkZMYXRhLTIwLi1XJUMzJUIzd2N6YXMtTSVDNCU5OXNraWUtU2VtaW5hcml1bS1OYXVjenljaWVsc2tpZS1vZC0xOTcxLXItRmlsaWEtVSVDNSU5QS13LUNpZXN6eW5pZS1vYmVjbmllLXNpZWR6aWJhLVd5ZHppYSVDNSU4MnUtVSVDNSU5QV9rb3BpYS5wbmclMjklM0IlMjB0ZXh0LWFsaWduJTNBJTIwY2VudGVyJTNCJTIwd2lkdGglM0ElMjA5MCUyNSUzQiUyMCUyMiUyMGFsdCUzRCUyMkJ1ZHluZWslMjBVbml3ZXJzeXRldHUlMjAlQzUlOUFsJUM0JTg1c2tpZWdvJTJDJTIwemRqJUM0JTk5Y2llJTIwYXJjaGl3YWxuZSUyMiUzRSUwQSUyMCUyMCUyMCUyMCUyMCUyMCUyMCUyMCUyMCUyMCUyMCUyMCUyMCUyMCUyMCUyMCUyMCUyMCUyMCUyMCUzQ3NwYW4lM0V3aSVDNCU5OWNlaiUzQyUyRnNwYW4lM0UlMEElMjAlMjAlMjAlMjAlMjAlMjAlMjAlMjAlMjAlMjAlMjAlMjAlMjAlMjAlMjAlMjAlM0MlMkZhJTNFJTBBJTIwJTIwJTIwJTIwJTIwJTIwJTIwJTIwJTIwJTIwJTIwJTIwJTIwJTIwJTIwJTIwJTBBJTIwJTIwJTIwJTIwJTIwJTIwJTIwJTIwJTIwJTIwJTIwJTIwJTIwJTIwJTIwJTIwJTNDJTJGZGl2JTNFJTBBJTIwJTIwJTIwJTIwJTIwJTIwJTIwJTIwJTIwJTIwJTIwJTIwJTNDJTJGYXJ0aWNsZSUzRQ==[\/vc_raw_html][\/vc_column_inner][\/vc_row_inner][\/vc_column][\/vc_row][vc_row content_placement=&#8221;middle&#8221; css=&#8221;.vc_custom_1619000425216{padding-top: 20px !important;padding-right: 20px !important;padding-bottom: 20px !important;padding-left: 20px !important;background-color: #ebebeb !important;}&#8221;][vc_column width=&#8221;1\/4&#8243;][\/vc_column][vc_column width=&#8221;1\/2&#8243; css=&#8221;.vc_custom_1618578758295{background-color: #f3f3f3 !important;}&#8221; el_class=&#8221;container&#8221;][vc_empty_space][vc_raw_html]JTNDZGl2JTIwY2xhc3MlM0QlMjJjb250YWluZXIlMjIlMjAlMjBzdHlsZSUzRCUyMnBhZGRpbmctbGVmdCUzQSUyMDglMjUlM0IlMjIlM0UlMEElM0NoMiUyMGNsYXNzJTNEJTIyc2VjdGlvbi10aXRsZSUyMiUzRSUwQSUyMCUyMCUyMCUyMCUyMCUyMCUyMCUyMCUyMCUyMCUyMCUyMCUyMCUyMCUyMCUyMCUyMCUyMCUyMCUyMCUyMCUyMCUyMCUyMCUyMCUyMCUyMCUyME5hZGNob2R6JUM0JTg1Y2UlMjB3eWRhcnplbmlhJTBBJTIwJTIwJTIwJTIwJTIwJTIwJTIwJTIwJTIwJTIwJTIwJTIwJTIwJTIwJTIwJTIwJTIwJTIwJTIwJTIwJTIwJTIwJTIwJTIwJTNDJTJGaDIlM0UlMEElM0MlMkZkaXYlM0U=[\/vc_raw_html]\r\n                <div class=\"text-modules\">\r\n                    <div class=\"container\">\r\n                        \r\n                        <div class=\"text-modules__content\"><\/p>\n<div style=\"padding-left: 8%; padding-right: 8%;\">\n<div style=\"letter-spacing: 2mm; color: #333333; font-size: 10pt;\">od czerwca do wrze\u015bnia<\/div>\n<hr \/>\n<div style=\"font-family: 'PT Sans Narrow', sans-serif;\">\n<p><strong>Wystawa plakat\u00f3w nawi\u0105zuj\u0105cych do rocznicy<\/strong><\/p>\n<p style=\"font-family: 'PT Sans Narrow', sans-serif;\"><strong>\u201eRozmowy z Mistrzami\u201d \u2013 wywiady ze znanymi i zas\u0142u\u017conymi przedstawicielami dziedzin nauki i sztuki<\/strong><\/p>\n<p style=\"font-family: 'PT Sans Narrow', sans-serif;\"><strong>Historia kampusu w cyklu felieton\u00f3w <\/strong><\/p>\n<p style=\"font-family: 'PT Sans Narrow', sans-serif;\"><strong>Cieszy\u0144ski kampus we wspomnieniach absolwent\u00f3w <\/strong><\/p>\n<\/div>\n<\/div>\n<p>\n<\/div>\r\n                    <\/div>\r\n                <\/div>[vc_btn title=&#8221;kalendarz wydarze\u0144 jubileuszowych&#8221; style=&#8221;classic&#8221; shape=&#8221;square&#8221; color=&#8221;inverse&#8221; css_animation=&#8221;fadeIn&#8221; link=&#8221;url:https%3A%2F%2Fus.edu.pl%2Fwydzial%2Fwsne%2F50-lat-us-w-cieszynie%2Fprogram-ramowy-jubileuszu%2F|title:sprawd%C5%BA%20program%20ramowy||&#8221; css=&#8221;.vc_custom_1619600814474{padding-left: 9% !important;}&#8221;][\/vc_column][vc_column width=&#8221;1\/4&#8243;][\/vc_column][\/vc_row][vc_row gap=&#8221;10&#8243; content_placement=&#8221;middle&#8221; disable_element=&#8221;yes&#8221; css=&#8221;.vc_custom_1618984811803{background-color: #ebebeb !important;}&#8221;][vc_column width=&#8221;1\/3&#8243;]\r\n                <div class='sidebar_moduls sidebar_button' style=\"background-color: #EBEBEB; color: #002E5A\">\r\n                    <h3>Kalendarz uroczysto\u015bci<\/h3>\r\n                    <div class='link-button-wrap'><a style=\"background-color: #002E5A!important; color: #FFFFFF!important\" href='www.us.edu.pl' class='link-button'>sprawd\u017a program obchod\u00f3w<\/a><\/div>\r\n                <\/div>[\/vc_column][vc_column width=&#8221;2\/3&#8243; css=&#8221;.vc_custom_1618578758295{background-color: #f3f3f3 !important;}&#8221; el_class=&#8221;container&#8221;]\r\n            \r\n            <div class=\"events-loop loop-section color-blue\" style=\"background: #EBEBEB\">\r\n                <div class=\"container\">\r\n                    <div class=\"events-loop-top loop-section-top\">\r\n                        <h2 class=\"section-title\">\r\n                            Nadchodz\u0105ce wydarzenia\r\n                        <\/h2>\r\n                    <\/div>\r\n            \r\n                    <div class=\"events-loop-main\">\r\n                        <div class=\"row m-0\">    \r\n                    <article class=\"events-loop-post-container\" >\r\n                        <a href = \"https:\/\/us.edu.pl\/event\/i-webinar-gulf-house\/\" class=\"events-loop-post\" >\r\n                            <div class=\"events-loop-post__date\" >\r\n                                <div class=\"events-loop-post__month\" > Kwiecie\u0144<\/div >\r\n                                <span > 27<\/span >\r\n                            <\/div >\r\n                            <h3 class=\"events-loop-post__title\" > I webinar Gulf House<\/h3 >\r\n                        <\/a >\r\n                    <\/article >\r\n                    <article class=\"events-loop-post-container\" >\r\n                        <a href = \"https:\/\/us.edu.pl\/event\/xiv-miedzynarodowa-konferencja-magistrantow\/\" class=\"events-loop-post\" >\r\n                            <div class=\"events-loop-post__date\" >\r\n                                <div class=\"events-loop-post__month\" > Maj<\/div >\r\n                                <span > 05<\/span >\r\n                            <\/div >\r\n                            <h3 class=\"events-loop-post__title\" > XIV Mi\u0119dzynarodowa Konferencja Magistrant\u00f3w<\/h3 >\r\n                        <\/a >\r\n                    <\/article ><\/div>\r\n                    <\/div>\r\n                <\/div>\r\n            <\/div>[\/vc_column][\/vc_row][vc_row el_class=&#8221;container&#8221;][vc_column][vc_row_inner][vc_column_inner][vc_empty_space][\/vc_column_inner][\/vc_row_inner][vc_row_inner content_placement=&#8221;middle&#8221;][vc_column_inner width=&#8221;1\/3&#8243;][vc_raw_html]JTNDYXJ0aWNsZSUyMGNsYXNzJTNEJTIyYXJ0aWNsZS1sb29wLXBvc3QlMjBjYXJvdXNlbC1zbGlkZSUyMiUzRSUwQSUwQSUyMCUzQ2RpdiUyMGNsYXNzJTNEJTIyYXJ0aWNsZS1sb29wLXBvc3RfX2NvbnRlbnQlMjIlM0UlMEElMjAlMjAlMjAlMjAlMjAlMjAlMjAlMjAlMjAlMjAlMjAlMjAlMjAlMjAlMjAlMjAlMjAlMjAlMjAlMjAlM0NoMyUyMGNsYXNzJTNEJTIyYXJ0aWNsZS1sb29wLXBvc3RfX3RpdGxlJTIyJTNFJTBBJTIwJTIwJTIwJTIwJTIwJTIwJTIwJTIwJTIwJTIwJTIwJTIwJTIwJTIwJTIwJTIwJTIwJTIwJTIwJTIwJTIwJTIwJTIwJTIwJTNDYSUyMGhyZWYlM0QlMjJodHRwcyUzQSUyRiUyRnVzLmVkdS5wbCUyRnd5ZHppYWwlMkZ3c25lJTJGNTAtbGF0LXVzLXctY2llc3p5bmllJTJGaGlzdG9yaWEtNTAtbGF0JTJGJTIyJTNFSElTVE9SSUElM0MlMkZhJTNFJTBBJTIwJTIwJTIwJTIwJTIwJTIwJTIwJTIwJTIwJTIwJTIwJTIwJTIwJTIwJTIwJTIwJTIwJTIwJTIwJTIwJTNDJTJGaDMlM0UlMEElMjAlMjAlMjAlMjAlMjAlMjAlMjAlMjAlMjAlMjAlMjAlMjAlMEElMjAlMjAlMjAlMjAlMjAlMjAlMjAlMjAlMjAlMjAlMjAlMjAlMjAlMjAlMjAlMjAlMEElMjAlMjAlMjAlMjAlMjAlMjAlMjAlMjAlMjAlMjAlMjAlMjAlMjAlMjAlMjAlMjAlM0MlMkZkaXYlM0UlMEElMjAlMjAlMjAlMjAlMjAlMjAlMjAlMjAlMjAlMjAlMjAlMjAlM0MlMkZhcnRpY2xlJTNF[\/vc_raw_html]\r\n                <div class=\"text-modules\">\r\n                    <div class=\"container\">\r\n                        \r\n                        <div class=\"text-modules__content\"><\/p>\n<p><a href=\"https:\/\/us.edu.pl\/wydzial\/wsne\/50-lat-us-w-cieszynie\/kampus-w-liczbach\/\">Kampus w liczbach<\/a><\/p>\n<p>\n<\/div>\r\n                    <\/div>\r\n                <\/div>\r\n                <div class=\"text-modules\">\r\n                    <div class=\"container\">\r\n                        \r\n                        <div class=\"text-modules__content\"><p><a href=\"https:\/\/us.edu.pl\/wydzial\/wsne\/50-lat-us-w-cieszynie\/wladze-w-latach-1972-2021\/\">W\u0142adze w latach 1971\u20132021<\/a><\/p>\n<\/div>\r\n                    <\/div>\r\n                <\/div>[vc_raw_html]JTNDYXJ0aWNsZSUyMGNsYXNzJTNEJTIyYXJ0aWNsZS1sb29wLXBvc3QlMjBjYXJvdXNlbC1zbGlkZSUyMiUzRSUwQSUwQSUyMCUzQ2RpdiUyMGNsYXNzJTNEJTIyYXJ0aWNsZS1sb29wLXBvc3RfX2NvbnRlbnQlMjIlM0UlMEElMjAlMjAlMjAlMjAlMjAlMjAlMjAlMjAlMjAlMjAlMjAlMjAlMjAlMjAlMjAlMjAlMjAlMjAlMjAlMjAlM0NoMyUyMGNsYXNzJTNEJTIyYXJ0aWNsZS1sb29wLXBvc3RfX3RpdGxlJTIyJTNFJTBBJTIwJTIwJTIwJTIwJTIwJTIwJTIwJTIwJTIwJTIwJTIwJTIwJTIwJTIwJTIwJTIwJTIwJTIwJTIwJTIwJTIwJTIwJTIwJTIwJTNDYSUyMGhyZWYlM0QlMjJodHRwcyUzQSUyRiUyRnVzLmVkdS5wbCUyRnd5ZHppYWwlMkZ3c25lJTJGNTAtbGF0LXVzLXctY2llc3p5bmllJTJGZmlsaWEtMTk3MS0yMDIxJTJGJTIyJTNFQ3phc29waXNtbyUyMCVFMiU4MCU5RUZJTElBJUUyJTgwJTlEJTIwMTk3MSVFMiU4MCU5MzIwMjElM0MlMkZhJTNFJTBBJTIwJTIwJTIwJTIwJTIwJTIwJTIwJTIwJTIwJTIwJTIwJTIwJTIwJTIwJTIwJTIwJTIwJTIwJTIwJTIwJTNDJTJGaDMlM0UlMEElMjAlMjAlMjAlMjAlMjAlMjAlMjAlMjAlMjAlMjAlMjAlMjAlMEElMjAlMjAlMjAlMjAlMjAlMjAlMjAlMjAlMjAlMjAlMjAlMjAlMjAlMjAlMjAlMjAlMEElMjAlMjAlMjAlMjAlMjAlMjAlMjAlMjAlMjAlMjAlMjAlMjAlMjAlMjAlMjAlMjAlM0MlMkZkaXYlM0UlMEElMjAlMjAlMjAlMjAlMjAlMjAlMjAlMjAlMjAlMjAlMjAlMjAlM0MlMkZhcnRpY2xlJTNF[\/vc_raw_html][\/vc_column_inner][vc_column_inner el_class=&#8221;container&#8221; width=&#8221;2\/3&#8243;]\r\n                <div class=\"text-modules\">\r\n                    <div class=\"container\">\r\n                        \r\n                        <div class=\"text-modules__content\"><\/p>\n<div class=\"article-loop-post__thumbnail thumbnail\" style=\"background-image: url('https:\/\/us.edu.pl\/wydzial\/wsne\/wp-content\/uploads\/sites\/20\/50-lat-U\u015a-w-Cieszynie\/IMG_9086-ed_www2_fot-Julia-Agnieszka-Szymala.jpg'); text-align: center; min-height: 350px;\"><\/div>\n<p>\n<\/div>\r\n                    <\/div>\r\n                <\/div>[\/vc_column_inner][\/vc_row_inner][vc_row_inner][vc_column_inner][\/vc_column_inner][\/vc_row_inner][\/vc_column][\/vc_row][vc_row gap=&#8221;2&#8243; css=&#8221;.vc_custom_1618578422991{background-color: #efefef !important;background-position: center !important;background-repeat: no-repeat !important;background-size: contain !important;}&#8221;][vc_column]\n\t\t\t\t<input type=\"hidden\" name=\"promoted_only\" value=\"\">\n\t\t\t\t<input type=\"hidden\" name=\"order\" value=\"DESC\">\n\t\t\t\t<input type=\"hidden\" name=\"order_by\" value=\"post_date\">\n\n\t\t\t\t<div class=\"article-loop loop-section article-loop_tall color-blue\" style=\"background: #EBEBEB\">\n\t\t\t\t\t <div class=\"container \">\n\t\t\t\t\t \t<div class=\"col-12 article-loop-gutter-left\">\n\t\t\t\t\t\t  <div class=\"article-loop-top loop-section-top\">\n\t\t\t\t\t\t\t\t<h2 class=\"section-title\">Multimedia<\/h2><div class=\"article-loop-top_right loop-section-top__right\" >    <a href = \"https:\/\/us.edu.pl\/wydzial\/wsne\/category\/50-lat-us-w-cieszynie\/galerie\/?strona=1&amp;kategoria=32&amp;widok=plytki&amp;liczba_postow=32\" class=\"link-button \" > Wszystko<\/a><\/div>  \n\t\t\t\t\t\t  <\/div>\n\t\t\t\t\t\t  <div class=\"article-loop-main carousel\" data-home-url=\"https:\/\/us.edu.pl\/wydzial\/wsne\" >\n\t\t\t\t\t\t\t\t<a href = \"#\" data-slide = \"prev\" title=\"przesu\u0144 pasek Multimediaw lewo\" class=\"arrow\" >\n\t\t\t\t\t\t\t\t\t <em class=\"ci ci-arrow-left\" ><\/em >\n\t\t\t\t\t\t\t\t\t <span class=\"d-none\" > arrow<\/span >\n\t\t\t\t\t\t\t\t<\/a>\n\t \n\t\t\t\t\t\t\t\t<a href = \"#\" data-slide = \"next\" title=\"przesu\u0144 pasek Multimedia w prawo\" class=\"arrow\" >\n\t\t\t\t\t\t\t\t\t <em class=\"ci ci-arrow-right\" ><\/em >\n\t\t\t\t\t\t\t\t\t <span class=\"d-none\" > arrow<\/span >\n\t\t\t\t\t\t\t\t<\/a>\n\t\t\t\t\t\t\t\t<div class=\"row items\" >\n\t\t\t\t\t\t\t\t\t \r\n            <article class=\"article-loop-post carousel-slide\">\r\n                <a href=\"https:\/\/us.edu.pl\/wydzial\/wsne\/2022\/06\/13\/54-rocznica-powstania-uniwersytetu-slaskiego-premiera-nagrania-koncertu-akademickiego-2\/\" class=\"article-loop-post__thumbnail thumbnail\"\r\n                    style=\"background-image: url(https:\/\/us.edu.pl\/wydzial\/wsne\/wp-content\/uploads\/sites\/20\/Bez-kategorii\/XXVI-uroczysty-koncert-akademicki-z-okazji-swieta-Uniwersytetu-Slaskiego-i-50-lecia-Uniwersytetu-Slaskiego-w-Cieszynie.-Fot.-Mateusz-Taranowski-300x200.jpg)\">\r\n                    <span>wi\u0119cej<\/span>\r\n                <\/a>\r\n\r\n                <div class=\"article-loop-post__content\">\r\n                    <h3 class=\"article-loop-post__title\">\r\n                        <a href=\"https:\/\/us.edu.pl\/wydzial\/wsne\/2022\/06\/13\/54-rocznica-powstania-uniwersytetu-slaskiego-premiera-nagrania-koncertu-akademickiego-2\/\">54. rocznica powstania Uniwersytetu \u015al\u0105skiego | premiera nagrania koncertu akademickiego<\/a>\r\n                    <\/h3>\r\n            \r\n                    <div class=\"article-loop-post__categories\">\r\n                        <a href=\"https:\/\/us.edu.pl\/wydzial\/wsne\/category\/50-lat-us-w-cieszynie\/\">50 lat U\u015a w Cieszynie<\/a><a href=\"https:\/\/us.edu.pl\/wydzial\/wsne\/category\/50-lat-us-w-cieszynie\/galerie\/\">galerie<\/a><a href=\"https:\/\/us.edu.pl\/wydzial\/wsne\/category\/rodzaj-zawartosci\/informacje\/\">informacje<\/a><a href=\"https:\/\/us.edu.pl\/wydzial\/wsne\/category\/wiadomosci\/\">Wiadomo\u015bci<\/a>\r\n                    <\/div>    \r\n                <\/div>\r\n            <\/article>\r\n        \r\n            <article class=\"article-loop-post carousel-slide\">\r\n                <a href=\"https:\/\/us.edu.pl\/wydzial\/wsne\/2022\/06\/07\/fotorelacja-z-xxvi-koncertu-akademickiego-w-cieszynie-cz-2\/\" class=\"article-loop-post__thumbnail thumbnail\"\r\n                    style=\"background-image: url(https:\/\/us.edu.pl\/wydzial\/wsne\/wp-content\/uploads\/sites\/20\/Bez-kategorii\/02_koncert_net-300x200.jpg)\">\r\n                    <span>wi\u0119cej<\/span>\r\n                <\/a>\r\n\r\n                <div class=\"article-loop-post__content\">\r\n                    <h3 class=\"article-loop-post__title\">\r\n                        <a href=\"https:\/\/us.edu.pl\/wydzial\/wsne\/2022\/06\/07\/fotorelacja-z-xxvi-koncertu-akademickiego-w-cieszynie-cz-2\/\">Fotorelacja z XXVI koncertu akademickiego w Cieszynie cz.2<\/a>\r\n                    <\/h3>\r\n            \r\n                    <div class=\"article-loop-post__categories\">\r\n                        <a href=\"https:\/\/us.edu.pl\/wydzial\/wsne\/category\/50-lat-us-w-cieszynie\/\">50 lat U\u015a w Cieszynie<\/a><a href=\"https:\/\/us.edu.pl\/wydzial\/wsne\/category\/50-lat-us-w-cieszynie\/galerie\/\">galerie<\/a><a href=\"https:\/\/us.edu.pl\/wydzial\/wsne\/category\/rodzaj-zawartosci\/informacje\/\">informacje<\/a><a href=\"https:\/\/us.edu.pl\/wydzial\/wsne\/category\/wiadomosci\/\">Wiadomo\u015bci<\/a>\r\n                    <\/div>    \r\n                <\/div>\r\n            <\/article>\r\n        \r\n            <article class=\"article-loop-post carousel-slide\">\r\n                <a href=\"https:\/\/us.edu.pl\/wydzial\/wsne\/2022\/06\/07\/fotorelacja-z-xxvi-koncertu-akademickiego-w-cieszynie-cz-1\/\" class=\"article-loop-post__thumbnail thumbnail\"\r\n                    style=\"background-image: url(https:\/\/us.edu.pl\/wydzial\/wsne\/wp-content\/uploads\/sites\/20\/Bez-kategorii\/01_gala_net-300x200.jpg)\">\r\n                    <span>wi\u0119cej<\/span>\r\n                <\/a>\r\n\r\n                <div class=\"article-loop-post__content\">\r\n                    <h3 class=\"article-loop-post__title\">\r\n                        <a href=\"https:\/\/us.edu.pl\/wydzial\/wsne\/2022\/06\/07\/fotorelacja-z-xxvi-koncertu-akademickiego-w-cieszynie-cz-1\/\">Fotorelacja z XXVI koncertu akademickiego w Cieszynie cz.1<\/a>\r\n                    <\/h3>\r\n            \r\n                    <div class=\"article-loop-post__categories\">\r\n                        <a href=\"https:\/\/us.edu.pl\/wydzial\/wsne\/category\/50-lat-us-w-cieszynie\/\">50 lat U\u015a w Cieszynie<\/a><a href=\"https:\/\/us.edu.pl\/wydzial\/wsne\/category\/50-lat-us-w-cieszynie\/galerie\/\">galerie<\/a><a href=\"https:\/\/us.edu.pl\/wydzial\/wsne\/category\/rodzaj-zawartosci\/informacje\/\">informacje<\/a><a href=\"https:\/\/us.edu.pl\/wydzial\/wsne\/category\/wiadomosci\/\">Wiadomo\u015bci<\/a>\r\n                    <\/div>    \r\n                <\/div>\r\n            <\/article>\r\n        \r\n            <article class=\"article-loop-post carousel-slide\">\r\n                <a href=\"https:\/\/us.edu.pl\/wydzial\/wsne\/2021\/11\/05\/p-books-wyd-iii-od-projektu-do-czytania\/\" class=\"article-loop-post__thumbnail thumbnail\"\r\n                    style=\"background-image: url(https:\/\/us.edu.pl\/wydzial\/wsne\/wp-content\/uploads\/sites\/20\/Nieprzypisane\/P-books-wyd.-III-Od-projektu-do-czytania-300x211.jpg)\">\r\n                    <span>wi\u0119cej<\/span>\r\n                <\/a>\r\n\r\n                <div class=\"article-loop-post__content\">\r\n                    <h3 class=\"article-loop-post__title\">\r\n                        <a href=\"https:\/\/us.edu.pl\/wydzial\/wsne\/2021\/11\/05\/p-books-wyd-iii-od-projektu-do-czytania\/\">P-books  wyd. III  Od projektu do czytania<\/a>\r\n                    <\/h3>\r\n            \r\n                    <div class=\"article-loop-post__categories\">\r\n                        <a href=\"https:\/\/us.edu.pl\/wydzial\/wsne\/category\/50-lat-us-w-cieszynie\/galerie\/\">galerie<\/a><a href=\"https:\/\/us.edu.pl\/wydzial\/wsne\/category\/rodzaj-zawartosci\/informacje\/\">informacje<\/a><a href=\"https:\/\/us.edu.pl\/wydzial\/wsne\/category\/wiadomosci\/\">Wiadomo\u015bci<\/a>\r\n                    <\/div>    \r\n                <\/div>\r\n            <\/article>\r\n        \r\n            <article class=\"article-loop-post carousel-slide\">\r\n                <a href=\"https:\/\/us.edu.pl\/wydzial\/wsne\/2021\/10\/29\/rozmowy-z-mistrzami-prof-dr-hab-wojciech-kojs\/\" class=\"article-loop-post__thumbnail thumbnail\"\r\n                    style=\"background-image: url(https:\/\/us.edu.pl\/wydzial\/wsne\/wp-content\/uploads\/sites\/20\/Nieprzypisane\/Rozmowy-z-Mistrzami-300x149.jpg)\">\r\n                    <span>wi\u0119cej<\/span>\r\n                <\/a>\r\n\r\n                <div class=\"article-loop-post__content\">\r\n                    <h3 class=\"article-loop-post__title\">\r\n                        <a href=\"https:\/\/us.edu.pl\/wydzial\/wsne\/2021\/10\/29\/rozmowy-z-mistrzami-prof-dr-hab-wojciech-kojs\/\">Rozmowy z Mistrzami: prof. dr hab. Wojciech Kojs<\/a>\r\n                    <\/h3>\r\n            \r\n                    <div class=\"article-loop-post__categories\">\r\n                        <a href=\"https:\/\/us.edu.pl\/wydzial\/wsne\/category\/50-lat-us-w-cieszynie\/\">50 lat U\u015a w Cieszynie<\/a><a href=\"https:\/\/us.edu.pl\/wydzial\/wsne\/category\/50-lat-us-w-cieszynie\/galerie\/\">galerie<\/a><a href=\"https:\/\/us.edu.pl\/wydzial\/wsne\/category\/rodzaj-zawartosci\/informacje\/\">informacje<\/a><a href=\"https:\/\/us.edu.pl\/wydzial\/wsne\/category\/wiadomosci\/\">Wiadomo\u015bci<\/a>\r\n                    <\/div>    \r\n                <\/div>\r\n            <\/article>\r\n        \r\n            <article class=\"article-loop-post carousel-slide\">\r\n                <a href=\"https:\/\/us.edu.pl\/wydzial\/wsne\/2021\/10\/15\/studiujemy-w-cieszynie-wystawa-plakatu-studentow-instytutu-sztuk-plastycznych\/\" class=\"article-loop-post__thumbnail thumbnail\"\r\n                    style=\"background-image: url(https:\/\/us.edu.pl\/wydzial\/wsne\/wp-content\/uploads\/sites\/20\/Nieprzypisane\/09_rynek_wystawa_plakatu-300x200.jpeg)\">\r\n                    <span>wi\u0119cej<\/span>\r\n                <\/a>\r\n\r\n                <div class=\"article-loop-post__content\">\r\n                    <h3 class=\"article-loop-post__title\">\r\n                        <a href=\"https:\/\/us.edu.pl\/wydzial\/wsne\/2021\/10\/15\/studiujemy-w-cieszynie-wystawa-plakatu-studentow-instytutu-sztuk-plastycznych\/\">&#8222;Studiujemy w Cieszynie &#8211; wystawa plakatu student\u00f3w Instytutu Sztuk Plastycznych<\/a>\r\n                    <\/h3>\r\n            \r\n                    <div class=\"article-loop-post__categories\">\r\n                        <a href=\"https:\/\/us.edu.pl\/wydzial\/wsne\/category\/50-lat-us-w-cieszynie\/galerie\/\">galerie<\/a>\r\n                    <\/div>    \r\n                <\/div>\r\n            <\/article>\r\n        \r\n            <article class=\"article-loop-post carousel-slide\">\r\n                <a href=\"https:\/\/us.edu.pl\/wydzial\/wsne\/2021\/10\/15\/krotka-historia-dr-karola-pyki\/\" class=\"article-loop-post__thumbnail thumbnail\"\r\n                    style=\"background-image: url(https:\/\/us.edu.pl\/wydzial\/wsne\/wp-content\/themes\/uniwersytet-slaski\/img\/post\/default.jpg)\">\r\n                    <span>wi\u0119cej<\/span>\r\n                <\/a>\r\n\r\n                <div class=\"article-loop-post__content\">\r\n                    <h3 class=\"article-loop-post__title\">\r\n                        <a href=\"https:\/\/us.edu.pl\/wydzial\/wsne\/2021\/10\/15\/krotka-historia-dr-karola-pyki\/\">&#8222;Kr\u00f3tka historia&#8221; dr. Karola Pyki<\/a>\r\n                    <\/h3>\r\n            \r\n                    <div class=\"article-loop-post__categories\">\r\n                        <a href=\"https:\/\/us.edu.pl\/wydzial\/wsne\/category\/50-lat-us-w-cieszynie\/galerie\/\">galerie<\/a><a href=\"https:\/\/us.edu.pl\/wydzial\/wsne\/category\/wiadomosci\/\">Wiadomo\u015bci<\/a>\r\n                    <\/div>    \r\n                <\/div>\r\n            <\/article>\r\n        \r\n            <article class=\"article-loop-post carousel-slide\">\r\n                <a href=\"https:\/\/us.edu.pl\/wydzial\/wsne\/2021\/10\/13\/fotorelacja-z-inauguracji-roku-akademickiego-2021-22-na-wydziale-sztuki-i-nauk-o-edukacji-w-cieszynie\/\" class=\"article-loop-post__thumbnail thumbnail\"\r\n                    style=\"background-image: url(https:\/\/us.edu.pl\/wydzial\/wsne\/wp-content\/uploads\/sites\/20\/Nieprzypisane\/01_inauguracja-300x200.jpg)\">\r\n                    <span>wi\u0119cej<\/span>\r\n                <\/a>\r\n\r\n                <div class=\"article-loop-post__content\">\r\n                    <h3 class=\"article-loop-post__title\">\r\n                        <a href=\"https:\/\/us.edu.pl\/wydzial\/wsne\/2021\/10\/13\/fotorelacja-z-inauguracji-roku-akademickiego-2021-22-na-wydziale-sztuki-i-nauk-o-edukacji-w-cieszynie\/\">Fotorelacja z inauguracji roku akademickiego 2021\/22 na Wydziale Sztuki i Nauk o Edukacji w Cieszynie.<\/a>\r\n                    <\/h3>\r\n            \r\n                    <div class=\"article-loop-post__categories\">\r\n                        <a href=\"https:\/\/us.edu.pl\/wydzial\/wsne\/category\/50-lat-us-w-cieszynie\/galerie\/\">galerie<\/a>\r\n                    <\/div>    \r\n                <\/div>\r\n            <\/article>\r\n        \r\n            <article class=\"article-loop-post carousel-slide\">\r\n                <a href=\"https:\/\/us.edu.pl\/wydzial\/wsne\/2021\/10\/12\/inauguracja-roku-akademickiego-2021-22-na-wydziale-sztuki-i-nauk-o-edukacji-w-cieszynie-2\/\" class=\"article-loop-post__thumbnail thumbnail\"\r\n                    style=\"background-image: url(https:\/\/us.edu.pl\/wydzial\/wsne\/wp-content\/uploads\/sites\/20\/Nieprzypisane\/inauguracja_plansza-transmisja_WSNE-1100x575-2-300x157.png)\">\r\n                    <span>wi\u0119cej<\/span>\r\n                <\/a>\r\n\r\n                <div class=\"article-loop-post__content\">\r\n                    <h3 class=\"article-loop-post__title\">\r\n                        <a href=\"https:\/\/us.edu.pl\/wydzial\/wsne\/2021\/10\/12\/inauguracja-roku-akademickiego-2021-22-na-wydziale-sztuki-i-nauk-o-edukacji-w-cieszynie-2\/\">Inauguracja roku akademickiego 2021\/22 na Wydziale Sztuki i Nauk o Edukacji w Cieszynie.<\/a>\r\n                    <\/h3>\r\n            \r\n                    <div class=\"article-loop-post__categories\">\r\n                        <a href=\"https:\/\/us.edu.pl\/wydzial\/wsne\/category\/50-lat-us-w-cieszynie\/galerie\/\">galerie<\/a>\r\n                    <\/div>    \r\n                <\/div>\r\n            <\/article>\r\n        \r\n            <article class=\"article-loop-post carousel-slide\">\r\n                <a href=\"https:\/\/us.edu.pl\/wydzial\/wsne\/2021\/09\/21\/rozmowy-z-mistrzami-czesc-i\/\" class=\"article-loop-post__thumbnail thumbnail\"\r\n                    style=\"background-image: url(https:\/\/us.edu.pl\/wydzial\/wsne\/wp-content\/uploads\/sites\/20\/Nieprzypisane\/rozmowy_mistrzow-300x165.png)\">\r\n                    <span>wi\u0119cej<\/span>\r\n                <\/a>\r\n\r\n                <div class=\"article-loop-post__content\">\r\n                    <h3 class=\"article-loop-post__title\">\r\n                        <a href=\"https:\/\/us.edu.pl\/wydzial\/wsne\/2021\/09\/21\/rozmowy-z-mistrzami-czesc-i\/\">Rozmowy z Mistrzami\u201d cz\u0119\u015b\u0107 I<\/a>\r\n                    <\/h3>\r\n            \r\n                    <div class=\"article-loop-post__categories\">\r\n                        <a href=\"https:\/\/us.edu.pl\/wydzial\/wsne\/category\/50-lat-us-w-cieszynie\/galerie\/\">galerie<\/a>\r\n                    <\/div>    \r\n                <\/div>\r\n            <\/article>\r\n        \r\n            <article class=\"article-loop-post carousel-slide\">\r\n                <a href=\"https:\/\/us.edu.pl\/multimedia\/wystawa-studiujemy-w-cieszynie\/\" class=\"article-loop-post__thumbnail thumbnail\"\r\n                    style=\"background-image: url(https:\/\/us.edu.pl\/wydzial\/wsne\/wp-content\/uploads\/sites\/20\/50-lat-U\u015a-w-Cieszynie\/20210707_163732-300x225.jpg)\">\r\n                    <span>wi\u0119cej<\/span>\r\n                <\/a>\r\n\r\n                <div class=\"article-loop-post__content\">\r\n                    <h3 class=\"article-loop-post__title\">\r\n                        <a href=\"https:\/\/us.edu.pl\/multimedia\/wystawa-studiujemy-w-cieszynie\/\">Wystawa plakatu student\u00f3w Instytutu Sztuk Plastycznych<\/a>\r\n                    <\/h3>\r\n            \r\n                    <div class=\"article-loop-post__categories\">\r\n                        <a href=\"https:\/\/us.edu.pl\/wydzial\/wsne\/category\/50-lat-us-w-cieszynie\/galerie\/\">galerie<\/a>\r\n                    <\/div>    \r\n                <\/div>\r\n            <\/article>\r\n        \r\n            <article class=\"article-loop-post carousel-slide\">\r\n                <a href=\"https:\/\/us.edu.pl\/event\/wystawa-studiujemy-w-cieszynie\/\" class=\"article-loop-post__thumbnail thumbnail\"\r\n                    style=\"background-image: url(https:\/\/us.edu.pl\/wydzial\/wsne\/wp-content\/uploads\/sites\/20\/Nieprzypisane\/U\u015a-Cieszyn-BG-300x200.jpg)\">\r\n                    <span>wi\u0119cej<\/span>\r\n                <\/a>\r\n\r\n                <div class=\"article-loop-post__content\">\r\n                    <h3 class=\"article-loop-post__title\">\r\n                        <a href=\"https:\/\/us.edu.pl\/event\/wystawa-studiujemy-w-cieszynie\/\">Wystawa \u201eStudiujemy w Cieszynie\u201d<\/a>\r\n                    <\/h3>\r\n            \r\n                    <div class=\"article-loop-post__categories\">\r\n                        <a href=\"https:\/\/us.edu.pl\/wydzial\/wsne\/category\/50-lat-us-w-cieszynie\/galerie\/\">galerie<\/a>\r\n                    <\/div>    \r\n                <\/div>\r\n            <\/article>\r\n        \r\n            <article class=\"article-loop-post carousel-slide\">\r\n                <a href=\"https:\/\/us.edu.pl\/wydzial\/wsne\/2021\/05\/20\/wideo-relacja-z-rocznicy-powolania-filii\/\" class=\"article-loop-post__thumbnail thumbnail\"\r\n                    style=\"background-image: url(https:\/\/us.edu.pl\/wydzial\/wsne\/wp-content\/uploads\/sites\/20\/50-lat-U\u015a-w-Cieszynie\/drzewo\/01_sadzenie_lipy_rektor_i_dziekan-300x200.jpg)\">\r\n                    <span>wi\u0119cej<\/span>\r\n                <\/a>\r\n\r\n                <div class=\"article-loop-post__content\">\r\n                    <h3 class=\"article-loop-post__title\">\r\n                        <a href=\"https:\/\/us.edu.pl\/wydzial\/wsne\/2021\/05\/20\/wideo-relacja-z-rocznicy-powolania-filii\/\">Wideo relacja z rocznicy powo\u0142ania Filii<\/a>\r\n                    <\/h3>\r\n            \r\n                    <div class=\"article-loop-post__categories\">\r\n                        <a href=\"https:\/\/us.edu.pl\/wydzial\/wsne\/category\/50-lat-us-w-cieszynie\/galerie\/\">galerie<\/a>\r\n                    <\/div>    \r\n                <\/div>\r\n            <\/article>\r\n        \r\n            <article class=\"article-loop-post carousel-slide\">\r\n                <a href=\"https:\/\/us.edu.pl\/multimedia\/obchody-jubileuszu-50-lecia-uniwersytetu-slaskiego-w-cieszynie\/\" class=\"article-loop-post__thumbnail thumbnail\"\r\n                    style=\"background-image: url(https:\/\/us.edu.pl\/wydzial\/wsne\/wp-content\/uploads\/sites\/20\/50-lat-U\u015a-w-Cieszynie\/12-maja\/13_12_maj_uroczysto\u015b\u0107_lokacji_kapsu\u0142y_czasu-300x200.jpg)\">\r\n                    <span>wi\u0119cej<\/span>\r\n                <\/a>\r\n\r\n                <div class=\"article-loop-post__content\">\r\n                    <h3 class=\"article-loop-post__title\">\r\n                        <a href=\"https:\/\/us.edu.pl\/multimedia\/obchody-jubileuszu-50-lecia-uniwersytetu-slaskiego-w-cieszynie\/\">Rozpocz\u0119li\u015bmy obchody jubileuszu<\/a>\r\n                    <\/h3>\r\n            \r\n                    <div class=\"article-loop-post__categories\">\r\n                        <a href=\"https:\/\/us.edu.pl\/wydzial\/wsne\/category\/50-lat-us-w-cieszynie\/galerie\/\">galerie<\/a><a href=\"https:\/\/us.edu.pl\/wydzial\/wsne\/category\/wiadomosci\/\">Wiadomo\u015bci<\/a><a href=\"https:\/\/us.edu.pl\/wydzial\/wsne\/category\/rodzaj-zawartosci\/wydarzenia\/\">wydarzenia<\/a>\r\n                    <\/div>    \r\n                <\/div>\r\n            <\/article>\r\n        \r\n            <article class=\"article-loop-post carousel-slide\">\r\n                <a href=\"https:\/\/us.edu.pl\/wydzial\/wsne\/2021\/05\/14\/altana-rotunda-wzorowana-na-slynnej-cieszynskiej-rotundzie\/\" class=\"article-loop-post__thumbnail thumbnail\"\r\n                    style=\"background-image: url(https:\/\/us.edu.pl\/wydzial\/wsne\/wp-content\/uploads\/sites\/20\/50-lat-U\u015a-w-Cieszynie\/altana\/06_rotunda_net-300x200.jpg)\">\r\n                    <span>wi\u0119cej<\/span>\r\n                <\/a>\r\n\r\n                <div class=\"article-loop-post__content\">\r\n                    <h3 class=\"article-loop-post__title\">\r\n                        <a href=\"https:\/\/us.edu.pl\/wydzial\/wsne\/2021\/05\/14\/altana-rotunda-wzorowana-na-slynnej-cieszynskiej-rotundzie\/\">Altana \u2013 rotunda wzorowana na s\u0142ynnej cieszy\u0144skiej rotundzie<\/a>\r\n                    <\/h3>\r\n            \r\n                    <div class=\"article-loop-post__categories\">\r\n                        <a href=\"https:\/\/us.edu.pl\/wydzial\/wsne\/category\/50-lat-us-w-cieszynie\/galerie\/\">galerie<\/a>\r\n                    <\/div>    \r\n                <\/div>\r\n            <\/article>\r\n        \r\n            <article class=\"article-loop-post carousel-slide\">\r\n                <a href=\"https:\/\/us.edu.pl\/wydzial\/wsne\/2021\/05\/14\/jubileuszowe-drzewo\/\" class=\"article-loop-post__thumbnail thumbnail\"\r\n                    style=\"background-image: url(https:\/\/us.edu.pl\/wydzial\/wsne\/wp-content\/uploads\/sites\/20\/50-lat-U\u015a-w-Cieszynie\/drzewo\/00_obrazek_wyr\u00f3\u017cniaj\u0105cy_sadzenie_lipy-300x200.jpg)\">\r\n                    <span>wi\u0119cej<\/span>\r\n                <\/a>\r\n\r\n                <div class=\"article-loop-post__content\">\r\n                    <h3 class=\"article-loop-post__title\">\r\n                        <a href=\"https:\/\/us.edu.pl\/wydzial\/wsne\/2021\/05\/14\/jubileuszowe-drzewo\/\">Jubileuszowe drzewo<\/a>\r\n                    <\/h3>\r\n            \r\n                    <div class=\"article-loop-post__categories\">\r\n                        <a href=\"https:\/\/us.edu.pl\/wydzial\/wsne\/category\/50-lat-us-w-cieszynie\/galerie\/\">galerie<\/a>\r\n                    <\/div>    \r\n                <\/div>\r\n            <\/article>\r\n        \r\n            <article class=\"article-loop-post carousel-slide\">\r\n                <a href=\"https:\/\/us.edu.pl\/wydzial\/wsne\/2021\/05\/14\/kapsula-czasu-wydzialu-sztuki-i-nauk-o-edukacji\/\" class=\"article-loop-post__thumbnail thumbnail\"\r\n                    style=\"background-image: url(https:\/\/us.edu.pl\/wydzial\/wsne\/wp-content\/uploads\/sites\/20\/50-lat-U\u015a-w-Cieszynie\/12-maja\/00_obrazek_wyr\u00f3\u017cniaj\u0105cy_kapsu\u0142a-300x225.jpg)\">\r\n                    <span>wi\u0119cej<\/span>\r\n                <\/a>\r\n\r\n                <div class=\"article-loop-post__content\">\r\n                    <h3 class=\"article-loop-post__title\">\r\n                        <a href=\"https:\/\/us.edu.pl\/wydzial\/wsne\/2021\/05\/14\/kapsula-czasu-wydzialu-sztuki-i-nauk-o-edukacji\/\">Kapsu\u0142a czasu Wydzia\u0142u Sztuki i Nauk o Edukacji<\/a>\r\n                    <\/h3>\r\n            \r\n                    <div class=\"article-loop-post__categories\">\r\n                        <a href=\"https:\/\/us.edu.pl\/wydzial\/wsne\/category\/50-lat-us-w-cieszynie\/galerie\/\">galerie<\/a><a href=\"https:\/\/us.edu.pl\/wydzial\/wsne\/category\/wiadomosci\/\">Wiadomo\u015bci<\/a>\r\n                    <\/div>    \r\n                <\/div>\r\n            <\/article>\r\n        \r\n            <article class=\"article-loop-post carousel-slide\">\r\n                <a href=\"https:\/\/us.edu.pl\/wydzial\/wsne\/2021\/05\/10\/50-us-w-cieszynie-zyczenia-soni-bohosiewicz\/\" class=\"article-loop-post__thumbnail thumbnail\"\r\n                    style=\"background-image: url(https:\/\/us.edu.pl\/wydzial\/wsne\/wp-content\/uploads\/sites\/20\/50-lat-U\u015a-w-Cieszynie\/SoniaBohosiewicz_50latU\u015a_-300x169.jpg)\">\r\n                    <span>wi\u0119cej<\/span>\r\n                <\/a>\r\n\r\n                <div class=\"article-loop-post__content\">\r\n                    <h3 class=\"article-loop-post__title\">\r\n                        <a href=\"https:\/\/us.edu.pl\/wydzial\/wsne\/2021\/05\/10\/50-us-w-cieszynie-zyczenia-soni-bohosiewicz\/\">50 lat U\u015a w Cieszynie \u2013 \u017cyczenia Soni Bohosiewicz<\/a>\r\n                    <\/h3>\r\n            \r\n                    <div class=\"article-loop-post__categories\">\r\n                        <a href=\"https:\/\/us.edu.pl\/wydzial\/wsne\/category\/50-lat-us-w-cieszynie\/galerie\/\">galerie<\/a>\r\n                    <\/div>    \r\n                <\/div>\r\n            <\/article>\r\n        \r\n            <article class=\"article-loop-post carousel-slide\">\r\n                <a href=\"https:\/\/us.edu.pl\/wydzial\/wsne\/2021\/05\/05\/kampus-miejsce-kultury\/\" class=\"article-loop-post__thumbnail thumbnail\"\r\n                    style=\"background-image: url(https:\/\/us.edu.pl\/wydzial\/wsne\/wp-content\/uploads\/sites\/20\/50-lat-U\u015a-w-Cieszynie\/kampus-miejsce-kultury--300x200.jpg)\">\r\n                    <span>wi\u0119cej<\/span>\r\n                <\/a>\r\n\r\n                <div class=\"article-loop-post__content\">\r\n                    <h3 class=\"article-loop-post__title\">\r\n                        <a href=\"https:\/\/us.edu.pl\/wydzial\/wsne\/2021\/05\/05\/kampus-miejsce-kultury\/\">Kampus \u2013 miejsce kultury<\/a>\r\n                    <\/h3>\r\n            \r\n                    <div class=\"article-loop-post__categories\">\r\n                        <a href=\"https:\/\/us.edu.pl\/wydzial\/wsne\/category\/50-lat-us-w-cieszynie\/galerie\/\">galerie<\/a>\r\n                    <\/div>    \r\n                <\/div>\r\n            <\/article>\r\n        \r\n            <article class=\"article-loop-post carousel-slide\">\r\n                <a href=\"https:\/\/us.edu.pl\/wydzial\/wsne\/2021\/04\/16\/wydzial-sztuki-i-nauk-o-edukacji-wirtualny-spacer\/\" class=\"article-loop-post__thumbnail thumbnail\"\r\n                    style=\"background-image: url(https:\/\/us.edu.pl\/wydzial\/wsne\/wp-content\/uploads\/sites\/20\/50-lat-U\u015a-w-Cieszynie\/DSC5130-300x200.jpg)\">\r\n                    <span>wi\u0119cej<\/span>\r\n                <\/a>\r\n\r\n                <div class=\"article-loop-post__content\">\r\n                    <h3 class=\"article-loop-post__title\">\r\n                        <a href=\"https:\/\/us.edu.pl\/wydzial\/wsne\/2021\/04\/16\/wydzial-sztuki-i-nauk-o-edukacji-wirtualny-spacer\/\">Wydzia\u0142 Sztuki i Nauk o Edukacji \u2013 wirtualny spacer<\/a>\r\n                    <\/h3>\r\n            \r\n                    <div class=\"article-loop-post__categories\">\r\n                        <a href=\"https:\/\/us.edu.pl\/wydzial\/wsne\/category\/50-lat-us-w-cieszynie\/galerie\/\">galerie<\/a>\r\n                    <\/div>    \r\n                <\/div>\r\n            <\/article>\r\n        \n\t\t\t\t\t\t\t\t<\/div>\n\t\t\t\t\t\t  <\/div>\n\t\t\t\t\t <\/div>\n\t\t\t\t\t <\/div>\n\t\t\t\t<\/div>[\/vc_column][\/vc_row][vc_row css=&#8221;.vc_custom_1618492564428{background-position: center !important;background-repeat: no-repeat !important;background-size: contain !important;}&#8221; el_class=&#8221;container&#8221;][vc_column width=&#8221;1\/3&#8243; el_class=&#8221;container&#8221;][\/vc_column][vc_column width=&#8221;1\/3&#8243; el_class=&#8221;article-loop-post carousel-slide&#8221;][\/vc_column][vc_column width=&#8221;1\/3&#8243; el_class=&#8221;container&#8221;][\/vc_column][\/vc_row][vc_row][vc_column][\/vc_column][\/vc_row][vc_row disable_element=&#8221;yes&#8221;][vc_column]\n            <div data-autotime=\"0\" class=\"slider reverse color_white bg_\" >\n                  <div class=\"slide slide_css\">\n                     <div class=\"slide__content_container container\">\n                        <div class=\"slide__content\">\n                           <a href=\"#\" class=\"slide__link\">\n                              <div class=\"slide__title\">50 lat Uniwersytetu \u015al\u0105skiego w Cieszynie<\/div>\n                              <div class=\"slide__text\"><\/div>\n                           <\/a>\n                        <\/div>\n                     <\/div>\n                     <a href=\"#\" class=\"slide__img thumbnail\">\n                           <iframe width=\"100%\" height=\"100%\" src=\"https:\/\/www.youtube.com\/embed\/MgGBloH0R8U\" frameborder=\"0\" allow=\"accelerometer; autoplay; encrypted-media; gyroscope; picture-in-picture\" allowfullscreen><\/iframe>\n                     <\/a>\n                  <\/div>\n                <div class=\"slider__controls\">\n                    <div class=\"slider__dots\"><\/div>\n                    <div class=\"slider__actions\">\n                        <a href=\"#\" class=\"arrow\" data-direction=\"prev\" title=\"poprzedni slajd\">\n                            <em class=\"ci ci-arrow-left\"><\/em>\n                            <span class=\"d-none\">control<\/span>\n                        <\/a>\n            \n                        <a href=\"#\" class=\"start-pause\" data-action=\"stop\" title=\"wstrzymaj poruszanie si\u0119 slajd\u00f3w\">\n                            <em class=\"ci ci-pause\"><\/em>\n                            <span class=\"d-none\">control<\/span>\n                        <\/a>\n            \n                       \n                        <a href=\"#\" class=\"arrow\" data-direction=\"next\"  title=\"Kolejny slajd\" >\n                            <em class=\"ci ci-arrow-right\"><\/em>\n                            <span class=\"d-none\">control<\/span>\n                        <\/a>\n                    <\/div>\n                <\/div>\n            <\/div>[\/vc_column][\/vc_row][vc_row][vc_column][vc_row_inner][vc_column_inner width=&#8221;1\/6&#8243;][\/vc_column_inner][vc_column_inner width=&#8221;2\/3&#8243;][vc_empty_space]\r\n                <div class=\"text-modules\">\r\n                    <div class=\"container\">\r\n                        \r\n                        <div class=\"text-modules__content\"><\/p>\n<h3 style=\"font-family: 'PT Sans Narrow', sans-serif; text-align: center; font-size: medium; letter-spacing: 0.5pt; margin-bottom: -50px;\"><strong><span style=\"color: #002a5e;\">PATRONAT HONOROWY<\/span><\/strong><\/h3>\n<p>\n<\/div>\r\n                    <\/div>\r\n                <\/div>[\/vc_column_inner][vc_column_inner width=&#8221;1\/6&#8243;][\/vc_column_inner][\/vc_row_inner][vc_row_inner][vc_column_inner width=&#8221;1\/4&#8243;][\/vc_column_inner][vc_column_inner width=&#8221;1\/4&#8243;]\r\n                <div class=\"text-modules\">\r\n                    <div class=\"container\">\r\n                        \r\n                        <div class=\"text-modules__content\"><\/p>\n<p data-wp-editing=\"1\"><img class=\"size-full wp-image-5681 aligncenter\" title=\"Honorowy patronat starosty cieszy\u0144skiego Mieczys\u0142awa Szczurka\" src=\"https:\/\/us.edu.pl\/wydzial\/wsne\/wp-content\/uploads\/sites\/20\/50-lat-U\u015a-w-Cieszynie\/logo_dla_patronatu_starosty_www.svg\" alt=\"Herb powiatu cieszy\u0144skiego i napis: honorowy patronat starosty cieszy\u0144skiego Mieczys\u0142awa Szczurka\" \/><\/p>\n<p>\n<\/div>\r\n                    <\/div>\r\n                <\/div>[\/vc_column_inner][vc_column_inner width=&#8221;1\/4&#8243;]\r\n                <div class=\"text-modules\">\r\n                    <div class=\"container\">\r\n                        \r\n                        <div class=\"text-modules__content\"><\/p>\n<p data-wp-editing=\"1\"><img class=\"size-full wp-image-5681 aligncenter\" title=\"Patronat honorowy burmistrza miasta Cieszyna Gabrieli Staszkiewicz\" src=\"https:\/\/us.edu.pl\/wydzial\/wsne\/wp-content\/uploads\/sites\/20\/50-lat-U\u015a-w-Cieszynie\/logo_dla_patronatu_burmistrza_www.svg\" alt=\"Logo Cieszyna i napis: patronat honorowy burmistrza Cieszyna Gabrieli Staszkiewicz\" \/><\/p>\n<p>\n<\/div>\r\n                    <\/div>\r\n                <\/div>[\/vc_column_inner][vc_column_inner width=&#8221;1\/4&#8243;][\/vc_column_inner][\/vc_row_inner][vc_row_inner][vc_column_inner][\/vc_column_inner][\/vc_row_inner][\/vc_column][\/vc_row]<\/p>","protected":false},"excerpt":{"rendered":"<p>[vc_row][vc_column][vc_raw_html]JTNDZGl2JTIwY2xhc3MlM0QlMjJoZWFkZXItbG9nbzElMjIlMjBzdHlsZSUzRCUyMnRleHQtYWxpZ24lM0ElMjBjZW50ZXIlM0IlMjIlM0UlMEElMDklM0NhJTIwaHJlZiUzRCUyMmh0dHBzJTNBJTJGJTJGdXMuZWR1LnBsJTJGd3lkemlhbCUyRndzbmUlMkY1MC1sYXQtdXMtdy1jaWVzenluaWUlMjIlM0UlMEElMDklMDklM0NpbWclMjBzcmMlM0QlMjJodHRwcyUzQSUyRiUyRnVzLmVkdS5wbCUyRnd5ZHppYWwlMkZ3c25lJTJGd3AtY29udGVudCUyRnVwbG9hZHMlMkZzaXRlcyUyRjIwJTJGNTAtbGF0LVUlMjVDNSUyNTlBLXctQ2llc3p5bmllJTJGbG9nby01MC1sYXQtVSUyNUM1JTI1OUEtdy1DaWVzenluaWUtMS1rb3BpYS0yLnN2ZyUyMiUyMGNsYXNzJTNEJTIybG9nby1rb2xvciUyMiUyMGFsdCUzRCUyMkxvZ28lMjA1MCUyMGxhdCUyMFVuaXdlcnN5dGV0dSUyMCVDNSU5QWwlQzQlODVza2llZ28lMjB3JTIwQ2llc3p5bmllJTIyJTIwdGl0bGUlM0QlMjJzdHJvbmElMjBqdWJpbGV1c3pvd2ElMjIlM0UlMEElMjAlMjAlMjAlMjAlM0MlMkZhJTNFJTBBJTIwJTIwJTIwJTIwJTNDYSUyMGhyZWYlM0QlMjJodHRwcyUzQSUyRiUyRnVzLmVkdS5wbCUyRnd5ZHppYWwlMkZ3c25lJTJGNTAtbGF0LXVzLXctY2llc3p5bmllJTIyJTNFJTBBJTIwJTIwJTIwJTIwJTIwJTIwJTIwJTIwJTNDaW1nJTIwc3JjJTNEJTIyaHR0cHMlM0ElMkYlMkZ1cy5lZHUucGwlMkZ3eWR6aWFsJTJGd3NuZSUyRndwLWNvbnRlbnQlMkZ1cGxvYWRzJTJGc2l0ZXMlMkYyMCUyRjUwLWxhdC1VJUM1JTlBLXctQ2llc3p5bmllJTJGbG9nby01MC1sYXQtVSVDNSU5QS13LUNpZXN6eW5pZS0xLWtvcGlhLTItYmxhY2suc3ZnJTIyJTIwY2xhc3MlM0QlMjJsb2dvLWJsYWNrJTIyJTIwYWx0JTNEJTIyNTAlMjBsYXQlMjBVbml3ZXJzeXRldHUlMjAlQzUlOUFsJUM0JTg1c2tpZWdvJTIwdyUyMENpZXN6eW5pZSUyMiUyMHRpdGxlJTNEJTIyc3Ryb25hJTIwanViaWxldXN6b3dhJTIyJTNFJTBBJTIwJTIwJTIwJTIwJTNDJTJGYSUzRSUwQSUyMCUyMCUyMCUyMCUzQ2ElMjBocmVmJTNEJTIyaHR0cHMlM0ElMkYlMkZ1cy5lZHUucGwlMkZ3eWR6aWFsJTJGd3NuZSUyRjUwLWxhdC11cy13LWNpZXN6eW5pZSUyMiUzRSUwQSUwOSUwOSUzQ2ltZyUyMHNyYyUzRCUyMmh0dHBzJTNBJTJGJTJGdXMuZWR1LnBsJTJGd3lkemlhbCUyRndzbmUlMkZ3cC1jb250ZW50JTJGdXBsb2FkcyUyRnNpdGVzJTJGMjAlMkY1MC1sYXQtVSVDNSU5QS13LUNpZXN6eW5pZSUyRmxvZ28tNTAtbGF0LVUlQzUlOUEtdy1DaWVzenluaWUtMS1rb3BpYS0yLXllbGxvdy5zdmclMjIlMjBjbGFzcyUzRCUyMmxvZ28teWVsbG93JTIyJTIwYWx0JTNEJTIyTG9nbyUyMDUwJTIwbGF0JTIwVW5pd2Vyc3l0ZXR1JTIwJUM1JTlBbCVDNCU4NXNraWVnbyUyMHclMjBDaWVzenluaWUlMjIlMjB0aXRsZSUzRCUyMnN0cm9uYSUyMGp1YmlsZXVzem93YSUyMiUzRSUwQSUyMCUyMCUyMCUyMCUzQyUyRmElM0UlMEElMDklMjAlMjAlMjAlMjAlM0NhJTIwaHJlZiUzRCUyMmh0dHBzJTNBJTJGJTJGdXMuZWR1LnBsJTJGd3lkemlhbCUyRndzbmUlMkY1MC1sYXQtdXMtdy1jaWVzenluaWUlMjIlM0UlMEElMDklMDklM0NpbWclMjBzcmMlM0QlMjJodHRwcyUzQSUyRiUyRnVzLmVkdS5wbCUyRnd5ZHppYWwlMkZ3c25lJTJGd3AtY29udGVudCUyRnVwbG9hZHMlMkZzaXRlcyUyRjIwJTJGNTAtbGF0LVUlQzUlOUEtdy1DaWVzenluaWUlMkZsb2dvLTUwLWxhdC1VJUM1JTlBLXctQ2llc3p5bmllLTEta29waWEtMi13aGl0ZS5zdmclMjIlMjBjbGFzcyUzRCUyMmxvZ28td2hpdGUlMjIlMjBhbHQlM0QlMjJMb2dvJTIwNTAlMjBsYXQlMjBVbml3ZXJzeXRldHUlMjAlQzUlOUFsJUM0JTg1c2tpZWdvJTIwdyUyMENpZXN6eW5pZSUyMiUyMHRpdGxlJTNEJTIyc3Ryb25hJTIwanViaWxldXN6b3dhJTIyJTNFJTBBJTIwJTIwJTIwJTIwJTNDJTJGYSUzRSUwQSUzQyUyRmRpdiUzRSUwQQ==[\/vc_raw_html][\/vc_column][\/vc_row][vc_row el_class=&#8221;mobile-on&#8221;][vc_column][vc_raw_html]JTNDaWZyYW1lJTIwd2lkdGglM0QlMjIxMDAlMjUlMjIlMjBoZWlnaHQlM0QlMjIzMDAlMjIlMjB0eXBlJTNEJTIydGV4dCUyRmh0bWwlMjIlMjB3aWR0aCUzRCUyMjY0MCUyMiUyMGhlaWdodCUzRCUyMjM2MCUyMiUyMHNyYyUzRCUyMmh0dHBzJTNBJTJGJTJGd3d3LnlvdXR1YmUuY29tJTJGZW1iZWQlMkZCaEtTX2dtZnk3cyUzRiUyNmF1dG9wbGF5JTNEMSUyNmxvb3AlM0QxJTI2cmVsJTNEMCUyNnNob3dpbmZvJTNEMCUyNmNvbG9yJTNEd2hpdGUlMjZpdl9sb2FkX3BvbGljeSUzRDMlMjZwbGF5bGlzdCUzREJoS1NfZ21meTdzJTIyJTBBJTIwJTIwJTIwJTIwJTIwJTIwZnJhbWVib3JkZXIlM0QlMjIwJTIyJTIwYWxsb3dmdWxsc2NyZWVuJTNFJTNDJTJGaWZyYW1lJTNFJTBBJTBB[\/vc_raw_html][\/vc_column][\/vc_row][vc_row full_height=&#8221;yes&#8221; columns_placement=&#8221;top&#8221; video_bg=&#8221;yes&#8221; video_bg_url=&#8221;&#8221; title=&#8221;&#8222;YouTube&#8221; src=&#8221;&#8222;https:\/\/www.youtube-nocookie.com\/embed\/UtJOZTUrdhQ?controls=0&#8222;&#8221; width=&#8221;&#8222;100%&#8222;&#8221; height=&#8221;&#8222;auto&#8222;&#8221; frameborder=&#8221;&#8222;0&#8222;&#8221; css=&#8221;.vc_custom_1620202459727{margin-top: 0px !important;margin-bottom: 0px !important;}&#8221; el_class=&#8221;mobile-off&#8221;][vc_column video_bg=&#8221;yes&#8221; video_bg_url=&#8221;https:\/\/www.youtube.com\/watch?v=BhKS_gmfy7s&amp;fmt=22&#8243; video_bg_parallax=&#8221;content-moving&#8221; css_animation=&#8221;none&#8221; el_class=&#8221;#big-video&#8221; css=&#8221;.vc_custom_1620204643259{margin-top: 0px !important;margin-bottom: 0px !important;}&#8221;][\/vc_column][\/vc_row][vc_row gap=&#8221;2&#8243; el_class=&#8221;container&#8221; css=&#8221;.vc_custom_1618491159795{background-position: center !important;background-repeat: no-repeat !important;background-size: contain !important;}&#8221;][vc_column el_class=&#8221;container&#8221;][vc_row_inner][vc_column_inner][vc_empty_space][\/vc_column_inner][\/vc_row_inner][vc_row_inner][vc_column_inner][\/vc_column_inner][\/vc_row_inner][vc_row_inner][vc_column_inner width=&#8221;1\/3&#8243;][vc_raw_html]JTNDYXJ0aWNsZSUyMGNsYXNzJTNEJTIyYXJ0aWNsZS1sb29wLXBvc3QlMjBhcnRpY2xlLWxvb3AtcG9zdF9saXN0YSUyMiUzRSUwQSUwQSUyMCUzQ2RpdiUyMGNsYXNzJTNEJTIyYXJ0aWNsZS1sb29wLXBvc3RfX2NvbnRlbnQlMjIlM0UlMEElMjAlMjAlMjAlMjAlMjAlMjAlMjAlMjAlMjAlMjAlMjAlMjAlMjAlMjAlMjAlMjAlMjAlMjAlMjAlMjAlM0NoMyUyMGNsYXNzJTNEJTIyYXJ0aWNsZS1sb29wLXBvc3RfX3RpdGxlJTIyJTNFJTBBJTIwJTIwJTIwJTIwJTIwJTIwJTIwJTIwJTIwJTIwJTIwJTIwJTIwJTIwJTIwJTIwJTIwJTIwJTIwJTIwJTIwJTIwJTIwJTIwJTNDYSUyMGhyZWYlM0QlMjJodHRwcyUzQSUyRiUyRnVzLmVkdS5wbCUyRnd5ZHppYWwlMkZ3c25lJTJGNTAtbGF0LXVzLXctY2llc3p5bmllJTJGc2xvd28tcmVrdG9yYSUyRiUyMiUzRVMlQzUlODFPV08lMjBSRUtUT1JBJTNDJTJGYSUzRSUwQSUyMCUyMCUyMCUyMCUyMCUyMCUyMCUyMCUyMCUyMCUyMCUyMCUyMCUyMCUyMCUyMCUyMCUyMCUyMCUyMCUzQyUyRmgzJTNFJTBBJTBBJTIwJTIwJTIwJTIwJTIwJTIwJTIwJTIwJTIwJTIwJTIwJTIwJTIwJTIwJTIwJTIwJTNDYSUyMGhyZWYlM0QlMjJodHRwcyUzQSUyRiUyRnVzLmVkdS5wbCUyRnd5ZHppYWwlMkZ3c25lJTJGNTAtbGF0LXVzLXctY2llc3p5bmllJTJGc2xvd28tcmVrdG9yYSUyRiUyMiUyMGNsYXNzJTNEJTIyYXJ0aWNsZS1sb29wLXBvc3RfX3RodW1ibmFpbCUyMHRodW1ibmFpbCUyMiUyMHN0eWxlJTNEJTIyYmFja2dyb3VuZC1pbWFnZSUzQSUyMHVybCUyOGh0dHBzJTNBJTJGJTJGdXMuZWR1LnBsJTJGd3lkemlhbCUyRndzbmUlMkZ3cC1jb250ZW50JTJGdXBsb2FkcyUyRnNpdGVzJTJGMjAlMkY1MC1sYXQtVSVDNSU5QS13LUNpZXN6eW5pZSUyRkFKUzMwMjgtJUUyJTgwJTk0LTMtd3d3MS5wbmclMjklM0IlMjB0ZXh0LWFsaWduJTNBJTIwY2VudGVyJTNCJTIwd2lkdGglM0ElMjA5MCUyNSUyMiUyMGFsdCUzRCUyMlJla3RvciUyMFVuaXdlcnN5dGV0dSUyMCVDNSU5QWwlQzQlODVza2llZ28lMjBwcm9mLiUyMFJ5c3phcmQlMjBLb3ppbyVDNSU4MmVrJTIyJTIwJTNFJTBBJTIwJTIwJTIwJTIwJTIwJTIwJTIwJTIwJTIwJTIwJTIwJTIwJTIwJTIwJTIwJTIwJTIwJTIwJTIwJTIwJTNDc3BhbiUzRXdpJUM0JTk5Y2VqJTNDJTJGc3BhbiUzRSUwQSUyMCUyMCUyMCUyMCUyMCUyMCUyMCUyMCUyMCUyMCUyMCUyMCUyMCUyMCUyMCUyMCUzQyUyRmElM0UlMEElMjAlMjAlMjAlMjAlMjAlMjAlMjAlMjAlMjAlMjAlMjAlMjAlMjAlMjAlMjAlMjAlMEElMjAlMjAlMjAlMjAlMjAlMjAlMjAlMjAlMjAlMjAlMjAlMjAlMjAlMjAlMjAlMjAlM0MlMkZkaXYlM0UlMEElMjAlMjAlMjAlMjAlMjAlMjAlMjAlMjAlMjAlMjAlMjAlMjAlM0MlMkZhcnRpY2xlJTNF[\/vc_raw_html][\/vc_column_inner][vc_column_inner width=&#8221;1\/3&#8243;][vc_raw_html]JTNDYXJ0aWNsZSUyMGNsYXNzJTNEJTIyYXJ0aWNsZS1sb29wLXBvc3QlMjBhcnRpY2xlLWxvb3AtcG9zdF9saXN0YSUyMiUzRSUwQSUwQSUyMCUzQ2RpdiUyMGNsYXNzJTNEJTIyYXJ0aWNsZS1sb29wLXBvc3RfX2NvbnRlbnQlMjIlM0UlMEElMjAlMjAlMjAlMjAlMjAlMjAlMjAlMjAlMjAlMjAlMjAlMjAlMjAlMjAlMjAlMjAlMjAlMjAlMjAlMjAlM0NoMyUyMGNsYXNzJTNEJTIyYXJ0aWNsZS1sb29wLXBvc3RfX3RpdGxlJTIyJTNFJTBBJTIwJTIwJTIwJTIwJTIwJTIwJTIwJTIwJTIwJTIwJTIwJTIwJTIwJTIwJTIwJTIwJTIwJTIwJTIwJTIwJTIwJTIwJTIwJTIwJTNDYSUyMGhyZWYlM0QlMjJodHRwcyUzQSUyRiUyRnVzLmVkdS5wbCUyRnd5ZHppYWwlMkZ3c25lJTJGNTAtbGF0LXVzLXctY2llc3p5bmllJTJGc2xvd28tZHppZWthbmElMkYlMjIlM0VTJUM1JTgxT1dPJTIwRFpJRUtBTkElM0MlMkZhJTNFJTBBJTIwJTIwJTIwJTIwJTIwJTIwJTIwJTIwJTIwJTIwJTIwJTIwJTIwJTIwJTIwJTIwJTIwJTIwJTIwJTIwJTNDJTJGaDMlM0UlMEElMjAlMjAlMjAlMjAlMjAlMjAlMjAlMjAlMjAlMjAlMjAlMjAlMEElMEElMjAlMjAlMjAlMjAlMjAlMjAlMjAlMjAlMjAlMjAlMjAlMjAlMjAlMjAlMjAlMjAlM0NhJTIwaHJlZiUzRCUyMmh0dHBzJTNBJTJGJTJGdXMuZWR1LnBsJTJGd3lkemlhbCUyRndzbmUlMkY1MC1sYXQtdXMtdy1jaWVzenluaWUlMkZzbG93by1kemlla2FuYSUyRiUyMiUyMGNsYXNzJTNEJTIyYXJ0aWNsZS1sb29wLXBvc3RfX3RodW1ibmFpbCUyMHRodW1ibmFpbCUyMiUyMHN0eWxlJTNEJTIyYmFja2dyb3VuZC1pbWFnZSUzQSUyMHVybCUyOGh0dHBzJTNBJTJGJTJGdXMuZWR1LnBsJTJGd3lkemlhbCUyRndzbmUlMkZ3cC1jb250ZW50JTJGdXBsb2FkcyUyRnNpdGVzJTJGMjAlMkY1MC1sYXQtVSVDNSU5QS13LUNpZXN6eW5pZSUyRktyenlzenRvZi1NYXJlay1CJUM0JTg1ay13d3cxLnBuZyUyOSUzQiUyMHRleHQtYWxpZ24lM0ElMjBjZW50ZXIlM0IlMjB3aWR0aCUzQSUyMDkwJTI1JTNCJTIyJTIwYWx0JTNEJTIyRHppZWthbiUyMFd5ZHppYSVDNSU4MnUlMjBTenR1a2klMjBpJTIwTmF1ayUyMG8lMjBFZHVrYWNqaSUyMGRyJTIwaGFiLiUyMEtyenlzenRvZiUyME1hcmVrJTIwQiVDNCU4NWslMkMlMjBwcm9mLiUyMFUlQzUlOUElMjIlM0UlMEElMjAlMjAlMjAlMjAlMjAlMjAlMjAlMjAlMjAlMjAlMjAlMjAlMjAlMjAlMjAlMjAlMjAlMjAlMjAlMjAlM0NzcGFuJTNFd2klQzQlOTljZWolM0MlMkZzcGFuJTNFJTBBJTIwJTIwJTIwJTIwJTIwJTIwJTIwJTIwJTIwJTIwJTIwJTIwJTIwJTIwJTIwJTIwJTNDJTJGYSUzRSUwQSUyMCUyMCUyMCUyMCUyMCUyMCUyMCUyMCUyMCUyMCUyMCUyMCUyMCUyMCUyMCUyMCUwQSUyMCUyMCUyMCUyMCUyMCUyMCUyMCUyMCUyMCUyMCUyMCUyMCUyMCUyMCUyMCUyMCUzQyUyRmRpdiUzRSUwQSUyMCUyMCUyMCUyMCUyMCUyMCUyMCUyMCUyMCUyMCUyMCUyMCUzQyUyRmFydGljbGUlM0U=[\/vc_raw_html][\/vc_column_inner][vc_column_inner width=&#8221;1\/3&#8243;][vc_raw_html]JTNDYXJ0aWNsZSUyMGNsYXNzJTNEJTIyYXJ0aWNsZS1sb29wLXBvc3QlMjBhcnRpY2xlLWxvb3AtcG9zdF9saXN0YSUyMiUzRSUwQSUwQSUyMCUzQ2RpdiUyMGNsYXNzJTNEJTIyYXJ0aWNsZS1sb29wLXBvc3RfX2NvbnRlbnQlMjIlM0UlMEElMjAlMjAlMjAlMjAlMjAlMjAlMjAlMjAlMjAlMjAlMjAlMjAlMjAlMjAlMjAlMjAlMjAlMjAlMjAlMjAlM0NoMyUyMGNsYXNzJTNEJTIyYXJ0aWNsZS1sb29wLXBvc3RfX3RpdGxlJTIyJTNFJTBBJTIwJTIwJTIwJTIwJTIwJTIwJTIwJTIwJTIwJTIwJTIwJTIwJTIwJTIwJTIwJTIwJTIwJTIwJTIwJTIwJTIwJTIwJTIwJTIwJTNDYSUyMGhyZWYlM0QlMjJodHRwcyUzQSUyRiUyRnVzLmVkdS5wbCUyRnd5ZHppYWwlMkZ3c25lJTJGNTAtbGF0LXVzLXctY2llc3p5bmllJTJGdXMtdy1jaWVzenluaWUtZGF3bmllai1pLWR6aXMlMkYlMkYlMjIlM0VVJUM1JTlBJTIwVyUyMENJRVNaWU5JRSUyMCVFMiU4MCU5MyUyMERBV05JRUolMjBJJTIwRFpJJUM1JTlBJTNDJTJGYSUzRSUwQSUyMCUyMCUyMCUyMCUyMCUyMCUyMCUyMCUyMCUyMCUyMCUyMCUyMCUyMCUyMCUyMCUyMCUyMCUyMCUyMCUzQyUyRmgzJTNFJTBBJTIwJTIwJTIwJTIwJTIwJTIwJTIwJTIwJTIwJTIwJTIwJTIwJTBBJTBBJTIwJTIwJTIwJTIwJTIwJTIwJTIwJTIwJTIwJTIwJTIwJTIwJTIwJTIwJTIwJTIwJTNDYSUyMGhyZWYlM0QlMjJodHRwcyUzQSUyRiUyRnVzLmVkdS5wbCUyRnd5ZHppYWwlMkZ3c25lJTJGNTAtbGF0LXVzLXctY2llc3p5bmllJTJGdXMtdy1jaWVzenluaWUtZGF3bmllai1pLWR6aXMlMkYlMjIlMjBjbGFzcyUzRCUyMmFydGljbGUtbG9vcC1wb3N0X190aHVtYm5haWwlMjB0aHVtYm5haWwlMjIlMjBzdHlsZSUzRCUyMmJhY2tncm91bmQtaW1hZ2UlM0ElMjB1cmwlMjhodHRwcyUzQSUyRiUyRnVzLmVkdS5wbCUyRnd5ZHppYWwlMkZ3c25lJTJGd3AtY29udGVudCUyRnVwbG9hZHMlMkZzaXRlcyUyRjIwJTJGNTAtbGF0LVUlQzUlOUEtdy1DaWVzenluaWUlMkZMYXRhLTIwLi1XJUMzJUIzd2N6YXMtTSVDNCU5OXNraWUtU2VtaW5hcml1bS1OYXVjenljaWVsc2tpZS1vZC0xOTcxLXItRmlsaWEtVSVDNSU5QS13LUNpZXN6eW5pZS1vYmVjbmllLXNpZWR6aWJhLVd5ZHppYSVDNSU4MnUtVSVDNSU5QV9rb3BpYS5wbmclMjklM0IlMjB0ZXh0LWFsaWduJTNBJTIwY2VudGVyJTNCJTIwd2lkdGglM0ElMjA5MCUyNSUzQiUyMCUyMiUyMGFsdCUzRCUyMkJ1ZHluZWslMjBVbml3ZXJzeXRldHUlMjAlQzUlOUFsJUM0JTg1c2tpZWdvJTJDJTIwemRqJUM0JTk5Y2llJTIwYXJjaGl3YWxuZSUyMiUzRSUwQSUyMCUyMCUyMCUyMCUyMCUyMCUyMCUyMCUyMCUyMCUyMCUyMCUyMCUyMCUyMCUyMCUyMCUyMCUyMCUyMCUzQ3NwYW4lM0V3aSVDNCU5OWNlaiUzQyUyRnNwYW4lM0UlMEElMjAlMjAlMjAlMjAlMjAlMjAlMjAlMjAlMjAlMjAlMjAlMjAlMjAlMjAlMjAlMjAlM0MlMkZhJTNFJTBBJTIwJTIwJTIwJTIwJTIwJTIwJTIwJTIwJTIwJTIwJTIwJTIwJTIwJTIwJTIwJTIwJTBBJTIwJTIwJTIwJTIwJTIwJTIwJTIwJTIwJTIwJTIwJTIwJTIwJTIwJTIwJTIwJTIwJTNDJTJGZGl2JTNFJTBBJTIwJTIwJTIwJTIwJTIwJTIwJTIwJTIwJTIwJTIwJTIwJTIwJTNDJTJGYXJ0aWNsZSUzRQ==[\/vc_raw_html][\/vc_column_inner][\/vc_row_inner][\/vc_column][\/vc_row][vc_row content_placement=&#8221;middle&#8221; css=&#8221;.vc_custom_1619000425216{padding-top: 20px !important;padding-right: 20px !important;padding-bottom: 20px !important;padding-left: 20px !important;background-color: #ebebeb !important;}&#8221;][vc_column width=&#8221;1\/4&#8243;][\/vc_column][vc_column width=&#8221;1\/2&#8243; css=&#8221;.vc_custom_1618578758295{background-color: [&#8230;]<\/p>\n<p><a class=\"btn btn-secondary understrap-read-more-link\" href=\"https:\/\/us.edu.pl\/wydzial\/wsne\/2021\/04\/16\/wydzial-sztuki-i-nauk-o-edukacji-wirtualny-spacer\/\">Read More&#8230;<\/a><\/p>\n","protected":false},"author":26,"featured_media":0,"parent":0,"menu_order":98,"comment_status":"closed","ping_status":"closed","template":"page-templates\/index-template.php","meta":{"_expiration-date-status":"saved","_expiration-date":0,"_expiration-date-type":"","_expiration-date-categories":[],"_expiration-date-options":[]},"acf":[],"_links":{"self":[{"href":"https:\/\/us.edu.pl\/wydzial\/wsne\/wp-json\/wp\/v2\/pages\/5198"}],"collection":[{"href":"https:\/\/us.edu.pl\/wydzial\/wsne\/wp-json\/wp\/v2\/pages"}],"about":[{"href":"https:\/\/us.edu.pl\/wydzial\/wsne\/wp-json\/wp\/v2\/types\/page"}],"author":[{"embeddable":true,"href":"https:\/\/us.edu.pl\/wydzial\/wsne\/wp-json\/wp\/v2\/users\/26"}],"replies":[{"embeddable":true,"href":"https:\/\/us.edu.pl\/wydzial\/wsne\/wp-json\/wp\/v2\/comments?post=5198"}],"version-history":[{"count":59,"href":"https:\/\/us.edu.pl\/wydzial\/wsne\/wp-json\/wp\/v2\/pages\/5198\/revisions"}],"predecessor-version":[{"id":6075,"href":"https:\/\/us.edu.pl\/wydzial\/wsne\/wp-json\/wp\/v2\/pages\/5198\/revisions\/6075"}],"wp:attachment":[{"href":"https:\/\/us.edu.pl\/wydzial\/wsne\/wp-json\/wp\/v2\/media?parent=5198"}],"curies":[{"name":"wp","href":"https:\/\/api.w.org\/{rel}","templated":true}]}}