{"id":5693,"date":"2021-05-05T08:23:34","date_gmt":"2021-05-05T06:23:34","guid":{"rendered":"https:\/\/us.edu.pl\/wydzial\/wsne\/?page_id=5693"},"modified":"2021-05-05T11:44:34","modified_gmt":"2021-05-05T09:44:34","slug":"slowo-dziekana","status":"publish","type":"page","link":"https:\/\/us.edu.pl\/wydzial\/wsne\/50-lat-us-w-cieszynie\/slowo-dziekana\/","title":{"rendered":"s\u0142owo dziekana"},"content":{"rendered":"<p>[vc_row][vc_column css=&#8221;.vc_custom_1618899623747{margin-top: -85px !important;}&#8221;][vc_raw_html]JTNDZGl2JTIwY2xhc3MlM0QlMjJoZWFkZXItbG9nbzElMjIlMjBzdHlsZSUzRCUyMnRleHQtYWxpZ24lM0ElMjBjZW50ZXIlM0IlMjIlM0UlMEElMDklM0NhJTIwaHJlZiUzRCUyMmh0dHBzJTNBJTJGJTJGdXMuZWR1LnBsJTJGd3lkemlhbCUyRndzbmUlMkY1MC1sYXQtdXMtdy1jaWVzenluaWUlMjIlM0UlMEElMDklMDklM0NpbWclMjBzcmMlM0QlMjJodHRwcyUzQSUyRiUyRnVzLmVkdS5wbCUyRnd5ZHppYWwlMkZ3c25lJTJGd3AtY29udGVudCUyRnVwbG9hZHMlMkZzaXRlcyUyRjIwJTJGNTAtbGF0LVUlMjVDNSUyNTlBLXctQ2llc3p5bmllJTJGbG9nby01MC1sYXQtVSUyNUM1JTI1OUEtdy1DaWVzenluaWUtMS1rb3BpYS0yLnN2ZyUyMiUyMGNsYXNzJTNEJTIybG9nby1rb2xvciUyMiUyMGFsdCUzRCUyMkxvZ28lMjA1MCUyMGxhdCUyMFVuaXdlcnN5dGV0dSUyMCVDNSU5QWwlQzQlODVza2llZ28lMjB3JTIwQ2llc3p5bmllJTIyJTIwdGl0bGUlM0QlMjJzdHJvbmElMjBqdWJpbGV1c3pvd2ElMjIlM0UlMEElMjAlMjAlMjAlMjAlM0MlMkZhJTNFJTBBJTIwJTIwJTIwJTIwJTNDYSUyMGhyZWYlM0QlMjJodHRwcyUzQSUyRiUyRnVzLmVkdS5wbCUyRnd5ZHppYWwlMkZ3c25lJTJGNTAtbGF0LXVzLXctY2llc3p5bmllJTIyJTNFJTBBJTIwJTIwJTIwJTIwJTIwJTIwJTIwJTIwJTNDaW1nJTIwc3JjJTNEJTIyaHR0cHMlM0ElMkYlMkZ1cy5lZHUucGwlMkZ3eWR6aWFsJTJGd3NuZSUyRndwLWNvbnRlbnQlMkZ1cGxvYWRzJTJGc2l0ZXMlMkYyMCUyRjUwLWxhdC1VJUM1JTlBLXctQ2llc3p5bmllJTJGbG9nby01MC1sYXQtVSVDNSU5QS13LUNpZXN6eW5pZS0xLWtvcGlhLTItYmxhY2suc3ZnJTIyJTIwY2xhc3MlM0QlMjJsb2dvLWJsYWNrJTIyJTIwYWx0JTNEJTIyNTAlMjBsYXQlMjBVbml3ZXJzeXRldHUlMjAlQzUlOUFsJUM0JTg1c2tpZWdvJTIwdyUyMENpZXN6eW5pZSUyMiUyMHRpdGxlJTNEJTIyc3Ryb25hJTIwanViaWxldXN6b3dhJTIyJTNFJTBBJTIwJTIwJTIwJTIwJTNDJTJGYSUzRSUwQSUyMCUyMCUyMCUyMCUzQ2ElMjBocmVmJTNEJTIyaHR0cHMlM0ElMkYlMkZ1cy5lZHUucGwlMkZ3eWR6aWFsJTJGd3NuZSUyRjUwLWxhdC11cy13LWNpZXN6eW5pZSUyMiUzRSUwQSUwOSUwOSUzQ2ltZyUyMHNyYyUzRCUyMmh0dHBzJTNBJTJGJTJGdXMuZWR1LnBsJTJGd3lkemlhbCUyRndzbmUlMkZ3cC1jb250ZW50JTJGdXBsb2FkcyUyRnNpdGVzJTJGMjAlMkY1MC1sYXQtVSVDNSU5QS13LUNpZXN6eW5pZSUyRmxvZ28tNTAtbGF0LVUlQzUlOUEtdy1DaWVzenluaWUtMS1rb3BpYS0yLXllbGxvdy5zdmclMjIlMjBjbGFzcyUzRCUyMmxvZ28teWVsbG93JTIyJTIwYWx0JTNEJTIyTG9nbyUyMDUwJTIwbGF0JTIwVW5pd2Vyc3l0ZXR1JTIwJUM1JTlBbCVDNCU4NXNraWVnbyUyMHclMjBDaWVzenluaWUlMjIlMjB0aXRsZSUzRCUyMnN0cm9uYSUyMGp1YmlsZXVzem93YSUyMiUzRSUwQSUyMCUyMCUyMCUyMCUzQyUyRmElM0UlMEElMDklMjAlMjAlMjAlMjAlM0NhJTIwaHJlZiUzRCUyMmh0dHBzJTNBJTJGJTJGdXMuZWR1LnBsJTJGd3lkemlhbCUyRndzbmUlMkY1MC1sYXQtdXMtdy1jaWVzenluaWUlMjIlM0UlMEElMDklMDklM0NpbWclMjBzcmMlM0QlMjJodHRwcyUzQSUyRiUyRnVzLmVkdS5wbCUyRnd5ZHppYWwlMkZ3c25lJTJGd3AtY29udGVudCUyRnVwbG9hZHMlMkZzaXRlcyUyRjIwJTJGNTAtbGF0LVUlQzUlOUEtdy1DaWVzenluaWUlMkZsb2dvLTUwLWxhdC1VJUM1JTlBLXctQ2llc3p5bmllLTEta29waWEtMi13aGl0ZS5zdmclMjIlMjBjbGFzcyUzRCUyMmxvZ28td2hpdGUlMjIlMjBhbHQlM0QlMjJMb2dvJTIwNTAlMjBsYXQlMjBVbml3ZXJzeXRldHUlMjAlQzUlOUFsJUM0JTg1c2tpZWdvJTIwdyUyMENpZXN6eW5pZSUyMiUyMHRpdGxlJTNEJTIyc3Ryb25hJTIwanViaWxldXN6b3dhJTIyJTNFJTBBJTIwJTIwJTIwJTIwJTNDJTJGYSUzRSUwQSUzQyUyRmRpdiUzRQ==[\/vc_raw_html][\/vc_column][\/vc_row][vc_row][vc_column]\r\n                <div class=\"text-modules\">\r\n                    <div class=\"container\">\r\n                        <h3 class=\"page-title text__title\">S\u0142owo dziekana Wydzia\u0142u Sztuki i Nauk o Edukacji<\/h3>\r\n                        <div class=\"text-modules__content\"><\/div>\r\n                    <\/div>\r\n                <\/div>[\/vc_column][\/vc_row][vc_row][vc_column width=&#8221;1\/6&#8243;][\/vc_column][vc_column width=&#8221;2\/3&#8243;]\r\n                <div class=\"text-modules\">\r\n                    <div class=\"container\">\r\n                        \r\n                        <div class=\"text-modules__content\"><p>Okoliczno\u015bciowe wyst\u0105pienie dziekana Wydzia\u0142u Sztuki i Nauk o Edukacji Uniwersytetu \u015al\u0105skiego dr. hab. Krzysztofa Marka B\u0105ka, prof. U\u015a.<\/p>\n<p><span style=\"font-size: 10pt\">Materia\u0142 wideo:<\/span><\/p>\n<p><iframe loading=\"lazy\" title=\"50-lecie U\u015a w Cieszynie \u2013 dr hab. Krzysztof Marek B\u0105k, prof. U\u015a (Dziekan WSNE)\" width=\"640\" height=\"360\" src=\"https:\/\/www.youtube.com\/embed\/e1qVNtjPbvE?feature=oembed\" frameborder=\"0\" allow=\"accelerometer; autoplay; clipboard-write; encrypted-media; gyroscope; picture-in-picture\" allowfullscreen><\/iframe><\/p>\n<p>\n<\/div>\r\n                    <\/div>\r\n                <\/div>\r\n                <div class=\"text-modules\">\r\n                    <div class=\"container\">\r\n                        \r\n                        <div class=\"text-modules__content\"><p><img class=\"alignleft wp-image-5709\" style=\"margin: 10px\" src=\"https:\/\/us.edu.pl\/wydzial\/wsne\/wp-content\/uploads\/sites\/20\/50-lat-U\u015a-w-Cieszynie\/\u201e-1.png\" alt=\"Lewy cudzys\u0142\u00f3w\" width=\"100\" height=\"86\" \/>50 lat \u2013 to ca\u0142kiem godny wiek. Cz\u0142owiek zazwyczaj dorobi\u0142 si\u0119 ju\u017c tego, czego mia\u0142 si\u0119 dorobi\u0107, pozycj\u0119 ju\u017c sobie pewn\u0105 wypracowa\u0142, dzieci odchowane \u2013 wi\u0119c s\u0105 powody do dumy, czas rozgl\u0105da\u0107 si\u0119 za nowymi wyzwaniami. A 50 lat uczelni? Wydaje si\u0119, \u017ce podobnie \u2013 sporo ju\u017c osi\u0105gn\u0119li\u015bmy, ale wci\u0105\u017c czekaj\u0105 nas nowe mo\u017cliwo\u015bci.<\/p>\n<p>Rozumiem jubileusz 50-lecia cieszy\u0144skiej filii Uniwersytetu \u015al\u0105skiego \u2013 jako czas podsumowa\u0144, zorientowania si\u0119 w tera\u017aniejszo\u015bci, ale przede wszystkim kre\u015blenia plan\u00f3w.<\/p>\n<p>Co za nami? To stosunkowo proste \u2013 pomog\u0105 w przypomnieniu tegoroczne wystawy, publikacje, wyk\u0142ady.<\/p>\n<p>Co dzi\u015b? Widzimy, cho\u0107 wi\u0119kszo\u015b\u0107 z wymuszonego pandemi\u0105 i lockdownem oddalenia. Co ciekawe, oba s\u0142owa jeszcze dwa lata temu niemal niczego dla nas nie oznacza\u0142y, a dzi\u015b stanowi\u0105 o\u015b wi\u0119kszo\u015bci rozm\u00f3w \u2014 to te\u017c znak dynamiki zmian, kt\u00f3ra nie omin\u0119\u0142a Uniwersytetu. Teraz staramy si\u0119 zadba\u0107, by by\u0142o do czego wr\u00f3ci\u0107. Wierz\u0119, \u017ce im lepiej wykorzystamy czas \u201eteraz\u201d, tym \u0142atwiej b\u0119dzie nam w przysz\u0142o\u015bci. Dbamy, by nasz kampus wzbogaca\u0142 si\u0119, remontowa\u0142, pi\u0119knia\u0142. My\u015blimy o nowych kierunkach rozwoju uniwersyteckiej nauki i sztuki, dydaktyki, o koniecznych zmianach w ju\u017c istniej\u0105cych programach i o tworzeniu nowych. Przygotowujemy si\u0119 na czekaj\u0105cy za rogiem dziej\u00f3w \u201enowy \u015bwiat\u201d.<\/p>\n<p>I tu dochodzimy do pytania, jaki b\u0119dzie ten \u201enowy \u015bwiat\u201d, czyli \u2013 co przed nami? W dzisiejszych czasach nawet prorok nie podj\u0105\u0142by si\u0119 przepowiedni. Wydaje si\u0119, \u017ce rzeczywisto\u015b\u0107 stoi na g\u0142owie \u2013 ba, nie tylko si\u0119 odwr\u00f3ci\u0142a, ale i wywija nogami w lewo i prawo. To utrudnia przewidywania, ale nie zwalnia z obowi\u0105zku opracowywania strategii i przewidywania przysz\u0142ych \u015bcie\u017cek, po kt\u00f3rych b\u0119dziemy kroczy\u0107 \u2013 przezornego przygotowywania si\u0119 na r\u00f3\u017cne scenariusze.<\/p>\n<p>Wszyscy mamy \u015bwiadomo\u015b\u0107, \u017ce wyzwaniem b\u0119d\u0105 odmienne potrzeby, na kt\u00f3re b\u0119dziemy musieli odpowiedzie\u0107 \u2013 zmiany klimatu oraz nieokie\u0142znane przekszta\u0142cenia technologiczne, i wynikaj\u0105ce z nich transformacje kulturowe i cywilizacyjne, odmienne formy komunikacji, wyzwania rynku pracy oraz zmiany mentalno\u015bci i zastanych form spo\u0142ecznych. Wizje, kt\u00f3re mamy, czasem ocieraj\u0105 si\u0119 o fantastyk\u0119, kt\u00f3ra niebawem, po miesi\u0105cach czy kilku latach okazuje si\u0119 codzienno\u015bci\u0105. S\u0142owem, wszyscy mentalnie przygotowujemy si\u0119 na zmian\u0119 \u2013 cho\u0107, co te\u017c trzeba powiedzie\u0107 \u2013 wielu z nas kierunek, a przede wszystkim tempo tych transformacji, kt\u00f3rym podlegamy, wcale nie odpowiada. Trudno przygotowa\u0107 si\u0119 do zmiennego \u015bwiata, w kt\u00f3rym znika coraz wi\u0119cej punkt\u00f3w odniesienia.<\/p>\n<p>50-lecie naszego kampusu przypada na czas trudny. Czas rozlu\u017aniaj\u0105cy i tak ju\u017c nadwyr\u0119\u017cone wi\u0119zi spo\u0142eczno\u015bci. N\u0119kaj\u0105ca \u015bwiat pandemia uniemo\u017cliwia nam cieszenie si\u0119, \u015bwi\u0119towanie, celebrowanie wyj\u0105tkowego jubileuszu. Licz\u0119 jednak, \u017ce 51. rocznic\u0119 sp\u0119dzimy wsp\u00f3lnie, bez l\u0119ku o zdrowie, ciesz\u0105c si\u0119 przezwyci\u0119\u017ceniem choroby. Czego Uniwersytetowi, Pa\u0144stwu i sobie szczerze \u017cycz\u0119.<\/p>\n<p style=\"text-align: right\"><em>dr hab. Krzysztof Marek B\u0105k, prof. U\u015a<\/em><br \/>\n<em>dziekan Wydzia\u0142u Sztuki i Nauk o Edukacji Uniwersytetu \u015al\u0105skiego\u00a0<\/em><\/p>\n<p>\n<\/div>\r\n                    <\/div>\r\n                <\/div>[\/vc_column][vc_column width=&#8221;1\/6&#8243;][\/vc_column][\/vc_row]<\/p>","protected":false},"excerpt":{"rendered":"<p>[vc_row][vc_column css=&#8221;.vc_custom_1618899623747{margin-top: -85px !important;}&#8221;][vc_raw_html]JTNDZGl2JTIwY2xhc3MlM0QlMjJoZWFkZXItbG9nbzElMjIlMjBzdHlsZSUzRCUyMnRleHQtYWxpZ24lM0ElMjBjZW50ZXIlM0IlMjIlM0UlMEElMDklM0NhJTIwaHJlZiUzRCUyMmh0dHBzJTNBJTJGJTJGdXMuZWR1LnBsJTJGd3lkemlhbCUyRndzbmUlMkY1MC1sYXQtdXMtdy1jaWVzenluaWUlMjIlM0UlMEElMDklMDklM0NpbWclMjBzcmMlM0QlMjJodHRwcyUzQSUyRiUyRnVzLmVkdS5wbCUyRnd5ZHppYWwlMkZ3c25lJTJGd3AtY29udGVudCUyRnVwbG9hZHMlMkZzaXRlcyUyRjIwJTJGNTAtbGF0LVUlMjVDNSUyNTlBLXctQ2llc3p5bmllJTJGbG9nby01MC1sYXQtVSUyNUM1JTI1OUEtdy1DaWVzenluaWUtMS1rb3BpYS0yLnN2ZyUyMiUyMGNsYXNzJTNEJTIybG9nby1rb2xvciUyMiUyMGFsdCUzRCUyMkxvZ28lMjA1MCUyMGxhdCUyMFVuaXdlcnN5dGV0dSUyMCVDNSU5QWwlQzQlODVza2llZ28lMjB3JTIwQ2llc3p5bmllJTIyJTIwdGl0bGUlM0QlMjJzdHJvbmElMjBqdWJpbGV1c3pvd2ElMjIlM0UlMEElMjAlMjAlMjAlMjAlM0MlMkZhJTNFJTBBJTIwJTIwJTIwJTIwJTNDYSUyMGhyZWYlM0QlMjJodHRwcyUzQSUyRiUyRnVzLmVkdS5wbCUyRnd5ZHppYWwlMkZ3c25lJTJGNTAtbGF0LXVzLXctY2llc3p5bmllJTIyJTNFJTBBJTIwJTIwJTIwJTIwJTIwJTIwJTIwJTIwJTNDaW1nJTIwc3JjJTNEJTIyaHR0cHMlM0ElMkYlMkZ1cy5lZHUucGwlMkZ3eWR6aWFsJTJGd3NuZSUyRndwLWNvbnRlbnQlMkZ1cGxvYWRzJTJGc2l0ZXMlMkYyMCUyRjUwLWxhdC1VJUM1JTlBLXctQ2llc3p5bmllJTJGbG9nby01MC1sYXQtVSVDNSU5QS13LUNpZXN6eW5pZS0xLWtvcGlhLTItYmxhY2suc3ZnJTIyJTIwY2xhc3MlM0QlMjJsb2dvLWJsYWNrJTIyJTIwYWx0JTNEJTIyNTAlMjBsYXQlMjBVbml3ZXJzeXRldHUlMjAlQzUlOUFsJUM0JTg1c2tpZWdvJTIwdyUyMENpZXN6eW5pZSUyMiUyMHRpdGxlJTNEJTIyc3Ryb25hJTIwanViaWxldXN6b3dhJTIyJTNFJTBBJTIwJTIwJTIwJTIwJTNDJTJGYSUzRSUwQSUyMCUyMCUyMCUyMCUzQ2ElMjBocmVmJTNEJTIyaHR0cHMlM0ElMkYlMkZ1cy5lZHUucGwlMkZ3eWR6aWFsJTJGd3NuZSUyRjUwLWxhdC11cy13LWNpZXN6eW5pZSUyMiUzRSUwQSUwOSUwOSUzQ2ltZyUyMHNyYyUzRCUyMmh0dHBzJTNBJTJGJTJGdXMuZWR1LnBsJTJGd3lkemlhbCUyRndzbmUlMkZ3cC1jb250ZW50JTJGdXBsb2FkcyUyRnNpdGVzJTJGMjAlMkY1MC1sYXQtVSVDNSU5QS13LUNpZXN6eW5pZSUyRmxvZ28tNTAtbGF0LVUlQzUlOUEtdy1DaWVzenluaWUtMS1rb3BpYS0yLXllbGxvdy5zdmclMjIlMjBjbGFzcyUzRCUyMmxvZ28teWVsbG93JTIyJTIwYWx0JTNEJTIyTG9nbyUyMDUwJTIwbGF0JTIwVW5pd2Vyc3l0ZXR1JTIwJUM1JTlBbCVDNCU4NXNraWVnbyUyMHclMjBDaWVzenluaWUlMjIlMjB0aXRsZSUzRCUyMnN0cm9uYSUyMGp1YmlsZXVzem93YSUyMiUzRSUwQSUyMCUyMCUyMCUyMCUzQyUyRmElM0UlMEElMDklMjAlMjAlMjAlMjAlM0NhJTIwaHJlZiUzRCUyMmh0dHBzJTNBJTJGJTJGdXMuZWR1LnBsJTJGd3lkemlhbCUyRndzbmUlMkY1MC1sYXQtdXMtdy1jaWVzenluaWUlMjIlM0UlMEElMDklMDklM0NpbWclMjBzcmMlM0QlMjJodHRwcyUzQSUyRiUyRnVzLmVkdS5wbCUyRnd5ZHppYWwlMkZ3c25lJTJGd3AtY29udGVudCUyRnVwbG9hZHMlMkZzaXRlcyUyRjIwJTJGNTAtbGF0LVUlQzUlOUEtdy1DaWVzenluaWUlMkZsb2dvLTUwLWxhdC1VJUM1JTlBLXctQ2llc3p5bmllLTEta29waWEtMi13aGl0ZS5zdmclMjIlMjBjbGFzcyUzRCUyMmxvZ28td2hpdGUlMjIlMjBhbHQlM0QlMjJMb2dvJTIwNTAlMjBsYXQlMjBVbml3ZXJzeXRldHUlMjAlQzUlOUFsJUM0JTg1c2tpZWdvJTIwdyUyMENpZXN6eW5pZSUyMiUyMHRpdGxlJTNEJTIyc3Ryb25hJTIwanViaWxldXN6b3dhJTIyJTNFJTBBJTIwJTIwJTIwJTIwJTNDJTJGYSUzRSUwQSUzQyUyRmRpdiUzRQ==[\/vc_raw_html][\/vc_column][\/vc_row][vc_row][vc_column][\/vc_column][\/vc_row][vc_row][vc_column width=&#8221;1\/6&#8243;][\/vc_column][vc_column width=&#8221;2\/3&#8243;][\/vc_column][vc_column width=&#8221;1\/6&#8243;][\/vc_column][\/vc_row] [&#8230;]<\/p>\n<p><a class=\"btn btn-secondary understrap-read-more-link\" href=\"https:\/\/us.edu.pl\/wydzial\/wsne\/50-lat-us-w-cieszynie\/slowo-dziekana\/\">Read More&#8230;<\/a><\/p>\n","protected":false},"author":26,"featured_media":5694,"parent":5198,"menu_order":0,"comment_status":"closed","ping_status":"closed","template":"","meta":{"_expiration-date-status":"saved","_expiration-date":0,"_expiration-date-type":"","_expiration-date-categories":[],"_expiration-date-options":[]},"acf":[],"_links":{"self":[{"href":"https:\/\/us.edu.pl\/wydzial\/wsne\/wp-json\/wp\/v2\/pages\/5693"}],"collection":[{"href":"https:\/\/us.edu.pl\/wydzial\/wsne\/wp-json\/wp\/v2\/pages"}],"about":[{"href":"https:\/\/us.edu.pl\/wydzial\/wsne\/wp-json\/wp\/v2\/types\/page"}],"author":[{"embeddable":true,"href":"https:\/\/us.edu.pl\/wydzial\/wsne\/wp-json\/wp\/v2\/users\/26"}],"replies":[{"embeddable":true,"href":"https:\/\/us.edu.pl\/wydzial\/wsne\/wp-json\/wp\/v2\/comments?post=5693"}],"version-history":[{"count":6,"href":"https:\/\/us.edu.pl\/wydzial\/wsne\/wp-json\/wp\/v2\/pages\/5693\/revisions"}],"predecessor-version":[{"id":5714,"href":"https:\/\/us.edu.pl\/wydzial\/wsne\/wp-json\/wp\/v2\/pages\/5693\/revisions\/5714"}],"up":[{"embeddable":true,"href":"https:\/\/us.edu.pl\/wydzial\/wsne\/wp-json\/wp\/v2\/pages\/5198"}],"wp:featuredmedia":[{"embeddable":true,"href":"https:\/\/us.edu.pl\/wydzial\/wsne\/wp-json\/wp\/v2\/media\/5694"}],"wp:attachment":[{"href":"https:\/\/us.edu.pl\/wydzial\/wsne\/wp-json\/wp\/v2\/media?parent=5693"}],"curies":[{"name":"wp","href":"https:\/\/api.w.org\/{rel}","templated":true}]}}