{"id":103,"date":"2019-10-15T13:23:33","date_gmt":"2019-10-15T11:23:33","guid":{"rendered":"https:\/\/us.edu.pl\/wydzial\/wtl\/?page_id=103"},"modified":"2026-04-14T13:27:20","modified_gmt":"2026-04-14T11:27:20","slug":"strona-glowna","status":"publish","type":"page","link":"https:\/\/us.edu.pl\/wydzial\/wtl\/en\/","title":{"rendered":"Index page"},"content":{"rendered":"<p>[vc_row][vc_column]\n            <div data-autotime=\"5\" class=\"slider reverse color_white bg_\" >\n                  <div class=\"slide slide_css\">\n                     <div class=\"slide__content_container container\">\n                        <div class=\"slide__content\">\n                           <a href=\"\" class=\"slide__link\">\n                              <div class=\"slide__title\">Faculty of Theology<\/div>\n                              <div class=\"slide__text\">Our specialty is scientific research in the discipline of theological sciences. We educate students in two fields: theology and family sciences. WE INVITE YOU!<\/div>\n                           <\/a>\n                        <\/div>\n                     <\/div>\n                     <a href=\"\" class=\"slide__img thumbnail\"\n                           style=\"background-image: url('https:\/\/us.edu.pl\/wydzial\/wtl\/wp-content\/uploads\/sites\/21\/Zdj\u0119cia-na-stronach\/img_6434.jpg')\">\n                           <span class=\"d-none\">Faculty of Theology Our specialty is scientific research in the discipline of theological sciences. We educate students in two fields: theology and family sciences. WE INVITE YOU!<\/span>\n                     <\/a>\n                  <\/div>\n                  <div class=\"slide slide_css\">\n                     <div class=\"slide__content_container container\">\n                        <div class=\"slide__content\">\n                           <a href=\"https:\/\/us.edu.pl\/instytut\/int\/en\/uniservitate\/\" class=\"slide__link\">\n                              <div class=\"slide__title\">Uniservitate: A Global Network, Research, and Social Impact<\/div>\n                              <div class=\"slide__text\"><\/div>\n                           <\/a>\n                        <\/div>\n                     <\/div>\n                     <a href=\"https:\/\/us.edu.pl\/instytut\/int\/en\/uniservitate\/\" class=\"slide__img thumbnail\"\n                           style=\"background-image: url('https:\/\/us.edu.pl\/wydzial\/wtl\/wp-content\/uploads\/sites\/21\/Unorganized\/UNISERVITATE-w-poziomie-1100x575.png')\">\n                           <span class=\"d-none\">Uniservitate: A Global Network, Research, and Social Impact <\/span>\n                     <\/a>\n                  <\/div>\n                <div class=\"slider__controls\">\n                    <div class=\"slider__dots\"><\/div>\n                    <div class=\"slider__actions\">\n                        <a href=\"#\" class=\"arrow\" data-direction=\"prev\" title=\"poprzedni slajd\">\n                            <em class=\"ci ci-arrow-left\"><\/em>\n                            <span class=\"d-none\">control<\/span>\n                        <\/a>\n            \n                        <a href=\"#\" class=\"start-pause\" data-action=\"stop\" title=\"wstrzymaj poruszanie si\u0119 slajd\u00f3w\">\n                            <em class=\"ci ci-pause\"><\/em>\n                            <span class=\"d-none\">control<\/span>\n                        <\/a>\n            \n                       \n                        <a href=\"#\" class=\"arrow\" data-direction=\"next\"  title=\"Kolejny slajd\" >\n                            <em class=\"ci ci-arrow-right\"><\/em>\n                            <span class=\"d-none\">control<\/span>\n                        <\/a>\n                    <\/div>\n                <\/div>\n            <\/div>[\/vc_column][\/vc_row][vc_row][vc_column]\n\t\t\t\t<input type=\"hidden\" name=\"promoted_only\" value=\"\">\n\t\t\t\t<input type=\"hidden\" name=\"order\" value=\"DESC\">\n\t\t\t\t<input type=\"hidden\" name=\"order_by\" value=\"post_date\">\n\n\t\t\t\t<div class=\"article-loop loop-section article-loop_tall color-blue\" style=\"background: \">\n\t\t\t\t\t <div class=\"container \">\n\t\t\t\t\t \t<div class=\"col-12 article-loop-gutter-left\">\n\t\t\t\t\t\t  <div class=\"article-loop-top loop-section-top\">\n\t\t\t\t\t\t\t\t<h2 class=\"section-title\">News<\/h2><div class=\"article-loop-top_right loop-section-top__right\" >\n\t\t\t\t\t\t\t\t\t <select name=\"sort\" title = \"filter by category\"\n\t\t\t\t\t\t\t\t\t\t  class=\"article-loop-sort\" >\n\t\t\t\t\t\t\t\t\t\t  <option value = \"\" selected disabled > filter by category<\/option>\n\t\t\t\t\t\t\t\t\t\t  <option value = \"21-87,21-86,21-89\" > All<\/option> <option data-link='https:\/\/us.edu.pl\/wydzial\/wtl\/category\/aktualnosci_obie_strony\/' value='21-87'><\/option><option data-link='https:\/\/us.edu.pl\/wydzial\/wtl\/category\/wiadomosci_obie_strony\/' value='21-86'><\/option><option data-link='https:\/\/us.edu.pl\/wydzial\/wtl\/category\/wiadomosci_obie_strony\/ogloszenia_obie_strony\/' value='21-89'><\/option><\/select>    <a href = \"\/wydzial\/wtl\/category\/wiadomosci\" class=\"link-button \" > All<\/a><\/div>  \n\t\t\t\t\t\t  <\/div>\n\t\t\t\t\t\t  <div class=\"article-loop-main carousel\" data-home-url=\"https:\/\/us.edu.pl\/wydzial\/wtl\/en\" >\n\t\t\t\t\t\t\t\t<a href = \"#\" data-slide = \"prev\" title=\"przesu\u0144 pasek Newsw lewo\" class=\"arrow\" >\n\t\t\t\t\t\t\t\t\t <em class=\"ci ci-arrow-left\" ><\/em >\n\t\t\t\t\t\t\t\t\t <span class=\"d-none\" > arrow<\/span >\n\t\t\t\t\t\t\t\t<\/a>\n\t \n\t\t\t\t\t\t\t\t<a href = \"#\" data-slide = \"next\" title=\"przesu\u0144 pasek News w prawo\" class=\"arrow\" >\n\t\t\t\t\t\t\t\t\t <em class=\"ci ci-arrow-right\" ><\/em >\n\t\t\t\t\t\t\t\t\t <span class=\"d-none\" > arrow<\/span >\n\t\t\t\t\t\t\t\t<\/a>\n\t\t\t\t\t\t\t\t<div class=\"row items\" >\n\t\t\t\t\t\t\t\t\t \r\n            <article class=\"article-loop-post carousel-slide\">\r\n                <a href=\"https:\/\/us.edu.pl\/wydzial\/wtl\/en\/2026\/04\/17\/iii-slaskie-forum-opieki-fotorelacja\/\" class=\"article-loop-post__thumbnail thumbnail\"\r\n                    style=\"background-image: url(https:\/\/us.edu.pl\/wydzial\/wtl\/wp-content\/uploads\/sites\/21\/Bez-kategorii\/672192504_26663506206671542_1207601769542959244_n-300x225.jpg)\">\r\n                    <span>more<\/span>\r\n                <\/a>\r\n\r\n                <div class=\"article-loop-post__content\">\r\n                    <h3 class=\"article-loop-post__title\">\r\n                        <a href=\"https:\/\/us.edu.pl\/wydzial\/wtl\/en\/2026\/04\/17\/iii-slaskie-forum-opieki-fotorelacja\/\">(Polski) III \u015al\u0105skie Forum Opieki &#8211; fotorelacja<\/a>\r\n                    <\/h3>\r\n            \r\n                    <div class=\"article-loop-post__categories\">\r\n                        \r\n                    <\/div>    \r\n                <\/div>\r\n            <\/article>\r\n        \r\n            <article class=\"article-loop-post carousel-slide\">\r\n                <a href=\"https:\/\/us.edu.pl\/wydzial\/wtl\/event\/xiv-lectio-magistralis-internationalis\/\" class=\"article-loop-post__thumbnail thumbnail\"\r\n                    style=\"background-image: url(https:\/\/us.edu.pl\/wydzial\/wtl\/wp-content\/uploads\/sites\/21\/Bez-kategorii\/Nieves-Tapia-300x213.png)\">\r\n                    <span>more<\/span>\r\n                <\/a>\r\n\r\n                <div class=\"article-loop-post__content\">\r\n                    <h3 class=\"article-loop-post__title\">\r\n                        <a href=\"https:\/\/us.edu.pl\/wydzial\/wtl\/event\/xiv-lectio-magistralis-internationalis\/\">(Polski) XIV Lectio Magistralis Internationalis<\/a>\r\n                    <\/h3>\r\n            \r\n                    <div class=\"article-loop-post__categories\">\r\n                        <a href=\"https:\/\/us.edu.pl\/wydzial\/wtl\/en\/category\/wiadomosci\/wyklady-otwarte\/lectio-magistralis-internationalis\/\">Lectio Magistralis Internationalis<\/a>\r\n                    <\/div>    \r\n                <\/div>\r\n            <\/article>\r\n        \r\n            <article class=\"article-loop-post carousel-slide\">\r\n                <a href=\"https:\/\/us.edu.pl\/wydzial\/wtl\/en\/2026\/04\/02\/spotkanie-przedstawicieli-t4eu-w-wydziale-teologicznym-us\/\" class=\"article-loop-post__thumbnail thumbnail\"\r\n                    style=\"background-image: url(https:\/\/us.edu.pl\/wydzial\/wtl\/wp-content\/uploads\/sites\/21\/Bez-kategorii\/IMG_4108-300x169.jpg)\">\r\n                    <span>more<\/span>\r\n                <\/a>\r\n\r\n                <div class=\"article-loop-post__content\">\r\n                    <h3 class=\"article-loop-post__title\">\r\n                        <a href=\"https:\/\/us.edu.pl\/wydzial\/wtl\/en\/2026\/04\/02\/spotkanie-przedstawicieli-t4eu-w-wydziale-teologicznym-us\/\">(Polski) Spotkanie przedstawicieli T4EU w Wydziale Teologicznym U\u015a<\/a>\r\n                    <\/h3>\r\n            \r\n                    <div class=\"article-loop-post__categories\">\r\n                        \r\n                    <\/div>    \r\n                <\/div>\r\n            <\/article>\r\n        \r\n            <article class=\"article-loop-post carousel-slide\">\r\n                <a href=\"https:\/\/us.edu.pl\/wydzial\/wtl\/en\/2026\/04\/01\/zyczenia-wielkanocne-dziekana-wtl-us-2026\/\" class=\"article-loop-post__thumbnail thumbnail\"\r\n                    style=\"background-image: url(https:\/\/us.edu.pl\/wydzial\/wtl\/wp-content\/uploads\/sites\/21\/Bez-kategorii\/Wielkanoc-2026-300x206.jpg)\">\r\n                    <span>more<\/span>\r\n                <\/a>\r\n\r\n                <div class=\"article-loop-post__content\">\r\n                    <h3 class=\"article-loop-post__title\">\r\n                        <a href=\"https:\/\/us.edu.pl\/wydzial\/wtl\/en\/2026\/04\/01\/zyczenia-wielkanocne-dziekana-wtl-us-2026\/\">(Polski) \u017byczenia Wielkanocne Dziekana WTL U\u015a<\/a>\r\n                    <\/h3>\r\n            \r\n                    <div class=\"article-loop-post__categories\">\r\n                        \r\n                    <\/div>    \r\n                <\/div>\r\n            <\/article>\r\n        \r\n            <article class=\"article-loop-post carousel-slide\">\r\n                <a href=\"https:\/\/us.edu.pl\/wydzial\/wtl\/en\/2026\/03\/30\/dzien-otwarty-wydzialu-teologicznego-fotorelacja\/\" class=\"article-loop-post__thumbnail thumbnail\"\r\n                    style=\"background-image: url(https:\/\/us.edu.pl\/wydzial\/wtl\/wp-content\/uploads\/sites\/21\/Bez-kategorii\/657388456_1426910115904513_5320485130122320709_n-300x225.jpg)\">\r\n                    <span>more<\/span>\r\n                <\/a>\r\n\r\n                <div class=\"article-loop-post__content\">\r\n                    <h3 class=\"article-loop-post__title\">\r\n                        <a href=\"https:\/\/us.edu.pl\/wydzial\/wtl\/en\/2026\/03\/30\/dzien-otwarty-wydzialu-teologicznego-fotorelacja\/\">(Polski) Dzie\u0144 otwarty Wydzia\u0142u Teologicznego &#8211; fotorelacja<\/a>\r\n                    <\/h3>\r\n            \r\n                    <div class=\"article-loop-post__categories\">\r\n                        <a href=\"https:\/\/us.edu.pl\/wydzial\/wtl\/en\/category\/z-zycia-wydzialu\/\">Z \u017cycia Wydzia\u0142u<\/a>\r\n                    <\/div>    \r\n                <\/div>\r\n            <\/article>\r\n        \r\n            <article class=\"article-loop-post carousel-slide\">\r\n                <a href=\"https:\/\/us.edu.pl\/kobiety-nie-boja-sie-trudnych-wyzwan-wywiad-z-s-dr-hab-joanna-nowinska\/\" class=\"article-loop-post__thumbnail thumbnail\"\r\n                    style=\"background-image: url(https:\/\/us.edu.pl\/wydzial\/wtl\/wp-content\/uploads\/sites\/21\/Bez-kategorii\/Spizarnia-wiary-s.-Joanna-Nowinska-300x171.png)\">\r\n                    <span>more<\/span>\r\n                <\/a>\r\n\r\n                <div class=\"article-loop-post__content\">\r\n                    <h3 class=\"article-loop-post__title\">\r\n                        <a href=\"https:\/\/us.edu.pl\/kobiety-nie-boja-sie-trudnych-wyzwan-wywiad-z-s-dr-hab-joanna-nowinska\/\">(Polski) Kobiety nie boj\u0105 si\u0119 trudnych wyzwa\u0144 | Wywiad z s. dr hab. Joann\u0105 Nowi\u0144sk\u0105<\/a>\r\n                    <\/h3>\r\n            \r\n                    <div class=\"article-loop-post__categories\">\r\n                        \r\n                    <\/div>    \r\n                <\/div>\r\n            <\/article>\r\n        \r\n            <article class=\"article-loop-post carousel-slide\">\r\n                <a href=\"https:\/\/us.edu.pl\/wydzial\/wtl\/en\/2026\/03\/12\/dni-otwarte-wydzialu-teologicznego-us-17-i-24-03-2026-r\/\" class=\"article-loop-post__thumbnail thumbnail\"\r\n                    style=\"background-image: url(https:\/\/us.edu.pl\/wydzial\/wtl\/wp-content\/uploads\/sites\/21\/Bez-kategorii\/2apng-300x300.png)\">\r\n                    <span>more<\/span>\r\n                <\/a>\r\n\r\n                <div class=\"article-loop-post__content\">\r\n                    <h3 class=\"article-loop-post__title\">\r\n                        <a href=\"https:\/\/us.edu.pl\/wydzial\/wtl\/en\/2026\/03\/12\/dni-otwarte-wydzialu-teologicznego-us-17-i-24-03-2026-r\/\">(Polski) Dzie\u0144 Otwarty Wydzia\u0142u Teologicznego U\u015a<\/a>\r\n                    <\/h3>\r\n            \r\n                    <div class=\"article-loop-post__categories\">\r\n                        \r\n                    <\/div>    \r\n                <\/div>\r\n            <\/article>\r\n        \r\n            <article class=\"article-loop-post carousel-slide\">\r\n                <a href=\"https:\/\/us.edu.pl\/wydzial\/wtl\/en\/2026\/02\/25\/dzien-otwarty-uniwersytetu-slaskiego\/\" class=\"article-loop-post__thumbnail thumbnail\"\r\n                    style=\"background-image: url(https:\/\/us.edu.pl\/wydzial\/wtl\/wp-content\/uploads\/sites\/21\/Bez-kategorii\/www-slider-15-01-300x153.png)\">\r\n                    <span>more<\/span>\r\n                <\/a>\r\n\r\n                <div class=\"article-loop-post__content\">\r\n                    <h3 class=\"article-loop-post__title\">\r\n                        <a href=\"https:\/\/us.edu.pl\/wydzial\/wtl\/en\/2026\/02\/25\/dzien-otwarty-uniwersytetu-slaskiego\/\">(Polski) Dzie\u0144 otwarty Uniwersytetu \u015al\u0105skiego<\/a>\r\n                    <\/h3>\r\n            \r\n                    <div class=\"article-loop-post__categories\">\r\n                        <a href=\"https:\/\/us.edu.pl\/wydzial\/wtl\/en\/category\/z-zycia-wydzialu\/\">Z \u017cycia Wydzia\u0142u<\/a>\r\n                    <\/div>    \r\n                <\/div>\r\n            <\/article>\r\n        \n\t\t\t\t\t\t\t\t<\/div>\n\t\t\t\t\t\t  <\/div>\n\t\t\t\t\t <\/div>\n\t\t\t\t\t <\/div>\n\t\t\t\t<\/div>\n\t\t\t\t<input type=\"hidden\" name=\"promoted_only\" value=\"\">\n\t\t\t\t<input type=\"hidden\" name=\"order\" value=\"DESC\">\n\t\t\t\t<input type=\"hidden\" name=\"order_by\" value=\"post_date\">\n\n\t\t\t\t<div class=\"article-loop loop-section article-loop_tall color-blue\" style=\"background: #EBEBEB\">\n\t\t\t\t\t <div class=\"container \">\n\t\t\t\t\t \t<div class=\"col-12 article-loop-gutter-left\">\n\t\t\t\t\t\t  <div class=\"article-loop-top loop-section-top\">\n\t\t\t\t\t\t\t\t<h2 class=\"section-title\">Research<\/h2><div class=\"article-loop-top_right loop-section-top__right\" >\n\t\t\t\t\t\t\t\t\t <select name=\"sort\" title = \"filter by category\"\n\t\t\t\t\t\t\t\t\t\t  class=\"article-loop-sort\" >\n\t\t\t\t\t\t\t\t\t\t  <option value = \"\" selected disabled > filter by category<\/option>\n\t\t\t\t\t\t\t\t\t\t  <option value = \"21-78,21-66\" > All<\/option> <option data-link='https:\/\/us.edu.pl\/wydzial\/wtl\/category\/badania\/' value='21-78'><\/option><option data-link='https:\/\/us.edu.pl\/wydzial\/wtl\/category\/publikacje\/' value='21-66'><\/option><\/select>    <a href = \"\/wydzial\/wtl\/category\/wiadomosci\" class=\"link-button \" > All<\/a><\/div>  \n\t\t\t\t\t\t  <\/div>\n\t\t\t\t\t\t  <div class=\"article-loop-main carousel\" data-home-url=\"https:\/\/us.edu.pl\/wydzial\/wtl\/en\" >\n\t\t\t\t\t\t\t\t<a href = \"#\" data-slide = \"prev\" title=\"przesu\u0144 pasek Researchw lewo\" class=\"arrow\" >\n\t\t\t\t\t\t\t\t\t <em class=\"ci ci-arrow-left\" ><\/em >\n\t\t\t\t\t\t\t\t\t <span class=\"d-none\" > arrow<\/span >\n\t\t\t\t\t\t\t\t<\/a>\n\t \n\t\t\t\t\t\t\t\t<a href = \"#\" data-slide = \"next\" title=\"przesu\u0144 pasek Research w prawo\" class=\"arrow\" >\n\t\t\t\t\t\t\t\t\t <em class=\"ci ci-arrow-right\" ><\/em >\n\t\t\t\t\t\t\t\t\t <span class=\"d-none\" > arrow<\/span >\n\t\t\t\t\t\t\t\t<\/a>\n\t\t\t\t\t\t\t\t<div class=\"row items\" >\n\t\t\t\t\t\t\t\t\t \r\n            <article class=\"article-loop-post carousel-slide\">\r\n                <a href=\"https:\/\/us.edu.pl\/idb\/badania\/#swoboda-badan-vi\" class=\"article-loop-post__thumbnail thumbnail\"\r\n                    style=\"background-image: url(https:\/\/us.edu.pl\/wydzial\/wtl\/wp-content\/uploads\/sites\/21\/Bez-kategorii\/Swoboda-Badan-VI-edycja-300x158.png)\">\r\n                    <span>more<\/span>\r\n                <\/a>\r\n\r\n                <div class=\"article-loop-post__content\">\r\n                    <h3 class=\"article-loop-post__title\">\r\n                        <a href=\"https:\/\/us.edu.pl\/idb\/badania\/#swoboda-badan-vi\">(Polski) Aktualne nabory w ramach IDB<\/a>\r\n                    <\/h3>\r\n            \r\n                    <div class=\"article-loop-post__categories\">\r\n                        \r\n                    <\/div>    \r\n                <\/div>\r\n            <\/article>\r\n        \r\n            <article class=\"article-loop-post carousel-slide\">\r\n                <a href=\"https:\/\/us.edu.pl\/instytut\/int\/2026\/03\/26\/slaskie-studia-historyczno-teologiczne-t-58-nr-1-2025\/\" class=\"article-loop-post__thumbnail thumbnail\"\r\n                    style=\"background-image: url(https:\/\/us.edu.pl\/wydzial\/wtl\/wp-content\/uploads\/sites\/21\/2019\/12\/SSHT-58-1-okladka-1s-206x300.jpg)\">\r\n                    <span>more<\/span>\r\n                <\/a>\r\n\r\n                <div class=\"article-loop-post__content\">\r\n                    <h3 class=\"article-loop-post__title\">\r\n                        <a href=\"https:\/\/us.edu.pl\/instytut\/int\/2026\/03\/26\/slaskie-studia-historyczno-teologiczne-t-58-nr-1-2025\/\">(Polski) \u201e\u015al\u0105skie Studia Historyczno-Teologiczne\u201d 58,1 (2025)<\/a>\r\n                    <\/h3>\r\n            \r\n                    <div class=\"article-loop-post__categories\">\r\n                        \r\n                    <\/div>    \r\n                <\/div>\r\n            <\/article>\r\n        \r\n            <article class=\"article-loop-post carousel-slide\">\r\n                <a href=\"https:\/\/us.edu.pl\/instytut\/int\/2025\/10\/20\/wielcy-mowcy-diecezji-katowickiej-1925-1975\/\" class=\"article-loop-post__thumbnail thumbnail\"\r\n                    style=\"background-image: url(https:\/\/us.edu.pl\/wydzial\/wtl\/wp-content\/uploads\/sites\/21\/Bez-kategorii\/submission_284_287_coverImage_pl_PL-1-717x1024-1-210x300.jpg)\">\r\n                    <span>more<\/span>\r\n                <\/a>\r\n\r\n                <div class=\"article-loop-post__content\">\r\n                    <h3 class=\"article-loop-post__title\">\r\n                        <a href=\"https:\/\/us.edu.pl\/instytut\/int\/2025\/10\/20\/wielcy-mowcy-diecezji-katowickiej-1925-1975\/\">(Polski) Wielcy m\u00f3wcy diecezji katowickiej (1925-1975)<\/a>\r\n                    <\/h3>\r\n            \r\n                    <div class=\"article-loop-post__categories\">\r\n                        \r\n                    <\/div>    \r\n                <\/div>\r\n            <\/article>\r\n        \r\n            <article class=\"article-loop-post carousel-slide\">\r\n                <a href=\"https:\/\/us.edu.pl\/instytut\/int\/2025\/11\/03\/studia-pastoralne-21-2025\/\" class=\"article-loop-post__thumbnail thumbnail\"\r\n                    style=\"background-image: url(https:\/\/us.edu.pl\/wydzial\/wtl\/wp-content\/uploads\/sites\/21\/Bez-kategorii\/SP-2025-okladka-207x300.jpg)\">\r\n                    <span>more<\/span>\r\n                <\/a>\r\n\r\n                <div class=\"article-loop-post__content\">\r\n                    <h3 class=\"article-loop-post__title\">\r\n                        <a href=\"https:\/\/us.edu.pl\/instytut\/int\/2025\/11\/03\/studia-pastoralne-21-2025\/\">(Polski) \u201eStudia Pastoralne\u201d 21 (2025)<\/a>\r\n                    <\/h3>\r\n            \r\n                    <div class=\"article-loop-post__categories\">\r\n                        \r\n                    <\/div>    \r\n                <\/div>\r\n            <\/article>\r\n        \r\n            <article class=\"article-loop-post carousel-slide\">\r\n                <a href=\"https:\/\/us.edu.pl\/instytut\/int\/2025\/09\/08\/eklezjologia-jak-kosciol-rozumie-sam-siebie\/\" class=\"article-loop-post__thumbnail thumbnail\"\r\n                    style=\"background-image: url(https:\/\/us.edu.pl\/wydzial\/wtl\/wp-content\/uploads\/sites\/21\/Bez-kategorii\/eklezjologia-ks.strzelczyk-211x300.jpg)\">\r\n                    <span>more<\/span>\r\n                <\/a>\r\n\r\n                <div class=\"article-loop-post__content\">\r\n                    <h3 class=\"article-loop-post__title\">\r\n                        <a href=\"https:\/\/us.edu.pl\/instytut\/int\/2025\/09\/08\/eklezjologia-jak-kosciol-rozumie-sam-siebie\/\">(Polski) Eklezjologia. Jak Ko\u015bci\u00f3\u0142 rozumie sam siebie<\/a>\r\n                    <\/h3>\r\n            \r\n                    <div class=\"article-loop-post__categories\">\r\n                        \r\n                    <\/div>    \r\n                <\/div>\r\n            <\/article>\r\n        \r\n            <article class=\"article-loop-post carousel-slide\">\r\n                <a href=\"https:\/\/us.edu.pl\/instytut\/int\/2025\/08\/27\/zycie-liturgiczne-w-kosciele-katowickim-w-latach-1925-2025\/\" class=\"article-loop-post__thumbnail thumbnail\"\r\n                    style=\"background-image: url(https:\/\/us.edu.pl\/wydzial\/wtl\/wp-content\/uploads\/sites\/21\/Bez-kategorii\/Zycie-liturgiczne-w-Kosciele-katowickim_max-209x300.jpg)\">\r\n                    <span>more<\/span>\r\n                <\/a>\r\n\r\n                <div class=\"article-loop-post__content\">\r\n                    <h3 class=\"article-loop-post__title\">\r\n                        <a href=\"https:\/\/us.edu.pl\/instytut\/int\/2025\/08\/27\/zycie-liturgiczne-w-kosciele-katowickim-w-latach-1925-2025\/\">(Polski) \u017bycie liturgiczne w Ko\u015bciele katowickim w latach 1925-2025<\/a>\r\n                    <\/h3>\r\n            \r\n                    <div class=\"article-loop-post__categories\">\r\n                        \r\n                    <\/div>    \r\n                <\/div>\r\n            <\/article>\r\n        \r\n            <article class=\"article-loop-post carousel-slide\">\r\n                <a href=\"https:\/\/us.edu.pl\/wydzial\/wtl\/en\/2025\/06\/30\/slaskie-studia-historyczno-teologiczne-57-2-2024\/\" class=\"article-loop-post__thumbnail thumbnail\"\r\n                    style=\"background-image: url(https:\/\/us.edu.pl\/wydzial\/wtl\/wp-content\/uploads\/sites\/21\/Bez-kategorii\/SSKT-57-2-okladka-1-s-206x300.jpg)\">\r\n                    <span>more<\/span>\r\n                <\/a>\r\n\r\n                <div class=\"article-loop-post__content\">\r\n                    <h3 class=\"article-loop-post__title\">\r\n                        <a href=\"https:\/\/us.edu.pl\/wydzial\/wtl\/en\/2025\/06\/30\/slaskie-studia-historyczno-teologiczne-57-2-2024\/\">(Polski) \u015al\u0105skie Studia Historyczno-Teologiczne 57, 2 (2024)<\/a>\r\n                    <\/h3>\r\n            \r\n                    <div class=\"article-loop-post__categories\">\r\n                        \r\n                    <\/div>    \r\n                <\/div>\r\n            <\/article>\r\n        \r\n            <article class=\"article-loop-post carousel-slide\">\r\n                <a href=\"https:\/\/us.edu.pl\/instytut\/int\/2025\/06\/30\/misja-wysokich-komisarzy-koscielnych-na-gornym-slasku-podczas-powstan-i-plebiscytu\/\" class=\"article-loop-post__thumbnail thumbnail\"\r\n                    style=\"background-image: url(https:\/\/us.edu.pl\/wydzial\/wtl\/wp-content\/uploads\/sites\/21\/Bez-kategorii\/misja-wysokich-komisarzy-koscielnych-na-gornym-slasku-podczas-powstan-slaskich-i-plebiscytu-ksiazki-1-igm-300x300.png)\">\r\n                    <span>more<\/span>\r\n                <\/a>\r\n\r\n                <div class=\"article-loop-post__content\">\r\n                    <h3 class=\"article-loop-post__title\">\r\n                        <a href=\"https:\/\/us.edu.pl\/instytut\/int\/2025\/06\/30\/misja-wysokich-komisarzy-koscielnych-na-gornym-slasku-podczas-powstan-i-plebiscytu\/\">(Polski) Misja Wysokich Komisarzy Ko\u015bcielnych na G\u00f3rnym \u015al\u0105sku podczas powsta\u0144 i plebiscytu<\/a>\r\n                    <\/h3>\r\n            \r\n                    <div class=\"article-loop-post__categories\">\r\n                        \r\n                    <\/div>    \r\n                <\/div>\r\n            <\/article>\r\n        \r\n            <article class=\"article-loop-post carousel-slide\">\r\n                <a href=\"https:\/\/us.edu.pl\/instytut\/int\/2025\/06\/24\/soli-deo-honor-et-gloria\/\" class=\"article-loop-post__thumbnail thumbnail\"\r\n                    style=\"background-image: url(https:\/\/us.edu.pl\/wydzial\/wtl\/wp-content\/uploads\/sites\/21\/2019\/12\/soli-deo-ksiazki-1-igm-300x300.png)\">\r\n                    <span>more<\/span>\r\n                <\/a>\r\n\r\n                <div class=\"article-loop-post__content\">\r\n                    <h3 class=\"article-loop-post__title\">\r\n                        <a href=\"https:\/\/us.edu.pl\/instytut\/int\/2025\/06\/24\/soli-deo-honor-et-gloria\/\">(Polski) Soli Deo honor et gloria<\/a>\r\n                    <\/h3>\r\n            \r\n                    <div class=\"article-loop-post__categories\">\r\n                        \r\n                    <\/div>    \r\n                <\/div>\r\n            <\/article>\r\n        \r\n            <article class=\"article-loop-post carousel-slide\">\r\n                <a href=\"https:\/\/us.edu.pl\/instytut\/int\/2025\/06\/04\/wyjsc-poza-schemat\/\" class=\"article-loop-post__thumbnail thumbnail\"\r\n                    style=\"background-image: url(https:\/\/us.edu.pl\/wydzial\/wtl\/wp-content\/uploads\/sites\/21\/Bez-kategorii\/92932_0-205x300-1.jpg)\">\r\n                    <span>more<\/span>\r\n                <\/a>\r\n\r\n                <div class=\"article-loop-post__content\">\r\n                    <h3 class=\"article-loop-post__title\">\r\n                        <a href=\"https:\/\/us.edu.pl\/instytut\/int\/2025\/06\/04\/wyjsc-poza-schemat\/\">(Polski) Wyj\u015b\u0107 poza schemat<\/a>\r\n                    <\/h3>\r\n            \r\n                    <div class=\"article-loop-post__categories\">\r\n                        \r\n                    <\/div>    \r\n                <\/div>\r\n            <\/article>\r\n        \r\n            <article class=\"article-loop-post carousel-slide\">\r\n                <a href=\"https:\/\/us.edu.pl\/wydzial\/wtl\/en\/2025\/01\/27\/slaskie-studia-historyczno-teologiczne-571-2024\/\" class=\"article-loop-post__thumbnail thumbnail\"\r\n                    style=\"background-image: url(https:\/\/us.edu.pl\/wydzial\/wtl\/wp-content\/uploads\/sites\/21\/Bez-kategorii\/okladka-SSHT-57-1-210x300.jpg)\">\r\n                    <span>more<\/span>\r\n                <\/a>\r\n\r\n                <div class=\"article-loop-post__content\">\r\n                    <h3 class=\"article-loop-post__title\">\r\n                        <a href=\"https:\/\/us.edu.pl\/wydzial\/wtl\/en\/2025\/01\/27\/slaskie-studia-historyczno-teologiczne-571-2024\/\">(Polski) &#8220;\u015al\u0105skie Studia Historyczno-Teologiczne&#8221; 57,1 (2024)<\/a>\r\n                    <\/h3>\r\n            \r\n                    <div class=\"article-loop-post__categories\">\r\n                        \r\n                    <\/div>    \r\n                <\/div>\r\n            <\/article>\r\n        \r\n            <article class=\"article-loop-post carousel-slide\">\r\n                <a href=\"https:\/\/us.edu.pl\/instytut\/int\/2025\/01\/10\/studia-pastoralne-20-2024\/\" class=\"article-loop-post__thumbnail thumbnail\"\r\n                    style=\"background-image: url(https:\/\/us.edu.pl\/wydzial\/wtl\/wp-content\/uploads\/sites\/21\/Bez-kategorii\/cover_issue_1447_pl_PL-206x300.jpg)\">\r\n                    <span>more<\/span>\r\n                <\/a>\r\n\r\n                <div class=\"article-loop-post__content\">\r\n                    <h3 class=\"article-loop-post__title\">\r\n                        <a href=\"https:\/\/us.edu.pl\/instytut\/int\/2025\/01\/10\/studia-pastoralne-20-2024\/\">(Polski) \u201eStudia Pastoralne\u201d 20 (2024)<\/a>\r\n                    <\/h3>\r\n            \r\n                    <div class=\"article-loop-post__categories\">\r\n                        \r\n                    <\/div>    \r\n                <\/div>\r\n            <\/article>\r\n        \n\t\t\t\t\t\t\t\t<\/div>\n\t\t\t\t\t\t  <\/div>\n\t\t\t\t\t <\/div>\n\t\t\t\t\t <\/div>\n\t\t\t\t<\/div>\r\n            \r\n            <div class=\"events-loop loop-section color-blue\" style=\"background: \">\r\n                <div class=\"container\">\r\n                    <div class=\"events-loop-top loop-section-top\">\r\n                        <h2 class=\"section-title\">\r\n                            Faculty events\r\n                        <\/h2>\r\n                    <\/div>\r\n            \r\n                    <div class=\"events-loop-main\">\r\n                        <div class=\"row m-0\">    \r\n                    <article class=\"events-loop-post-container\" >\r\n                        <a href = \"https:\/\/us.edu.pl\/wydzial\/wtl\/en\/event\/miedzy-katedra-a-katedra-czynniki-wplywajace-na-kondycje-wspolczesnej-rodziny\/\" class=\"events-loop-post\" >\r\n                            <div class=\"events-loop-post__date\" >\r\n                                <div class=\"events-loop-post__month\" > May<\/div >\r\n                                <span > 26<\/span >\r\n                            <\/div >\r\n                            <h3 class=\"events-loop-post__title\" > (Polski) Mi\u0119dzy Katedr\u0105 a Katedr\u0105. Czynniki wp\u0142ywaj\u0105ce na kondycj\u0119 wsp\u00f3\u0142czesnej rodziny<\/h3 >\r\n                        <\/a >\r\n                    <\/article >\r\n                    <article class=\"events-loop-post-container\" >\r\n                        <a href = \"https:\/\/us.edu.pl\/wydzial\/wtl\/en\/event\/ogolnopolska-konferencja-naukowa-ius-et-misterium-teologia-w-prawie-prawo-w-teologii\/\" class=\"events-loop-post\" >\r\n                            <div class=\"events-loop-post__date\" >\r\n                                <div class=\"events-loop-post__month\" > May<\/div >\r\n                                <span > 29<\/span >\r\n                            <\/div >\r\n                            <h3 class=\"events-loop-post__title\" > (Polski) Og\u00f3lnopolska Konferencja Naukowa \u201eIus et Misterium \u2013 Teologia w prawie, prawo w teologii\u201d<\/h3 >\r\n                        <\/a >\r\n                    <\/article >\r\n                    <article class=\"events-loop-post-container\" >\r\n                        <a href = \"https:\/\/us.edu.pl\/wydzial\/wtl\/en\/event\/doswiadczenie-religijne-jako-portal-do-transgresji\/\" class=\"events-loop-post\" >\r\n                            <div class=\"events-loop-post__date\" >\r\n                                <div class=\"events-loop-post__month\" > May<\/div >\r\n                                <span > 29<\/span >\r\n                            <\/div >\r\n                            <h3 class=\"events-loop-post__title\" > (Polski) Do\u015bwiadczenie religijne jako portal do transgresji<\/h3 >\r\n                        <\/a >\r\n                    <\/article >\r\n                    <article class=\"events-loop-post-container\" >\r\n                        <a href = \"https:\/\/us.edu.pl\/wydzial\/wtl\/en\/event\/faces-of-a-culture-of-mercy-on-the-10th-anniversary-of-the-jubilee-years-of-mercy-xii-international-conference-on-philosophy-and-canon-law\/\" class=\"events-loop-post\" >\r\n                            <div class=\"events-loop-post__date\" >\r\n                                <div class=\"events-loop-post__month\" > November<\/div >\r\n                                <span > 06<\/span >\r\n                            <\/div >\r\n                            <h3 class=\"events-loop-post__title\" > (Polski) Faces of a Culture of Mercy - on the 10th Anniversary of the Jubilee Years of Mercy (XII International Conference on Philosophy and Canon Law)<\/h3 >\r\n                        <\/a >\r\n                    <\/article >\r\n                    <article class=\"events-loop-post-container\" >\r\n                        <a href = \"https:\/\/us.edu.pl\/wydzial\/wtl\/en\/event\/the-10th-central-european-young-canonists-forum\/\" class=\"events-loop-post\" >\r\n                            <div class=\"events-loop-post__date\" >\r\n                                <div class=\"events-loop-post__month\" > November<\/div >\r\n                                <span > 28<\/span >\r\n                            <\/div >\r\n                            <h3 class=\"events-loop-post__title\" > (Polski) The 10th Central European Young Canonists Forum<\/h3 >\r\n                        <\/a >\r\n                    <\/article ><\/div>\r\n                    <\/div>\r\n                <\/div>\r\n            <\/div>[vc_row_inner el_class=&#8221;container&#8221; css=&#8221;.vc_custom_1571727887103{background-color: #ebebeb !important;}&#8221;][vc_column_inner el_class=&#8221;container&#8221; css=&#8221;.vc_custom_1571737829665{margin-top: 30px !important;}&#8221;]\r\n                <div class=\"tiles-section\" style=\"background: #EBEBEB\">\r\n                    <div class=\"container\">\r\n                        <h3 class=\"page-title\">Faculty information<\/h3>\r\n                        <div class=\"tiles tiles-3\">\r\n                            <a href=\"https:\/\/us.edu.pl\/wydzial\/wtl\/en\/studia\/\" class=\"tile tile_ justify-content-center\" style=\"background-color: #002E5A; font-weight: bold; color: #ffffff;  \">\r\n                                \r\n                                   \r\n                               \r\n                                <div class=\"tile__name\">General<\/div>\r\n                            <\/a>\r\n                            <a href=\"https:\/\/us.edu.pl\/wydzial\/wtl\/en\/kandydat-wtl\/\" class=\"tile tile_ justify-content-center\" style=\"background-color: #002E5A; font-weight: bold; color: #ffffff;  \">\r\n                                \r\n                                   \r\n                               \r\n                                <div class=\"tile__name\">Study Candidate<\/div>\r\n                            <\/a>\r\n                            <a href=\"https:\/\/us.edu.pl\/wydzial\/wtl\/en\/student-wtl\/\" class=\"tile tile_ justify-content-center\" style=\"background-color: #002E5A; font-weight: bold; color: #ffffff;  \">\r\n                                \r\n                                   \r\n                               \r\n                                <div class=\"tile__name\"> Student<\/div>\r\n                            <\/a>\r\n                            <a href=\"https:\/\/us.edu.pl\/wydzial\/wtl\/en\/doktorant-wtl\/\" class=\"tile tile_ justify-content-center\" style=\"background-color: #002E5A; font-weight: bold; color: #ffffff;  \">\r\n                                \r\n                                   \r\n                               \r\n                                <div class=\"tile__name\">PhD Candidate<\/div>\r\n                            <\/a>\r\n                            <a href=\"https:\/\/us.edu.pl\/wydzial\/wtl\/en\/pracownik-wtl\/\" class=\"tile tile_ justify-content-center\" style=\"background-color: #002E5A; font-weight: bold; color: #ffffff;  \">\r\n                                \r\n                                   \r\n                               \r\n                                <div class=\"tile__name\">Employee<\/div>\r\n                            <\/a>\r\n                            <a href=\"https:\/\/us.edu.pl\/wydzial\/wtl\/en\/absolwent-wtl\/\" class=\"tile tile_ justify-content-center\" style=\"background-color: #002E5A; font-weight: bold; color: #ffffff;  \">\r\n                                \r\n                                   \r\n                               \r\n                                <div class=\"tile__name\">Graduate<\/div>\r\n                            <\/a><\/div>\r\n                    <\/div>\r\n                <\/div>[\/vc_column_inner][\/vc_row_inner]\r\n                <div class='logos'>\r\n                    <div class='container'>\r\n                        <h3 class='page-title'><\/h3>\r\n                        <div class='logos-blocks bg-blue'> \r\n               \r\n                            \r\n                        <a href=\"https:\/\/www.slaskifestiwalnauki.pl\/\" title=\"\u015al\u0105ski Festiwal Nauki\"\r\n                         class=\"logos-blocks__item carousel-slide\">\r\n                            <div class=\"logos-blocks__img\">\r\n                                <img src=\"https:\/\/us.edu.pl\/wydzial\/wtl\/wp-content\/uploads\/sites\/21\/ikonki\/sf.png\" alt=\"\u015al\u0105ski Festiwal Nauki\">\r\n                            <\/div>\r\n                            <span>\u015al\u0105ski Festiwal Nauki<\/span>\r\n                        <\/a>\r\n                        <a href=\"http:\/\/www.przystaneknauka.us.edu.pl\/\" title=\"Przystanek Nauka\"\r\n                         class=\"logos-blocks__item carousel-slide\">\r\n                            <div class=\"logos-blocks__img\">\r\n                                <img src=\"https:\/\/us.edu.pl\/wydzial\/wtl\/wp-content\/uploads\/sites\/21\/ikonki\/pn.png\" alt=\"Przystanek Nauka\">\r\n                            <\/div>\r\n                            <span>Przystanek Nauka<\/span>\r\n                        <\/a>\r\n                        <a href=\"\/event-categories\/konferencje\/\" title=\"Spotkania i konferencje naukowe\"\r\n                         class=\"logos-blocks__item carousel-slide\">\r\n                            <div class=\"logos-blocks__img\">\r\n                                <img src=\"https:\/\/us.edu.pl\/wydzial\/wtl\/wp-content\/uploads\/sites\/21\/ikonki\/spotkania.png\" alt=\"Spotkania i konferencje naukowe\">\r\n                            <\/div>\r\n                            <span>Spotkania i konferencje naukowe<\/span>\r\n                        <\/a>\r\n                        <a href=\"\/wydzial\/wtl\" title=\"Publikacje naukowe\"\r\n                         class=\"logos-blocks__item carousel-slide\">\r\n                            <div class=\"logos-blocks__img\">\r\n                                <img src=\"https:\/\/us.edu.pl\/wydzial\/wtl\/wp-content\/uploads\/sites\/21\/ikonki\/ksiazka.png\" alt=\"Publikacje naukowe\">\r\n                            <\/div>\r\n                            <span>Publikacje naukowe<\/span>\r\n                        <\/a>\r\n                        <a href=\"https:\/\/www.ciniba.edu.pl\/\" title=\"CINiBA\"\r\n                         class=\"logos-blocks__item carousel-slide\">\r\n                            <div class=\"logos-blocks__img\">\r\n                                <img src=\"https:\/\/us.edu.pl\/wydzial\/wtl\/wp-content\/uploads\/sites\/21\/ikonki\/ksiazki.png\" alt=\"CINiBA\">\r\n                            <\/div>\r\n                            <span>CINiBA<\/span>\r\n                        <\/a>\r\n                        <a href=\"\/event\/\" title=\"Kalendarium U\u015a\"\r\n                         class=\"logos-blocks__item carousel-slide\">\r\n                            <div class=\"logos-blocks__img\">\r\n                                <img src=\"https:\/\/us.edu.pl\/wydzial\/wtl\/wp-content\/uploads\/sites\/21\/ikonki\/ksiazki-1.png\" alt=\"Kalendarium U\u015a\">\r\n                            <\/div>\r\n                            <span>Kalendarium U\u015a<\/span>\r\n                        <\/a> \r\n                           \r\n                        <\/div>\r\n                    <\/div>\r\n                <\/div>[\/vc_column][\/vc_row]<\/p>","protected":false},"excerpt":{"rendered":"<p>[vc_row][vc_column][\/vc_column][\/vc_row][vc_row][vc_column][vc_row_inner el_class=&#8221;container&#8221; css=&#8221;.vc_custom_1571727887103{background-color: #ebebeb !important;}&#8221;][vc_column_inner el_class=&#8221;container&#8221; css=&#8221;.vc_custom_1571737829665{margin-top: 30px !important;}&#8221;][\/vc_column_inner][\/vc_row_inner][\/vc_column][\/vc_row] [&#8230;]<\/p>\n<p><a class=\"btn btn-secondary understrap-read-more-link\" href=\"https:\/\/us.edu.pl\/wydzial\/wtl\/en\/2025\/01\/13\/studia-pastoralne-20-2024\/\">Read More&#8230;<\/a><\/p>\n","protected":false},"author":1,"featured_media":0,"parent":0,"menu_order":41,"comment_status":"closed","ping_status":"closed","template":"page-templates\/index-template.php","meta":{"_expiration-date-status":"","_expiration-date":0,"_expiration-date-type":"","_expiration-date-categories":[],"_expiration-date-options":[]},"acf":[],"_links":{"self":[{"href":"https:\/\/us.edu.pl\/wydzial\/wtl\/en\/wp-json\/wp\/v2\/pages\/103"}],"collection":[{"href":"https:\/\/us.edu.pl\/wydzial\/wtl\/en\/wp-json\/wp\/v2\/pages"}],"about":[{"href":"https:\/\/us.edu.pl\/wydzial\/wtl\/en\/wp-json\/wp\/v2\/types\/page"}],"author":[{"embeddable":true,"href":"https:\/\/us.edu.pl\/wydzial\/wtl\/en\/wp-json\/wp\/v2\/users\/1"}],"replies":[{"embeddable":true,"href":"https:\/\/us.edu.pl\/wydzial\/wtl\/en\/wp-json\/wp\/v2\/comments?post=103"}],"version-history":[{"count":16,"href":"https:\/\/us.edu.pl\/wydzial\/wtl\/en\/wp-json\/wp\/v2\/pages\/103\/revisions"}],"predecessor-version":[{"id":168388,"href":"https:\/\/us.edu.pl\/wydzial\/wtl\/en\/wp-json\/wp\/v2\/pages\/103\/revisions\/168388"}],"wp:attachment":[{"href":"https:\/\/us.edu.pl\/wydzial\/wtl\/en\/wp-json\/wp\/v2\/media?parent=103"}],"curies":[{"name":"wp","href":"https:\/\/api.w.org\/{rel}","templated":true}]}}