{"id":166482,"date":"2025-09-11T12:52:56","date_gmt":"2025-09-11T10:52:56","guid":{"rendered":"https:\/\/us.edu.pl\/wydzial\/wtl\/?post_type=komunikaty&#038;p=166482"},"modified":"2025-09-11T13:21:03","modified_gmt":"2025-09-11T11:21:03","slug":"komunikat-rektora-uniwersytetu-slaskiego-w-katowicach-w-sprawie-ustalenia-godzin-rektorskich-w-dniu-3-pazdziernika-2025-r","status":"publish","type":"komunikaty","link":"https:\/\/us.edu.pl\/wydzial\/wtl\/komunikaty\/komunikat-rektora-uniwersytetu-slaskiego-w-katowicach-w-sprawie-ustalenia-godzin-rektorskich-w-dniu-3-pazdziernika-2025-r\/","title":{"rendered":"Godziny rektorskie w zwi\u0105zku z Dniem Adaptacyjnym &#8211; Komunikat Rektora"},"content":{"rendered":"<p><\/p>\n<p style=\"text-align: center;\"><a href=\"https:\/\/us.edu.pl\/wydzial\/wtl\/wp-content\/uploads\/sites\/21\/Bez-kategorii\/komunikat_dzien-adapt_10_25.pdf\" class=\"mtli_attachment mtli_pdf\" data-mtli=\"mtli_filesize583,18kB\"><span style=\"font-size: 12pt;\"><strong>KOMUNIKAT<\/strong><\/span><\/a><\/p>\n<p style=\"text-align: center;\"><span style=\"font-size: 12pt;\"><strong>Rektora Uniwersytetu \u015al\u0105skiego w Katowicach<\/strong><\/span><\/p>\n<p style=\"text-align: center;\"><span style=\"font-size: 12pt;\"><strong>z dnia 10 wrze\u015bnia 2025 r.<\/strong><\/span><\/p>\n<p style=\"text-align: center;\"><span style=\"font-size: 12pt;\"><strong>w sprawie ustalenia godzin rektorskich <\/strong><\/span><\/p>\n<p style=\"text-align: center;\"><span style=\"font-size: 12pt;\"><strong>w dniu <u>3 pa\u017adziernika 2025 r.<\/u><\/strong><\/span><\/p>\n<p style=\"text-align: center;\"><span style=\"font-size: 12pt;\"><strong>w zwi\u0105zku z organizacj\u0105 DNIA ADAPTACYJNEGO 2025<br \/>\ndla studentek i student\u00f3w pierwszego roku, <\/strong><\/span><\/p>\n<p style=\"text-align: center;\"><span style=\"font-size: 12pt;\"><strong>studi\u00f3w pierwszego i drugiego stopnia oraz jednolitych studi\u00f3w magisterskich<\/strong><\/span><\/p>\n<p>&nbsp;<\/p>\n<p>&nbsp;<\/p>\n<p><span style=\"font-size: 12pt;\">W zwi\u0105zku z organizacj\u0105 DNIA ADAPTACYJNEGO 2025 na wniosek Samorz\u0105du Studenckiego Uniwersytetu \u015al\u0105skiego w Katowicach oraz Centrum Obs\u0142ugi Student\u00f3w zarz\u0105dzam <strong>w dniu 3 pa\u017adziernika 2025 r.<\/strong> (pi\u0105tek), dzie\u0144 rektorski dla studentek i student\u00f3w pierwszego roku, studi\u00f3w pierwszego i drugiego stopnia oraz jednolitych studi\u00f3w magisterskich. W tym dniu zamiast zaj\u0119\u0107 dydaktycznych organizowana b\u0119dzie gra terenowa, spotkania z ko\u0142ami naukowymi i organizacjami studenckimi oraz grill organizowany przez samorz\u0105d.<\/span><\/p>\n<p>&nbsp;<\/p>\n<p><span style=\"font-size: 12pt;\">Ponadto uprzejmie prosz\u0119 Pa\u0144stwa Dziekan\u00f3w o usprawiedliwienie nieobecno\u015bci na zaj\u0119ciach dydaktycznych student\u00f3w zaanga\u017cowanych w organizacj\u0119 TYGODNIA\u00a0ADAPTACYJNEGO, reprezentuj\u0105cych ko\u0142a naukowe i organizacje studenckie. Usprawiedliwienie b\u0119dzie wystawione przez Przewodnicz\u0105cego Samorz\u0105du Studenckiego Uniwersytetu \u015al\u0105skiego w Katowicach.<\/span><\/p>\n<table class=\" alignright\" style=\"width: 94.2642%; height: 179px;\">\n<tbody>\n<tr>\n<td style=\"width: 68.0738%;\" width=\"334\"><\/td>\n<\/tr>\n<tr>\n<td style=\"text-align: right; width: 68.0738%;\"><\/td>\n<td style=\"text-align: center; width: 135.234%;\" width=\"272\">\n<table width=\"100%\">\n<tbody>\n<tr>\n<td><span style=\"font-size: 12pt;\"><strong>z up. REKTORA<br \/>\nProrektor ds. Studenckich i Kszta\u0142cenia<\/strong><\/span><span style=\"font-size: 12pt;\"><strong>dr Katarzyna Trynda, prof. U\u015a<\/strong><\/span><\/td>\n<\/tr>\n<\/tbody>\n<\/table>\n<\/td>\n<\/tr>\n<\/tbody>\n<\/table>\n<p>&nbsp;<\/p>\n<p>&nbsp;<\/p>\n<style type=\"text\/css\">a[data-mtli~=\"mtli_filesize583,18kB\"]:after {content:\" (583,18 kB)\"}<\/style>","protected":false},"excerpt":{"rendered":"<p>KOMUNIKAT Rektora Uniwersytetu \u015al\u0105skiego w Katowicach z dnia 10 wrze\u015bnia 2025 r. w sprawie ustalenia godzin rektorskich w dniu 3 pa\u017adziernika 2025 r. w zwi\u0105zku z organizacj\u0105 DNIA ADAPTACYJNEGO 2025 dla studentek i student\u00f3w pierwszego roku, studi\u00f3w pierwszego i drugiego stopnia oraz jednolitych studi\u00f3w magisterskich &nbsp; &nbsp; W zwi\u0105zku z organizacj\u0105 DNIA ADAPTACYJNEGO 2025 na [&#8230;]<\/p>\n<p><a class=\"btn btn-secondary understrap-read-more-link\" href=\"https:\/\/us.edu.pl\/wydzial\/wtl\/komunikaty\/komunikat-rektora-uniwersytetu-slaskiego-w-katowicach-w-sprawie-ustalenia-godzin-rektorskich-w-dniu-3-pazdziernika-2025-r\/\">Read More&#8230;<\/a><\/p>\n","protected":false},"author":2477,"featured_media":0,"template":"","meta":{"_expiration-date-status":"","_expiration-date":0,"_expiration-date-type":"","_expiration-date-categories":[],"_expiration-date-options":[]},"acf":[],"_links":{"self":[{"href":"https:\/\/us.edu.pl\/wydzial\/wtl\/wp-json\/wp\/v2\/komunikaty\/166482"}],"collection":[{"href":"https:\/\/us.edu.pl\/wydzial\/wtl\/wp-json\/wp\/v2\/komunikaty"}],"about":[{"href":"https:\/\/us.edu.pl\/wydzial\/wtl\/wp-json\/wp\/v2\/types\/komunikaty"}],"author":[{"embeddable":true,"href":"https:\/\/us.edu.pl\/wydzial\/wtl\/wp-json\/wp\/v2\/users\/2477"}],"version-history":[{"count":4,"href":"https:\/\/us.edu.pl\/wydzial\/wtl\/wp-json\/wp\/v2\/komunikaty\/166482\/revisions"}],"predecessor-version":[{"id":166487,"href":"https:\/\/us.edu.pl\/wydzial\/wtl\/wp-json\/wp\/v2\/komunikaty\/166482\/revisions\/166487"}],"wp:attachment":[{"href":"https:\/\/us.edu.pl\/wydzial\/wtl\/wp-json\/wp\/v2\/media?parent=166482"}],"curies":[{"name":"wp","href":"https:\/\/api.w.org\/{rel}","templated":true}]}}