{"id":167038,"date":"2025-10-30T19:20:29","date_gmt":"2025-10-30T18:20:29","guid":{"rendered":"https:\/\/us.edu.pl\/wydzial\/wtl\/?post_type=osoby&#038;p=167038"},"modified":"2025-11-06T10:54:02","modified_gmt":"2025-11-06T09:54:02","slug":"budniak-jozef-emerytowany-pracownik","status":"publish","type":"osoby","link":"https:\/\/us.edu.pl\/wydzial\/wtl\/osoby\/budniak-jozef-emerytowany-pracownik\/","title":{"rendered":"Budniak J\u00f3zef (emerytowany pracownik)"},"content":{"rendered":"<p><span style=\"color: #ff0000; font-size: 14pt;\"><strong>Emerytowany pracownik Wydzia\u0142u Teologicznego<\/strong><\/span><\/p>\n<p>&nbsp;<\/p>\n<p><strong><span style=\"font-size: 14pt;\">ks. prof. dr hab.<\/span> <\/strong><\/p>\n<p><span style=\"font-size: 18pt;\"><strong>J\u00f3zef Budniak<br \/>\n<\/strong><\/span><\/p>\n<p><span style=\"font-size: 12pt;\"><strong>e-mail:<\/strong> <a href=\"mailto:jozef.budniak@us.edu.pl\">jozef.budniak@us.edu.pl<\/a><\/span><\/p>\n<p>&nbsp;<\/p>\n<p><span style=\"font-size: 12pt;\"><strong>Historyczne funkcje pe\u0142nione na Wydziale:<\/strong><\/span><\/p>\n<ul>\n<li><span style=\"font-size: 12pt;\">Redaktor serii: Studia i Materia\u0142y Wydzia\u0142u Teologicznego Uniwersytetu \u015al\u0105skiego<\/span><\/li>\n<\/ul>\n<p>&nbsp;<\/p>\n<p><span style=\"font-size: 12pt;\"><strong>Biogram:<\/strong><\/span><\/p>\n<p><span style=\"font-size: 12pt;\">Kap\u0142an diecezji bielsko-\u017cywieckiej; kapelan Jego \u015awi\u0105tobliwo\u015bci; w latach 1989\u20132004 \u2013 proboszcz parafii w Brennej na \u015al\u0105sku Cieszy\u0144skim; referent ds. ekumenizmu diecezji bielsko-\u017cywieckiej.<br \/>\n<\/span><span style=\"font-size: 12pt;\">Pracownik badawczo-dydaktyczny Uniwersytetu \u015al\u0105skiego w Katowicach, Wydzia\u0142 Teologiczny. Instytut Nauk Teologicznych oraz Wydzia\u0142 Sztuki i Nauk o Edukacji; by\u0142y Prodziekan ds. Kontakt\u00f3w z Zagranic\u0105 w Wydziale Etnologii i Nauk\u00a0o Edukacji Uniwersytetu \u015al\u0105skiego; Autor i redaktor kilku ksi\u0105\u017cek oraz kilkudziesi\u0119ciu artyku\u0142\u00f3w z zakresu teologii ekumenicznej oraz z zakresu tematyki historyczno-hagiograficznej, publikowanych w r\u00f3\u017cnych j\u0119zykach; Uczestniczy\u0142 w dw\u00f3ch grantach zespo\u0142owych mi\u0119dzyuczelnianych przyznanych przez Narodowe Centrum Nauki. By\u0142 i jest cz\u0142onkiem krajowych i zagranicznych towarzystw naukowych, m.in.: Sekcji Teologicznej przy Mi\u0119dzynarodowej Wsp\u00f3lnocie Ekumenicznej (1992\u20132000), przewodnicz\u0105cy Stowarzyszenia Teolog\u00f3w Ekumenizmu, przewodnicz\u0105cy, a obecnie cz\u0142onek Komisji ds. Stosunk\u00f3w Polsko-Czeskich i Polsko-S\u0142owackich przy Polskiej Akademii Nauk, Oddzia\u0142 Katowice; cz\u0142onek Polskiego Towarzystwa Filozoficznego; uczestniczy\u0142, jako delegat Konferencji Episkopatu Polski uczestniczy\u0142 w Europejskim Zgromadzeniu Ko\u015bcio\u0142\u00f3w w Grazu (Austria 1997) i w Sibiu (Rumunia 2007); w latach 1992\u20132000 \u2013 prezydent Mi\u0119dzynarodowej Wsp\u00f3lnoty Ekumenicznej; przedstawiciel profesor\u00f3w i doktor\u00f3w habilitowanych Wydzia\u0142u Teologicznego do Senatu Uniwersytetu \u015al\u0105skiego;\u00a0cz\u0142onek Komisji ds. dialogu Ko\u015bcio\u0142a rzymskokatolickiego z Ko\u015bcio\u0142em Ewangelicko-Augsburskim w RP przy Konferencji Episkopatu Polski. Cz\u0142onek Europejskiego Stowarzyszenia Teolog\u00f3w Katolickich (od 2018).<br \/>\n<\/span><span style=\"font-size: 12pt;\">W ramach programu Sokrates\/Erasmus wyg\u0142osi\u0142 cykl wyk\u0142ad\u00f3w nt.<em>\u00a0Wsp\u00f3\u0142czesne oblicze \u017cycia religijnego i rola ekumenizm w Europie\u00a0<\/em>dla student\u00f3w Akademii Pedagogiczno-Religijnej\u00a0<\/span><span style=\"font-size: 12pt;\">w Grazu (semestr letni roku akad. 2000\/2001 oraz semestr zimowy 2003\/2004). Przeprowadzi\u0142 wyk\u0142ady w ramach blok\u00f3w programowych na studiach podyplomowych dla nauczycieli w zakresie ICT, j\u0119zyk\u00f3w obcych oraz drugiego przedmiotu w ramach projektu Ministerstwa Edukacji Narodowej, wsp\u00f3\u0142finansowanego przez Europejski Fundusz Spo\u0142eczny (2007\/2008, w Uniwersytecie \u015al\u0105skim w Katowicach). Uczestniczy w komitetach redakcyjnych i radach naukowych<strong>\u00a0(<\/strong><em>Zarania \u015al\u0105skie<\/em>, wyd. Societas Scientiis Favendis Silesiae Superioris. Instytut G\u00f3rno\u015bl\u0105ski; Redaktor serii: Studia i Materia\u0142y\u00a0Wydzia\u0142u Teologicznego Uniwersytetu \u015al\u0105skiego w Katowicach; \u201eStudia Oecumenica\u201d, Wyd. Wydzia\u0142u Teologicznego Uniwersytetu Opolskiego. Instytut Ekumenizmu i Bada\u0144 nad Integracj\u0105).<br \/>\n<\/span><span style=\"font-size: 12pt;\">Jest autorem i redaktorem kilku ksi\u0105\u017cek i kilkudziesi\u0119ciu artyku\u0142\u00f3w naukowych i popularnonaukowych z zakresu teologii ekumenicznej i historii Ko\u015bcio\u0142a w tym:\u00a0\u00a0<em>Jan Sarkander. Patron jednocz\u0105cej si\u0119 Europy<\/em>, Bytom\u2013Cieszyn 1995;\u00a0<em>XXVIII Mi\u0119dzynarodowy Kongres Ekumeniczny w Cieszynie. Ora et labora<\/em>, Cieszyn\u2013Bytom 1996;\u00a0<em>200 lat ko\u015bcio\u0142a w Brennej<\/em>, Brenna\u2013Bytom 1996;\u00a0<em>Ekumenizm jutra na przyk\u0142adzie \u015al\u0105ska Cieszy\u0144skiego. Studium historyczno-pastoralne<\/em>, Katowice 2002;\u00a0<em>Jednoczeni w r\u00f3\u017cnorodno\u015bci. Tradycja cyrylo-metodia\u0144ska jako paradygmat\u00a0\u00a0procesu pojednania Ko\u015bcio\u0142\u00f3w, kultur i narod\u00f3w<\/em>, Katowice 2009. Jest wsp\u00f3\u0142autorem pierwszej w Polsce encyklopedii ekumenizmu\u00a0(Krak\u00f3w 2016).<br \/>\n<\/span><span style=\"font-size: 12pt;\">Uczestniczy\u0142 w 184 naukowych konferencjach krajowych i zagranicznych, na kt\u00f3rych wyg\u0142osi\u0142 referaty; redaktor naukowy 14 prac zbiorowych; recenzent naukowy, \u0142\u0105cznie: 36 ksi\u0105\u017cek oraz jest autorem 170 oryginalnych prac naukowych &#8211; \u0142\u0105cznie 220 publikacji naukowych; organizator 31 konferencji naukowych, w tym mi\u0119dzynarodowy kongres ekumeniczny (Cieszyn 1995); promotor 804 prac magisterskich, promotor 4 doktor\u00f3w i recenzentem 33 prac doktorskich, recenzentem 4 dorobk\u00f3w naukowych do habilitacji oraz recenzent dorobku naukowego do tytu\u0142u profesora.<\/span><\/p>\n<p>&nbsp;<\/p>\n<p><span style=\"font-size: 12pt;\"><strong>Nagrody:<\/strong><\/span><\/p>\n<ol>\n<li><span style=\"font-size: 12pt;\">Nagroda Wojewody Bielskiego Andrzeja Sikory. Za: wk\u0142ad pracy i osobiste zaanga\u017cowanie w dzia\u0142alno\u015b\u0107 ekumeniczn\u0105 w Diecezji a zw\u0142aszcza na \u015al\u0105sku Cieszy\u0144skim, za pomoc w kultywowaniu tradycji i kultury tego regionu oraz za pomys\u0142 i osobisty wk\u0142ad w przygotowaniu konferencji. Unia Europejska &#8211; szansa czy zagro\u017cenie dla polskich pograniczy. Bielsko-Bia\u0142a 27 XI 1998 r.<\/span><\/li>\n<li><span style=\"font-size: 12pt;\">Laur srebrnej \u201eCieszynianki\u201d za rok 1999. Za:<em> szerzenie idei ekumenizmu na \u015al\u0105sku Cieszy\u0144skim<\/em>. Cieszyn 11 XI 1999.<\/span><\/li>\n<li><span style=\"font-size: 12pt;\">Og\u00f3lnopolska Nagroda im. \u015bw. Brata Alberta \u2013 Adama Chmielowskiego. Za: <em>rozwini\u0119cie modelowej wsp\u00f3\u0142pracy ekumenicznej na szczeblu lokalnym<\/em>. Warszawa 10 XII 2001.<\/span><\/li>\n<li><span style=\"font-size: 12pt;\">Nagroda Indywidualna II stopnia za <em>dzia\u0142alno\u015b\u0107 naukowo-badawcz\u0105<\/em>. Rektor U\u015a w Katowicach. 31.08.2002.<\/span><\/li>\n<li><span style=\"font-size: 12pt;\">Nagroda dla osobowo\u015bci zas\u0142u\u017conych dla \u015al\u0105ska <em>Hanys 2003.<\/em> Za: <em>dzia\u0142alno\u015b\u0107 ekumeniczn\u0105 na \u015al\u0105sku prowadzon\u0105 poprzez liczne inicjatywy kulturalne, spo\u0142eczne, pastoralne i teologiczne<\/em>. Ruda \u015al\u0105ska 16 V 2003.<\/span><\/li>\n<li><span style=\"font-size: 12pt;\">Nagroda Indywidualna II stopnia za <em>dzia\u0142alno\u015b\u0107 organizacyjna i naukow\u0105<\/em>. Rektor U\u015a w Katowicach 01 X 2004.<\/span><\/li>\n<li><span style=\"font-size: 12pt;\">Nagroda imienia Karola Miarki przyznana w roku 2004 przyznana przez Marsza\u0142ka Wojew\u00f3dztwa \u015al\u0105skiego. Za: <em>Wybitny dorobek wzbogacaj\u0105cy warto\u015bci kultury i regionu. <\/em>Katowice, Pielgrzymowice, 22 X 2004.<\/span><\/li>\n<li><span style=\"font-size: 12pt;\">Medal \u015bw. Jadwigi \u015al\u0105skiej z ok. 10. rocznicy erygowania diecezji ostrawsko-opawskiej (Republika Czeska). Za: <em>popularyzowanie idei ekumenicznych na pograniczu czesko-polskim. <\/em>Ostrawa 26 VIII 2006.<\/span><\/li>\n<li><span style=\"font-size: 12pt;\">Nagroda Indywidualna III stopnia za <em>dzia\u0142alno\u015b\u0107 naukowo-badawcz\u0105<\/em>. Rektor U\u015a w Katowicach 01 X 2007.<\/span><\/li>\n<li><span style=\"font-size: 12pt;\">Nagroda Zbiorowa JM Rektora Uniwersytetu im. Adama Mickiewicza w Poznaniu za ksi\u0105\u017ck\u0119<em> Pneuma hagion. W dwudziestolecie encykliki Jana Paw\u0142a II o Duchu \u015awi\u0119tym w \u017cyciu Ko\u015bcio\u0142a i \u015bwiata<\/em>, pod red. T. Siudy, Pozna\u0144 01 X 2008.<\/span><\/li>\n<li><span style=\"font-size: 12pt;\">\u015al\u0105ska Nagroda im. Juliusza Ligonia. Za: <em>Ekumeniczne inspiracje w codziennej pracy duszpasterskiej, naukowej i spo\u0142ecznej oraz osobist\u0105 godno\u015b\u0107 i pokor\u0119 w pos\u0142udze kap\u0142a\u0144skiej<\/em>. Katowice 19 XII 2009.<\/span><\/li>\n<li><span style=\"font-size: 12pt;\">Nagroda Indywidualna I stopnia za <em>dzia\u0142alno\u015b\u0107 naukowo-badawcz\u0105<\/em>, <em>a w szczeg\u00f3lno\u015bci za uzyskanie tytu\u0142u naukowego profesora<\/em>. Rektor U\u015a w Katowicach 01 X 2012.<\/span><\/li>\n<li><span style=\"font-size: 12pt;\">Nagroda <em>Cieszynit Uznania 2017<\/em> dla wybitnych osobowo\u015bci \u015bl\u0105ska Cieszy\u0144skiego, promotor\u00f3w dobrego imienia tego regionu w \u015bwiecie. Za: wieloletni\u0105 dzia\u0142alno\u015b\u0107 na rzecz tolerancji i porozumienia. Wis\u0142a 23 V 2017.<\/span><\/li>\n<li><span style=\"font-size: 12pt;\">Medal okoliczno\u015bciowy za zaanga\u017cowanie na rzecz niepodleg\u0142o\u015bci oraz 100.lecia po\u0142\u0105czenia Diecezji Cieszy\u0144skiej Ko\u015bcio\u0142a Ewangelicko-Augsburskiego z Konsystorzem Ko\u015bcio\u0142a Ewangelicko-Augsburskiego<\/span><br \/>\n<span style=\"font-size: 12pt;\">w Warszawie, Cieszyn 28 X 2018.<\/span><\/li>\n<li><span style=\"font-size: 12pt;\">Z\u0142oty Laur Umiej\u0119tno\u015bci i Kompetencji w kategorii <em>Pro Publico Bono<\/em>. Regionalna Izba Gospodarcza w Katowicach. Zabrze, 19.01.2019.<\/span><\/li>\n<li><span style=\"font-size: 12pt;\">Nagroda Zespo\u0142owa Rektora III Stopnia za dzia\u0142alno\u015b\u0107 naukowo-badawcz\u0105. Katowice, 01.10.2019.<\/span><\/li>\n<\/ol>\n<p>&nbsp;<\/p>\n<p><span style=\"font-size: 12pt;\"><strong>Granty:<\/strong><\/span><\/p>\n<p><span style=\"font-size: 12pt;\"><strong>Cz\u0142onek zespo\u0142u:<\/strong><\/span><\/p>\n<ol>\n<li><span style=\"font-size: 12pt;\"><strong> Nr grantu:<\/strong> NCN OPUS-5 UMO-2013\/09\/B\/HS1\/00483<\/span><\/li>\n<\/ol>\n<p style=\"padding-left: 40px;\"><span style=\"font-size: 12pt;\">Kierownik: prof. dr hab. Z.J. Kijas<br \/>\n<\/span><span style=\"font-size: 12pt;\">Tytu\u0142 projektu: <em>Weryfikacja dokona\u0144 ekumenicznych na obszarze Polski 1964-2014<br \/>\n<\/em><\/span><span style=\"font-size: 12pt;\">Nazwa o\u015brodka: Uniwersytet Papieski Jana Paw\u0142a II w Krakowie<br \/>\n<\/span><span style=\"font-size: 12pt;\">Projekt zespo\u0142owy mi\u0119dzyuczelniany (Uniwersytet Papieski Jana Paw\u0142a II, Wydzia\u0142 Teologiczny \u2013 Uniwersytet \u015al\u0105ski, Wydzia\u0142 Teologiczny \u2013 Uniwersytet Opolski).<br \/>\n<\/span><span style=\"font-size: 12pt;\">Czas realizacji: Projekt zosta\u0142 uko\u0144czony w 2016 roku<\/span><\/p>\n<ol start=\"2\">\n<li><span style=\"font-size: 12pt;\"><strong> Nr grantu:<\/strong> OPUS-7 UMO-2014\/13\/B\/HS5\/01482<\/span><\/li>\n<\/ol>\n<p style=\"padding-left: 40px;\"><span style=\"font-size: 12pt;\">Kierownik: dr hab. Piotr Kroczek, prof. UP<br \/>\n<\/span><span style=\"font-size: 12pt;\">Tytu\u0142 projektu: <em>Klauzule generalne w prawie ko\u015bcio\u0142\u00f3w i zwi\u0105zkach wyznaniowych\u2026<br \/>\n<\/em><\/span><span style=\"font-size: 12pt;\">Nazwa o\u015brodka: Uniwersytet Papieski Jana Paw\u0142a II w Krakowie<br \/>\n<\/span><span style=\"font-size: 12pt;\">Projekt zespo\u0142owy mi\u0119dzyuczelniany (Uniwersytet Papieski Jana Paw\u0142a II. Wydzia\u0142 Teologiczny \u2013 Uniwersytet \u015al\u0105ski)<br \/>\n<\/span><span style=\"font-size: 12pt;\">Czas realizacji: 2017.<\/span><\/p>\n<p>&nbsp;<\/p>\n<table style=\"height: 10px; width: 100%; border-collapse: collapse; background-color: #0e16ad; border-color: #faffff;\" cellspacing=\"7\" cellpadding=\"7\">\n<tbody>\n<tr style=\"height: 10px;\">\n<td style=\"width: 25%; height: 10px; text-align: center; border-color: #ffffff; border-style: solid;\"><span style=\"color: #ffffff;\"><strong><a style=\"font-size: 16px; text-align: start; color: #ffffff;\" href=\"https:\/\/ab.us.edu.pl\/emp?id=2292&amp;view=P\">Bibliografia<\/a><\/strong><\/span><\/td>\n<td style=\"width: 25%; height: 10px; text-align: center; border-color: #ffffff; border-style: solid;\"><span style=\"color: #ffffff;\"><strong><a style=\"font-size: 16px; text-align: start; color: #ffffff;\" href=\"https:\/\/www.researchgate.net\/profile\/Jozef-Budniak\">ResearchGate<\/a><\/strong><\/span><\/td>\n<td style=\"width: 25%; height: 10px; text-align: center; border-color: #ffffff; border-style: solid;\"><span style=\"color: #ffffff;\"><strong><a style=\"font-size: 16px; text-align: start; color: #ffffff;\" href=\"https:\/\/scholar.google.pl\/citations?user=-4P0FR0AAAAJ&amp;hl=pl&amp;oi=ao\">Google Scholar<\/a><\/strong><\/span><\/td>\n<td style=\"width: 25%; height: 10px; text-align: center; border-color: #ffffff; border-style: solid;\"><span style=\"color: #ffffff;\"><strong><span style=\"font-size: 14pt;\"><a style=\"font-size: 16px; text-align: start; color: #ffffff;\" href=\"https:\/\/orcid.org\/0000-0001-5450-1722\">ORCID<\/a>\u00a0<\/span><\/strong><\/span><\/td>\n<\/tr>\n<\/tbody>\n<\/table>\n<p><\/p>","protected":false},"excerpt":{"rendered":"<p>Emerytowany pracownik Wydzia\u0142u Teologicznego &nbsp; ks. prof. dr hab. J\u00f3zef Budniak e-mail: jozef.budniak@us.edu.pl &nbsp; Historyczne funkcje pe\u0142nione na Wydziale: Redaktor serii: Studia i Materia\u0142y Wydzia\u0142u Teologicznego Uniwersytetu \u015al\u0105skiego &nbsp; Biogram: Kap\u0142an diecezji bielsko-\u017cywieckiej; kapelan Jego \u015awi\u0105tobliwo\u015bci; w latach 1989\u20132004 \u2013 proboszcz parafii w Brennej na \u015al\u0105sku Cieszy\u0144skim; referent ds. ekumenizmu diecezji bielsko-\u017cywieckiej. Pracownik badawczo-dydaktyczny Uniwersytetu [&#8230;]<\/p>\n<p><a class=\"btn btn-secondary understrap-read-more-link\" href=\"https:\/\/us.edu.pl\/wydzial\/wtl\/osoby\/budniak-jozef-emerytowany-pracownik\/\">Read More&#8230;<\/a><\/p>\n","protected":false},"author":117,"featured_media":691,"template":"","meta":{"_expiration-date-status":"","_expiration-date":0,"_expiration-date-type":"","_expiration-date-categories":[],"_expiration-date-options":[]},"acf":[],"_links":{"self":[{"href":"https:\/\/us.edu.pl\/wydzial\/wtl\/wp-json\/wp\/v2\/osoby\/167038"}],"collection":[{"href":"https:\/\/us.edu.pl\/wydzial\/wtl\/wp-json\/wp\/v2\/osoby"}],"about":[{"href":"https:\/\/us.edu.pl\/wydzial\/wtl\/wp-json\/wp\/v2\/types\/osoby"}],"author":[{"embeddable":true,"href":"https:\/\/us.edu.pl\/wydzial\/wtl\/wp-json\/wp\/v2\/users\/117"}],"version-history":[{"count":1,"href":"https:\/\/us.edu.pl\/wydzial\/wtl\/wp-json\/wp\/v2\/osoby\/167038\/revisions"}],"predecessor-version":[{"id":167039,"href":"https:\/\/us.edu.pl\/wydzial\/wtl\/wp-json\/wp\/v2\/osoby\/167038\/revisions\/167039"}],"wp:featuredmedia":[{"embeddable":true,"href":"https:\/\/us.edu.pl\/wydzial\/wtl\/wp-json\/wp\/v2\/media\/691"}],"wp:attachment":[{"href":"https:\/\/us.edu.pl\/wydzial\/wtl\/wp-json\/wp\/v2\/media?parent=167038"}],"curies":[{"name":"wp","href":"https:\/\/api.w.org\/{rel}","templated":true}]}}