{"id":730,"date":"2019-11-11T11:27:08","date_gmt":"2019-11-11T10:27:08","guid":{"rendered":"https:\/\/us.edu.pl\/wydzial\/wtl\/?post_type=osoby&#038;p=730"},"modified":"2026-06-25T08:09:03","modified_gmt":"2026-06-25T06:09:03","slug":"maliszewska-anna","status":"publish","type":"osoby","link":"https:\/\/us.edu.pl\/wydzial\/wtl\/osoby\/maliszewska-anna\/","title":{"rendered":"Samiec Anna"},"content":{"rendered":"<p><strong><span style=\"font-size: 14pt;\">dr hab., prof. U\u015a<\/span> <\/strong><\/p>\n<p><span style=\"font-size: 18pt;\"><strong>Anna Samiec<br \/>\n<\/strong><\/span><\/p>\n<p><span style=\"font-size: 12pt;\"><strong>e-mail:<\/strong> <a href=\"mailto:anna.woznica@us.edu.pl\">anna.samiec@us.edu.pl<\/a><\/span><\/p>\n<p>&nbsp;<\/p>\n<p><span style=\"font-size: 12pt;\"><strong>Biogram:<\/strong><\/span><\/p>\n<p style=\"background: white;\"><span style=\"font-family: verdana, geneva, sans-serif; color: black; font-size: 12pt;\">Absolwentka Akademii Muzycznej w \u0141odzi oraz Uniwersytetu \u015al\u0105skiego w Katowicach. Od roku 2011 pracownik Wydzia\u0142u Teologicznego Uniwersytetu \u015al\u0105skiego w Katowicach. W 2015 roku uzyska\u0142a stopie\u0144 doktora teologii z zakresu teologii dogmatycznej na podstawie dysertacji \u201eMaryja w teologii Elizabeth A. Johnson\u201d. W latach 2017-2019 realizowa\u0142a projekt grantowy Narodowego Centrum Nauki, w wyniku kt\u00f3rego w roku 2019 opublikowa\u0142a monografi\u0119 \u201eW stron\u0119 antropologii inkluzywnej: g\u0142\u0119boka niepe\u0142nosprawno\u015b\u0107 intelektualna a cz\u0142owiecze\u0144stwo\u201d. W 2020 roku uzyska\u0142a habilitacj\u0119.\u00a0<\/span><\/p>\n<p style=\"background: white;\"><span style=\"font-family: verdana, geneva, sans-serif; color: black; font-size: 12pt;\">Autorka artyku\u0142\u00f3w w polskich i zagranicznych czasopismach naukowych, publikowa\u0142a tak\u017ce w \u201eWi\u0119zi\u201d oraz \u201eW drodze\u201d. Recenzentka kilku polskich periodyk\u00f3w naukowych.\u00a0<\/span><\/p>\n<p>&nbsp;<\/p>\n<p><span style=\"font-size: 12pt;\"><strong>Nagrody:<\/strong><\/span><\/p>\n<ul>\n<li><span style=\"font-size: 12pt;\">Nagroda Indywidualna III stopnia Rektora Uniwersytetu \u015al\u0105skiego za osi\u0105gni\u0119cia naukowo-badawcze w roku 2017<\/span><\/li>\n<\/ul>\n<p>&nbsp;<\/p>\n<p><span style=\"font-size: 12pt;\"><strong>Granty:<\/strong><\/span><\/p>\n<ul>\n<li><span style=\"font-size: 12pt;\">Kierownik grantu badawczego pt. &#8222;Cz\u0142owiecze\u0144stwo a niepe\u0142nosprawno\u015b\u0107\u0301 intelektualna. Studium z zakresu teologii niepe\u0142nosprawno\u015bci&#8221; przyznanego przez Narodowego Centrum Nauki w konkursie \u201eSONATA\u201d; czas realizacji: 01.2017-01.2019 (24 miesi\u0105ce); nr 2016\/21\/D\/HS1\/03402<\/span><\/li>\n<\/ul>\n<p>&nbsp;<\/p>\n<table style=\"height: 20px; width: 100%; border-collapse: collapse; background-color: #0e16ad; border-color: #faffff;\" cellspacing=\"7\" cellpadding=\"7\">\n<tbody>\n<tr style=\"height: 10px;\">\n<td style=\"width: 25%; height: 10px; text-align: center; border-color: #ffffff; border-style: solid;\"><span style=\"color: #ffffff;\"><strong><a style=\"font-size: 16px; text-align: start; color: #ffffff;\" href=\"https:\/\/ab.us.edu.pl\/emp?id=40331&amp;view=P\">Bibliografia<\/a><\/strong><\/span><\/td>\n<td style=\"width: 25%; height: 10px; text-align: center; border-color: #ffffff; border-style: solid;\"><span style=\"color: #ffffff;\"><strong><a style=\"font-size: 16px; text-align: start; color: #ffffff;\" href=\"https:\/\/www.researchgate.net\/profile\/Anna-Maliszewska\">ResearchGate<\/a><\/strong><\/span><\/td>\n<td style=\"width: 25%; height: 10px; text-align: center; border-color: #ffffff; border-style: solid;\"><span style=\"color: #ffffff;\"><strong><a style=\"font-size: 16px; text-align: start; color: #ffffff;\" href=\"https:\/\/scholar.google.com\/citations?hl=pl&amp;user=wVDP38AAAAAJ\">Google Scholar<\/a><\/strong><\/span><\/td>\n<td style=\"width: 25%; height: 10px; text-align: center; border-color: #ffffff; border-style: solid;\"><span style=\"color: #ffffff;\"><strong><a style=\"font-size: 16px; text-align: start; color: #ffffff;\" href=\"https:\/\/orcid.org\/0000-0002-0561-9588\">ORCID<\/a><\/strong><\/span><\/td>\n<\/tr>\n<\/tbody>\n<\/table>\n<p><\/p>","protected":false},"excerpt":{"rendered":"<p>dr hab., prof. U\u015a Anna Samiec e-mail: anna.samiec@us.edu.pl &nbsp; Biogram: Absolwentka Akademii Muzycznej w \u0141odzi oraz Uniwersytetu \u015al\u0105skiego w Katowicach. Od roku 2011 pracownik Wydzia\u0142u Teologicznego Uniwersytetu \u015al\u0105skiego w Katowicach. W 2015 roku uzyska\u0142a stopie\u0144 doktora teologii z zakresu teologii dogmatycznej na podstawie dysertacji \u201eMaryja w teologii Elizabeth A. Johnson\u201d. W latach 2017-2019 realizowa\u0142a projekt [&#8230;]<\/p>\n<p><a class=\"btn btn-secondary understrap-read-more-link\" href=\"https:\/\/us.edu.pl\/wydzial\/wtl\/osoby\/maliszewska-anna\/\">Read More&#8230;<\/a><\/p>\n","protected":false},"author":117,"featured_media":0,"template":"","meta":{"_expiration-date-status":"","_expiration-date":0,"_expiration-date-type":"","_expiration-date-categories":[],"_expiration-date-options":[]},"acf":[],"_links":{"self":[{"href":"https:\/\/us.edu.pl\/wydzial\/wtl\/wp-json\/wp\/v2\/osoby\/730"}],"collection":[{"href":"https:\/\/us.edu.pl\/wydzial\/wtl\/wp-json\/wp\/v2\/osoby"}],"about":[{"href":"https:\/\/us.edu.pl\/wydzial\/wtl\/wp-json\/wp\/v2\/types\/osoby"}],"author":[{"embeddable":true,"href":"https:\/\/us.edu.pl\/wydzial\/wtl\/wp-json\/wp\/v2\/users\/117"}],"version-history":[{"count":10,"href":"https:\/\/us.edu.pl\/wydzial\/wtl\/wp-json\/wp\/v2\/osoby\/730\/revisions"}],"predecessor-version":[{"id":168894,"href":"https:\/\/us.edu.pl\/wydzial\/wtl\/wp-json\/wp\/v2\/osoby\/730\/revisions\/168894"}],"wp:attachment":[{"href":"https:\/\/us.edu.pl\/wydzial\/wtl\/wp-json\/wp\/v2\/media?parent=730"}],"curies":[{"name":"wp","href":"https:\/\/api.w.org\/{rel}","templated":true}]}}