{"id":919,"date":"2019-11-14T15:19:58","date_gmt":"2019-11-14T14:19:58","guid":{"rendered":"https:\/\/us.edu.pl\/wydzial\/wtl\/?post_type=osoby&#038;p=919"},"modified":"2025-09-22T22:01:37","modified_gmt":"2025-09-22T20:01:37","slug":"malina-artur","status":"publish","type":"osoby","link":"https:\/\/us.edu.pl\/wydzial\/wtl\/osoby\/malina-artur\/","title":{"rendered":"Malina Artur"},"content":{"rendered":"<p><strong><span style=\"font-size: 14pt;\">ks. prof. dr hab.<\/span> <\/strong><\/p>\n<p><span style=\"font-size: 18pt;\"><strong>Artur Malina<br \/>\n<\/strong><\/span><\/p>\n<p><span style=\"font-size: 12pt;\"><strong>e-mail:<\/strong> <a href=\"mailto:artur.malina@us.edu.pl\">artur.malina@us.edu.pl<\/a><\/span><\/p>\n<p>&nbsp;<\/p>\n<p><span style=\"font-size: 12pt;\"><strong>Funkcje pe\u0142nione na Wydziale:<\/strong><\/span><\/p>\n<ul>\n<li><span style=\"font-size: 12pt;\">Cz\u0142onek Instytutowej Komisji ds. Ewaluacji Dyscypliny: nauki teologiczne (od 01.10.2020);<\/span><\/li>\n<li><span style=\"font-size: 12pt;\">Cz\u0142onek Rady Naukowej Instytutu Nauk Teologicznych.<\/span><\/li>\n<\/ul>\n<p>&nbsp;<\/p>\n<p><span style=\"font-size: 12pt;\"><strong>Funkcje pe\u0142nione na Uniwersytecie:<\/strong><\/span><\/p>\n<ul>\n<li><span style=\"font-size: 12pt;\">Cz\u0142onek Komisji oceniaj\u0105cej nauczycieli akademickich w dyscyplinie nauki teologiczne (od 02.04.2024 do 31.12.2027);<\/span><\/li>\n<li><span style=\"font-size: 12pt;\"> Komisji oceniaj\u0105cej pracownik\u00f3w w grupie dydaktycznej WTL (od 02.04.2024 do 31.12.2027).<\/span><\/li>\n<\/ul>\n<p>&nbsp;<\/p>\n<p><span style=\"font-size: 12pt;\"><strong>Biogram:<\/strong><\/span><\/p>\n<p><span style=\"font-size: 12pt;\">Urodzi\u0142 si\u0119 9 listopada 1965 r., pochodzi z Bierunia Starego. Po maturze rozpocz\u0105\u0142 studia na Wydziale Elektrycznym Politechniki \u015al\u0105skiej w Gliwicach (1984\/1985). W 1985 r. wst\u0105pi\u0142 do Wy\u017cszego \u015al\u0105skiego Seminarium Duchownego w Katowicach. W latach 1987\u20131989 studiowa\u0142 w Instytucie Teologicznym \u015bw. Paw\u0142a w Betlejem-Cremisan. Nast\u0119pnie kontynuowa\u0142 studia w W\u015aSD (1989\u20131991), zako\u0144czone uzyskaniem tytu\u0142u magistra teologii na podstawie pracy pt. \u201e\u015awi\u0105tynia Jerozolimska w czasach Jezusa. Studium topograficzno-historyczne oparte na danych literatury staro\u017cytnej i archeologii\u201d, napisanej pod kierunkiem ks. J\u00f3zefa Kozyry. \u015awi\u0119cenia prezbiteratu przyj\u0105\u0142 11 maja 1991 r. Od 1992 r. kontynuowa\u0142 studia w Papieskim Instytucie Biblijnym w Rzymie (Wydzia\u0142y Nauk Biblijnych oraz Staro\u017cytnego Wschodu), uzyskuj\u0105c w 2001 r. stopie\u0144 doktora nauk biblijnych na podstawie rozprawy pt. \u201e\u00abNon come gli scribi\u00bb (Mc 1,22). Studio del loro ruolo nel Vangelo di Marco\u201d, napisanej pod kierunkiem o. Klemensa Stocka SJ.<\/span><\/p>\n<p><span style=\"font-size: 12pt;\">Od 2001 r. zatrudniony na Wydziale Teologicznym Uniwersytetu \u015al\u0105skiego: pocz\u0105tkowo jako asystent, a od 2002 r. jako adiunkt w Zak\u0142adzie\/Katedrze Teologii Biblijnej (Starego i Nowego Testamentu). W 2007 r. uzyska\u0142 na KUL stopie\u0144 doktora habilitowanego nauk teologicznych, m.in. na podstawie rozprawy \u201eChrzest Jezusa w czterech Ewangeliach. Studium narracji i teologii\u201d. Tytu\u0142 naukowy profesora nauk teologicznych otrzyma\u0142 20 czerwca 2018 r. Kierownik Zak\u0142adu\/Katedry Teologii Biblijnej Starego i Nowego Testamentu (2012\u20132019).<\/span><\/p>\n<p><span style=\"font-size: 12pt;\">Prowadzi\u0142 zaj\u0119cia zlecone m.in.: w Papieskim Uniwersytecie Antonianum w Rzymie (2015\/2016) i w Papieskim Wydziale Teologicznym we Wroc\u0142awiu (2021-2025).<\/span><\/p>\n<p><span style=\"font-size: 12pt;\">Cz\u0142onek gremi\u00f3w naukowych, akademickich i redakcyjnych, m.in.:<\/span><br \/>\n<span style=\"font-size: 12pt;\">\u2013 Zast\u0119pca redaktora naczelnego Verbum Vitae (2001\u20132009)<\/span><br \/>\n<span style=\"font-size: 12pt;\">\u2013 Sekretarz redakcji \u015al\u0105skich Studi\u00f3w Historyczno-Teologicznych (2002\u20132010)<\/span><br \/>\n<span style=\"font-size: 12pt;\">\u2013 Redaktor serii Studia i Materia\u0142y Wydzia\u0142u Teologicznego Uniwersytetu \u015al\u0105skiego w Katowicach (2005\u20132013)<\/span><br \/>\n<span style=\"font-size: 12pt;\">\u2013 Wsp\u00f3\u0142za\u0142o\u017cyciel Gruppo Internazionale di Studio Esegetico sui Vangeli (2008)<\/span><br \/>\n<span style=\"font-size: 12pt;\">\u2013 Cz\u0142onek Komitetu Nauk Teologicznych PAN (kadencje: 2007\u20132010, 2011\u20132014, 2020\u20132023, 2024\u20132027)<\/span><br \/>\n<span style=\"font-size: 12pt;\">\u2013 Cz\u0142onek Zarz\u0105du (2008\u20132013) i wiceprzewodnicz\u0105cy Stowarzyszenia Biblist\u00f3w Polskich (2013\u20132018, 2018\u20132023)<\/span><br \/>\n<span style=\"font-size: 12pt;\">\u2013 Przewodnicz\u0105cy Rady Wydawnictw Naukowych Ksi\u0119garni \u015awi\u0119tego Jacka (od 2019)<\/span><br \/>\n<span style=\"font-size: 12pt;\">\u2013 Cz\u0142onek: Korpusu Ekspert\u00f3w Narodowego Centrum Nauki (2015\u20132024); Zespo\u0142u Teologicznego II Synodu Archidiecezji Katowickiej (2012\u20132016); II Synodu Archidiecezji Katowickiej (2015\u20132016); Kapitu\u0142y Nagrody Arcybiskupa Katowickiego Lux ex Silesia (2016\u20132023).<\/span><\/p>\n<p><span style=\"font-size: 12pt;\">G\u0142\u00f3wne zainteresowania badawcze: hermeneutyka biblijna, paterologia, chrystologia, antropologia i soteriologia biblijna, Ewangelie synoptyczne, List do Hebrajczyk\u00f3w, Apokalipsa \u015bw. Jana, syryjska tradycja Ewangelii (Diatessaron, Vetus Syra).<\/span><\/p>\n<p><span style=\"font-size: 12pt;\">Inne zainteresowania: geografia i przyroda G\u00f3rnego \u015al\u0105ska, G\u00f3rnej Bawarii oraz Tatr polskich i s\u0142owackich.<\/span><\/p>\n<p>&nbsp;<\/p>\n<p><strong><span style=\"font-size: 12pt;\">Nagrody:<\/span><\/strong><\/p>\n<p><span style=\"font-size: 12pt;\">Rektora Uniwersytetu \u015al\u0105skiego:<\/span><br \/>\n<span style=\"font-size: 12pt;\">\u2013 Indywidualna III stopnia (2003)<\/span><br \/>\n<span style=\"font-size: 12pt;\">\u2013 Indywidualna I stopnia (2008)<\/span><br \/>\n<span style=\"font-size: 12pt;\">\u2013 Zespo\u0142owa III stopnia (2009)<\/span><br \/>\n<span style=\"font-size: 12pt;\">\u2013 Indywidualna II stopnia (2014)<\/span><br \/>\n<span style=\"font-size: 12pt;\">\u2013 Specjalna I stopnia (2019)<\/span><\/p>\n<p>&nbsp;<\/p>\n<p><span style=\"font-size: 12pt;\"><strong>Granty:<\/strong><\/span><\/p>\n<p><span style=\"font-size: 12pt;\">Jako promotor\/opiekun naukowy w projektach Narodowego Centrum Nauki \u2013 konkurs PRELUDIUM:<\/span><\/p>\n<ol>\n<li><span style=\"font-size: 12pt;\">2011\/01\/N\/HS1\/00960 \u2013 Marcin Moj: Kompozycje warstwowe w Ewangelii Marka (2011\u20132014)<\/span><\/li>\n<li><span style=\"font-size: 12pt;\">2011\/01\/N\/HS1\/00985 \u2013 Dawid Ledwo\u0144: \u015awiadectwo Ojca w czwartej Ewangelii. Studium egzegetyczno-teologiczne (2011\u20132014)<\/span><\/li>\n<li><span style=\"font-size: 12pt;\">2014\/13\/N\/HS1\/02054 \u2013 Monika Czarnuch: Tekst i znaczenie Ewangelii Marka w jej pierwszym greckim komentarzu. Studium \u201eWyja\u015bnienia do Ewangelii Marka\u201d Teofylakta z Ochrydy (2015\u20132018)<\/span><\/li>\n<li><span style=\"font-size: 12pt;\">2021\/41\/N\/HS1\/00243 \u2013 \u0141ukasz Bergel: \u201eWyszed\u0142 zwyci\u0119\u017caj\u0105c i aby zwyci\u0119\u017cy\u0107\u201d (Ap 6,2). Czasownik \u201eNIKAN\u201d w Apokalipsie Jana \u2013 jego konotacje oraz konteksty \u017cydowski i grecko-rzymski (2022\u20132025).<\/span><\/li>\n<\/ol>\n<p>&nbsp;<\/p>\n<p><span style=\"font-size: 12pt;\">Jako wykonawca w projekcie finansowanym przez MEiN (Decyzja Nr 8\/WFSN\/2021 z dnia 26.03.2021), realizowanym na UKSW pod kierunkiem ks. prof. dr. hab. Leszka Misiarczyka: \u201eNuovo Dizionario Patristico e di Antichit\u00e0 Christiane\u201d (Nowy S\u0142ownik Patrystyczny i Staro\u017cytno\u015bci Chrze\u015bcija\u0144skich).<\/span><\/p>\n<p>&nbsp;<\/p>\n<p><span style=\"font-size: 12pt;\"><strong>Sta\u017ce zagraniczne i przynale\u017cno\u015b\u0107 do stowarzysze\u0144 naukowych i akademickich:<\/strong><\/span><\/p>\n<p><span style=\"font-size: 12pt;\">Sta\u017ce zagraniczne: w Instytucie Katolickim w Pary\u017cu (miesi\u0119czne w 2005 r. i 2006 r. oraz dwumiesi\u0119czny w 2008 r.), wielokrotne w Papieskim Instytucie Biblijnym w Rzymie.<\/span><\/p>\n<p><span style=\"font-size: 12pt;\">Przynale\u017cno\u015b\u0107 do Stowarzyszenia Biblist\u00f3w Polskich, Associazione ex-alunni\/e del Pontificio Istituto Biblico, Society of Biblical Literature, Catholic Biblical Association of America oraz Polskiego Towarzystwa Filologicznego.<\/span><\/p>\n<table style=\"height: 20px; width: 100%; border-collapse: collapse; background-color: #0e16ad; border-color: #faffff;\" cellspacing=\"7\" cellpadding=\"7\">\n<tbody>\n<tr style=\"height: 10px;\">\n<td style=\"width: 25%; height: 10px; text-align: center; border-color: #ffffff; border-style: solid;\"><span style=\"color: #ffffff;\"><strong><a style=\"font-size: 16px; text-align: start; color: #ffffff;\" href=\"https:\/\/ab.us.edu.pl\/emp?id=16302&amp;view=P\">Bibliografia<\/a><\/strong><\/span><\/td>\n<td style=\"width: 25%; height: 10px; text-align: center; border-color: #ffffff; border-style: solid;\"><span style=\"color: #ffffff;\"><strong><a style=\"font-size: 16px; text-align: start; color: #ffffff;\" href=\"https:\/\/www.researchgate.net\/profile\/Artur-Malina\">ResearchGate<\/a><\/strong><\/span><\/td>\n<td style=\"width: 25%; height: 10px; text-align: center; border-color: #ffffff; border-style: solid;\"><span style=\"color: #ffffff;\"><strong><a style=\"font-size: 16px; text-align: start; color: #ffffff;\" href=\"https:\/\/scholar.google.com\/citations?hl=pl&amp;user=FSMWKFIAAAAJ\">Google Scholar<\/a><\/strong><\/span><\/td>\n<td style=\"width: 25%; height: 10px; text-align: center; border-color: #ffffff; border-style: solid;\"><span style=\"color: #ffffff;\"><strong><a style=\"font-size: 16px; text-align: start; color: #ffffff;\" href=\"https:\/\/orcid.org\/0000-0002-2830-9902\">ORCID<\/a><\/strong><\/span><\/td>\n<\/tr>\n<\/tbody>\n<\/table>\n<p><\/p>","protected":false},"excerpt":{"rendered":"<p>ks. prof. dr hab. Artur Malina e-mail: artur.malina@us.edu.pl &nbsp; Funkcje pe\u0142nione na Wydziale: Cz\u0142onek Instytutowej Komisji ds. Ewaluacji Dyscypliny: nauki teologiczne (od 01.10.2020); Cz\u0142onek Rady Naukowej Instytutu Nauk Teologicznych. &nbsp; Funkcje pe\u0142nione na Uniwersytecie: Cz\u0142onek Komisji oceniaj\u0105cej nauczycieli akademickich w dyscyplinie nauki teologiczne (od 02.04.2024 do 31.12.2027); Komisji oceniaj\u0105cej pracownik\u00f3w w grupie dydaktycznej WTL (od [&#8230;]<\/p>\n<p><a class=\"btn btn-secondary understrap-read-more-link\" href=\"https:\/\/us.edu.pl\/wydzial\/wtl\/osoby\/malina-artur\/\">Read More&#8230;<\/a><\/p>\n","protected":false},"author":117,"featured_media":166615,"template":"","meta":{"_expiration-date-status":"","_expiration-date":0,"_expiration-date-type":"","_expiration-date-categories":[],"_expiration-date-options":[]},"acf":[],"_links":{"self":[{"href":"https:\/\/us.edu.pl\/wydzial\/wtl\/wp-json\/wp\/v2\/osoby\/919"}],"collection":[{"href":"https:\/\/us.edu.pl\/wydzial\/wtl\/wp-json\/wp\/v2\/osoby"}],"about":[{"href":"https:\/\/us.edu.pl\/wydzial\/wtl\/wp-json\/wp\/v2\/types\/osoby"}],"author":[{"embeddable":true,"href":"https:\/\/us.edu.pl\/wydzial\/wtl\/wp-json\/wp\/v2\/users\/117"}],"version-history":[{"count":7,"href":"https:\/\/us.edu.pl\/wydzial\/wtl\/wp-json\/wp\/v2\/osoby\/919\/revisions"}],"predecessor-version":[{"id":166500,"href":"https:\/\/us.edu.pl\/wydzial\/wtl\/wp-json\/wp\/v2\/osoby\/919\/revisions\/166500"}],"wp:featuredmedia":[{"embeddable":true,"href":"https:\/\/us.edu.pl\/wydzial\/wtl\/wp-json\/wp\/v2\/media\/166615"}],"wp:attachment":[{"href":"https:\/\/us.edu.pl\/wydzial\/wtl\/wp-json\/wp\/v2\/media?parent=919"}],"curies":[{"name":"wp","href":"https:\/\/api.w.org\/{rel}","templated":true}]}}