{"id":1756,"date":"2020-06-20T12:13:14","date_gmt":"2020-06-20T10:13:14","guid":{"rendered":"https:\/\/us.edu.pl\/wydzial\/wtl\/?page_id=1756"},"modified":"2025-08-28T08:43:23","modified_gmt":"2025-08-28T06:43:23","slug":"rekrutacja","status":"publish","type":"page","link":"https:\/\/us.edu.pl\/wydzial\/wtl\/rekrutacja\/","title":{"rendered":"Rekrutacja 2025\/2026"},"content":{"rendered":"<p>[vc_row][vc_column]\r\n                <div class=\"text-modules\">\r\n                    <div class=\"container\">\r\n                        <h3 class=\"page-title text__title\">Rekrutacja 2025\/2026<\/h3>\r\n                        <div class=\"text-modules__content\"><p><span style=\"font-size: 12pt;\">Witamy na Wydziale Teologicznym Uniwersytetu \u015al\u0105skiego i zapraszamy do zapoznania si\u0119 z ofert\u0105 studi\u00f3w stacjonarnych i niestacjonarnych! Rekrutacja na studia odbywa si\u0119 drog\u0105 internetow\u0105 przez system IRK2 (Internetowa Rejestracja Kandydat\u00f3w) Uniwersytetu \u015al\u0105skiego.<\/span><b><\/b><b><\/b><\/p>\n<p><span style=\"font-size: 12pt;\"><strong>Oferujemy nast\u0119puj\u0105ce kierunki:<\/strong><\/span><\/p>\n<p><span style=\"font-size: 12pt;\"><a href=\"https:\/\/us.edu.pl\/wydzial\/wtl\/kierunki\/teologia\/\"><strong>TEOLOGIA<\/strong><\/a> &#8211; studia jednolite magisterskie, prowadzone zar\u00f3wno w systemie stacjonarnym (dzienne), jak i niestacjonarnym (zaoczne). W ofercie proponowane s\u0105 do wyboru (po I roku studi\u00f3w) specjalno\u015bci: <strong>teologia nauczycielska<\/strong> i <strong>teologia og\u00f3lna<\/strong> (dawna teologia w kulturze).<br \/>\n<\/span><span style=\"font-size: 12pt;\">Dodatkowych informacji dotycz\u0105cych kierunku teologia udziela sekretarz Wydzia\u0142owej Komisji Rekrutacyjnej: <a href=\"mailto:lukasz.michon@us.edu.pl\">ks. dr \u0141ukasz Micho\u0144<\/a><br \/>\n<\/span><\/p>\n<p><a href=\"https:\/\/us.edu.pl\/wydzial\/wtl\/kierunki\/nauki-o-rodzinie\/\"><span style=\"font-size: 12pt;\"><strong>NAUKI O RODZINIE<\/strong><\/span><\/a><\/p>\n<ul>\n<li><span style=\"font-size: 12pt;\">STUDIA LICENCJACKIE &#8211; <strong>Poradnictwo ma\u0142\u017ce\u0144skie i rodzinne<\/strong> (studia I stopnia) &#8211; studia stacjonarne<\/span><\/li>\n<li><span style=\"font-size: 12pt;\">STUDIA LICENCJACKIE <strong>&#8211; Opiekun osoby starszej i osoby niepe\u0142nosprawnej<\/strong> (studia I stopnia) &#8211; studia stacjonarne<\/span><\/li>\n<li><span style=\"font-size: 12pt;\">STUDIA MAGISTERSKIE &#8211; <strong>Mediator i asystent rodziny<\/strong> (studia II stopnia) &#8211; studia stacjonarne\u00a0<\/span><\/li>\n<\/ul>\n<p><span style=\"font-size: 12pt;\">Dodatkowych informacji dotycz\u0105cych kierunku nauki o rodzinie udziela sekretarz Wydzia\u0142owej Komisji Rekrutacyjnej: <a href=\"mailto:weronika.juroszek@us.edu.pl\">dr Weronika Juroszek<\/a><\/span><\/p>\n<p><span style=\"font-size: 12pt;\">Zapraszamy tak\u017ce do skorzystania z naszej oferty <strong><a href=\"https:\/\/us.edu.pl\/wydzial\/wtl\/studia-podyplomowe\/\">studi\u00f3w podyplomowych<\/a><\/strong><\/span><\/p>\n<ul>\n<li>\n<p tabindex=\"0\"><a href=\"https:\/\/irk2.us.edu.pl\/pl\/offer\/POD-2024\/programme\/W7-NPOS24\/\"><span style=\"font-size: 12pt;\">Specjalista do spraw opieki senioralnej<\/span><\/a><\/p>\n<\/li>\n<li>\n<p tabindex=\"0\"><a href=\"https:\/\/irk2.us.edu.pl\/pl\/offer\/POD-2024\/programme\/W7-NPTD21\/\"><span style=\"font-size: 12pt;\">Studia Podyplomowe Teologii Duchowo\u015bci<\/span><\/a><\/p>\n<\/li>\n<\/ul>\n<p><span style=\"font-size: 12pt;\">Pe\u0142na informacja o naszej ofercie studi\u00f3w znajduje si\u0119 w <strong><a href=\"https:\/\/us.edu.pl\/wydzial\/wtl\/kandydat-wtl\/\">STREFIE KANDYDATA WTL<\/a><\/strong>.\u00a0<\/span><\/p>\n<p><span style=\"font-size: 12pt;\"><strong>ZAPRASZAMY!<\/strong><\/span><\/p>\n<\/div>\r\n                    <\/div>\r\n                <\/div>[\/vc_column][\/vc_row][vc_row][vc_column]\r\n                <div class=\"tiles-section\" style=\"background: \">\r\n                    <div class=\"container\">\r\n                        <h3 class=\"page-title\"><\/h3>\r\n                        <div class=\"tiles tiles-5\">\r\n                            <a href=\"https:\/\/us.edu.pl\/wydzial\/wtl\/kierunki\/\" class=\"tile tile_double justify-content-center\" style=\"background-color: #002E5A; font-weight: bold; color: #ffffff;  \">\r\n                                \r\n                                   \r\n                               \r\n                                <div class=\"tile__name\">Kierunki studi\u00f3w<\/div>\r\n                            <\/a>\r\n                            <a href=\"https:\/\/us.edu.pl\/wydzial\/wtl\/kandydat-wtl\/wirtualny-dzien-otwarty\/\" class=\"tile tile_ justify-content-center\" style=\"background-color: #002E5A; font-weight: bold; color: #ffffff;  \">\r\n                                \r\n                                   \r\n                               \r\n                                <div class=\"tile__name\">Wirtualny Dzie\u0144 Otwarty<\/div>\r\n                            <\/a>\r\n                            <a href=\"https:\/\/us.edu.pl\/wydzial\/wtl\/studia-30\/\" class=\"tile tile_ justify-content-center\" style=\"background-color: #002E5A; font-weight: bold; color: #ffffff;  \">\r\n                                \r\n                                   \r\n                               \r\n                                <div class=\"tile__name\">Studia 30+<\/div>\r\n                            <\/a>\r\n                            <a href=\"https:\/\/us.edu.pl\/wydzial\/wtl\/kandydat-wtl\/\" class=\"tile tile_ justify-content-center\" style=\"background-color: #002E5A; font-weight: bold; color: #ffffff;  \">\r\n                                \r\n                                   \r\n                               \r\n                                <div class=\"tile__name\">Pe\u0142na informacja dla kandydat\u00f3w<\/div>\r\n                            <\/a><\/div>\r\n                    <\/div>\r\n                <\/div>[\/vc_column][\/vc_row]<\/p>","protected":false},"excerpt":{"rendered":"<p>[vc_row][vc_column][\/vc_column][\/vc_row][vc_row][vc_column][\/vc_column][\/vc_row] [&#8230;]<\/p>\n<p><a class=\"btn btn-secondary understrap-read-more-link\" href=\"https:\/\/us.edu.pl\/wydzial\/wtl\/rekrutacja\/\">Read More&#8230;<\/a><\/p>\n","protected":false},"author":120,"featured_media":0,"parent":0,"menu_order":22,"comment_status":"closed","ping_status":"closed","template":"","meta":{"_expiration-date-status":"","_expiration-date":0,"_expiration-date-type":"","_expiration-date-categories":[],"_expiration-date-options":[]},"acf":[],"_links":{"self":[{"href":"https:\/\/us.edu.pl\/wydzial\/wtl\/wp-json\/wp\/v2\/pages\/1756"}],"collection":[{"href":"https:\/\/us.edu.pl\/wydzial\/wtl\/wp-json\/wp\/v2\/pages"}],"about":[{"href":"https:\/\/us.edu.pl\/wydzial\/wtl\/wp-json\/wp\/v2\/types\/page"}],"author":[{"embeddable":true,"href":"https:\/\/us.edu.pl\/wydzial\/wtl\/wp-json\/wp\/v2\/users\/120"}],"replies":[{"embeddable":true,"href":"https:\/\/us.edu.pl\/wydzial\/wtl\/wp-json\/wp\/v2\/comments?post=1756"}],"version-history":[{"count":11,"href":"https:\/\/us.edu.pl\/wydzial\/wtl\/wp-json\/wp\/v2\/pages\/1756\/revisions"}],"predecessor-version":[{"id":166154,"href":"https:\/\/us.edu.pl\/wydzial\/wtl\/wp-json\/wp\/v2\/pages\/1756\/revisions\/166154"}],"wp:attachment":[{"href":"https:\/\/us.edu.pl\/wydzial\/wtl\/wp-json\/wp\/v2\/media?parent=1756"}],"curies":[{"name":"wp","href":"https:\/\/api.w.org\/{rel}","templated":true}]}}