{"id":3174,"date":"2025-01-15T14:09:33","date_gmt":"2025-01-15T13:09:33","guid":{"rendered":"https:\/\/us.edu.pl\/instytut\/iib\/?page_id=3174"},"modified":"2025-08-06T12:31:04","modified_gmt":"2025-08-06T10:31:04","slug":"grupa-badawcza-diagnostyki-medycznej-i-molekularnej","status":"publish","type":"page","link":"https:\/\/us.edu.pl\/instytut\/iib\/grupa-badawcza-diagnostyki-medycznej-i-molekularnej\/","title":{"rendered":"Grupa badawcza diagnostyki medycznej i molekularnej"},"content":{"rendered":"<p>[vc_row][vc_column][vc_column_text css_animation=&#8221;slideInRight&#8221;]<\/p>\n<h2 style=\"text-align: center;\"><strong>Grupa badawcza diagnostyki medycznej i molekularnej<\/strong><\/h2>\n<p>[\/vc_column_text][\/vc_column][\/vc_row][vc_row][vc_column]<div class=\"container\"><div class=\"separator\" style=\"background-color: #002E5A\"><\/div><\/div>[vc_single_image image=&#8221;1920&#8243; img_size=&#8221;medium&#8221; alignment=&#8221;center&#8221; style=&#8221;vc_box_circle_2&#8243; css_animation=&#8221;fadeInLeft&#8221; title=&#8221;Kierownik grupy &#8211; dr hab. Andrzej Swinarew, prof. U\u015a, prof. AWF&#8221;]<div class=\"container\"><div class=\"separator\" style=\"background-color: #002E5A\"><\/div><\/div>[\/vc_column][\/vc_row][vc_row][vc_column]\r\n                <div class=\"text-modules\">\r\n                    <div class=\"container\">\r\n                        \r\n                        <div class=\"text-modules__content\"><\/p>\n<p class=\"Opisgrupybadawczej\"><strong>Opis grupy:<\/strong><\/p>\n<p class=\"Opisgrupybadawczej\">Grupa badawcza prowadzi interdyscyplinarne badania nad rozwojem innowacyjnych rozwi\u0105za\u0144 dla diagnostyki medycznej oraz zaawansowanych materia\u0142\u00f3w biomedycznych.<\/p>\n<p class=\"Opisgrupybadawczej\"><strong>Cel grupy:<\/strong><\/p>\n<p class=\"Opisgrupybadawczej\">Kluczowe kierunki dzia\u0142alno\u015bci obejmuj\u0105 opracowywanie nowatorskich system\u00f3w i metod do wczesnego wykrywania chor\u00f3b, w tym analiz\u0119 lotnych zwi\u0105zk\u00f3w organicznych (VOC) w wydychanym powietrzu jako biomarker\u00f3w schorze\u0144 uk\u0142adu oddechowego i nowotwor\u00f3w.<\/p>\n<p class=\"Opisgrupybadawczej\"><strong>Obszar dzia\u0142a\u0144:<\/strong><\/p>\n<p class=\"Opisgrupybadawczej\">Istotnym obszarem bada\u0144 jest r\u00f3wnie\u017c projektowanie i charakterystyka nowych biomateria\u0142\u00f3w, w tym materia\u0142\u00f3w polimerowych do zastosowa\u0144 w krytycznych urz\u0105dzeniach medycznych, takich jak systemy pozaustrojowego utlenowania krwi (ECMO), z naciskiem na ich biokompatybilno\u015b\u0107, trwa\u0142o\u015b\u0107 i funkcjonalno\u015b\u0107.<\/p>\n<p><strong>Wybrane publikacje:<\/strong><\/p>\n<ul style=\"list-style-type: square;\">\n<li>\n<div class=\"entity-row-heading-wrapper\"><span id=\"entity-row-title-428649388\"><em> Biomarkers of Calcification, Endothelial Injury, and Platelet-Endothelial Interaction in Patients with Aortic Valve Stenosis<\/em>, <\/span>Ba\u0144ka Pawe\u0142, M\u0119cka Klaudia, Berger-Kucza Adrianna, Swinarew Andrzej [i in.], International Journal of Molecular Sciences, 2025, vol. 26, nr 10, s.1-15, Numer artyku\u0142u:4873. <a href=\"http:\/\/dx.doi.org\/10.3390\/ijms26104873\" target=\"blank\" rel=\"noopener\">DOI:10.3390\/ijms26104873 <\/a><\/div>\n<\/li>\n<li>\n<div class=\"entity-row-heading-wrapper\"><em><span id=\"entity-row-title-269171325\"> Oxidation of the Alloy Based on the Intermetallic Phase FeAl in the Temperature Range of 700\u20131000 \u00b0C in Air and Possibilities of Practical Application<\/span><\/em><span id=\"entity-row-title-269171325\">, <\/span>Cebulski Janusz, Pasek Dorota, Soza\u0144ska Maria, Swinarew Andrzej [i in.], Materials, 2025, vol. 18, nr 8, s.1-14, Numer artyku\u0142u:1835. <a href=\"http:\/\/dx.doi.org\/10.3390\/ma18081835\" target=\"blank\" rel=\"noopener\"> DOI:10.3390\/ma18081835 <\/a><\/div>\n<\/li>\n<li>\n<div class=\"entity-row-heading-wrapper\"><em><span id=\"entity-row-title-370747661\"> Structure and Corrosion Resistance of Fe40Al5Cr0.2TiB Alloy After Casting and After Homogenization Annealing<\/span><\/em><span id=\"entity-row-title-370747661\">, <\/span>Cebulski Janusz, Pasek Dorota, Popczyk Magdalena El\u017cbieta, Swinarew Andrzej [i in.], Materials, 2025, vol. 18, nr 2, s.1-14, Numer artyku\u0142u:308. <a href=\"http:\/\/dx.doi.org\/10.3390\/ma18020308\" target=\"blank\" rel=\"noopener\">\u00a0DOI:10.3390\/ma18020308 <\/a><\/div>\n<\/li>\n<\/ul>\n<p>\n<\/div>\r\n                    <\/div>\r\n                <\/div>[\/vc_column][\/vc_row][vc_row][vc_column]<div class=\"container\"><div class=\"separator\" style=\"background-color: #002E5A\"><\/div><\/div>            \r\n                    <div class=\"container\">\r\n                        <div class=\"gallery gallery_3\" data-images-in-row=\"3\">\r\n                            \r\n                            <div class=\"row m-0\">\r\n                                <a data-fancybox-group=\"button\" title=\"Wyst\u0105pienie dra hab. A. Swinarewa, prof. U\u015a, AWF \/ fot. S. Stach\" data-fancybox=\"3515\" href=\"https:\/\/us.edu.pl\/instytut\/iib\/wp-content\/uploads\/sites\/41\/2025\/05\/5-1.jpg\" class=\"gallery__item thumbnail\"\r\n                                    style=\"background-image: url(https:\/\/us.edu.pl\/instytut\/iib\/wp-content\/uploads\/sites\/41\/2025\/05\/5-1-1024x768.jpg)\"> <span class=\"d-none\">https:\/\/us.edu.pl\/instytut\/iib\/wp-content\/uploads\/sites\/41\/2025\/05\/5-1.jpg<\/span> <\/a><a data-fancybox-group=\"button\" title=\"Wyst\u0105pienie mgr in\u017c. N. Brzezi\u0144skiej \/ fot. S. Stach\" data-fancybox=\"3515\" href=\"https:\/\/us.edu.pl\/instytut\/iib\/wp-content\/uploads\/sites\/41\/2025\/05\/20.jpg\" class=\"gallery__item thumbnail\"\r\n                                    style=\"background-image: url(https:\/\/us.edu.pl\/instytut\/iib\/wp-content\/uploads\/sites\/41\/2025\/05\/20-1024x768.jpg)\"> <span class=\"d-none\">https:\/\/us.edu.pl\/instytut\/iib\/wp-content\/uploads\/sites\/41\/2025\/05\/20.jpg<\/span> <\/a><a data-fancybox-group=\"button\" title=\"Fot. A. Swinarew\" data-fancybox=\"3515\" href=\"https:\/\/us.edu.pl\/instytut\/iib\/wp-content\/uploads\/sites\/41\/2024\/12\/3-1.jpg\" class=\"gallery__item thumbnail\"\r\n                                    style=\"background-image: url(https:\/\/us.edu.pl\/instytut\/iib\/wp-content\/uploads\/sites\/41\/2024\/12\/3-1-1024x566.jpg)\"> <span class=\"d-none\">https:\/\/us.edu.pl\/instytut\/iib\/wp-content\/uploads\/sites\/41\/2024\/12\/3-1.jpg<\/span> <\/a>\r\n                            <\/div>\r\n                    <\/div>\r\n                <\/div>[\/vc_column][\/vc_row][vc_row][vc_column][vc_column_text]<\/p>","protected":false},"excerpt":{"rendered":"<p>[vc_row][vc_column][vc_column_text css_animation=&#8221;slideInRight&#8221;] Grupa badawcza diagnostyki medycznej i molekularnej [\/vc_column_text][\/vc_column][\/vc_row][vc_row][vc_column][vc_single_image image=&#8221;1920&#8243; img_size=&#8221;medium&#8221; alignment=&#8221;center&#8221; style=&#8221;vc_box_circle_2&#8243; css_animation=&#8221;fadeInLeft&#8221; title=&#8221;Kierownik grupy &#8211; dr hab. Andrzej Swinarew, prof. U\u015a, prof. AWF&#8221;][\/vc_column][\/vc_row][vc_row][vc_column][\/vc_column][\/vc_row][vc_row][vc_column][\/vc_column][\/vc_row][vc_row][vc_column][vc_column_text] [&#8230;]<\/p>\n<p><a class=\"btn btn-secondary understrap-read-more-link\" href=\"https:\/\/us.edu.pl\/instytut\/iib\/grupa-badawcza-diagnostyki-medycznej-i-molekularnej\/\">Read More&#8230;<\/a><\/p>\n","protected":false},"author":128,"featured_media":0,"parent":0,"menu_order":0,"comment_status":"closed","ping_status":"closed","template":"","meta":{"_expiration-date-status":"","_expiration-date":0,"_expiration-date-type":"","_expiration-date-categories":[],"_expiration-date-options":[]},"acf":[],"_links":{"self":[{"href":"https:\/\/us.edu.pl\/instytut\/iib\/wp-json\/wp\/v2\/pages\/3174"}],"collection":[{"href":"https:\/\/us.edu.pl\/instytut\/iib\/wp-json\/wp\/v2\/pages"}],"about":[{"href":"https:\/\/us.edu.pl\/instytut\/iib\/wp-json\/wp\/v2\/types\/page"}],"author":[{"embeddable":true,"href":"https:\/\/us.edu.pl\/instytut\/iib\/wp-json\/wp\/v2\/users\/128"}],"replies":[{"embeddable":true,"href":"https:\/\/us.edu.pl\/instytut\/iib\/wp-json\/wp\/v2\/comments?post=3174"}],"version-history":[{"count":10,"href":"https:\/\/us.edu.pl\/instytut\/iib\/wp-json\/wp\/v2\/pages\/3174\/revisions"}],"predecessor-version":[{"id":4312,"href":"https:\/\/us.edu.pl\/instytut\/iib\/wp-json\/wp\/v2\/pages\/3174\/revisions\/4312"}],"wp:attachment":[{"href":"https:\/\/us.edu.pl\/instytut\/iib\/wp-json\/wp\/v2\/media?parent=3174"}],"curies":[{"name":"wp","href":"https:\/\/api.w.org\/{rel}","templated":true}]}}