{"id":3224,"date":"2025-01-16T12:48:50","date_gmt":"2025-01-16T11:48:50","guid":{"rendered":"https:\/\/us.edu.pl\/instytut\/iib\/?page_id=3224"},"modified":"2025-08-06T12:36:44","modified_gmt":"2025-08-06T10:36:44","slug":"grupa-badawcza-zastosowan-sztucznej-inteligencji-i-przetwarzania-biosygnalow","status":"publish","type":"page","link":"https:\/\/us.edu.pl\/instytut\/iib\/grupa-badawcza-zastosowan-sztucznej-inteligencji-i-przetwarzania-biosygnalow\/","title":{"rendered":"Grupa badawcza zastosowa\u0144 sztucznej inteligencji i przetwarzania biosygna\u0142\u00f3w"},"content":{"rendered":"<p>[vc_row][vc_column][vc_column_text css_animation=&#8221;slideInRight&#8221;]<\/p>\n<h2 style=\"text-align: center;\"><strong>Grupa badawcza zastosowa\u0144 sztucznej inteligencji i przetwarzania biosygna\u0142\u00f3w<\/strong><\/h2>\n<p>[\/vc_column_text][\/vc_column][\/vc_row][vc_row][vc_column]<div class=\"container\"><div class=\"separator\" style=\"background-color: #002E5A\"><\/div><\/div>[vc_single_image image=&#8221;1425&#8243; img_size=&#8221;medium&#8221; alignment=&#8221;center&#8221; style=&#8221;vc_box_circle_2&#8243; css_animation=&#8221;fadeInLeft&#8221; title=&#8221;Kierownik grupy &#8211; dr hab. in\u017c. Micha\u0142 Mierzwa, prof. U\u015a&#8221;]<div class=\"container\"><div class=\"separator\" style=\"background-color: #002E5A\"><\/div><\/div>[\/vc_column][\/vc_row][vc_row][vc_column]\r\n                <div class=\"text-modules\">\r\n                    <div class=\"container\">\r\n                        \r\n                        <div class=\"text-modules__content\"><\/p>\n<p class=\"Opisgrupybadawczej\"><strong>Opis grupy:<\/strong><\/p>\n<p class=\"Opisgrupybadawczej\">Dzia\u0142alno\u015b\u0107 grupy koncentruje si\u0119 na dw\u00f3ch kluczowych obszarach: wykorzystaniu zaawansowanego oprogramowania in\u017cynierskiego (CAD, FEM) we wspomaganiu procedur medycznych, zw\u0142aszcza w ortopedii, oraz na aplikacji algorytm\u00f3w sztucznej inteligencji (SI) i uczenia maszynowego w analizie sygna\u0142\u00f3w biomedycznych.<\/p>\n<p class=\"Opisgrupybadawczej\"><strong>Cel grupy i obszar dzia\u0142a\u0144:<\/strong><\/p>\n<p class=\"Opisgrupybadawczej\">W pierwszym obszarze prowadzone s\u0105 prace nad projektowaniem indywidualizowanych narz\u0119dzi chirurgicznych i przymiar\u00f3w oraz modelowaniem i wizualizacj\u0105 zabieg\u00f3w. Drugi nurt obejmuje rozw\u00f3j metod inteligentnej analizy biosygna\u0142\u00f3w oraz projektowanie innowacyjnej aparatury biomedycznej opartej na systemach wbudowanych i technologiach Internetu Rzeczy (IoT).<\/p>\n<p><strong>Wybrane publikacje:<\/strong><\/p>\n<ul style=\"list-style-type: square;\">\n<li>\n<div class=\"entity-row-heading-wrapper\"><span id=\"entity-row-title-1014394095\"><em> Oprogramowanie in\u017cynierskie w zastosowaniach medycznych<\/em>, <\/span>Mierzwa Micha\u0142, Tomaszewski Ryszard Bogdan, Gap Artur, In\u017cynier i Fizyk Medyczny, 2025, vol. 14, nr 3, s.231<\/div>\n<\/li>\n<\/ul>\n<p>\n<\/div>\r\n                    <\/div>\r\n                <\/div><div class=\"container\"><div class=\"separator\" style=\"background-color: #002E5A\"><\/div><\/div>[\/vc_column][\/vc_row][vc_row][vc_column]            \r\n                    <div class=\"container\">\r\n                        <div class=\"gallery gallery_2\" data-images-in-row=\"2\">\r\n                            \r\n                            <div class=\"row m-0\">\r\n                                <a data-fancybox-group=\"button\" title=\"Wyst\u0105pienie dra hab. M. Mierzwy, prof. U\u015a na 21. \u015al\u0105skim Seminarium Fizyki Medycznej \/ fot. T. Kasprzyk-Kucewicz\" data-fancybox=\"982\" href=\"https:\/\/us.edu.pl\/instytut\/iib\/wp-content\/uploads\/sites\/41\/2025\/05\/208A6538.jpg\" class=\"gallery__item thumbnail\"\r\n                                    style=\"background-image: url(https:\/\/us.edu.pl\/instytut\/iib\/wp-content\/uploads\/sites\/41\/2025\/05\/208A6538-1024x683.jpg)\"> <span class=\"d-none\">https:\/\/us.edu.pl\/instytut\/iib\/wp-content\/uploads\/sites\/41\/2025\/05\/208A6538.jpg<\/span> <\/a><a data-fancybox-group=\"button\" title=\"Wyst\u0105pienie mgra in\u017c. M. Auera na 21. \u015al\u0105skim Seminarium Fizyki Medycznej \/ fot. S. Stach\" data-fancybox=\"982\" href=\"https:\/\/us.edu.pl\/instytut\/iib\/wp-content\/uploads\/sites\/41\/2025\/05\/16.jpg\" class=\"gallery__item thumbnail\"\r\n                                    style=\"background-image: url(https:\/\/us.edu.pl\/instytut\/iib\/wp-content\/uploads\/sites\/41\/2025\/05\/16-1024x768.jpg)\"> <span class=\"d-none\">https:\/\/us.edu.pl\/instytut\/iib\/wp-content\/uploads\/sites\/41\/2025\/05\/16.jpg<\/span> <\/a>\r\n                            <\/div>\r\n                    <\/div>\r\n                <\/div>[\/vc_column][\/vc_row][vc_row][vc_column][vc_column_text][\/vc_column_text][\/vc_column][\/vc_row][vc_row][vc_column][vc_column_text][\/vc_column_text][\/vc_column][\/vc_row][vc_row][vc_column][vc_column_text]<\/p>","protected":false},"excerpt":{"rendered":"<p>[vc_row][vc_column][vc_column_text css_animation=&#8221;slideInRight&#8221;] Grupa badawcza zastosowa\u0144 sztucznej inteligencji i przetwarzania biosygna\u0142\u00f3w [\/vc_column_text][\/vc_column][\/vc_row][vc_row][vc_column][vc_single_image image=&#8221;1425&#8243; img_size=&#8221;medium&#8221; alignment=&#8221;center&#8221; style=&#8221;vc_box_circle_2&#8243; css_animation=&#8221;fadeInLeft&#8221; title=&#8221;Kierownik grupy &#8211; dr hab. in\u017c. Micha\u0142 Mierzwa, prof. U\u015a&#8221;][\/vc_column][\/vc_row][vc_row][vc_column][\/vc_column][\/vc_row][vc_row][vc_column][\/vc_column][\/vc_row][vc_row][vc_column][vc_column_text][\/vc_column_text][\/vc_column][\/vc_row][vc_row][vc_column][vc_column_text][\/vc_column_text][\/vc_column][\/vc_row][vc_row][vc_column][vc_column_text] [&#8230;]<\/p>\n<p><a class=\"btn btn-secondary understrap-read-more-link\" href=\"https:\/\/us.edu.pl\/instytut\/iib\/grupa-badawcza-zastosowan-sztucznej-inteligencji-i-przetwarzania-biosygnalow\/\">Read More&#8230;<\/a><\/p>\n","protected":false},"author":128,"featured_media":0,"parent":0,"menu_order":0,"comment_status":"closed","ping_status":"closed","template":"","meta":{"_expiration-date-status":"","_expiration-date":0,"_expiration-date-type":"","_expiration-date-categories":[],"_expiration-date-options":[]},"acf":[],"_links":{"self":[{"href":"https:\/\/us.edu.pl\/instytut\/iib\/wp-json\/wp\/v2\/pages\/3224"}],"collection":[{"href":"https:\/\/us.edu.pl\/instytut\/iib\/wp-json\/wp\/v2\/pages"}],"about":[{"href":"https:\/\/us.edu.pl\/instytut\/iib\/wp-json\/wp\/v2\/types\/page"}],"author":[{"embeddable":true,"href":"https:\/\/us.edu.pl\/instytut\/iib\/wp-json\/wp\/v2\/users\/128"}],"replies":[{"embeddable":true,"href":"https:\/\/us.edu.pl\/instytut\/iib\/wp-json\/wp\/v2\/comments?post=3224"}],"version-history":[{"count":8,"href":"https:\/\/us.edu.pl\/instytut\/iib\/wp-json\/wp\/v2\/pages\/3224\/revisions"}],"predecessor-version":[{"id":4334,"href":"https:\/\/us.edu.pl\/instytut\/iib\/wp-json\/wp\/v2\/pages\/3224\/revisions\/4334"}],"wp:attachment":[{"href":"https:\/\/us.edu.pl\/instytut\/iib\/wp-json\/wp\/v2\/media?parent=3224"}],"curies":[{"name":"wp","href":"https:\/\/api.w.org\/{rel}","templated":true}]}}