{"id":3232,"date":"2025-01-16T13:16:51","date_gmt":"2025-01-16T12:16:51","guid":{"rendered":"https:\/\/us.edu.pl\/instytut\/iib\/?page_id=3232"},"modified":"2025-11-25T13:29:30","modified_gmt":"2025-11-25T12:29:30","slug":"grupa-badawcza-medycyny-sportu","status":"publish","type":"page","link":"https:\/\/us.edu.pl\/instytut\/iib\/grupa-badawcza-medycyny-sportu\/","title":{"rendered":"Grupa badawcza medycyny sportu"},"content":{"rendered":"<p>[vc_row][vc_column][vc_column_text css_animation=&#8221;slideInRight&#8221;]<\/p>\n<h2 style=\"text-align: center;\"><strong>Grupa badawcza medycyny sportu<\/strong><\/h2>\n<p>[\/vc_column_text][\/vc_column][\/vc_row][vc_row][vc_column]<div class=\"container\"><div class=\"separator\" style=\"background-color: #002E5A\"><\/div><\/div>[vc_single_image image=&#8221;4338&#8243; img_size=&#8221;medium&#8221; alignment=&#8221;center&#8221; style=&#8221;vc_box_circle_2&#8243; css_animation=&#8221;fadeInLeft&#8221; title=&#8221;Kierownik grupy &#8211; dr in\u017c. Teresa Kasprzyk-Kucewicz, prof. U\u015a&#8221;]<div class=\"container\"><div class=\"separator\" style=\"background-color: #002E5A\"><\/div><\/div>[\/vc_column][\/vc_row][vc_row][vc_column]\r\n                <div class=\"text-modules\">\r\n                    <div class=\"container\">\r\n                        \r\n                        <div class=\"text-modules__content\"><\/p>\n<p class=\"Opisgrupybadawczej\"><strong>Opis grupy:<\/strong><\/p>\n<p class=\"Opisgrupybadawczej\">Grupa badawcza koncentruje si\u0119 na wykorzystaniu zaawansowanych metod fizycznych, w tym g\u0142\u00f3wnie termografii w podczerwieni, do optymalizacji treningu sportowego, oceny wydolno\u015bci sportowc\u00f3w oraz prewencji uraz\u00f3w i zjawiska przetrenowania.<\/p>\n<p class=\"Opisgrupybadawczej\"><strong>Cel grupy:<\/strong><\/p>\n<p class=\"Opisgrupybadawczej\">Badania obejmuj\u0105 analiz\u0119 parametr\u00f3w termicznych w korelacji ze wska\u017anikami fizjologicznymi i sygna\u0142ami biomedycznymi (np. EMG, SmO2, t\u0119tno).<\/p>\n<p class=\"Opisgrupybadawczej\"><strong>Obszar dzia\u0142alno\u015bci:<\/strong><\/p>\n<p class=\"Opisgrupybadawczej\">G\u0142\u00f3wne kierunki prac to weryfikacja przydatno\u015bci obrazowania termicznego w ocenie wydolno\u015bci i sprawno\u015bci, ocena mechanizm\u00f3w adaptacyjnych w kontek\u015bcie poziomu wytrenowania, analiza symetrii termicznej cia\u0142a sportowc\u00f3w oraz ocena mechanizm\u00f3w regeneracji przy wykorzystaniu r\u00f3\u017cnych metod fizykalnych.<\/p>\n<p><strong>Wybrane publikacje:<\/strong><\/p>\n<ul style=\"list-style-type: square;\">\n<li>\n<div class=\"entity-row-heading-wrapper\">\n<p><em>Thermal evaluation of TECAR used in the treatment of active myofascial trigger point, <\/em>Pi\u0119tka, T., Duch, K. S., Siero\u0144, K., Kie\u0142bo\u0144, A. K., &amp; Kasprzyk-Kucewicz, T. D. (2025). Polish Journal of Medical Physics and Engineering, 31, Article 3. <a href=\"https:\/\/doi.org\/10.2478\/pjmpe-2025-0027\">https:\/\/doi.org\/10.2478\/pjmpe-2025-0027<\/a><\/p>\n<\/div>\n<\/li>\n<li>\n<div class=\"entity-row-heading-wrapper\">\n<p><em>Thermovision as a Tool for Athletes to Verify the Symmetry of Work of Individual Muscle Segments, <\/em>Szurko, A. M., Kasprzyk-Kucewicz, T. D., Cholewka, A. J., Kazior, M., Siero\u0144, K., Stanek, A., &amp; Morawiec, T. (2022). International Journal of Environmental Research and Public Health, 19, Article 14. <a href=\"https:\/\/doi.org\/10.3390\/ijerph19148490\">https:\/\/doi.org\/10.3390\/ijerph19148490<\/a><\/p>\n<p id=\"entitiesT:11:j_id_22_1_1_8_7_3_a_2_9o_1\" class=\"entity-row-title\">\n<\/div>\n<\/li>\n<\/ul>\n<p>\n<\/div>\r\n                    <\/div>\r\n                <\/div>[\/vc_column][\/vc_row][vc_row][vc_column]<div class=\"container\"><div class=\"separator\" style=\"background-color: #002E5A\"><\/div><\/div>            \r\n                    <div class=\"container\">\r\n                        <div class=\"gallery gallery_3\" data-images-in-row=\"3\">\r\n                            \r\n                            <div class=\"row m-0\">\r\n                                <a data-fancybox-group=\"button\" title=\"Prof. dr hab. A. Cholewka i dr in\u017c. T. Kasprzyk-Kucewicz \/ Fot. R. Skorek\" data-fancybox=\"9329\" href=\"https:\/\/us.edu.pl\/instytut\/iib\/wp-content\/uploads\/sites\/41\/2025\/03\/DSC_8612-scaled.jpg\" class=\"gallery__item thumbnail\"\r\n                                    style=\"background-image: url(https:\/\/us.edu.pl\/instytut\/iib\/wp-content\/uploads\/sites\/41\/2025\/03\/DSC_8612-1024x683.jpg)\"> <span class=\"d-none\">https:\/\/us.edu.pl\/instytut\/iib\/wp-content\/uploads\/sites\/41\/2025\/03\/DSC_8612-scaled.jpg<\/span> <\/a><a data-fancybox-group=\"button\" title=\"Dr in\u017c. T. Kasprzyk-Kucewicz - wyst\u0105pienie\" data-fancybox=\"9329\" href=\"https:\/\/us.edu.pl\/instytut\/iib\/wp-content\/uploads\/sites\/41\/2025\/05\/494907911_1263067199157436_3023946450328565424_n.jpg\" class=\"gallery__item thumbnail\"\r\n                                    style=\"background-image: url(https:\/\/us.edu.pl\/instytut\/iib\/wp-content\/uploads\/sites\/41\/2025\/05\/494907911_1263067199157436_3023946450328565424_n.jpg)\"> <span class=\"d-none\">https:\/\/us.edu.pl\/instytut\/iib\/wp-content\/uploads\/sites\/41\/2025\/05\/494907911_1263067199157436_3023946450328565424_n.jpg<\/span> <\/a><a data-fancybox-group=\"button\" title=\"Dr in\u017c.  T. Kasprzyk-Kucewicz, prof. U\u015a - wyk\u0142ad w ramach Jesiennej Szko\u0142y Fizyki Medycznej z 2025 roku \" data-fancybox=\"9329\" href=\"https:\/\/us.edu.pl\/instytut\/iib\/wp-content\/uploads\/sites\/41\/2025\/11\/caeafc8c-e3a5-4ffa-a4d3-7d1a571a0f8b.jpeg\" class=\"gallery__item thumbnail\"\r\n                                    style=\"background-image: url(https:\/\/us.edu.pl\/instytut\/iib\/wp-content\/uploads\/sites\/41\/2025\/11\/caeafc8c-e3a5-4ffa-a4d3-7d1a571a0f8b-768x1024.jpeg)\"> <span class=\"d-none\">https:\/\/us.edu.pl\/instytut\/iib\/wp-content\/uploads\/sites\/41\/2025\/11\/caeafc8c-e3a5-4ffa-a4d3-7d1a571a0f8b.jpeg<\/span> <\/a>\r\n                            <\/div>\r\n                    <\/div>\r\n                <\/div>[\/vc_column][\/vc_row][vc_row][vc_column][vc_column_text]<\/p>","protected":false},"excerpt":{"rendered":"<p>[vc_row][vc_column][vc_column_text css_animation=&#8221;slideInRight&#8221;] Grupa badawcza medycyny sportu [\/vc_column_text][\/vc_column][\/vc_row][vc_row][vc_column][vc_single_image image=&#8221;4338&#8243; img_size=&#8221;medium&#8221; alignment=&#8221;center&#8221; style=&#8221;vc_box_circle_2&#8243; css_animation=&#8221;fadeInLeft&#8221; title=&#8221;Kierownik grupy &#8211; dr in\u017c. Teresa Kasprzyk-Kucewicz, prof. U\u015a&#8221;][\/vc_column][\/vc_row][vc_row][vc_column][\/vc_column][\/vc_row][vc_row][vc_column][\/vc_column][\/vc_row][vc_row][vc_column][vc_column_text] [&#8230;]<\/p>\n<p><a class=\"btn btn-secondary understrap-read-more-link\" href=\"https:\/\/us.edu.pl\/instytut\/iib\/grupa-badawcza-medycyny-sportu\/\">Read More&#8230;<\/a><\/p>\n","protected":false},"author":128,"featured_media":0,"parent":0,"menu_order":0,"comment_status":"closed","ping_status":"closed","template":"","meta":{"_expiration-date-status":"","_expiration-date":0,"_expiration-date-type":"","_expiration-date-categories":[],"_expiration-date-options":[]},"acf":[],"_links":{"self":[{"href":"https:\/\/us.edu.pl\/instytut\/iib\/wp-json\/wp\/v2\/pages\/3232"}],"collection":[{"href":"https:\/\/us.edu.pl\/instytut\/iib\/wp-json\/wp\/v2\/pages"}],"about":[{"href":"https:\/\/us.edu.pl\/instytut\/iib\/wp-json\/wp\/v2\/types\/page"}],"author":[{"embeddable":true,"href":"https:\/\/us.edu.pl\/instytut\/iib\/wp-json\/wp\/v2\/users\/128"}],"replies":[{"embeddable":true,"href":"https:\/\/us.edu.pl\/instytut\/iib\/wp-json\/wp\/v2\/comments?post=3232"}],"version-history":[{"count":10,"href":"https:\/\/us.edu.pl\/instytut\/iib\/wp-json\/wp\/v2\/pages\/3232\/revisions"}],"predecessor-version":[{"id":4342,"href":"https:\/\/us.edu.pl\/instytut\/iib\/wp-json\/wp\/v2\/pages\/3232\/revisions\/4342"}],"wp:attachment":[{"href":"https:\/\/us.edu.pl\/instytut\/iib\/wp-json\/wp\/v2\/media?parent=3232"}],"curies":[{"name":"wp","href":"https:\/\/api.w.org\/{rel}","templated":true}]}}