{"id":1270,"date":"2020-07-03T11:17:38","date_gmt":"2020-07-03T09:17:38","guid":{"rendered":"https:\/\/us.edu.pl\/instytut\/ij\/?page_id=1270"},"modified":"2020-07-03T20:08:51","modified_gmt":"2020-07-03T18:08:51","slug":"2018-2","status":"publish","type":"page","link":"https:\/\/us.edu.pl\/instytut\/ij\/konferencje-2\/2018-2\/","title":{"rendered":"2018"},"content":{"rendered":"<p>[vc_row][vc_column]\r\n                <div class=\"text-modules\">\r\n                    <div class=\"container\">\r\n                        \r\n                        <div class=\"text-modules__content\"><\/p>\n<h3><strong><em>Autopromocja, autoprezentacja, wizerunek w komunikowaniu masowym. B\u0142\u0105d, kryzys, skandal<\/em><\/strong><\/h3>\n<p><em>data<\/em>: 14-15.03.2018<\/p>\n<p><em>miejsce<\/em>: Katowice<\/p>\n<p><em>organizator<\/em>: dr Ewa Bi\u0142as-Pleszak, dr Aleksandra Kalisz, dr Ewelina Tyc, mgr Marta Dargiewicz<\/p>\n<p><em>zakres problemowy<\/em>:\u00a0Cztery wcze\u015bniejsze konferencje by\u0142y po\u015bwi\u0119cone teoretycznym i praktycznym aspektom autopromocji, autoprezentacji oraz kszta\u0142towania wizerunku. Uczestnicy przedstawiali zar\u00f3wno synchroniczne, jak i diachroniczne uj\u0119cie tematu, egzemplifikacji swoich tez szukaj\u0105c w r\u00f3\u017cnym materiale badawczym \u2013 od j\u0119zyka naturalnego po media masowe. Podczas pi\u0105tej konferencji, kt\u00f3ra b\u0119dzie wzbogacona o cz\u0119\u015b\u0107 warsztatow\u0105,\u00a0organizatorzy chc\u0105, pozostaj\u0105c zasadniczo na gruncie poprzednich rozwa\u017ca\u0144, wzbogaci\u0107 refleksj\u0119 badawcz\u0105 o tematy zwi\u0105zane z b\u0142\u0119dem, kryzysem i skandalem w komunikowaniu masowym. W zwi\u0105zku z tym proponuj\u0105 kilka bardziej szczeg\u00f3\u0142owo sformu\u0142owanych temat\u00f3w, licz\u0105c na ich interdyscyplinarny ogl\u0105d.<\/p>\n<\/div>\r\n                    <\/div>\r\n                <\/div>[\/vc_column][\/vc_row][vc_row][vc_column]\r\n                <div class=\"text-modules\">\r\n                    <div class=\"container\">\r\n                        \r\n                        <div class=\"text-modules__content\"><\/p>\n<h3><strong><em>Bogactwo polszczyzny w \u015bwietle jej historii 8<\/em><\/strong><\/h3>\n<p><em>data<\/em>: 7.11.2018<\/p>\n<p><em>miejsce<\/em>: Katowice<\/p>\n<p><em>organizator<\/em>: dr Wioletta Wilczek, Sekcja Historycznoj\u0119zykowa Studenckiego Naukowego Ko\u0142a J\u0119zykoznawc\u00f3w<\/p>\n<p><em>zakres problemowy<\/em>:\u00a0Podczas planowanej aktualnie konferencji\u00a0<em>organizator<\/em>zy chc\u0105 zaprosi\u0107 do naukowych rozm\u00f3w o historii j\u0119zyka polskiego student\u00f3w, doktorant\u00f3w i m\u0142odych doktor\u00f3w (do 35 roku \u017cycia) z innych o\u015brodk\u00f3w akademickich Polski, by m\u00f3c w konferencyjnej dyskusji wsp\u00f3lnie wypracowywa\u0107 stanowiska poznawcze w zakresie nast\u0119puj\u0105cych obszar\u00f3w badawczych:<br \/>\n1. historia polskiej leksyki (przeobra\u017cenia semantyczne wybranych jednostek leksykalnych oraz zmiany w badanych polach wyrazowych),<br \/>\n2. historycznie zmienna konceptualizacja poj\u0119\u0107 i zjawisk,<br \/>\n3. genologiczny wymiar dawnej komunikacji<br \/>\n4. systemowe i komunikacyjne przeobra\u017cenia polszczyzny dawnej i wsp\u00f3\u0142czesnej w uj\u0119ciu diachronicznym,<br \/>\n5. historia j\u0119zyka w dydaktyce szkolnej i akademickiej.<\/p>\n<\/div>\r\n                    <\/div>\r\n                <\/div>[\/vc_column][\/vc_row][vc_row][vc_column]\r\n                <div class=\"text-modules\">\r\n                    <div class=\"container\">\r\n                        \r\n                        <div class=\"text-modules__content\"><\/p>\n<h3><em><strong>Coloquio Internacional de la SEDLL<\/strong><\/em><\/h3>\n<p><strong>Data:<\/strong>\u00a025-28.03.2018<\/p>\n<p><strong>Miejsce:<\/strong>\u00a0Krak\u00f3w<\/p>\n<p><strong>Organizator:<\/strong>\u00a0Uniwersytet \u015al\u0105ski, Sociedad Espa\u00f1ola de Did\u00e1ctica de la Lengua y la Literatura (Europejskie Stowarzyszenie Dydaktyki J\u0119zyka i Literatury), Instytut Cervantesa, Uniwersytet \u0141\u00f3dzki i Uniwersytet Jagiello\u0144ski<\/p>\n<p><strong>Zakres problemowy:<\/strong>\u00a0tematyka z zakresu dydaktyki j\u0119zyka i literatury, ze szczeg\u00f3lnym uwzgl\u0119dnieniem nauczania j\u0119zyk\u00f3w obcych. W obradach wzi\u0119\u0142o udzia\u0142 oko\u0142o stu naukowc\u00f3w, g\u0142\u00f3wnie z Hiszpanii, ale tak\u017ce z Francji, Portugalii, Stan\u00f3w Zjednoczonych, W\u0142och, Polski czy z Kr\u00f3lestwa Bahrajnu. Wyg\u0142oszono ponad 60 referat\u00f3w, a wyk\u0142ady plenarne poprowadzili wybitni przedstawiciele polskiej hispanistyki.<\/p>\n<p><strong>Informacje organizacyjne:\u00a0<\/strong>z ramienia U\u015a organizacj\u0105 zajmowa\u0142y si\u0119\u00a0 dr Cecylia Tatoj (Przewodnicz\u0105ca Komitetu Organizacyjnego) oraz mgr Zuzanna Lam\u017ca .<\/p>\n<p><strong>Strona internetowa:\u00a0<\/strong><a href=\"http:\/\/www.sedll.us.edu.pl\/\">www.sedll.us.edu.pl<\/a><\/p>\n<\/div>\r\n                    <\/div>\r\n                <\/div>[\/vc_column][\/vc_row][vc_row][vc_column]\r\n                <div class=\"text-modules\">\r\n                    <div class=\"container\">\r\n                        \r\n                        <div class=\"text-modules__content\"><\/p>\n<h3><strong><em>Cyfrowe \u015bwiaty, wsp\u00f3lnoty, dyskursy<\/em><\/strong><\/h3>\n<p><em>data<\/em>: 15.11.2018<\/p>\n<p><em>miejsce<\/em>: Katowice<\/p>\n<p><em>organizator<\/em>: dr Katarzyna Sujkowska-Sobisz, dr Bernadetta Ciesek, dr Beata Duda<\/p>\n<p><em>zakres problemowy<\/em>: Konferencja pt.\u00a0<em>Cyfrowe \u015bwiaty, wsp\u00f3lnoty i dyskursy<\/em>\u00a0jest pierwsz\u0105 z cyklu konferencji po\u015bwi\u0119conych humanistyce cyfrowej (<em>digital humanities, DH<\/em>). Wydarzenie naukowe skierowane jest do szerokiego grona odbiorc\u00f3w \u2013 teoretyk\u00f3w uprawiaj\u0105cych r\u00f3\u017cne dyscypliny naukowe i do praktyk\u00f3w. Zagadnienia konferencji dotyczy\u0107 b\u0119d\u0105 specyfiki \u015bwiata cyfrowego i jego narz\u0119dzi, a tak\u017ce metod badania rzeczywisto\u015bci wirtualnej. Przedmiotem zainteresowania zamierzamy uczyni\u0107 r\u00f3wnie\u017c dyskursy konstytuuj\u0105ce cyfrowe \u015bwiaty, a tak\u017ce przyjrze\u0107 si\u0119 kszta\u0142towaniu relacji mi\u0119dzypodmiotowych w cyberprzestrzeni. W ramach aspektu praktycznego konferencji przewidziano wyst\u0105pienia specjalist\u00f3w zajmuj\u0105cych si\u0119 komunikacj\u0105 w Sieci, przestrzeni\u0105 wirtualn\u0105 i wsp\u00f3\u0142tworz\u0105cymi j\u0105 narz\u0119dziami cyfrowymi.<\/p>\n<\/div>\r\n                    <\/div>\r\n                <\/div>[\/vc_column][\/vc_row][vc_row][vc_column]\r\n                <div class=\"text-modules\">\r\n                    <div class=\"container\">\r\n                        \r\n                        <div class=\"text-modules__content\"><\/p>\n<h3><em><strong>II Jornadas Internacionales de Formaci\u00f3n de Profesores de espa\u00f1ol en Polonia<\/strong><\/em><\/h3>\n<p><strong>Data:<\/strong>\u00a016-17.03.2018<\/p>\n<p><strong>Miejsce:<\/strong>\u00a0Krak\u00f3w<\/p>\n<p><strong>Organizator:<\/strong>\u00a0Instytut Cervantesa w Krakowie, Uniwersytet Jagiello\u0144ski i Uniwersytet \u015al\u0105ski<\/p>\n<p><strong>Zakres problemowy:<\/strong><em>\u00a0\u00a0<\/em>szerokie spektrum temat\u00f3w dotycz\u0105cych nauczania j\u0119zyka hiszpa\u0144skiego zar\u00f3wno w szkole podstawowej, jak i \u015bredniej, a tak\u017ce w szko\u0142ach wy\u017cszych. Konferencja by\u0142a\u00a0 otwarta dla szerokiej spo\u0142eczno\u015bci akademickiej i zawiera\u0142a panel praktyczny, w formie warsztat\u00f3w, skierowanych do student\u00f3w opcji pedagogicznej filologii hiszpa\u0144skiej oraz nauczycieli j\u0119zyka hiszpa\u0144skiego.<\/p>\n<p><strong>Informacje organizacyjne:\u00a0<\/strong>z ramienia U\u015a dr Cecylia Tatoj.<\/p>\n<\/div>\r\n                    <\/div>\r\n                <\/div>[\/vc_column][\/vc_row][vc_row][vc_column]\r\n                <div class=\"text-modules\">\r\n                    <div class=\"container\">\r\n                        \r\n                        <div class=\"text-modules__content\"><\/p>\n<h3><em><strong>Mi\u0119dzynarodowa konferencja logopedyczna. Zaburzenia p\u0142ynno\u015bci mowy \u2013 teoria i praktyka. Edycja III<\/strong><\/em><\/h3>\n<p><em>data<\/em>: 31.08-1.09.2018<\/p>\n<p><em>miejsce<\/em>: Katowice<\/p>\n<p><em>organizator<\/em>: dr hab. Katarzyna W\u0119sierska, dr Katarzyna Sujkowska-Sobisz, dr Roman Buchta, Ma\u0142gorzata Grzonka, Katarzyna Romaniuk<\/p>\n<p><em>zakres problemowy<\/em>: Problematyka konferencji dotyczy kwestii niezwykle aktualnych, bo zwi\u0105zanych z wdra\u017caniem skutecznych strategii profilaktyczno-diagnostyczno-terapeutycznych, a tak\u017ce z prezentacj\u0105 najnowszych wynik\u00f3w bada\u0144 prowadzonych na gruncie logopedii i dyscyplin pokrewnych. W programie konferencji przewidziano wyst\u0105pienia praktyk\u00f3w i teoretyk\u00f3w specjalizuj\u0105cych si\u0119 w zaburzeniach p\u0142ynno\u015bci mowy, kt\u00f3rzy reprezentuj\u0105 zar\u00f3wno krajowe, jak zagraniczne o\u015brodki naukowo-badawcze.<\/p>\n<\/div>\r\n                    <\/div>\r\n                <\/div>[\/vc_column][\/vc_row][vc_row][vc_column]\r\n                <div class=\"text-modules\">\r\n                    <div class=\"container\">\r\n                        \r\n                        <div class=\"text-modules__content\"><\/p>\n<h3><strong><em>Spo\u0142ecze\u0144stwo obywatelskie: edukacja, warto\u015bci, style komunikacyjne<\/em><\/strong><\/h3>\n<p><em>data<\/em>: 8-9.06.2018<\/p>\n<p><em>miejsce<\/em>: Katowice<\/p>\n<p><em>organizator<\/em>: dr hab. Ma\u0142gorzata W\u00f3jcik-Dudek, dr Magdalena Ochwat, dr Katarzyna Sujkowska-Sobisz, dr Ewa Ficek<\/p>\n<p><em>zakres problemowy<\/em>: Celem konferencji jest humanistyczna refleksja nad ide\u0105 spo\u0142ecze\u0144stwa obywatelskiego, jego modelem\/modelami oraz rol\u0105, jak\u0105 odgrywa ono we wsp\u00f3\u0142czesnym \u015bwiecie. Istotnym punktem refleksji b\u0119dzie r\u00f3wnie\u017c aksjologiczny wymiar edukacji kszta\u0142tuj\u0105cej postawy obywatelskie. Dyskusji poddamy tak\u017ce mo\u017cliwo\u015bci i ograniczenia komunikacyjne ideologicznych wsp\u00f3lnot dyskursywnych. Interesowa\u0107 nas b\u0119d\u0105 strategie j\u0119zykowe i pozaj\u0119zykowe buduj\u0105ce relacje uczestnik\u00f3w spo\u0142ecze\u0144stwa obywatelskiego. Konferencja skierowana b\u0119dzie do szerokiego grona odbiorc\u00f3w \u2013 zar\u00f3wno przedstawicieli \u015brodowiska akademickiego, nauczycieli, student\u00f3w, a tak\u017ce pracownik\u00f3w samorz\u0105dowych oraz organizacji pozarz\u0105dowych. Konferencja b\u0119dzie adresowana ponadto do wszystkich zainteresowanych partycypacj\u0105 obywatelsk\u0105.<\/p>\n<\/div>\r\n                    <\/div>\r\n                <\/div>[\/vc_column][\/vc_row][vc_row][vc_column]\r\n                <div class=\"text-modules\">\r\n                    <div class=\"container\">\r\n                        \r\n                        <div class=\"text-modules__content\"><\/p>\n<h3><em><strong>\u015al\u0105sko godka \u2013 jeszcze gwara czy jednak ju\u017c j\u0119zyk?<\/strong><\/em><\/h3>\n<p><em>data<\/em>: 27.04.2018<\/p>\n<p><em>miejsce<\/em>: Katowice<\/p>\n<p><em>organizator<\/em>: prof. dr hab. Jolanta Tambor<\/p>\n<p><em>zakres problemowy<\/em>:\u00a0Mija 10 lat od konferencji\u00a0<em>\u015al\u0105sko godka \u2013 jeszcze gwara czy jednak ju\u017c j\u0119zyk?<\/em>, kt\u00f3ra odby\u0142a si\u0119 10 czerwca 2008 roku w Sali Sejmu \u015al\u0105skiego. Honorowy patronat nad konferencj\u0105 obj\u0119li wtedy Wicemarsza\u0142ek Senatu Rzeczypospolitej Polskiej, Krystyna Bochenek i Rada J\u0119zyka Polskiego, kt\u00f3r\u0105 reprezentowa\u0142 jej honorowy przewodnicz\u0105cy, prof. Walery Pisarek. Konferencja spe\u0142ni\u0142a pok\u0142adane w niej nadzieje. Zgromadzi\u0142a ponad 250 os\u00f3b \u2013 ludzi o r\u00f3\u017cnych pogl\u0105dach, reprezentuj\u0105cych r\u00f3\u017cnorodne instytucje i samych siebie, czyli osoby, dla kt\u00f3rych sprawy \u015al\u0105ska s\u0105 wa\u017cne, kt\u00f3re interesuj\u0105 si\u0119 j\u0119zykiem, jakim pos\u0142uguj\u0105 si\u0119 mieszka\u0144cy \u015al\u0105ska, kt\u00f3re badaj\u0105 mow\u0119 \u015bl\u0105sk\u0105, kt\u00f3re pisz\u0105 po \u015bl\u0105sku, propaguj\u0105\u00a0<em>\u015bl\u00f3nsko godka<\/em>, kt\u00f3re m\u00f3wi\u0105 po \u015bl\u0105sku,\u00a0<em>kiere godaj\u00f3m<\/em>,\u00a0<em>kiere \u015bcia\u0142yby goda\u0107<\/em>, osoby, kt\u00f3rym istnienie, rozw\u00f3j, dobra kondycja\u00a0<em>\u015bl\u00f3nskij godki<\/em>\u00a0le\u017cy na sercu.<\/p>\n<\/div>\r\n                    <\/div>\r\n                <\/div>[\/vc_column][\/vc_row][vc_row][vc_column]\r\n                <div class=\"text-modules\">\r\n                    <div class=\"container\">\r\n                        \r\n                        <div class=\"text-modules__content\"><\/p>\n<h3><strong><em>Tradycja w j\u0119zyku \u2013 j\u0119zyk w tradycji<\/em><\/strong><\/h3>\n<p><em>data<\/em>: 14.05.2018<\/p>\n<p><em>miejsce<\/em>: Katowice<\/p>\n<p><em>organizator<\/em>: dr Karolina Lisczyk, dr Marcin Macio\u0142ek<\/p>\n<p><em>zakres problemowy<\/em>:\u00a0Og\u00f3lnopolska konferencja naukowa \u201eTradycja w j\u0119zyku \u2013 j\u0119zyk w tradycji\u201d to czwarte spotkanie naukowe z cyklu \u201eJ\u0119zyk \u2013 historia i wsp\u00f3\u0142czesno\u015b\u0107\u201d. Przedmiotem refleksji w trakcie planowanej sesji\u00a0organizatorzy chcieliby uczyni\u0107 zagadnienia leksykalno-komunikacyjne dotycz\u0105ce szeroko poj\u0119tej tradycji j\u0119zykowej (czy szerzej: kulturowej) \u2013 odnosz\u0105cej si\u0119 zar\u00f3wno do metodologii, jak i przedmiotu bada\u0144. Poniewa\u017c jednak tradycja, stanowi\u0105ca \u0142\u0105cznik pomi\u0119dzy kolejnymi pokoleniami tak lingwist\u00f3w, jak i zwyk\u0142ych u\u017cytkownik\u00f3w ka\u017cdego j\u0119zyka, nieuchronnie konfrontowana jest z nowymi zjawiskami, interesuj\u0105ce b\u0119dzie w\u0142\u0105czenie do rozwa\u017ca\u0144 nad ni\u0105 problematyki zwi\u0105zanej ze zmianami systemowymi i komunikacyjnymi dokonuj\u0105cymi si\u0119 w j\u0119zyku nie tylko dawniej, ale r\u00f3wnie\u017c wsp\u00f3\u0142cze\u015bnie.<\/p>\n<\/div>\r\n                    <\/div>\r\n                <\/div>[\/vc_column][\/vc_row][vc_row][vc_column]\r\n                <div class=\"text-modules\">\r\n                    <div class=\"container\">\r\n                        \r\n                        <div class=\"text-modules__content\"><\/p>\n<h3><em><strong>\u201eWyr\u00f3\u017cniaj si\u0119 lub zgi\u0144\u201d. Jak osi\u0105gn\u0105\u0107 wizerunkowy sukces<\/strong><\/em><\/h3>\n<p><em>data<\/em>: 12-13.04.2018<\/p>\n<p><em>miejsce<\/em>: Katowice<\/p>\n<p><em>organizator<\/em>: dr Emilia Ba\u0144czyk, Ko\u0142o Naukowe \u201eKomunikator\u201d<\/p>\n<p><em>zakres problemowy<\/em>:\u00a0II edycja konferencji naukowej \u201eWyr\u00f3\u017cniaj si\u0119 lub zgi\u0144\u201d zach\u0119ca do zastanowienia si\u0119 nad problematyk\u0105 tworzenia wizerunku firmy oraz marki, nad znaczeniem komunikacji przedsi\u0119biorstwa z klientem, a tak\u017ce nad zagadnieniem kreowania produktu. Celem tego spotkania jest stworzenie mo\u017cliwie najlepszych warunk\u00f3w do inspiruj\u0105cej wymiany wiedzy i do\u015bwiadcze\u0144 zar\u00f3wno pracownik\u00f3w naukowych, jak i specjalist\u00f3w z szeroko rozumianej bran\u017cy promocyjnej. Wzorem poprzedniej edycji, naszym celem jest stworzenie p\u0142aszczyzny dla merytorycznej dyskusji badaczy z zakresu j\u0119zykoznawstwa, marketingu, medioznawstwa czy socjologii z praktykami, aby przedstawione zagadnienia uj\u0105\u0107 w perspektywie prawdziwie interdyscyplinarnego ogl\u0105du badawczego.<\/p>\n<\/div>\r\n                    <\/div>\r\n                <\/div>[\/vc_column][\/vc_row]<\/p>","protected":false},"excerpt":{"rendered":"<p>[vc_row][vc_column][\/vc_column][\/vc_row][vc_row][vc_column][\/vc_column][\/vc_row][vc_row][vc_column][\/vc_column][\/vc_row][vc_row][vc_column][\/vc_column][\/vc_row][vc_row][vc_column][\/vc_column][\/vc_row][vc_row][vc_column][\/vc_column][\/vc_row][vc_row][vc_column][\/vc_column][\/vc_row][vc_row][vc_column][\/vc_column][\/vc_row][vc_row][vc_column][\/vc_column][\/vc_row][vc_row][vc_column][\/vc_column][\/vc_row] [&#8230;]<\/p>\n<p><a class=\"btn btn-secondary understrap-read-more-link\" href=\"https:\/\/us.edu.pl\/instytut\/ij\/konferencje-2\/2018-2\/\">Read More&#8230;<\/a><\/p>\n","protected":false},"author":1662,"featured_media":0,"parent":1253,"menu_order":0,"comment_status":"closed","ping_status":"closed","template":"","meta":{"_expiration-date-status":"saved","_expiration-date":0,"_expiration-date-type":"","_expiration-date-categories":[],"_expiration-date-options":[]},"acf":[],"_links":{"self":[{"href":"https:\/\/us.edu.pl\/instytut\/ij\/wp-json\/wp\/v2\/pages\/1270"}],"collection":[{"href":"https:\/\/us.edu.pl\/instytut\/ij\/wp-json\/wp\/v2\/pages"}],"about":[{"href":"https:\/\/us.edu.pl\/instytut\/ij\/wp-json\/wp\/v2\/types\/page"}],"author":[{"embeddable":true,"href":"https:\/\/us.edu.pl\/instytut\/ij\/wp-json\/wp\/v2\/users\/1662"}],"replies":[{"embeddable":true,"href":"https:\/\/us.edu.pl\/instytut\/ij\/wp-json\/wp\/v2\/comments?post=1270"}],"version-history":[{"count":3,"href":"https:\/\/us.edu.pl\/instytut\/ij\/wp-json\/wp\/v2\/pages\/1270\/revisions"}],"predecessor-version":[{"id":1317,"href":"https:\/\/us.edu.pl\/instytut\/ij\/wp-json\/wp\/v2\/pages\/1270\/revisions\/1317"}],"up":[{"embeddable":true,"href":"https:\/\/us.edu.pl\/instytut\/ij\/wp-json\/wp\/v2\/pages\/1253"}],"wp:attachment":[{"href":"https:\/\/us.edu.pl\/instytut\/ij\/wp-json\/wp\/v2\/media?parent=1270"}],"curies":[{"name":"wp","href":"https:\/\/api.w.org\/{rel}","templated":true}]}}