{"id":247,"date":"2020-04-14T13:23:21","date_gmt":"2020-04-14T11:23:21","guid":{"rendered":"http:\/\/us.edu.pl\/instytut\/inok\/?page_id=247"},"modified":"2021-06-16T10:15:54","modified_gmt":"2021-06-16T08:15:54","slug":"2019-2","status":"publish","type":"page","link":"https:\/\/us.edu.pl\/instytut\/inok\/konferencje\/2019-2\/","title":{"rendered":"2019"},"content":{"rendered":"<p>[vc_row][vc_column]\r\n                <div class=\"text-modules\">\r\n                    <div class=\"container\">\r\n                        \r\n                        <div class=\"text-modules__content\"><p><span style=\"font-size: 12pt\"><strong>XIV Og\u00f3lnopolskie Warsztaty Memetyczne<\/strong><\/span><\/p>\n<p><span style=\"font-size: 12pt\">Wis\u0142a, 15 marca 2019 r.<\/span><\/p>\n<p><span style=\"font-size: 12pt\">Organizator: <strong>dr hab. Dobros\u0142awa W\u0119\u017cowicz-Zi\u00f3\u0142kowska, prof. U\u015a<br \/>\n<\/strong><\/span><\/p>\n<p><span style=\"font-size: 12pt\">Og\u00f3lnopolskie Warsztaty Memetyczne to coroczna, cykliczna konferencja, organizowana od 2005. Gromadzi interdyscyplinarny zesp\u00f3\u0142 badaczy z kraju i zagranicy (biolog\u00f3w, informatyk\u00f3w, antropolog\u00f3w, kulturoznawc\u00f3w, filozof\u00f3w, socjolog\u00f3w, fizyk\u00f3w), kt\u00f3rych wsp\u00f3lny horyzont refleksji wytycza koncepcja memetyczna Richarda Dawkinsa oraz neoewolucjonizm. Efekty konferencji prezentowane s\u0105 raz w roku w czasopi\u015bmie naukowym \u201eTeksty z Ulicy. Zeszyt memetyczny\u201d<\/span><\/p>\n<p><span style=\"font-size: 12pt\">W zwi\u0105zku z coraz wyra\u017aniej wy\u0142aniaj\u0105cym si\u0119 nowym stadium ewolucji kulturowej, obejmuj\u0105cym zagadnienia kolapsu cywilizacji ludzkich, czy wr\u0119cz \u015bmierci ca\u0142ej planety w wyniku dominacji memepleks\u00f3w rozwoju i post\u0119pu, kt\u00f3rego umown\u0105 granic\u0119 wyznaczono poprzez uznanie nowej epoki w dziejach Ziemi, XIV. Warsztaty po\u015bwi\u0119cone by\u0142y problematyce Antropocenu we wszelkich jego uj\u0119ciach i przejawach.<\/span><\/p>\n<p><span style=\"font-size: 12pt\"><strong>O konferencji naukowej\u2026 i jej fenomenie kulturowym<\/strong><\/span><\/p>\n<p><span style=\"font-size: 12pt\">Cieszyn, 15 marca 2019 r.<\/span><\/p>\n<p><span style=\"font-size: 12pt\">Organizator: <strong>dr hab. Grzegorz Studnicki, prof. U\u015a, dr Anna Dro\u017cd\u017c, dr Agnieszka Pie\u0144czak\u00a0<\/strong>\u00a0\u00a0\u00a0\u00a0\u00a0\u00a0 <\/span><\/p>\n<p><span style=\"font-size: 12pt\">G\u0142\u00f3wnym zagadnieniem na konferencji by\u0142a tematyka kulturowego fenomenu konferencji naukowej, kt\u00f3r\u0105 mo\u017cna rozpatrywa\u0107 na wielu poziomach. Z jednej strony jest ona okazj\u0105 do tego, by bior\u0105ce w niej osoby mog\u0142y podzieli\u0107 si\u0119 wiedz\u0105, zaprezentowa\u0107 swoje badania lub skonfrontowa\u0107 sposoby interpretowania danych oraz okre\u015blonych proces\u00f3w czy zjawisk. Jednocze\u015bnie mo\u017cna na ni\u0105 spojrze\u0107 jako na rezultat licznych praktyk kulturowych i spo\u0142ecznych towarzysz\u0105cych od chwili, kiedy pojawia si\u0119 idea jej zorganizowania, przez czas jej trwania oraz maj\u0105cych miejsce jeszcze jaki\u015b czas po jej oficjalnym zako\u0144czeniu oddzia\u0142ywa\u0144. Dodatkowo konferencja nabiera jeszcze innego wymiaru, kiedy uwzgl\u0119dni si\u0119, \u017ce nie jest ona zawieszona w pr\u00f3\u017cni spo\u0142ecznej, <\/span><span style=\"font-size: 12pt\">ekonomicznej i politycznej. Dlatego przedmiotem rozwa\u017ca\u0144 uczestnik\u00f3w konferencji by\u0142y m.in.: konferencja i jej miejsce w spo\u0142ecznym obiegu wiedzy, konferencja w uj\u0119ciu historycznym, marketing i zarz\u0105dzanie konferencj\u0105, turystyka konferencyjna, a tak\u017ce ludyczny wymiar konferencji (folklor konferencji).<\/span><\/p>\n<p><span style=\"font-size: 12pt\"><strong>Gatunki dramatyczne. Rekonfiguracje<\/strong><\/span><\/p>\n<p><span style=\"font-size: 12pt\">Warszawa, 15-16 maja 2019 r.<\/span><\/p>\n<p><span style=\"font-size: 12pt\">Organizator: <strong>prof. Ewa W\u0105chocka, dr Aneta G\u0142owacka<\/strong><\/span><\/p>\n<p><span style=\"font-size: 12pt\">Konferencja po\u015bwi\u0119cona by\u0142a refleksji naukowej na temat przeobra\u017ce\u0144 form pisarskich przeznaczonych dla teatru, jakie zasz\u0142y w ostatnim czasie. S\u0105 to procesy symptomatyczne we wsp\u00f3\u0142czesnym teatrze, w znacz\u0105cej mierze decyduj\u0105ce o jego dynamicznie zmieniaj\u0105cym si\u0119 obliczu. Stopniowe zacieranie granic mi\u0119dzy gatunkami dramatycznymi uruchomi\u0142o r\u00f3\u017cnokierunkowe transgresje, doprowadzi\u0142o do tworzenia hybryd gatunkowych, mikst\u00f3w, form niestabilnych, tymczasowych czy wr\u0119cz jednorazowych, b\u0119d\u0105cych widom\u0105 oznak\u0105 \u201ep\u0142ynnej nowoczesno\u015bci\u201d. W tej sytuacji przesta\u0142o ju\u017c wystarcza\u0107 tradycyjne poj\u0119cie gatunku, a dotychczasowe narz\u0119dzia i klasyfikacje oferowane przez genologi\u0119 domagaj\u0105 si\u0119 nie tylko g\u0142\u0119bszego przemy\u015blenia, ale te\u017c weryfikacji. Nowe formy dramatyczne paso\u017cytuj\u0105 na nowych formatach internetowych, filmowych czy telewizyjnych, mieszaj\u0105 si\u0119 ze sob\u0105 na zasadzie parodystycznego przywo\u0142a\u0144 i gier. Odpowiadaj\u0105 w ten spos\u00f3b \u2013 lepiej lub gorzej \u2013 zmiennej kondycji, \u015bwiadomo\u015bci i poznaniu dzisiejszego odbiorcy.<\/span><\/p>\n<p><span style=\"font-size: 12pt\"><strong>\u201eNie tylko\u00a0John Hughes. Spo\u0142eczne i\u00a0gatunkowe rewizje ameryka\u0144skiego kina m\u0142odzie\u017cowego\u201d<\/strong><\/span><\/p>\n<p><span style=\"font-size: 12pt\">Katowice, 13 wrze\u015bnia 2019 r.<\/span><\/p>\n<p><span style=\"font-size: 12pt\">Organizator: <strong>mgr\u00a0Karolina Kostyra, dr Wojciech Sitek<\/strong><\/span><\/p>\n<p><span style=\"font-size: 12pt\">W\u00a0ostatnich latach filmy o\u00a0nastolatkach zyska\u0142y szczeg\u00f3ln\u0105 popularno\u015b\u0107. By\u0107 mo\u017ce na\u00a0naszych oczach dokonuje si\u0119 zwrot na\u00a0miar\u0119 wielkich prze\u0142om\u00f3w w\u00a0historii kina m\u0142odzie\u017cowego: z\u0142otego okresu ameryka\u0144skich <em>teen movies<\/em> (epoki Johna Hughesa) czy\u00a0drugiej po\u0142owy lat pi\u0119\u0107dziesi\u0105tych w\u00a0\u015bwiatowym filmie inicjacyjnym.<\/span><\/p>\n<p><span style=\"font-size: 12pt\">W\u00a0ramach konferencji stworzono miejsce do\u00a0dyskusji na\u00a0temat ameryka\u0144skiego kina m\u0142odzie\u017cowego, a szczeg\u00f3lnie relacji pomi\u0119dzy kinematografiami narodowymi oraz zagadnienia zwi\u0105zane z tym, czy kino m\u0142odzie\u017cowe to\u00a0kino (tylko) dla\u00a0m\u0142odzie\u017cy, istota gatunku, typ bohatera i\u00a0temat filmu, analiza terminologii, pr\u00f3by definicji kina m\u0142odzie\u017cowego, okre\u015blenia jego wyznacznik\u00f3w i\u00a0zakresu, jak i\u00a0krytyczne zniesienia przytoczonej nomenklatury.<\/span><\/p>\n<p><span style=\"font-size: 12pt\"><strong>&#8222;Co nowego w nowych mediach? Przysz\u0142o\u015b\u0107 zaczyna si\u0119 dzi\u015b&#8221; (II edycja)<\/strong><\/span><\/p>\n<p><span style=\"font-size: 12pt\">Katowice, 24 pa\u017adziernika 2019 r.<\/span><\/p>\n<p><span style=\"font-size: 12pt\">Organizator: <strong>dr Barbara Orze\u0142<\/strong><\/span><\/p>\n<p><span style=\"font-size: 12pt\">Konferencji przy\u015bwieca\u0142a refleksja futurologiczna: obecne trendy, tendencje, nowe zachowania komunikacyjne w zdeterminowanej przez media kulturze, nowe urz\u0105dzenia, przysz\u0142o\u015b\u0107 medi\u00f3w mobilnych i ich przysz\u0142a forma, gad\u017cety przysz\u0142o\u015bci, transformacje medi\u00f3w mobilnych, <em>Big Data<\/em>, rozw\u00f3j medi\u00f3w spo\u0142eczno\u015bciowych, oraz przysz\u0142o\u015b\u0107 technologii 3D.<\/span><\/p>\n<p><span style=\"font-size: 12pt\"><strong>Konferencja naukowa \u201eWzory osobowe i wzorce wsp\u00f3\u0142czesnych wykonawc\u00f3w zawod\u00f3w bibliotekarskich i informacyjnych<\/strong><strong>\u201d<\/strong><\/span><\/p>\n<p><span style=\"font-size: 12pt\">Katowice, 4 grudnia 2019 r.<\/span><\/p>\n<p><span style=\"font-size: 12pt\">Organizator: <strong>dr hab. Agnieszka Go\u0142da, prof. U\u015a, dr hab. Anna Tokarska, prof. U\u015a, dr hab. Jacek Tomaszczyk, prof. U\u015a<\/strong><\/span><\/p>\n<p><span style=\"font-size: 12pt\">Celem planowanej konferencji jest refleksja nad wzorami osobowymi i wzorcami wsp\u00f3\u0142czesnych wykonawc\u00f3w zawod\u00f3w bibliotekarza, brokera informacji, architekta informacji i przedstawicieli pokrewnych specjalno\u015bci. Szczeg\u00f3lnie wa\u017cnym celem konferencji b\u0119dzie wykazanie, jak na przestrzeni lat zmienia\u0142y si\u0119 wzory osobowe postaci bibliotekarza oraz wzorce postulatywne i literackie wykonawcy zawod\u00f3w bibliotekarskich <\/span><span style=\"font-size: 12pt\">i informacyjnych.<\/span><\/p>\n<\/div>\r\n                    <\/div>\r\n                <\/div>[\/vc_column][\/vc_row]<\/p>","protected":false},"excerpt":{"rendered":"<p>[vc_row][vc_column][\/vc_column][\/vc_row] [&#8230;]<\/p>\n<p><a class=\"btn btn-secondary understrap-read-more-link\" href=\"https:\/\/us.edu.pl\/instytut\/inok\/konferencje\/2019-2\/\">Read More&#8230;<\/a><\/p>\n","protected":false},"author":1658,"featured_media":0,"parent":127,"menu_order":0,"comment_status":"closed","ping_status":"closed","template":"","meta":{"_expiration-date-status":"saved","_expiration-date":0,"_expiration-date-type":"","_expiration-date-categories":[],"_expiration-date-options":[]},"acf":[],"_links":{"self":[{"href":"https:\/\/us.edu.pl\/instytut\/inok\/wp-json\/wp\/v2\/pages\/247"}],"collection":[{"href":"https:\/\/us.edu.pl\/instytut\/inok\/wp-json\/wp\/v2\/pages"}],"about":[{"href":"https:\/\/us.edu.pl\/instytut\/inok\/wp-json\/wp\/v2\/types\/page"}],"author":[{"embeddable":true,"href":"https:\/\/us.edu.pl\/instytut\/inok\/wp-json\/wp\/v2\/users\/1658"}],"replies":[{"embeddable":true,"href":"https:\/\/us.edu.pl\/instytut\/inok\/wp-json\/wp\/v2\/comments?post=247"}],"version-history":[{"count":3,"href":"https:\/\/us.edu.pl\/instytut\/inok\/wp-json\/wp\/v2\/pages\/247\/revisions"}],"predecessor-version":[{"id":861,"href":"https:\/\/us.edu.pl\/instytut\/inok\/wp-json\/wp\/v2\/pages\/247\/revisions\/861"}],"up":[{"embeddable":true,"href":"https:\/\/us.edu.pl\/instytut\/inok\/wp-json\/wp\/v2\/pages\/127"}],"wp:attachment":[{"href":"https:\/\/us.edu.pl\/instytut\/inok\/wp-json\/wp\/v2\/media?parent=247"}],"curies":[{"name":"wp","href":"https:\/\/api.w.org\/{rel}","templated":true}]}}