{"id":3089,"date":"2023-02-28T10:56:22","date_gmt":"2023-02-28T09:56:22","guid":{"rendered":"https:\/\/us.edu.pl\/instytut\/inok\/?page_id=3089"},"modified":"2023-12-04T12:25:32","modified_gmt":"2023-12-04T11:25:32","slug":"2023-2023","status":"publish","type":"page","link":"https:\/\/us.edu.pl\/instytut\/inok\/konferencje\/2023-2023\/","title":{"rendered":"2023"},"content":{"rendered":"<p>[vc_row][vc_column]\r\n                <div class=\"text-modules\">\r\n                    <div class=\"container\">\r\n                        \r\n                        <div class=\"text-modules__content\"><\/p>\n<p style=\"text-align: center;\"><span style=\"font-size: 14pt;\"><strong>2023<\/strong><\/span><\/p>\n<p style=\"text-align: center;\"><span style=\"font-size: 14pt;\"><strong>SAUL 2023 \u2013<br \/>\n<\/strong><\/span><span style=\"font-size: 12pt;\"><strong><span style=\"font-size: 14pt;\">4. International and Interdyscyplinary Conference \u201eSenses in Architecture, Urban Landscaping and Design\u201d<\/span><br \/>\n<span style=\"font-size: 14pt;\">REVISIONS AND VISIONS, DIAGNOSIS, CHALLENGES<\/span><br \/>\n<\/strong><\/span><\/p>\n<p><strong><em><span style=\"font-size: 12pt;\">Katowice, 29 czerwca &#8211; 1 lipca 2023 r.<\/span><\/em><\/strong><\/p>\n<p><span style=\"font-size: 12pt;\">Organizatorzy: <a href=\"https:\/\/us.edu.pl\/instytut\/inok\/osoby\/malgorzata-kadziela\/\" target=\"_blank\" rel=\"noopener\"><strong>dr Ma\u0142gorzata K\u0105dziela<\/strong><\/a>; dr hab. arch. in\u017c. Katarzyna Ujma-W\u0105sowicz [Politechnika \u015al\u0105ska]\u00a0<\/span><\/p>\n<p><strong><em><span style=\"font-size: 12pt; font-family: 'book antiqua', palatino, serif;\">Podczas tegorocznej konferencji chcemy przyjrze\u0107 si\u0119 sytuacji kultury, nauki, edukacji oraz wsp\u00f3\u0142pracy mi\u0119dzyinstytucjonalnej w wymienionych powy\u017cej kontekstach kryzys\u00f3w, wyzwa\u0144 i rewolucji technologicznych. Chcemy zbada\u0107 przestrzenne i \u015brodowiskowe skutki tych rewolucji oraz\u00a0 prognozy na przysz\u0142o\u015b\u0107. Interesuje nas spojrzenie na warunki \u201euprawiania\u201d nauki, edukacji oraz wsp\u00f3\u0142pracy z otoczeniem, z jakimi przedstawiciele poszczeg\u00f3lnych dyscyplin naukowych oraz praktycy mierz\u0105 si\u0119 obecnie i b\u0119d\u0105 si\u0119 mierzy\u0107 (z wyboru lub konieczno\u015bci) w obliczu post\u0119puj\u0105cej cyfryzacji gospodarki. Pragniemy zada\u0107 pytanie o rol\u0119 i poziom interdyscyplinarno\u015bci w projektowaniu szeroko rozumianego \u015brodowiska \u017cycia oraz oceni\u0107 w jakim stopniu umo\u017cliwia ono zachowanie dobrostanu organizm\u00f3w w nim \u017cyj\u0105cych.<\/span><\/em><\/strong><\/p>\n<p><em><strong><span style=\"font-size: 12pt; font-family: tahoma, arial, helvetica, sans-serif;\">During this year\u2019s conference, we want to examine the situation of culture, science, education and inter-institutional cooperation in the contexts mentioned above, of crises, challenges and technological revolutions. We want to study the spatial and environmental effects of these revolutions and the predictions for the future. We are interested in looking at the conditions of \u201cdoing\u201d science, education and cooperation with the environment that representatives of individual scientific disciplines and practitioners are currently facing and will face (by choice or necessity) in the face of the progressive digitization of the economy. We would like to ask a question about the role and level of interdisciplinarity in designing the broadly understood living environment and assess to what extent it allows the well-being of organisms living in it to be maintained.<\/span><\/strong><\/em><\/p>\n<p><strong><em><span style=\"font-size: 12pt;\"><a href=\"https:\/\/saul-katowice.pl\/\" target=\"_blank\" rel=\"noopener\">https:\/\/saul-katowice.pl\/<\/a><\/span><\/em><\/strong><\/p>\n<p style=\"text-align: center;\"><span style=\"font-size: 14pt;\"><strong>Journeying (the) Americas: The Paradoxes of\u00a0Travel (and) Narratives<br \/>\n11th World Congress of the\u00a0International American Studies Association<\/strong><\/span><\/p>\n<p style=\"text-align: left;\"><span style=\"font-size: 12pt;\"><strong>University of Silesia in Katowice, 7\u201310.09.2023 r.<\/strong><\/span><\/p>\n<p><span style=\"font-size: 12pt;\"><strong>THE CONGRESS CONVENER<\/strong><\/span><br \/>\n<span style=\"font-size: 12pt;\"><a href=\"https:\/\/us.edu.pl\/instytut\/inok\/osoby\/pawel-jedrzejko\/\" target=\"_blank\" rel=\"noopener\"><strong>Prof. Pawe\u0142 J\u0119drzejko, IASA President<\/strong><\/a><strong>, University of Silesia in Katowice<\/strong><\/span><\/p>\n<p><span style=\"font-size: 12pt;\"><strong>THE CONGRESS ORGANIZING COMMITTEE:<\/strong><\/span><\/p>\n<p><span style=\"font-size: 12pt;\"><em><strong>The Head Congress Organizer:<\/strong><\/em><\/span><\/p>\n<p><span style=\"font-size: 12pt;\"><strong><a href=\"https:\/\/us.edu.pl\/instytut\/inok\/osoby\/beata-gontarz\/\" target=\"_blank\" rel=\"noopener\">Prof. Beata Gontarz, the Director of the Institute of Cultural Studies<\/a>, University of Silesia in Katowice<\/strong><\/span><\/p>\n<p><span style=\"font-size: 12pt;\"><strong><em>International Organizing Team (Alphabetized):<\/em><\/strong><\/span><\/p>\n<p><span style=\"font-size: 12pt;\"><strong><a href=\"https:\/\/us.edu.pl\/instytut\/inok\/osoby\/eugenia-sojka\/\" target=\"_blank\" rel=\"noopener\">Prof. Eugenia Sojka, Institute of Cultural Studies<\/a>\/Institute of Literary Studies, US Katowice<\/strong><\/span><br \/>\n<span style=\"font-size: 12pt;\">Prof. Pradeep Trikha, Department of English, Mohanlal Sukhadia University, Udaipur, India<\/span><br \/>\n<span style=\"font-size: 12pt;\"><strong><a href=\"https:\/\/us.edu.pl\/instytut\/inok\/osoby\/monika-wiszniowska\/\" target=\"_blank\" rel=\"noopener\">Prof. Monika Wiszniowska, Institute of Cultural Studies<\/a>, US Katowice<\/strong><\/span><br \/>\n<span style=\"font-size: 12pt;\">Dr. Justin Battin, RMIT University, Ho Chi Minh City, Vietnam<\/span><br \/>\n<span style=\"font-size: 12pt;\">Dr. Avani Bhatnagar, Dyal Singh College, Department of English, University of Delhi, India<\/span><br \/>\n<span style=\"font-size: 12pt;\"><strong><a href=\"https:\/\/us.edu.pl\/instytut\/inok\/osoby\/kamila-gesikowska\/\" target=\"_blank\" rel=\"noopener\">Dr. Kamila G\u0119sikowska, Institute of Cultural Studies<\/a>, US Katowice<\/strong><\/span><br \/>\n<span style=\"font-size: 12pt;\"><strong><a href=\"https:\/\/us.edu.pl\/instytut\/inok\/osoby\/anna-maj\/\" target=\"_blank\" rel=\"noopener\">Dr. Anna Maj, Institute of Cultural Studies<\/a>, US Katowice<\/strong><\/span><br \/>\n<span style=\"font-size: 12pt;\"><strong><a href=\"https:\/\/us.edu.pl\/instytut\/inok\/osoby\/barbara-orzel\/\" target=\"_blank\" rel=\"noopener\">Dr. Barbara Orze\u0142, Institute of Cultural Studies<\/a>, US Katowice<\/strong><\/span><br \/>\n<span style=\"font-size: 12pt;\"><strong><a href=\"https:\/\/us.edu.pl\/instytut\/inok\/osoby\/adam-pisarek\/\" target=\"_blank\" rel=\"noopener\">Dr. Adam Pisarek, Institute of Cultural Studies<\/a>, US Katowice<\/strong><\/span><br \/>\n<span style=\"font-size: 12pt;\"><a href=\"https:\/\/us.edu.pl\/instytut\/il\/osoby\/malgorzata-poks\/\" target=\"_blank\" rel=\"noopener\">Dr. Ma\u0142gorzata Poks, Institute of Literary Studies<\/a><strong>, US Katowice<\/strong><\/span><br \/>\n<span style=\"font-size: 12pt;\">Dr. Nathaniel R. Racine, Texas A&amp;M International University, Laredo, USA<\/span><br \/>\n<span style=\"font-size: 12pt;\"><strong><a href=\"https:\/\/us.edu.pl\/instytut\/inok\/osoby\/sabina-sweta-sen-podstawska\/\" target=\"_blank\" rel=\"noopener\">Dr. Sabina Sweta Sen-Podstawska, Institute of Cultural Studies<\/a>, US Katowice<\/strong><\/span><br \/>\n<span style=\"font-size: 12pt;\">Ahmad Ishtiaque Tapadar, MA, University School of Humanities and Social Sciences, Guru Gobind Singh Indraprastha University, Dwarka, New Delhi<\/span><\/p>\n<p><span style=\"font-size: 12pt;\"><em><a href=\"https:\/\/iasa-world.org\/11th-iasa-world-congress-2023\/\" target=\"_blank\" rel=\"noopener\"><strong>https:\/\/iasa-world.org\/11th-iasa-world-congress-2023\/<\/strong><\/a><\/em><\/span><\/p>\n<p style=\"text-align: center;\"><span style=\"font-size: 14pt;\"><strong>\u201eJoga w kontekstach kulturowych, VIII edycja\u201d<\/strong><\/span><\/p>\n<p><em><strong><span style=\"font-size: 12pt;\">Katowice, 12-14 wrze\u015bnia 2023 r.<\/span><\/strong><\/em><\/p>\n<p><span style=\"font-size: 12pt;\">Organizatorzy instytucjonalni: Katedra Zarz\u0105dzania Sportem i Turystyk\u0105 (Akademia Wychowania Fizycznego im. Jerzego Kukuczki w Katowicach),\u00a0<strong>Instytut Nauk o Kulturze<\/strong>, Centrum Informacji Naukowej i Biblioteka Akademicka (Katowice).<\/span><\/p>\n<p><span style=\"font-size: 12pt;\">Komitet naukowy konferencji: dr hab. Janusz Szopa, prof. AWF [przewodnicz\u0105cy], dr Micha\u0142 Dziadkiewicz [Politechnika Cz\u0119stochowska],\u00a0<strong>dr hab. Anna Gom\u00f3\u0142a, prof. U\u015a<\/strong>, dr hab. Ma\u0142gorzata Grabara, prof. AWF [Katowice], dr hab. Miros\u0142aw Harciarek, prof. Akademii Humanitas, prof. dr hab. Krzysztof Konecki [Uniwersytet \u0141\u00f3dzki], dr hab. Les\u0142aw Kulmatycki, prof. AWF [Wroc\u0142aw], dr in\u017c. Agnieszka Ulfik, dr hab. Anna Zwierzchowska, prof. AWF [Katowice], prof. dr hab. Aleksandra \u017bebrowska.<\/span><\/p>\n<p><span style=\"font-size: 12pt;\">Komitet organizacyjny konferencji: dr hab. Janusz Szopa, prof. AWF [przewodnicz\u0105cy], <strong>dr hab. Anna Gom\u00f3\u0142a, prof. U\u015a<\/strong>, dr Micha\u0142 Dziadkiewicz, mgr Dagmara Wasilewska.<\/span><\/p>\n<p><span style=\"font-size: 12pt;\">Konferencja naukowa \u201eJoga w kontekstach kulturowych\u201d jest w zamy\u015ble projektem interdyscyplinarnym. Jej celem jest pokazanie r\u00f3\u017cnych aspekt\u00f3w jogi przede wszystkim jako zjawiska modelowanego konkretnymi warunkami kulturowymi. Interesowa\u0107 nas b\u0119d\u0105 takie zagadnienia jak:<\/span><\/p>\n<p><span style=\"font-size: 12pt;\">* joga w tradycyjnym kontek\u015bcie kulturowohistorycznym,<\/span><br \/>\n<span style=\"font-size: 12pt;\">* joga jako przedmiot zainteresowania kultury zachodniej,<\/span><br \/>\n<span style=\"font-size: 12pt;\">* joga jako element procesu orientalizacji Zachodu,<\/span><br \/>\n<span style=\"font-size: 12pt;\">* joga w Polsce: szko\u0142y, o\u015brodki i tradycje,<\/span><br \/>\n<span style=\"font-size: 12pt;\">* polskie badania naukowe nad r\u00f3\u017cnymi aspektami jogi<\/span><br \/>\n<span style=\"font-size: 12pt;\">* joga w ogl\u0105dzie potocznym \u2013 wyobra\u017cenia i nieporozumienia.<\/span><\/p>\n<p><strong><em><span style=\"font-size: 12pt;\"><a href=\"https:\/\/awf.katowice.pl\/nauka\/konferencje-naukowe\/viii-konferencja-naukowa-joga-w-kontekstach-kulturowych\" target=\"_blank\" rel=\"noopener\">https:\/\/awf.katowice.pl\/nauka\/konferencje-naukowe\/viii-konferencja-naukowa-joga-w-kontekstach-kulturowych<\/a><\/span><\/em><\/strong><\/p>\n<p><span style=\"font-size: 12pt;\"><em><strong><a href=\"https:\/\/www.facebook.com\/events\/267925802754192\/?ref=newsfeed\" target=\"_blank\" rel=\"noopener\">https:\/\/www.facebook.com\/events\/267925802754192\/?ref=newsfeed<\/a><\/strong><\/em><\/span><\/p>\n<p style=\"text-align: center;\"><span style=\"font-size: 14pt;\"><strong>I Mi\u0119dzynarodowe Sympozjum Naukowe:<\/strong><\/span><br \/>\n<span style=\"font-size: 14pt;\"><strong>\u201ePerspektywy Nowych Medi\u00f3w: <\/strong><\/span><br \/>\n<span style=\"font-size: 14pt;\"><strong>sztuka \u2013 design \u2013 nauka \u2013 technologia\u201d<\/strong><\/span><\/p>\n<p><span style=\"font-size: 12pt;\"><strong><em>Katowice, 1-4 grudnia 2023 r.<\/em><\/strong><\/span><\/p>\n<p><span style=\"font-size: 12pt;\">Inicjatorzy i koordynatorzy: <strong><a href=\"https:\/\/us.edu.pl\/instytut\/inok\/osoby\/anna-maj\/\" target=\"_blank\" rel=\"noopener\">dr hab. Anna Maj<\/a>,<\/strong> prof. Marian Oslislo, dr hab. Ksawery Kaliski, <strong><a href=\"https:\/\/us.edu.pl\/instytut\/inok\/osoby\/karol-makles\/\" target=\"_blank\" rel=\"noopener\">dr Karol Makles<\/a>.<\/strong><\/span><\/p>\n<p><span style=\"font-size: 12pt;\">Jest to mi\u0119dzynarodowe przedsi\u0119wzi\u0119cie naukowe, artystyczne i popularyzacyjne, do kt\u00f3rego zaproszeni zostali uznani eksperci, badacze nowych medi\u00f3w oraz arty\u015bci sztuki nowych medi\u00f3w, zar\u00f3wno zagraniczni, jak i polscy, reprezentuj\u0105cy r\u00f3\u017cne o\u015brodki naukowe i artystyczne.<\/span><\/p>\n<p><span style=\"font-size: 12pt;\">Wydarzenie zaplanowane zosta\u0142o jako cykliczne, kolejna edycja zostanie zrealizowana w roku 2024. Istot\u0105 pomys\u0142u jest po\u0142\u0105czenie dzia\u0142a\u0144 naukowych i artystycznych z zakresu sztuki nowych medi\u00f3w z edukacj\u0105 akademick\u0105 oraz popularyzacj\u0105 nauki i sztuki w przestrzeni miasta, w r\u00f3\u017cnych lokalizacjach Strefy Kultury i Strefy Nauki.<\/span><\/p>\n<p><span style=\"font-size: 12pt;\">Go\u015bciem specjalnym tegorocznej konferencji b\u0119dzie <strong><a href=\"https:\/\/us.edu.pl\/event\/wizyta-prof-derricka-de-kerckhovea-z-university-of-toronto\/\" target=\"_blank\" rel=\"noopener\">prof. Derrick de Kerckhove<\/a><\/strong> (University of Toronto), kt\u00f3ry wyg\u0142osi wyk\u0142ady i we\u017amie udzia\u0142 w panelach dyskusyjnych oraz spotkaniach ze studentami i badaczami Wydzia\u0142u Humanistycznego i ASP oraz wsp\u00f3lnych badaniach naukowych. Wydarzenie sk\u0142ada si\u0119 z sesji konferencyjnych, paneli dyskusyjnych, wyk\u0142ad\u00f3w i dzia\u0142a\u0144 artystycznych (performance, pokazy, koncerty) oraz zamkni\u0119tych spotka\u0144 roboczych.<\/span><\/p>\n<p><span style=\"font-size: 12pt;\">W trakcie spotkania przewidziano wydarzenia artystyczne: performans multimedialny Borisa Vaitovica, pokaz prac wideo i muzyki graficznej Grzegorza G. Zgraji, koncert multimedialny Piotra Ceglarka i Jana Dyba\u0142y oraz koncert Orkiestry Muzyki Nowej pod batut\u0105 Szymona Bywalca, kt\u00f3ra wykona kompozycje; Michaela Beila, Terryego Rileya, Ewy Synowiec oraz Mariana Oslisly \u2013 partytura graficzna generowana w czasie rzeczywistym.<\/span><\/p>\n<p><span style=\"font-size: 12pt;\">Organizatorami wydarzenia s\u0105 Uniwersytet \u015al\u0105ski, Akademia Sztuk Pi\u0119knych w Katowicach, Muzeum \u015al\u0105skie w Katowicach. Realizacja mo\u017cliwa jest dzi\u0119ki wsparciu Metropolitalnego Funduszu Wspierania Nauki. Partnerami s\u0105: Orkiestra Muzyki Nowej, Fundacja Soundscape, Tauron Lab. Projekt realizowany jest we wsp\u00f3\u0142pracy z Europejskim Miastem Nauki Katowice 2024 oraz \u015al\u0105skim Festiwalem Nauki KATOWICE.<\/span><\/p>\n<\/div>\r\n                    <\/div>\r\n                <\/div>[\/vc_column][\/vc_row]<\/p>","protected":false},"excerpt":{"rendered":"<p>[vc_row][vc_column][\/vc_column][\/vc_row] [&#8230;]<\/p>\n<p><a class=\"btn btn-secondary understrap-read-more-link\" href=\"https:\/\/us.edu.pl\/instytut\/inok\/konferencje\/2023-2023\/\">Read More&#8230;<\/a><\/p>\n","protected":false},"author":1658,"featured_media":0,"parent":127,"menu_order":0,"comment_status":"closed","ping_status":"closed","template":"","meta":{"_expiration-date-status":"saved","_expiration-date":0,"_expiration-date-type":"","_expiration-date-categories":[],"_expiration-date-options":[]},"acf":[],"_links":{"self":[{"href":"https:\/\/us.edu.pl\/instytut\/inok\/wp-json\/wp\/v2\/pages\/3089"}],"collection":[{"href":"https:\/\/us.edu.pl\/instytut\/inok\/wp-json\/wp\/v2\/pages"}],"about":[{"href":"https:\/\/us.edu.pl\/instytut\/inok\/wp-json\/wp\/v2\/types\/page"}],"author":[{"embeddable":true,"href":"https:\/\/us.edu.pl\/instytut\/inok\/wp-json\/wp\/v2\/users\/1658"}],"replies":[{"embeddable":true,"href":"https:\/\/us.edu.pl\/instytut\/inok\/wp-json\/wp\/v2\/comments?post=3089"}],"version-history":[{"count":10,"href":"https:\/\/us.edu.pl\/instytut\/inok\/wp-json\/wp\/v2\/pages\/3089\/revisions"}],"predecessor-version":[{"id":3486,"href":"https:\/\/us.edu.pl\/instytut\/inok\/wp-json\/wp\/v2\/pages\/3089\/revisions\/3486"}],"up":[{"embeddable":true,"href":"https:\/\/us.edu.pl\/instytut\/inok\/wp-json\/wp\/v2\/pages\/127"}],"wp:attachment":[{"href":"https:\/\/us.edu.pl\/instytut\/inok\/wp-json\/wp\/v2\/media?parent=3089"}],"curies":[{"name":"wp","href":"https:\/\/api.w.org\/{rel}","templated":true}]}}