{"id":1725,"date":"2022-05-13T13:52:21","date_gmt":"2022-05-13T11:52:21","guid":{"rendered":"https:\/\/us.edu.pl\/instytut\/int\/?post_type=event&#038;p=1725"},"modified":"2022-10-07T10:41:51","modified_gmt":"2022-10-07T08:41:51","slug":"konferencja-naukowa-sanctissimus-dominus-noster-stulecie-administracji-apostolskiej-na-gornym-slasku-1922-2022","status":"publish","type":"event","link":"https:\/\/us.edu.pl\/instytut\/int\/event\/konferencja-naukowa-sanctissimus-dominus-noster-stulecie-administracji-apostolskiej-na-gornym-slasku-1922-2022\/","title":{"rendered":"Konferencja naukowa: Sanctissimus Dominus noster. Stulecie Administracji Apostolskiej na G\u00f3rnym \u015al\u0105sku (1922-2022)"},"content":{"rendered":"<p>[vc_row][vc_column]\r\n                <div class=\"text-modules\">\r\n                    <div class=\"container\">\r\n                        \r\n                        <div class=\"text-modules__content\"><p><strong>Konferencja naukowa:<em> Sanctissimus Dominus noster. Stulecie Administracji Apostolskiej na G\u00f3rnym \u015al\u0105sku (1922-2022)<\/em><\/strong><\/p>\n<p><img class=\"size-medium wp-image-1818 alignleft\" src=\"https:\/\/us.edu.pl\/instytut\/int\/wp-content\/uploads\/sites\/47\/Bez-kategorii\/PLAKAT-01-212x300.png\" alt=\"\" width=\"212\" height=\"300\" srcset=\"https:\/\/us.edu.pl\/instytut\/int\/wp-content\/uploads\/sites\/47\/Bez-kategorii\/PLAKAT-01-212x300.png 212w, https:\/\/us.edu.pl\/instytut\/int\/wp-content\/uploads\/sites\/47\/Bez-kategorii\/PLAKAT-01-724x1024.png 724w, https:\/\/us.edu.pl\/instytut\/int\/wp-content\/uploads\/sites\/47\/Bez-kategorii\/PLAKAT-01-768x1086.png 768w, https:\/\/us.edu.pl\/instytut\/int\/wp-content\/uploads\/sites\/47\/Bez-kategorii\/PLAKAT-01-1086x1536.png 1086w, https:\/\/us.edu.pl\/instytut\/int\/wp-content\/uploads\/sites\/47\/Bez-kategorii\/PLAKAT-01-1448x2048.png 1448w, https:\/\/us.edu.pl\/instytut\/int\/wp-content\/uploads\/sites\/47\/Bez-kategorii\/PLAKAT-01-407x575.png 407w, https:\/\/us.edu.pl\/instytut\/int\/wp-content\/uploads\/sites\/47\/Bez-kategorii\/PLAKAT-01.png 1754w\" sizes=\"(max-width: 212px) 100vw, 212px\" \/><\/p>\n<p>&nbsp;<\/p>\n<p>Data: <strong>27.10.2022 r.<\/strong><\/p>\n<p>Miejsce: <strong>Aula<\/strong> <strong>Wydzia\u0142u Teologicznego<\/strong><\/p>\n<p>Kontakt: <strong>Ks. dr hab. Damian Bednarski, prof. U\u015a<\/strong><\/p>\n<p>email: <strong><a href=\"damian.bednarski@us.edu.pl\">damian.bednarski@us.edu.pl<\/a><\/strong><\/p>\n<\/div>\r\n                    <\/div>\r\n                <\/div>[\/vc_column][\/vc_row]<\/p>","protected":false},"excerpt":{"rendered":"<p>[vc_row][vc_column][\/vc_column][\/vc_row] [&#8230;]<\/p>\n<p><a class=\"btn btn-secondary understrap-read-more-link\" href=\"https:\/\/us.edu.pl\/instytut\/int\/event\/konferencja-naukowa-sanctissimus-dominus-noster-stulecie-administracji-apostolskiej-na-gornym-slasku-1922-2022\/\">Read More&#8230;<\/a><\/p>\n","protected":false},"author":2475,"featured_media":0,"template":"","meta":{"_expiration-date-status":"","_expiration-date":0,"_expiration-date-type":"","_expiration-date-categories":[],"_expiration-date-options":[]},"acf":[],"_links":{"self":[{"href":"https:\/\/us.edu.pl\/instytut\/int\/wp-json\/wp\/v2\/event\/1725"}],"collection":[{"href":"https:\/\/us.edu.pl\/instytut\/int\/wp-json\/wp\/v2\/event"}],"about":[{"href":"https:\/\/us.edu.pl\/instytut\/int\/wp-json\/wp\/v2\/types\/event"}],"author":[{"embeddable":true,"href":"https:\/\/us.edu.pl\/instytut\/int\/wp-json\/wp\/v2\/users\/2475"}],"version-history":[{"count":7,"href":"https:\/\/us.edu.pl\/instytut\/int\/wp-json\/wp\/v2\/event\/1725\/revisions"}],"predecessor-version":[{"id":1820,"href":"https:\/\/us.edu.pl\/instytut\/int\/wp-json\/wp\/v2\/event\/1725\/revisions\/1820"}],"wp:attachment":[{"href":"https:\/\/us.edu.pl\/instytut\/int\/wp-json\/wp\/v2\/media?parent=1725"}],"curies":[{"name":"wp","href":"https:\/\/api.w.org\/{rel}","templated":true}]}}