{"id":1036,"date":"2020-11-10T14:21:56","date_gmt":"2020-11-10T13:21:56","guid":{"rendered":"https:\/\/us.edu.pl\/instytut\/isp\/?page_id=1036"},"modified":"2023-10-26T13:31:55","modified_gmt":"2023-10-26T11:31:55","slug":"prof-dr-hab-krystyna-pasterczyk","status":"publish","type":"page","link":"https:\/\/us.edu.pl\/instytut\/isp\/wykladowcy\/prof-dr-hab-krystyna-pasterczyk\/","title":{"rendered":"prof. dr hab. Krystyna Pasterczyk"},"content":{"rendered":"<p>[vc_row][vc_column]\r\n                <div class=\"text-modules\">\r\n                    <div class=\"container\">\r\n                        <h3 class=\"page-title text__title\">prof. dr hab. Krystyna Pasterczyk<\/h3>\r\n                        <div class=\"text-modules__content\"><p><span style=\"font-size: 12pt;\">Urodzona w 1960 w Ja\u015ble. Artystka sztuk wizualnych, rze\u017abiarka, zajmuje si\u0119 obiektem, instalacj\u0105, poezj\u0105 wizualn\u0105. Absolwentka Wydzia\u0142u Pedagogiczno-Artystycznego w Cieszynie, Uniwersytetu \u015al\u0105skiego w Katowicach (1986). Stopnie artystyczne uzyska\u0142a na Wydziale Rze\u017aby i Intermedi\u00f3w ASP w Gda\u0144sku (doktorat 2001, habilitacja 2009). Od 2023 roku profesor sztuki. Podczas studi\u00f3w zaanga\u017cowana w realizacj\u0119 programu prof. Jerzego Wro\u0144skiego <em>Sztuka na Uniwersytecie<\/em>. Zaliczy\u0142a w\u00f3wczas bauhausowski kurs koloru (J. Albers), prowadzony przez Michaela Kidnera w Cieszynie (1985). Po studiach zatrudniona w macierzystej uczelni. R\u00f3wnolegle wraz z Krzysztofem Morcinkiem i Andrzejem Szewczykiem wsp\u00f3\u0142tworzy\u0142a cieszy\u0144sk\u0105 Galeri\u0119 Miejsce (1991-97). Dzia\u0142a\u0142a w\u00f3wczas w nieformalnej grupie artystycznej: <em>Chlanda, Ku\u015b, Luty\u0144ski, Morcinek, Pasterczyk, Szewczyk<\/em> (do 2001). W latach 1989-91 pracowa\u0142a w PLSP w Miejscu Piastowym. W latach 2009-13 prowadzi\u0142a pracowni\u0119 rze\u017aby w ASP w Katowicach. Aktualnie prowadzi pracowni\u0119 rze\u017aby i pracowni\u0119 struktur wizualnych w ISP w Cieszynie. Publikuje w Zeszytach Rze\u017abiarskich (wyd. ASP Wroc\u0142aw).<\/span><\/p>\n<p><span style=\"font-size: 12pt;\"><strong>Swoje badania artystyczne <\/strong>koncentruje na poszukiwaniu istoty rze\u017aby \/ sztuki w jej zwi\u0105zku z poezj\u0105 (szeroko rozumian\u0105). Zdecydowanie odesz\u0142a od akademickiej estetyki \u2013 formalnych poszukiwa\u0144 i niezawodno\u015bci warsztatu, tradycyjnej figuracji \u2013 na rzecz bezpo\u015brednio\u015bci i otwarto\u015bci wobec materia\u0142\u00f3w i proces\u00f3w. Pozostaje w dystansie do najnowszych technologii i wszelkiej wirtuozerii. Odrzuca iluzjonistyczne aspekty wsp\u00f3lne wszystkim sztukom wizualnym, staraj\u0105c si\u0119 raczej prezentowa\u0107 \u015bwiat ni\u017c go re-prezentowa\u0107. Ukierunkowana na afektywny kontakt z materia\u0142em i nasycanie go tym, co niematerialne, niewidzialne i liminalne; poszukiwanie spirytualno\u015bci \/ idei tkwi\u0105cej ju\u017c w samym materiale i \u2013 poprzez rze\u017abiarski gest, rze\u017abiarski proces \u2013 odkrywanie prymarnej, faktycznej istotno\u015bci wy\u0142aniaj\u0105cego si\u0119 znaczenia. U\u017cywa r\u00f3\u017cnych materia\u0142\u00f3w i przedmiot\u00f3w znalezionych: kamienia, drewna, stali, o\u0142owiu, wosku, krwi, atramentu, kwiat\u00f3w, motyli, d\u017awi\u0119ku etc., aby skonstruowa\u0107 to, co nazywa \u201eobiektami poetyckimi\u201d, \u201ezdaniami\u201d lub \u201esytuacjami\u201d. Zawarto\u015b\u0107 prac inspirowana jest w\u0105tkami autobiograficznymi, animistycznymi, poetyckimi i filozoficznymi. \u00a0<\/span><\/p>\n<p><span style=\"font-size: 12pt;\"><strong>Wa\u017cniejsze prace<\/strong>: <em>Dwie Arki<\/em>, 1992, <em>Arka Matki<\/em>, 1996 (kolekcja sztuki wsp\u00f3\u0142czesnej Muzeum \u015al\u0105skiego w Katowicach); <em>\u015aciana z pokoju<\/em>, 1994; <em>Homage to Malte,<\/em> 2000; <em>Die Schatulle durchdringender K\u00e4lte \/ Szkatu\u0142ka\u00a0 przejmuj\u0105cego\u00a0 zimna<\/em>, 2001; <em>Kamie\u0144 Heideggera<\/em>, 2005; <em>Mea culpa<\/em>, 2006; <em>R\u00f3\u017co, jeste\u015b snem pod moimi powiekami<\/em>, 2007; <em>Biblioteka Honoris<\/em>, 2010-12; <em>Orantka \/ Modlitwa do kamienia<\/em>, 2012; <em>\u015awiat\u0142o i ci\u0105\u017cenie<\/em>, 2017-23.\u00a0 \u00a0 \u00a0 \u00a0 \u00a0 \u00a0 \u00a0 \u00a0\u00a0<\/span><\/p>\n<p><span style=\"font-size: 12pt;\"><strong>Wa\u017cniejsze wystawy:<\/strong> <em>Krystyna Pasterczyk<\/em> (ind. 1994), Galeria Krzysztofory w Krakowie; <em>Kobieta o kobiecie<\/em> (1996), Galeria BWA w Bielsku-Bia\u0142ej; <em>D\u017awi\u0119k ciszy \u2013 sztuka kobiet <\/em>(1996), Galeria \u0141a\u017ania Miejska w Gda\u0144sku; <em>Status quo<\/em> (1996), <em>Rzeczy i l\u0119ki<\/em> (ind. 1999), <em>Sztuka III RP<\/em> (2003), Centrum Rze\u017aby Polskiej w Oro\u0144sku; <em>Arty\u015bci Galerii Sektor I<\/em> (2002), Galeria Otwarta Pracownia w Krakowie; <em>Poiesis<\/em> (ind. 2007), Galeria Fra Angelico w Katowicach; <em>Linia i chaos \u2013 kompozycje przestrzenne \u015bwiata<\/em> (2017, w 100-lecie awangardy), <em>Cie\u0144 wolno\u015bci<\/em> (2018, w 100-lecie niepodleg\u0142o\u015bci), Galeria Sztuki Wsp\u00f3\u0142czesnej BWA w Katowicach.<\/span><\/p>\n<p><strong><a href=\"https:\/\/soundcloud.com\/user-910208571\/galeria-sztuki-wspolczesnej-bwa-sztuka_w_przestrzeni-wywiad-z-krystyna-pasterczyk-1\">Auto-nagranie<\/a><\/strong><\/p>\n<\/div>\r\n                    <\/div>\r\n                <\/div>[\/vc_column][\/vc_row][vc_row][vc_column]            \r\n                    <div class=\"container\">\r\n                        <div class=\"gallery gallery_2\" data-images-in-row=\"2\">\r\n                            \r\n                            <div class=\"row m-0\">\r\n                                <a data-fancybox-group=\"button\" title=\"R\u00f3\u017co-jeste\u015b-snem-pod-moimi-powiekami_2007-autoportret-z-p\u0142atkami-r\u00f3\u017cy-pod-powiekami\" data-fancybox=\"1367\" href=\"https:\/\/us.edu.pl\/instytut\/isp\/wp-content\/uploads\/sites\/46\/Nieprzypisane\/1.-R\u00f3\u017co-jeste\u015b-snem-pod-moimi-powiekami_2007-autoportret-z-p\u0142atkami-r\u00f3\u017cy-pod-powiekami.jpg\" class=\"gallery__item thumbnail\"\r\n                                    style=\"background-image: url(https:\/\/us.edu.pl\/instytut\/isp\/wp-content\/uploads\/sites\/46\/Nieprzypisane\/1.-R\u00f3\u017co-jeste\u015b-snem-pod-moimi-powiekami_2007-autoportret-z-p\u0142atkami-r\u00f3\u017cy-pod-powiekami.jpg)\"> <span class=\"d-none\">https:\/\/us.edu.pl\/instytut\/isp\/wp-content\/uploads\/sites\/46\/Nieprzypisane\/1.-R\u00f3\u017co-jeste\u015b-snem-pod-moimi-powiekami_2007-autoportret-z-p\u0142atkami-r\u00f3\u017cy-pod-powiekami.jpg<\/span> <\/a><a data-fancybox-group=\"button\" title=\"Orantka \/ Modlitwa do kamienia_ 2012_ kamie\u0144 nachylony, olej chorych, gest\" data-fancybox=\"1367\" href=\"https:\/\/us.edu.pl\/instytut\/isp\/wp-content\/uploads\/sites\/46\/Nieprzypisane\/net-Orantka_2012_-kamien\u0301-nachylony-gest.jpg\" class=\"gallery__item thumbnail\"\r\n                                    style=\"background-image: url(https:\/\/us.edu.pl\/instytut\/isp\/wp-content\/uploads\/sites\/46\/Nieprzypisane\/net-Orantka_2012_-kamien\u0301-nachylony-gest.jpg)\"> <span class=\"d-none\">https:\/\/us.edu.pl\/instytut\/isp\/wp-content\/uploads\/sites\/46\/Nieprzypisane\/net-Orantka_2012_-kamien\u0301-nachylony-gest.jpg<\/span> <\/a><a data-fancybox-group=\"button\" title=\"Holderlin_2010, 2018, piaskowiec, atrament, p\u0142atek r\u00f3\u017cy\" data-fancybox=\"1367\" href=\"https:\/\/us.edu.pl\/instytut\/isp\/wp-content\/uploads\/sites\/46\/Nieprzypisane\/3.-Holderlin_2010-2018-piaskowiec-atrament-p\u0142atek-r\u00f3\u017cy.jpg\" class=\"gallery__item thumbnail\"\r\n                                    style=\"background-image: url(https:\/\/us.edu.pl\/instytut\/isp\/wp-content\/uploads\/sites\/46\/Nieprzypisane\/3.-Holderlin_2010-2018-piaskowiec-atrament-p\u0142atek-r\u00f3\u017cy.jpg)\"> <span class=\"d-none\">https:\/\/us.edu.pl\/instytut\/isp\/wp-content\/uploads\/sites\/46\/Nieprzypisane\/3.-Holderlin_2010-2018-piaskowiec-atrament-p\u0142atek-r\u00f3\u017cy.jpg<\/span> <\/a><a data-fancybox-group=\"button\" title=\"Metafizyka_ 2018_ onyks, atrament, ksia\u0328z\u0307ki\" data-fancybox=\"1367\" href=\"https:\/\/us.edu.pl\/instytut\/isp\/wp-content\/uploads\/sites\/46\/Nieprzypisane\/net-1.-Metafizyka_-2018_-onyks-atrament-ksia\u0328z\u0307ki.jpg\" class=\"gallery__item thumbnail\"\r\n                                    style=\"background-image: url(https:\/\/us.edu.pl\/instytut\/isp\/wp-content\/uploads\/sites\/46\/Nieprzypisane\/net-1.-Metafizyka_-2018_-onyks-atrament-ksia\u0328z\u0307ki.jpg)\"> <span class=\"d-none\">https:\/\/us.edu.pl\/instytut\/isp\/wp-content\/uploads\/sites\/46\/Nieprzypisane\/net-1.-Metafizyka_-2018_-onyks-atrament-ksia\u0328z\u0307ki.jpg<\/span> <\/a><a data-fancybox-group=\"button\" title=\"\u015awiat\u0142o i ci\u0105\u017cenie, 2018_stal oksydowana, inskrypcja brajlem s\u0142owa \u201e\u015bwiat\u0142o\u201d\" data-fancybox=\"1367\" href=\"https:\/\/us.edu.pl\/instytut\/isp\/wp-content\/uploads\/sites\/46\/Nieprzypisane\/net-2.-S\u0301wiat\u0142o-i-cia\u0328z\u0307enie_2018_-stal-alfabet-brajla-chlorofil.jpg\" class=\"gallery__item thumbnail\"\r\n                                    style=\"background-image: url(https:\/\/us.edu.pl\/instytut\/isp\/wp-content\/uploads\/sites\/46\/Nieprzypisane\/net-2.-S\u0301wiat\u0142o-i-cia\u0328z\u0307enie_2018_-stal-alfabet-brajla-chlorofil.jpg)\"> <span class=\"d-none\">https:\/\/us.edu.pl\/instytut\/isp\/wp-content\/uploads\/sites\/46\/Nieprzypisane\/net-2.-S\u0301wiat\u0142o-i-cia\u0328z\u0307enie_2018_-stal-alfabet-brajla-chlorofil.jpg<\/span> <\/a><a data-fancybox-group=\"button\" title=\"\u015awiat\u0142o i ci\u0105\u017cenie \/ Rze\u017aba karmiona \u015bwiat\u0142em_ 2018-21_ inskrypcja brajlem s\u0142owa \u201e\u015bwiat\u0142o\u201d, stal, ro\u015bliny, rdza, chlorofil\" data-fancybox=\"1367\" href=\"https:\/\/us.edu.pl\/instytut\/isp\/wp-content\/uploads\/sites\/46\/Bez-kategorii\/6-1.jpg\" class=\"gallery__item thumbnail\"\r\n                                    style=\"background-image: url(https:\/\/us.edu.pl\/instytut\/isp\/wp-content\/uploads\/sites\/46\/Bez-kategorii\/6-1-678x1024.jpg)\"> <span class=\"d-none\">https:\/\/us.edu.pl\/instytut\/isp\/wp-content\/uploads\/sites\/46\/Bez-kategorii\/6-1.jpg<\/span> <\/a><a data-fancybox-group=\"button\" title=\"\u017baglowiec w studni \/ Dno nieba_ 2006_ interwencja, pierwsza woda, dzieci\u0119ca zabawka, 15 m w d\u00f3\u0142 i w g\u00f3r\u0119 ku niesko\u0144czono\u015bci        \" data-fancybox=\"1367\" href=\"https:\/\/us.edu.pl\/instytut\/isp\/wp-content\/uploads\/sites\/46\/Bez-kategorii\/7-1.jpg\" class=\"gallery__item thumbnail\"\r\n                                    style=\"background-image: url(https:\/\/us.edu.pl\/instytut\/isp\/wp-content\/uploads\/sites\/46\/Bez-kategorii\/7-1-1024x856.jpg)\"> <span class=\"d-none\">https:\/\/us.edu.pl\/instytut\/isp\/wp-content\/uploads\/sites\/46\/Bez-kategorii\/7-1.jpg<\/span> <\/a><a data-fancybox-group=\"button\" title=\"Kamie\u0144 winy_ 2006\/2020_ p\u0119kni\u0119cie, porfir, drut\" data-fancybox=\"1367\" href=\"https:\/\/us.edu.pl\/instytut\/isp\/wp-content\/uploads\/sites\/46\/Bez-kategorii\/8-1.jpg\" class=\"gallery__item thumbnail\"\r\n                                    style=\"background-image: url(https:\/\/us.edu.pl\/instytut\/isp\/wp-content\/uploads\/sites\/46\/Bez-kategorii\/8-1-1024x727.jpg)\"> <span class=\"d-none\">https:\/\/us.edu.pl\/instytut\/isp\/wp-content\/uploads\/sites\/46\/Bez-kategorii\/8-1.jpg<\/span> <\/a>\r\n                            <\/div>\r\n                    <\/div>\r\n                <\/div>[\/vc_column][\/vc_row]<\/p>","protected":false},"excerpt":{"rendered":"<p>[vc_row][vc_column][\/vc_column][\/vc_row][vc_row][vc_column][\/vc_column][\/vc_row] [&#8230;]<\/p>\n<p><a class=\"btn btn-secondary understrap-read-more-link\" href=\"https:\/\/us.edu.pl\/instytut\/isp\/wykladowcy\/prof-dr-hab-krystyna-pasterczyk\/\">Read More&#8230;<\/a><\/p>\n","protected":false},"author":110,"featured_media":0,"parent":995,"menu_order":0,"comment_status":"closed","ping_status":"closed","template":"","meta":{"_expiration-date-status":"","_expiration-date":0,"_expiration-date-type":"","_expiration-date-categories":[],"_expiration-date-options":[]},"acf":[],"_links":{"self":[{"href":"https:\/\/us.edu.pl\/instytut\/isp\/wp-json\/wp\/v2\/pages\/1036"}],"collection":[{"href":"https:\/\/us.edu.pl\/instytut\/isp\/wp-json\/wp\/v2\/pages"}],"about":[{"href":"https:\/\/us.edu.pl\/instytut\/isp\/wp-json\/wp\/v2\/types\/page"}],"author":[{"embeddable":true,"href":"https:\/\/us.edu.pl\/instytut\/isp\/wp-json\/wp\/v2\/users\/110"}],"replies":[{"embeddable":true,"href":"https:\/\/us.edu.pl\/instytut\/isp\/wp-json\/wp\/v2\/comments?post=1036"}],"version-history":[{"count":10,"href":"https:\/\/us.edu.pl\/instytut\/isp\/wp-json\/wp\/v2\/pages\/1036\/revisions"}],"predecessor-version":[{"id":3196,"href":"https:\/\/us.edu.pl\/instytut\/isp\/wp-json\/wp\/v2\/pages\/1036\/revisions\/3196"}],"up":[{"embeddable":true,"href":"https:\/\/us.edu.pl\/instytut\/isp\/wp-json\/wp\/v2\/pages\/995"}],"wp:attachment":[{"href":"https:\/\/us.edu.pl\/instytut\/isp\/wp-json\/wp\/v2\/media?parent=1036"}],"curies":[{"name":"wp","href":"https:\/\/api.w.org\/{rel}","templated":true}]}}