{"id":1599,"date":"2023-06-13T19:46:50","date_gmt":"2023-06-13T17:46:50","guid":{"rendered":"https:\/\/us.edu.pl\/instytut\/idkm\/?page_id=1599"},"modified":"2023-11-24T13:47:37","modified_gmt":"2023-11-24T12:47:37","slug":"konferencja-komunikacja-medialna-w-badaniach-i-praktyce-komunikowanie-sie-w-ciekawych-czasach-ustron-27-28-listopada-2023","status":"publish","type":"page","link":"https:\/\/us.edu.pl\/instytut\/idkm\/wspolpraca\/krajowa\/konferencja-komunikacja-medialna-w-badaniach-i-praktyce-komunikowanie-sie-w-ciekawych-czasach-ustron-27-28-listopada-2023\/","title":{"rendered":"Konferencja: Komunikacja medialna w badaniach i praktyce. Komunikowanie (si\u0119) w ciekawych czasach, Ustro\u0144, 27-28 listopada 2023"},"content":{"rendered":"<p><\/p>\n<p style=\"text-align: center;\"><span style=\"font-family: verdana, geneva, sans-serif; font-size: 14pt;\"><img class=\"aligncenter wp-image-1600\" src=\"https:\/\/us.edu.pl\/instytut\/idkm\/wp-content\/uploads\/sites\/30\/Bez-kategorii\/strona-01.jpg\" alt=\"\" width=\"920\" height=\"518\" srcset=\"https:\/\/us.edu.pl\/instytut\/idkm\/wp-content\/uploads\/sites\/30\/Bez-kategorii\/strona-01.jpg 1920w, https:\/\/us.edu.pl\/instytut\/idkm\/wp-content\/uploads\/sites\/30\/Bez-kategorii\/strona-01-300x169.jpg 300w, https:\/\/us.edu.pl\/instytut\/idkm\/wp-content\/uploads\/sites\/30\/Bez-kategorii\/strona-01-1024x576.jpg 1024w, https:\/\/us.edu.pl\/instytut\/idkm\/wp-content\/uploads\/sites\/30\/Bez-kategorii\/strona-01-768x432.jpg 768w, https:\/\/us.edu.pl\/instytut\/idkm\/wp-content\/uploads\/sites\/30\/Bez-kategorii\/strona-01-1536x864.jpg 1536w, https:\/\/us.edu.pl\/instytut\/idkm\/wp-content\/uploads\/sites\/30\/Bez-kategorii\/strona-01-575x323.jpg 575w\" sizes=\"(max-width: 920px) 100vw, 920px\" \/><\/span><\/p>\n<p>&nbsp;<\/p>\n<hr \/>\n<p>&nbsp;<\/p>\n<h2 style=\"text-align: center;\"><img class=\"aligncenter wp-image-1638 size-full\" src=\"https:\/\/us.edu.pl\/instytut\/idkm\/wp-content\/uploads\/sites\/30\/Bez-kategorii\/logo-ptks2.jpg\" alt=\"\" width=\"893\" height=\"734\" srcset=\"https:\/\/us.edu.pl\/instytut\/idkm\/wp-content\/uploads\/sites\/30\/Bez-kategorii\/logo-ptks2.jpg 893w, https:\/\/us.edu.pl\/instytut\/idkm\/wp-content\/uploads\/sites\/30\/Bez-kategorii\/logo-ptks2-300x247.jpg 300w, https:\/\/us.edu.pl\/instytut\/idkm\/wp-content\/uploads\/sites\/30\/Bez-kategorii\/logo-ptks2-768x631.jpg 768w, https:\/\/us.edu.pl\/instytut\/idkm\/wp-content\/uploads\/sites\/30\/Bez-kategorii\/logo-ptks2-575x473.jpg 575w\" sizes=\"(max-width: 893px) 100vw, 893px\" \/><\/p>\n<p><a href=\"https:\/\/us.edu.pl\/instytut\/idkm\/wp-content\/uploads\/sites\/30\/Bez-kategorii\/program-maly_12.pdf\" class=\"mtli_attachment mtli_pdf\" data-mtli=\"mtli_filesize108,73kB\">PROGRAM KONFERENCJI<\/a><\/h2>\n<p>&nbsp;<\/p>\n<p>&nbsp;<\/p>\n<hr \/>\n<p style=\"padding-left: 40px; text-align: right;\"><strong><span style=\"font-size: 18pt;\"><em>Chaos zawsze pokonuje porz\u0105dek, gdy\u017c jest lepiej zorganizowany.<\/em><br \/>\nTerry Pratchett, &#8222;Ciekawe czasy&#8221;<\/span><\/strong><\/p>\n<p style=\"padding-left: 40px;\"><span style=\"font-size: 18pt;\">Zapraszamy Pa\u0144stwa na pierwsz\u0105 konferencj\u0119 naukow\u0105 z cyklu \u201eKomunikacja medialna w badaniach i praktyce\u201d, kt\u00f3rej temat przewodni brzmi \u201eKomunikowanie (si\u0119) w ciekawych czasach\u201d. Konferencja jest organizowana przez Instytut Dziennikarstwa i Komunikacji Medialnej Uniwersytetu \u015al\u0105skiego w Katowicach i odb\u0119dzie si\u0119 w dniach 27-28 listopada 2023 roku w formie stacjonarnej w Ustroniu w hotelu Jask\u00f3\u0142ka, ul. Zdrojowa 10.<\/span><\/p>\n<p style=\"padding-left: 40px;\"><span style=\"font-size: 18pt;\">Patronat nad konferencj\u0105 obj\u0119\u0142y: Polskie Towarzystwo Komunikacji Spo\u0142ecznej oraz Centrum Badania Opinii Spo\u0142ecznej.<\/span><\/p>\n<p>&nbsp;<\/p>\n<p style=\"padding-left: 40px;\"><span style=\"font-size: 18pt;\">Motywem przewodnim pierwszego spotkania b\u0119dzie stare chi\u0144skie przys\u0142owie \u201eOby\u015b \u017cy\u0142 w ciekawych czasach\u201d, kt\u00f3re jednocze\u015bnie sta\u0142o si\u0119 swego rodzaju przekle\u0144stwem. W ci\u0105gu ostatnich kilku lat do\u015bwiadczyli\u015bmy zawrotnych zmian spo\u0142ecznych, historycznych, ekonomicznych, politycznych i innych. Wszystkim tym do\u015bwiadczeniom jednostkowym i masowym towarzyszy\u0142y media \u2013 jednocze\u015bnie jako \u015brodek komunikacji, \u0142\u0105czno\u015bci, nacisku, fragmentaryzacji, integracji, informacji i dezinformacji. Nawi\u0105zuj\u0105c do cytatu Terry\u2019ego Pratchetta, to na Nas naukowcach i praktykach spoczywa odpowiedzialno\u015b\u0107 dog\u0142\u0119bnego poznania zachodz\u0105cych zmian w otoczeniu oraz ich wyja\u015bnienia, a tym samym wprowadzenia elementu porz\u0105dku w istot\u0119 chaosu. Zgodnie z t\u0105 ide\u0105, celem naszej konferencji jest umo\u017cliwienie zebrania spostrze\u017ce\u0144 i wynik\u00f3w bada\u0144 na temat przemian, kt\u00f3re zasz\u0142y w ostatnich latach. W czasie tego okresu nast\u0105pi\u0142y zmiany systemowe i spo\u0142eczne, dokonuj\u0105ce si\u0119 pod wp\u0142ywem zar\u00f3wno rewolucji (pojedynczych wydarze\u0144), jak i ewolucji (powolnych zmian jako\u015bciowych). Dotycz\u0105 one mi\u0119dzy innymi przemian pokoleniowych w sposobie korzystania z medi\u00f3w czy rozwoju technologii komunikacyjnych.<\/span><\/p>\n<p style=\"padding-left: 40px;\"><span style=\"font-size: 18pt;\">W ramach naszej konferencji szczeg\u00f3ln\u0105 uwag\u0119 chcieliby\u015bmy po\u015bwi\u0119ci\u0107 nast\u0119puj\u0105cym zagadnieniom:<\/span><\/p>\n<p style=\"padding-left: 80px;\"><span style=\"font-size: 18pt;\">1. Ciekawe i nowe &#8211; jakie zmiany w komunikacji wprowadza sztuczna inteligencja, a tak\u017ce jak\u0105 rol\u0119 odgrywaj\u0105 media spo\u0142eczno\u015bciowe, w szczeg\u00f3lno\u015bci w procesie komunikowania (si\u0119) m\u0142odego pokolenia.<\/span><\/p>\n<p style=\"padding-left: 80px;\"><span style=\"font-size: 18pt;\">2. Ciekawe i straszne &#8211; koncentracja na obrazie katastrof, kryzys\u00f3w i konflikt\u00f3w przedstawianych w mediach i za po\u015brednictwem medi\u00f3w.<\/span><\/p>\n<p style=\"padding-left: 80px;\"><span style=\"font-size: 18pt;\">3. Cyklicznie ciekawe &#8211; przedstawienie wynik\u00f3w analiz kampanii wyborczych<\/span><br \/>\n<span style=\"font-size: 18pt;\">i komunikacji politycznej.<\/span><\/p>\n<p style=\"padding-left: 80px;\"><span style=\"font-size: 18pt;\">4. Nadal ciekawe &#8211; pr\u00f3ba dokonania diagnozy funkcjonowania starych medi\u00f3w<\/span><br \/>\n<span style=\"font-size: 18pt;\">w nowej ods\u0142onie, komunikowania lokalnego i komunikacji spo\u0142ecznej, a tak\u017ce najwa\u017cniejszych zmian w systemach medialnych w Polsce i na \u015bwiecie.<\/span><\/p>\n<p style=\"padding-left: 80px;\"><span style=\"font-size: 18pt;\">5. Ciekawa inno\u015b\u0107 &#8211; pokazanie odmienno\u015bci oraz r\u00f3\u017cnorodno\u015bci komunikowania mi\u0119dzynarodowego i mi\u0119dzykulturowego oraz wzi\u0119cie pod uwag\u0119 analizy medi\u00f3w mniejszo\u015bci i diaspor.<\/span><\/p>\n<p style=\"padding-left: 80px;\"><span style=\"font-size: 18pt;\">6. Ciekawa historia &#8211; przedstawienie case study i analizy przypadk\u00f3w dotycz\u0105cych komunikowania si\u0119 w dynamicznie zmieniaj\u0105cych si\u0119 czasach, z drugiej strony skupienie si\u0119 na aspektach historycznych, kt\u00f3re wp\u0142ywaj\u0105 na dzisiejsz\u0105 rzeczywisto\u015b\u0107 spo\u0142eczno-medialn\u0105.<\/span><\/p>\n<p style=\"padding-left: 80px;\"><span style=\"font-size: 18pt;\">7. Rozrywka w ciekawych czasach &#8211; uwzgl\u0119dnienie zmieniaj\u0105cego si\u0119 poj\u0119cia tego, co uznajemy za rozrywk\u0119 i form\u0119 zabawy oraz jak nowe technologie wp\u0142yn\u0119\u0142y na urozrywkowienie r\u00f3\u017cnych sfer \u017cycia cz\u0142owieka. Drugim aspektem branym pod uwag\u0119 jest to, jak postacie ze \u015bwiata rozrywki staj\u0105 si\u0119 autorytetami<\/span><br \/>\n<span style=\"font-size: 18pt;\">i wp\u0142ywaj\u0105 na opini\u0119 spo\u0142eczn\u0105.<\/span><\/p>\n<hr \/>\n<p style=\"text-align: center;\"><span style=\"font-size: 18pt;\"><strong>Zg\u0142oszenia<\/strong> przyjmujemy za pomoc\u0105 <a href=\"https:\/\/us.edu.pl\/instytut\/idkm\/konferencja\">formularza elektronicznego<\/a>:<\/span><\/p>\n<p style=\"text-align: center;\"><strong><span style=\"font-size: 18pt;\">do dnia 15.09.2023.<\/span><\/strong><\/p>\n<p style=\"text-align: center;\"><strong><span style=\"font-size: 18pt;\">J\u0119zyki konferencji:<\/span><\/strong><\/p>\n<p style=\"text-align: center;\"><span style=\"font-size: 18pt;\">polski, angielski<\/span><\/p>\n<hr \/>\n<p style=\"padding-left: 40px;\"><span style=\"font-size: 18pt;\">Op\u0142ata konferencyjna wynosi:<\/span><\/p>\n<ul>\n<li style=\"list-style-type: none;\">\n<ul>\n<li style=\"list-style-type: none;\">\n<ul style=\"list-style-type: disc;\">\n<li><span style=\"font-size: 18pt;\">800 z\u0142 \u2013 op\u0142ata za udzia\u0142 w konferencji wraz z wy\u017cywieniem (zakwaterowanie w pokoju jednoosobowym) (dla cz\u0142onki\u0144 i cz\u0142onk\u00f3w PTKS 750 z\u0142)<\/span><\/li>\n<li><span style=\"font-size: 18pt;\">650 z\u0142 \u2013 op\u0142ata podstawowa za udzia\u0142 w konferencji wraz z wy\u017cywieniem (zakwaterowanie w pokoju dwuosobowym) (dla cz\u0142onki\u0144 i cz\u0142onk\u00f3w PTKS 600 z\u0142)<\/span><\/li>\n<li><span style=\"font-size: 18pt;\">575 z\u0142 \u2013 op\u0142ata dla doktorantek i doktorant\u00f3w (zakwaterowanie w pokoju dwuosobowym)<\/span><\/li>\n<\/ul>\n<\/li>\n<\/ul>\n<\/li>\n<\/ul>\n<p style=\"padding-left: 40px;\"><span style=\"font-size: 18pt;\">W jej ramach zapewniamy materia\u0142y konferencyjne, nocleg, wy\u017cywienie (w tym przerwy kawowe i uroczyst\u0105 kolacj\u0119 w pierwszym dniu konferencji) oraz publikacj\u0119, w czasopi\u015bmie \u201eStudia Politicae Universitatis Silesiansis\u201d (40 pkt. wg MEiN, ISSN 2353-9747 \u2013 wersja elektroniczna), dla tekst\u00f3w, kt\u00f3re zostan\u0105 zaakceptowane przez recenzent\u00f3w.<\/span><\/p>\n<p style=\"padding-left: 40px; text-align: center;\"><strong><span style=\"font-size: 18pt;\">Zakwaterowanie*:<\/span><\/strong><\/p>\n<p style=\"padding-left: 40px; text-align: center;\"><span style=\"font-size: 18pt;\">Hotel Jask\u00f3\u0142ka ul. Zdrojowa 10, 43-450 Ustro\u0144<\/span><\/p>\n<p style=\"padding-left: 40px; text-align: left;\"><span style=\"font-size: 14pt;\">* Istnieje mo\u017cliwo\u015b\u0107 indywidualnego zarezerwowania dodatkowego noclegu dnia 26 listopada 2023.<\/span><\/p>\n<hr \/>\n<p style=\"padding-left: 40px;\"><span style=\"font-size: 18pt;\"><strong>Przewodnicz\u0105cy komitetu naukowego:<\/strong><\/span><\/p>\n<p style=\"padding-left: 40px;\"><span style=\"font-size: 18pt;\">dr hab. Mariusz Kolczy\u0144ski, prof. U\u015a (Uniwersytet \u015al\u0105ski w Katowicach)<\/span><\/p>\n<p style=\"padding-left: 40px;\"><span style=\"font-size: 18pt;\"><strong>Sk\u0142ad komitetu naukowego:<\/strong><br \/>\n<\/span><br \/>\n<span style=\"font-size: 18pt;\">dr hab. Olga D\u0105browska-Cendrowska, prof. UJK (Uniwersytet Jana Kochanowskiego w Kielcach)<\/span><\/p>\n<p style=\"padding-left: 40px;\"><span style=\"font-size: 18pt;\">prof. Bogus\u0142awa Dobek-Ostrowska (Uniwersytet Wroc\u0142awski)<\/span><\/p>\n<p style=\"padding-left: 40px;\"><span style=\"font-size: 18pt;\">dr hab. Krystyna Doktorowicz, prof. U\u015a (Uniwersytet \u015al\u0105ski w Katowicach)<\/span><\/p>\n<p style=\"padding-left: 40px;\"><span style=\"font-size: 18pt;\">prof. Jerzy Go\u0142uchowski (Uniwersytet Ekonomiczny w Katowicach)<\/span><\/p>\n<p style=\"padding-left: 40px;\"><span style=\"font-size: 18pt;\">dr hab. Agnieszka Hess, prof. UJ (Uniwersytet Jagiello\u0144ski w Krakowie)<\/span><\/p>\n<p style=\"padding-left: 40px;\"><span style=\"font-size: 18pt;\">prof. Iwona Hofman (Uniwersytet Marii Curie-Sk\u0142odowskiej)<\/span><\/p>\n<p style=\"padding-left: 40px;\"><span style=\"font-size: 18pt;\">dr hab. Agnieszka \u0141ukasik-Turecka, prof. KUL (Katolicki Uniwersytet Lubelski Jana Paw\u0142a II)<\/span><\/p>\n<p style=\"padding-left: 40px;\"><span style=\"font-size: 18pt;\">dr hab. Ewa Marciniak (Centrum Badania Opinii Spo\u0142ecznej)<\/span><\/p>\n<p style=\"padding-left: 40px;\"><span style=\"font-size: 18pt;\">dr hab. Ma\u0142gorzata Mol\u0119da-Zdziech, prof. SGH (Szko\u0142a G\u0142\u00f3wna Handlowa w Warszawie)<\/span><\/p>\n<p style=\"padding-left: 40px;\"><span style=\"font-size: 18pt;\">prof. Stanis\u0142aw Michalczyk (Uniwersytet \u015al\u0105ski w Katowicach)<\/span><\/p>\n<p style=\"padding-left: 40px;\"><span style=\"font-size: 18pt;\">dr hab. Dorota Piontek, prof. UAM (Uniwersytet im. Adama Mickiewicza w Poznaniu)<\/span><\/p>\n<p style=\"padding-left: 40px;\"><span style=\"font-size: 18pt;\">prof. Kazimierz Wolny-Zmorzy\u0144ski (Uniwersytet \u015al\u0105ski w Katowicach)<\/span><\/p>\n<p>&nbsp;<\/p>\n<p style=\"padding-left: 40px;\"><span style=\"font-size: 18pt;\"><strong>Przewodnicz\u0105ca komitetu organizacyjnego:<\/strong><\/span><\/p>\n<p style=\"padding-left: 40px;\"><span style=\"font-size: 18pt;\">dr hab. Dagmara G\u0142uszek-Szafraniec, prof. U\u015a (Uniwersytet \u015al\u0105ski w Katowicach)<br \/>\n<\/span><br \/>\n<span style=\"font-size: 18pt;\"><strong>Sk\u0142ad komitetu organizacyjnego:<\/strong><\/span><\/p>\n<p style=\"padding-left: 40px;\"><span style=\"font-size: 18pt;\">dr hab. Miros\u0142awa Wielopolska-Szymura<\/span><\/p>\n<p style=\"padding-left: 40px;\"><span style=\"font-size: 18pt;\">dr Katarzyna Brzoza-Kolorz (Uniwersytet \u015al\u0105ski w Katowicach)<\/span><\/p>\n<p style=\"padding-left: 40px;\"><span style=\"font-size: 18pt;\">dr Agnieszka Grzesiok-Horosz (Uniwersytet \u015al\u0105ski w Katowicach)<\/span><\/p>\n<p style=\"padding-left: 40px;\"><span style=\"font-size: 18pt;\">dr Monika Kornacka-Grzonka (Uniwersytet \u015al\u0105ski w Katowicach)<\/span><\/p>\n<p style=\"padding-left: 40px;\"><span style=\"font-size: 18pt;\">dr Barbara Leja (Uniwersytet \u015al\u0105ski w Katowicach)<\/span><\/p>\n<p style=\"padding-left: 40px;\"><span style=\"font-size: 18pt;\">mgr Zbigniew Markowski (Uniwersytet \u015al\u0105ski w Katowicach)<\/span><\/p>\n<p style=\"padding-left: 40px;\"><span style=\"font-size: 18pt;\">dr hab. Yuliana Palagnuyk, prof. U\u015a (Uniwersytet \u015al\u0105ski w Katowicach)<\/span><\/p>\n<p style=\"padding-left: 40px;\"><span style=\"font-size: 18pt;\">dr Waldemar Sobera (Uniwersytet \u015al\u0105ski w Katowicach)<\/span><\/p>\n<p>&nbsp;<\/p>\n<hr \/>\n<p>&nbsp;<\/p>\n<p style=\"padding-left: 40px;\"><span style=\"font-size: 18pt;\"><strong>Wszelkie pytania i w\u0105tpliwo\u015bci prosimy kierowa\u0107 na adres mailowy:<\/strong> <a href=\"mailto:konferencja.idikm.us@gmail.com\">konferencja.idikm.us@gmail.com<\/a><\/span><\/p>\n<p style=\"padding-left: 40px; text-align: right;\"><span style=\"font-size: 18pt;\">Serdecznie zapraszamy do nadsy\u0142ania zg\u0142osze\u0144 i do zobaczenia w Ustroniu,<\/span><\/p>\n<p style=\"padding-left: 40px; text-align: right;\"><em><span style=\"font-size: 18pt;\">Komitet Organizacyjny konferencji naukowej \u201eKomunikacja medialna w badaniach i praktyce\u201d<\/span><\/em><\/p>\n<p>&nbsp;<\/p>\n<style type=\"text\/css\">a[data-mtli~=\"mtli_filesize108,73kB\"]:after {content:\" (108,73 kB)\"}<\/style>","protected":false},"excerpt":{"rendered":"<p>&nbsp; &nbsp; PROGRAM KONFERENCJI &nbsp; &nbsp; Chaos zawsze pokonuje porz\u0105dek, gdy\u017c jest lepiej zorganizowany. Terry Pratchett, &#8222;Ciekawe czasy&#8221; Zapraszamy Pa\u0144stwa na pierwsz\u0105 konferencj\u0119 naukow\u0105 z cyklu \u201eKomunikacja medialna w badaniach i praktyce\u201d, kt\u00f3rej temat przewodni brzmi \u201eKomunikowanie (si\u0119) w ciekawych czasach\u201d. Konferencja jest organizowana przez Instytut Dziennikarstwa i Komunikacji Medialnej Uniwersytetu \u015al\u0105skiego w Katowicach i [&#8230;]<\/p>\n<p><a class=\"btn btn-secondary understrap-read-more-link\" href=\"https:\/\/us.edu.pl\/instytut\/idkm\/wspolpraca\/krajowa\/konferencja-komunikacja-medialna-w-badaniach-i-praktyce-komunikowanie-sie-w-ciekawych-czasach-ustron-27-28-listopada-2023\/\">Read More&#8230;<\/a><\/p>\n","protected":false},"author":202,"featured_media":1600,"parent":174,"menu_order":0,"comment_status":"closed","ping_status":"closed","template":"","meta":{"_expiration-date-status":"","_expiration-date":0,"_expiration-date-type":"","_expiration-date-categories":[],"_expiration-date-options":[]},"acf":[],"_links":{"self":[{"href":"https:\/\/us.edu.pl\/instytut\/idkm\/wp-json\/wp\/v2\/pages\/1599"}],"collection":[{"href":"https:\/\/us.edu.pl\/instytut\/idkm\/wp-json\/wp\/v2\/pages"}],"about":[{"href":"https:\/\/us.edu.pl\/instytut\/idkm\/wp-json\/wp\/v2\/types\/page"}],"author":[{"embeddable":true,"href":"https:\/\/us.edu.pl\/instytut\/idkm\/wp-json\/wp\/v2\/users\/202"}],"replies":[{"embeddable":true,"href":"https:\/\/us.edu.pl\/instytut\/idkm\/wp-json\/wp\/v2\/comments?post=1599"}],"version-history":[{"count":10,"href":"https:\/\/us.edu.pl\/instytut\/idkm\/wp-json\/wp\/v2\/pages\/1599\/revisions"}],"predecessor-version":[{"id":1706,"href":"https:\/\/us.edu.pl\/instytut\/idkm\/wp-json\/wp\/v2\/pages\/1599\/revisions\/1706"}],"up":[{"embeddable":true,"href":"https:\/\/us.edu.pl\/instytut\/idkm\/wp-json\/wp\/v2\/pages\/174"}],"wp:featuredmedia":[{"embeddable":true,"href":"https:\/\/us.edu.pl\/instytut\/idkm\/wp-json\/wp\/v2\/media\/1600"}],"wp:attachment":[{"href":"https:\/\/us.edu.pl\/instytut\/idkm\/wp-json\/wp\/v2\/media?parent=1599"}],"curies":[{"name":"wp","href":"https:\/\/api.w.org\/{rel}","templated":true}]}}