{"id":755,"date":"2020-11-08T11:53:01","date_gmt":"2020-11-08T10:53:01","guid":{"rendered":"https:\/\/us.edu.pl\/instytut\/idkm\/?page_id=755"},"modified":"2020-11-08T15:19:35","modified_gmt":"2020-11-08T14:19:35","slug":"zegnamy-z-wielkim-smutkiem-profesora-zbigniewa-oniszczuka","status":"publish","type":"page","link":"https:\/\/us.edu.pl\/instytut\/idkm\/zegnamy-z-wielkim-smutkiem-profesora-zbigniewa-oniszczuka\/","title":{"rendered":"\u017begnamy z wielkim smutkiem Profesora Zbigniewa Oniszczuka&#8230;"},"content":{"rendered":"<p><\/p>\n<p style=\"padding-left: 40px\"><strong><span style=\"font-size: 14pt\">Od 1981 roku zwi\u0105zany by\u0142 z Zak\u0142adem Dziennikarstwa Uniwersytetu \u015al\u0105skiego w Katowicach. Od 2014 roku by\u0142 kierownikiem Zak\u0142adu Komunikowania Mi\u0119dzynarodowego i System\u00f3w Medialnych w Instytucie Nauk Politycznych i Dziennikarstwa U\u015a. W latach 2005-2012 by\u0142 zast\u0119pc\u0105 Dyrektora Mi\u0119dzywydzia\u0142owych Indywidualnych Studi\u00f3w Humanistycznych. Za dzia\u0142alno\u015b\u0107 naukow\u0105 by\u0142 nagradzany Nagrod\u0105 JM Rektora w roku 2003, 2007 i 2017. By\u0142 r\u00f3wnie\u017c stypendyst\u0105 niemieckiej Fundacji Konrada Adenauera i Instytutu Dziennikarstwa Uniwersytetu w Salzburgu oraz cz\u0142onkiem Niemieckiego Towarzystwa Medioznawczego &#8211; Deutsche Gesellschaft f\u00fcr Publizistik und Kommunikationswissenschaft (od 2004 r.). W roku 2007 zak\u0142ada\u0142 wraz z innymi badaczami medi\u00f3w Polskie Towarzystwo Komunikacji Spo\u0142ecznej. Do 2019 roku pe\u0142ni\u0142 funkcj\u0119 wiceprezesa PTKS oraz przewodnicz\u0105cego konkursu DOKTORAT.<\/span><\/strong><\/p>\n<p style=\"padding-left: 40px\"><span style=\"font-size: 14pt\">Profesor by\u0142 autorem kilkudziesi\u0119ciu artyku\u0142\u00f3w i rozpraw poruszaj\u0105cych problemy funkcjonowania medi\u00f3w masowych, ich relacji z systemem politycznym, udzia\u0142u medi\u00f3w w komunikowaniu politycznym i public relations, przemian w systemie medialnym Polski i innych kraj\u00f3w. W\u015br\u00f3d tych publikacji szczeg\u00f3lne miejsce zajmuje autorska ksi\u0105\u017cka \u201eKszta\u0142towanie si\u0119 polityki medialnej (Medienpolitik) rz\u0105du RFN w latach 1949-1989\u201d (Katowice 2002) oraz wsp\u00f3\u0142redagowane prace zbiorowe \u201eMa\u0142o znane systemy medialne\u201d (Sosnowiec 2007) i \u201eSystemy medialne kraj\u00f3w ba\u0142ka\u0144skich\u201d (Sosnowiec 2009), a tak\u017ce redagowana samodzielnie monografia zbiorowa \u201eSystemy medialne w dobie cyfryzacji. Kierunki i skala przemian\u201d (Katowice 2015). Publikowa\u0142 r\u00f3wnie\u017c w Niemczech, Austrii i Rosji.<\/span><\/p>\n<p style=\"padding-left: 40px\"><span style=\"font-size: 14pt\">W latach 2016-2020 kierowa\u0142 projektem NCN OPUS 10, kt\u00f3ry dotyczy\u0142 bada\u0144 nad powi\u0105zaniami pomi\u0119dzy elitami medi\u00f3w i polityki w Polsce. Ten ostatni wielki projekt badawczy zosta\u0142 zwie\u0144czony publikacj\u0105 wszystkich cz\u0142onk\u00f3w zespo\u0142u grantowego \u201eThe Elites of the Media versus the Elites of Politics in Poland\u201d.<\/span><\/p>\n<p style=\"padding-left: 40px\"><span style=\"font-size: 14pt\">My zapami\u0119tamy Go jako cz\u0142owieka wielkiej energii, pe\u0142nego entuzjazmu, kt\u00f3rym zara\u017ca\u0142 innych. Z humorem i dystansem potrafi\u0142 opowiada\u0107 o sobie i swoich podr\u00f3\u017cach po Polsce. Z zapa\u0142em uprawia\u0142 sport. Szybko zjednywa\u0142 sobie ludzi, by\u0142 niezwykle lubiany i ceniony przez student\u00f3w i pracownik\u00f3w. Nie mia\u0142 obaw, aby wdawa\u0107 si\u0119 z nimi w naukowe <\/span><span style=\"font-size: 14pt\">dyskusje. Zara\u017ca\u0142 swoj\u0105 pasj\u0105, a jednocze\u015bnie prezentowa\u0142 wszechstronn\u0105 wiedz\u0119 i klas\u0119. Z szacunkiem podchodzi\u0142 do swoich rozm\u00f3wc\u00f3w.<\/span><\/p>\n<p style=\"padding-left: 40px\"><span style=\"font-size: 14pt\">Jego g\u0142os i \u015bmiech rozbrzmiewa\u0142y po korytarzach Wydzia\u0142u Nauk Spo\u0142ecznych zawsze, gdy si\u0119 pojawia\u0142 na Uniwersytecie. By\u0142 ciep\u0142y, przyjazny, pozytywnie nastawiony do \u017cycia i ludzi. Optymistycznie patrzy\u0142 w przysz\u0142o\u015b\u0107. Walczy\u0142 do samego ko\u0144ca i nigdy si\u0119 nie poddawa\u0142.<\/span><\/p>\n<p style=\"padding-left: 40px\"><span style=\"font-size: 14pt\">Dla nas pozostanie wspania\u0142ym Przyjacielem, Koleg\u0105, Mentorem.<\/span><\/p>\n<p>&nbsp;<\/p>\n<p style=\"padding-left: 40px\"><span style=\"font-size: 14pt\">REQUIESCAT IN PACE<\/span><\/p>\n<p style=\"text-align: center\"><img class=\"alignnone wp-image-765 size-full\" src=\"https:\/\/us.edu.pl\/instytut\/idkm\/wp-content\/uploads\/sites\/30\/2020\/11\/05.jpg\" alt=\"\" width=\"500\" height=\"355\" srcset=\"https:\/\/us.edu.pl\/instytut\/idkm\/wp-content\/uploads\/sites\/30\/2020\/11\/05.jpg 500w, https:\/\/us.edu.pl\/instytut\/idkm\/wp-content\/uploads\/sites\/30\/2020\/11\/05-300x213.jpg 300w\" sizes=\"(max-width: 500px) 100vw, 500px\" \/><\/p>\n<p>&nbsp;<\/p>\n<p style=\"text-align: center\"><img class=\"alignnone wp-image-766 size-full\" src=\"https:\/\/us.edu.pl\/instytut\/idkm\/wp-content\/uploads\/sites\/30\/Nieprzypisane\/06.jpg\" alt=\"\" width=\"1000\" height=\"440\" srcset=\"https:\/\/us.edu.pl\/instytut\/idkm\/wp-content\/uploads\/sites\/30\/Nieprzypisane\/06.jpg 1000w, https:\/\/us.edu.pl\/instytut\/idkm\/wp-content\/uploads\/sites\/30\/Nieprzypisane\/06-300x132.jpg 300w, https:\/\/us.edu.pl\/instytut\/idkm\/wp-content\/uploads\/sites\/30\/Nieprzypisane\/06-768x338.jpg 768w, https:\/\/us.edu.pl\/instytut\/idkm\/wp-content\/uploads\/sites\/30\/Nieprzypisane\/06-575x253.jpg 575w\" sizes=\"(max-width: 1000px) 100vw, 1000px\" \/><\/p>\n<p style=\"text-align: center\"><img class=\"wp-image-754 size-full aligncenter\" src=\"https:\/\/us.edu.pl\/instytut\/idkm\/wp-content\/uploads\/sites\/30\/2020\/11\/03.jpg\" alt=\"\" width=\"640\" height=\"480\" srcset=\"https:\/\/us.edu.pl\/instytut\/idkm\/wp-content\/uploads\/sites\/30\/2020\/11\/03.jpg 640w, https:\/\/us.edu.pl\/instytut\/idkm\/wp-content\/uploads\/sites\/30\/2020\/11\/03-300x225.jpg 300w, https:\/\/us.edu.pl\/instytut\/idkm\/wp-content\/uploads\/sites\/30\/2020\/11\/03-575x431.jpg 575w\" sizes=\"(max-width: 640px) 100vw, 640px\" \/><\/p>\n<p>&nbsp;<\/p>\n<p style=\"text-align: center\"><img class=\"alignnone wp-image-771 size-full\" src=\"https:\/\/us.edu.pl\/instytut\/idkm\/wp-content\/uploads\/sites\/30\/Nieprzypisane\/07.jpg\" alt=\"\" width=\"527\" height=\"700\" srcset=\"https:\/\/us.edu.pl\/instytut\/idkm\/wp-content\/uploads\/sites\/30\/Nieprzypisane\/07.jpg 527w, https:\/\/us.edu.pl\/instytut\/idkm\/wp-content\/uploads\/sites\/30\/Nieprzypisane\/07-226x300.jpg 226w, https:\/\/us.edu.pl\/instytut\/idkm\/wp-content\/uploads\/sites\/30\/Nieprzypisane\/07-433x575.jpg 433w\" sizes=\"(max-width: 527px) 100vw, 527px\" \/><\/p>\n<p>&nbsp;<\/p>\n<p style=\"padding-left: 40px\"><strong><span style=\"font-size: 14pt\">Dorobek naukowy dr hab. Zbigniewa Oniszczuka, prof. U\u015a<\/span><\/strong><\/p>\n<ul>\n<li><span style=\"font-size: 14pt\">The Elites of the Media versus the Elites of Politics in Poland \/ ed. by Zbigniew Oniszczuk, Dagmara G\u0142uszek-Szafraniec, Miros\u0142awa Wielopolska-Szymura . &#8211; Berlin : Peter Lang, 2020. &#8211; 174 s. &#8211; (Studies in Communication and Politics ; vol. 12). &#8211; ISBN 978-3-631-80067-6<\/span><\/li>\n<li><span style=\"font-size: 14pt\">Theoretical and Practical Aspects of Relations Between Elites in the Mass Media and Politics \/ Zbigniew Oniszczuk \/\/ W: The Elites of the Media versus the Elites of Politics in Poland. &#8211; Berlin : Peter Lang, 2020. &#8211; S. 13-24. &#8211; ISBN 978-3-631-80067-6<\/span><\/li>\n<li><span style=\"font-size: 14pt\">Okruchy moich wspomnie\u0144 o Profesorze \/ Zbigniew Oniszczuk \/\/ Zesz. Prasozn. &#8211; 2019, nr 2, s. 281\u2013282<\/span><\/li>\n<li><span style=\"font-size: 14pt\">Eigene Aktivit\u00e4ten polnischer Onliner im Netz \/ Zbigniew Oniszczuk \/\/ W: Von der Agora zur Cyberworld : Soziale und kulturelle, digitale und nicht-digitale Dimensionen des \u00f6ffentlichen Raumes. &#8211; Berlin : trafo, 2018. &#8211; S. 143-151. &#8211; ISBN 978-3-86464-163-3<\/span><\/li>\n<li><span style=\"font-size: 14pt\">Fenomen popularno\u015bci niemieckich gazet lokalnych i regionalnych \/ Zbigniew Oniszczuk \/\/ W: Komunikowanie lokalno-regionalne w dobie spo\u0142ecze\u0144stwa medialnego. T. 1, Problemy teoretyczno-praktyczne. &#8211; Katowice : Wydawnictwo Uniwersytetu \u015al\u0105skiego, 2018. &#8211; S. 237-247. &#8211; ISBN 978-83-226-3364-9<\/span><\/li>\n<li><span style=\"font-size: 14pt\">Internet jako wa\u017cna przestrze\u0144 komunikacji politycznej \/ Zbigniew Oniszczuk \/\/ W: Na drodze do wyja\u015bnienia problem\u00f3w politycznych : ksi\u0119ga jubileuszowa ofiarowana profesorowi Markowi Bara\u0144skiemu. &#8211; Katowice : Wydawnictwo Uniwersytetu \u015al\u0105skiego, 2018. &#8211; S. 664-674. &#8211; ISBN 978-83-226-3392-2<\/span><\/li>\n<li><span style=\"font-size: 14pt\">Mass Media Usage as the Quality of Life Index in Poland \/ Zbigniew Oniszczuk \/\/ Polit. Preferences. &#8211; 2018, nr 21, s. 41-53<\/span><\/li>\n<li><span style=\"font-size: 14pt\">Wiarygodno\u015b\u0107 medi\u00f3w masowych. Przypadek niemiecki \/ Zbigniew Oniszczuk \/\/ Rocz. Prasozn. &#8211; R. 12 (2018), s. 57-66<\/span><\/li>\n<li><span style=\"font-size: 14pt\">Aktywno\u015b\u0107 niemieckich internaut\u00f3w w mediach spo\u0142eczno\u015bciowych i jej skutki w wymiarze indywidualnym \/ Zbigniew Oniszczuk \/\/ W: Komunikowanie spo\u0142eczne w dobie nowych technologii : praca zbiorowa. &#8211; Pozna\u0144 : Polskie Towarzystwo Komunikacji Spo\u0142ecznej, 2017. &#8211; S. 187-200. &#8211; ISBN 978-83-949981-1-0<\/span><\/li>\n<li><span style=\"font-size: 14pt\">Das Internet als wichtiger. Bereich der politischen Kommunikation in Polen \/ Zbigniew Oniszczuk \/\/ W: Die Zukunft von Medien-R\u00e4umen : zwischen Freiheit und Zw\u00e4ngen. &#8211; Berlin : trafo, 2017. &#8211; S. 115-125. &#8211; ISBN 978-3-86464-150-3<\/span><\/li>\n<li><span style=\"font-size: 14pt\">Komunikacja transnarodowa jako przysz\u0142o\u015b\u0107 komunikowania mi\u0119dzynarodowego? \/ Zbigniew Oniszczuk \/\/ Polit. Preferences. &#8211; 2017, nr 16, s. 5-16<\/span><\/li>\n<li><span style=\"font-size: 14pt\">Media masowe a demokracja &#8211; uj\u0119cie teoretyczne \/ Zbigniew Oniszczuk \/\/ W: Polskie wybory 2014-2015 : kontekst krajowy i mi\u0119dzynarodowy &#8211; przebieg rywalizacji &#8211; konsekwencje polityczne. T. 1. &#8211; Katowice : Wydawnictwo Uniwersytetu \u015al\u0105skiego, 2017. &#8211; S. 11-24. &#8211; ISBN 978-83-226-3068-6<\/span><\/li>\n<li><span style=\"font-size: 14pt\">Zale\u017cno\u015bci \u0142\u0105cz\u0105ce elity sfery medi\u00f3w masowych i polityki Refleksje natury teoretycznej i praktycznej \/ Zbigniew Oniszczuk \/\/ W: Mi\u0119dzy ide\u0105, pasj\u0105 a dzia\u0142aniem : ksi\u0119ga jubileuszowa dedykowana dr. hab. Marianowi Mitr\u0119dze. &#8211; Katowice : Wydawnictwo Uniwersytetu \u015al\u0105skiego, 2017. &#8211; S. 737-746. &#8211; ISBN 978-83-226-3192-8<\/span><\/li>\n<li><span style=\"font-size: 14pt\">Internetowa aktywno\u015b\u0107 niemieckich wydawc\u00f3w prasowych jako czynnik zmian systemowych \/ Zbigniew Oniszczuk \/\/ W: Rozw\u00f3j internetu a zmiany w mediach, systemach medialnych oraz spo\u0142ecznych. &#8211; Warszawa : Instytut Dziennikarstwa Uniwersytetu Warszawskiego, 2016. &#8211; S. 145-154. &#8211; ISBN 978-83-7545-674-5<\/span><\/li>\n<li><span style=\"font-size: 14pt\">Niemieccy wydawcy prasowi wobec wyzwa\u0144 cyfryzacji \/ Zbigniew Oniszczuk \/\/ Zesz. Prasozn. &#8211; 2016, nr 2, s. 440-450<\/span><\/li>\n<li><span style=\"font-size: 14pt\">Niemieckie media masowe jako \u017ar\u00f3d\u0142a informacji (na podstawie bada\u0144 odbioru) \/ Zbigniew Oniszczuk \/\/ W: Wsp\u00f3\u0142czesne media : media informacyjne. T. 1. &#8211; Lublin : Wydawnictwo Uniwersytetu Marii Curie-Sk\u0142odowskiej, 2016. &#8211; S. 13-28. &#8211; ISBN 978-83-7784-799-2<\/span><\/li>\n<li><span style=\"font-size: 14pt\">Die im Netz erzogene Generation in Polen. Ein empirisches Portrat \/ Zbigniew Oniszczuk \/\/ W: Aneignungs- und Nutzungsweisen neuer Medien durch Kreativitat und Kompetenz. &#8211; Berlin : Trafo, 2015. &#8211; S. 201-212. &#8211; ISBN 978-3-86464-097-1<\/span><\/li>\n<li><span style=\"font-size: 14pt\">Nutzung der neuen Medien in der Kommunikation in Polen \/ Marek Jachimowski, Zbigniew Oniszczuk \/\/ W: Neue Medien : Interdependenzen von Technik und Kommunikation. &#8211; Berlin : trafo Wissenschaftsverlag, 2015. &#8211; S. 121-130. &#8211; ISBN 978-3-86464-073-5<\/span><\/li>\n<li><span style=\"font-size: 14pt\">Strukturalne nast\u0119pstwa cyfryzacji w niemieckim systemie medialnym \/ Zbigniew Oniszczuk \/\/ W: Systemy medialne w dobie cyfryzacji : kierunki i skala przemian. &#8211; Katowice : Wydawnictwo Uniwersytetu \u015al\u0105skiego, 2015. &#8211; S. 9-20. &#8211; ISBN 978-83-8012-570-4<\/span><\/li>\n<li><span style=\"font-size: 14pt\">Systemy medialne w dobie cyfryzacji : kierunki i skala przemian \/ pod redakcj\u0105 Zbigniewa Oniszczuka . &#8211; Katowice : Wydawnictwo Uniwersytetu \u015al\u0105skiego, 2015. &#8211; 152 s. &#8211; (Pr. Nauk. U\u015al.; 3350). &#8211; ISBN 978-83-8012-570-4<\/span><br \/>\n<span style=\"font-size: 14pt\">Wprowadzenie \/ Zbigniew Oniszczuk \/\/ W: Systemy medialne w dobie cyfryzacji : kierunki i skala przemian. &#8211; Katowice : Wydawnictwo Uniwersytetu \u015al\u0105skiego, 2015. &#8211; S. 7-8. &#8211; ISBN 978-83-8012-570-4<\/span><\/li>\n<li><span style=\"font-size: 14pt\">Aktywno\u015b\u0107 medialna mniejszo\u015bci niemieckiej i jej znaczenie \/ Zbigniew Oniszczuk \/\/ W: Media mniejszo\u015bci : mniejszo\u015bci w mediach. &#8211; Lublin : Wydawnictwo Uniwersytetu Marii Curie-Sk\u0142odowskiej, 2014. &#8211; S. 119-135. &#8211; ISBN 978-83-7784-484-7<\/span><\/li>\n<li><span style=\"font-size: 14pt\">Das Mediensystem in Polen. Ein Uberblick \/ Zbigniew Oniszczuk \/\/ W: Grossbothener Vortrage zur Kommunikationswissenschaft. T. 13. &#8211; Bremen : Ed. Lumiere, 2014. &#8211; S. 13-27. &#8211; ISBN 978-3-943245-29-5<\/span><\/li>\n<li><span style=\"font-size: 14pt\">Kryzys dziennikarstwa w Niemczech \/ Zbigniew Oniszczuk \/\/ W: Od dziennikarstwa tradycyjnego do mobilnego. &#8211; Sosnowiec : Wy\u017csza Szko\u0142a Humanitas Oficyna Wydawnicza, 2014. &#8211; S. 9-20. &#8211; ISBN 978-83-61991-67-0<\/span><\/li>\n<li><span style=\"font-size: 14pt\">Mi\u0119dzynarodowa konferencja w Karlsruhe w ramach programu CultMedia [sprawozdanie z konferencji] \/ Zbigniew Oniszczuk \/\/ Rocz. Prasozn. &#8211; R. 8 (2014), s. 141-143<\/span><\/li>\n<li><span style=\"font-size: 14pt\">Teoretyczne i praktyczne aspekty mediatyzacji polityki w Niemczech \/ Zbigniew Oniszczuk \/\/ Zesz. Prasozn. &#8211; 2014, nr 2, s. 176-189<\/span><br \/>\n<span style=\"font-size: 14pt\">[Ewa Stasiak-Jazukiewicz, Zmiana paradygmatu? Niemiecki system medialny : recenzja] \/ Zbigniew Oniszczuk \/\/ Rocz. Prasozn. &#8211; T. 8 (2014), s. 123-125<\/span><\/li>\n<li><span style=\"font-size: 14pt\">Konwergencja a spo\u0142eczny odbi\u00f3r medi\u00f3w w Niemczech \/ Zbigniew Oniszczuk \/\/ W: Konwergencja medi\u00f3w masowych i jej skutki dla wsp\u00f3\u0142czesnego dziennikarstwa. T. 2. &#8211; Katowice : Uniwersytet \u015al\u0105ski, 2012. &#8211; S. 101-116<\/span><\/li>\n<li><span style=\"font-size: 14pt\">Konwergencja medi\u00f3w masowych i jej skutki dla wsp\u00f3\u0142czesnego dziennikarstwa. red.: Zbigniew Oniszczuk, Miros\u0142awa Wielopolska-Szymura T. 1 \/. &#8211; Katowice : Uniwersytet \u015al\u0105ski, 2012. &#8211; 432 s.<\/span><\/li>\n<li><span style=\"font-size: 14pt\">Wprowadzenie \/ Zbigniew Oniszczuk, Miros\u0142awa Wielopolska-Szymura \/\/ W: Konwergencja medi\u00f3w masowych i jej skutki dla wsp\u00f3\u0142czesnego dziennikarstwa. T. 1. &#8211; Katowice : Uniwersytet \u015al\u0105ski, 2012. &#8211; S. 7-8<\/span><\/li>\n<li><span style=\"font-size: 14pt\">Wsp\u00f3\u0142czesne oblicze niemieckiej nauki o komunikowaniu \/ Zbigniew Oniszczuk \/\/ W: Transdyscyplinarno\u015b\u0107 bada\u0144 nad komunikacj\u0105 medialn\u0105. T. 1, Stan wiedzy i postulaty badawcze. &#8211; Katowice : Wydawnictwo Uniwersytetu \u015al\u0105skiego, 2012. &#8211; S. 63-71<\/span><\/li>\n<li><span style=\"font-size: 14pt\">Mediatyzacja polityki i polityzacja medi\u00f3w : dwa wymiary wzajemnych relacji \/ Zbigniew Oniszczuk \/\/ Stud. Medioznawcze. &#8211; 2011, nr 4, s. 11-22<\/span><br \/>\n<span style=\"font-size: 14pt\">Wsp\u00f3\u0142czesny rynek dziennik\u00f3w og\u00f3lnokrajowych w Polsce \/ Zbigniew Oniszczuk \/\/ W: Przemiany systemu medialnego : polsko-rosyjskie spojrzenie. &#8211; Sosnowiec : Oficyna Wydawnicza Humanitas, 2011. &#8211; S. 120-130. &#8211; ISBN 978-83-61991-05-2<\/span><\/li>\n<li><span style=\"font-size: 14pt\">Strefy wp\u0142ywu kapita\u0142u niemieckiego w polskich mediach \/ Zbigniew Oniszczuk \/\/ W: Prawo, etyka czy rynek? : zmiany w polskich mediach po 1989 roku. &#8211; Toru\u0144 : Wydawnictwo Adam Marsza\u0142ek, 2010. &#8211; S. 195-204<\/span><\/li>\n<li><span style=\"font-size: 14pt\">Niedostatki polskiej polityki medialnej \/ Zbigniew Oniszczuk \/\/ W: Wsp\u00f3\u0142czesne media : status, aksjologia, funkcjonowanie. T. 1. &#8211; Lublin : Wydawnictwo Uniwersytetu Marii Curie-Sk\u0142odowskiej, 2009. &#8211; S. 74-81. &#8211; ISBN 978-83-227-3087-4<\/span><\/li>\n<li><span style=\"font-size: 14pt\">Rola telewizji w mediatyzacji komunikowania politycznego w Niemczech \/ Zbigniew Oniszczuk \/\/ W: Mediatyzacja kampanii politycznych. &#8211; Katowice : Wydawnictwo Uniwersytetu \u015al\u0105skiego, 2009. &#8211; S. 135-146. &#8211; ISBN 978-83-226-1855-4<\/span><\/li>\n<li><span style=\"font-size: 14pt\">Systemy medialne kraj\u00f3w ba\u0142ka\u0144skich \/ pod. red. Zbigniewa Oniszczuka i Mariana Gieruli . &#8211; Sosnowiec : Oficyna Wydawnicza &#8222;Humanitas&#8221;, 2009. &#8211; 191 s.<\/span><\/li>\n<li><span style=\"font-size: 14pt\">Mediatyzacja a polityka medialna \/ Zbigniew Oniszczuk \/\/ W: Modernizacja polityczna w teorii i praktyce : transfer nowoczesnych idei, warto\u015bci, instytucji i mechanizm\u00f3w. &#8211; Katowice : Wydawnictwo Naukowe &#8222;\u015al\u0105sk&#8221;, 2008. &#8211; S. 311-322<\/span><\/li>\n<li><span style=\"font-size: 14pt\">Niemieckie koncerny medialne w postkomunistycznej Europie : internacjonalizacja czy kolonizacja? \/ Zbigniew Oniszczuk \/\/ W: Polska &#8211; Niemcy &#8211; Europa : pami\u0119ci profesora Piotra Dobrowolskiego. &#8211; Katowice : Wydawnictwo Uniwersytetu \u015al\u0105skiego, 2008. &#8211; S. 225-236. &#8211; ISBN 978-83-226-1778-6<\/span><\/li>\n<li><span style=\"font-size: 14pt\">Agora kontra Springer : pierwsza polska wojna prasowa \/ Zbigniew Oniszczuk \/\/ W: Wojna w mediach. &#8211; Opole : Wydawnictwo Uniwersytetu Opolskiego, 2007. &#8211; S. 409-419<\/span><\/li>\n<li><span style=\"font-size: 14pt\">Fragmentaryzacja odbiorc\u00f3w medi\u00f3w audiowizualnych w Niemczech \/ Zbigniew Oniszczuk \/\/ W: Wsp\u00f3\u0142czesne procesy fragmentaryzacji i rekompozycji : ksi\u0119ga pami\u0105tkowa dedykowana Profesorowi Jerzemu Miku\u0142owskiemu Pomorskiemu. &#8211; Krak\u00f3w : Wydawnictwo Akademii Ekonomicznej, 2007. &#8211; S. 37-45. &#8211; ISBN 978-83-7252-345-7<\/span><\/li>\n<li><span style=\"font-size: 14pt\">Ma\u0142o znane systemy medialne \/ pod red. Zbigniewa Oniszczuka i Mariana Gieruli . &#8211; Sosnowiec : Oficyna Wydawnicza &#8222;Humanitas&#8221;, 2007. &#8211; 201 s.<\/span><\/li>\n<li><span style=\"font-size: 14pt\">System medialny w uj\u0119ciu teoretycznym \/ Zbigniew Oniszczuk \/\/ W: Ma\u0142o znane systemy medialne. &#8211; Sosnowiec : Oficyna Wydawnicza &#8222;Humanitas&#8221;, 2007. &#8211; S. 9-20<\/span><\/li>\n<li><span style=\"font-size: 14pt\">Unter dem Druck der Politisierung; Massenmedien und politische Macht in Polen \/ Zbigniew Oniszczuk \/\/ W: Journalistik und Kommunikationsforschung : Festschrift f\u00fcr Beate Schneider. &#8211; Berlin : Vistas, 2007. &#8211; S. 201-208<\/span><\/li>\n<li><span style=\"font-size: 14pt\">Koncerny multimedialne w procesie globalizacji \/ Zbigniew Oniszczuk \/\/ W: Demokracja w dobie globalizacji. T. 1, W praktyce politycznej. &#8211; Katowice : Wydawnictwo Uniwersytetu \u015al\u0105skiego, 2006. &#8211; S. [28]-39<\/span><\/li>\n<li><span style=\"font-size: 14pt\">Mi\u0119dzynarodowa aktywno\u015b\u0107 koncern\u00f3w medialnych \/ Zbigniew Oniszczuk \/\/ W: Media i komunikowanie w spo\u0142ecze\u0144stwie demokratycznym : szkice medioznawcze. &#8211; Sosnowiec : Wydawnictwo Wy\u017cszej Szko\u0142y Zarz\u0105dzania i Marketingu, 2006. &#8211; S. 54-66<\/span><\/li>\n<li><span style=\"font-size: 14pt\">Niemieckie koncerny medialne w Europie \u015arodkowej : zagro\u017cenia i szanse \/ Zbigniew Oniszczuk \/\/ W: \u015arodki masowego komunikowania a spo\u0142ecze\u0144stwo. &#8211; Katowice : Wydawnictwo Uniwersytetu \u015al\u0105skiego, 2006. &#8211; S. 150-162<\/span><\/li>\n<li><span style=\"font-size: 14pt\">Polityka Unii Europejskiej w zakresie telewizji na prze\u0142omie XX i XXI wieku \/ Zbigniew Oniszczuk \/\/ W: Unia Europejska i Polska wobec dylemat\u00f3w integracyjnych na pocz\u0105tku XXI wieku. &#8211; Toru\u0144 : Wydawnictwo Adam Marsza\u0142ek, 2006. &#8211; S. 239-249<\/span><\/li>\n<li><span style=\"font-size: 14pt\">Rywalizacja Agory ze Springerem : nowe oblicze konkurencji na polskim rynku prasowym \/ Zbigniew Oniszczuk \/\/ Zesz. Prasozn. &#8211; 2006, nr 3\/4, s. 31-41<\/span><\/li>\n<li><span style=\"font-size: 14pt\">Zaw\u00f3d dziennikarza w Niemczech w dobie technicyzacji \/ Zbigniew Oniszczuk \/\/ W: Wsp\u00f3\u0142czesny dziennikarz i nadawca. &#8211; Sosnowiec : Wy\u017csza Szko\u0142a Zarz\u0105dzania i Marketingu, 2006. &#8211; S. 83-93<\/span><\/li>\n<li><span style=\"font-size: 14pt\">Polityka komunikowania w skali mi\u0119dzynarodowej \/ Zbigniew Oniszczuk \/\/ Stud. Politicae Univ. Sil. &#8211; T. 1 (2005), s. 235-259<\/span><\/li>\n<li><span style=\"font-size: 14pt\">Rola telewizji w wyborach : przyk\u0142ad niemiecki \/ Zbigniew Oniszczuk \/\/ W: Kampania wyborcza : marketingowe aspekty komunikowania politycznego. &#8211; Wroc\u0142aw : Wydawnictwo Uniwersytetu Wroc\u0142awskiego, 2005. &#8211; S. 57-76<\/span><\/li>\n<li><span style=\"font-size: 14pt\">Ekspansja niemieckich koncern\u00f3w medialnych w Europie \u015arodkowej a problematyka bezpiecze\u0144stwa narodowego \/ Zbigniew Oniszczuk \/\/ W:<\/span><\/li>\n<li><span style=\"font-size: 14pt\">Bezpiecze\u0144stwo Polski i bezpiecze\u0144stwo europejskie na pocz\u0105tku XXI wieku : wybrane aspekty. &#8211; Katowice : Wydawnictwo Uniwersytetu \u015al\u0105skiego, 2004. &#8211; S. 135-147<\/span><\/li>\n<li><span style=\"font-size: 14pt\">Wielowymiarowo\u015b\u0107 globalizacji w niemieckiej nauce o komunikowaniu \/ Zbigniew Oniszczuk \/\/ W: W\u0142adze lokalne i regionalne w warunkach globalizacji. &#8211; Katowice : Wydawnictwo Uniwersytetu \u015al\u0105skiego, 2003. &#8211; S. 171-179<\/span><\/li>\n<li><span style=\"font-size: 14pt\">Kommunikationswissenschaft in Polen in den 90er Jahren \/ Zbigniew Oniszczuk \/\/ W: Kommunikationswissenschaft und Public Relations in Osteuropa : Arbeitsberichte. &#8211; Leipzig : Leipziger Universitatsverlag GmbH, 2002. &#8211; S. 116-125<\/span><\/li>\n<li><span style=\"font-size: 14pt\">Kszta\u0142towanie si\u0119 polityki medialnej (Medienpolitik) rz\u0105du RFN w latach 1949-1989 \/ Zbigniew Oniszczuk . &#8211; Katowice : Wydawnictwo Uniwersytetu \u015al\u0105skiego, 2002. &#8211; 246 s. &#8211; (Pr. Nauk. U\u015al.; nr 2057).<\/span><\/li>\n<li><span style=\"font-size: 14pt\">Statystyczne aspekty rynku dziennik\u00f3w w Europie : mi\u0119dzynarodowa konferencja naukowa w Hannowerze, 1-2 lutego 2002 \/ Zbigniew Oniszczuk \/\/ Zesz. Prasozn. &#8211; 2002, nr 1\/2, s. 204-205<\/span><\/li>\n<li><span style=\"font-size: 14pt\">Statystyczne aspekty rynku dziennik\u00f3w w Europie : mi\u0119dzynarodowa konferencja naukowa w Hannowerze, 1-2 lutego 2002 \/ Zbigniew Oniszczuk \/\/ Zesz. Prasozn. &#8211; 2002, nr 1\/2, s. 204-205<\/span><br \/>\n<span style=\"font-size: 14pt\">[Media Perspektiven &#8211; recenzja] \/ Zbigniew Oniszczuk \/\/ Zesz. Prasozn. &#8211; 2002, nr 3\/4, s. 184-186<\/span><\/li>\n<li><span style=\"font-size: 14pt\">Relacje mi\u0119dzy mediami a systemem politycznym w niemieckiej nauce o komunikowaniu \/ Zbigniew Oniszczuk \/\/ Zesz. Prasozn. &#8211; 2000, nr 3\/4, s. 99-105<\/span><\/li>\n<li><span style=\"font-size: 14pt\">Terminologiczne aspekty relacji : polityka &#8211; komunikowanie masowe : (przyk\u0142ad niemiecki) \/ Zbigniew Oniszczuk \/\/ W: Polityka : przedmiot bada\u0144 i formy jej przejawiania si\u0119. &#8211; Katowice : Wydawnictwo Uniwersytetu \u015al\u0105skiego, 2000. &#8211; S. 233-241<\/span><\/li>\n<li><span style=\"font-size: 14pt\">[Mitteilung statt Medium &#8211; recenzja] \/ Zbigniew Oniszczuk \/\/ Zesz. Prasozn. &#8211; 2000, nr 3\/4, s. 183-184<\/span><br \/>\n<span style=\"font-size: 14pt\">[Medienpolitik &#8211; recenzja] \/ Zbigniew Oniszczuk \/\/ Zesz. Prasozn. &#8211; 1999, nr 1\/2, s. 208-210<\/span><\/li>\n<li><span style=\"font-size: 14pt\">Ekspansja kapita\u0142u niemieckiego na rynku prasowym W\u0119gier, Polski i Czech \/ Zbigniew Oniszczuk \/\/ Zesz. Prasozn. &#8211; 1998, nr 1\/2, s. 93-103<\/span><\/li>\n<li><span style=\"font-size: 14pt\">Analiza ameryka\u0144skiego stylu pracy redakcyjnej \/ Zbigniew Oniszczuk \/\/ Zesz. Prasozn. &#8211; 1997, nr 3\/4, s. 216-217<\/span><\/li>\n<li><span style=\"font-size: 14pt\">Kapita\u0142 niemiecki w polskich mediach : polityczne implikacje tego zjawiska \/ Zbigniew Oniszczuk \/\/ W: Stosunki polsko-niemieckie w okresie przemian ustrojowych w Polsce. &#8211; Katowice : Uniwersytet \u015al\u0105ski, 1997. &#8211; S. 70-83<\/span><\/li>\n<li><span style=\"font-size: 14pt\">Austriackie osobliwo\u015bci w lokalnej polityce informacyjnej \/ Zbigniew Oniszczuk \/\/ Kat. Prasy Radia Telew. &#8211; 1995\/1996, s. 262-263<\/span><\/li>\n<li><span style=\"font-size: 14pt\">Serwisy informacyjne publicznych i prywatnych stacji radiowych : analiza preferencji \/ Zbigniew Oniszczuk \/\/ W: Transformacja radia w Polsce i na \u015bwiecie (1990-1995). &#8211; Katowice : Fundacja dla Wspierania \u015al\u0105skiej Humanistyki, 1996. &#8211; S. 152-156<\/span><\/li>\n<li><span style=\"font-size: 14pt\">Public Relations : co kryje si\u0119 za tym poj\u0119ciem? \/ Zbigniew Oniszczuk \/\/ Kat. Prasy Radia Telew. &#8211; 1994, s. 238-239<\/span><\/li>\n<li><span style=\"font-size: 14pt\">Najwi\u0119ksze koncerny medialne \u015bwiata \/ Zbigniew Oniszczuk \/\/ Zesz. Prasozn. &#8211; 1993, nr 1\/2, s. 109-114<\/span><\/li>\n<li><span style=\"font-size: 14pt\">Przemiany w austriackich mediach \/ Zbigniew Oniszczuk \/\/ Zesz. Prasozn. &#8211; 1993, nr 3\/4, s. 127-139<\/span><\/li>\n<li><span style=\"font-size: 14pt\">Elementy sistemy mestnoj informacii gorodskoj aglomeracii : tipologiceskij aspekt \/ Z. Onisuk \/\/ W: Tipologia mestnoj pressy : Sovetskij Souz &#8211; Pol&#8217;sa. &#8211; Rostov-na-Donu : Izdatel&#8217;stvo Rostovskogo Universiteta, 1991. &#8211; S. 92-108<\/span><\/li>\n<li><span style=\"font-size: 14pt\">Elemente des lokalen informationssystems eines stadtischen ballungsgebietes in Polen : versuch einer typologie \/ Zbigniew Oniszczuk \/\/ Publizistik (Wiesb.). &#8211; 1990, h. 2, s. 184-189<\/span><\/li>\n<li><span style=\"font-size: 14pt\">Sesja o telewizji satelitarnej (Katowice, 21 II 1989) \/ Zbigniew Oniszczuk \/\/ Zesz. Prasozn. &#8211; 1989, nr 3, s. 157-158<\/span><\/li>\n<li><span style=\"font-size: 14pt\">Poj\u0119cie funkcji w badaniach nad spo\u0142ecznym oddzia\u0142ywaniem prasy. Fragm. pracy \/ Zbigniew Oniszczuk \/\/ Zesz. Prasozn. &#8211; 1988, nr 2, s. 11-52<\/span><\/li>\n<li><span style=\"font-size: 14pt\">W setn\u0105 rocznic\u0119 \u015bmierci Karola Miarki \/ Zbigniew Oniszczuk \/\/ Zesz. Prasozn. &#8211; 1983, nr 1, s. 165-167<\/span><\/li>\n<\/ul>\n<p><\/p>","protected":false},"excerpt":{"rendered":"<p>Od 1981 roku zwi\u0105zany by\u0142 z Zak\u0142adem Dziennikarstwa Uniwersytetu \u015al\u0105skiego w Katowicach. Od 2014 roku by\u0142 kierownikiem Zak\u0142adu Komunikowania Mi\u0119dzynarodowego i System\u00f3w Medialnych w Instytucie Nauk Politycznych i Dziennikarstwa U\u015a. W latach 2005-2012 by\u0142 zast\u0119pc\u0105 Dyrektora Mi\u0119dzywydzia\u0142owych Indywidualnych Studi\u00f3w Humanistycznych. Za dzia\u0142alno\u015b\u0107 naukow\u0105 by\u0142 nagradzany Nagrod\u0105 JM Rektora w roku 2003, 2007 i 2017. By\u0142 [&#8230;]<\/p>\n<p><a class=\"btn btn-secondary understrap-read-more-link\" href=\"https:\/\/us.edu.pl\/instytut\/idkm\/zegnamy-z-wielkim-smutkiem-profesora-zbigniewa-oniszczuka\/\">Read More&#8230;<\/a><\/p>\n","protected":false},"author":202,"featured_media":765,"parent":0,"menu_order":0,"comment_status":"closed","ping_status":"closed","template":"","meta":{"_expiration-date-status":"saved","_expiration-date":0,"_expiration-date-type":"","_expiration-date-categories":[],"_expiration-date-options":[]},"acf":[],"_links":{"self":[{"href":"https:\/\/us.edu.pl\/instytut\/idkm\/wp-json\/wp\/v2\/pages\/755"}],"collection":[{"href":"https:\/\/us.edu.pl\/instytut\/idkm\/wp-json\/wp\/v2\/pages"}],"about":[{"href":"https:\/\/us.edu.pl\/instytut\/idkm\/wp-json\/wp\/v2\/types\/page"}],"author":[{"embeddable":true,"href":"https:\/\/us.edu.pl\/instytut\/idkm\/wp-json\/wp\/v2\/users\/202"}],"replies":[{"embeddable":true,"href":"https:\/\/us.edu.pl\/instytut\/idkm\/wp-json\/wp\/v2\/comments?post=755"}],"version-history":[{"count":10,"href":"https:\/\/us.edu.pl\/instytut\/idkm\/wp-json\/wp\/v2\/pages\/755\/revisions"}],"predecessor-version":[{"id":776,"href":"https:\/\/us.edu.pl\/instytut\/idkm\/wp-json\/wp\/v2\/pages\/755\/revisions\/776"}],"wp:featuredmedia":[{"embeddable":true,"href":"https:\/\/us.edu.pl\/instytut\/idkm\/wp-json\/wp\/v2\/media\/765"}],"wp:attachment":[{"href":"https:\/\/us.edu.pl\/instytut\/idkm\/wp-json\/wp\/v2\/media?parent=755"}],"curies":[{"name":"wp","href":"https:\/\/api.w.org\/{rel}","templated":true}]}}