{"id":819,"date":"2020-11-14T23:51:50","date_gmt":"2020-11-14T22:51:50","guid":{"rendered":"https:\/\/us.edu.pl\/instytut\/idkm\/?page_id=819"},"modified":"2022-12-10T16:26:36","modified_gmt":"2022-12-10T15:26:36","slug":"dr-dagmara-gluszek-szafraniec","status":"publish","type":"page","link":"https:\/\/us.edu.pl\/instytut\/idkm\/dr-dagmara-gluszek-szafraniec\/","title":{"rendered":"dr Dagmara G\u0142uszek-Szafraniec"},"content":{"rendered":"<p><\/p>\n<h3 style=\"text-align: center;\">dr hab. Dagmara G\u0142uszek-Szafraniec, prof. U\u015a<\/h3>\n<p style=\"text-align: center;\"><img class=\"alignnone wp-image-1448 size-full\" src=\"https:\/\/us.edu.pl\/instytut\/idkm\/wp-content\/uploads\/sites\/30\/Bez-kategorii\/dagmara-gluszek-szafraniec-2.jpg\" alt=\"\" width=\"640\" height=\"640\" srcset=\"https:\/\/us.edu.pl\/instytut\/idkm\/wp-content\/uploads\/sites\/30\/Bez-kategorii\/dagmara-gluszek-szafraniec-2.jpg 640w, https:\/\/us.edu.pl\/instytut\/idkm\/wp-content\/uploads\/sites\/30\/Bez-kategorii\/dagmara-gluszek-szafraniec-2-300x300.jpg 300w, https:\/\/us.edu.pl\/instytut\/idkm\/wp-content\/uploads\/sites\/30\/Bez-kategorii\/dagmara-gluszek-szafraniec-2-400x400.jpg 400w, https:\/\/us.edu.pl\/instytut\/idkm\/wp-content\/uploads\/sites\/30\/Bez-kategorii\/dagmara-gluszek-szafraniec-2-575x575.jpg 575w\" sizes=\"(max-width: 640px) 100vw, 640px\" \/><\/p>\n<p style=\"padding-left: 40px;\"><span style=\"font-size: 14pt;\">Adres mailowy<\/span><br \/>\n<a href=\"mailto:dagmara.gluszek-szafraniec@us.edu.pl\"><strong><span style=\"font-size: 14pt;\">dagmara.gluszek-szafraniec@us.edu.pl<\/span><\/strong><\/a><br \/>\n<span style=\"font-size: 14pt;\">ORCID<\/span><br \/>\n<a href=\"https:\/\/orcid.org\/0000-0002-9411-197X\"><span style=\"font-size: 14pt;\"><strong>https:\/\/orcid.org\/0000-0002-9411-197X<\/strong> <\/span><\/a><br \/>\n<span style=\"font-size: 14pt;\">Research Gate<\/span><br \/>\n<a href=\"https:\/\/www.researchgate.net\/profile\/Dagmara_Gluszek-Szafraniec\/research\"><strong><span style=\"font-size: 14pt;\">https:\/\/www.researchgate.net\/profile\/Dagmara_Gluszek-Szafraniec\/research<\/span><\/strong><\/a><br \/>\n<span style=\"font-size: 14pt;\">Google Scholar<\/span><br \/>\n<a href=\"https:\/\/scholar.google.pl\/citations?user=wwPtiV0AAAAJ&amp;hl=pl\"><strong><span style=\"font-size: 14pt;\">https:\/\/scholar.google.pl\/citations?user=wwPtiV0AAAAJ&amp;hl=pl<\/span><\/strong><\/a><\/p>\n<p style=\"padding-left: 40px;\"><strong><span style=\"font-size: 14pt;\">Obszar zainteresowa\u0144 badawczych<\/span><\/strong><\/p>\n<ul>\n<li><span style=\"font-size: 14pt;\">Systemy medialne na \u015bwiecie<\/span><\/li>\n<li><span style=\"font-size: 14pt;\">Media regionalne w Hiszpanii<\/span><\/li>\n<li><span style=\"font-size: 14pt;\">Analiza zawarto\u015bci medi\u00f3w<\/span><\/li>\n<li><span style=\"font-size: 14pt;\">Relacje elit politycznych i medialnych<\/span><\/li>\n<\/ul>\n<p style=\"padding-left: 40px;\"><strong><span style=\"font-size: 14pt;\">Wybrane publikacje<\/span><\/strong><\/p>\n<p style=\"padding-left: 40px;\"><span style=\"font-size: 14pt;\">Publiczni nadawcy w regionach autonomicznych Hiszpanii. Mi\u0119dzy misj\u0105 a polityk\u0105. Katowice: Wydawnictwo Uniwersytetu \u015al\u0105skiego, 2020 ISBN: 978-83-226-3903-0.<\/span><\/p>\n<p style=\"padding-left: 40px;\"><span style=\"font-size: 14pt;\">Chapter Title: Germany, In: The SAGE International Encyclopedia of Mass Media and Society. Edited by: Debra L. Merskin. Thousand Oaks: SAGE Publications Inc., 2020. Print ISBN: 9781483375533, Online ISBN: 9781483375519, DOI: <a href=\"http:\/\/dx.doi.org\/10.4135\/9781483375519.n267\">http:\/\/dx.doi.org\/10.4135\/9781483375519.n267<\/a>, Print pages: 672-676.<br \/>\n<\/span><br \/>\n<span style=\"font-size: 14pt;\">Chapter Title: Spain, In: The SAGE International Encyclopedia of Mass Media and Society. Edited by: Debra L. Merskin. Thousand Oaks: SAGE Publications Inc., 2020. Print ISBN: 9781483375533, Online ISBN: 9781483375519, DOI: <a href=\"http:\/\/dx.doi.org\/10.4135\/9781483375519.n636\">http:\/\/dx.doi.org\/10.4135\/9781483375519.n636<\/a>, Print pages: 1646-1648.<br \/>\n<\/span><br \/>\n<span style=\"font-size: 14pt;\">Political Journalism in Poland The Coverage of Politics and Journalism in Opinion Press. In: The Elites of the Media versus the Elites of Politics in Poland, Series: Studies in Communication and Politics, Edited By Z. Oniszczuk, D. G\u0142uszek-Szafraniec and M. Wielopolska-Szymura, Berlin, Bern, Bruxelles, New York, Oxford, Warszawa, Wien: Peter Lang, 2020, 25-43 pp. ISBN:978-3-631-80531-2; DOI: <a href=\"https:\/\/doi.org\/10.3726\/b16282.\">https:\/\/doi.org\/10.3726\/b16282.<\/a><br \/>\n<\/span><br \/>\n<span style=\"font-size: 14pt;\">System medi\u00f3w w Hiszpanii. R\u00f3\u017cnice regionalne, \u201cZeszyty Prasoznawcze\u201d, 2019, nr 4, s. 153-170. DOI: 10.4467\/22996362PZ.19.050.11054 <a href=\"https:\/\/www.ejournals.eu\/Zeszyty-Prasoznawcze\/2019\/4-240\/art\/15309\/\">https:\/\/www.ejournals.eu\/Zeszyty-Prasoznawcze\/2019\/4-240\/art\/15309\/<\/a><br \/>\n<\/span><br \/>\n<span style=\"font-size: 14pt;\">Polityka medialna w Katalonii i Kraju Bask\u00f3w jako narz\u0119dzie rozwoju to\u017csamo\u015bci regionalnych, \u201ePogranicze. Studia Spo\u0142eczne\u201d Tom XXIX (2017), s. 95-122. ISSN 1230-2392 <a href=\"https:\/\/repozytorium.uwb.edu.pl\/jspui\/handle\/11320\/5669\">https:\/\/repozytorium.uwb.edu.pl\/jspui\/handle\/11320\/5669<\/a><br \/>\n<\/span><br \/>\n<span style=\"font-size: 14pt;\">Hiszpa\u0144ska partia Podemos a mediatyzacja polityki, \u201ePoliteja\u201d nr 4(49)\/2017, s. 379-394. <a href=\"https:\/\/journals.akademicka.pl\/politeja\/article\/view\/1650\/1423\">https:\/\/journals.akademicka.pl\/politeja\/article\/view\/1650\/1423<\/a><br \/>\n<\/span><br \/>\n<span style=\"font-size: 14pt;\">Nauczanie religii w szkole w Polsce \u2013 Analiza wybranych debat medialnych, \u201ePoliteja\u201d nr 1(46)\/2017, s. 265-282. ISSN 1733-6716<br \/>\n<\/span><br \/>\n<span style=\"font-size: 14pt;\">Krajobraz medi\u00f3w katalo\u0144skich. Szkic medioznawczy. W: ?Ad\u00f3nde vas, Espana? Przemiany polityczne w Hiszpanii i Ameryce \u0141aci\u0144skiej na prze\u0142omie XX i XXI wieku, red. nauk. S. Dudra, \u0141. M\u0142y\u0144czyk, R. Michalak, Zielona G\u00f3ra: Wyd. Morpho, 2017, ISBN 978-83-62352-42-5, s. 177-188.<br \/>\n<\/span><br \/>\n<strong><span style=\"font-size: 14pt;\">Projekty badawcze\u00a0<\/span><\/strong><\/p>\n<p style=\"padding-left: 40px;\"><span style=\"font-size: 14pt;\">2013-2016: Wykonawca w projekcie pt. Miejsce religii w sferze publicznej. To\u017csamo\u015b\u0107 religijna w wieloreligijnych regionach Europy \u015arodkowo-Wschodniej na podstawie wybranych region\u00f3w Polski, Ukrainy i S\u0142owacji, Narodowe Centrum Nauki, Opus 6, 2012\/07 \/ B \/ HS6 \/ 02509. Projekt zrealizowany.<br \/>\n<\/span><br \/>\n<span style=\"font-size: 14pt;\">2016-2020: Wykonawca w projekcie pt. Powi\u0105zania pomi\u0119dzy elitami sfery medi\u00f3w i polityki w Polsce w perspektywie do\u015bwiadcze\u0144 niemieckich, Narodowe Centrum Nauki, Opus 10, 2015\/19 \/ B \/ HSS \/ 00429. Projekt zrealizowany.<br \/>\n<\/span><br \/>\n<span style=\"font-size: 14pt;\">2020: Wykonawca w projekcie mi\u0119dzynarodowym pt.: Pandemic Emergency in Social Perspective. Evidence form a large Web-survey research. (Poland &#8211; WEb SURVey COVID-19). Projekt w trakcie realizacji.<\/span><\/p>\n<p style=\"text-align: center;\"><img class=\"alignnone wp-image-828 size-full\" src=\"https:\/\/us.edu.pl\/instytut\/idkm\/wp-content\/uploads\/sites\/30\/Nieprzypisane\/02-gluszek-szafraniec_04.jpg\" alt=\"\" width=\"400\" height=\"549\" srcset=\"https:\/\/us.edu.pl\/instytut\/idkm\/wp-content\/uploads\/sites\/30\/Nieprzypisane\/02-gluszek-szafraniec_04.jpg 400w, https:\/\/us.edu.pl\/instytut\/idkm\/wp-content\/uploads\/sites\/30\/Nieprzypisane\/02-gluszek-szafraniec_04-219x300.jpg 219w\" sizes=\"(max-width: 400px) 100vw, 400px\" \/><\/p>\n<p style=\"text-align: center;\"><img class=\"alignnone wp-image-827 size-full\" src=\"https:\/\/us.edu.pl\/instytut\/idkm\/wp-content\/uploads\/sites\/30\/Nieprzypisane\/02-gluszek-szafraniec_03.jpg\" alt=\"\" width=\"400\" height=\"595\" srcset=\"https:\/\/us.edu.pl\/instytut\/idkm\/wp-content\/uploads\/sites\/30\/Nieprzypisane\/02-gluszek-szafraniec_03.jpg 400w, https:\/\/us.edu.pl\/instytut\/idkm\/wp-content\/uploads\/sites\/30\/Nieprzypisane\/02-gluszek-szafraniec_03-202x300.jpg 202w, https:\/\/us.edu.pl\/instytut\/idkm\/wp-content\/uploads\/sites\/30\/Nieprzypisane\/02-gluszek-szafraniec_03-387x575.jpg 387w\" sizes=\"(max-width: 400px) 100vw, 400px\" \/><\/p>\n<p style=\"text-align: center;\"><img class=\"alignnone wp-image-826 size-full\" src=\"https:\/\/us.edu.pl\/instytut\/idkm\/wp-content\/uploads\/sites\/30\/Nieprzypisane\/02-gluszek-szafraniec_02.jpg\" alt=\"\" width=\"400\" height=\"572\" srcset=\"https:\/\/us.edu.pl\/instytut\/idkm\/wp-content\/uploads\/sites\/30\/Nieprzypisane\/02-gluszek-szafraniec_02.jpg 400w, https:\/\/us.edu.pl\/instytut\/idkm\/wp-content\/uploads\/sites\/30\/Nieprzypisane\/02-gluszek-szafraniec_02-210x300.jpg 210w\" sizes=\"(max-width: 400px) 100vw, 400px\" \/><\/p>\n<p style=\"text-align: center;\"><img class=\"alignnone wp-image-825 size-full\" src=\"https:\/\/us.edu.pl\/instytut\/idkm\/wp-content\/uploads\/sites\/30\/Nieprzypisane\/02-gluszek-szafraniec_01.jpg\" alt=\"\" width=\"400\" height=\"572\" srcset=\"https:\/\/us.edu.pl\/instytut\/idkm\/wp-content\/uploads\/sites\/30\/Nieprzypisane\/02-gluszek-szafraniec_01.jpg 400w, https:\/\/us.edu.pl\/instytut\/idkm\/wp-content\/uploads\/sites\/30\/Nieprzypisane\/02-gluszek-szafraniec_01-210x300.jpg 210w\" sizes=\"(max-width: 400px) 100vw, 400px\" \/><\/p>\n<p><\/p>","protected":false},"excerpt":{"rendered":"<p>dr hab. Dagmara G\u0142uszek-Szafraniec, prof. U\u015a Adres mailowy dagmara.gluszek-szafraniec@us.edu.pl ORCID https:\/\/orcid.org\/0000-0002-9411-197X Research Gate https:\/\/www.researchgate.net\/profile\/Dagmara_Gluszek-Szafraniec\/research Google Scholar https:\/\/scholar.google.pl\/citations?user=wwPtiV0AAAAJ&amp;hl=pl Obszar zainteresowa\u0144 badawczych Systemy medialne na \u015bwiecie Media regionalne w Hiszpanii Analiza zawarto\u015bci medi\u00f3w Relacje elit politycznych i medialnych Wybrane publikacje Publiczni nadawcy w regionach autonomicznych Hiszpanii. Mi\u0119dzy misj\u0105 a polityk\u0105. Katowice: Wydawnictwo Uniwersytetu \u015al\u0105skiego, 2020 ISBN: 978-83-226-3903-0. [&#8230;]<\/p>\n<p><a class=\"btn btn-secondary understrap-read-more-link\" href=\"https:\/\/us.edu.pl\/instytut\/idkm\/dr-dagmara-gluszek-szafraniec\/\">Read More&#8230;<\/a><\/p>\n","protected":false},"author":202,"featured_media":1448,"parent":0,"menu_order":0,"comment_status":"closed","ping_status":"closed","template":"","meta":{"_expiration-date-status":"","_expiration-date":0,"_expiration-date-type":"","_expiration-date-categories":[],"_expiration-date-options":[]},"acf":[],"_links":{"self":[{"href":"https:\/\/us.edu.pl\/instytut\/idkm\/wp-json\/wp\/v2\/pages\/819"}],"collection":[{"href":"https:\/\/us.edu.pl\/instytut\/idkm\/wp-json\/wp\/v2\/pages"}],"about":[{"href":"https:\/\/us.edu.pl\/instytut\/idkm\/wp-json\/wp\/v2\/types\/page"}],"author":[{"embeddable":true,"href":"https:\/\/us.edu.pl\/instytut\/idkm\/wp-json\/wp\/v2\/users\/202"}],"replies":[{"embeddable":true,"href":"https:\/\/us.edu.pl\/instytut\/idkm\/wp-json\/wp\/v2\/comments?post=819"}],"version-history":[{"count":10,"href":"https:\/\/us.edu.pl\/instytut\/idkm\/wp-json\/wp\/v2\/pages\/819\/revisions"}],"predecessor-version":[{"id":1492,"href":"https:\/\/us.edu.pl\/instytut\/idkm\/wp-json\/wp\/v2\/pages\/819\/revisions\/1492"}],"wp:featuredmedia":[{"embeddable":true,"href":"https:\/\/us.edu.pl\/instytut\/idkm\/wp-json\/wp\/v2\/media\/1448"}],"wp:attachment":[{"href":"https:\/\/us.edu.pl\/instytut\/idkm\/wp-json\/wp\/v2\/media?parent=819"}],"curies":[{"name":"wp","href":"https:\/\/api.w.org\/{rel}","templated":true}]}}