{"id":315,"date":"2020-02-20T15:30:46","date_gmt":"2020-02-20T14:30:46","guid":{"rendered":"http:\/\/us.edu.pl\/instytut\/il\/?post_type=osoby&#038;p=315"},"modified":"2023-01-29T12:19:49","modified_gmt":"2023-01-29T11:19:49","slug":"michal-skop","status":"publish","type":"osoby","link":"https:\/\/us.edu.pl\/instytut\/il\/osoby\/michal-skop\/","title":{"rendered":"Micha\u0142 Skop"},"content":{"rendered":"<p>[vc_row][vc_column width=&#8221;2\/3&#8243;][vc_tta_tabs][vc_tta_section title=&#8221;POLISH&#8221; tab_id=&#8221;1613642353192-640d53c6-716e&#8221;]\r\n                <div class=\"text-modules\">\r\n                    <div class=\"container\">\r\n                        \r\n                        <div class=\"text-modules__content\"><p><span style=\"font-size: 12pt;\"><strong>dr hab. Micha\u0142 Franciszek Skop, prof. U\u015a<\/strong><\/span><\/p>\n<p><span style=\"font-size: 12pt;\"><a href=\"mailto:michal.skop@us.edu.pl\">michal.skop@us.edu.pl<\/a><\/span><\/p>\n<p><span style=\"font-size: 12pt;\"><a href=\"https:\/\/orcid.org\/0000-0001-9151-2279\">https:\/\/orcid.org\/0000-0001-9151-2279<\/a><\/span><\/p>\n<p><span style=\"font-size: 12pt;\"><a href=\"https:\/\/www.researchgate.net\/profile\/Michal-Skop-5\">https:\/\/www.researchgate.net\/profile\/Michal-Skop-5<\/a><\/span><\/p>\n<h4><span style=\"font-size: 12pt;\">2017 &#8211; Habilitacja<\/span><\/h4>\n<p><span style=\"font-size: 12pt;\"><strong>Dziedzina: <\/strong>nauk humanistycznych, d<strong>yscyplina: <\/strong>literaturoznawstwo<\/span><\/p>\n<p><span style=\"font-size: 12pt;\"><strong>Specjalno\u015b\u0107: <\/strong>niemiecko-polskie zwi\u0105zki literackie w XX wieku<\/span><\/p>\n<p><span style=\"font-size: 12pt;\"><strong>Tytu\u0142 pracy: <\/strong>Literatura niemiecka w publicystyce Wilhelma Szewczyka<\/span><\/p>\n<h4><span style=\"font-size: 12pt;\">2015 &#8211; Doktorat<\/span><\/h4>\n<p><span style=\"font-size: 12pt;\"><strong>Dziedzina: <\/strong>nauk humanistycznych, d<strong>yscyplina: <\/strong>literaturoznawstwo<\/span><\/p>\n<p><span style=\"font-size: 12pt;\"><strong>Specjalno\u015b\u0107: <\/strong>literaturoznawstwo<\/span><\/p>\n<p><span style=\"font-size: 12pt;\"><strong>Tytu\u0142 pracy: <\/strong>Obraz miasta Katowice w niemieckim pi\u015bmiennictwie 1865-1945<\/span><\/p>\n<p><span style=\"font-size: 12pt;\">Kr\u0105g moich zainteresowa\u0144 badawczych tworz\u0105 niemieckoj\u0119zyczna literatura XIX i XX wieku, literatura regionalna, literatura i kultura G\u00f3rnego \u015al\u0105ska, g\u00f3rno\u015bl\u0105ska prasa, recepcja literatury niemieckoj\u0119zycznej w Polsce w XX i XXI wieku.<\/span><\/p>\n<p><span style=\"font-size: 12pt;\"><strong>Wybrane publikacje<\/strong><\/span><\/p>\n<p><span style=\"font-size: 12pt;\"><strong>Monografie autorskie<\/strong><\/span><\/p>\n<ul>\n<li><span style=\"font-size: 12pt;\"><em>Joseph von Eichendorff w Polsce. <\/em><em>Bibliografia (1989-2018). Wydania \u2013 czasopisma \u2013 media. <\/em>Katowice: Wydawnictwo Uniwersytetu \u015al\u0105skiego, 2020.<\/span><\/li>\n<li><span style=\"font-size: 12pt;\"><em>Literatura niemiecka w publicystyce Wilhelma Szewczyka. <\/em>Katowice: Wydawnictwo Naukowe \u201e\u015al\u0105sk\u201d, 2016.<\/span><\/li>\n<li><span style=\"font-size: 12pt;\"><em>Wilhelm Szewczyk. Bibliografia tw\u00f3rczo\u015bci i opracowa\u0144<\/em>. Wsp\u00f3\u0142praca Robert Ratajczak. Czerwionka-Leszczyny: Agencja Reklamowo-Wydawnicza \u201eVectra\u201d, 2016.<\/span><\/li>\n<li><span style=\"font-size: 12pt;\"><em>Das Bild der Stadt Kattowitz\/Katowice im deutschen Schrifttum 1865-1945. <\/em>Dresden: Neisse Verlag, Wroc\u0142aw: Oficyna Wydawnicza ATUT, 2008.<\/span><\/li>\n<\/ul>\n<p><span style=\"font-size: 12pt;\"><strong>Prace redagowane<\/strong><\/span><\/p>\n<ul>\n<li><span style=\"font-size: 12pt;\">Dampc-Jarosz Renata, Skop Micha\u0142 Franciszek (red.): <em>Czterdziestolecie powstania \u015bl\u0105skiej germanistyki<\/em>. Katowice: Wydawnictwo \u201e\u015al\u0105sk\u201d, 2014.<\/span><\/li>\n<li><span style=\"font-size: 12pt;\">Szewczyk Gra\u017cyna Barbara, Skop Micha\u0142 Franciszek (red.): <em>August Scholtis. \u015al\u0105ski pisarz i publicysta. Tw\u00f3rczo\u015b\u0107 po 1945 roku. <\/em>Katowice: Biblioteka \u015al\u0105ska, 2012.<\/span><\/li>\n<\/ul>\n<p><span style=\"font-size: 12pt;\"><strong>Artyku\u0142y w czasopismach<\/strong><\/span><\/p>\n<ul>\n<li><span style=\"font-size: 12pt;\"><em>Germanoslavica. Zeitschrift f\u00fcr germano-slawische Studien. Sonderheft Karl Markus Gau\u00df, 31\/1\u20132 (2020). Hildesheim 2020<\/em>. Schnittstelle Germanistik: Forum f\u00fcr Deutsche Sprache, Literatur und Kultur des mittleren und \u00f6stlichen Europas, 2022, vol. 2, nr 1, s. 240-245.<\/span><\/li>\n<li><span style=\"font-size: 12pt;\"><em>Volksabstimmung und Aufst\u00e4nde in Oberschlesien in der Vierteljahresschrift<\/em> <em>\u201eSchlesien\u201c (1956-1996).<\/em> Orbis Linguarum, 2021, vol. 55, s. 645-657.<\/span><\/li>\n<li><span style=\"font-size: 12pt;\"><em>Obraz powsta\u0144 \u015bl\u0105skich w wybranych utworach niemieckich pisarzy. <\/em>Ksi\u0105\u017cnica \u015al\u0105ska, Biblioteka \u015al\u0105ska w Katowicach, 2021, vol. 32, s. 19-32.<\/span><\/li>\n<li><span style=\"font-size: 12pt;\"><em>Das Motiv der Oder im Werk von Joseph von Eichendorff. <\/em>Rocznik \u0141ubowicki. Lubowitzer Jahrbuch. Lubowick\u00e1 Ro\u0107enka, \u0141ubowice, 2018, tom 16, s. 26-35.<\/span><\/li>\n<li><span style=\"font-size: 12pt;\"><em>Hans Marchwitza. \u201eArbeiterschriftsteller\u201c zwischen Schlesien, Ruhrgebiet und Potsdam. <\/em>Orbis Linguarum, 2018, vol. 47, s. 81-87.<\/span><\/li>\n<li><span style=\"font-size: 12pt;\"><em>Hans Marchwitza. \u201eG\u00f3rnik i pisarz\u201d ze \u015al\u0105ska<\/em>. Zaranie \u015al\u0105skie, Katowice, 2017, vol. 3, s. 12-19.<\/span><\/li>\n<li><span style=\"font-size: 12pt;\"><em>\u201eGartensiedlung\u201c und \u201eWalddorf\u201c. Giszowiec (Gieschewald) eine oberschlesische Arbeiterkolonie mit \u00fcber hundertj\u00e4hriger Geschichte<\/em>. Silesia Nova, Dresden, 2015, nr 3, s. 51-60.<\/span><\/li>\n<li><span style=\"font-size: 12pt;\"><em>Max Waldau. Sammler oberschlesischer Volkslieder<\/em>. Silesia Nova, Dresden, 2014, nr 2, s. 81-88.<\/span><\/li>\n<li><span style=\"font-size: 12pt;\"><em>Gerhart Hauptmann in Feuilletons Wilhelm Szewczyks. <\/em>Carl und Gerhart Hauptmann Jahrbuch, Pa\u0144stwowa Wy\u017csza Szko\u0142a Zawodowa (P\u0142ock), Pa\u0144stwowa Wy\u017csza Szko\u0142a Zawodowa (W\u0142oc\u0142awek), Uniwersytet \u0141\u00f3dzki. Katedra Bada\u0144 Niemcoznawczych, Gerhart-Hauptmann-Museum (Erkner), 2013, nr 7, s. 133-144.<\/span><\/li>\n<li><span style=\"font-size: 12pt;\"><em>\u201eJoseph von Eichendorff Konversatorium. Zeszyty Edukacji Kulturalnej. Hefte fur Kultur und Bildung\u201c<\/em>.\u00a0 Versuch einer Bilanz. Zeszyty Edukacji Kulturalnej = Hefte f\u00fcr Kulturbildung = Hefte f\u00fcr Kultur und Bildung. Konversatorium Joseph von Eichendorff, Opole, 2013, nr 78, s. 130-141.<\/span><\/li>\n<li><span style=\"font-size: 12pt;\"><em>Joseph von Eichendorff in der oberschlesischen Presse<\/em>. Rocznik \u0141ubowicki. Lubowitzer Jahrbuch. Lubowick\u00e1 Ro\u0107enka, \u0141ubowice, 2011, tom 9, s. 67-86.<\/span><\/li>\n<li><span style=\"font-size: 12pt;\"><em>Joseph von Eichendorff w \u201eOberschlesien im Bild\u201c.<\/em> Rocznik \u0141ubowicki. Lubowitzer Jahrbuch. Lubowick\u00e1 Ro\u0107enka, \u0141ubowice, 2009, tom 7, s. 11-20.<\/span><\/li>\n<li><span style=\"font-size: 12pt;\"><em>Vom Dorf zur oberschlesischen Metropole.\u00a0 <\/em><em>Kattowitz \/ Katowice 1865-1945. <\/em>Silesia Nova, Dresden, 2007, nr 3, s. 43-51.<\/span><\/li>\n<\/ul>\n<p>\n<\/div>\r\n                    <\/div>\r\n                <\/div>[\/vc_tta_section][vc_tta_section title=&#8221;ENGLISH&#8221; tab_id=&#8221;1613642353216-566e5c22-6eaf&#8221;]\r\n                <div class=\"text-modules\">\r\n                    <div class=\"container\">\r\n                        \r\n                        <div class=\"text-modules__content\"><p><strong>Micha\u0142 Skop, PhD, DLitt<\/strong><\/p>\n<p><strong>Associate Professor in the Institute of Literary Studies<\/strong><\/p>\n<p><strong>Faculty of Humanities<\/strong><\/p>\n<p><a href=\"mailto:michal.skop@us.edu.pl\">michal.skop@us.edu.pl<\/a><\/p>\n<p>&nbsp;<\/p>\n<p>ORCID: 0000-0001-9151-2279<\/p>\n<p><a href=\"https:\/\/www.researchgate.net\/profile\/Michal_Skop4\">https:\/\/www.researchgate.net\/profile\/Michal_Skop4<\/a><\/p>\n<p><a href=\"https:\/\/scholar.google.pl\/citations?user=AFcU6h8AAAAJ&amp;hl=pl\">https:\/\/scholar.google.pl\/citations?user=AFcU6h8AAAAJ&amp;hl=pl<\/a><\/p>\n<p>&nbsp;<\/p>\n<p><strong>Research interests<\/strong>:<\/p>\n<p>Comparative literature, literature in Silesia, 19th and 20th century German literature, the press in Upper Silesia<\/p>\n<p><strong>Recent publications:<\/strong><\/p>\n<ol>\n<li>\u201cJakob Hacks \u2013 Lehrer, Direktor, Stadtschulrat. Zwischen preu\u00dfischer Rheinprovinz und Ober- und Niederschlesien\u201d [Jakob Hacks \u2013 a teacher, headmaster, municipal school councillor. Between the Prussian province on the Rhine and Lower Silesia]. <em>\u015al\u0105ska Republika Uczonych = Schlesische Gelehrtenrepublik = Slezsk\u00e1 v\u011bdeck\u00e1 obec. <\/em> 9, 2020, pp. 67-83.<\/li>\n<li>\u201cArnold Zweig in der oberschlesischen Presse nach 1945\u201d [Arnold Zweig in the Upper Silesian press after 1945]. In: Krzysztof K\u0142osowicz (ed.): Arnold Zweig zum f\u00fcnfzigsten Todestag (Berlin-Frankfurt am Main: Peter Lang Verlag, 2019), pp. 143-153.<\/li>\n<li>\u201cHans Marchwitza: Arbeiterschriftsteller zwischen Schlesien, Ruhrgebiet und Potsdam\u201d [Hans Marchwitza: A working class writer between Silesia, the Ruhr and Potsdam]. <em>Orbis Linguarum<\/em>. Vol. 47, 2018, pp. 81-88.<\/li>\n<li>\u201cDas Motiv der Oder im Werk von Joseph von Eichendorff\u201d [The motif of the Oder in Joseph von Eichendorff\u2019s works]. <em>Rocznik \u0141ubowicki = Lubowitzer Jahrbuch = Lubowick\u00e1 Ro\u0107enka<\/em>. Vol. 16, 2018, pp. 26-35.<\/li>\n<li><em>Literatura niemiecka w publicystyce Wilhelma Szewczyka<\/em> [German literature in Wilhelm Szewczyk\u2019s journalistic writing] (Katowice: \u015al\u0105ski w Katowicach, Wydawnictwo Naukowe \u201e\u015al\u0105sk\u201d, 2016).<\/li>\n<\/ol>\n<p><strong>Academic outreach and engagement<\/strong><strong>:<\/strong><\/p>\n<ol>\n<li>\u201cNiemieccy nobli\u015bci\u201d [German Nobel Prize winners] &#8211; a public lecture delivered during the 3<sup>rd<\/sup> Silesian Festival of Science, 15 October, 2016.<\/li>\n<\/ol>\n<p>\n<\/div>\r\n                    <\/div>\r\n                <\/div>[\/vc_tta_section][\/vc_tta_tabs][\/vc_column][vc_column width=&#8221;1\/3&#8243;]\r\n                <div class=\"text-modules\">\r\n                    <div class=\"container\">\r\n                        \r\n                        <div class=\"text-modules__content\"><\/p>\n<p>&nbsp;<\/p>\n<p><img class=\"alignnone wp-image-673 size-full\" src=\"https:\/\/us.edu.pl\/instytut\/il\/wp-content\/uploads\/sites\/27\/2020\/01\/Skop_Micha\u0142_foto.jpg\" alt=\"Micha\u0142 Skop - zdj\u0119cie profilowe\" width=\"600\" height=\"400\" srcset=\"https:\/\/us.edu.pl\/instytut\/il\/wp-content\/uploads\/sites\/27\/2020\/01\/Skop_Micha\u0142_foto.jpg 600w, https:\/\/us.edu.pl\/instytut\/il\/wp-content\/uploads\/sites\/27\/2020\/01\/Skop_Micha\u0142_foto-300x200.jpg 300w, https:\/\/us.edu.pl\/instytut\/il\/wp-content\/uploads\/sites\/27\/2020\/01\/Skop_Micha\u0142_foto-575x383.jpg 575w\" sizes=\"(max-width: 600px) 100vw, 600px\" \/><\/p>\n<\/div>\r\n                    <\/div>\r\n                <\/div>[\/vc_column][\/vc_row]<\/p>","protected":false},"excerpt":{"rendered":"<p>[vc_row][vc_column width=&#8221;2\/3&#8243;][vc_tta_tabs][vc_tta_section title=&#8221;POLISH&#8221; tab_id=&#8221;1613642353192-640d53c6-716e&#8221;][\/vc_tta_section][vc_tta_section title=&#8221;ENGLISH&#8221; tab_id=&#8221;1613642353216-566e5c22-6eaf&#8221;][\/vc_tta_section][\/vc_tta_tabs][\/vc_column][vc_column width=&#8221;1\/3&#8243;][\/vc_column][\/vc_row] [&#8230;]<\/p>\n<p><a class=\"btn btn-secondary understrap-read-more-link\" href=\"https:\/\/us.edu.pl\/instytut\/il\/osoby\/michal-skop\/\">Read More&#8230;<\/a><\/p>\n","protected":false},"author":1,"featured_media":0,"template":"","meta":{"_expiration-date-status":"","_expiration-date":0,"_expiration-date-type":"","_expiration-date-categories":[],"_expiration-date-options":[]},"acf":[],"_links":{"self":[{"href":"https:\/\/us.edu.pl\/instytut\/il\/wp-json\/wp\/v2\/osoby\/315"}],"collection":[{"href":"https:\/\/us.edu.pl\/instytut\/il\/wp-json\/wp\/v2\/osoby"}],"about":[{"href":"https:\/\/us.edu.pl\/instytut\/il\/wp-json\/wp\/v2\/types\/osoby"}],"author":[{"embeddable":true,"href":"https:\/\/us.edu.pl\/instytut\/il\/wp-json\/wp\/v2\/users\/1"}],"version-history":[{"count":7,"href":"https:\/\/us.edu.pl\/instytut\/il\/wp-json\/wp\/v2\/osoby\/315\/revisions"}],"predecessor-version":[{"id":4383,"href":"https:\/\/us.edu.pl\/instytut\/il\/wp-json\/wp\/v2\/osoby\/315\/revisions\/4383"}],"wp:attachment":[{"href":"https:\/\/us.edu.pl\/instytut\/il\/wp-json\/wp\/v2\/media?parent=315"}],"curies":[{"name":"wp","href":"https:\/\/api.w.org\/{rel}","templated":true}]}}