{"id":383,"date":"2020-02-20T17:31:33","date_gmt":"2020-02-20T16:31:33","guid":{"rendered":"http:\/\/us.edu.pl\/instytut\/il\/?post_type=osoby&#038;p=383"},"modified":"2021-02-25T12:48:00","modified_gmt":"2021-02-25T11:48:00","slug":"teresa-banas-korniak","status":"publish","type":"osoby","link":"https:\/\/us.edu.pl\/instytut\/il\/osoby\/teresa-banas-korniak\/","title":{"rendered":"Teresa Bana\u015b-Korniak"},"content":{"rendered":"<p>[vc_row][vc_column width=&#8221;2\/3&#8243;][vc_tta_tabs][vc_tta_section title=&#8221;POLISH&#8221; tab_id=&#8221;1614253252825-b245088b-5ffa&#8221;]\r\n                <div class=\"text-modules\">\r\n                    <div class=\"container\">\r\n                        \r\n                        <div class=\"text-modules__content\"><p><strong>Teresa Bana\u015b-Korniak\u00a0<\/strong><em>\u2013<\/em>\u00a0doktor habilitowany nauk humanistycznych, profesor nadzwyczajny na Wydziale Humanistycznym Uniwersytetu \u015al\u0105skiego. Zainteresowania naukowe: literatura i kultura polska wiek\u00f3w dawnych: \u015bredniowiecza, renesansu i baroku oraz jej \u015blady we wsp\u00f3\u0142czesnej kulturze. Jest autork\u0105 czterech ksi\u0105\u017cek oraz ponad siedemdziesi\u0119ciu artyku\u0142\u00f3w naukowych, szkic\u00f3w, recenzji, kt\u00f3re ukaza\u0142y si\u0119 w monografiach zbiorowych i czasopismach literackich; drukowa\u0142a swe prace m.in. na \u0142amach: \u201eRuchu Literackiego\u201d, \u201ePami\u0119tnika Literackiego\u201d, \u201eOdrodzenia i Reformacji w Polsce\u201d, \u201eNapisu\u201d, \u201eZagadnie\u0144 Rodzaj\u00f3w Literackich\u201d, \u201eLiteratury Ludowej\u201d i in. Jest wsp\u00f3\u0142redaktork\u0105 naukow\u0105\u00a0 kilku zbiorowych monografii wieloautorskich, ostatnio wsp\u00f3\u0142redagowa\u0142a\u00a0<em>Staropolskie teksty i konteksty. T. 8. Tom jubileuszowy, po\u015bwi\u0119cony pracy tw\u00f3rczej i organizacyjnej Profesora Jana Malickiego w siedemdziesi\u0105t\u0105 rocznic\u0119 Jego urodzin,\u00a0<\/em>Katowice 2018 (wsp\u00f3\u0142red. D. Rott, B. Stuchlik-Surowiak, J. Kwosek),\u00a0<em>Ethos rycerski w kulturze. Tradycje i kontynuacje. T. 1: W kr\u0119gu \u015bredniowiecza,\u00a0<\/em>Katowice 2017 (wsp\u00f3\u0142red. B. Stuchlik-Surowiak),\u00a0<em>Ethos rycerski w kulturze. Tradycje i kontynuacje. T. 2: Ethos sarmacki i jego tradycje,\u00a0<\/em>Katowice 2017 (wsp\u00f3\u0142red. B. Stuchlik-Surowiak). Prace swoje publikowa\u0142a pod nazwiskami: Teresa Banasiowa, Teresa Bana\u015b, Teresa Bana\u015b-Korniak. Wybrane monografie autorskie:\u00a0<em>Tren polityczny i funeralny w poezji polskiej lat 1580-1630\u00a0\u00a0<\/em>(Katowice 1997);\u00a0<em>Pomi\u0119dzy tragiczno\u015bci\u0105 a grotesk\u0105. Studium z literatury i kultury polskiej schy\u0142ku renesansu i wst\u0119pnej fazy baroku<\/em>\u00a0(Katowice 2007);\u00a0<em>Wok\u00f3\u0142 \u201eTren\u00f3w\u201d Jana Kochanowskiego. Szkice historycznoliterackie\u00a0<\/em>(Katowice 2016).<\/p>\n<p><strong>Wybrane publikacje:<\/strong><\/p>\n<p>Ksi\u0105\u017cki:<\/p>\n<ol>\n<li>Teresa Banasiowa,\u00a0<em>Tren polityczny i funeralny w poezji polskiej lat 1580\u20131630.\u00a0<\/em>Wydawnictwo Uniwersytetu \u015al\u0105skiego. Katowice 1997. ISBN 83-226-0761; ISSN 0208-6336; ss. 149.<\/li>\n<li>Teresa Bana\u015b,\u00a0<em>Pomi\u0119dzy tragiczno\u015bci\u0105 a grotesk\u0105. Studium z literatury i kultury polskiej schy\u0142ku renesansu i wst\u0119pnej fazy baroku.\u00a0<\/em>Wydawnictwo Uniwersytetu \u015al\u0105skiego. Katowice 2007. ISBN 978-83-226-1703-8; ISSN 0208-6336; ss. 238. Skan ok\u0142adki i zwi\u0119z\u0142a charakterystyka ksi\u0105\u017cki znajduje si\u0119 w Internecie.<\/li>\n<li>Teresa Bana\u015b-Korniak,\u00a0<em>Wok\u00f3\u0142 \u201eTren\u00f3w\u201d Jana Kochanowskiego. Szkice historycznoliterackie.\u00a0<\/em>Wydawnictwo Uniwersytetu \u015al\u0105skiego. Katowice 2016. ISBN 978-83-8012-771-5; ISSN 0208-6336, ss. 208. Skan ok\u0142adki\u00a0 i zwi\u0119z\u0142y opis ksi\u0105\u017cki \u2013 w Internecie.<\/li>\n<li><em>Ethos rycerski w kulturze. Tradycje i kontynuacje.\u00a0<\/em>1:\u00a0<em>W kr\u0119gu \u015bredniowiecza.\u00a0<\/em>Red. T. Bana\u015b-Korniak, B. Stuchlik-Surowiak przy udziale Magdaleny Komendy. Wydawnictwo Uniwersytetu \u015al\u0105skiego. Katowice 2017. ISBN 978-83-226-3171-3; ISSN 0208-6336, ss. 356. Opis ksi\u0105\u017cki i skan ok\u0142adki w Internecie oraz w zestawie publikacji dr hab. Beaty Stuchlik-Surowiak. Tam te\u017c:\u00a0<em>Ethos rycerski w kulturze\u2026<\/em>T. 2:\u00a0<em>Ethos sarmacki i jego tradycje\u00a0<\/em>(wsp\u00f3\u0142red. Z B. Stuchlik-Surowiak)- informacja o ksi\u0105\u017cce i skany \u2013 w zestawie publikacji \u00a0B. Stuchlik-Surowiak.<\/li>\n<\/ol>\n<p>Artyku\u0142y naukowe:<\/p>\n<ol>\n<li>Teresa Bana\u015b-Korniak,\u00a0<em>Ekspresja milczenia w \u201eTrenach\u201d Jana Kochanowskiego. Glosa do bada\u0144 nad konstrukcj\u0105 retoryczn\u0105 poematu.\u00a0<\/em>\u201ePami\u0119tnik Literacki\u201d R. CII: 2011, zeszyt 4. PL ISSN 0031-0514, s. 140-150.<\/li>\n<li>Teresa Bana\u015b-Korniak,\u00a0<em>Sowizdrza\u0142owie i babi\u0144czycy o krainie mlekiem i miodem p\u0142yn\u0105cej.<\/em>\u201dLiteratura Ludowa\u201d, 2012, nr 4\/5. PL ISSN 0024-4708, s. 19\u201327.<\/li>\n<li>Teresa Bana\u015b-Korniak:\u00a0<em>\u201eA\u017c si\u0119 za ci\u0119 wstydz\u0119, gdy ci\u0119 w ta\u0144cu widz\u0119\u201d. O kobieco\u015bci i wstydzie w poezji Jana Kochanowskiego ( na wybranych przyk\u0142adach).\u00a0<\/em>\u201eNapis\u201d, seria XVII,2012: Tabu i wstyd. ISBN 978-83-7181-770-0; ISSN 1507-4153, \u00a0 9\u201322.<\/li>\n<li>Teresa Bana\u015b-Korniak,\u00a0<em>Gazeta ulotna i moralistyczny traktat \u2013 dwa gatunki siedemnastowiecznej moralistyki ( na przyk\u0142adzie sensacyjnych nowin z ziemi w\u0142oskiej).\u00a0<\/em>\u201eZagadnienia Rodzaj\u00f3w Literackich\u201d 2014. T. 57\/113, z. 1. PL ISSN 0084-4446, s. 253\u2013251.<\/li>\n<li>Teresa Bana\u015b-Korniak,\u00a0<em>Siedemnastowiecznego szlachcica polskiego smutki i zabawy. Motywy ludyczne w barokowych epigramatach Wespazjana Kochowskiego i Daniela Bratkowskiego.\u00a0<\/em>W:<em>\u00a0\u201eHomo ludens\u201d. Zabawy i rozrywki na co dzie\u0144 i od \u015bwi\u0119ta w dziejach kraj\u00f3w Europy \u015arodkowej i ich s\u0105siad\u00f3w.\u00a0<\/em>A. Teterycz-Puzio, W. Bejda we wsp\u00f3\u0142pracy z L. Ko\u015bcielakiem. Wydawnictwo Naukowe Akademii Pomorskiej w S\u0142upsku. S\u0142upsk 2017, ISBN 978-7467-288-7, s. 247\u2013439.<\/li>\n<li>Teresa Bana\u015b-Korniak,\u00a0<em>Wiersze maryjne oraz ich funkcja w barokowym tomie \u201eNiepr\u00f3\u017cnuj\u0105ce pr\u00f3\u017cnowanie\u2026\u201d (1674) Wespazjana Kochowskiego.\u00a0<\/em>W:\u00a0<em>\u015awi\u0119ci i \u015bwi\u0119to\u015b\u0107 w j\u0119zyku, literaturze i kulturze.\u00a0<\/em>H. Lele\u0144, T. \u017burawlew. Wydawnictwo Universitas. Krak\u00f3w 2018. ISBN 97883-242-3507-0, s. 293\u2013309.<\/li>\n<\/ol>\n<p>\n<\/div>\r\n                    <\/div>\r\n                <\/div>[\/vc_tta_section][vc_tta_section title=&#8221;ENGLISH&#8221; tab_id=&#8221;1614253252869-33959644-15ca&#8221;]\r\n                <div class=\"text-modules\">\r\n                    <div class=\"container\">\r\n                        \r\n                        <div class=\"text-modules__content\"><p><strong>Teresa Bana<\/strong><strong>\u015b-Korniak (aka Teresa Banasiowa, Teresa Bana\u015b) PhD, D<\/strong><strong>Litt<\/strong><\/p>\n<p><strong>Associate <\/strong><strong>Professor in the Institute of Literary Studies<br \/>\n<\/strong><strong>Faculty of Humanities<\/strong><\/p>\n<p>e-mail:\u00a0 <a href=\"mailto:teresa.banas@us.edu.pl\">teresa.banas@us.edu.pl<\/a><\/p>\n<p>&nbsp;<\/p>\n<p>ORCID: 0000-0001-8161-1580<\/p>\n<p>PBN\u00a0 <a href=\"https:\/\/pbn-ms.opi.org.pl\/pbn-report-web\/pages\/analytics\/author\/1460271\">https:\/\/pbn-ms.opi.org.pl\/pbn-report-web\/pages\/analytics\/author\/1460271<\/a><\/p>\n<p><a href=\"https:\/\/scholar.google.com\/citations?hl=pl&amp;user=WnJ2FwQAAAAJ\">https:\/\/scholar.google.com\/citations?hl=pl&amp;user=WnJ2FwQAAAAJ<\/a><\/p>\n<p><strong>Research interests: <\/strong><\/p>\n<p>Literature and culture of the old times: the Middle Ages, the Renaissance, Baroque, and their traces in modern literature and culture<\/p>\n<p><strong>Selected publications (5)<\/strong><\/p>\n<ol>\n<li>Teresa Banasiowa: Tren polityczny i funeralny w poezji polskiej lat 1580 \u2013 1630 [Political and funeral laments in Polish poetry 1580\u20131630]. Katowice 1997, 149 pages. Prace Naukowe Uniwersytetu \u015al\u0105skiego w Katowicach no. 1667. Wydawnictwo Uniwersytetu \u015al\u0105skiego w Katowicach. ISBN 83-226-0761-X; ISSN 0208-6336. Reviewed by A. Sikora, \u201ePallas Silesia\u201d. III, Katowice 1998, pp. 131 \u2013 134.<\/li>\n<li>Teresa Bana\u015b: Pomi\u0119dzy tragiczno\u015bci\u0105 a grotesk\u0105. Studium z literatury i kultury polskiej schy\u0142ku renesansu i wst\u0119pnej fazy baroku [Between the tragic and grotesque. A study of Polish literature and culture in the end of the Renaissance and the beginning of Baroque]. Katowice 2007, 238 pages. Prace Naukowe Uniwersytetu \u015al\u0105skiego w Katowicach no. 2543. Wydawnictwo Uniwersytetu \u015al\u0105skiego w Katowicach. ISBN 978-83-226-1703-8; ISSN 0208-6336. Reviewed by\u00a0 Ireneusz Szczukowski, \u201eBarok\u201d, R. 16: 2009, no. 2, pp. 202-205; Reviewed by Piotr Pirecki, W\u0119dr\u00f3wka po staropolskich gatunkach i tematach ( na marginesie tragizmu i groteski) [An overview of old Polish genres and topics (in the context of the tragic and grotesque)], \u201ePami\u0119tnik Literacki\u201d CIV: 2013, z. 3, pp. 248 \u2013 255. Reviewed by Jacek Kwosek \u201eTerminus, T. 15 (2013), z. 1(26), pp. 99-105.<\/li>\n<li>Teresa Bana\u015b-Korniak: Arkadia i z\u0142o, mi\u0142o\u015b\u0107 i \u015bmier\u0107, czyli o literackich antytezach w poezji polskiej renesansu i baroku [Arcadia and evil, love and death, or on the literary antitheses in Polish poetry of the Renaissance and Baroque]. Katowice 2011, 81 pages. Wydane przez PAN \u2013 oddzia\u0142 w Katowicach ( seria: \u201eSpotkania z literatur\u0105\u201d). Agencja Wydawnicza PARA. ISBN 978-83-88657-48-1<\/li>\n<li>Teresa Bana\u015b-Korniak: Wok\u00f3\u0142 \u201eTren\u00f3w\u201d Jana Kochanowskiego. Szkice historycznoliterackie [On \u201cLaments\u201d by Jan Kochanowski. Historical-literary essays]. Katowice 2016, 208 pages. Wydawnictwo Uniwersytetu \u015al\u0105skiego w Katowicach. ISBN (978-83-8012-771-5; ISSN 0208-6336.<\/li>\n<li>Teresa Bana\u015b-Korniak: Ekspresja milczenia w \u201eTrenach\u201d Jana Kochanowskiego. Glosa do bada\u0144 nad konstrukcj\u0105 retoryczn\u0105 poematu [Silence expression in \u201cLaments\u201d by Jan Kochanowski. A gloss to the research on the rhetorical construction of the poem]. \u201ePami\u0119tnik Literacki\u201d. R. CII: 2011, pp. 140 \u2013 150.<\/li>\n<\/ol>\n<p><strong>Participation in research grants:<\/strong><\/p>\n<ol>\n<li>1999\u20132000 \u2014 participation in the group research project, financed by the State Committee for Scientific Research \u2014 \u201cDawna literatura \u015bl\u0105ska i jej tw\u00f3 Biografistyka \u2013 periodyzacja \u2013 problemy badawcze\u201d [Old Silesian literature and its authors. Biographistics \u2014 periodization \u2014 research problems]. Project manager: Prof. Dariusz Rott: 1 H01C\u00a0025 18(2000).<\/li>\n<li>The form of the project completion: collection of the sources for the multi-author publication, <em>S\u0142ownik pisarzy \u015bl\u0105skich <\/em>[A dictionary of Silesian writers]<em>, tom 1 -2; <\/em>both dictionary volumes were published in the years 2005\u20132007 .<\/li>\n<li>In the research, I prepared 12 long dictionary entries, which were submitted to the project manager in November, 2000. I also presented a paper in the academic conference (Polish-Czech) organized by the research team.<\/li>\n<\/ol>\n<p>\n<\/div>\r\n                    <\/div>\r\n                <\/div>[\/vc_tta_section][\/vc_tta_tabs][\/vc_column][vc_column width=&#8221;1\/3&#8243;]\r\n                <div class=\"text-modules\">\r\n                    <div class=\"container\">\r\n                        \r\n                        <div class=\"text-modules__content\"><\/p>\n<p>&nbsp;<\/p>\n<p><img class=\"wp-image-469 size-large\" src=\"https:\/\/us.edu.pl\/instytut\/il\/wp-content\/uploads\/sites\/27\/Nieprzypisane\/bana\u015b-korniak-1024x683.jpg\" alt=\"Teresa Bana\u015b-Korniak - zdj\u0119cie profilowe\" width=\"100%\" height=\"auto\" srcset=\"https:\/\/us.edu.pl\/instytut\/il\/wp-content\/uploads\/sites\/27\/Nieprzypisane\/bana\u015b-korniak-1024x683.jpg 1024w, https:\/\/us.edu.pl\/instytut\/il\/wp-content\/uploads\/sites\/27\/Nieprzypisane\/bana\u015b-korniak-300x200.jpg 300w, https:\/\/us.edu.pl\/instytut\/il\/wp-content\/uploads\/sites\/27\/Nieprzypisane\/bana\u015b-korniak-768x512.jpg 768w, https:\/\/us.edu.pl\/instytut\/il\/wp-content\/uploads\/sites\/27\/Nieprzypisane\/bana\u015b-korniak-575x383.jpg 575w\" sizes=\"(max-width: 1024px) 100vw, 1024px\" \/><\/p>\n<\/div>\r\n                    <\/div>\r\n                <\/div>[\/vc_column][\/vc_row]<\/p>","protected":false},"excerpt":{"rendered":"<p>[vc_row][vc_column width=&#8221;2\/3&#8243;][vc_tta_tabs][vc_tta_section title=&#8221;POLISH&#8221; tab_id=&#8221;1614253252825-b245088b-5ffa&#8221;][\/vc_tta_section][vc_tta_section title=&#8221;ENGLISH&#8221; tab_id=&#8221;1614253252869-33959644-15ca&#8221;][\/vc_tta_section][\/vc_tta_tabs][\/vc_column][vc_column width=&#8221;1\/3&#8243;][\/vc_column][\/vc_row] [&#8230;]<\/p>\n<p><a class=\"btn btn-secondary understrap-read-more-link\" href=\"https:\/\/us.edu.pl\/instytut\/il\/osoby\/teresa-banas-korniak\/\">Read More&#8230;<\/a><\/p>\n","protected":false},"author":1,"featured_media":0,"template":"","meta":{"_expiration-date-status":"saved","_expiration-date":0,"_expiration-date-type":"","_expiration-date-categories":[],"_expiration-date-options":[]},"acf":[],"_links":{"self":[{"href":"https:\/\/us.edu.pl\/instytut\/il\/wp-json\/wp\/v2\/osoby\/383"}],"collection":[{"href":"https:\/\/us.edu.pl\/instytut\/il\/wp-json\/wp\/v2\/osoby"}],"about":[{"href":"https:\/\/us.edu.pl\/instytut\/il\/wp-json\/wp\/v2\/types\/osoby"}],"author":[{"embeddable":true,"href":"https:\/\/us.edu.pl\/instytut\/il\/wp-json\/wp\/v2\/users\/1"}],"version-history":[{"count":7,"href":"https:\/\/us.edu.pl\/instytut\/il\/wp-json\/wp\/v2\/osoby\/383\/revisions"}],"predecessor-version":[{"id":2532,"href":"https:\/\/us.edu.pl\/instytut\/il\/wp-json\/wp\/v2\/osoby\/383\/revisions\/2532"}],"wp:attachment":[{"href":"https:\/\/us.edu.pl\/instytut\/il\/wp-json\/wp\/v2\/media?parent=383"}],"curies":[{"name":"wp","href":"https:\/\/api.w.org\/{rel}","templated":true}]}}