{"id":4841,"date":"2024-02-27T18:26:20","date_gmt":"2024-02-27T17:26:20","guid":{"rendered":"https:\/\/us.edu.pl\/instytut\/il\/?page_id=4841"},"modified":"2024-02-27T19:18:50","modified_gmt":"2024-02-27T18:18:50","slug":"2023-2","status":"publish","type":"page","link":"https:\/\/us.edu.pl\/instytut\/il\/konferencje\/2023-2\/","title":{"rendered":"2023"},"content":{"rendered":"<p>[vc_row][vc_column]\r\n                <div class=\"text-modules\">\r\n                    <div class=\"container\">\r\n                        <h3 class=\"page-title text__title\">V Mi\u0119dzynarodowa konferencja pt. Sense and Sexuality. Erotic Discourses in\/of History<\/h3>\r\n                        <div class=\"text-modules__content\"><p><span style=\"font-size: 12pt;\"><strong>Termin<\/strong>: 22 wrze\u015bnia 2023 r. &#8211; 23 wrze\u015bnia 2023 r.<\/span><\/p>\n<p><span style=\"font-size: 12pt;\"><strong>Miejsce<\/strong>: Centrum Informacji Naukowej i Biblioteka Akademicka<\/span><\/p>\n<p><span style=\"font-size: 12pt;\"><strong>Organizatorzy<\/strong>: Uniwersytet \u015al\u0105ski w Katowicach, Wydzia\u0142 Humanistyczny, Instytut Literaturoznawstwa, H\/Story Research Group, Centre for\u00a0Old Norse and Old English Studies<\/span><\/p>\n<p><span style=\"font-size: 12pt;\"><strong>Opis<\/strong>:<\/span><\/p>\n<p><span style=\"font-size: 12pt;\">Mi\u0119dzynarodowa konferencja pt.\u00a0<em>Sense and Sexuality. Erotic Discourses in\/of History<\/em>\u00a0jest ju\u017c pi\u0105tym tego typu wydarzeniem organizowanym przez zesp\u00f3\u0142 H\/Story, kt\u00f3rego zainteresowania badawcze umiejscowione s\u0105 na przeci\u0119ciu historii, literaturoznawstwa oraz innych dziedzin humanistyki.<\/span><\/p>\n<p><span style=\"font-size: 12pt;\">Celem tegorocznej konferencji jest przedstawienie i przedyskutowanie wynik\u00f3w bada\u0144 nad zagadnieniami zwi\u0105zanymi z erotyk\u0105 w uj\u0119ciu historycznym, nad rol\u0105 erotyki w narracjach historii i w narracjach oko\u0142o-historycznych oraz nad sposobami, w jakie erotyka i seksualno\u015b\u0107 by\u0142y wykorzystywane w historycznych kontekstach kulturowych i politycznych.<\/span><\/p>\n<p><span style=\"font-size: 12pt;\">G\u0142\u00f3wnymi tematami konferencji b\u0119d\u0105 m.in. takie zagadnienia jak historia erotyki i seksualno\u015bci, sposoby konceptualizacji i regulowania erotyki, historia pi\u015bmiennictwa erotycznego, role erotyki w historii politycznej i w jej narracjach, historyczne przypadki wykorzystywania erotyki w propagandzie, skandal i skandalizacja w uj\u0119ciu historycznym, role erotyki w uj\u0119ciu historii emocjonalno\u015bci, historyczne koncepcje p\u0142ciowo\u015bci i koncepcje genderowe, a tak\u017ce kwestie etyczne i estetyczne dotycz\u0105ce erotyki i seksualno\u015bci w uj\u0119ciu historycznym.<\/span><\/p>\n<p><span style=\"font-size: 12pt;\">Obrady konferencyjne b\u0119d\u0105 prowadzone wy\u0142\u0105cznie w j\u0119zyku angielskim.<\/span><\/p>\n<\/div>\r\n                    <\/div>\r\n                <\/div>[\/vc_column][\/vc_row][vc_row][vc_column]\r\n                <div class=\"text-modules\">\r\n                    <div class=\"container\">\r\n                        <h3 class=\"page-title text__title\">Mi\u0119dzynarodowa konferencja \u201eSpoiwa sploty konfrontacje | Spojiv\u00e1 prieniky konfront\u00e1cie\u201d<\/h3>\r\n                        <div class=\"text-modules__content\"><p><span style=\"font-size: 12pt;\"><strong>Termin<\/strong>: 19\u201320 pa\u017adziernika 2023<\/span><\/p>\n<p><span style=\"font-size: 12pt;\"><strong>Miejsce<\/strong>: Wydzia\u0142 Humanistyczny Uniwersytetu \u015al\u0105skiego w Katowicach<\/span><\/p>\n<p><span style=\"font-size: 12pt;\"><strong>Organizatorzy<\/strong>: Instytut J\u0119zykoznawstwa, Wydzia\u0142 Humanistyczny (Pracownicy IL w sk\u0142adzie Komitetu Naukowego: prof. dr hab. Agnieszka Adamowicz-Po\u015bpiech, dr hab. Leszek Ma\u0142czak, prof. U\u015a), Uniwersytet \u015al\u0105ski w Katowicach<\/span><\/p>\n<p><span style=\"font-size: 12pt;\"><strong>Opis<\/strong>: Podobnie jak w ubieg\u0142ych latach organizowana przez nas konferencja \u201ePrzestrzenie przek\u0142adu\u201d b\u0119dzie okazj\u0105 do spotkania traduktolog\u00f3w reprezentuj\u0105cych o\u015brodki krajowe i zagraniczne. Szerokie rozumienie tematu, zawarte w nazwie konferencji, pozwala na prezentacj\u0119 wynik\u00f3w bada\u0144 uwzgl\u0119dniaj\u0105cych r\u00f3\u017cne podej\u015bcia metodologiczne w uj\u0119ciu interdyscyplinarnym. Przedmiotem refleksji b\u0119d\u0105 zar\u00f3wno zagadnienia o charakterze og\u00f3lnym, jak te\u017c szczeg\u00f3\u0142owe zjawiska analizowane na podstawie przek\u0142ad\u00f3w tekst\u00f3w literackich i specjalistycznych. Wyra\u017camy przekonanie, \u017ce nasze propozycje tematyczne pozwol\u0105 na uchwycenie r\u00f3\u017cnorodno\u015bci kontekst\u00f3w i rejestr\u00f3w, w obr\u0119bie kt\u00f3rych poruszaj\u0105 si\u0119 wsp\u00f3\u0142cze\u015bni badacze przek\u0142adu.<\/span><\/p>\n<\/div>\r\n                    <\/div>\r\n                <\/div>[\/vc_column][\/vc_row][vc_row][vc_column]\r\n                <div class=\"text-modules\">\r\n                    <div class=\"container\">\r\n                        <h3 class=\"page-title text__title\">Stefan George und sein Kreis in Polen \/ Stefan George i jego Kr\u0105g w Polsce \u2013 konferencja naukowa<\/h3>\r\n                        <div class=\"text-modules__content\"><p><span style=\"font-size: 12pt;\"><strong>Termin<\/strong>: 19 pa\u017adziernika 2023 r. &#8211; 20 pa\u017adziernika 2023 r.<\/span><\/p>\n<p><span style=\"font-size: 12pt;\"><strong>Miejsce<\/strong>: Wydzia\u0142 Humanistyczny U\u015a<\/span><\/p>\n<p><span style=\"font-size: 12pt;\"><strong>Organizatorzy<\/strong>: Instytut Literaturoznawstwa Uniwersytetu \u015al\u0105skiego w Katowicach oraz Universit\u00e4t Bielefeld<\/span><\/p>\n<p><span style=\"font-size: 12pt;\"><strong>Opis<\/strong>:<\/span><\/p>\n<p><span style=\"font-size: 12pt;\">Konferencja dotyczy rezonansu, jakiego poeta modernistyczny Stefan George doczeka\u0142 si\u0119 w Polsce. W zakres tematyczny referat\u00f3w wchodz\u0105 historia polskiej recepcji postaci i tw\u00f3rczo\u015bci Georgego, czynniki spo\u0142eczne i historyczne kszta\u0142tuj\u0105ce recepcj\u0119, przyja\u017a\u0144 Georgego z Wac\u0142awem Roliczem-Liederem oraz polski odbi\u00f3r przedstawicieli Kr\u0119gu Georgego.<\/span><\/p>\n<\/div>\r\n                    <\/div>\r\n                <\/div>[\/vc_column][\/vc_row][vc_row][vc_column]\r\n                <div class=\"text-modules\">\r\n                    <div class=\"container\">\r\n                        <h3 class=\"page-title text__title\">Mi\u0119dzynarodowa konferencja \u201eByzantine Animals Between Materiality and Fantasy\u201d<\/h3>\r\n                        <div class=\"text-modules__content\"><p><span style=\"font-size: 12pt;\"><strong>Termin<\/strong>: 22 czerwca 2023 r. &#8211; 23 czerwca 2023 r.<\/span><\/p>\n<p><span style=\"font-size: 12pt;\"><strong>Miejsce<\/strong>: Wydzia\u0142 Humanistyczny U\u015a<\/span><\/p>\n<p><span style=\"font-size: 12pt;\"><strong>Finansowanie konferencji<\/strong>: Ministerstwo Nauki i Edukacji (program Doskona\u0142a Nauka), Alexander von Humboldt Stiftung, Inicjatywa Doskona\u0142o\u015bci Badawczej U\u015a<\/span><\/p>\n<p><span style=\"font-size: 12pt;\"><strong>Opis<\/strong>:<\/span><\/p>\n<p><span style=\"font-size: 12pt;\">Cultural animal studies are recently gaining in popularity, particularly in the field of literary studies and in the wide area of cultural history. Even though the so-called \u201canimal turn\u201d did not omit Byzantine studies, the rich material in textual, iconographic and archeological sources from the Byzantine world has only partially been analysed with regard to human- fauna relations. As a hub of cultural traditions from the Euromediterranean regions, the Late Antique and Medieval Byzantine Empire is essential to the development of human knowledge and interpretations of the natural world, including its fauna. The different geographic and climatic zones that characterized the Eastern Roman Empire and its spheres of influence abounded with flora and fauna that left significant traces in human literature, art, the archeology of everyday life, and world knowledge.<\/span><\/p>\n<p><span style=\"font-size: 12pt;\">Human-animal relations can be studied with a wide variety of different methods and aims: the study of individual species and their material presence and semiotic value; ecocritical and environmentally oriented approaches to the entanglement between individual humans and their animals, as well as between humanity and the kosmos; archeological and paleoclimatic research on the distribution and use of animals within the Byzantine world; the presence of literary animals in text and image.<\/span><\/p>\n<\/div>\r\n                    <\/div>\r\n                <\/div>[\/vc_column][\/vc_row][vc_row][vc_column]\r\n                <div class=\"text-modules\">\r\n                    <div class=\"container\">\r\n                        <h3 class=\"page-title text__title\">XI Macedo\u0144sko-Polska Konferencja Naukowa: J\u0119zyk-Literatura-Kultura<\/h3>\r\n                        <div class=\"text-modules__content\"><p><span style=\"font-size: 12pt;\"><strong>Termin<\/strong>: 01 czerwca 2023 r. &#8211; 02 czerwca 2023 r.<\/span><\/p>\n<p><span style=\"font-size: 12pt;\"><strong>Miejsce<\/strong>: Wydzia\u0142 Humanistyczny U\u015a<\/span><\/p>\n<p><span style=\"font-size: 12pt;\"><strong>Organizatorzy<\/strong>: Uniwersytet \u015al\u0105ski w Katowicach, Wydzia\u0142 Humanistyczny, Instytut Literaturoznawstwa U\u015a, Instytut J\u0119zykoznawstwa U\u015a<\/span><\/p>\n<p><span style=\"font-size: 12pt;\"><strong>Opis<\/strong>:<\/span><\/p>\n<p><span style=\"font-size: 12pt;\">Z okazji przypadaj\u0105cego\u00a0jubileuszu 35-lecia kszta\u0142cenia macedonistycznego na Uniwersytecie \u015al\u0105skim, <\/span><span style=\"font-size: 12pt;\">1\u20132 czerwca 2023 rokuna Wydziale Humanistycznym U\u015a w Katowicach (ul. Uniwersytecka 4) odb\u0119dzie si\u0119 <\/span><span style=\"font-size: 12pt;\">XI Macedo\u0144sko-Polska Konferencja Naukowa (J\u0119zyk-Literatura-Kultura).<\/span><\/p>\n<p><span style=\"font-size: 12pt;\">Konferencja po\u015bwi\u0119cona b\u0119dzie problematyce j\u0119zyka, literatury oraz kultury macedo\u0144skiej, wzajemnych kontakt\u00f3w macedo\u0144sko-polskich i polsko-macedo\u0144skich (mi\u0119dzyj\u0119zykowych, mi\u0119dzyliterackich, mi\u0119dzykulturowych).<\/span><\/p>\n<p><span style=\"font-size: 12pt;\">W konferencji wezm\u0105 udzia\u0142 macedoni\u015bci i slawi\u015bci, specjali\u015bci zajmuj\u0105cy si\u0119 macedo\u0144sk\u0105 kultur\u0105, literatur\u0105 i j\u0119zykiem, j\u0119zykoznawcy, literaturoznawcy, kulturoznawcy.<\/span><\/p>\n<p><span style=\"font-size: 12pt;\">Patronat honorowy nad wydarzeniem obj\u0105\u0142 Ambasador Republiki Macedonii P\u00f3\u0142nocnej dr Ilija Psaltirov oraz Prezydent Miasta Katowice dr Marcin Krupa.<\/span><\/p>\n<\/div>\r\n                    <\/div>\r\n                <\/div>[\/vc_column][\/vc_row][vc_row][vc_column]\r\n                <div class=\"text-modules\">\r\n                    <div class=\"container\">\r\n                        <h3 class=\"page-title text__title\">J\u00f3zef Wybicki: literat \u2013 obywatel \u2013 polityk. W dwusetn\u0105 rocznic\u0119 \u015bmierci pisarza (1822\u20132022)<\/h3>\r\n                        <div class=\"text-modules__content\"><p><span style=\"font-size: 12pt;\"><strong>Termin<\/strong>: 22 maja 2023 r. &#8211; 25 maja 2023 r.<\/span><\/p>\n<p><span style=\"font-size: 12pt;\"><strong>Miejsce<\/strong>: Gda\u0144sk<\/span><\/p>\n<p><span style=\"font-size: 12pt;\"><strong>Organizatorzy<\/strong>: Uniwersytet \u015al\u0105ski w Katowicach, Soci\u00e9t\u00e9 Historique et Litt\u00e9raire Polonaise<\/span><\/p>\n<p><span style=\"font-size: 12pt;\"><strong>Opis<\/strong>:<\/span><\/p>\n<div class=\"text-modules\">\n<div class=\"container\">\n<div class=\"text-modules__content\">\n<p><span style=\"font-size: 12pt;\">W dniach\u00a022\u201325 maja 2023 roku\u00a0na ziemi pomorskiej odb\u0119dzie si\u0119 og\u00f3lnopolska konferencja:\u00a0<em>J\u00f3zef Wybicki: literat \u2013 obywatel \u2013 polityk. W dwusetn\u0105 rocznic\u0119 \u015bmierci pisarza (1822\u20132022)<\/em>, w kt\u00f3rej referaty wyg\u0142osz\u0105 literaturoznawcy i historycy z kilkunastu o\u015brodk\u00f3w akademickich i badawczych. To wa\u017cne wydarzenie naukowe organizowa\u00adne jest w ramach finansowanego przez Ministerstwa Edukacji i Nauki w programie pod nazw\u0105 \u201eDoskona\u0142a Nauka\u201d (2022\u20132024) mi\u0119dzynarodowego projektu, realizowanego w partnerskiej wsp\u00f3\u0142pracy Towarzystwa Historyczno-Literac\u00adkiego i Biblioteki Polskiej w Pary\u017cu oraz Uniwersytetu \u015al\u0105skiego w Katowicach. Kilkudniowe obrady przewidziane s\u0105 w Szymbarku, zaledwie dwadzie\u015bcia jeden kilometr\u00f3w od B\u0119domina \u2013 miejsca urodzenia pisarza, a obecnie siedziby Muzeum Hymnu Narodowego. Planowane wydarzenie naukowe wpisuje si\u0119 w uroczyste obchody ustano\u00adwionego przez Sejm Rzeczypospolitej Polskiej Roku 2022 jako Roku J\u00f3zefa Wybickiego, a tak\u017ce wa\u017cnych rocznic zwi\u0105zanych z tym tw\u00f3rc\u0105: 275. rocznicy urodzin i 200. rocznicy \u015bmierci pisarza; 225. rocznicy napisania\u00a0<em>Pie\u015bni Legion\u00f3w Polskich we W\u0142oszech\u00a0<\/em>i 95. rocznicy ustanowienia jej hymnem narodowym.<\/span><\/p>\n<p><span style=\"font-size: 12pt;\">Niezale\u017cnie od zamierze\u0144\u00a0<em>stricte\u00a0<\/em>naukowych celem majowych obrad jest u\u015bwietnienie pami\u0119ci o J\u00f3zefie Wybickim jako jednym z najwybitniejszych przedstawicieli polskiego o\u015bwiecenia, kt\u00f3\u00adrego aktywno\u015b\u0107 publiczna i osobiste do\u015bwiadczenia w kraju i na emigracji \u015bci\u015ble splot\u0142y si\u0119 z losami narodowej wsp\u00f3lnoty w epo\u00adce o szczeg\u00f3lnym, prze\u0142omowym znaczeniu w dziejach Polski. Odegra\u0142 on bowiem donios\u0142\u0105 rol\u0119 w kszta\u0142towaniu politycznej \u015bwiadomo\u015bci narodu, kt\u00f3rego nowoczesne poj\u0119cie formowa\u0142o si\u0119 w dramatycznym okresie upadku pierwszej Rzeczypospolitej. Obrady rocznicowej konferencji po\u015bwi\u0119conej J\u00f3zefowi Wybic\u00adkiemu zosta\u0142y obj\u0119te honorowym patronatem przez: Marsza\u0142ka Wojew\u00f3dztwa Pomorskiego Mieczys\u0142awa Struka,\u00a0Prezydenta Miasta Gda\u0144ska, Muzeum Narodowe w Gda\u0144sku, Polskie To\u00adwarzystwo Bada\u0144 nad Wiekiem Osiemnastym oraz Gda\u0144skie Towarzystwo Naukowe.<\/span><\/p>\n<\/div>\n<\/div>\n<\/div>\n<p>\n<\/div>\r\n                    <\/div>\r\n                <\/div>[\/vc_column][\/vc_row]<\/p>","protected":false},"excerpt":{"rendered":"<p>[vc_row][vc_column][\/vc_column][\/vc_row][vc_row][vc_column][\/vc_column][\/vc_row][vc_row][vc_column][\/vc_column][\/vc_row][vc_row][vc_column][\/vc_column][\/vc_row][vc_row][vc_column][\/vc_column][\/vc_row][vc_row][vc_column][\/vc_column][\/vc_row] [&#8230;]<\/p>\n<p><a class=\"btn btn-secondary understrap-read-more-link\" href=\"https:\/\/us.edu.pl\/instytut\/il\/konferencje\/2023-2\/\">Read More&#8230;<\/a><\/p>\n","protected":false},"author":2113,"featured_media":0,"parent":133,"menu_order":0,"comment_status":"closed","ping_status":"closed","template":"","meta":{"_expiration-date-status":"","_expiration-date":0,"_expiration-date-type":"","_expiration-date-categories":[],"_expiration-date-options":[]},"acf":[],"_links":{"self":[{"href":"https:\/\/us.edu.pl\/instytut\/il\/wp-json\/wp\/v2\/pages\/4841"}],"collection":[{"href":"https:\/\/us.edu.pl\/instytut\/il\/wp-json\/wp\/v2\/pages"}],"about":[{"href":"https:\/\/us.edu.pl\/instytut\/il\/wp-json\/wp\/v2\/types\/page"}],"author":[{"embeddable":true,"href":"https:\/\/us.edu.pl\/instytut\/il\/wp-json\/wp\/v2\/users\/2113"}],"replies":[{"embeddable":true,"href":"https:\/\/us.edu.pl\/instytut\/il\/wp-json\/wp\/v2\/comments?post=4841"}],"version-history":[{"count":5,"href":"https:\/\/us.edu.pl\/instytut\/il\/wp-json\/wp\/v2\/pages\/4841\/revisions"}],"predecessor-version":[{"id":4851,"href":"https:\/\/us.edu.pl\/instytut\/il\/wp-json\/wp\/v2\/pages\/4841\/revisions\/4851"}],"up":[{"embeddable":true,"href":"https:\/\/us.edu.pl\/instytut\/il\/wp-json\/wp\/v2\/pages\/133"}],"wp:attachment":[{"href":"https:\/\/us.edu.pl\/instytut\/il\/wp-json\/wp\/v2\/media?parent=4841"}],"curies":[{"name":"wp","href":"https:\/\/api.w.org\/{rel}","templated":true}]}}