{"id":1845,"date":"2024-02-06T11:48:53","date_gmt":"2024-02-06T10:48:53","guid":{"rendered":"https:\/\/us.edu.pl\/instytut\/inpr\/?post_type=komunikaty&#038;p=1845"},"modified":"2026-04-01T10:27:22","modified_gmt":"2026-04-01T08:27:22","slug":"dr-dorota-kiebzak-mandera-informacja-o-terminach-dyzurow","status":"publish","type":"komunikaty","link":"https:\/\/us.edu.pl\/instytut\/inpr\/komunikaty\/dr-dorota-kiebzak-mandera-informacja-o-terminach-dyzurow\/","title":{"rendered":"Dr Dorota Kiebzak-Mandera \u2013 informacja o terminach dy\u017cur\u00f3w w kwietniu 2026 r."},"content":{"rendered":"<p>[vc_row][vc_column]\r\n                <div class=\"text-modules\">\r\n                    <div class=\"container\">\r\n                        \r\n                        <div class=\"text-modules__content\"><p>Dr Dorota Kiebzak-Mandera zaprasza pracownik\u00f3w Wydzia\u0142u na konsultacje formalne i merytoryczne w zakresie przygotowywania wniosk\u00f3w konkursowych o finansowanie projekt\u00f3w badawczych i dydaktycznych. Terminy dy\u017cur\u00f3w:<\/p>\n<p>\u00b7\u00a0 9 kwietnia, 11.00-17.30<\/p>\n<p>\u00b7 10 kwietnia, 11.00-17.30<\/p>\n<p>\u00b7 14 kwietnia, 11.00-17.30<\/p>\n<p>\u00b7 16 kwietnia, 11.00-17.30<\/p>\n<p>\u00b7 17 kwietnia, 11.00-17.30<\/p>\n<p>\u00b7 21 kwietnia, 11.00-17.30<\/p>\n<p>\u00b7 24 kwietnia, 11.00-17.30<\/p>\n<p>\u00b7 28 kwietnia, 11.30-16.30 dy\u017cur stacjonarny, pok. 1.49<\/p>\n<p>Na spotkania prosimy umawia\u0107 si\u0119 mailowo: <a href=\"mailto:dorota.kiebzak.mandera@gmail.com\">dorota.kiebzak.mandera@gmail.com<\/a> lub telefonicznie (609 695 114).<\/p>\n<\/div>\r\n                    <\/div>\r\n                <\/div>[\/vc_column][\/vc_row]<\/p>","protected":false},"excerpt":{"rendered":"<p>[vc_row][vc_column][\/vc_column][\/vc_row] [&#8230;]<\/p>\n<p><a class=\"btn btn-secondary understrap-read-more-link\" href=\"https:\/\/us.edu.pl\/instytut\/inpr\/komunikaty\/dr-dorota-kiebzak-mandera-informacja-o-terminach-dyzurow\/\">Read More&#8230;<\/a><\/p>\n","protected":false},"author":107,"featured_media":0,"template":"","meta":{"_expiration-date-status":"","_expiration-date":0,"_expiration-date-type":"","_expiration-date-categories":[],"_expiration-date-options":[]},"acf":[],"_links":{"self":[{"href":"https:\/\/us.edu.pl\/instytut\/inpr\/wp-json\/wp\/v2\/komunikaty\/1845"}],"collection":[{"href":"https:\/\/us.edu.pl\/instytut\/inpr\/wp-json\/wp\/v2\/komunikaty"}],"about":[{"href":"https:\/\/us.edu.pl\/instytut\/inpr\/wp-json\/wp\/v2\/types\/komunikaty"}],"author":[{"embeddable":true,"href":"https:\/\/us.edu.pl\/instytut\/inpr\/wp-json\/wp\/v2\/users\/107"}],"version-history":[{"count":11,"href":"https:\/\/us.edu.pl\/instytut\/inpr\/wp-json\/wp\/v2\/komunikaty\/1845\/revisions"}],"predecessor-version":[{"id":2810,"href":"https:\/\/us.edu.pl\/instytut\/inpr\/wp-json\/wp\/v2\/komunikaty\/1845\/revisions\/2810"}],"wp:attachment":[{"href":"https:\/\/us.edu.pl\/instytut\/inpr\/wp-json\/wp\/v2\/media?parent=1845"}],"curies":[{"name":"wp","href":"https:\/\/api.w.org\/{rel}","templated":true}]}}